{"id":38333,"date":"2024-12-13T15:24:09","date_gmt":"2024-12-13T14:24:09","guid":{"rendered":"https:\/\/plsk.eu\/projekty-i-historie\/zarzadzanie-kryzysowe-bez-granic\/"},"modified":"2026-04-02T12:24:18","modified_gmt":"2026-04-02T10:24:18","slug":"zarzadzanie-kryzysowe-bez-granic","status":"publish","type":"historii","link":"https:\/\/plsk.eu\/sk\/projekty\/zarzadzanie-kryzysowe-bez-granic\/","title":{"rendered":"Kr\u00edzov\u00fd mana\u017ement bez hran\u00edc"},"content":{"rendered":"\n<p>Hlavn\u00fdm predpokladom po\u013esko-slovensk\u00e9ho projektu je cezhrani\u010dn\u00e1 integr\u00e1cia s cie\u013eom predch\u00e1dza\u0165 a zvl\u00e1da\u0165 kr\u00edzov\u00e9 \u200b\u200bsitu\u00e1cie. V\u0161eobecn\u00fdm cie\u013eom projektu je: Posilnenie kr\u00edzov\u00e9ho mana\u017ementu a civilnej ochrany v slovenskom prihrani\u010dnom priestore a Po\u013esku. Konkr\u00e9tne ciele: 1. Technick\u00e1 podpora z\u00e1chrann\u00fdch slu\u017eieb v cezhrani\u010dnom \u00fazem\u00ed; 2. Zvy\u0161ovanie \u00farovne spolo\u010densk\u00e9ho povedomia o prevencii a pr\u00edprave ob\u010danov pohrani\u010dia na mimoriadne situ\u00e1cie a katastrofy; 3. Zvy\u0161ovanie kvalifik\u00e1cie person\u00e1lu hasi\u010dsk\u00e9ho zboru. Projekt bol pripravovan\u00fd spolo\u010dne v r\u00e1mci novej oblasti spolupr\u00e1ce. Obec K\u0119ty a mesto Turzovka ako oblasti nach\u00e1dzaj\u00face sa v Mal\u00fdch Beskyd\u00e1ch sa vzh\u013eadom na ter\u00e9n, povodia horsk\u00fdch riek a vodn\u00fdch n\u00e1dr\u017e\u00ed &#8211; najm\u00e4 v obdob\u00ed topenia snehu a jarno-letn\u00fdch pr\u00edvalov\u00fdch da\u017e\u010fov boria s ve\u013emi r\u00fdchlym priebehom. a sp\u00f4sobi\u0165 ve\u013ek\u00e9 \u0161kody a bezpe\u010dnostn\u00e9 rizik\u00e1. Katastrof\u00e1lne n\u00e1sledky povodn\u00ed v rokoch 1997, 2005 a 2010 v obci K\u0119ty poci\u0165ujeme dodnes. Podobn\u00e1 situ\u00e1cia je aj v Turzovke, ktor\u00e1 sa nach\u00e1dza v Bukowine na horskej rieke, ktor\u00e1 m\u00f4\u017ee by\u0165 v n\u00fadzov\u00fdch situ\u00e1ci\u00e1ch nepredv\u00eddate\u013en\u00e1. Impulzom pre pr\u00edpravu projektu s\u00fa smutn\u00e9 sk\u00fasenosti obyvate\u013eov oboch obc\u00ed, ako aj z\u00e1chran\u00e1rov \u2013 jednotiek TSO, ktor\u00ed z\u00e1pasia s nedostatkom z\u00e1kladnej techniky a medzerami v teoretick\u00fdch a praktick\u00fdch vedomostiach a v oblasti profesion\u00e1lnej protipovod\u0148ovej ochrany. Z\u00e1stupcovia partnerov a hasi\u010dov po\u010das spolo\u010dn\u00fdch stretnut\u00ed diskutovali o potreb\u00e1ch, sp\u00f4soboch efekt\u00edvneho konania a vz\u00e1jomnej spolupr\u00e1ce. V r\u00e1mci projektu d\u00f4jde k spr\u00edsneniu a formaliz\u00e1cii vz\u00e1jomnej spolupr\u00e1ce medzi jednotkami PPS z oboch str\u00e1n hranice, \u010do prispeje k zv\u00fd\u0161eniu pocitu bezpe\u010dia obyvate\u013eov, turistov a host\u00ed a k ochrane ich \u017eivotov, zdravia, resp. nehnute\u013enos\u0165. Doplnkov\u00fdm efektom projektu bude vybavenie modernou technikou (z\u00e1chrann\u00e9 vozidl\u00e1 vybaven\u00e9 jednotkami TSO), ktor\u00e9 sp\u013a\u0148aj\u00fa z\u00e1chran\u00e1rske \u0161tandardy v E\u00da.<\/p>\n\n\n\n<hr class=\"wp-block-separator has-alpha-channel-opacity is-style-default\"\/>\n\n\n\n<h2 class=\"wp-block-heading\">Realiz\u00e1cia projektu<\/h2>\n\n\n\n<div class=\"\">\n\n  <div class=\"widget-image-gallery galRB gal-6946\">\n\n    <div id=\"swiperGalFUll-6946\"\n      class=\"swiper widget-image-gallery__full swiper-initialized swiper-horizontal swiper-pointer-events swiper-backface-hidden\">\n\n      <div class=\"swiper-wrapper\" id=\"swiper-wrapper-6946\" aria-live=\"polite\"\n        style=\"transform: translate3d(0px, 0px, 0px);\">\n\n        \n\n        \n        <div class=\"swiper-slide excludeimg  swiper-slide-active \"\n            tabindex=\"0\"\n        data-sliderId =\"6946\"\n        data-bs-slide-to=\"0\"\n        data-title=\"\" role=\"group\"\n          data-bs-toggle=\"modal\" data-bs-target=\"#exampleModal6946\"\n          aria-label=\"1 \/ 7\"\n          style=\"background: linear-gradient(rgba(211, 211, 211), rgba(211, 211, 211))\">\n\n          <img decoding=\"async\" src=\"https:\/\/plsk.eu\/wp-content\/uploads\/2025\/03\/Kety-odbior-samochodu-2.jpg\" class=\"gal_bg_img\" style=\"\n    width: 100% !important;\">\n\n          <img decoding=\"async\" src=\"https:\/\/plsk.eu\/wp-content\/uploads\/2025\/03\/Kety-odbior-samochodu-2.jpg\" alt=\"Pojazd specjalistyczny zakupiony ze \u015brodk\u00f3w programu w ramach projektu \u0160pecializovan\u00e9 vozidlo zak\u00fapen\u00e9 z prostriedkov programu v r\u00e1mci projektu\" class=\"gal_main_img\" style=\"\">\n        <\/div>\n                \n\n        \n        <div class=\"swiper-slide excludeimg \"\n            tabindex=\"0\"\n        data-sliderId =\"6946\"\n        data-bs-slide-to=\"1\"\n        data-title=\"\" role=\"group\"\n          data-bs-toggle=\"modal\" data-bs-target=\"#exampleModal6946\"\n          aria-label=\"2 \/ 7\"\n          style=\"background: linear-gradient(rgba(211, 211, 211), rgba(211, 211, 211))\">\n\n          <img decoding=\"async\" src=\"https:\/\/plsk.eu\/wp-content\/uploads\/2025\/03\/Turzovka-odbior-samochodu-1.jpg\" class=\"gal_bg_img\" style=\"\n    width: 100% !important;\">\n\n          <img decoding=\"async\" src=\"https:\/\/plsk.eu\/wp-content\/uploads\/2025\/03\/Turzovka-odbior-samochodu-1.jpg\" alt=\"Pojazd specjalistyczny zakupiony ze \u015brodk\u00f3w programu w ramach projektu \u0160pecializovan\u00e9 vozidlo zak\u00fapen\u00e9 z prostriedkov programu v r\u00e1mci projektu\" class=\"gal_main_img\" style=\"\">\n        <\/div>\n                \n\n        \n        <div class=\"swiper-slide excludeimg \"\n            tabindex=\"0\"\n        data-sliderId =\"6946\"\n        data-bs-slide-to=\"2\"\n        data-title=\"\" role=\"group\"\n          data-bs-toggle=\"modal\" data-bs-target=\"#exampleModal6946\"\n          aria-label=\"3 \/ 7\"\n          style=\"background: linear-gradient(rgba(211, 211, 211), rgba(211, 211, 211))\">\n\n          <img decoding=\"async\" src=\"https:\/\/plsk.eu\/wp-content\/uploads\/2025\/03\/Szkolenia-teoretyczne-Kety-6-scaled.jpg\" class=\"gal_bg_img\" style=\"\n    width: 100% !important;\">\n\n          <img decoding=\"async\" src=\"https:\/\/plsk.eu\/wp-content\/uploads\/2025\/03\/Szkolenia-teoretyczne-Kety-6-scaled.jpg\" alt=\"Szkolenie teoretyczne dla stra\u017cak\u00f3w bior\u0105cych udzia\u0142 w projekcie Teoretick\u00e1 pr\u00edprava pre z\u00fa\u010dastnen\u00fdch hasi\u010dov\" class=\"gal_main_img\" style=\"\">\n        <\/div>\n                \n\n        \n        <div class=\"swiper-slide excludeimg \"\n            tabindex=\"0\"\n        data-sliderId =\"6946\"\n        data-bs-slide-to=\"3\"\n        data-title=\"\" role=\"group\"\n          data-bs-toggle=\"modal\" data-bs-target=\"#exampleModal6946\"\n          aria-label=\"4 \/ 7\"\n          style=\"background: linear-gradient(rgba(211, 211, 211), rgba(211, 211, 211))\">\n\n          <img decoding=\"async\" src=\"https:\/\/plsk.eu\/wp-content\/uploads\/2025\/03\/Konferencja-Jednostek-Strazy-Pozarnej-dzialajacych-na-terenie-Republiki-Slowackiej-4.jpg\" class=\"gal_bg_img\" style=\"\n    width: 100% !important;\">\n\n          <img decoding=\"async\" src=\"https:\/\/plsk.eu\/wp-content\/uploads\/2025\/03\/Konferencja-Jednostek-Strazy-Pozarnej-dzialajacych-na-terenie-Republiki-Slowackiej-4.jpg\" alt=\"Szkolenie teoretyczne dla stra\u017cak\u00f3w bior\u0105cych udzia\u0142 w projekcie Teoretick\u00e1 pr\u00edprava pre z\u00fa\u010dastnen\u00fdch hasi\u010dov\" class=\"gal_main_img\" style=\"\">\n        <\/div>\n                \n\n        \n        <div class=\"swiper-slide excludeimg \"\n            tabindex=\"0\"\n        data-sliderId =\"6946\"\n        data-bs-slide-to=\"4\"\n        data-title=\"\" role=\"group\"\n          data-bs-toggle=\"modal\" data-bs-target=\"#exampleModal6946\"\n          aria-label=\"5 \/ 7\"\n          style=\"background: linear-gradient(rgba(211, 211, 211), rgba(211, 211, 211))\">\n\n          <img decoding=\"async\" src=\"https:\/\/plsk.eu\/wp-content\/uploads\/2025\/03\/IMG_20250222_155316.jpg\" class=\"gal_bg_img\" style=\"\n    width: 100% !important;\">\n\n          <img decoding=\"async\" src=\"https:\/\/plsk.eu\/wp-content\/uploads\/2025\/03\/IMG_20250222_155316.jpg\" alt=\"grupa stra\u017cak\u00f3w bior\u0105cych udzia\u0142 w \u0107wiczeniach taktyczno-operacyjnych w ramach projektu skupina hasi\u010dov, ktor\u00ed sa v r\u00e1mci projektu z\u00fa\u010dast\u0148uj\u00fa taktick\u00fdch a opera\u010dn\u00fdch cvi\u010den\u00ed\" class=\"gal_main_img\" style=\"\">\n        <\/div>\n                \n\n        \n        <div class=\"swiper-slide excludeimg \"\n            tabindex=\"0\"\n        data-sliderId =\"6946\"\n        data-bs-slide-to=\"5\"\n        data-title=\"\" role=\"group\"\n          data-bs-toggle=\"modal\" data-bs-target=\"#exampleModal6946\"\n          aria-label=\"6 \/ 7\"\n          style=\"background: linear-gradient(rgba(211, 211, 211), rgba(211, 211, 211))\">\n\n          <img decoding=\"async\" src=\"https:\/\/plsk.eu\/wp-content\/uploads\/2025\/03\/Cwiczenia-taktyczno-operacyjne-5.jpg\" class=\"gal_bg_img\" style=\"\n    width: 100% !important;\">\n\n          <img decoding=\"async\" src=\"https:\/\/plsk.eu\/wp-content\/uploads\/2025\/03\/Cwiczenia-taktyczno-operacyjne-5.jpg\" alt=\"grupa stra\u017cak\u00f3w bior\u0105cych udzia\u0142 w \u0107wiczeniach taktyczno-operacyjnych w ramach projektu skupina hasi\u010dov, ktor\u00ed sa v r\u00e1mci projektu z\u00fa\u010dast\u0148uj\u00fa taktick\u00fdch a opera\u010dn\u00fdch cvi\u010den\u00ed\" class=\"gal_main_img\" style=\"\">\n        <\/div>\n                \n\n        \n        <div class=\"swiper-slide excludeimg \"\n            tabindex=\"0\"\n        data-sliderId =\"6946\"\n        data-bs-slide-to=\"6\"\n        data-title=\"\" role=\"group\"\n          data-bs-toggle=\"modal\" data-bs-target=\"#exampleModal6946\"\n          aria-label=\"7 \/ 7\"\n          style=\"background: linear-gradient(rgba(211, 211, 211), rgba(211, 211, 211))\">\n\n          <img decoding=\"async\" src=\"https:\/\/plsk.eu\/wp-content\/uploads\/2024\/12\/Zdjecie-wozu-strazackiego.png\" class=\"gal_bg_img\" style=\"\n    width: 100% !important;\">\n\n          <img decoding=\"async\" src=\"https:\/\/plsk.eu\/wp-content\/uploads\/2024\/12\/Zdjecie-wozu-strazackiego.png\" alt=\"Zdj\u0119cie du\u017cego wozu stra\u017cackiego na sygnale, kt\u00f3ry stoi na drodze po\u015br\u00f3d drzew Fotografia ve\u013ek\u00e9ho hasi\u010dsk\u00e9ho vozidla so zapnutou sir\u00e9nou, stojaceho na ceste medzi stromami.\" class=\"gal_main_img\" style=\"\">\n        <\/div>\n                \n\n\n      <\/div>\n\n\n      <span class=\"swiper-notification\" aria-live=\"assertive\" aria-atomic=\"true\"><\/span>\n\n    <\/div>\n\n    <div id=\"swiperGalThumb-6946\" data-galid=\"6946\"\n      class=\"swiper widget-image-gallery__thumbs swiper-initialized swiper-horizontal swiper-pointer-events swiper-free-mode swiper-backface-hidden swiper-thumbs\">\n      <div class=\"swiper-wrapper\" id=\"swiper-wrapper-6946\" aria-live=\"polite\"\n        style=\"transform: translate3d(0px, 0px, 0px);\">\n\n        \n        \n        <div class=\"swiper-slide swiper-slide-prev\" style=\"width: 139px; margin-right: 30px;\" role=\"group\">\n          <img decoding=\"async\" src=\"https:\/\/plsk.eu\/wp-content\/uploads\/2025\/03\/Kety-odbior-samochodu-2.jpg\" alt=\"Pojazd specjalistyczny zakupiony ze \u015brodk\u00f3w programu w ramach projektu \u0160pecializovan\u00e9 vozidlo zak\u00fapen\u00e9 z prostriedkov programu v r\u00e1mci projektu\">\n        <\/div>\n        \n        \n        <div class=\"swiper-slide swiper-slide-prev\" style=\"width: 139px; margin-right: 30px;\" role=\"group\">\n          <img decoding=\"async\" src=\"https:\/\/plsk.eu\/wp-content\/uploads\/2025\/03\/Turzovka-odbior-samochodu-1.jpg\" alt=\"Pojazd specjalistyczny zakupiony ze \u015brodk\u00f3w programu w ramach projektu \u0160pecializovan\u00e9 vozidlo zak\u00fapen\u00e9 z prostriedkov programu v r\u00e1mci projektu\">\n        <\/div>\n        \n        \n        <div class=\"swiper-slide swiper-slide-prev\" style=\"width: 139px; margin-right: 30px;\" role=\"group\">\n          <img decoding=\"async\" src=\"https:\/\/plsk.eu\/wp-content\/uploads\/2025\/03\/Szkolenia-teoretyczne-Kety-6-scaled.jpg\" alt=\"Szkolenie teoretyczne dla stra\u017cak\u00f3w bior\u0105cych udzia\u0142 w projekcie Teoretick\u00e1 pr\u00edprava pre z\u00fa\u010dastnen\u00fdch hasi\u010dov\">\n        <\/div>\n        \n        \n        <div class=\"swiper-slide swiper-slide-prev\" style=\"width: 139px; margin-right: 30px;\" role=\"group\">\n          <img decoding=\"async\" src=\"https:\/\/plsk.eu\/wp-content\/uploads\/2025\/03\/Konferencja-Jednostek-Strazy-Pozarnej-dzialajacych-na-terenie-Republiki-Slowackiej-4.jpg\" alt=\"Szkolenie teoretyczne dla stra\u017cak\u00f3w bior\u0105cych udzia\u0142 w projekcie Teoretick\u00e1 pr\u00edprava pre z\u00fa\u010dastnen\u00fdch hasi\u010dov\">\n        <\/div>\n        \n        \n        <div class=\"swiper-slide swiper-slide-prev\" style=\"width: 139px; margin-right: 30px;\" role=\"group\">\n          <img decoding=\"async\" src=\"https:\/\/plsk.eu\/wp-content\/uploads\/2025\/03\/IMG_20250222_155316.jpg\" alt=\"grupa stra\u017cak\u00f3w bior\u0105cych udzia\u0142 w \u0107wiczeniach taktyczno-operacyjnych w ramach projektu skupina hasi\u010dov, ktor\u00ed sa v r\u00e1mci projektu z\u00fa\u010dast\u0148uj\u00fa taktick\u00fdch a opera\u010dn\u00fdch cvi\u010den\u00ed\">\n        <\/div>\n        \n        \n        <div class=\"swiper-slide swiper-slide-prev\" style=\"width: 139px; margin-right: 30px;\" role=\"group\">\n          <img decoding=\"async\" src=\"https:\/\/plsk.eu\/wp-content\/uploads\/2025\/03\/Cwiczenia-taktyczno-operacyjne-5.jpg\" alt=\"grupa stra\u017cak\u00f3w bior\u0105cych udzia\u0142 w \u0107wiczeniach taktyczno-operacyjnych w ramach projektu skupina hasi\u010dov, ktor\u00ed sa v r\u00e1mci projektu z\u00fa\u010dast\u0148uj\u00fa taktick\u00fdch a opera\u010dn\u00fdch cvi\u010den\u00ed\">\n        <\/div>\n        \n        \n        <div class=\"swiper-slide swiper-slide-prev\" style=\"width: 139px; margin-right: 30px;\" role=\"group\">\n          <img decoding=\"async\" src=\"https:\/\/plsk.eu\/wp-content\/uploads\/2024\/12\/Zdjecie-wozu-strazackiego.png\" alt=\"Zdj\u0119cie du\u017cego wozu stra\u017cackiego na sygnale, kt\u00f3ry stoi na drodze po\u015br\u00f3d drzew Fotografia ve\u013ek\u00e9ho hasi\u010dsk\u00e9ho vozidla so zapnutou sir\u00e9nou, stojaceho na ceste medzi stromami.\">\n        <\/div>\n        \n\n      <\/div>\n      <span class=\"swiper-notification\" aria-live=\"assertive\" aria-atomic=\"true\"><\/span>\n    <\/div>\n          <!--\n    <div class=\"widget-image-gallery__caption\">\n      <p>Opis zdj\u0119cia5, fot. Jan Kowalski<\/p>\n    <\/div>-->\n\n\n    <div class=\"image-swiper-button-prev swiper-button-prev\" role=\"button\" aria-label=\"Predch\u00e1dzaj\u00faci obr\u00e1zok\"\n      aria-controls=\"swiper-wrapper-6946\" aria-disabled=\"false\">\n    <\/div>\n\n    <div class=\"image-swiper-button-next swiper-button-next swiper-button-disabled\" role=\"button\"\n      aria-label=\"\u010eal\u0161\u00ed obr\u00e1zok\" aria-controls=\"swiper-wrapper-1195\" aria-disabled=\"true\">\n    <\/div>\n\n\n\n\n  <\/div>\n\n  \n  <div class=\"modal fade gal_modal\" id=\"exampleModal6946\" tabindex=\"-1\" aria-hidden=\"true\">\n    <div class=\"modal-dialog\">\n      <div class=\"modal-content\">\n        <div class=\"modal-header\">\n          <button type=\"button\" class=\"btn-close\" data-bs-dismiss=\"modal\" aria-label=\"Zamkn\u0105\u0107\">\n          <img decoding=\"async\"\n              src=\"https:\/\/plsk.eu\/wp-content\/themes\/fundusze\/assets\/images\/close.svg\"\n              alt=Zamkn\u0105\u0107>\n          <span class=\"visually-hidden\">Zamkn\u0105\u0107<\/span>\n        <\/button>\n        <\/div>\n\n          <div class=\"row no_mobile\">\n\n            <div class=\"col-xxl-2 col-xl-2 col-lg-2 col-md-2 col-sm-2 gal_left\">\n              <button type=\"button\" data-bs-target=\"#carouselExample6946\" data-bs-slide=\"prev\"\n                aria-label=\"Predch\u00e1dzaj\u00faci obr\u00e1zok\">\n                <img decoding=\"async\" src=\"https:\/\/plsk.eu\/wp-content\/themes\/fundusze\/assets\/images\/back.svg\" alt=\"\"> <\/button>\n            <\/div>\n\n            <div class=\"col-xxl-8 col-xl-8 col-lg-8 col-md-8 col-sm-8\">\n\n              <div id=\"carouselExample6946\" class=\"carousel slide\" data-bs-interval=\"50000\"\n                data-bs-ride=\"carousel\">\n\n                <div class=\"carousel-inner\">\n\n                  \n                                    <div class=\"carousel-item  active \">\n                    <img decoding=\"async\" src=\"https:\/\/plsk.eu\/wp-content\/uploads\/2025\/03\/Kety-odbior-samochodu-2.jpg\" alt=\"Pojazd specjalistyczny zakupiony ze \u015brodk\u00f3w programu w ramach projektu \u0160pecializovan\u00e9 vozidlo zak\u00fapen\u00e9 z prostriedkov programu v r\u00e1mci projektu\" class=\"img_all\">\n                    <div class=\"row\">\n\n                      <div class=\"col-xxl-12 col-xl-12 col-lg-12 col-md-12 col-sm-12\">\n                        <div class=\"img_caption\">\n                          <div class=\"cap_text\">\n                                                                                  <\/div>\n                          <div class=\"cap_num\">\n                            <strong> 1 z 7<\/strong>\n                          <\/div>\n\n                        <\/div>\n                      <\/div>\n\n                    <\/div>\n                  <\/div>\n                                    \n                                    <div class=\"carousel-item \">\n                    <img decoding=\"async\" src=\"https:\/\/plsk.eu\/wp-content\/uploads\/2025\/03\/Turzovka-odbior-samochodu-1.jpg\" alt=\"Pojazd specjalistyczny zakupiony ze \u015brodk\u00f3w programu w ramach projektu \u0160pecializovan\u00e9 vozidlo zak\u00fapen\u00e9 z prostriedkov programu v r\u00e1mci projektu\" class=\"img_all\">\n                    <div class=\"row\">\n\n                      <div class=\"col-xxl-12 col-xl-12 col-lg-12 col-md-12 col-sm-12\">\n                        <div class=\"img_caption\">\n                          <div class=\"cap_text\">\n                                                                                  <\/div>\n                          <div class=\"cap_num\">\n                            <strong> 2 z 7<\/strong>\n                          <\/div>\n\n                        <\/div>\n                      <\/div>\n\n                    <\/div>\n                  <\/div>\n                                    \n                                    <div class=\"carousel-item \">\n                    <img decoding=\"async\" src=\"https:\/\/plsk.eu\/wp-content\/uploads\/2025\/03\/Szkolenia-teoretyczne-Kety-6-scaled.jpg\" alt=\"Szkolenie teoretyczne dla stra\u017cak\u00f3w bior\u0105cych udzia\u0142 w projekcie Teoretick\u00e1 pr\u00edprava pre z\u00fa\u010dastnen\u00fdch hasi\u010dov\" class=\"img_all\">\n                    <div class=\"row\">\n\n                      <div class=\"col-xxl-12 col-xl-12 col-lg-12 col-md-12 col-sm-12\">\n                        <div class=\"img_caption\">\n                          <div class=\"cap_text\">\n                                                                                  <\/div>\n                          <div class=\"cap_num\">\n                            <strong> 3 z 7<\/strong>\n                          <\/div>\n\n                        <\/div>\n                      <\/div>\n\n                    <\/div>\n                  <\/div>\n                                    \n                                    <div class=\"carousel-item \">\n                    <img decoding=\"async\" src=\"https:\/\/plsk.eu\/wp-content\/uploads\/2025\/03\/Konferencja-Jednostek-Strazy-Pozarnej-dzialajacych-na-terenie-Republiki-Slowackiej-4.jpg\" alt=\"Szkolenie teoretyczne dla stra\u017cak\u00f3w bior\u0105cych udzia\u0142 w projekcie Teoretick\u00e1 pr\u00edprava pre z\u00fa\u010dastnen\u00fdch hasi\u010dov\" class=\"img_all\">\n                    <div class=\"row\">\n\n                      <div class=\"col-xxl-12 col-xl-12 col-lg-12 col-md-12 col-sm-12\">\n                        <div class=\"img_caption\">\n                          <div class=\"cap_text\">\n                                                                                  <\/div>\n                          <div class=\"cap_num\">\n                            <strong> 4 z 7<\/strong>\n                          <\/div>\n\n                        <\/div>\n                      <\/div>\n\n                    <\/div>\n                  <\/div>\n                                    \n                                    <div class=\"carousel-item \">\n                    <img decoding=\"async\" src=\"https:\/\/plsk.eu\/wp-content\/uploads\/2025\/03\/IMG_20250222_155316.jpg\" alt=\"grupa stra\u017cak\u00f3w bior\u0105cych udzia\u0142 w \u0107wiczeniach taktyczno-operacyjnych w ramach projektu skupina hasi\u010dov, ktor\u00ed sa v r\u00e1mci projektu z\u00fa\u010dast\u0148uj\u00fa taktick\u00fdch a opera\u010dn\u00fdch cvi\u010den\u00ed\" class=\"img_all\">\n                    <div class=\"row\">\n\n                      <div class=\"col-xxl-12 col-xl-12 col-lg-12 col-md-12 col-sm-12\">\n                        <div class=\"img_caption\">\n                          <div class=\"cap_text\">\n                                                                                  <\/div>\n                          <div class=\"cap_num\">\n                            <strong> 5 z 7<\/strong>\n                          <\/div>\n\n                        <\/div>\n                      <\/div>\n\n                    <\/div>\n                  <\/div>\n                                    \n                                    <div class=\"carousel-item \">\n                    <img decoding=\"async\" src=\"https:\/\/plsk.eu\/wp-content\/uploads\/2025\/03\/Cwiczenia-taktyczno-operacyjne-5.jpg\" alt=\"grupa stra\u017cak\u00f3w bior\u0105cych udzia\u0142 w \u0107wiczeniach taktyczno-operacyjnych w ramach projektu skupina hasi\u010dov, ktor\u00ed sa v r\u00e1mci projektu z\u00fa\u010dast\u0148uj\u00fa taktick\u00fdch a opera\u010dn\u00fdch cvi\u010den\u00ed\" class=\"img_all\">\n                    <div class=\"row\">\n\n                      <div class=\"col-xxl-12 col-xl-12 col-lg-12 col-md-12 col-sm-12\">\n                        <div class=\"img_caption\">\n                          <div class=\"cap_text\">\n                                                                                  <\/div>\n                          <div class=\"cap_num\">\n                            <strong> 6 z 7<\/strong>\n                          <\/div>\n\n                        <\/div>\n                      <\/div>\n\n                    <\/div>\n                  <\/div>\n                                    \n                                    <div class=\"carousel-item \">\n                    <img decoding=\"async\" src=\"https:\/\/plsk.eu\/wp-content\/uploads\/2024\/12\/Zdjecie-wozu-strazackiego.png\" alt=\"Zdj\u0119cie du\u017cego wozu stra\u017cackiego na sygnale, kt\u00f3ry stoi na drodze po\u015br\u00f3d drzew Fotografia ve\u013ek\u00e9ho hasi\u010dsk\u00e9ho vozidla so zapnutou sir\u00e9nou, stojaceho na ceste medzi stromami.\" class=\"img_all\">\n                    <div class=\"row\">\n\n                      <div class=\"col-xxl-12 col-xl-12 col-lg-12 col-md-12 col-sm-12\">\n                        <div class=\"img_caption\">\n                          <div class=\"cap_text\">\n                                                                                  <\/div>\n                          <div class=\"cap_num\">\n                            <strong> 7 z 7<\/strong>\n                          <\/div>\n\n                        <\/div>\n                      <\/div>\n\n                    <\/div>\n                  <\/div>\n                                    \n                <\/div>\n\n              <\/div>\n\n            <\/div>\n            <div class=\"col-xxl-2 col-xl-2 col-lg-2 col-md-2 col-sm-2 gal_right\">\n              <button type=\"button\" data-bs-target=\"#carouselExample6946\" data-bs-slide=\"next\"\n                aria-label=\"\u010eal\u0161\u00ed obr\u00e1zok\"> <img decoding=\"async\"\n                  src=\"https:\/\/plsk.eu\/wp-content\/themes\/fundusze\/assets\/images\/next.svg\" alt=\"\"><\/button>\n            <\/div>\n\n          <\/div>\n\n\n          <div class=\"row no_desk\">\n\n            <div class=\"col-xxl-8 col-xl-8 col-lg-8 col-md-8 col-sm-8\">\n\n              <div id=\"carouselExample6946mob6946\" class=\"carousel slide\" data-bs-interval=\"50000\"\n                data-bs-ride=\"carousel\">\n\n                <div class=\"carousel-inner\">\n\n                  \n                                    <div class=\"carousel-item  active \">\n                    <img decoding=\"async\" src=\"https:\/\/plsk.eu\/wp-content\/uploads\/2025\/03\/Kety-odbior-samochodu-2.jpg\" alt=\"Pojazd specjalistyczny zakupiony ze \u015brodk\u00f3w programu w ramach projektu \u0160pecializovan\u00e9 vozidlo zak\u00fapen\u00e9 z prostriedkov programu v r\u00e1mci projektu\" class=\"img_all\">\n                    <div class=\"row\">\n\n                      <div class=\"col-xxl-12 col-xl-12 col-lg-12 col-md-12 col-sm-12\">\n                        <div class=\"img_caption\">\n                          <div class=\"cap_text\">\n                            \n                                                      <\/div>\n                          <div class=\"cap_num\">\n                            <strong> 1 z 7<\/strong>\n                          <\/div>\n\n                        <\/div>\n                      <\/div>\n\n                    <\/div>\n                  <\/div>\n                  \n                                    <div class=\"carousel-item \">\n                    <img decoding=\"async\" src=\"https:\/\/plsk.eu\/wp-content\/uploads\/2025\/03\/Turzovka-odbior-samochodu-1.jpg\" alt=\"Pojazd specjalistyczny zakupiony ze \u015brodk\u00f3w programu w ramach projektu \u0160pecializovan\u00e9 vozidlo zak\u00fapen\u00e9 z prostriedkov programu v r\u00e1mci projektu\" class=\"img_all\">\n                    <div class=\"row\">\n\n                      <div class=\"col-xxl-12 col-xl-12 col-lg-12 col-md-12 col-sm-12\">\n                        <div class=\"img_caption\">\n                          <div class=\"cap_text\">\n                            \n                                                      <\/div>\n                          <div class=\"cap_num\">\n                            <strong> 2 z 7<\/strong>\n                          <\/div>\n\n                        <\/div>\n                      <\/div>\n\n                    <\/div>\n                  <\/div>\n                  \n                                    <div class=\"carousel-item \">\n                    <img decoding=\"async\" src=\"https:\/\/plsk.eu\/wp-content\/uploads\/2025\/03\/Szkolenia-teoretyczne-Kety-6-scaled.jpg\" alt=\"Szkolenie teoretyczne dla stra\u017cak\u00f3w bior\u0105cych udzia\u0142 w projekcie Teoretick\u00e1 pr\u00edprava pre z\u00fa\u010dastnen\u00fdch hasi\u010dov\" class=\"img_all\">\n                    <div class=\"row\">\n\n                      <div class=\"col-xxl-12 col-xl-12 col-lg-12 col-md-12 col-sm-12\">\n                        <div class=\"img_caption\">\n                          <div class=\"cap_text\">\n                            \n                                                      <\/div>\n                          <div class=\"cap_num\">\n                            <strong> 3 z 7<\/strong>\n                          <\/div>\n\n                        <\/div>\n                      <\/div>\n\n                    <\/div>\n                  <\/div>\n                  \n                                    <div class=\"carousel-item \">\n                    <img decoding=\"async\" src=\"https:\/\/plsk.eu\/wp-content\/uploads\/2025\/03\/Konferencja-Jednostek-Strazy-Pozarnej-dzialajacych-na-terenie-Republiki-Slowackiej-4.jpg\" alt=\"Szkolenie teoretyczne dla stra\u017cak\u00f3w bior\u0105cych udzia\u0142 w projekcie Teoretick\u00e1 pr\u00edprava pre z\u00fa\u010dastnen\u00fdch hasi\u010dov\" class=\"img_all\">\n                    <div class=\"row\">\n\n                      <div class=\"col-xxl-12 col-xl-12 col-lg-12 col-md-12 col-sm-12\">\n                        <div class=\"img_caption\">\n                          <div class=\"cap_text\">\n                            \n                                                      <\/div>\n                          <div class=\"cap_num\">\n                            <strong> 4 z 7<\/strong>\n                          <\/div>\n\n                        <\/div>\n                      <\/div>\n\n                    <\/div>\n                  <\/div>\n                  \n                                    <div class=\"carousel-item \">\n                    <img decoding=\"async\" src=\"https:\/\/plsk.eu\/wp-content\/uploads\/2025\/03\/IMG_20250222_155316.jpg\" alt=\"grupa stra\u017cak\u00f3w bior\u0105cych udzia\u0142 w \u0107wiczeniach taktyczno-operacyjnych w ramach projektu skupina hasi\u010dov, ktor\u00ed sa v r\u00e1mci projektu z\u00fa\u010dast\u0148uj\u00fa taktick\u00fdch a opera\u010dn\u00fdch cvi\u010den\u00ed\" class=\"img_all\">\n                    <div class=\"row\">\n\n                      <div class=\"col-xxl-12 col-xl-12 col-lg-12 col-md-12 col-sm-12\">\n                        <div class=\"img_caption\">\n                          <div class=\"cap_text\">\n                            \n                                                      <\/div>\n                          <div class=\"cap_num\">\n                            <strong> 5 z 7<\/strong>\n                          <\/div>\n\n                        <\/div>\n                      <\/div>\n\n                    <\/div>\n                  <\/div>\n                  \n                                    <div class=\"carousel-item \">\n                    <img decoding=\"async\" src=\"https:\/\/plsk.eu\/wp-content\/uploads\/2025\/03\/Cwiczenia-taktyczno-operacyjne-5.jpg\" alt=\"grupa stra\u017cak\u00f3w bior\u0105cych udzia\u0142 w \u0107wiczeniach taktyczno-operacyjnych w ramach projektu skupina hasi\u010dov, ktor\u00ed sa v r\u00e1mci projektu z\u00fa\u010dast\u0148uj\u00fa taktick\u00fdch a opera\u010dn\u00fdch cvi\u010den\u00ed\" class=\"img_all\">\n                    <div class=\"row\">\n\n                      <div class=\"col-xxl-12 col-xl-12 col-lg-12 col-md-12 col-sm-12\">\n                        <div class=\"img_caption\">\n                          <div class=\"cap_text\">\n                            \n                                                      <\/div>\n                          <div class=\"cap_num\">\n                            <strong> 6 z 7<\/strong>\n                          <\/div>\n\n                        <\/div>\n                      <\/div>\n\n                    <\/div>\n                  <\/div>\n                  \n                                    <div class=\"carousel-item \">\n                    <img decoding=\"async\" src=\"https:\/\/plsk.eu\/wp-content\/uploads\/2024\/12\/Zdjecie-wozu-strazackiego.png\" alt=\"Zdj\u0119cie du\u017cego wozu stra\u017cackiego na sygnale, kt\u00f3ry stoi na drodze po\u015br\u00f3d drzew Fotografia ve\u013ek\u00e9ho hasi\u010dsk\u00e9ho vozidla so zapnutou sir\u00e9nou, stojaceho na ceste medzi stromami.\" class=\"img_all\">\n                    <div class=\"row\">\n\n                      <div class=\"col-xxl-12 col-xl-12 col-lg-12 col-md-12 col-sm-12\">\n                        <div class=\"img_caption\">\n                          <div class=\"cap_text\">\n                            \n                                                      <\/div>\n                          <div class=\"cap_num\">\n                            <strong> 7 z 7<\/strong>\n                          <\/div>\n\n                        <\/div>\n                      <\/div>\n\n                    <\/div>\n                  <\/div>\n                                  <\/div>\n              <\/div>\n\n            <\/div>\n            <div class=\"col-xxl-2 col-xl-2 col-lg-2 col-md-2 col-sm-12 gal_arrow mb-30px\">\n              <img decoding=\"async\" src=\"https:\/\/plsk.eu\/wp-content\/themes\/fundusze\/assets\/images\/back.svg\"\n                data-bs-target=\"#carouselExample6946mob6946\" data-bs-slide=\"prev\" alt=\"\"> <img decoding=\"async\"\n                src=\"https:\/\/plsk.eu\/wp-content\/themes\/fundusze\/assets\/images\/next.svg\"\n                data-bs-target=\"#carouselExample6946mob6946\" data-bs-slide=\"next\" alt=\"\">\n            <\/div>\n\n          <\/div>\n      <\/div>\n    <\/div>\n  <\/div>\n\n  \n\n\n<hr class=\"wp-block-separator has-alpha-channel-opacity is-style-default\"\/>\n\n\n\n<div class=\"wp-block-media-text is-stacked-on-mobile is-image-fill-element\"><figure class=\"wp-block-media-text__media\"><img loading=\"lazy\" decoding=\"async\" width=\"1024\" height=\"576\" src=\"https:\/\/plsk.eu\/wp-content\/uploads\/2025\/03\/12-1-1024x576.png\" alt=\"\" class=\"wp-image-40001 size-full\" style=\"object-position:50% 50%\" srcset=\"https:\/\/plsk.eu\/wp-content\/uploads\/2025\/03\/12-1-1024x576.png 1024w, https:\/\/plsk.eu\/wp-content\/uploads\/2025\/03\/12-1-300x169.png 300w, https:\/\/plsk.eu\/wp-content\/uploads\/2025\/03\/12-1-768x432.png 768w, https:\/\/plsk.eu\/wp-content\/uploads\/2025\/03\/12-1.png 1366w\" sizes=\"auto, (max-width: 1024px) 100vw, 1024px\" \/><\/figure><div class=\"wp-block-media-text__content\">\n<p>Rozhovor so z\u00e1stupcom hlavn\u00e9ho partnera<\/p>\n\n\n\n<div class=\"wp-block-buttons is-content-justification-center is-layout-flex wp-container-core-buttons-is-layout-14c487f4 wp-block-buttons-is-layout-flex\">\n<div class=\"wp-block-button is-style-outline is-style-outline--1\"><a class=\"wp-block-button__link has-white-color has-text-color has-background has-link-color has-medium-font-size has-custom-font-size wp-element-button\" href=\"https:\/\/plsk.eu\/sk\/rozhovor-krizove-riadenie-bez-hranic\/\" style=\"border-radius:10px;background-color:#183d8e;font-style:normal;font-weight:500\" target=\"_blank\" rel=\"noreferrer noopener\">\u010d\u00edtaj<\/a><\/div>\n<\/div>\n<\/div><\/div>\n\n\n\n<hr class=\"wp-block-separator has-alpha-channel-opacity is-style-default\"\/>\n\n\n\n<div class=\"wp-block-media-text is-stacked-on-mobile is-image-fill-element\"><figure class=\"wp-block-media-text__media\"><img loading=\"lazy\" decoding=\"async\" width=\"1024\" height=\"576\" src=\"https:\/\/plsk.eu\/wp-content\/uploads\/2025\/01\/Realizacja-projektu-4-1024x576.jpg\" alt=\"Trzech stra\u017cak\u00f3w w maskach tlenowych trzyma w\u0119\u017ca i gasi p\u0142on\u0105c\u0105 makiet\u0119 samochodu. Kilku stra\u017cak\u00f3w przygl\u0105da si\u0119 akcji Traja hasi\u010di v kysl\u00edkov\u00fdch mask\u00e1ch dr\u017eia hadicu a hasia horiacu maketu auta. Nieko\u013eko hasi\u010dov sleduje z\u00e1sah\" class=\"wp-image-43401 size-full\" style=\"object-position:50% 50%\" srcset=\"https:\/\/plsk.eu\/wp-content\/uploads\/2025\/01\/Realizacja-projektu-4-1024x576.jpg 1024w, https:\/\/plsk.eu\/wp-content\/uploads\/2025\/01\/Realizacja-projektu-4-300x169.jpg 300w, https:\/\/plsk.eu\/wp-content\/uploads\/2025\/01\/Realizacja-projektu-4-768x432.jpg 768w, https:\/\/plsk.eu\/wp-content\/uploads\/2025\/01\/Realizacja-projektu-4-1536x864.jpg 1536w, https:\/\/plsk.eu\/wp-content\/uploads\/2025\/01\/Realizacja-projektu-4-2048x1152.jpg 2048w\" sizes=\"auto, (max-width: 1024px) 100vw, 1024px\" \/><\/figure><div class=\"wp-block-media-text__content\">\n<p>Inov\u00e1cie zachra\u0148uj\u00fa \u017eivoty na pomedz\u00ed Po\u013eska a Slovenska<\/p>\n\n\n\n<div class=\"wp-block-buttons is-content-justification-center is-layout-flex wp-container-core-buttons-is-layout-14c487f4 wp-block-buttons-is-layout-flex\">\n<div class=\"wp-block-button is-style-outline is-style-outline--2\"><a class=\"wp-block-button__link has-white-color has-text-color has-background has-link-color has-medium-font-size has-custom-font-size wp-element-button\" href=\"https:\/\/plsk.eu\/sk\/inovacie-zachranuju-zivoty-na-pomedzi-polska-a-slovenska\/\" style=\"border-radius:10px;background-color:#183d8e;font-style:normal;font-weight:500\">\u010d\u00edtaj<\/a><\/div>\n<\/div>\n<\/div><\/div>\n\n\n\n<hr class=\"wp-block-separator has-alpha-channel-opacity is-style-default\"\/>\n\n\n\n<div style=\"height:10px\" aria-hidden=\"true\" class=\"wp-block-spacer\"><\/div>\n","protected":false},"featured_media":42351,"menu_order":0,"template":"","meta":{"_acf_changed":false,"inline_featured_image":false,"_themeisle_gutenberg_block_has_review":false,"footnotes":"","_links_to":"","_links_to_target":""},"kategoria_historii":[1928],"historii_partner_wiodacy":[2106],"historii_partner_projektu":[2116],"regiony":[],"powiaty":[],"class_list":["post-38333","historii","type-historii","status-publish","has-post-thumbnail","hentry","kategoria_historii-2021-2027-sk","historii_partner_wiodacy-obec-kety","historii_partner_projektu-mesto-turzovka"],"acf":[],"_links":{"self":[{"href":"https:\/\/plsk.eu\/sk\/wp-json\/wp\/v2\/historii\/38333","targetHints":{"allow":["GET"]}}],"collection":[{"href":"https:\/\/plsk.eu\/sk\/wp-json\/wp\/v2\/historii"}],"about":[{"href":"https:\/\/plsk.eu\/sk\/wp-json\/wp\/v2\/types\/historii"}],"version-history":[{"count":13,"href":"https:\/\/plsk.eu\/sk\/wp-json\/wp\/v2\/historii\/38333\/revisions"}],"predecessor-version":[{"id":43456,"href":"https:\/\/plsk.eu\/sk\/wp-json\/wp\/v2\/historii\/38333\/revisions\/43456"}],"wp:featuredmedia":[{"embeddable":true,"href":"https:\/\/plsk.eu\/sk\/wp-json\/wp\/v2\/media\/42351"}],"wp:attachment":[{"href":"https:\/\/plsk.eu\/sk\/wp-json\/wp\/v2\/media?parent=38333"}],"wp:term":[{"taxonomy":"kategoria_historii","embeddable":true,"href":"https:\/\/plsk.eu\/sk\/wp-json\/wp\/v2\/kategoria_historii?post=38333"},{"taxonomy":"historii_partner_wiodacy","embeddable":true,"href":"https:\/\/plsk.eu\/sk\/wp-json\/wp\/v2\/historii_partner_wiodacy?post=38333"},{"taxonomy":"historii_partner_projektu","embeddable":true,"href":"https:\/\/plsk.eu\/sk\/wp-json\/wp\/v2\/historii_partner_projektu?post=38333"},{"taxonomy":"regiony","embeddable":true,"href":"https:\/\/plsk.eu\/sk\/wp-json\/wp\/v2\/regiony?post=38333"},{"taxonomy":"powiaty","embeddable":true,"href":"https:\/\/plsk.eu\/sk\/wp-json\/wp\/v2\/powiaty?post=38333"}],"curies":[{"name":"wp","href":"https:\/\/api.w.org\/{rel}","templated":true}]}}