{"id":38565,"date":"2024-12-20T16:08:02","date_gmt":"2024-12-20T15:08:02","guid":{"rendered":"https:\/\/plsk.eu\/projekty-i-historie\/od-beskidu-niskiego-po-soline\/"},"modified":"2026-03-04T11:21:20","modified_gmt":"2026-03-04T10:21:20","slug":"od-beskidu-niskiego-po-soline","status":"publish","type":"historii","link":"https:\/\/plsk.eu\/sk\/projekty\/od-beskidu-niskiego-po-soline\/","title":{"rendered":"Od Nizkych Beskid Po Solinu"},"content":{"rendered":"\n<p>Realiz\u00e1cia tohto projektu je zameran\u00e1 na podpora adapt\u00e1cie na zmenu kl\u00edmy a predch\u00e1dzanie rizik\u00e1m katastrof a odolnos\u0165 vo\u010di nim, so zrete\u013eom na ekosyst\u00e9mov\u00fd pr\u00edstup v slovensko &#8211; po\u013eskom pohrani\u010d\u00ed. Rozsah projektu zah\u0155\u0148a invest\u00edcie do infra\u0161trukt\u00fary na oboch stran\u00e1ch hranice. Na po\u013eskej strane sa pl\u00e1nuje moderniz\u00e1cia infra\u0161trukt\u00fary zabezpe\u010duj\u00facej n\u00e1syp krajskej cesty \u010d. 894 Lesko-Hoczew-Czarna na \u00faseku od km 32+142 po km 32+237. Predmetn\u00e1 invest\u00edcia sa nach\u00e1dza v obci Chrewt. Rozsah \u00falohy zah\u0155\u0148a: demol\u00e1ciu existuj\u00faceho spevnenia, vybudovanie sie\u0165ov\u00fdch a kamenn\u00fdch ko\u0161ov, vy\u010distenie priekop od n\u00e1nosov spolu s premiestnen\u00edm vpustu z prefabrikovan\u00fdch bet\u00f3nov\u00fdch prvkov, vybudovanie kamenn\u00e9ho odvodnenia a dokon\u010dovacie pr\u00e1ce. Na slovenskej strane sa pl\u00e1nuje stabiliz\u00e1cia zosuvu na ceste II\/575 za obcou Palota. Predmetn\u00fd \u00fasek cesty za obcou Palota v stani\u010den\u00ed km 35,829 \u2013 38,974 v k. \u00fa. obce Palota vplyvom podzemn\u00fdch v\u00f4d, nevyhovuj\u00facej geol\u00f3gie a zl\u00fdm stavebno-technick\u00fdm stavom priepustu je potrebn\u00e1 rekon\u0161trukcia cesty s realizovan\u00edm oporn\u00e9ho m\u00fara na predmetnej ceste za \u00fa\u010delom jej stabilizovania. \u00da\u010delom projektu na slovenskej strane je stabiliz\u00e1cia zosuvn\u00e9ho \u00fazemia vr\u00e1tane zlep\u0161enia technick\u00e9ho stavu priepustu a usmernen\u00e9ho odvedenia v\u00f4d. Cie\u013eom stavebn\u00fdch pr\u00e1c na projektu bude vybudovanie oporn\u00e9ho m\u00fara na pil\u00f3tovom z\u00e1klade z realiz\u00e1ciou odvodnenia vr\u00e1tane \u00fapravy priepustu vybet\u00f3novan\u00edm koryta vodn\u00e9ho toku. Realiz\u00e1cia projektu prispeje k zv\u00fd\u0161eniu odolnosti vo\u010di extr\u00e9mnym udalostiam v podporovanom \u00fazem\u00ed oboch partnerov projektu, \u010do sa prejav\u00ed v zn\u00ed\u017een\u00ed klimatick\u00fdch zmien v regi\u00f3ne. V\u00fdsledkom bude zlep\u0161enie atmosf\u00e9rick\u00fdch a klimatick\u00fdch podmienok, najm\u00e4 v oblastiach Natura 2000 a v bl\u00edzkosti Bieszczadsk\u00e9ho n\u00e1rodn\u00e9ho parku. <\/p>\n\n\n\n<h2 class=\"wp-block-heading\">Realiz\u00e1cia projektu<\/h2>\n\n\n\n<div class=\"\">\n\n  <div class=\"widget-image-gallery galRB gal-6038\">\n\n    <div id=\"swiperGalFUll-6038\"\n      class=\"swiper widget-image-gallery__full swiper-initialized swiper-horizontal swiper-pointer-events swiper-backface-hidden\">\n\n      <div class=\"swiper-wrapper\" id=\"swiper-wrapper-6038\" aria-live=\"polite\"\n        style=\"transform: translate3d(0px, 0px, 0px);\">\n\n        \n\n        \n        <div class=\"swiper-slide excludeimg  swiper-slide-active \"\n            tabindex=\"0\"\n        data-sliderId =\"6038\"\n        data-bs-slide-to=\"0\"\n        data-title=\"\" role=\"group\"\n          data-bs-toggle=\"modal\" data-bs-target=\"#exampleModal6038\"\n          aria-label=\"1 \/ 15\"\n          style=\"background: linear-gradient(rgba(211, 211, 211), rgba(211, 211, 211))\">\n\n          <img decoding=\"async\" src=\"https:\/\/plsk.eu\/wp-content\/uploads\/2026\/03\/C0006T01.jpg\" class=\"gal_bg_img\" style=\"\n    width: 100% !important;\">\n\n          <img decoding=\"async\" src=\"https:\/\/plsk.eu\/wp-content\/uploads\/2026\/03\/C0006T01.jpg\" alt=\"Zabezpieczenie skarpy siatk\u0105 i kamieniami wraz z tablic\u0105 informacyjn\u0105 Zabezpe\u010denie svahu sie\u0165ami a kame\u0148mi spolu s informa\u010dnou tabu\u013eou\" class=\"gal_main_img\" style=\"\">\n        <\/div>\n                \n\n        \n        <div class=\"swiper-slide excludeimg \"\n            tabindex=\"0\"\n        data-sliderId =\"6038\"\n        data-bs-slide-to=\"1\"\n        data-title=\"\" role=\"group\"\n          data-bs-toggle=\"modal\" data-bs-target=\"#exampleModal6038\"\n          aria-label=\"2 \/ 15\"\n          style=\"background: linear-gradient(rgba(211, 211, 211), rgba(211, 211, 211))\">\n\n          <img decoding=\"async\" src=\"https:\/\/plsk.eu\/wp-content\/uploads\/2026\/03\/IMG_5353-scaled.jpeg\" class=\"gal_bg_img\" style=\"\n    width: 100% !important;\">\n\n          <img decoding=\"async\" src=\"https:\/\/plsk.eu\/wp-content\/uploads\/2026\/03\/IMG_5353-scaled.jpeg\" alt=\"Zabezpieczenie skarpy siatk\u0105 i kamieniami wraz z tablic\u0105 informacyjn\u0105 Zabezpe\u010denie svahu sie\u0165ami a kame\u0148mi spolu s informa\u010dnou tabu\u013eou\" class=\"gal_main_img\" style=\"\">\n        <\/div>\n                \n\n        \n        <div class=\"swiper-slide excludeimg \"\n            tabindex=\"0\"\n        data-sliderId =\"6038\"\n        data-bs-slide-to=\"2\"\n        data-title=\"\" role=\"group\"\n          data-bs-toggle=\"modal\" data-bs-target=\"#exampleModal6038\"\n          aria-label=\"3 \/ 15\"\n          style=\"background: linear-gradient(rgba(211, 211, 211), rgba(211, 211, 211))\">\n\n          <img decoding=\"async\" src=\"https:\/\/plsk.eu\/wp-content\/uploads\/2026\/03\/od-beskidu-niskiego-po-soline-konferencja-zdj-powiat-sanocki-26.jpg\" class=\"gal_bg_img\" style=\"\n    width: 100% !important;\">\n\n          <img decoding=\"async\" src=\"https:\/\/plsk.eu\/wp-content\/uploads\/2026\/03\/od-beskidu-niskiego-po-soline-konferencja-zdj-powiat-sanocki-26.jpg\" alt=\"Kobiety i m\u0119\u017cczy\u017ani siedz\u0105 ty\u0142em do zdj\u0119cia na sali konferencyjnej. Z przodu sali ekran, a kt\u00f3rym wy\u015bwietlana jest prezentacja dotycz\u0105ca projektu \u017deny a mu\u017ei sedia chrbtom k kamere v konferen\u010dnej miestnosti. Vpredu v miestnosti je obrazovka, na ktorej sa premieta prezent\u00e1cia o projekte.\" class=\"gal_main_img\" style=\"\">\n        <\/div>\n                \n\n        \n        <div class=\"swiper-slide excludeimg \"\n            tabindex=\"0\"\n        data-sliderId =\"6038\"\n        data-bs-slide-to=\"3\"\n        data-title=\"\" role=\"group\"\n          data-bs-toggle=\"modal\" data-bs-target=\"#exampleModal6038\"\n          aria-label=\"4 \/ 15\"\n          style=\"background: linear-gradient(rgba(211, 211, 211), rgba(211, 211, 211))\">\n\n          <img decoding=\"async\" src=\"https:\/\/plsk.eu\/wp-content\/uploads\/2026\/03\/od-beskidu-niskiego-po-soline-konferencja-zdj-powiat-sanocki-5.jpg\" class=\"gal_bg_img\" style=\"\n    width: 100% !important;\">\n\n          <img decoding=\"async\" src=\"https:\/\/plsk.eu\/wp-content\/uploads\/2026\/03\/od-beskidu-niskiego-po-soline-konferencja-zdj-powiat-sanocki-5.jpg\" alt=\"M\u0119\u017cczyzna trzymaj\u0105cy mikrofon omawia prezentacj\u0119, kt\u00f3ra wy\u015bwietla si\u0119 na ekranie za nim, m\u00f3wi\u0105c do os\u00f3b, ktore siedz\u0105 na sali konferencyjnej Mu\u017e s mikrof\u00f3nom v ruke diskutuje o prezent\u00e1cii zobrazenou na obrazovke za n\u00edm a oslovuje \u013eud\u00ed sediacich v konferen\u010dnej miestnosti.\" class=\"gal_main_img\" style=\"\">\n        <\/div>\n                \n\n        \n        <div class=\"swiper-slide excludeimg \"\n            tabindex=\"0\"\n        data-sliderId =\"6038\"\n        data-bs-slide-to=\"4\"\n        data-title=\"\" role=\"group\"\n          data-bs-toggle=\"modal\" data-bs-target=\"#exampleModal6038\"\n          aria-label=\"5 \/ 15\"\n          style=\"background: linear-gradient(rgba(211, 211, 211), rgba(211, 211, 211))\">\n\n          <img decoding=\"async\" src=\"https:\/\/plsk.eu\/wp-content\/uploads\/2026\/03\/od-beskidu-niskiego-po-soline-konferencja-zdj-powiat-sanocki-3.jpg\" class=\"gal_bg_img\" style=\"\n    width: 100% !important;\">\n\n          <img decoding=\"async\" src=\"https:\/\/plsk.eu\/wp-content\/uploads\/2026\/03\/od-beskidu-niskiego-po-soline-konferencja-zdj-powiat-sanocki-3.jpg\" alt=\"Pe\u0142na sala m\u0119\u017cczyzn i kobiet siedz\u0105cych na sali konferencyjnej Miestnos\u0165 pln\u00e1 mu\u017eov a \u017eien sediacich v konferen\u010dnej miestnosti\" class=\"gal_main_img\" style=\"\">\n        <\/div>\n                \n\n        \n        <div class=\"swiper-slide excludeimg \"\n            tabindex=\"0\"\n        data-sliderId =\"6038\"\n        data-bs-slide-to=\"5\"\n        data-title=\"\" role=\"group\"\n          data-bs-toggle=\"modal\" data-bs-target=\"#exampleModal6038\"\n          aria-label=\"6 \/ 15\"\n          style=\"background: linear-gradient(rgba(211, 211, 211), rgba(211, 211, 211))\">\n\n          <img decoding=\"async\" src=\"https:\/\/plsk.eu\/wp-content\/uploads\/2026\/03\/DSC03547-Edit.jpg.pdf.jpg\" class=\"gal_bg_img\" style=\"\n    width: 100% !important;\">\n\n          <img decoding=\"async\" src=\"https:\/\/plsk.eu\/wp-content\/uploads\/2026\/03\/DSC03547-Edit.jpg.pdf.jpg\" alt=\"Barierka ochronna przy wyremontowanej drodze Bezpe\u010dnostn\u00e1 bari\u00e9ra pozd\u013a\u017e zrekon\u0161truovanej cesty\" class=\"gal_main_img\" style=\"\">\n        <\/div>\n                \n\n        \n        <div class=\"swiper-slide excludeimg \"\n            tabindex=\"0\"\n        data-sliderId =\"6038\"\n        data-bs-slide-to=\"6\"\n        data-title=\"\" role=\"group\"\n          data-bs-toggle=\"modal\" data-bs-target=\"#exampleModal6038\"\n          aria-label=\"7 \/ 15\"\n          style=\"background: linear-gradient(rgba(211, 211, 211), rgba(211, 211, 211))\">\n\n          <img decoding=\"async\" src=\"https:\/\/plsk.eu\/wp-content\/uploads\/2026\/03\/DSC03542-Edit.pdf.jpg\" class=\"gal_bg_img\" style=\"\n    width: 100% !important;\">\n\n          <img decoding=\"async\" src=\"https:\/\/plsk.eu\/wp-content\/uploads\/2026\/03\/DSC03542-Edit.pdf.jpg\" alt=\"Skarpa drogi zabezpieczona betonowymi zaporami przeciwko osuwaniu si\u0119 drogi wraz z barierkami ochronnymi Cestn\u00fd n\u00e1syp zabezpe\u010den\u00fd bet\u00f3nov\u00fdmi bari\u00e9rami proti zosuvu cesty, vr\u00e1tane bezpe\u010dnostn\u00fdch bari\u00e9r\" class=\"gal_main_img\" style=\"\">\n        <\/div>\n                \n\n        \n        <div class=\"swiper-slide excludeimg \"\n            tabindex=\"0\"\n        data-sliderId =\"6038\"\n        data-bs-slide-to=\"7\"\n        data-title=\"\" role=\"group\"\n          data-bs-toggle=\"modal\" data-bs-target=\"#exampleModal6038\"\n          aria-label=\"8 \/ 15\"\n          style=\"background: linear-gradient(rgba(211, 211, 211), rgba(211, 211, 211))\">\n\n          <img decoding=\"async\" src=\"https:\/\/plsk.eu\/wp-content\/uploads\/2026\/03\/DSC03523-Edit.pdf.jpg\" class=\"gal_bg_img\" style=\"\n    width: 100% !important;\">\n\n          <img decoding=\"async\" src=\"https:\/\/plsk.eu\/wp-content\/uploads\/2026\/03\/DSC03523-Edit.pdf.jpg\" alt=\"Barierki ochronne zabezpieczaj\u0105ce ruch znajduj\u0105ce si\u0119 przy wyremontowanej skarpie Bezpe\u010dnostn\u00e9 bari\u00e9ry zabezpe\u010duj\u00face dopravu umiestnen\u00e9 na zrekon\u0161truovanom n\u00e1bre\u017e\u00ed\" class=\"gal_main_img\" style=\"\">\n        <\/div>\n                \n\n        \n        <div class=\"swiper-slide excludeimg \"\n            tabindex=\"0\"\n        data-sliderId =\"6038\"\n        data-bs-slide-to=\"8\"\n        data-title=\"\" role=\"group\"\n          data-bs-toggle=\"modal\" data-bs-target=\"#exampleModal6038\"\n          aria-label=\"9 \/ 15\"\n          style=\"background: linear-gradient(rgba(211, 211, 211), rgba(211, 211, 211))\">\n\n          <img decoding=\"async\" src=\"https:\/\/plsk.eu\/wp-content\/uploads\/2026\/03\/DSC03520-Edit.pdf.jpg\" class=\"gal_bg_img\" style=\"\n    width: 100% !important;\">\n\n          <img decoding=\"async\" src=\"https:\/\/plsk.eu\/wp-content\/uploads\/2026\/03\/DSC03520-Edit.pdf.jpg\" alt=\"Wyremontowany odcinek drogi publicznej z nowym asfaltem, barierami oddzielaj\u0105cymi od pobocza i barierkami ochronnymi przy skarpie Renovovan\u00e1 \u010das\u0165 verejnej komunik\u00e1cie s nov\u00fdm asfaltom, bari\u00e9rami odde\u013euj\u00facimi ju od krajnice a bezpe\u010dnostn\u00fdmi bari\u00e9rami pozd\u013a\u017e n\u00e1bre\u017eia.\" class=\"gal_main_img\" style=\"\">\n        <\/div>\n                \n\n        \n        <div class=\"swiper-slide excludeimg \"\n            tabindex=\"0\"\n        data-sliderId =\"6038\"\n        data-bs-slide-to=\"9\"\n        data-title=\"\" role=\"group\"\n          data-bs-toggle=\"modal\" data-bs-target=\"#exampleModal6038\"\n          aria-label=\"10 \/ 15\"\n          style=\"background: linear-gradient(rgba(211, 211, 211), rgba(211, 211, 211))\">\n\n          <img decoding=\"async\" src=\"https:\/\/plsk.eu\/wp-content\/uploads\/2026\/03\/DJI_0874-Edit.pdf.jpg\" class=\"gal_bg_img\" style=\"\n    width: 100% !important;\">\n\n          <img decoding=\"async\" src=\"https:\/\/plsk.eu\/wp-content\/uploads\/2026\/03\/DJI_0874-Edit.pdf.jpg\" alt=\"Wyremontowany odcinek drogi publicznej z nowym asfaltem, barierami oddzielaj\u0105cymi od pobocza i barierkami ochronnymi przy skarpie Renovovan\u00e1 \u010das\u0165 verejnej komunik\u00e1cie s nov\u00fdm asfaltom, bari\u00e9rami odde\u013euj\u00facimi ju od krajnice a bezpe\u010dnostn\u00fdmi bari\u00e9rami pozd\u013a\u017e n\u00e1bre\u017eia.\" class=\"gal_main_img\" style=\"\">\n        <\/div>\n                \n\n        \n        <div class=\"swiper-slide excludeimg \"\n            tabindex=\"0\"\n        data-sliderId =\"6038\"\n        data-bs-slide-to=\"10\"\n        data-title=\"\" role=\"group\"\n          data-bs-toggle=\"modal\" data-bs-target=\"#exampleModal6038\"\n          aria-label=\"11 \/ 15\"\n          style=\"background: linear-gradient(rgba(211, 211, 211), rgba(211, 211, 211))\">\n\n          <img decoding=\"async\" src=\"https:\/\/plsk.eu\/wp-content\/uploads\/2026\/03\/DJI_0869-Edit.pdf.jpg\" class=\"gal_bg_img\" style=\"\n    width: 100% !important;\">\n\n          <img decoding=\"async\" src=\"https:\/\/plsk.eu\/wp-content\/uploads\/2026\/03\/DJI_0869-Edit.pdf.jpg\" alt=\"Wyremontowany odcinek drogi publicznej z nowym asfaltem, barierami oddzielaj\u0105cymi od pobocza i barierkami ochronnymi przy skarpie Renovovan\u00e1 \u010das\u0165 verejnej komunik\u00e1cie s nov\u00fdm asfaltom, bari\u00e9rami odde\u013euj\u00facimi ju od krajnice a bezpe\u010dnostn\u00fdmi bari\u00e9rami pozd\u013a\u017e n\u00e1bre\u017eia.\" class=\"gal_main_img\" style=\"\">\n        <\/div>\n                \n\n        \n        <div class=\"swiper-slide excludeimg \"\n            tabindex=\"0\"\n        data-sliderId =\"6038\"\n        data-bs-slide-to=\"11\"\n        data-title=\"\" role=\"group\"\n          data-bs-toggle=\"modal\" data-bs-target=\"#exampleModal6038\"\n          aria-label=\"12 \/ 15\"\n          style=\"background: linear-gradient(rgba(211, 211, 211), rgba(211, 211, 211))\">\n\n          <img decoding=\"async\" src=\"https:\/\/plsk.eu\/wp-content\/uploads\/2026\/03\/DJI_0862-Edit.pdf.jpg\" class=\"gal_bg_img\" style=\"\n    width: 100% !important;\">\n\n          <img decoding=\"async\" src=\"https:\/\/plsk.eu\/wp-content\/uploads\/2026\/03\/DJI_0862-Edit.pdf.jpg\" alt=\"Wyremontowany odcinek drogi publicznej z nowym asfaltem, barierami oddzielaj\u0105cymi od pobocza i barierkami ochronnymi przy skarpie Renovovan\u00e1 \u010das\u0165 verejnej komunik\u00e1cie s nov\u00fdm asfaltom, bari\u00e9rami odde\u013euj\u00facimi ju od krajnice a bezpe\u010dnostn\u00fdmi bari\u00e9rami pozd\u013a\u017e n\u00e1bre\u017eia.\" class=\"gal_main_img\" style=\"\">\n        <\/div>\n                \n\n        \n        <div class=\"swiper-slide excludeimg \"\n            tabindex=\"0\"\n        data-sliderId =\"6038\"\n        data-bs-slide-to=\"12\"\n        data-title=\"\" role=\"group\"\n          data-bs-toggle=\"modal\" data-bs-target=\"#exampleModal6038\"\n          aria-label=\"13 \/ 15\"\n          style=\"background: linear-gradient(rgba(211, 211, 211), rgba(211, 211, 211))\">\n\n          <img decoding=\"async\" src=\"https:\/\/plsk.eu\/wp-content\/uploads\/2026\/03\/palota_zosuv_suc_psk-5.jpg\" class=\"gal_bg_img\" style=\"\n    width: 100% !important;\">\n\n          <img decoding=\"async\" src=\"https:\/\/plsk.eu\/wp-content\/uploads\/2026\/03\/palota_zosuv_suc_psk-5.jpg\" alt=\"Betoniarki wylewaj\u0105 beton na now\u0105 konstrukcj\u0119 skarpy. Przy konstrukcji stoj\u0105 pracownicy w kamizelkach i kaskach, kt\u00f3rzy nadzoruj\u0105 prace Bet\u00f3nov\u00e9 mie\u0161a\u010dky nalieva bet\u00f3n na nov\u00fa kon\u0161trukciu svahu. Pracovn\u00edci v vest\u00e1ch a prilb\u00e1ch stoja ved\u013ea kon\u0161trukcie a dohliadaj\u00fa na pr\u00e1cu.\" class=\"gal_main_img\" style=\"\">\n        <\/div>\n                \n\n        \n        <div class=\"swiper-slide excludeimg \"\n            tabindex=\"0\"\n        data-sliderId =\"6038\"\n        data-bs-slide-to=\"13\"\n        data-title=\"\" role=\"group\"\n          data-bs-toggle=\"modal\" data-bs-target=\"#exampleModal6038\"\n          aria-label=\"14 \/ 15\"\n          style=\"background: linear-gradient(rgba(211, 211, 211), rgba(211, 211, 211))\">\n\n          <img decoding=\"async\" src=\"https:\/\/plsk.eu\/wp-content\/uploads\/2026\/03\/palota_zosuv_suc_psk-3.jpg\" class=\"gal_bg_img\" style=\"\n    width: 100% !important;\">\n\n          <img decoding=\"async\" src=\"https:\/\/plsk.eu\/wp-content\/uploads\/2026\/03\/palota_zosuv_suc_psk-3.jpg\" alt=\"Betoniarki wylewaj\u0105 beton na now\u0105 konstrukcj\u0119 skarpy. Przy konstrukcji stoj\u0105 pracownicy w kamizelkach i kaskach, kt\u00f3rzy nadzoruj\u0105 prace Bet\u00f3nov\u00e9 mie\u0161a\u010dky nalieva bet\u00f3n na nov\u00fa kon\u0161trukciu svahu. Pracovn\u00edci v vest\u00e1ch a prilb\u00e1ch stoja ved\u013ea kon\u0161trukcie a dohliadaj\u00fa na pr\u00e1cu.\" class=\"gal_main_img\" style=\"\">\n        <\/div>\n                \n\n        \n        <div class=\"swiper-slide excludeimg \"\n            tabindex=\"0\"\n        data-sliderId =\"6038\"\n        data-bs-slide-to=\"14\"\n        data-title=\"\" role=\"group\"\n          data-bs-toggle=\"modal\" data-bs-target=\"#exampleModal6038\"\n          aria-label=\"15 \/ 15\"\n          style=\"background: linear-gradient(rgba(211, 211, 211), rgba(211, 211, 211))\">\n\n          <img decoding=\"async\" src=\"https:\/\/plsk.eu\/wp-content\/uploads\/2026\/03\/palota_zosuv_suc_psk-1.jpg\" class=\"gal_bg_img\" style=\"\n    width: 100% !important;\">\n\n          <img decoding=\"async\" src=\"https:\/\/plsk.eu\/wp-content\/uploads\/2026\/03\/palota_zosuv_suc_psk-1.jpg\" alt=\"Pracownicy w kamizelkach i kaskach pracuj\u0105 przy konstrukcji skarpy z drutu, na kt\u00f3rej wylano \u015bwie\u017cy beton Pracovn\u00edci v vest\u00e1ch a prilb\u00e1ch pracuj\u00fa na v\u00fdstavbe dr\u00f4ten\u00e9ho svahu, na ktor\u00fd bol naliaty \u010derstv\u00fd bet\u00f3n.\" class=\"gal_main_img\" style=\"\">\n        <\/div>\n                \n\n\n      <\/div>\n\n\n      <span class=\"swiper-notification\" aria-live=\"assertive\" aria-atomic=\"true\"><\/span>\n\n    <\/div>\n\n    <div id=\"swiperGalThumb-6038\" data-galid=\"6038\"\n      class=\"swiper widget-image-gallery__thumbs swiper-initialized swiper-horizontal swiper-pointer-events swiper-free-mode swiper-backface-hidden swiper-thumbs\">\n      <div class=\"swiper-wrapper\" id=\"swiper-wrapper-6038\" aria-live=\"polite\"\n        style=\"transform: translate3d(0px, 0px, 0px);\">\n\n        \n        \n        <div class=\"swiper-slide swiper-slide-prev\" style=\"width: 139px; margin-right: 30px;\" role=\"group\">\n          <img decoding=\"async\" src=\"https:\/\/plsk.eu\/wp-content\/uploads\/2026\/03\/C0006T01.jpg\" alt=\"Zabezpieczenie skarpy siatk\u0105 i kamieniami wraz z tablic\u0105 informacyjn\u0105 Zabezpe\u010denie svahu sie\u0165ami a kame\u0148mi spolu s informa\u010dnou tabu\u013eou\">\n        <\/div>\n        \n        \n        <div class=\"swiper-slide swiper-slide-prev\" style=\"width: 139px; margin-right: 30px;\" role=\"group\">\n          <img decoding=\"async\" src=\"https:\/\/plsk.eu\/wp-content\/uploads\/2026\/03\/IMG_5353-scaled.jpeg\" alt=\"Zabezpieczenie skarpy siatk\u0105 i kamieniami wraz z tablic\u0105 informacyjn\u0105 Zabezpe\u010denie svahu sie\u0165ami a kame\u0148mi spolu s informa\u010dnou tabu\u013eou\">\n        <\/div>\n        \n        \n        <div class=\"swiper-slide swiper-slide-prev\" style=\"width: 139px; margin-right: 30px;\" role=\"group\">\n          <img decoding=\"async\" src=\"https:\/\/plsk.eu\/wp-content\/uploads\/2026\/03\/od-beskidu-niskiego-po-soline-konferencja-zdj-powiat-sanocki-26.jpg\" alt=\"Kobiety i m\u0119\u017cczy\u017ani siedz\u0105 ty\u0142em do zdj\u0119cia na sali konferencyjnej. Z przodu sali ekran, a kt\u00f3rym wy\u015bwietlana jest prezentacja dotycz\u0105ca projektu \u017deny a mu\u017ei sedia chrbtom k kamere v konferen\u010dnej miestnosti. Vpredu v miestnosti je obrazovka, na ktorej sa premieta prezent\u00e1cia o projekte.\">\n        <\/div>\n        \n        \n        <div class=\"swiper-slide swiper-slide-prev\" style=\"width: 139px; margin-right: 30px;\" role=\"group\">\n          <img decoding=\"async\" src=\"https:\/\/plsk.eu\/wp-content\/uploads\/2026\/03\/od-beskidu-niskiego-po-soline-konferencja-zdj-powiat-sanocki-5.jpg\" alt=\"M\u0119\u017cczyzna trzymaj\u0105cy mikrofon omawia prezentacj\u0119, kt\u00f3ra wy\u015bwietla si\u0119 na ekranie za nim, m\u00f3wi\u0105c do os\u00f3b, ktore siedz\u0105 na sali konferencyjnej Mu\u017e s mikrof\u00f3nom v ruke diskutuje o prezent\u00e1cii zobrazenou na obrazovke za n\u00edm a oslovuje \u013eud\u00ed sediacich v konferen\u010dnej miestnosti.\">\n        <\/div>\n        \n        \n        <div class=\"swiper-slide swiper-slide-prev\" style=\"width: 139px; margin-right: 30px;\" role=\"group\">\n          <img decoding=\"async\" src=\"https:\/\/plsk.eu\/wp-content\/uploads\/2026\/03\/od-beskidu-niskiego-po-soline-konferencja-zdj-powiat-sanocki-3.jpg\" alt=\"Pe\u0142na sala m\u0119\u017cczyzn i kobiet siedz\u0105cych na sali konferencyjnej Miestnos\u0165 pln\u00e1 mu\u017eov a \u017eien sediacich v konferen\u010dnej miestnosti\">\n        <\/div>\n        \n        \n        <div class=\"swiper-slide swiper-slide-prev\" style=\"width: 139px; margin-right: 30px;\" role=\"group\">\n          <img decoding=\"async\" src=\"https:\/\/plsk.eu\/wp-content\/uploads\/2026\/03\/DSC03547-Edit.jpg.pdf.jpg\" alt=\"Barierka ochronna przy wyremontowanej drodze Bezpe\u010dnostn\u00e1 bari\u00e9ra pozd\u013a\u017e zrekon\u0161truovanej cesty\">\n        <\/div>\n        \n        \n        <div class=\"swiper-slide swiper-slide-prev\" style=\"width: 139px; margin-right: 30px;\" role=\"group\">\n          <img decoding=\"async\" src=\"https:\/\/plsk.eu\/wp-content\/uploads\/2026\/03\/DSC03542-Edit.pdf.jpg\" alt=\"Skarpa drogi zabezpieczona betonowymi zaporami przeciwko osuwaniu si\u0119 drogi wraz z barierkami ochronnymi Cestn\u00fd n\u00e1syp zabezpe\u010den\u00fd bet\u00f3nov\u00fdmi bari\u00e9rami proti zosuvu cesty, vr\u00e1tane bezpe\u010dnostn\u00fdch bari\u00e9r\">\n        <\/div>\n        \n        \n        <div class=\"swiper-slide swiper-slide-prev\" style=\"width: 139px; margin-right: 30px;\" role=\"group\">\n          <img decoding=\"async\" src=\"https:\/\/plsk.eu\/wp-content\/uploads\/2026\/03\/DSC03523-Edit.pdf.jpg\" alt=\"Barierki ochronne zabezpieczaj\u0105ce ruch znajduj\u0105ce si\u0119 przy wyremontowanej skarpie Bezpe\u010dnostn\u00e9 bari\u00e9ry zabezpe\u010duj\u00face dopravu umiestnen\u00e9 na zrekon\u0161truovanom n\u00e1bre\u017e\u00ed\">\n        <\/div>\n        \n        \n        <div class=\"swiper-slide swiper-slide-prev\" style=\"width: 139px; margin-right: 30px;\" role=\"group\">\n          <img decoding=\"async\" src=\"https:\/\/plsk.eu\/wp-content\/uploads\/2026\/03\/DSC03520-Edit.pdf.jpg\" alt=\"Wyremontowany odcinek drogi publicznej z nowym asfaltem, barierami oddzielaj\u0105cymi od pobocza i barierkami ochronnymi przy skarpie Renovovan\u00e1 \u010das\u0165 verejnej komunik\u00e1cie s nov\u00fdm asfaltom, bari\u00e9rami odde\u013euj\u00facimi ju od krajnice a bezpe\u010dnostn\u00fdmi bari\u00e9rami pozd\u013a\u017e n\u00e1bre\u017eia.\">\n        <\/div>\n        \n        \n        <div class=\"swiper-slide swiper-slide-prev\" style=\"width: 139px; margin-right: 30px;\" role=\"group\">\n          <img decoding=\"async\" src=\"https:\/\/plsk.eu\/wp-content\/uploads\/2026\/03\/DJI_0874-Edit.pdf.jpg\" alt=\"Wyremontowany odcinek drogi publicznej z nowym asfaltem, barierami oddzielaj\u0105cymi od pobocza i barierkami ochronnymi przy skarpie Renovovan\u00e1 \u010das\u0165 verejnej komunik\u00e1cie s nov\u00fdm asfaltom, bari\u00e9rami odde\u013euj\u00facimi ju od krajnice a bezpe\u010dnostn\u00fdmi bari\u00e9rami pozd\u013a\u017e n\u00e1bre\u017eia.\">\n        <\/div>\n        \n        \n        <div class=\"swiper-slide swiper-slide-prev\" style=\"width: 139px; margin-right: 30px;\" role=\"group\">\n          <img decoding=\"async\" src=\"https:\/\/plsk.eu\/wp-content\/uploads\/2026\/03\/DJI_0869-Edit.pdf.jpg\" alt=\"Wyremontowany odcinek drogi publicznej z nowym asfaltem, barierami oddzielaj\u0105cymi od pobocza i barierkami ochronnymi przy skarpie Renovovan\u00e1 \u010das\u0165 verejnej komunik\u00e1cie s nov\u00fdm asfaltom, bari\u00e9rami odde\u013euj\u00facimi ju od krajnice a bezpe\u010dnostn\u00fdmi bari\u00e9rami pozd\u013a\u017e n\u00e1bre\u017eia.\">\n        <\/div>\n        \n        \n        <div class=\"swiper-slide swiper-slide-prev\" style=\"width: 139px; margin-right: 30px;\" role=\"group\">\n          <img decoding=\"async\" src=\"https:\/\/plsk.eu\/wp-content\/uploads\/2026\/03\/DJI_0862-Edit.pdf.jpg\" alt=\"Wyremontowany odcinek drogi publicznej z nowym asfaltem, barierami oddzielaj\u0105cymi od pobocza i barierkami ochronnymi przy skarpie Renovovan\u00e1 \u010das\u0165 verejnej komunik\u00e1cie s nov\u00fdm asfaltom, bari\u00e9rami odde\u013euj\u00facimi ju od krajnice a bezpe\u010dnostn\u00fdmi bari\u00e9rami pozd\u013a\u017e n\u00e1bre\u017eia.\">\n        <\/div>\n        \n        \n        <div class=\"swiper-slide swiper-slide-prev\" style=\"width: 139px; margin-right: 30px;\" role=\"group\">\n          <img decoding=\"async\" src=\"https:\/\/plsk.eu\/wp-content\/uploads\/2026\/03\/palota_zosuv_suc_psk-5.jpg\" alt=\"Betoniarki wylewaj\u0105 beton na now\u0105 konstrukcj\u0119 skarpy. Przy konstrukcji stoj\u0105 pracownicy w kamizelkach i kaskach, kt\u00f3rzy nadzoruj\u0105 prace Bet\u00f3nov\u00e9 mie\u0161a\u010dky nalieva bet\u00f3n na nov\u00fa kon\u0161trukciu svahu. Pracovn\u00edci v vest\u00e1ch a prilb\u00e1ch stoja ved\u013ea kon\u0161trukcie a dohliadaj\u00fa na pr\u00e1cu.\">\n        <\/div>\n        \n        \n        <div class=\"swiper-slide swiper-slide-prev\" style=\"width: 139px; margin-right: 30px;\" role=\"group\">\n          <img decoding=\"async\" src=\"https:\/\/plsk.eu\/wp-content\/uploads\/2026\/03\/palota_zosuv_suc_psk-3.jpg\" alt=\"Betoniarki wylewaj\u0105 beton na now\u0105 konstrukcj\u0119 skarpy. Przy konstrukcji stoj\u0105 pracownicy w kamizelkach i kaskach, kt\u00f3rzy nadzoruj\u0105 prace Bet\u00f3nov\u00e9 mie\u0161a\u010dky nalieva bet\u00f3n na nov\u00fa kon\u0161trukciu svahu. Pracovn\u00edci v vest\u00e1ch a prilb\u00e1ch stoja ved\u013ea kon\u0161trukcie a dohliadaj\u00fa na pr\u00e1cu.\">\n        <\/div>\n        \n        \n        <div class=\"swiper-slide swiper-slide-prev\" style=\"width: 139px; margin-right: 30px;\" role=\"group\">\n          <img decoding=\"async\" src=\"https:\/\/plsk.eu\/wp-content\/uploads\/2026\/03\/palota_zosuv_suc_psk-1.jpg\" alt=\"Pracownicy w kamizelkach i kaskach pracuj\u0105 przy konstrukcji skarpy z drutu, na kt\u00f3rej wylano \u015bwie\u017cy beton Pracovn\u00edci v vest\u00e1ch a prilb\u00e1ch pracuj\u00fa na v\u00fdstavbe dr\u00f4ten\u00e9ho svahu, na ktor\u00fd bol naliaty \u010derstv\u00fd bet\u00f3n.\">\n        <\/div>\n        \n\n      <\/div>\n      <span class=\"swiper-notification\" aria-live=\"assertive\" aria-atomic=\"true\"><\/span>\n    <\/div>\n          <!--\n    <div class=\"widget-image-gallery__caption\">\n      <p>Opis zdj\u0119cia5, fot. Jan Kowalski<\/p>\n    <\/div>-->\n\n\n    <div class=\"image-swiper-button-prev swiper-button-prev\" role=\"button\" aria-label=\"Predch\u00e1dzaj\u00faci obr\u00e1zok\"\n      aria-controls=\"swiper-wrapper-6038\" aria-disabled=\"false\">\n    <\/div>\n\n    <div class=\"image-swiper-button-next swiper-button-next swiper-button-disabled\" role=\"button\"\n      aria-label=\"\u010eal\u0161\u00ed obr\u00e1zok\" aria-controls=\"swiper-wrapper-8966\" aria-disabled=\"true\">\n    <\/div>\n\n\n\n\n  <\/div>\n\n  \n  <div class=\"modal fade gal_modal\" id=\"exampleModal6038\" tabindex=\"-1\" aria-hidden=\"true\">\n    <div class=\"modal-dialog\">\n      <div class=\"modal-content\">\n        <div class=\"modal-header\">\n          <button type=\"button\" class=\"btn-close\" data-bs-dismiss=\"modal\" aria-label=\"Zamkn\u0105\u0107\">\n          <img decoding=\"async\"\n              src=\"https:\/\/plsk.eu\/wp-content\/themes\/fundusze\/assets\/images\/close.svg\"\n              alt=Zamkn\u0105\u0107>\n          <span class=\"visually-hidden\">Zamkn\u0105\u0107<\/span>\n        <\/button>\n        <\/div>\n\n          <div class=\"row no_mobile\">\n\n            <div class=\"col-xxl-2 col-xl-2 col-lg-2 col-md-2 col-sm-2 gal_left\">\n              <button type=\"button\" data-bs-target=\"#carouselExample6038\" data-bs-slide=\"prev\"\n                aria-label=\"Predch\u00e1dzaj\u00faci obr\u00e1zok\">\n                <img decoding=\"async\" src=\"https:\/\/plsk.eu\/wp-content\/themes\/fundusze\/assets\/images\/back.svg\" alt=\"\"> <\/button>\n            <\/div>\n\n            <div class=\"col-xxl-8 col-xl-8 col-lg-8 col-md-8 col-sm-8\">\n\n              <div id=\"carouselExample6038\" class=\"carousel slide\" data-bs-interval=\"50000\"\n                data-bs-ride=\"carousel\">\n\n                <div class=\"carousel-inner\">\n\n                  \n                                    <div class=\"carousel-item  active \">\n                    <img decoding=\"async\" src=\"https:\/\/plsk.eu\/wp-content\/uploads\/2026\/03\/C0006T01.jpg\" alt=\"Zabezpieczenie skarpy siatk\u0105 i kamieniami wraz z tablic\u0105 informacyjn\u0105 Zabezpe\u010denie svahu sie\u0165ami a kame\u0148mi spolu s informa\u010dnou tabu\u013eou\" class=\"img_all\">\n                    <div class=\"row\">\n\n                      <div class=\"col-xxl-12 col-xl-12 col-lg-12 col-md-12 col-sm-12\">\n                        <div class=\"img_caption\">\n                          <div class=\"cap_text\">\n                                                                                  <\/div>\n                          <div class=\"cap_num\">\n                            <strong> 1 z 15<\/strong>\n                          <\/div>\n\n                        <\/div>\n                      <\/div>\n\n                    <\/div>\n                  <\/div>\n                                    \n                                    <div class=\"carousel-item \">\n                    <img decoding=\"async\" src=\"https:\/\/plsk.eu\/wp-content\/uploads\/2026\/03\/IMG_5353-scaled.jpeg\" alt=\"Zabezpieczenie skarpy siatk\u0105 i kamieniami wraz z tablic\u0105 informacyjn\u0105 Zabezpe\u010denie svahu sie\u0165ami a kame\u0148mi spolu s informa\u010dnou tabu\u013eou\" class=\"img_all\">\n                    <div class=\"row\">\n\n                      <div class=\"col-xxl-12 col-xl-12 col-lg-12 col-md-12 col-sm-12\">\n                        <div class=\"img_caption\">\n                          <div class=\"cap_text\">\n                                                                                  <\/div>\n                          <div class=\"cap_num\">\n                            <strong> 2 z 15<\/strong>\n                          <\/div>\n\n                        <\/div>\n                      <\/div>\n\n                    <\/div>\n                  <\/div>\n                                    \n                                    <div class=\"carousel-item \">\n                    <img decoding=\"async\" src=\"https:\/\/plsk.eu\/wp-content\/uploads\/2026\/03\/od-beskidu-niskiego-po-soline-konferencja-zdj-powiat-sanocki-26.jpg\" alt=\"Kobiety i m\u0119\u017cczy\u017ani siedz\u0105 ty\u0142em do zdj\u0119cia na sali konferencyjnej. Z przodu sali ekran, a kt\u00f3rym wy\u015bwietlana jest prezentacja dotycz\u0105ca projektu \u017deny a mu\u017ei sedia chrbtom k kamere v konferen\u010dnej miestnosti. Vpredu v miestnosti je obrazovka, na ktorej sa premieta prezent\u00e1cia o projekte.\" class=\"img_all\">\n                    <div class=\"row\">\n\n                      <div class=\"col-xxl-12 col-xl-12 col-lg-12 col-md-12 col-sm-12\">\n                        <div class=\"img_caption\">\n                          <div class=\"cap_text\">\n                                                                                  <\/div>\n                          <div class=\"cap_num\">\n                            <strong> 3 z 15<\/strong>\n                          <\/div>\n\n                        <\/div>\n                      <\/div>\n\n                    <\/div>\n                  <\/div>\n                                    \n                                    <div class=\"carousel-item \">\n                    <img decoding=\"async\" src=\"https:\/\/plsk.eu\/wp-content\/uploads\/2026\/03\/od-beskidu-niskiego-po-soline-konferencja-zdj-powiat-sanocki-5.jpg\" alt=\"M\u0119\u017cczyzna trzymaj\u0105cy mikrofon omawia prezentacj\u0119, kt\u00f3ra wy\u015bwietla si\u0119 na ekranie za nim, m\u00f3wi\u0105c do os\u00f3b, ktore siedz\u0105 na sali konferencyjnej Mu\u017e s mikrof\u00f3nom v ruke diskutuje o prezent\u00e1cii zobrazenou na obrazovke za n\u00edm a oslovuje \u013eud\u00ed sediacich v konferen\u010dnej miestnosti.\" class=\"img_all\">\n                    <div class=\"row\">\n\n                      <div class=\"col-xxl-12 col-xl-12 col-lg-12 col-md-12 col-sm-12\">\n                        <div class=\"img_caption\">\n                          <div class=\"cap_text\">\n                                                                                  <\/div>\n                          <div class=\"cap_num\">\n                            <strong> 4 z 15<\/strong>\n                          <\/div>\n\n                        <\/div>\n                      <\/div>\n\n                    <\/div>\n                  <\/div>\n                                    \n                                    <div class=\"carousel-item \">\n                    <img decoding=\"async\" src=\"https:\/\/plsk.eu\/wp-content\/uploads\/2026\/03\/od-beskidu-niskiego-po-soline-konferencja-zdj-powiat-sanocki-3.jpg\" alt=\"Pe\u0142na sala m\u0119\u017cczyzn i kobiet siedz\u0105cych na sali konferencyjnej Miestnos\u0165 pln\u00e1 mu\u017eov a \u017eien sediacich v konferen\u010dnej miestnosti\" class=\"img_all\">\n                    <div class=\"row\">\n\n                      <div class=\"col-xxl-12 col-xl-12 col-lg-12 col-md-12 col-sm-12\">\n                        <div class=\"img_caption\">\n                          <div class=\"cap_text\">\n                                                                                  <\/div>\n                          <div class=\"cap_num\">\n                            <strong> 5 z 15<\/strong>\n                          <\/div>\n\n                        <\/div>\n                      <\/div>\n\n                    <\/div>\n                  <\/div>\n                                    \n                                    <div class=\"carousel-item \">\n                    <img decoding=\"async\" src=\"https:\/\/plsk.eu\/wp-content\/uploads\/2026\/03\/DSC03547-Edit.jpg.pdf.jpg\" alt=\"Barierka ochronna przy wyremontowanej drodze Bezpe\u010dnostn\u00e1 bari\u00e9ra pozd\u013a\u017e zrekon\u0161truovanej cesty\" class=\"img_all\">\n                    <div class=\"row\">\n\n                      <div class=\"col-xxl-12 col-xl-12 col-lg-12 col-md-12 col-sm-12\">\n                        <div class=\"img_caption\">\n                          <div class=\"cap_text\">\n                                                                                  <\/div>\n                          <div class=\"cap_num\">\n                            <strong> 6 z 15<\/strong>\n                          <\/div>\n\n                        <\/div>\n                      <\/div>\n\n                    <\/div>\n                  <\/div>\n                                    \n                                    <div class=\"carousel-item \">\n                    <img decoding=\"async\" src=\"https:\/\/plsk.eu\/wp-content\/uploads\/2026\/03\/DSC03542-Edit.pdf.jpg\" alt=\"Skarpa drogi zabezpieczona betonowymi zaporami przeciwko osuwaniu si\u0119 drogi wraz z barierkami ochronnymi Cestn\u00fd n\u00e1syp zabezpe\u010den\u00fd bet\u00f3nov\u00fdmi bari\u00e9rami proti zosuvu cesty, vr\u00e1tane bezpe\u010dnostn\u00fdch bari\u00e9r\" class=\"img_all\">\n                    <div class=\"row\">\n\n                      <div class=\"col-xxl-12 col-xl-12 col-lg-12 col-md-12 col-sm-12\">\n                        <div class=\"img_caption\">\n                          <div class=\"cap_text\">\n                                                                                  <\/div>\n                          <div class=\"cap_num\">\n                            <strong> 7 z 15<\/strong>\n                          <\/div>\n\n                        <\/div>\n                      <\/div>\n\n                    <\/div>\n                  <\/div>\n                                    \n                                    <div class=\"carousel-item \">\n                    <img decoding=\"async\" src=\"https:\/\/plsk.eu\/wp-content\/uploads\/2026\/03\/DSC03523-Edit.pdf.jpg\" alt=\"Barierki ochronne zabezpieczaj\u0105ce ruch znajduj\u0105ce si\u0119 przy wyremontowanej skarpie Bezpe\u010dnostn\u00e9 bari\u00e9ry zabezpe\u010duj\u00face dopravu umiestnen\u00e9 na zrekon\u0161truovanom n\u00e1bre\u017e\u00ed\" class=\"img_all\">\n                    <div class=\"row\">\n\n                      <div class=\"col-xxl-12 col-xl-12 col-lg-12 col-md-12 col-sm-12\">\n                        <div class=\"img_caption\">\n                          <div class=\"cap_text\">\n                                                                                  <\/div>\n                          <div class=\"cap_num\">\n                            <strong> 8 z 15<\/strong>\n                          <\/div>\n\n                        <\/div>\n                      <\/div>\n\n                    <\/div>\n                  <\/div>\n                                    \n                                    <div class=\"carousel-item \">\n                    <img decoding=\"async\" src=\"https:\/\/plsk.eu\/wp-content\/uploads\/2026\/03\/DSC03520-Edit.pdf.jpg\" alt=\"Wyremontowany odcinek drogi publicznej z nowym asfaltem, barierami oddzielaj\u0105cymi od pobocza i barierkami ochronnymi przy skarpie Renovovan\u00e1 \u010das\u0165 verejnej komunik\u00e1cie s nov\u00fdm asfaltom, bari\u00e9rami odde\u013euj\u00facimi ju od krajnice a bezpe\u010dnostn\u00fdmi bari\u00e9rami pozd\u013a\u017e n\u00e1bre\u017eia.\" class=\"img_all\">\n                    <div class=\"row\">\n\n                      <div class=\"col-xxl-12 col-xl-12 col-lg-12 col-md-12 col-sm-12\">\n                        <div class=\"img_caption\">\n                          <div class=\"cap_text\">\n                                                                                  <\/div>\n                          <div class=\"cap_num\">\n                            <strong> 9 z 15<\/strong>\n                          <\/div>\n\n                        <\/div>\n                      <\/div>\n\n                    <\/div>\n                  <\/div>\n                                    \n                                    <div class=\"carousel-item \">\n                    <img decoding=\"async\" src=\"https:\/\/plsk.eu\/wp-content\/uploads\/2026\/03\/DJI_0874-Edit.pdf.jpg\" alt=\"Wyremontowany odcinek drogi publicznej z nowym asfaltem, barierami oddzielaj\u0105cymi od pobocza i barierkami ochronnymi przy skarpie Renovovan\u00e1 \u010das\u0165 verejnej komunik\u00e1cie s nov\u00fdm asfaltom, bari\u00e9rami odde\u013euj\u00facimi ju od krajnice a bezpe\u010dnostn\u00fdmi bari\u00e9rami pozd\u013a\u017e n\u00e1bre\u017eia.\" class=\"img_all\">\n                    <div class=\"row\">\n\n                      <div class=\"col-xxl-12 col-xl-12 col-lg-12 col-md-12 col-sm-12\">\n                        <div class=\"img_caption\">\n                          <div class=\"cap_text\">\n                                                                                  <\/div>\n                          <div class=\"cap_num\">\n                            <strong> 10 z 15<\/strong>\n                          <\/div>\n\n                        <\/div>\n                      <\/div>\n\n                    <\/div>\n                  <\/div>\n                                    \n                                    <div class=\"carousel-item \">\n                    <img decoding=\"async\" src=\"https:\/\/plsk.eu\/wp-content\/uploads\/2026\/03\/DJI_0869-Edit.pdf.jpg\" alt=\"Wyremontowany odcinek drogi publicznej z nowym asfaltem, barierami oddzielaj\u0105cymi od pobocza i barierkami ochronnymi przy skarpie Renovovan\u00e1 \u010das\u0165 verejnej komunik\u00e1cie s nov\u00fdm asfaltom, bari\u00e9rami odde\u013euj\u00facimi ju od krajnice a bezpe\u010dnostn\u00fdmi bari\u00e9rami pozd\u013a\u017e n\u00e1bre\u017eia.\" class=\"img_all\">\n                    <div class=\"row\">\n\n                      <div class=\"col-xxl-12 col-xl-12 col-lg-12 col-md-12 col-sm-12\">\n                        <div class=\"img_caption\">\n                          <div class=\"cap_text\">\n                                                                                  <\/div>\n                          <div class=\"cap_num\">\n                            <strong> 11 z 15<\/strong>\n                          <\/div>\n\n                        <\/div>\n                      <\/div>\n\n                    <\/div>\n                  <\/div>\n                                    \n                                    <div class=\"carousel-item \">\n                    <img decoding=\"async\" src=\"https:\/\/plsk.eu\/wp-content\/uploads\/2026\/03\/DJI_0862-Edit.pdf.jpg\" alt=\"Wyremontowany odcinek drogi publicznej z nowym asfaltem, barierami oddzielaj\u0105cymi od pobocza i barierkami ochronnymi przy skarpie Renovovan\u00e1 \u010das\u0165 verejnej komunik\u00e1cie s nov\u00fdm asfaltom, bari\u00e9rami odde\u013euj\u00facimi ju od krajnice a bezpe\u010dnostn\u00fdmi bari\u00e9rami pozd\u013a\u017e n\u00e1bre\u017eia.\" class=\"img_all\">\n                    <div class=\"row\">\n\n                      <div class=\"col-xxl-12 col-xl-12 col-lg-12 col-md-12 col-sm-12\">\n                        <div class=\"img_caption\">\n                          <div class=\"cap_text\">\n                                                                                  <\/div>\n                          <div class=\"cap_num\">\n                            <strong> 12 z 15<\/strong>\n                          <\/div>\n\n                        <\/div>\n                      <\/div>\n\n                    <\/div>\n                  <\/div>\n                                    \n                                    <div class=\"carousel-item \">\n                    <img decoding=\"async\" src=\"https:\/\/plsk.eu\/wp-content\/uploads\/2026\/03\/palota_zosuv_suc_psk-5.jpg\" alt=\"Betoniarki wylewaj\u0105 beton na now\u0105 konstrukcj\u0119 skarpy. Przy konstrukcji stoj\u0105 pracownicy w kamizelkach i kaskach, kt\u00f3rzy nadzoruj\u0105 prace Bet\u00f3nov\u00e9 mie\u0161a\u010dky nalieva bet\u00f3n na nov\u00fa kon\u0161trukciu svahu. Pracovn\u00edci v vest\u00e1ch a prilb\u00e1ch stoja ved\u013ea kon\u0161trukcie a dohliadaj\u00fa na pr\u00e1cu.\" class=\"img_all\">\n                    <div class=\"row\">\n\n                      <div class=\"col-xxl-12 col-xl-12 col-lg-12 col-md-12 col-sm-12\">\n                        <div class=\"img_caption\">\n                          <div class=\"cap_text\">\n                                                                                  <\/div>\n                          <div class=\"cap_num\">\n                            <strong> 13 z 15<\/strong>\n                          <\/div>\n\n                        <\/div>\n                      <\/div>\n\n                    <\/div>\n                  <\/div>\n                                    \n                                    <div class=\"carousel-item \">\n                    <img decoding=\"async\" src=\"https:\/\/plsk.eu\/wp-content\/uploads\/2026\/03\/palota_zosuv_suc_psk-3.jpg\" alt=\"Betoniarki wylewaj\u0105 beton na now\u0105 konstrukcj\u0119 skarpy. Przy konstrukcji stoj\u0105 pracownicy w kamizelkach i kaskach, kt\u00f3rzy nadzoruj\u0105 prace Bet\u00f3nov\u00e9 mie\u0161a\u010dky nalieva bet\u00f3n na nov\u00fa kon\u0161trukciu svahu. Pracovn\u00edci v vest\u00e1ch a prilb\u00e1ch stoja ved\u013ea kon\u0161trukcie a dohliadaj\u00fa na pr\u00e1cu.\" class=\"img_all\">\n                    <div class=\"row\">\n\n                      <div class=\"col-xxl-12 col-xl-12 col-lg-12 col-md-12 col-sm-12\">\n                        <div class=\"img_caption\">\n                          <div class=\"cap_text\">\n                                                                                  <\/div>\n                          <div class=\"cap_num\">\n                            <strong> 14 z 15<\/strong>\n                          <\/div>\n\n                        <\/div>\n                      <\/div>\n\n                    <\/div>\n                  <\/div>\n                                    \n                                    <div class=\"carousel-item \">\n                    <img decoding=\"async\" src=\"https:\/\/plsk.eu\/wp-content\/uploads\/2026\/03\/palota_zosuv_suc_psk-1.jpg\" alt=\"Pracownicy w kamizelkach i kaskach pracuj\u0105 przy konstrukcji skarpy z drutu, na kt\u00f3rej wylano \u015bwie\u017cy beton Pracovn\u00edci v vest\u00e1ch a prilb\u00e1ch pracuj\u00fa na v\u00fdstavbe dr\u00f4ten\u00e9ho svahu, na ktor\u00fd bol naliaty \u010derstv\u00fd bet\u00f3n.\" class=\"img_all\">\n                    <div class=\"row\">\n\n                      <div class=\"col-xxl-12 col-xl-12 col-lg-12 col-md-12 col-sm-12\">\n                        <div class=\"img_caption\">\n                          <div class=\"cap_text\">\n                                                                                  <\/div>\n                          <div class=\"cap_num\">\n                            <strong> 15 z 15<\/strong>\n                          <\/div>\n\n                        <\/div>\n                      <\/div>\n\n                    <\/div>\n                  <\/div>\n                                    \n                <\/div>\n\n              <\/div>\n\n            <\/div>\n            <div class=\"col-xxl-2 col-xl-2 col-lg-2 col-md-2 col-sm-2 gal_right\">\n              <button type=\"button\" data-bs-target=\"#carouselExample6038\" data-bs-slide=\"next\"\n                aria-label=\"\u010eal\u0161\u00ed obr\u00e1zok\"> <img decoding=\"async\"\n                  src=\"https:\/\/plsk.eu\/wp-content\/themes\/fundusze\/assets\/images\/next.svg\" alt=\"\"><\/button>\n            <\/div>\n\n          <\/div>\n\n\n          <div class=\"row no_desk\">\n\n            <div class=\"col-xxl-8 col-xl-8 col-lg-8 col-md-8 col-sm-8\">\n\n              <div id=\"carouselExample6038mob6038\" class=\"carousel slide\" data-bs-interval=\"50000\"\n                data-bs-ride=\"carousel\">\n\n                <div class=\"carousel-inner\">\n\n                  \n                                    <div class=\"carousel-item  active \">\n                    <img decoding=\"async\" src=\"https:\/\/plsk.eu\/wp-content\/uploads\/2026\/03\/C0006T01.jpg\" alt=\"Zabezpieczenie skarpy siatk\u0105 i kamieniami wraz z tablic\u0105 informacyjn\u0105 Zabezpe\u010denie svahu sie\u0165ami a kame\u0148mi spolu s informa\u010dnou tabu\u013eou\" class=\"img_all\">\n                    <div class=\"row\">\n\n                      <div class=\"col-xxl-12 col-xl-12 col-lg-12 col-md-12 col-sm-12\">\n                        <div class=\"img_caption\">\n                          <div class=\"cap_text\">\n                            \n                                                      <\/div>\n                          <div class=\"cap_num\">\n                            <strong> 1 z 15<\/strong>\n                          <\/div>\n\n                        <\/div>\n                      <\/div>\n\n                    <\/div>\n                  <\/div>\n                  \n                                    <div class=\"carousel-item \">\n                    <img decoding=\"async\" src=\"https:\/\/plsk.eu\/wp-content\/uploads\/2026\/03\/IMG_5353-scaled.jpeg\" alt=\"Zabezpieczenie skarpy siatk\u0105 i kamieniami wraz z tablic\u0105 informacyjn\u0105 Zabezpe\u010denie svahu sie\u0165ami a kame\u0148mi spolu s informa\u010dnou tabu\u013eou\" class=\"img_all\">\n                    <div class=\"row\">\n\n                      <div class=\"col-xxl-12 col-xl-12 col-lg-12 col-md-12 col-sm-12\">\n                        <div class=\"img_caption\">\n                          <div class=\"cap_text\">\n                            \n                                                      <\/div>\n                          <div class=\"cap_num\">\n                            <strong> 2 z 15<\/strong>\n                          <\/div>\n\n                        <\/div>\n                      <\/div>\n\n                    <\/div>\n                  <\/div>\n                  \n                                    <div class=\"carousel-item \">\n                    <img decoding=\"async\" src=\"https:\/\/plsk.eu\/wp-content\/uploads\/2026\/03\/od-beskidu-niskiego-po-soline-konferencja-zdj-powiat-sanocki-26.jpg\" alt=\"Kobiety i m\u0119\u017cczy\u017ani siedz\u0105 ty\u0142em do zdj\u0119cia na sali konferencyjnej. Z przodu sali ekran, a kt\u00f3rym wy\u015bwietlana jest prezentacja dotycz\u0105ca projektu \u017deny a mu\u017ei sedia chrbtom k kamere v konferen\u010dnej miestnosti. Vpredu v miestnosti je obrazovka, na ktorej sa premieta prezent\u00e1cia o projekte.\" class=\"img_all\">\n                    <div class=\"row\">\n\n                      <div class=\"col-xxl-12 col-xl-12 col-lg-12 col-md-12 col-sm-12\">\n                        <div class=\"img_caption\">\n                          <div class=\"cap_text\">\n                            \n                                                      <\/div>\n                          <div class=\"cap_num\">\n                            <strong> 3 z 15<\/strong>\n                          <\/div>\n\n                        <\/div>\n                      <\/div>\n\n                    <\/div>\n                  <\/div>\n                  \n                                    <div class=\"carousel-item \">\n                    <img decoding=\"async\" src=\"https:\/\/plsk.eu\/wp-content\/uploads\/2026\/03\/od-beskidu-niskiego-po-soline-konferencja-zdj-powiat-sanocki-5.jpg\" alt=\"M\u0119\u017cczyzna trzymaj\u0105cy mikrofon omawia prezentacj\u0119, kt\u00f3ra wy\u015bwietla si\u0119 na ekranie za nim, m\u00f3wi\u0105c do os\u00f3b, ktore siedz\u0105 na sali konferencyjnej Mu\u017e s mikrof\u00f3nom v ruke diskutuje o prezent\u00e1cii zobrazenou na obrazovke za n\u00edm a oslovuje \u013eud\u00ed sediacich v konferen\u010dnej miestnosti.\" class=\"img_all\">\n                    <div class=\"row\">\n\n                      <div class=\"col-xxl-12 col-xl-12 col-lg-12 col-md-12 col-sm-12\">\n                        <div class=\"img_caption\">\n                          <div class=\"cap_text\">\n                            \n                                                      <\/div>\n                          <div class=\"cap_num\">\n                            <strong> 4 z 15<\/strong>\n                          <\/div>\n\n                        <\/div>\n                      <\/div>\n\n                    <\/div>\n                  <\/div>\n                  \n                                    <div class=\"carousel-item \">\n                    <img decoding=\"async\" src=\"https:\/\/plsk.eu\/wp-content\/uploads\/2026\/03\/od-beskidu-niskiego-po-soline-konferencja-zdj-powiat-sanocki-3.jpg\" alt=\"Pe\u0142na sala m\u0119\u017cczyzn i kobiet siedz\u0105cych na sali konferencyjnej Miestnos\u0165 pln\u00e1 mu\u017eov a \u017eien sediacich v konferen\u010dnej miestnosti\" class=\"img_all\">\n                    <div class=\"row\">\n\n                      <div class=\"col-xxl-12 col-xl-12 col-lg-12 col-md-12 col-sm-12\">\n                        <div class=\"img_caption\">\n                          <div class=\"cap_text\">\n                            \n                                                      <\/div>\n                          <div class=\"cap_num\">\n                            <strong> 5 z 15<\/strong>\n                          <\/div>\n\n                        <\/div>\n                      <\/div>\n\n                    <\/div>\n                  <\/div>\n                  \n                                    <div class=\"carousel-item \">\n                    <img decoding=\"async\" src=\"https:\/\/plsk.eu\/wp-content\/uploads\/2026\/03\/DSC03547-Edit.jpg.pdf.jpg\" alt=\"Barierka ochronna przy wyremontowanej drodze Bezpe\u010dnostn\u00e1 bari\u00e9ra pozd\u013a\u017e zrekon\u0161truovanej cesty\" class=\"img_all\">\n                    <div class=\"row\">\n\n                      <div class=\"col-xxl-12 col-xl-12 col-lg-12 col-md-12 col-sm-12\">\n                        <div class=\"img_caption\">\n                          <div class=\"cap_text\">\n                            \n                                                      <\/div>\n                          <div class=\"cap_num\">\n                            <strong> 6 z 15<\/strong>\n                          <\/div>\n\n                        <\/div>\n                      <\/div>\n\n                    <\/div>\n                  <\/div>\n                  \n                                    <div class=\"carousel-item \">\n                    <img decoding=\"async\" src=\"https:\/\/plsk.eu\/wp-content\/uploads\/2026\/03\/DSC03542-Edit.pdf.jpg\" alt=\"Skarpa drogi zabezpieczona betonowymi zaporami przeciwko osuwaniu si\u0119 drogi wraz z barierkami ochronnymi Cestn\u00fd n\u00e1syp zabezpe\u010den\u00fd bet\u00f3nov\u00fdmi bari\u00e9rami proti zosuvu cesty, vr\u00e1tane bezpe\u010dnostn\u00fdch bari\u00e9r\" class=\"img_all\">\n                    <div class=\"row\">\n\n                      <div class=\"col-xxl-12 col-xl-12 col-lg-12 col-md-12 col-sm-12\">\n                        <div class=\"img_caption\">\n                          <div class=\"cap_text\">\n                            \n                                                      <\/div>\n                          <div class=\"cap_num\">\n                            <strong> 7 z 15<\/strong>\n                          <\/div>\n\n                        <\/div>\n                      <\/div>\n\n                    <\/div>\n                  <\/div>\n                  \n                                    <div class=\"carousel-item \">\n                    <img decoding=\"async\" src=\"https:\/\/plsk.eu\/wp-content\/uploads\/2026\/03\/DSC03523-Edit.pdf.jpg\" alt=\"Barierki ochronne zabezpieczaj\u0105ce ruch znajduj\u0105ce si\u0119 przy wyremontowanej skarpie Bezpe\u010dnostn\u00e9 bari\u00e9ry zabezpe\u010duj\u00face dopravu umiestnen\u00e9 na zrekon\u0161truovanom n\u00e1bre\u017e\u00ed\" class=\"img_all\">\n                    <div class=\"row\">\n\n                      <div class=\"col-xxl-12 col-xl-12 col-lg-12 col-md-12 col-sm-12\">\n                        <div class=\"img_caption\">\n                          <div class=\"cap_text\">\n                            \n                                                      <\/div>\n                          <div class=\"cap_num\">\n                            <strong> 8 z 15<\/strong>\n                          <\/div>\n\n                        <\/div>\n                      <\/div>\n\n                    <\/div>\n                  <\/div>\n                  \n                                    <div class=\"carousel-item \">\n                    <img decoding=\"async\" src=\"https:\/\/plsk.eu\/wp-content\/uploads\/2026\/03\/DSC03520-Edit.pdf.jpg\" alt=\"Wyremontowany odcinek drogi publicznej z nowym asfaltem, barierami oddzielaj\u0105cymi od pobocza i barierkami ochronnymi przy skarpie Renovovan\u00e1 \u010das\u0165 verejnej komunik\u00e1cie s nov\u00fdm asfaltom, bari\u00e9rami odde\u013euj\u00facimi ju od krajnice a bezpe\u010dnostn\u00fdmi bari\u00e9rami pozd\u013a\u017e n\u00e1bre\u017eia.\" class=\"img_all\">\n                    <div class=\"row\">\n\n                      <div class=\"col-xxl-12 col-xl-12 col-lg-12 col-md-12 col-sm-12\">\n                        <div class=\"img_caption\">\n                          <div class=\"cap_text\">\n                            \n                                                      <\/div>\n                          <div class=\"cap_num\">\n                            <strong> 9 z 15<\/strong>\n                          <\/div>\n\n                        <\/div>\n                      <\/div>\n\n                    <\/div>\n                  <\/div>\n                  \n                                    <div class=\"carousel-item \">\n                    <img decoding=\"async\" src=\"https:\/\/plsk.eu\/wp-content\/uploads\/2026\/03\/DJI_0874-Edit.pdf.jpg\" alt=\"Wyremontowany odcinek drogi publicznej z nowym asfaltem, barierami oddzielaj\u0105cymi od pobocza i barierkami ochronnymi przy skarpie Renovovan\u00e1 \u010das\u0165 verejnej komunik\u00e1cie s nov\u00fdm asfaltom, bari\u00e9rami odde\u013euj\u00facimi ju od krajnice a bezpe\u010dnostn\u00fdmi bari\u00e9rami pozd\u013a\u017e n\u00e1bre\u017eia.\" class=\"img_all\">\n                    <div class=\"row\">\n\n                      <div class=\"col-xxl-12 col-xl-12 col-lg-12 col-md-12 col-sm-12\">\n                        <div class=\"img_caption\">\n                          <div class=\"cap_text\">\n                            \n                                                      <\/div>\n                          <div class=\"cap_num\">\n                            <strong> 10 z 15<\/strong>\n                          <\/div>\n\n                        <\/div>\n                      <\/div>\n\n                    <\/div>\n                  <\/div>\n                  \n                                    <div class=\"carousel-item \">\n                    <img decoding=\"async\" src=\"https:\/\/plsk.eu\/wp-content\/uploads\/2026\/03\/DJI_0869-Edit.pdf.jpg\" alt=\"Wyremontowany odcinek drogi publicznej z nowym asfaltem, barierami oddzielaj\u0105cymi od pobocza i barierkami ochronnymi przy skarpie Renovovan\u00e1 \u010das\u0165 verejnej komunik\u00e1cie s nov\u00fdm asfaltom, bari\u00e9rami odde\u013euj\u00facimi ju od krajnice a bezpe\u010dnostn\u00fdmi bari\u00e9rami pozd\u013a\u017e n\u00e1bre\u017eia.\" class=\"img_all\">\n                    <div class=\"row\">\n\n                      <div class=\"col-xxl-12 col-xl-12 col-lg-12 col-md-12 col-sm-12\">\n                        <div class=\"img_caption\">\n                          <div class=\"cap_text\">\n                            \n                                                      <\/div>\n                          <div class=\"cap_num\">\n                            <strong> 11 z 15<\/strong>\n                          <\/div>\n\n                        <\/div>\n                      <\/div>\n\n                    <\/div>\n                  <\/div>\n                  \n                                    <div class=\"carousel-item \">\n                    <img decoding=\"async\" src=\"https:\/\/plsk.eu\/wp-content\/uploads\/2026\/03\/DJI_0862-Edit.pdf.jpg\" alt=\"Wyremontowany odcinek drogi publicznej z nowym asfaltem, barierami oddzielaj\u0105cymi od pobocza i barierkami ochronnymi przy skarpie Renovovan\u00e1 \u010das\u0165 verejnej komunik\u00e1cie s nov\u00fdm asfaltom, bari\u00e9rami odde\u013euj\u00facimi ju od krajnice a bezpe\u010dnostn\u00fdmi bari\u00e9rami pozd\u013a\u017e n\u00e1bre\u017eia.\" class=\"img_all\">\n                    <div class=\"row\">\n\n                      <div class=\"col-xxl-12 col-xl-12 col-lg-12 col-md-12 col-sm-12\">\n                        <div class=\"img_caption\">\n                          <div class=\"cap_text\">\n                            \n                                                      <\/div>\n                          <div class=\"cap_num\">\n                            <strong> 12 z 15<\/strong>\n                          <\/div>\n\n                        <\/div>\n                      <\/div>\n\n                    <\/div>\n                  <\/div>\n                  \n                                    <div class=\"carousel-item \">\n                    <img decoding=\"async\" src=\"https:\/\/plsk.eu\/wp-content\/uploads\/2026\/03\/palota_zosuv_suc_psk-5.jpg\" alt=\"Betoniarki wylewaj\u0105 beton na now\u0105 konstrukcj\u0119 skarpy. Przy konstrukcji stoj\u0105 pracownicy w kamizelkach i kaskach, kt\u00f3rzy nadzoruj\u0105 prace Bet\u00f3nov\u00e9 mie\u0161a\u010dky nalieva bet\u00f3n na nov\u00fa kon\u0161trukciu svahu. Pracovn\u00edci v vest\u00e1ch a prilb\u00e1ch stoja ved\u013ea kon\u0161trukcie a dohliadaj\u00fa na pr\u00e1cu.\" class=\"img_all\">\n                    <div class=\"row\">\n\n                      <div class=\"col-xxl-12 col-xl-12 col-lg-12 col-md-12 col-sm-12\">\n                        <div class=\"img_caption\">\n                          <div class=\"cap_text\">\n                            \n                                                      <\/div>\n                          <div class=\"cap_num\">\n                            <strong> 13 z 15<\/strong>\n                          <\/div>\n\n                        <\/div>\n                      <\/div>\n\n                    <\/div>\n                  <\/div>\n                  \n                                    <div class=\"carousel-item \">\n                    <img decoding=\"async\" src=\"https:\/\/plsk.eu\/wp-content\/uploads\/2026\/03\/palota_zosuv_suc_psk-3.jpg\" alt=\"Betoniarki wylewaj\u0105 beton na now\u0105 konstrukcj\u0119 skarpy. Przy konstrukcji stoj\u0105 pracownicy w kamizelkach i kaskach, kt\u00f3rzy nadzoruj\u0105 prace Bet\u00f3nov\u00e9 mie\u0161a\u010dky nalieva bet\u00f3n na nov\u00fa kon\u0161trukciu svahu. Pracovn\u00edci v vest\u00e1ch a prilb\u00e1ch stoja ved\u013ea kon\u0161trukcie a dohliadaj\u00fa na pr\u00e1cu.\" class=\"img_all\">\n                    <div class=\"row\">\n\n                      <div class=\"col-xxl-12 col-xl-12 col-lg-12 col-md-12 col-sm-12\">\n                        <div class=\"img_caption\">\n                          <div class=\"cap_text\">\n                            \n                                                      <\/div>\n                          <div class=\"cap_num\">\n                            <strong> 14 z 15<\/strong>\n                          <\/div>\n\n                        <\/div>\n                      <\/div>\n\n                    <\/div>\n                  <\/div>\n                  \n                                    <div class=\"carousel-item \">\n                    <img decoding=\"async\" src=\"https:\/\/plsk.eu\/wp-content\/uploads\/2026\/03\/palota_zosuv_suc_psk-1.jpg\" alt=\"Pracownicy w kamizelkach i kaskach pracuj\u0105 przy konstrukcji skarpy z drutu, na kt\u00f3rej wylano \u015bwie\u017cy beton Pracovn\u00edci v vest\u00e1ch a prilb\u00e1ch pracuj\u00fa na v\u00fdstavbe dr\u00f4ten\u00e9ho svahu, na ktor\u00fd bol naliaty \u010derstv\u00fd bet\u00f3n.\" class=\"img_all\">\n                    <div class=\"row\">\n\n                      <div class=\"col-xxl-12 col-xl-12 col-lg-12 col-md-12 col-sm-12\">\n                        <div class=\"img_caption\">\n                          <div class=\"cap_text\">\n                            \n                                                      <\/div>\n                          <div class=\"cap_num\">\n                            <strong> 15 z 15<\/strong>\n                          <\/div>\n\n                        <\/div>\n                      <\/div>\n\n                    <\/div>\n                  <\/div>\n                                  <\/div>\n              <\/div>\n\n            <\/div>\n            <div class=\"col-xxl-2 col-xl-2 col-lg-2 col-md-2 col-sm-12 gal_arrow mb-30px\">\n              <img decoding=\"async\" src=\"https:\/\/plsk.eu\/wp-content\/themes\/fundusze\/assets\/images\/back.svg\"\n                data-bs-target=\"#carouselExample6038mob6038\" data-bs-slide=\"prev\" alt=\"\"> <img decoding=\"async\"\n                src=\"https:\/\/plsk.eu\/wp-content\/themes\/fundusze\/assets\/images\/next.svg\"\n                data-bs-target=\"#carouselExample6038mob6038\" data-bs-slide=\"next\" alt=\"\">\n            <\/div>\n\n          <\/div>\n      <\/div>\n    <\/div>\n  <\/div>\n\n  ","protected":false},"featured_media":43050,"menu_order":0,"template":"","meta":{"_acf_changed":false,"inline_featured_image":false,"_themeisle_gutenberg_block_has_review":false,"footnotes":"","_links_to":"","_links_to_target":""},"kategoria_historii":[1928],"historii_partner_wiodacy":[2120],"historii_partner_projektu":[2121],"regiony":[],"powiaty":[],"class_list":["post-38565","historii","type-historii","status-publish","has-post-thumbnail","hentry","kategoria_historii-2021-2027-sk","historii_partner_wiodacy-wojewodztwo-podkarpackie-sk","historii_partner_projektu-sprava-a-udrzba-ciest-presovskeho-samospravneho-kraja"],"acf":[],"_links":{"self":[{"href":"https:\/\/plsk.eu\/sk\/wp-json\/wp\/v2\/historii\/38565","targetHints":{"allow":["GET"]}}],"collection":[{"href":"https:\/\/plsk.eu\/sk\/wp-json\/wp\/v2\/historii"}],"about":[{"href":"https:\/\/plsk.eu\/sk\/wp-json\/wp\/v2\/types\/historii"}],"version-history":[{"count":5,"href":"https:\/\/plsk.eu\/sk\/wp-json\/wp\/v2\/historii\/38565\/revisions"}],"predecessor-version":[{"id":43064,"href":"https:\/\/plsk.eu\/sk\/wp-json\/wp\/v2\/historii\/38565\/revisions\/43064"}],"wp:featuredmedia":[{"embeddable":true,"href":"https:\/\/plsk.eu\/sk\/wp-json\/wp\/v2\/media\/43050"}],"wp:attachment":[{"href":"https:\/\/plsk.eu\/sk\/wp-json\/wp\/v2\/media?parent=38565"}],"wp:term":[{"taxonomy":"kategoria_historii","embeddable":true,"href":"https:\/\/plsk.eu\/sk\/wp-json\/wp\/v2\/kategoria_historii?post=38565"},{"taxonomy":"historii_partner_wiodacy","embeddable":true,"href":"https:\/\/plsk.eu\/sk\/wp-json\/wp\/v2\/historii_partner_wiodacy?post=38565"},{"taxonomy":"historii_partner_projektu","embeddable":true,"href":"https:\/\/plsk.eu\/sk\/wp-json\/wp\/v2\/historii_partner_projektu?post=38565"},{"taxonomy":"regiony","embeddable":true,"href":"https:\/\/plsk.eu\/sk\/wp-json\/wp\/v2\/regiony?post=38565"},{"taxonomy":"powiaty","embeddable":true,"href":"https:\/\/plsk.eu\/sk\/wp-json\/wp\/v2\/powiaty?post=38565"}],"curies":[{"name":"wp","href":"https:\/\/api.w.org\/{rel}","templated":true}]}}