{"id":38571,"date":"2024-12-20T16:29:06","date_gmt":"2024-12-20T15:29:06","guid":{"rendered":"https:\/\/plsk.eu\/projekty-i-historie\/w-ochronie-klimatu-razem-mozemy-wiecej\/"},"modified":"2025-12-23T08:48:48","modified_gmt":"2025-12-23T07:48:48","slug":"w-ochronie-klimatu-razem-mozemy-wiecej","status":"publish","type":"historii","link":"https:\/\/plsk.eu\/sk\/projekty\/w-ochronie-klimatu-razem-mozemy-wiecej\/","title":{"rendered":"V ochrane kl\u00edmy \u2013 spolu dok\u00e1\u017eeme viac"},"content":{"rendered":"\n<p>Projekt m\u00e1 za cie\u013e zv\u00fd\u0161i\u0165 cezhrani\u010dn\u00fa pripravenos\u0165 kona\u0165 pri rie\u0161en\u00ed neo\u010dak\u00e1van\u00fdch udalost\u00ed a kr\u00edzov\u00fdch situ\u00e1ci\u00ed (povodne, po\u017eiare a pod.). Pre zlep\u0161enie reakcie v kr\u00edzov\u00fdch situ\u00e1ci\u00e1ch (po\u017eiare, povodne a pod.) ovplyv\u0148uj\u00facich klimatick\u00fa zmenu alebo vypl\u00fdvaj\u00face z pretrv\u00e1vaj\u00facich d\u00f4sledkov klimatickej zmeny je potrebn\u00e9 vybavi\u0165 z\u00e1chrann\u00e9 a protipo\u017eiarne jednotky \u0161pecializovanou technikou. S cie\u013eom zv\u00fd\u0161i\u0165 povedomie o procesoch zmeny kl\u00edmy na oboch stran\u00e1ch hranice sa bud\u00fa realizova\u0165 vzdel\u00e1vacie, propaga\u010dn\u00e9 aktivity a predn\u00e1\u0161ky o klimatick\u00fdch zmen\u00e1ch a ochrane \u017eivotn\u00e9ho prostredia. \u00da\u010dastn\u00edci si bud\u00fa m\u00f4c\u0165 osvoji\u0165 poznatky o klimatick\u00fdch zmen\u00e1ch, ako t\u00fdmto zmen\u00e1m \u010deli\u0165, ako aj vymeni\u0165 si vlastn\u00e9 sk\u00fasenosti v tejto oblasti. V r\u00e1mci projektu pre jednotky dobrovo\u013en\u00fdch hasi\u010dov z Po\u013eska a Slovenska s\u00fa napl\u00e1novan\u00e9 aj spolo\u010dn\u00e9 \u0161kolenia a mnohostrann\u00e9 cvi\u010denia, na ktor\u00fdch si \u00fa\u010dastn\u00edci vymenia sk\u00fasenosti z oboch str\u00e1n hran\u00edc a zdokonalia svoje zru\u010dnosti a znalosti v oblasti boja proti katastrof\u00e1m. a reagova\u0165 na kr\u00edzov\u00e9 \u200b\u200bsitu\u00e1cie. V\u00fdmenn\u00fd kurz eura bol prevzat\u00fd z usmernen\u00ed o pou\u017e\u00edvan\u00ed jednotn\u00fdch makroekonomick\u00fdch ukazovate\u013eov, ktor\u00e9 s\u00fa z\u00e1kladom pre odhad finan\u010dn\u00fdch \u00fa\u010dinkov navrhovan\u00fdch z\u00e1konov, a je 4,65 PLN.<\/p>\n\n\n\n<hr class=\"wp-block-separator has-alpha-channel-opacity\"\/>\n\n\n\n<h2 class=\"wp-block-heading\">Realiz\u00e1cia projektu<\/h2>\n\n\n\n<div class=\"\">\n\n  <div class=\"widget-image-gallery galRB gal-4401\">\n\n    <div id=\"swiperGalFUll-4401\"\n      class=\"swiper widget-image-gallery__full swiper-initialized swiper-horizontal swiper-pointer-events swiper-backface-hidden\">\n\n      <div class=\"swiper-wrapper\" id=\"swiper-wrapper-4401\" aria-live=\"polite\"\n        style=\"transform: translate3d(0px, 0px, 0px);\">\n\n        \n\n        \n        <div class=\"swiper-slide excludeimg  swiper-slide-active \"\n            tabindex=\"0\"\n        data-sliderId =\"4401\"\n        data-bs-slide-to=\"0\"\n        data-title=\"\" role=\"group\"\n          data-bs-toggle=\"modal\" data-bs-target=\"#exampleModal4401\"\n          aria-label=\"1 \/ 5\"\n          style=\"background: linear-gradient(rgba(211, 211, 211), rgba(211, 211, 211))\">\n\n          <img decoding=\"async\" src=\"https:\/\/plsk.eu\/wp-content\/uploads\/2024\/12\/5-scaled.jpg\" class=\"gal_bg_img\" style=\"\n    width: 100% !important;\">\n\n          <img decoding=\"async\" src=\"https:\/\/plsk.eu\/wp-content\/uploads\/2024\/12\/5-scaled.jpg\" alt=\"Dwie pompy stra\u017cackie na przyczepce ko\u0142owej przypi\u0119te pasami do brzeg\u00f3w przyczepki Dve po\u017eiarne \u010derpadl\u00e1 na kolieskovom pr\u00edvesnom voz\u00edku, pripevnen\u00e9 popruhmi k bokom pr\u00edvesu.\" class=\"gal_main_img\" style=\"\">\n        <\/div>\n                \n\n        \n        <div class=\"swiper-slide excludeimg \"\n            tabindex=\"0\"\n        data-sliderId =\"4401\"\n        data-bs-slide-to=\"1\"\n        data-title=\"\" role=\"group\"\n          data-bs-toggle=\"modal\" data-bs-target=\"#exampleModal4401\"\n          aria-label=\"2 \/ 5\"\n          style=\"background: linear-gradient(rgba(211, 211, 211), rgba(211, 211, 211))\">\n\n          <img decoding=\"async\" src=\"https:\/\/plsk.eu\/wp-content\/uploads\/2024\/12\/1-scaled.jpg\" class=\"gal_bg_img\" style=\"\n    width: 100% !important;\">\n\n          <img decoding=\"async\" src=\"https:\/\/plsk.eu\/wp-content\/uploads\/2024\/12\/1-scaled.jpg\" alt=\"Woda pompowana do wozu stra\u017cackiego z basenu przez rur\u0119. W tle grupa stra\u017cak\u00f3w nadzoruje prace Voda \u010derpan\u00e1 do hasi\u010dsk\u00e9ho vozidla z baz\u00e9na prostredn\u00edctvom potrubia. V pozad\u00ed skupina hasi\u010dov dohliada na pr\u00e1cu.\" class=\"gal_main_img\" style=\"\">\n        <\/div>\n                \n\n        \n        <div class=\"swiper-slide excludeimg \"\n            tabindex=\"0\"\n        data-sliderId =\"4401\"\n        data-bs-slide-to=\"2\"\n        data-title=\"\" role=\"group\"\n          data-bs-toggle=\"modal\" data-bs-target=\"#exampleModal4401\"\n          aria-label=\"3 \/ 5\"\n          style=\"background: linear-gradient(rgba(211, 211, 211), rgba(211, 211, 211))\">\n\n          <img decoding=\"async\" src=\"https:\/\/plsk.eu\/wp-content\/uploads\/2024\/12\/4-1-scaled.jpg\" class=\"gal_bg_img\" style=\"\n    width: 100% !important;\">\n\n          <img decoding=\"async\" src=\"https:\/\/plsk.eu\/wp-content\/uploads\/2024\/12\/4-1-scaled.jpg\" alt=\"W\u00f3z stra\u017cacki stoi na placu przed du\u017cymi budynkami. Obok wozu przyczepka i basen z wod\u0105. Przy basie stra\u017cacy nadzoruj\u0105 pompowanie wody z basenu do wozu Pred ve\u013ek\u00fdmi budovami je zaparkovan\u00e9 hasi\u010dsk\u00e9 auto. Ved\u013ea neho stoj\u00ed pr\u00edves a cisternov\u00e1 n\u00e1dr\u017e. Hasi\u010di dohliadaj\u00fa na \u010derpanie vody z cisternovej n\u00e1dr\u017ee do hasi\u010dsk\u00e9ho auta.\" class=\"gal_main_img\" style=\"\">\n        <\/div>\n                \n\n        \n        <div class=\"swiper-slide excludeimg \"\n            tabindex=\"0\"\n        data-sliderId =\"4401\"\n        data-bs-slide-to=\"3\"\n        data-title=\"\" role=\"group\"\n          data-bs-toggle=\"modal\" data-bs-target=\"#exampleModal4401\"\n          aria-label=\"4 \/ 5\"\n          style=\"background: linear-gradient(rgba(211, 211, 211), rgba(211, 211, 211))\">\n\n          <img decoding=\"async\" src=\"https:\/\/plsk.eu\/wp-content\/uploads\/2024\/12\/2-scaled.jpg\" class=\"gal_bg_img\" style=\"\n    width: 100% !important;\">\n\n          <img decoding=\"async\" src=\"https:\/\/plsk.eu\/wp-content\/uploads\/2024\/12\/2-scaled.jpg\" alt=\"Du\u017cy samoch\u00f3d stra\u017cacki. Za nim pompa podpi\u0119ta do basenu i rury, kt\u00f3re id\u0105 od basenu do samochodu. Przy basenie i pompie stoj\u0105 stra\u017cacy Ve\u013ek\u00e9 hasi\u010dsk\u00e9 auto. Za n\u00edm je \u010derpadlo pripojen\u00e9 k vodnej n\u00e1dr\u017ei a potrubia ved\u00face z n\u00e1dr\u017ee k motoru. Hasi\u010di stoja pri n\u00e1dr\u017ei a \u010derpadle.\" class=\"gal_main_img\" style=\"\">\n        <\/div>\n                \n\n        \n        <div class=\"swiper-slide excludeimg \"\n            tabindex=\"0\"\n        data-sliderId =\"4401\"\n        data-bs-slide-to=\"4\"\n        data-title=\"\" role=\"group\"\n          data-bs-toggle=\"modal\" data-bs-target=\"#exampleModal4401\"\n          aria-label=\"5 \/ 5\"\n          style=\"background: linear-gradient(rgba(211, 211, 211), rgba(211, 211, 211))\">\n\n          <img decoding=\"async\" src=\"https:\/\/plsk.eu\/wp-content\/uploads\/2024\/12\/6-scaled.jpg\" class=\"gal_bg_img\" style=\"\n    width: 100% !important;\">\n\n          <img decoding=\"async\" src=\"https:\/\/plsk.eu\/wp-content\/uploads\/2024\/12\/6-scaled.jpg\" alt=\"Przyczepka czteroko\u0142owa do samochodu z napisem OSP Ko\u0144czyce Ma\u0142e i tabliczk\u0105 z logotypem programu i nazw\u0105 projektu \u0160tvorkolesov\u00fd pr\u00edves pre auto s n\u00e1pisom OSP Ko\u0144czyce Ma\u0142e a tabu\u013ekou s logom programu a n\u00e1zvom projektu.\" class=\"gal_main_img\" style=\"\">\n        <\/div>\n                \n\n\n      <\/div>\n\n\n      <span class=\"swiper-notification\" aria-live=\"assertive\" aria-atomic=\"true\"><\/span>\n\n    <\/div>\n\n    <div id=\"swiperGalThumb-4401\" data-galid=\"4401\"\n      class=\"swiper widget-image-gallery__thumbs swiper-initialized swiper-horizontal swiper-pointer-events swiper-free-mode swiper-backface-hidden swiper-thumbs\">\n      <div class=\"swiper-wrapper\" id=\"swiper-wrapper-4401\" aria-live=\"polite\"\n        style=\"transform: translate3d(0px, 0px, 0px);\">\n\n        \n        \n        <div class=\"swiper-slide swiper-slide-prev\" style=\"width: 139px; margin-right: 30px;\" role=\"group\">\n          <img decoding=\"async\" src=\"https:\/\/plsk.eu\/wp-content\/uploads\/2024\/12\/5-scaled.jpg\" alt=\"Dwie pompy stra\u017cackie na przyczepce ko\u0142owej przypi\u0119te pasami do brzeg\u00f3w przyczepki Dve po\u017eiarne \u010derpadl\u00e1 na kolieskovom pr\u00edvesnom voz\u00edku, pripevnen\u00e9 popruhmi k bokom pr\u00edvesu.\">\n        <\/div>\n        \n        \n        <div class=\"swiper-slide swiper-slide-prev\" style=\"width: 139px; margin-right: 30px;\" role=\"group\">\n          <img decoding=\"async\" src=\"https:\/\/plsk.eu\/wp-content\/uploads\/2024\/12\/1-scaled.jpg\" alt=\"Woda pompowana do wozu stra\u017cackiego z basenu przez rur\u0119. W tle grupa stra\u017cak\u00f3w nadzoruje prace Voda \u010derpan\u00e1 do hasi\u010dsk\u00e9ho vozidla z baz\u00e9na prostredn\u00edctvom potrubia. V pozad\u00ed skupina hasi\u010dov dohliada na pr\u00e1cu.\">\n        <\/div>\n        \n        \n        <div class=\"swiper-slide swiper-slide-prev\" style=\"width: 139px; margin-right: 30px;\" role=\"group\">\n          <img decoding=\"async\" src=\"https:\/\/plsk.eu\/wp-content\/uploads\/2024\/12\/4-1-scaled.jpg\" alt=\"W\u00f3z stra\u017cacki stoi na placu przed du\u017cymi budynkami. Obok wozu przyczepka i basen z wod\u0105. Przy basie stra\u017cacy nadzoruj\u0105 pompowanie wody z basenu do wozu Pred ve\u013ek\u00fdmi budovami je zaparkovan\u00e9 hasi\u010dsk\u00e9 auto. Ved\u013ea neho stoj\u00ed pr\u00edves a cisternov\u00e1 n\u00e1dr\u017e. Hasi\u010di dohliadaj\u00fa na \u010derpanie vody z cisternovej n\u00e1dr\u017ee do hasi\u010dsk\u00e9ho auta.\">\n        <\/div>\n        \n        \n        <div class=\"swiper-slide swiper-slide-prev\" style=\"width: 139px; margin-right: 30px;\" role=\"group\">\n          <img decoding=\"async\" src=\"https:\/\/plsk.eu\/wp-content\/uploads\/2024\/12\/2-scaled.jpg\" alt=\"Du\u017cy samoch\u00f3d stra\u017cacki. Za nim pompa podpi\u0119ta do basenu i rury, kt\u00f3re id\u0105 od basenu do samochodu. Przy basenie i pompie stoj\u0105 stra\u017cacy Ve\u013ek\u00e9 hasi\u010dsk\u00e9 auto. Za n\u00edm je \u010derpadlo pripojen\u00e9 k vodnej n\u00e1dr\u017ei a potrubia ved\u00face z n\u00e1dr\u017ee k motoru. Hasi\u010di stoja pri n\u00e1dr\u017ei a \u010derpadle.\">\n        <\/div>\n        \n        \n        <div class=\"swiper-slide swiper-slide-prev\" style=\"width: 139px; margin-right: 30px;\" role=\"group\">\n          <img decoding=\"async\" src=\"https:\/\/plsk.eu\/wp-content\/uploads\/2024\/12\/6-scaled.jpg\" alt=\"Przyczepka czteroko\u0142owa do samochodu z napisem OSP Ko\u0144czyce Ma\u0142e i tabliczk\u0105 z logotypem programu i nazw\u0105 projektu \u0160tvorkolesov\u00fd pr\u00edves pre auto s n\u00e1pisom OSP Ko\u0144czyce Ma\u0142e a tabu\u013ekou s logom programu a n\u00e1zvom projektu.\">\n        <\/div>\n        \n\n      <\/div>\n      <span class=\"swiper-notification\" aria-live=\"assertive\" aria-atomic=\"true\"><\/span>\n    <\/div>\n          <!--\n    <div class=\"widget-image-gallery__caption\">\n      <p>Opis zdj\u0119cia5, fot. Jan Kowalski<\/p>\n    <\/div>-->\n\n\n    <div class=\"image-swiper-button-prev swiper-button-prev\" role=\"button\" aria-label=\"Predch\u00e1dzaj\u00faci obr\u00e1zok\"\n      aria-controls=\"swiper-wrapper-4401\" aria-disabled=\"false\">\n    <\/div>\n\n    <div class=\"image-swiper-button-next swiper-button-next swiper-button-disabled\" role=\"button\"\n      aria-label=\"\u010eal\u0161\u00ed obr\u00e1zok\" aria-controls=\"swiper-wrapper-1692\" aria-disabled=\"true\">\n    <\/div>\n\n\n\n\n  <\/div>\n\n  \n  <div class=\"modal fade gal_modal\" id=\"exampleModal4401\" tabindex=\"-1\" aria-hidden=\"true\">\n    <div class=\"modal-dialog\">\n      <div class=\"modal-content\">\n        <div class=\"modal-header\">\n          <button type=\"button\" class=\"btn-close\" data-bs-dismiss=\"modal\" aria-label=\"Zamkn\u0105\u0107\">\n          <img decoding=\"async\"\n              src=\"https:\/\/plsk.eu\/wp-content\/themes\/fundusze\/assets\/images\/close.svg\"\n              alt=Zamkn\u0105\u0107>\n          <span class=\"visually-hidden\">Zamkn\u0105\u0107<\/span>\n        <\/button>\n        <\/div>\n\n          <div class=\"row no_mobile\">\n\n            <div class=\"col-xxl-2 col-xl-2 col-lg-2 col-md-2 col-sm-2 gal_left\">\n              <button type=\"button\" data-bs-target=\"#carouselExample4401\" data-bs-slide=\"prev\"\n                aria-label=\"Predch\u00e1dzaj\u00faci obr\u00e1zok\">\n                <img decoding=\"async\" src=\"https:\/\/plsk.eu\/wp-content\/themes\/fundusze\/assets\/images\/back.svg\" alt=\"\"> <\/button>\n            <\/div>\n\n            <div class=\"col-xxl-8 col-xl-8 col-lg-8 col-md-8 col-sm-8\">\n\n              <div id=\"carouselExample4401\" class=\"carousel slide\" data-bs-interval=\"50000\"\n                data-bs-ride=\"carousel\">\n\n                <div class=\"carousel-inner\">\n\n                  \n                                    <div class=\"carousel-item  active \">\n                    <img decoding=\"async\" src=\"https:\/\/plsk.eu\/wp-content\/uploads\/2024\/12\/5-scaled.jpg\" alt=\"Dwie pompy stra\u017cackie na przyczepce ko\u0142owej przypi\u0119te pasami do brzeg\u00f3w przyczepki Dve po\u017eiarne \u010derpadl\u00e1 na kolieskovom pr\u00edvesnom voz\u00edku, pripevnen\u00e9 popruhmi k bokom pr\u00edvesu.\" class=\"img_all\">\n                    <div class=\"row\">\n\n                      <div class=\"col-xxl-12 col-xl-12 col-lg-12 col-md-12 col-sm-12\">\n                        <div class=\"img_caption\">\n                          <div class=\"cap_text\">\n                                                                                  <\/div>\n                          <div class=\"cap_num\">\n                            <strong> 1 z 5<\/strong>\n                          <\/div>\n\n                        <\/div>\n                      <\/div>\n\n                    <\/div>\n                  <\/div>\n                                    \n                                    <div class=\"carousel-item \">\n                    <img decoding=\"async\" src=\"https:\/\/plsk.eu\/wp-content\/uploads\/2024\/12\/1-scaled.jpg\" alt=\"Woda pompowana do wozu stra\u017cackiego z basenu przez rur\u0119. W tle grupa stra\u017cak\u00f3w nadzoruje prace Voda \u010derpan\u00e1 do hasi\u010dsk\u00e9ho vozidla z baz\u00e9na prostredn\u00edctvom potrubia. V pozad\u00ed skupina hasi\u010dov dohliada na pr\u00e1cu.\" class=\"img_all\">\n                    <div class=\"row\">\n\n                      <div class=\"col-xxl-12 col-xl-12 col-lg-12 col-md-12 col-sm-12\">\n                        <div class=\"img_caption\">\n                          <div class=\"cap_text\">\n                                                                                  <\/div>\n                          <div class=\"cap_num\">\n                            <strong> 2 z 5<\/strong>\n                          <\/div>\n\n                        <\/div>\n                      <\/div>\n\n                    <\/div>\n                  <\/div>\n                                    \n                                    <div class=\"carousel-item \">\n                    <img decoding=\"async\" src=\"https:\/\/plsk.eu\/wp-content\/uploads\/2024\/12\/4-1-scaled.jpg\" alt=\"W\u00f3z stra\u017cacki stoi na placu przed du\u017cymi budynkami. Obok wozu przyczepka i basen z wod\u0105. Przy basie stra\u017cacy nadzoruj\u0105 pompowanie wody z basenu do wozu Pred ve\u013ek\u00fdmi budovami je zaparkovan\u00e9 hasi\u010dsk\u00e9 auto. Ved\u013ea neho stoj\u00ed pr\u00edves a cisternov\u00e1 n\u00e1dr\u017e. Hasi\u010di dohliadaj\u00fa na \u010derpanie vody z cisternovej n\u00e1dr\u017ee do hasi\u010dsk\u00e9ho auta.\" class=\"img_all\">\n                    <div class=\"row\">\n\n                      <div class=\"col-xxl-12 col-xl-12 col-lg-12 col-md-12 col-sm-12\">\n                        <div class=\"img_caption\">\n                          <div class=\"cap_text\">\n                                                                                  <\/div>\n                          <div class=\"cap_num\">\n                            <strong> 3 z 5<\/strong>\n                          <\/div>\n\n                        <\/div>\n                      <\/div>\n\n                    <\/div>\n                  <\/div>\n                                    \n                                    <div class=\"carousel-item \">\n                    <img decoding=\"async\" src=\"https:\/\/plsk.eu\/wp-content\/uploads\/2024\/12\/2-scaled.jpg\" alt=\"Du\u017cy samoch\u00f3d stra\u017cacki. Za nim pompa podpi\u0119ta do basenu i rury, kt\u00f3re id\u0105 od basenu do samochodu. Przy basenie i pompie stoj\u0105 stra\u017cacy Ve\u013ek\u00e9 hasi\u010dsk\u00e9 auto. Za n\u00edm je \u010derpadlo pripojen\u00e9 k vodnej n\u00e1dr\u017ei a potrubia ved\u00face z n\u00e1dr\u017ee k motoru. Hasi\u010di stoja pri n\u00e1dr\u017ei a \u010derpadle.\" class=\"img_all\">\n                    <div class=\"row\">\n\n                      <div class=\"col-xxl-12 col-xl-12 col-lg-12 col-md-12 col-sm-12\">\n                        <div class=\"img_caption\">\n                          <div class=\"cap_text\">\n                                                                                  <\/div>\n                          <div class=\"cap_num\">\n                            <strong> 4 z 5<\/strong>\n                          <\/div>\n\n                        <\/div>\n                      <\/div>\n\n                    <\/div>\n                  <\/div>\n                                    \n                                    <div class=\"carousel-item \">\n                    <img decoding=\"async\" src=\"https:\/\/plsk.eu\/wp-content\/uploads\/2024\/12\/6-scaled.jpg\" alt=\"Przyczepka czteroko\u0142owa do samochodu z napisem OSP Ko\u0144czyce Ma\u0142e i tabliczk\u0105 z logotypem programu i nazw\u0105 projektu \u0160tvorkolesov\u00fd pr\u00edves pre auto s n\u00e1pisom OSP Ko\u0144czyce Ma\u0142e a tabu\u013ekou s logom programu a n\u00e1zvom projektu.\" class=\"img_all\">\n                    <div class=\"row\">\n\n                      <div class=\"col-xxl-12 col-xl-12 col-lg-12 col-md-12 col-sm-12\">\n                        <div class=\"img_caption\">\n                          <div class=\"cap_text\">\n                                                                                  <\/div>\n                          <div class=\"cap_num\">\n                            <strong> 5 z 5<\/strong>\n                          <\/div>\n\n                        <\/div>\n                      <\/div>\n\n                    <\/div>\n                  <\/div>\n                                    \n                <\/div>\n\n              <\/div>\n\n            <\/div>\n            <div class=\"col-xxl-2 col-xl-2 col-lg-2 col-md-2 col-sm-2 gal_right\">\n              <button type=\"button\" data-bs-target=\"#carouselExample4401\" data-bs-slide=\"next\"\n                aria-label=\"\u010eal\u0161\u00ed obr\u00e1zok\"> <img decoding=\"async\"\n                  src=\"https:\/\/plsk.eu\/wp-content\/themes\/fundusze\/assets\/images\/next.svg\" alt=\"\"><\/button>\n            <\/div>\n\n          <\/div>\n\n\n          <div class=\"row no_desk\">\n\n            <div class=\"col-xxl-8 col-xl-8 col-lg-8 col-md-8 col-sm-8\">\n\n              <div id=\"carouselExample4401mob4401\" class=\"carousel slide\" data-bs-interval=\"50000\"\n                data-bs-ride=\"carousel\">\n\n                <div class=\"carousel-inner\">\n\n                  \n                                    <div class=\"carousel-item  active \">\n                    <img decoding=\"async\" src=\"https:\/\/plsk.eu\/wp-content\/uploads\/2024\/12\/5-scaled.jpg\" alt=\"Dwie pompy stra\u017cackie na przyczepce ko\u0142owej przypi\u0119te pasami do brzeg\u00f3w przyczepki Dve po\u017eiarne \u010derpadl\u00e1 na kolieskovom pr\u00edvesnom voz\u00edku, pripevnen\u00e9 popruhmi k bokom pr\u00edvesu.\" class=\"img_all\">\n                    <div class=\"row\">\n\n                      <div class=\"col-xxl-12 col-xl-12 col-lg-12 col-md-12 col-sm-12\">\n                        <div class=\"img_caption\">\n                          <div class=\"cap_text\">\n                            \n                                                      <\/div>\n                          <div class=\"cap_num\">\n                            <strong> 1 z 5<\/strong>\n                          <\/div>\n\n                        <\/div>\n                      <\/div>\n\n                    <\/div>\n                  <\/div>\n                  \n                                    <div class=\"carousel-item \">\n                    <img decoding=\"async\" src=\"https:\/\/plsk.eu\/wp-content\/uploads\/2024\/12\/1-scaled.jpg\" alt=\"Woda pompowana do wozu stra\u017cackiego z basenu przez rur\u0119. W tle grupa stra\u017cak\u00f3w nadzoruje prace Voda \u010derpan\u00e1 do hasi\u010dsk\u00e9ho vozidla z baz\u00e9na prostredn\u00edctvom potrubia. V pozad\u00ed skupina hasi\u010dov dohliada na pr\u00e1cu.\" class=\"img_all\">\n                    <div class=\"row\">\n\n                      <div class=\"col-xxl-12 col-xl-12 col-lg-12 col-md-12 col-sm-12\">\n                        <div class=\"img_caption\">\n                          <div class=\"cap_text\">\n                            \n                                                      <\/div>\n                          <div class=\"cap_num\">\n                            <strong> 2 z 5<\/strong>\n                          <\/div>\n\n                        <\/div>\n                      <\/div>\n\n                    <\/div>\n                  <\/div>\n                  \n                                    <div class=\"carousel-item \">\n                    <img decoding=\"async\" src=\"https:\/\/plsk.eu\/wp-content\/uploads\/2024\/12\/4-1-scaled.jpg\" alt=\"W\u00f3z stra\u017cacki stoi na placu przed du\u017cymi budynkami. Obok wozu przyczepka i basen z wod\u0105. Przy basie stra\u017cacy nadzoruj\u0105 pompowanie wody z basenu do wozu Pred ve\u013ek\u00fdmi budovami je zaparkovan\u00e9 hasi\u010dsk\u00e9 auto. Ved\u013ea neho stoj\u00ed pr\u00edves a cisternov\u00e1 n\u00e1dr\u017e. Hasi\u010di dohliadaj\u00fa na \u010derpanie vody z cisternovej n\u00e1dr\u017ee do hasi\u010dsk\u00e9ho auta.\" class=\"img_all\">\n                    <div class=\"row\">\n\n                      <div class=\"col-xxl-12 col-xl-12 col-lg-12 col-md-12 col-sm-12\">\n                        <div class=\"img_caption\">\n                          <div class=\"cap_text\">\n                            \n                                                      <\/div>\n                          <div class=\"cap_num\">\n                            <strong> 3 z 5<\/strong>\n                          <\/div>\n\n                        <\/div>\n                      <\/div>\n\n                    <\/div>\n                  <\/div>\n                  \n                                    <div class=\"carousel-item \">\n                    <img decoding=\"async\" src=\"https:\/\/plsk.eu\/wp-content\/uploads\/2024\/12\/2-scaled.jpg\" alt=\"Du\u017cy samoch\u00f3d stra\u017cacki. Za nim pompa podpi\u0119ta do basenu i rury, kt\u00f3re id\u0105 od basenu do samochodu. Przy basenie i pompie stoj\u0105 stra\u017cacy Ve\u013ek\u00e9 hasi\u010dsk\u00e9 auto. Za n\u00edm je \u010derpadlo pripojen\u00e9 k vodnej n\u00e1dr\u017ei a potrubia ved\u00face z n\u00e1dr\u017ee k motoru. Hasi\u010di stoja pri n\u00e1dr\u017ei a \u010derpadle.\" class=\"img_all\">\n                    <div class=\"row\">\n\n                      <div class=\"col-xxl-12 col-xl-12 col-lg-12 col-md-12 col-sm-12\">\n                        <div class=\"img_caption\">\n                          <div class=\"cap_text\">\n                            \n                                                      <\/div>\n                          <div class=\"cap_num\">\n                            <strong> 4 z 5<\/strong>\n                          <\/div>\n\n                        <\/div>\n                      <\/div>\n\n                    <\/div>\n                  <\/div>\n                  \n                                    <div class=\"carousel-item \">\n                    <img decoding=\"async\" src=\"https:\/\/plsk.eu\/wp-content\/uploads\/2024\/12\/6-scaled.jpg\" alt=\"Przyczepka czteroko\u0142owa do samochodu z napisem OSP Ko\u0144czyce Ma\u0142e i tabliczk\u0105 z logotypem programu i nazw\u0105 projektu \u0160tvorkolesov\u00fd pr\u00edves pre auto s n\u00e1pisom OSP Ko\u0144czyce Ma\u0142e a tabu\u013ekou s logom programu a n\u00e1zvom projektu.\" class=\"img_all\">\n                    <div class=\"row\">\n\n                      <div class=\"col-xxl-12 col-xl-12 col-lg-12 col-md-12 col-sm-12\">\n                        <div class=\"img_caption\">\n                          <div class=\"cap_text\">\n                            \n                                                      <\/div>\n                          <div class=\"cap_num\">\n                            <strong> 5 z 5<\/strong>\n                          <\/div>\n\n                        <\/div>\n                      <\/div>\n\n                    <\/div>\n                  <\/div>\n                                  <\/div>\n              <\/div>\n\n            <\/div>\n            <div class=\"col-xxl-2 col-xl-2 col-lg-2 col-md-2 col-sm-12 gal_arrow mb-30px\">\n              <img decoding=\"async\" src=\"https:\/\/plsk.eu\/wp-content\/themes\/fundusze\/assets\/images\/back.svg\"\n                data-bs-target=\"#carouselExample4401mob4401\" data-bs-slide=\"prev\" alt=\"\"> <img decoding=\"async\"\n                src=\"https:\/\/plsk.eu\/wp-content\/themes\/fundusze\/assets\/images\/next.svg\"\n                data-bs-target=\"#carouselExample4401mob4401\" data-bs-slide=\"next\" alt=\"\">\n            <\/div>\n\n          <\/div>\n      <\/div>\n    <\/div>\n  <\/div>\n\n  ","protected":false},"featured_media":39371,"menu_order":0,"template":"","meta":{"_acf_changed":false,"inline_featured_image":false,"_themeisle_gutenberg_block_has_review":false,"footnotes":"","_links_to":"","_links_to_target":""},"kategoria_historii":[1928],"historii_partner_wiodacy":[2124],"historii_partner_projektu":[2125],"regiony":[],"powiaty":[],"class_list":["post-38571","historii","type-historii","status-publish","has-post-thumbnail","hentry","kategoria_historii-2021-2027-sk","historii_partner_wiodacy-gmina-zebrzydowice-sk","historii_partner_projektu-kysucky-lieskovec-sk"],"acf":[],"_links":{"self":[{"href":"https:\/\/plsk.eu\/sk\/wp-json\/wp\/v2\/historii\/38571","targetHints":{"allow":["GET"]}}],"collection":[{"href":"https:\/\/plsk.eu\/sk\/wp-json\/wp\/v2\/historii"}],"about":[{"href":"https:\/\/plsk.eu\/sk\/wp-json\/wp\/v2\/types\/historii"}],"version-history":[{"count":3,"href":"https:\/\/plsk.eu\/sk\/wp-json\/wp\/v2\/historii\/38571\/revisions"}],"predecessor-version":[{"id":42365,"href":"https:\/\/plsk.eu\/sk\/wp-json\/wp\/v2\/historii\/38571\/revisions\/42365"}],"wp:featuredmedia":[{"embeddable":true,"href":"https:\/\/plsk.eu\/sk\/wp-json\/wp\/v2\/media\/39371"}],"wp:attachment":[{"href":"https:\/\/plsk.eu\/sk\/wp-json\/wp\/v2\/media?parent=38571"}],"wp:term":[{"taxonomy":"kategoria_historii","embeddable":true,"href":"https:\/\/plsk.eu\/sk\/wp-json\/wp\/v2\/kategoria_historii?post=38571"},{"taxonomy":"historii_partner_wiodacy","embeddable":true,"href":"https:\/\/plsk.eu\/sk\/wp-json\/wp\/v2\/historii_partner_wiodacy?post=38571"},{"taxonomy":"historii_partner_projektu","embeddable":true,"href":"https:\/\/plsk.eu\/sk\/wp-json\/wp\/v2\/historii_partner_projektu?post=38571"},{"taxonomy":"regiony","embeddable":true,"href":"https:\/\/plsk.eu\/sk\/wp-json\/wp\/v2\/regiony?post=38571"},{"taxonomy":"powiaty","embeddable":true,"href":"https:\/\/plsk.eu\/sk\/wp-json\/wp\/v2\/powiaty?post=38571"}],"curies":[{"name":"wp","href":"https:\/\/api.w.org\/{rel}","templated":true}]}}