{"id":38956,"date":"2025-01-07T16:32:08","date_gmt":"2025-01-07T15:32:08","guid":{"rendered":"https:\/\/plsk.eu\/projekty-i-historie\/testowanie-i-wdrazanie-nowoczesnych-metod-zapobiegania-i-przeciwdzialania-skutkom-klesk-zywiolowych-w-dobie-zmian-klimatycznych\/"},"modified":"2026-03-03T12:29:21","modified_gmt":"2026-03-03T11:29:21","slug":"testovanie-a-zavadzanie-modernych-metod-prevencie-a-boja-proti-nasledkom-prirodnych-katastrof-v-case-klimatickych-zmien","status":"publish","type":"historii","link":"https:\/\/plsk.eu\/sk\/projekty\/testovanie-a-zavadzanie-modernych-metod-prevencie-a-boja-proti-nasledkom-prirodnych-katastrof-v-case-klimatickych-zmien\/","title":{"rendered":"Testovanie a zav\u00e1dzanie modern\u00fdch met\u00f3d prevencie a boja proti n\u00e1sledkom pr\u00edrodn\u00fdch katastrof v \u010dase klimatick\u00fdch zmien"},"content":{"rendered":"\n<p>Projekt je v s\u00falade s usmerneniami o typoch projektov, ktor\u00e9 je mo\u017en\u00e9 financova\u0165 v r\u00e1mci opatrenia: Pr\u00edrode priazniv\u00e9 a bezpe\u010dn\u00e9 pohrani\u010die (priorita 1). Aktivity v projekte sa zhoduj\u00fa s bodom 3 vstupu o prijate\u013en\u00fdch tematick\u00fdch okruhoch predkladan\u00fdch projektov: Anal\u00fdzy, v\u00fdskum, strat\u00e9gie, ak\u010dn\u00e9 pl\u00e1ny a pilotn\u00e9 projekty, ktor\u00e9 sa t\u00fdkaj\u00fa boja proti negat\u00edvnym vplyvom klimatick\u00fdch zmien v cezhrani\u010dnom rozmere, najm\u00e4 v podobe pr\u00edrodn\u00fdch katastrof. Hlavn\u00fdm cie\u013eom projektu je \u0161\u00edrenie, testovanie a implement\u00e1cia modern\u00fdch met\u00f3d prevencie a boja proti \u00fa\u010dinkom pr\u00edrodn\u00fdch katastrof v \u00e9re klimatick\u00fdch zmien v oblasti podpory. Realiz\u00e1ciou projektu sa maj\u00fa zn\u00ed\u017ei\u0165 materi\u00e1lne straty a po\u010det \u013eud\u00ed postihnut\u00fdch pr\u00edrodn\u00fdmi katastrofami. V podporovanom \u00fazem\u00ed sa uskuto\u010dn\u00ed 62 testov (31 na Slovensku a 31 v Po\u013esku) aplik\u00e1cie modern\u00fdch met\u00f3d predch\u00e1dzania \u00fa\u010dinkom zosuvov, povodn\u00ed a katastrof\u00e1lneho zne\u010distenia vzduchu a vodou . Modern\u00e9 met\u00f3dy s\u00fa zalo\u017een\u00e9 na vyn\u00e1lezoch a know-how, ktor\u00e9 vyvinuli partneri projektu. V\u00fdsledky testov spolu s n\u00e1vodom na pou\u017e\u00edvanie modern\u00fdch met\u00f3d bud\u00fa doru\u010den\u00e9 cie\u013eov\u00fdm skupin\u00e1m: samospr\u00e1vam a obyvate\u013eom ohrozen\u00fdch oblast\u00ed. Projekt bude kl\u00e1s\u0165 ve\u013ek\u00fd d\u00f4raz na \u0161\u00edrenie vedomost\u00ed a podporu modern\u00fdch rie\u0161en\u00ed v oblasti zni\u017eovania n\u00e1sledkov pr\u00edrodn\u00fdch katastrof. V r\u00e1mci projektu bola okrem environment\u00e1lnych sk\u00fa\u0161ok a n\u00e1vodov na pou\u017eitie modern\u00fdch met\u00f3d vypracovan\u00e1 mapa obzvl\u00e1\u0161\u0165 nebezpe\u010dn\u00fdch podporn\u00fdch z\u00f3n (n\u00e1chyln\u00fdch na zosuvy p\u00f4dy, z\u00e1plavy a zne\u010distenie), kde je mo\u017en\u00e9 pou\u017ei\u0165 modern\u00e9 met\u00f3dy. K dispoz\u00edcii bud\u00fa aj prezent\u00e1cie demon\u0161truj\u00face, ako by sa mali vykon\u00e1va\u0165 anal\u00fdzy rizika pr\u00edrodn\u00fdch katastrof. V\u0161etky aktivity bud\u00fa vykon\u00e1va\u0165 spolo\u010dne po\u013esk\u00e1 a slovensk\u00e1 strana. Pr\u00ednosy projektu bud\u00fa rovnomerne rozdelen\u00e9 medzi po\u013esk\u00fa a slovensk\u00fa stranu. V\u0161etky materi\u00e1ly vyvinut\u00e9 v r\u00e1mci projektu bud\u00fa dvojjazy\u010dn\u00e9, aby mohli by\u0165 pou\u017eit\u00e9 v oboch partnersk\u00fdch krajin\u00e1ch. <\/p>\n\n\n\n<h2 class=\"wp-block-heading\">Realiz\u00e1cia projektu<\/h2>\n\n\n\n<div class=\"\">\n\n  <div class=\"widget-image-gallery galRB gal-6256\">\n\n    <div id=\"swiperGalFUll-6256\"\n      class=\"swiper widget-image-gallery__full swiper-initialized swiper-horizontal swiper-pointer-events swiper-backface-hidden\">\n\n      <div class=\"swiper-wrapper\" id=\"swiper-wrapper-6256\" aria-live=\"polite\"\n        style=\"transform: translate3d(0px, 0px, 0px);\">\n\n        \n\n        \n        <div class=\"swiper-slide excludeimg  swiper-slide-active \"\n            tabindex=\"0\"\n        data-sliderId =\"6256\"\n        data-bs-slide-to=\"0\"\n        data-title=\"\" role=\"group\"\n          data-bs-toggle=\"modal\" data-bs-target=\"#exampleModal6256\"\n          aria-label=\"1 \/ 7\"\n          style=\"background: linear-gradient(rgba(211, 211, 211), rgba(211, 211, 211))\">\n\n          <img decoding=\"async\" src=\"https:\/\/plsk.eu\/wp-content\/uploads\/2026\/03\/zniszczona-elektrowania-wodna.jpg\" class=\"gal_bg_img\" style=\"\n    width: 100% !important;\">\n\n          <img decoding=\"async\" src=\"https:\/\/plsk.eu\/wp-content\/uploads\/2026\/03\/zniszczona-elektrowania-wodna.jpg\" alt=\"Zniszczona elektrownia wodna z lotu ptaka. Obok elektrowni przep\u0142ywa du\u017cy strumie\u0144 wody. W tle wida\u0107 drog\u0119 Zni\u010den\u00e1 vodn\u00e1 elektr\u00e1re\u0148 z vt\u00e1\u010dej perspekt\u00edvy. Ved\u013ea elektr\u00e1rne te\u010die ve\u013ek\u00fd potok. V pozad\u00ed je vidie\u0165 cest\" class=\"gal_main_img\" style=\"\">\n        <\/div>\n                \n\n        \n        <div class=\"swiper-slide excludeimg \"\n            tabindex=\"0\"\n        data-sliderId =\"6256\"\n        data-bs-slide-to=\"1\"\n        data-title=\"\" role=\"group\"\n          data-bs-toggle=\"modal\" data-bs-target=\"#exampleModal6256\"\n          aria-label=\"2 \/ 7\"\n          style=\"background: linear-gradient(rgba(211, 211, 211), rgba(211, 211, 211))\">\n\n          <img decoding=\"async\" src=\"https:\/\/plsk.eu\/wp-content\/uploads\/2026\/03\/uczniowie-nad-rzeka-z-lata-.jpg\" class=\"gal_bg_img\" style=\"\n    width: 100% !important;\">\n\n          <img decoding=\"async\" src=\"https:\/\/plsk.eu\/wp-content\/uploads\/2026\/03\/uczniowie-nad-rzeka-z-lata-.jpg\" alt=\"Grupa uczni\u00f3w: kobiet i m\u0119\u017cczyzn stoi w krzakach przy urz\u0105dzeniu do mierzenia poziomu wody w rzece Skupina \u0161tudentov, diev\u010dat\u00e1 aj chlapci, stoj\u00ed v kr\u00edkoch ved\u013ea zariadenia na meranie hladiny vody v rieke.\" class=\"gal_main_img\" style=\"\">\n        <\/div>\n                \n\n        \n        <div class=\"swiper-slide excludeimg \"\n            tabindex=\"0\"\n        data-sliderId =\"6256\"\n        data-bs-slide-to=\"2\"\n        data-title=\"\" role=\"group\"\n          data-bs-toggle=\"modal\" data-bs-target=\"#exampleModal6256\"\n          aria-label=\"3 \/ 7\"\n          style=\"background: linear-gradient(rgba(211, 211, 211), rgba(211, 211, 211))\">\n\n          <img decoding=\"async\" src=\"https:\/\/plsk.eu\/wp-content\/uploads\/2026\/03\/uczen-ze-swidre.jpg\" class=\"gal_bg_img\" style=\"\n    width: 100% !important;\">\n\n          <img decoding=\"async\" src=\"https:\/\/plsk.eu\/wp-content\/uploads\/2026\/03\/uczen-ze-swidre.jpg\" alt=\"M\u0119\u017cczyzna w m\u0142odym wieku stoi przy drzewie. W r\u0119ce trzyma \u015bwider, kt\u00f3rym kr\u0119ci dziur\u0119 w drzewie Mlad\u00fd mu\u017e stoj\u00ed pri strome. V ruke dr\u017e\u00ed vrt\u00e1k, ktor\u00fdm v\u0155ta dieru do stromu.\" class=\"gal_main_img\" style=\"\">\n        <\/div>\n                \n\n        \n        <div class=\"swiper-slide excludeimg \"\n            tabindex=\"0\"\n        data-sliderId =\"6256\"\n        data-bs-slide-to=\"3\"\n        data-title=\"\" role=\"group\"\n          data-bs-toggle=\"modal\" data-bs-target=\"#exampleModal6256\"\n          aria-label=\"4 \/ 7\"\n          style=\"background: linear-gradient(rgba(211, 211, 211), rgba(211, 211, 211))\">\n\n          <img decoding=\"async\" src=\"https:\/\/plsk.eu\/wp-content\/uploads\/2026\/03\/nad-rzeka.jpg\" class=\"gal_bg_img\" style=\"\n    width: 100% !important;\">\n\n          <img decoding=\"async\" src=\"https:\/\/plsk.eu\/wp-content\/uploads\/2026\/03\/nad-rzeka.jpg\" alt=\"Grupa uczni\u00f3w: kobiet i m\u0119\u017cczyzn z plecakami przechodzi po kamienistej pla\u017cy wzd\u0142u\u017c rzeki. Skupina \u0161tudentov: \u017eeny a mu\u017ei s batohmi kr\u00e1\u010daj\u00faci po kamenistej pl\u00e1\u017ei pri rieke.\" class=\"gal_main_img\" style=\"\">\n        <\/div>\n                \n\n        \n        <div class=\"swiper-slide excludeimg \"\n            tabindex=\"0\"\n        data-sliderId =\"6256\"\n        data-bs-slide-to=\"4\"\n        data-title=\"\" role=\"group\"\n          data-bs-toggle=\"modal\" data-bs-target=\"#exampleModal6256\"\n          aria-label=\"5 \/ 7\"\n          style=\"background: linear-gradient(rgba(211, 211, 211), rgba(211, 211, 211))\">\n\n          <img decoding=\"async\" src=\"https:\/\/plsk.eu\/wp-content\/uploads\/2026\/03\/korzenie-odloniete.jpg\" class=\"gal_bg_img\" style=\"\n    width: 100% !important;\">\n\n          <img decoding=\"async\" src=\"https:\/\/plsk.eu\/wp-content\/uploads\/2026\/03\/korzenie-odloniete.jpg\" alt=\"Las z licznymi drzewami. Na pierwszym planie potok, za nim ods\u0142oni\u0119te korzenie drzew. Les s mno\u017estvom stromov. V popred\u00ed potok, za n\u00edm odkryt\u00e9 korene stromov.\" class=\"gal_main_img\" style=\"\">\n        <\/div>\n                \n\n        \n        <div class=\"swiper-slide excludeimg \"\n            tabindex=\"0\"\n        data-sliderId =\"6256\"\n        data-bs-slide-to=\"5\"\n        data-title=\"\" role=\"group\"\n          data-bs-toggle=\"modal\" data-bs-target=\"#exampleModal6256\"\n          aria-label=\"6 \/ 7\"\n          style=\"background: linear-gradient(rgba(211, 211, 211), rgba(211, 211, 211))\">\n\n          <img decoding=\"async\" src=\"https:\/\/plsk.eu\/wp-content\/uploads\/2026\/03\/korzenie-dosl.jpg\" class=\"gal_bg_img\" style=\"\n    width: 100% !important;\">\n\n          <img decoding=\"async\" src=\"https:\/\/plsk.eu\/wp-content\/uploads\/2026\/03\/korzenie-dosl.jpg\" alt=\"\u015arodek lasu przez kt\u00f3ry przechodzi drobny potok. Na pierwszym tle wida\u0107 wystaj\u0105ce korzenie drzew Uprostred lesa te\u010die mal\u00fd potok. V popred\u00ed vidno vy\u010dn\u00edvaj\u00face korene stromov.\" class=\"gal_main_img\" style=\"\">\n        <\/div>\n                \n\n        \n        <div class=\"swiper-slide excludeimg \"\n            tabindex=\"0\"\n        data-sliderId =\"6256\"\n        data-bs-slide-to=\"6\"\n        data-title=\"\" role=\"group\"\n          data-bs-toggle=\"modal\" data-bs-target=\"#exampleModal6256\"\n          aria-label=\"7 \/ 7\"\n          style=\"background: linear-gradient(rgba(211, 211, 211), rgba(211, 211, 211))\">\n\n          <img decoding=\"async\" src=\"https:\/\/plsk.eu\/wp-content\/uploads\/2026\/03\/fig.jpg\" class=\"gal_bg_img\" style=\"\n    width: 100% !important;\">\n\n          <img decoding=\"async\" src=\"https:\/\/plsk.eu\/wp-content\/uploads\/2026\/03\/fig.jpg\" alt=\"Zapadlina w \u015brodku lasu, cz\u0119\u015b\u0107 drzew przewr\u00f3conych, cz\u0119\u015b\u0107 pochylonych Dutina uprostred lesa, niektor\u00e9 stromy popadan\u00e9, niektor\u00e9 naklonen\u00e9\" class=\"gal_main_img\" style=\"\">\n        <\/div>\n                \n\n\n      <\/div>\n\n\n      <span class=\"swiper-notification\" aria-live=\"assertive\" aria-atomic=\"true\"><\/span>\n\n    <\/div>\n\n    <div id=\"swiperGalThumb-6256\" data-galid=\"6256\"\n      class=\"swiper widget-image-gallery__thumbs swiper-initialized swiper-horizontal swiper-pointer-events swiper-free-mode swiper-backface-hidden swiper-thumbs\">\n      <div class=\"swiper-wrapper\" id=\"swiper-wrapper-6256\" aria-live=\"polite\"\n        style=\"transform: translate3d(0px, 0px, 0px);\">\n\n        \n        \n        <div class=\"swiper-slide swiper-slide-prev\" style=\"width: 139px; margin-right: 30px;\" role=\"group\">\n          <img decoding=\"async\" src=\"https:\/\/plsk.eu\/wp-content\/uploads\/2026\/03\/zniszczona-elektrowania-wodna.jpg\" alt=\"Zniszczona elektrownia wodna z lotu ptaka. Obok elektrowni przep\u0142ywa du\u017cy strumie\u0144 wody. W tle wida\u0107 drog\u0119 Zni\u010den\u00e1 vodn\u00e1 elektr\u00e1re\u0148 z vt\u00e1\u010dej perspekt\u00edvy. Ved\u013ea elektr\u00e1rne te\u010die ve\u013ek\u00fd potok. V pozad\u00ed je vidie\u0165 cest\">\n        <\/div>\n        \n        \n        <div class=\"swiper-slide swiper-slide-prev\" style=\"width: 139px; margin-right: 30px;\" role=\"group\">\n          <img decoding=\"async\" src=\"https:\/\/plsk.eu\/wp-content\/uploads\/2026\/03\/uczniowie-nad-rzeka-z-lata-.jpg\" alt=\"Grupa uczni\u00f3w: kobiet i m\u0119\u017cczyzn stoi w krzakach przy urz\u0105dzeniu do mierzenia poziomu wody w rzece Skupina \u0161tudentov, diev\u010dat\u00e1 aj chlapci, stoj\u00ed v kr\u00edkoch ved\u013ea zariadenia na meranie hladiny vody v rieke.\">\n        <\/div>\n        \n        \n        <div class=\"swiper-slide swiper-slide-prev\" style=\"width: 139px; margin-right: 30px;\" role=\"group\">\n          <img decoding=\"async\" src=\"https:\/\/plsk.eu\/wp-content\/uploads\/2026\/03\/uczen-ze-swidre.jpg\" alt=\"M\u0119\u017cczyzna w m\u0142odym wieku stoi przy drzewie. W r\u0119ce trzyma \u015bwider, kt\u00f3rym kr\u0119ci dziur\u0119 w drzewie Mlad\u00fd mu\u017e stoj\u00ed pri strome. V ruke dr\u017e\u00ed vrt\u00e1k, ktor\u00fdm v\u0155ta dieru do stromu.\">\n        <\/div>\n        \n        \n        <div class=\"swiper-slide swiper-slide-prev\" style=\"width: 139px; margin-right: 30px;\" role=\"group\">\n          <img decoding=\"async\" src=\"https:\/\/plsk.eu\/wp-content\/uploads\/2026\/03\/nad-rzeka.jpg\" alt=\"Grupa uczni\u00f3w: kobiet i m\u0119\u017cczyzn z plecakami przechodzi po kamienistej pla\u017cy wzd\u0142u\u017c rzeki. Skupina \u0161tudentov: \u017eeny a mu\u017ei s batohmi kr\u00e1\u010daj\u00faci po kamenistej pl\u00e1\u017ei pri rieke.\">\n        <\/div>\n        \n        \n        <div class=\"swiper-slide swiper-slide-prev\" style=\"width: 139px; margin-right: 30px;\" role=\"group\">\n          <img decoding=\"async\" src=\"https:\/\/plsk.eu\/wp-content\/uploads\/2026\/03\/korzenie-odloniete.jpg\" alt=\"Las z licznymi drzewami. Na pierwszym planie potok, za nim ods\u0142oni\u0119te korzenie drzew. Les s mno\u017estvom stromov. V popred\u00ed potok, za n\u00edm odkryt\u00e9 korene stromov.\">\n        <\/div>\n        \n        \n        <div class=\"swiper-slide swiper-slide-prev\" style=\"width: 139px; margin-right: 30px;\" role=\"group\">\n          <img decoding=\"async\" src=\"https:\/\/plsk.eu\/wp-content\/uploads\/2026\/03\/korzenie-dosl.jpg\" alt=\"\u015arodek lasu przez kt\u00f3ry przechodzi drobny potok. Na pierwszym tle wida\u0107 wystaj\u0105ce korzenie drzew Uprostred lesa te\u010die mal\u00fd potok. V popred\u00ed vidno vy\u010dn\u00edvaj\u00face korene stromov.\">\n        <\/div>\n        \n        \n        <div class=\"swiper-slide swiper-slide-prev\" style=\"width: 139px; margin-right: 30px;\" role=\"group\">\n          <img decoding=\"async\" src=\"https:\/\/plsk.eu\/wp-content\/uploads\/2026\/03\/fig.jpg\" alt=\"Zapadlina w \u015brodku lasu, cz\u0119\u015b\u0107 drzew przewr\u00f3conych, cz\u0119\u015b\u0107 pochylonych Dutina uprostred lesa, niektor\u00e9 stromy popadan\u00e9, niektor\u00e9 naklonen\u00e9\">\n        <\/div>\n        \n\n      <\/div>\n      <span class=\"swiper-notification\" aria-live=\"assertive\" aria-atomic=\"true\"><\/span>\n    <\/div>\n          <!--\n    <div class=\"widget-image-gallery__caption\">\n      <p>Opis zdj\u0119cia5, fot. Jan Kowalski<\/p>\n    <\/div>-->\n\n\n    <div class=\"image-swiper-button-prev swiper-button-prev\" role=\"button\" aria-label=\"Predch\u00e1dzaj\u00faci obr\u00e1zok\"\n      aria-controls=\"swiper-wrapper-6256\" aria-disabled=\"false\">\n    <\/div>\n\n    <div class=\"image-swiper-button-next swiper-button-next swiper-button-disabled\" role=\"button\"\n      aria-label=\"\u010eal\u0161\u00ed obr\u00e1zok\" aria-controls=\"swiper-wrapper-7971\" aria-disabled=\"true\">\n    <\/div>\n\n\n\n\n  <\/div>\n\n  \n  <div class=\"modal fade gal_modal\" id=\"exampleModal6256\" tabindex=\"-1\" aria-hidden=\"true\">\n    <div class=\"modal-dialog\">\n      <div class=\"modal-content\">\n        <div class=\"modal-header\">\n          <button type=\"button\" class=\"btn-close\" data-bs-dismiss=\"modal\" aria-label=\"Zamkn\u0105\u0107\">\n          <img decoding=\"async\"\n              src=\"https:\/\/plsk.eu\/wp-content\/themes\/fundusze\/assets\/images\/close.svg\"\n              alt=Zamkn\u0105\u0107>\n          <span class=\"visually-hidden\">Zamkn\u0105\u0107<\/span>\n        <\/button>\n        <\/div>\n\n          <div class=\"row no_mobile\">\n\n            <div class=\"col-xxl-2 col-xl-2 col-lg-2 col-md-2 col-sm-2 gal_left\">\n              <button type=\"button\" data-bs-target=\"#carouselExample6256\" data-bs-slide=\"prev\"\n                aria-label=\"Predch\u00e1dzaj\u00faci obr\u00e1zok\">\n                <img decoding=\"async\" src=\"https:\/\/plsk.eu\/wp-content\/themes\/fundusze\/assets\/images\/back.svg\" alt=\"\"> <\/button>\n            <\/div>\n\n            <div class=\"col-xxl-8 col-xl-8 col-lg-8 col-md-8 col-sm-8\">\n\n              <div id=\"carouselExample6256\" class=\"carousel slide\" data-bs-interval=\"50000\"\n                data-bs-ride=\"carousel\">\n\n                <div class=\"carousel-inner\">\n\n                  \n                                    <div class=\"carousel-item  active \">\n                    <img decoding=\"async\" src=\"https:\/\/plsk.eu\/wp-content\/uploads\/2026\/03\/zniszczona-elektrowania-wodna.jpg\" alt=\"Zniszczona elektrownia wodna z lotu ptaka. Obok elektrowni przep\u0142ywa du\u017cy strumie\u0144 wody. W tle wida\u0107 drog\u0119 Zni\u010den\u00e1 vodn\u00e1 elektr\u00e1re\u0148 z vt\u00e1\u010dej perspekt\u00edvy. Ved\u013ea elektr\u00e1rne te\u010die ve\u013ek\u00fd potok. V pozad\u00ed je vidie\u0165 cest\" class=\"img_all\">\n                    <div class=\"row\">\n\n                      <div class=\"col-xxl-12 col-xl-12 col-lg-12 col-md-12 col-sm-12\">\n                        <div class=\"img_caption\">\n                          <div class=\"cap_text\">\n                                                                                  <\/div>\n                          <div class=\"cap_num\">\n                            <strong> 1 z 7<\/strong>\n                          <\/div>\n\n                        <\/div>\n                      <\/div>\n\n                    <\/div>\n                  <\/div>\n                                    \n                                    <div class=\"carousel-item \">\n                    <img decoding=\"async\" src=\"https:\/\/plsk.eu\/wp-content\/uploads\/2026\/03\/uczniowie-nad-rzeka-z-lata-.jpg\" alt=\"Grupa uczni\u00f3w: kobiet i m\u0119\u017cczyzn stoi w krzakach przy urz\u0105dzeniu do mierzenia poziomu wody w rzece Skupina \u0161tudentov, diev\u010dat\u00e1 aj chlapci, stoj\u00ed v kr\u00edkoch ved\u013ea zariadenia na meranie hladiny vody v rieke.\" class=\"img_all\">\n                    <div class=\"row\">\n\n                      <div class=\"col-xxl-12 col-xl-12 col-lg-12 col-md-12 col-sm-12\">\n                        <div class=\"img_caption\">\n                          <div class=\"cap_text\">\n                                                                                  <\/div>\n                          <div class=\"cap_num\">\n                            <strong> 2 z 7<\/strong>\n                          <\/div>\n\n                        <\/div>\n                      <\/div>\n\n                    <\/div>\n                  <\/div>\n                                    \n                                    <div class=\"carousel-item \">\n                    <img decoding=\"async\" src=\"https:\/\/plsk.eu\/wp-content\/uploads\/2026\/03\/uczen-ze-swidre.jpg\" alt=\"M\u0119\u017cczyzna w m\u0142odym wieku stoi przy drzewie. W r\u0119ce trzyma \u015bwider, kt\u00f3rym kr\u0119ci dziur\u0119 w drzewie Mlad\u00fd mu\u017e stoj\u00ed pri strome. V ruke dr\u017e\u00ed vrt\u00e1k, ktor\u00fdm v\u0155ta dieru do stromu.\" class=\"img_all\">\n                    <div class=\"row\">\n\n                      <div class=\"col-xxl-12 col-xl-12 col-lg-12 col-md-12 col-sm-12\">\n                        <div class=\"img_caption\">\n                          <div class=\"cap_text\">\n                                                                                  <\/div>\n                          <div class=\"cap_num\">\n                            <strong> 3 z 7<\/strong>\n                          <\/div>\n\n                        <\/div>\n                      <\/div>\n\n                    <\/div>\n                  <\/div>\n                                    \n                                    <div class=\"carousel-item \">\n                    <img decoding=\"async\" src=\"https:\/\/plsk.eu\/wp-content\/uploads\/2026\/03\/nad-rzeka.jpg\" alt=\"Grupa uczni\u00f3w: kobiet i m\u0119\u017cczyzn z plecakami przechodzi po kamienistej pla\u017cy wzd\u0142u\u017c rzeki. Skupina \u0161tudentov: \u017eeny a mu\u017ei s batohmi kr\u00e1\u010daj\u00faci po kamenistej pl\u00e1\u017ei pri rieke.\" class=\"img_all\">\n                    <div class=\"row\">\n\n                      <div class=\"col-xxl-12 col-xl-12 col-lg-12 col-md-12 col-sm-12\">\n                        <div class=\"img_caption\">\n                          <div class=\"cap_text\">\n                                                                                  <\/div>\n                          <div class=\"cap_num\">\n                            <strong> 4 z 7<\/strong>\n                          <\/div>\n\n                        <\/div>\n                      <\/div>\n\n                    <\/div>\n                  <\/div>\n                                    \n                                    <div class=\"carousel-item \">\n                    <img decoding=\"async\" src=\"https:\/\/plsk.eu\/wp-content\/uploads\/2026\/03\/korzenie-odloniete.jpg\" alt=\"Las z licznymi drzewami. Na pierwszym planie potok, za nim ods\u0142oni\u0119te korzenie drzew. Les s mno\u017estvom stromov. V popred\u00ed potok, za n\u00edm odkryt\u00e9 korene stromov.\" class=\"img_all\">\n                    <div class=\"row\">\n\n                      <div class=\"col-xxl-12 col-xl-12 col-lg-12 col-md-12 col-sm-12\">\n                        <div class=\"img_caption\">\n                          <div class=\"cap_text\">\n                                                                                  <\/div>\n                          <div class=\"cap_num\">\n                            <strong> 5 z 7<\/strong>\n                          <\/div>\n\n                        <\/div>\n                      <\/div>\n\n                    <\/div>\n                  <\/div>\n                                    \n                                    <div class=\"carousel-item \">\n                    <img decoding=\"async\" src=\"https:\/\/plsk.eu\/wp-content\/uploads\/2026\/03\/korzenie-dosl.jpg\" alt=\"\u015arodek lasu przez kt\u00f3ry przechodzi drobny potok. Na pierwszym tle wida\u0107 wystaj\u0105ce korzenie drzew Uprostred lesa te\u010die mal\u00fd potok. V popred\u00ed vidno vy\u010dn\u00edvaj\u00face korene stromov.\" class=\"img_all\">\n                    <div class=\"row\">\n\n                      <div class=\"col-xxl-12 col-xl-12 col-lg-12 col-md-12 col-sm-12\">\n                        <div class=\"img_caption\">\n                          <div class=\"cap_text\">\n                                                                                  <\/div>\n                          <div class=\"cap_num\">\n                            <strong> 6 z 7<\/strong>\n                          <\/div>\n\n                        <\/div>\n                      <\/div>\n\n                    <\/div>\n                  <\/div>\n                                    \n                                    <div class=\"carousel-item \">\n                    <img decoding=\"async\" src=\"https:\/\/plsk.eu\/wp-content\/uploads\/2026\/03\/fig.jpg\" alt=\"Zapadlina w \u015brodku lasu, cz\u0119\u015b\u0107 drzew przewr\u00f3conych, cz\u0119\u015b\u0107 pochylonych Dutina uprostred lesa, niektor\u00e9 stromy popadan\u00e9, niektor\u00e9 naklonen\u00e9\" class=\"img_all\">\n                    <div class=\"row\">\n\n                      <div class=\"col-xxl-12 col-xl-12 col-lg-12 col-md-12 col-sm-12\">\n                        <div class=\"img_caption\">\n                          <div class=\"cap_text\">\n                                                                                  <\/div>\n                          <div class=\"cap_num\">\n                            <strong> 7 z 7<\/strong>\n                          <\/div>\n\n                        <\/div>\n                      <\/div>\n\n                    <\/div>\n                  <\/div>\n                                    \n                <\/div>\n\n              <\/div>\n\n            <\/div>\n            <div class=\"col-xxl-2 col-xl-2 col-lg-2 col-md-2 col-sm-2 gal_right\">\n              <button type=\"button\" data-bs-target=\"#carouselExample6256\" data-bs-slide=\"next\"\n                aria-label=\"\u010eal\u0161\u00ed obr\u00e1zok\"> <img decoding=\"async\"\n                  src=\"https:\/\/plsk.eu\/wp-content\/themes\/fundusze\/assets\/images\/next.svg\" alt=\"\"><\/button>\n            <\/div>\n\n          <\/div>\n\n\n          <div class=\"row no_desk\">\n\n            <div class=\"col-xxl-8 col-xl-8 col-lg-8 col-md-8 col-sm-8\">\n\n              <div id=\"carouselExample6256mob6256\" class=\"carousel slide\" data-bs-interval=\"50000\"\n                data-bs-ride=\"carousel\">\n\n                <div class=\"carousel-inner\">\n\n                  \n                                    <div class=\"carousel-item  active \">\n                    <img decoding=\"async\" src=\"https:\/\/plsk.eu\/wp-content\/uploads\/2026\/03\/zniszczona-elektrowania-wodna.jpg\" alt=\"Zniszczona elektrownia wodna z lotu ptaka. Obok elektrowni przep\u0142ywa du\u017cy strumie\u0144 wody. W tle wida\u0107 drog\u0119 Zni\u010den\u00e1 vodn\u00e1 elektr\u00e1re\u0148 z vt\u00e1\u010dej perspekt\u00edvy. Ved\u013ea elektr\u00e1rne te\u010die ve\u013ek\u00fd potok. V pozad\u00ed je vidie\u0165 cest\" class=\"img_all\">\n                    <div class=\"row\">\n\n                      <div class=\"col-xxl-12 col-xl-12 col-lg-12 col-md-12 col-sm-12\">\n                        <div class=\"img_caption\">\n                          <div class=\"cap_text\">\n                            \n                                                      <\/div>\n                          <div class=\"cap_num\">\n                            <strong> 1 z 7<\/strong>\n                          <\/div>\n\n                        <\/div>\n                      <\/div>\n\n                    <\/div>\n                  <\/div>\n                  \n                                    <div class=\"carousel-item \">\n                    <img decoding=\"async\" src=\"https:\/\/plsk.eu\/wp-content\/uploads\/2026\/03\/uczniowie-nad-rzeka-z-lata-.jpg\" alt=\"Grupa uczni\u00f3w: kobiet i m\u0119\u017cczyzn stoi w krzakach przy urz\u0105dzeniu do mierzenia poziomu wody w rzece Skupina \u0161tudentov, diev\u010dat\u00e1 aj chlapci, stoj\u00ed v kr\u00edkoch ved\u013ea zariadenia na meranie hladiny vody v rieke.\" class=\"img_all\">\n                    <div class=\"row\">\n\n                      <div class=\"col-xxl-12 col-xl-12 col-lg-12 col-md-12 col-sm-12\">\n                        <div class=\"img_caption\">\n                          <div class=\"cap_text\">\n                            \n                                                      <\/div>\n                          <div class=\"cap_num\">\n                            <strong> 2 z 7<\/strong>\n                          <\/div>\n\n                        <\/div>\n                      <\/div>\n\n                    <\/div>\n                  <\/div>\n                  \n                                    <div class=\"carousel-item \">\n                    <img decoding=\"async\" src=\"https:\/\/plsk.eu\/wp-content\/uploads\/2026\/03\/uczen-ze-swidre.jpg\" alt=\"M\u0119\u017cczyzna w m\u0142odym wieku stoi przy drzewie. W r\u0119ce trzyma \u015bwider, kt\u00f3rym kr\u0119ci dziur\u0119 w drzewie Mlad\u00fd mu\u017e stoj\u00ed pri strome. V ruke dr\u017e\u00ed vrt\u00e1k, ktor\u00fdm v\u0155ta dieru do stromu.\" class=\"img_all\">\n                    <div class=\"row\">\n\n                      <div class=\"col-xxl-12 col-xl-12 col-lg-12 col-md-12 col-sm-12\">\n                        <div class=\"img_caption\">\n                          <div class=\"cap_text\">\n                            \n                                                      <\/div>\n                          <div class=\"cap_num\">\n                            <strong> 3 z 7<\/strong>\n                          <\/div>\n\n                        <\/div>\n                      <\/div>\n\n                    <\/div>\n                  <\/div>\n                  \n                                    <div class=\"carousel-item \">\n                    <img decoding=\"async\" src=\"https:\/\/plsk.eu\/wp-content\/uploads\/2026\/03\/nad-rzeka.jpg\" alt=\"Grupa uczni\u00f3w: kobiet i m\u0119\u017cczyzn z plecakami przechodzi po kamienistej pla\u017cy wzd\u0142u\u017c rzeki. Skupina \u0161tudentov: \u017eeny a mu\u017ei s batohmi kr\u00e1\u010daj\u00faci po kamenistej pl\u00e1\u017ei pri rieke.\" class=\"img_all\">\n                    <div class=\"row\">\n\n                      <div class=\"col-xxl-12 col-xl-12 col-lg-12 col-md-12 col-sm-12\">\n                        <div class=\"img_caption\">\n                          <div class=\"cap_text\">\n                            \n                                                      <\/div>\n                          <div class=\"cap_num\">\n                            <strong> 4 z 7<\/strong>\n                          <\/div>\n\n                        <\/div>\n                      <\/div>\n\n                    <\/div>\n                  <\/div>\n                  \n                                    <div class=\"carousel-item \">\n                    <img decoding=\"async\" src=\"https:\/\/plsk.eu\/wp-content\/uploads\/2026\/03\/korzenie-odloniete.jpg\" alt=\"Las z licznymi drzewami. Na pierwszym planie potok, za nim ods\u0142oni\u0119te korzenie drzew. Les s mno\u017estvom stromov. V popred\u00ed potok, za n\u00edm odkryt\u00e9 korene stromov.\" class=\"img_all\">\n                    <div class=\"row\">\n\n                      <div class=\"col-xxl-12 col-xl-12 col-lg-12 col-md-12 col-sm-12\">\n                        <div class=\"img_caption\">\n                          <div class=\"cap_text\">\n                            \n                                                      <\/div>\n                          <div class=\"cap_num\">\n                            <strong> 5 z 7<\/strong>\n                          <\/div>\n\n                        <\/div>\n                      <\/div>\n\n                    <\/div>\n                  <\/div>\n                  \n                                    <div class=\"carousel-item \">\n                    <img decoding=\"async\" src=\"https:\/\/plsk.eu\/wp-content\/uploads\/2026\/03\/korzenie-dosl.jpg\" alt=\"\u015arodek lasu przez kt\u00f3ry przechodzi drobny potok. Na pierwszym tle wida\u0107 wystaj\u0105ce korzenie drzew Uprostred lesa te\u010die mal\u00fd potok. V popred\u00ed vidno vy\u010dn\u00edvaj\u00face korene stromov.\" class=\"img_all\">\n                    <div class=\"row\">\n\n                      <div class=\"col-xxl-12 col-xl-12 col-lg-12 col-md-12 col-sm-12\">\n                        <div class=\"img_caption\">\n                          <div class=\"cap_text\">\n                            \n                                                      <\/div>\n                          <div class=\"cap_num\">\n                            <strong> 6 z 7<\/strong>\n                          <\/div>\n\n                        <\/div>\n                      <\/div>\n\n                    <\/div>\n                  <\/div>\n                  \n                                    <div class=\"carousel-item \">\n                    <img decoding=\"async\" src=\"https:\/\/plsk.eu\/wp-content\/uploads\/2026\/03\/fig.jpg\" alt=\"Zapadlina w \u015brodku lasu, cz\u0119\u015b\u0107 drzew przewr\u00f3conych, cz\u0119\u015b\u0107 pochylonych Dutina uprostred lesa, niektor\u00e9 stromy popadan\u00e9, niektor\u00e9 naklonen\u00e9\" class=\"img_all\">\n                    <div class=\"row\">\n\n                      <div class=\"col-xxl-12 col-xl-12 col-lg-12 col-md-12 col-sm-12\">\n                        <div class=\"img_caption\">\n                          <div class=\"cap_text\">\n                            \n                                                      <\/div>\n                          <div class=\"cap_num\">\n                            <strong> 7 z 7<\/strong>\n                          <\/div>\n\n                        <\/div>\n                      <\/div>\n\n                    <\/div>\n                  <\/div>\n                                  <\/div>\n              <\/div>\n\n            <\/div>\n            <div class=\"col-xxl-2 col-xl-2 col-lg-2 col-md-2 col-sm-12 gal_arrow mb-30px\">\n              <img decoding=\"async\" src=\"https:\/\/plsk.eu\/wp-content\/themes\/fundusze\/assets\/images\/back.svg\"\n                data-bs-target=\"#carouselExample6256mob6256\" data-bs-slide=\"prev\" alt=\"\"> <img decoding=\"async\"\n                src=\"https:\/\/plsk.eu\/wp-content\/themes\/fundusze\/assets\/images\/next.svg\"\n                data-bs-target=\"#carouselExample6256mob6256\" data-bs-slide=\"next\" alt=\"\">\n            <\/div>\n\n          <\/div>\n      <\/div>\n    <\/div>\n  <\/div>\n\n  ","protected":false},"featured_media":42956,"menu_order":0,"template":"","meta":{"_acf_changed":false,"inline_featured_image":false,"_themeisle_gutenberg_block_has_review":false,"footnotes":"","_links_to":"","_links_to_target":""},"kategoria_historii":[1928],"historii_partner_wiodacy":[2239],"historii_partner_projektu":[2349],"regiony":[],"powiaty":[],"class_list":["post-38956","historii","type-historii","status-publish","has-post-thumbnail","hentry","kategoria_historii-2021-2027-sk","historii_partner_wiodacy-sliezska-univerzita-v-katoviciach","historii_partner_projektu-zilinska-univerzita-v-ziline"],"acf":[],"_links":{"self":[{"href":"https:\/\/plsk.eu\/sk\/wp-json\/wp\/v2\/historii\/38956","targetHints":{"allow":["GET"]}}],"collection":[{"href":"https:\/\/plsk.eu\/sk\/wp-json\/wp\/v2\/historii"}],"about":[{"href":"https:\/\/plsk.eu\/sk\/wp-json\/wp\/v2\/types\/historii"}],"version-history":[{"count":5,"href":"https:\/\/plsk.eu\/sk\/wp-json\/wp\/v2\/historii\/38956\/revisions"}],"predecessor-version":[{"id":42962,"href":"https:\/\/plsk.eu\/sk\/wp-json\/wp\/v2\/historii\/38956\/revisions\/42962"}],"wp:featuredmedia":[{"embeddable":true,"href":"https:\/\/plsk.eu\/sk\/wp-json\/wp\/v2\/media\/42956"}],"wp:attachment":[{"href":"https:\/\/plsk.eu\/sk\/wp-json\/wp\/v2\/media?parent=38956"}],"wp:term":[{"taxonomy":"kategoria_historii","embeddable":true,"href":"https:\/\/plsk.eu\/sk\/wp-json\/wp\/v2\/kategoria_historii?post=38956"},{"taxonomy":"historii_partner_wiodacy","embeddable":true,"href":"https:\/\/plsk.eu\/sk\/wp-json\/wp\/v2\/historii_partner_wiodacy?post=38956"},{"taxonomy":"historii_partner_projektu","embeddable":true,"href":"https:\/\/plsk.eu\/sk\/wp-json\/wp\/v2\/historii_partner_projektu?post=38956"},{"taxonomy":"regiony","embeddable":true,"href":"https:\/\/plsk.eu\/sk\/wp-json\/wp\/v2\/regiony?post=38956"},{"taxonomy":"powiaty","embeddable":true,"href":"https:\/\/plsk.eu\/sk\/wp-json\/wp\/v2\/powiaty?post=38956"}],"curies":[{"name":"wp","href":"https:\/\/api.w.org\/{rel}","templated":true}]}}