{"id":38970,"date":"2025-01-08T12:19:35","date_gmt":"2025-01-08T11:19:35","guid":{"rendered":"https:\/\/plsk.eu\/projekty-i-historie\/bezpieczenstwo-przede-wszystkim\/"},"modified":"2026-04-02T11:55:07","modified_gmt":"2026-04-02T09:55:07","slug":"bezpecnost-predovsetkym","status":"publish","type":"historii","link":"https:\/\/plsk.eu\/sk\/projekty\/bezpecnost-predovsetkym\/","title":{"rendered":"Bezpe\u010dnos\u0165 predov\u0161etk\u00fdm"},"content":{"rendered":"\n<p>Cie\u013eom projektu je zv\u00fd\u0161enie bezpe\u010dnosti obyvate\u013eov a turistov nav\u0161tevuj\u00facich \u00fazemie pohrani\u010dia pred negat\u00edvnymi n\u00e1sledkami \u017eiveln\u00fdch pohr\u00f4m prostredn\u00edctvom posilnenia spolupr\u00e1ce policajn\u00fdch zlo\u017eiek z Po\u013eska a zo Slovenska a ich vybaven\u00edm zariadeniami umo\u017e\u0148uj\u00facimi realiz\u00e1ciu z\u00e1chrann\u00fdch akci\u00ed,\u0161kolen\u00ed\/v\u00fdcvikov spolu s informa\u010dnou a vzdel\u00e1vacou kampa\u0148ou adresovanou obyvate\u013eom a turistom pl-sk pohrani\u010dia.V prvej f\u00e1ze projektu bud\u00fa policajn\u00e9 zlo\u017eky z PL a SK vybaven\u00e9 potrebn\u00fdmi zariadeniami, ktor\u00e9 im u\u013eah\u010dia \u010dinnos\u0165 v rozsahu predch\u00e1dzania negat\u00edvnym n\u00e1sledkom \u017eiveln\u00fdch pohr\u00f4m a hav\u00e1ri\u00ed kritickej infra\u0161trukt\u00fary. Po\u013esk\u00e1 strana k\u00fapi Centr\u00e1lne vozidlo podpory policajn\u00fdch z\u00e1sahov (CVPPZ), ktor\u00e9 skvalitn\u00ed pr\u00e1cu velite\u013eov,ktor\u00ed koordinuj\u00fa opera\u010dn\u00fa \u010dinnos\u0165. Toto vozidlo bude n\u00e1pomocn\u00e9 pri plnom rozpozn\u00e1van\u00ed kr\u00edzov\u00fdch situ\u00e1ci\u00ed a pri spr\u00e1vnom rozde\u013eovan\u00ed policajn\u00fdch s\u00edl a prostriedkov. Doplnen\u00edm CVPPZ bude 12 opera\u010dn\u00fdch vozidiel s pr\u00edslu\u0161enstvom,ktor\u00e9 umo\u017enia CVPPZ komplexne vyu\u017ei\u0165 pr\u00edslu\u0161enstvo v oblasti boja proti ohrozeniam. Dodato\u010dne zabezpe\u010dia efekt\u00edvnu komunik\u00e1ciu medzi opr\u00e1vnen\u00fdmi subjektmi na v\u0161etk\u00fdch \u00farovniach kr\u00edzov\u00e9ho riadenia.Slovensk\u00e1 strana k\u00fapi policajn\u00e9 aut\u00e1 4&#215;4,drony,termov\u00edzne zariadenia, zariadenia na no\u010dn\u00e9 videnie, \u0161tvorkolky so snehov\u00fdmi p\u00e1smi. Tieto zariadenia umo\u017enia pohyb na \u0165a\u017eko dostupn\u00fdch miestach.Zlep\u0161ia sa tak mo\u017enosti r\u00fdchleho reagovania a efekt\u00edvneho dorazenia na miesta nedostupn\u00e9 pre vozidl\u00e1. Ka\u017ed\u00fd z partnerov napl\u00e1noval tie\u017e odborn\u00e9 \u0161kolenia s vyu\u017eit\u00edm k\u00fapen\u00e9ho vybavenia a n\u00e1sledne spolo\u010dn\u00e9 cvi\u010denia za \u00fa\u010delom realiz\u00e1cie pilotn\u00fdch aktiv\u00edt. Po\u010das projektu policajti z PL a zo SK sa vz\u00e1jomne obozn\u00e1mia so sch\u00e9mami \u010dinnosti a postupmi za \u00fa\u010delom identifik\u00e1cie pr\u00edpadn\u00fdch komunika\u010dn\u00fdch bari\u00e9r a bari\u00e9r v rozsahu rozhodovac\u00edch procesov v oboch krajin\u00e1ch v pr\u00edpade v\u00fdskytu ohrozenia. Euroregi\u00f3n \u201eTatry\u201c, bude zodpovedn\u00fd za vzdel\u00e1vacie a propaga\u010dn\u00e9 aktivity. <\/p>\n\n\n\n<hr class=\"wp-block-separator has-alpha-channel-opacity is-style-default\"\/>\n\n\n\n<div class=\"wp-block-media-text is-stacked-on-mobile is-image-fill-element\"><figure class=\"wp-block-media-text__media\"><img loading=\"lazy\" decoding=\"async\" width=\"869\" height=\"1024\" src=\"https:\/\/plsk.eu\/wp-content\/uploads\/2026\/03\/493744614_995940562708867_3252047021701171544_n-869x1024.jpg\" alt=\"Dwa samochody policyjne typu pick-up zaparkowane na poboczu asfaltowej drogi. W tle znaki drogowe i du\u017cy spadek terenu Dve policajn\u00e9 dod\u00e1vky zaparkovan\u00e9 na okraji asfaltovej cesty. V pozad\u00ed dopravn\u00e9 zna\u010dky a strm\u00fd svah.\" class=\"wp-image-43226 size-full\" style=\"object-position:50% 50%\" srcset=\"https:\/\/plsk.eu\/wp-content\/uploads\/2026\/03\/493744614_995940562708867_3252047021701171544_n-869x1024.jpg 869w, https:\/\/plsk.eu\/wp-content\/uploads\/2026\/03\/493744614_995940562708867_3252047021701171544_n-255x300.jpg 255w, https:\/\/plsk.eu\/wp-content\/uploads\/2026\/03\/493744614_995940562708867_3252047021701171544_n-768x905.jpg 768w, https:\/\/plsk.eu\/wp-content\/uploads\/2026\/03\/493744614_995940562708867_3252047021701171544_n-1304x1536.jpg 1304w, https:\/\/plsk.eu\/wp-content\/uploads\/2026\/03\/493744614_995940562708867_3252047021701171544_n.jpg 1738w\" sizes=\"auto, (max-width: 869px) 100vw, 869px\" \/><\/figure><div class=\"wp-block-media-text__content\">\n<p>Bezpe\u010dnej\u0161ie po\u013esko-slovensk\u00e9 pohrani\u010die pre v\u0161etk\u00fdch!<\/p>\n\n\n\n<div class=\"wp-block-buttons is-content-justification-center is-layout-flex wp-container-core-buttons-is-layout-14c487f4 wp-block-buttons-is-layout-flex\">\n<div class=\"wp-block-button is-style-outline is-style-outline--1\"><a class=\"wp-block-button__link has-white-color has-text-color has-background has-link-color has-medium-font-size has-custom-font-size wp-element-button\" href=\"https:\/\/plsk.eu\/sk\/seria-rozhovorov-bezpecnejsie-polsko-slovenske-pohranicie-pre-vsetkych\/\" style=\"border-radius:10px;background-color:#183d8e;font-style:normal;font-weight:500\">\u010ditaj<\/a><\/div>\n<\/div>\n<\/div><\/div>\n\n\n\n<hr class=\"wp-block-separator has-alpha-channel-opacity is-style-default\"\/>\n\n\n\n<div class=\"wp-block-media-text is-stacked-on-mobile is-image-fill-element\"><figure class=\"wp-block-media-text__media\"><img loading=\"lazy\" decoding=\"async\" width=\"1024\" height=\"576\" src=\"https:\/\/plsk.eu\/wp-content\/uploads\/2025\/06\/Bezpieczenstwo-przede-wszystkim-2-1024x576.png\" alt=\"\" class=\"wp-image-40782 size-full\" style=\"object-position:50% 50%\" srcset=\"https:\/\/plsk.eu\/wp-content\/uploads\/2025\/06\/Bezpieczenstwo-przede-wszystkim-2-1024x576.png 1024w, https:\/\/plsk.eu\/wp-content\/uploads\/2025\/06\/Bezpieczenstwo-przede-wszystkim-2-300x169.png 300w, https:\/\/plsk.eu\/wp-content\/uploads\/2025\/06\/Bezpieczenstwo-przede-wszystkim-2-768x432.png 768w, https:\/\/plsk.eu\/wp-content\/uploads\/2025\/06\/Bezpieczenstwo-przede-wszystkim-2.png 1366w\" sizes=\"auto, (max-width: 1024px) 100vw, 1024px\" \/><\/figure><div class=\"wp-block-media-text__content\">\n<p>Vzdel\u00e1vacie filmy o&nbsp;bezpe\u010dnosti pri pr\u00edrodn\u00fdch katastrof\u00e1ch<\/p>\n\n\n\n<div class=\"wp-block-buttons is-content-justification-center is-layout-flex wp-container-core-buttons-is-layout-14c487f4 wp-block-buttons-is-layout-flex\">\n<div class=\"wp-block-button is-style-outline is-style-outline--2\"><a class=\"wp-block-button__link has-white-color has-text-color has-background has-link-color has-medium-font-size has-custom-font-size wp-element-button\" href=\"https:\/\/www.euroregion-tatry.eu\/sk\/clanok\/vzdelavacie-filmy-o-bezpecnosti-pri-prirodnych-katastrofach\/722\" style=\"border-radius:10px;background-color:#183d8e;font-style:normal;font-weight:500\" rel=\"nofollow noopener\" target=\"_blank\">Pozri si video<\/a><\/div>\n<\/div>\n<\/div><\/div>\n\n\n\n<div style=\"height:10px\" aria-hidden=\"true\" class=\"wp-block-spacer\"><\/div>\n\n\n\n<hr class=\"wp-block-separator has-alpha-channel-opacity is-style-default\"\/>\n\n\n\n<div class=\"wp-block-media-text is-stacked-on-mobile is-image-fill-element\"><figure class=\"wp-block-media-text__media\"><img loading=\"lazy\" decoding=\"async\" width=\"1024\" height=\"576\" src=\"https:\/\/plsk.eu\/wp-content\/uploads\/2025\/05\/PRZYJAZNE-NATURZE-I-BEZPIECZNE-POGRANICZE-11-1024x576.png\" alt=\"\" class=\"wp-image-40517 size-full\" style=\"object-position:50% 50%\" srcset=\"https:\/\/plsk.eu\/wp-content\/uploads\/2025\/05\/PRZYJAZNE-NATURZE-I-BEZPIECZNE-POGRANICZE-11-1024x576.png 1024w, https:\/\/plsk.eu\/wp-content\/uploads\/2025\/05\/PRZYJAZNE-NATURZE-I-BEZPIECZNE-POGRANICZE-11-300x169.png 300w, https:\/\/plsk.eu\/wp-content\/uploads\/2025\/05\/PRZYJAZNE-NATURZE-I-BEZPIECZNE-POGRANICZE-11-768x432.png 768w, https:\/\/plsk.eu\/wp-content\/uploads\/2025\/05\/PRZYJAZNE-NATURZE-I-BEZPIECZNE-POGRANICZE-11.png 1366w\" sizes=\"auto, (max-width: 1024px) 100vw, 1024px\" \/><\/figure><div class=\"wp-block-media-text__content\">\n<p>Rozhovor so z\u00e1stupcom hlavn\u00e9ho partnera<\/p>\n\n\n\n<div class=\"wp-block-buttons is-content-justification-center is-layout-flex wp-container-core-buttons-is-layout-14c487f4 wp-block-buttons-is-layout-flex\">\n<div class=\"wp-block-button is-style-outline is-style-outline--3\"><a class=\"wp-block-button__link has-white-color has-text-color has-background has-link-color has-medium-font-size has-custom-font-size wp-element-button\" href=\"https:\/\/plsk.eu\/sk\/wywiad-bezpieczenstwo-przede-wszystkim\/\" style=\"border-radius:10px;background-color:#183d8e;font-style:normal;font-weight:500\">\u010d\u00edtaj<\/a><\/div>\n<\/div>\n<\/div><\/div>\n\n\n\n<div style=\"height:10px\" aria-hidden=\"true\" class=\"wp-block-spacer\"><\/div>\n\n\n\n<hr class=\"wp-block-separator has-alpha-channel-opacity is-style-default\"\/>\n\n\n\n<div class=\"wp-block-media-text is-stacked-on-mobile is-image-fill-element\"><figure class=\"wp-block-media-text__media\"><img loading=\"lazy\" decoding=\"async\" width=\"2560\" height=\"1920\" src=\"https:\/\/plsk.eu\/wp-content\/uploads\/2025\/02\/6-scaled.jpg\" alt=\"Przedstawicielki policji z Polski i ze S\u0142owacji stoj\u0105 obok siebie Z\u00e1stupcovia pol\u00edcie z Po\u013eska a Slovenska stoja bok po boku\" class=\"wp-image-39484 size-full\" style=\"object-position:50% 50%\" srcset=\"https:\/\/plsk.eu\/wp-content\/uploads\/2025\/02\/6-scaled.jpg 2560w, https:\/\/plsk.eu\/wp-content\/uploads\/2025\/02\/6-300x225.jpg 300w, https:\/\/plsk.eu\/wp-content\/uploads\/2025\/02\/6-1024x768.jpg 1024w, https:\/\/plsk.eu\/wp-content\/uploads\/2025\/02\/6-768x576.jpg 768w, https:\/\/plsk.eu\/wp-content\/uploads\/2025\/02\/6-1536x1152.jpg 1536w, https:\/\/plsk.eu\/wp-content\/uploads\/2025\/02\/6-2048x1536.jpg 2048w\" sizes=\"auto, (max-width: 2560px) 100vw, 2560px\" \/><\/figure><div class=\"wp-block-media-text__content\">\n<p>II. Stretnutie partnerov projektu \u201eBezpe\u010dnos\u0165 predov\u0161etk\u00fdm\u201c<\/p>\n\n\n\n<div class=\"wp-block-buttons is-content-justification-center is-layout-flex wp-container-core-buttons-is-layout-14c487f4 wp-block-buttons-is-layout-flex\">\n<div class=\"wp-block-button is-style-outline is-style-outline--4\"><a class=\"wp-block-button__link has-white-color has-text-color has-background has-link-color has-medium-font-size has-custom-font-size wp-element-button\" href=\"https:\/\/plsk.eu\/sk\/ii-stretnutie-partnerov-projektu-bezpecnost-predovsetkym\/\" style=\"border-radius:10px;background-color:#183d8e;font-style:normal;font-weight:500\">\u010ditaj<\/a><\/div>\n<\/div>\n<\/div><\/div>\n\n\n\n<hr class=\"wp-block-separator has-alpha-channel-opacity is-style-default\"\/>\n\n\n\n<div class=\"wp-block-media-text is-stacked-on-mobile is-image-fill-element\"><figure class=\"wp-block-media-text__media\"><img loading=\"lazy\" decoding=\"async\" width=\"1024\" height=\"683\" src=\"https:\/\/plsk.eu\/wp-content\/uploads\/2024\/12\/DSC08003-8-1024x683.jpg\" alt=\"\" class=\"wp-image-38621 size-full\" style=\"object-position:50% 50%\" srcset=\"https:\/\/plsk.eu\/wp-content\/uploads\/2024\/12\/DSC08003-8-1024x683.jpg 1024w, https:\/\/plsk.eu\/wp-content\/uploads\/2024\/12\/DSC08003-8-300x200.jpg 300w, https:\/\/plsk.eu\/wp-content\/uploads\/2024\/12\/DSC08003-8-768x512.jpg 768w, https:\/\/plsk.eu\/wp-content\/uploads\/2024\/12\/DSC08003-8-1536x1024.jpg 1536w, https:\/\/plsk.eu\/wp-content\/uploads\/2024\/12\/DSC08003-8-2048x1365.jpg 2048w\" sizes=\"auto, (max-width: 1024px) 100vw, 1024px\" \/><\/figure><div class=\"wp-block-media-text__content\">\n<p>Stretnutie v r\u00e1mci projektu \u201eBezpe\u010dnos\u0165 predov\u0161etk\u00fdm\u201c<\/p>\n\n\n\n<div class=\"wp-block-buttons is-content-justification-center is-layout-flex wp-container-core-buttons-is-layout-14c487f4 wp-block-buttons-is-layout-flex\">\n<div class=\"wp-block-button is-style-outline is-style-outline--5\"><a class=\"wp-block-button__link has-white-color has-text-color has-background has-link-color has-medium-font-size has-custom-font-size wp-element-button\" href=\"https:\/\/plsk.eu\/sk\/stretnutie-v-ramci-projektu-bezpecnost-predovsetkym\/\" style=\"border-radius:10px;background-color:#183d8e;font-style:normal;font-weight:500\">\u010ditaj<\/a><\/div>\n<\/div>\n<\/div><\/div>\n\n\n\n<hr class=\"wp-block-separator has-alpha-channel-opacity is-style-default\"\/>\n","protected":false},"featured_media":39483,"menu_order":0,"template":"","meta":{"_acf_changed":false,"inline_featured_image":false,"_themeisle_gutenberg_block_has_review":false,"footnotes":"","_links_to":"","_links_to_target":""},"kategoria_historii":[1928],"historii_partner_wiodacy":[2241],"historii_partner_projektu":[2345,2347],"regiony":[],"powiaty":[],"class_list":["post-38970","historii","type-historii","status-publish","has-post-thumbnail","hentry","kategoria_historii-2021-2027-sk","historii_partner_wiodacy-komenda-wojewodzka-policji-w-krakowie-sk","historii_partner_projektu-ministerstvo-vnutra-slovenskej-republiky","historii_partner_projektu-zdruzenie-euroregion-tatry"],"acf":[],"_links":{"self":[{"href":"https:\/\/plsk.eu\/sk\/wp-json\/wp\/v2\/historii\/38970","targetHints":{"allow":["GET"]}}],"collection":[{"href":"https:\/\/plsk.eu\/sk\/wp-json\/wp\/v2\/historii"}],"about":[{"href":"https:\/\/plsk.eu\/sk\/wp-json\/wp\/v2\/types\/historii"}],"version-history":[{"count":20,"href":"https:\/\/plsk.eu\/sk\/wp-json\/wp\/v2\/historii\/38970\/revisions"}],"predecessor-version":[{"id":43445,"href":"https:\/\/plsk.eu\/sk\/wp-json\/wp\/v2\/historii\/38970\/revisions\/43445"}],"wp:featuredmedia":[{"embeddable":true,"href":"https:\/\/plsk.eu\/sk\/wp-json\/wp\/v2\/media\/39483"}],"wp:attachment":[{"href":"https:\/\/plsk.eu\/sk\/wp-json\/wp\/v2\/media?parent=38970"}],"wp:term":[{"taxonomy":"kategoria_historii","embeddable":true,"href":"https:\/\/plsk.eu\/sk\/wp-json\/wp\/v2\/kategoria_historii?post=38970"},{"taxonomy":"historii_partner_wiodacy","embeddable":true,"href":"https:\/\/plsk.eu\/sk\/wp-json\/wp\/v2\/historii_partner_wiodacy?post=38970"},{"taxonomy":"historii_partner_projektu","embeddable":true,"href":"https:\/\/plsk.eu\/sk\/wp-json\/wp\/v2\/historii_partner_projektu?post=38970"},{"taxonomy":"regiony","embeddable":true,"href":"https:\/\/plsk.eu\/sk\/wp-json\/wp\/v2\/regiony?post=38970"},{"taxonomy":"powiaty","embeddable":true,"href":"https:\/\/plsk.eu\/sk\/wp-json\/wp\/v2\/powiaty?post=38970"}],"curies":[{"name":"wp","href":"https:\/\/api.w.org\/{rel}","templated":true}]}}