{"id":38985,"date":"2025-01-08T12:25:38","date_gmt":"2025-01-08T11:25:38","guid":{"rendered":"https:\/\/plsk.eu\/projekty-i-historie\/budujemy-w-jasle-stabilizujemy-w-svidnicke\/"},"modified":"2026-01-09T13:23:31","modified_gmt":"2026-01-09T12:23:31","slug":"budujeme-v-jasle-stabilizujeme-v-svidnicke","status":"publish","type":"historii","link":"https:\/\/plsk.eu\/sk\/projekty\/budujeme-v-jasle-stabilizujeme-v-svidnicke\/","title":{"rendered":"Budujeme v Jasle, stabilizujeme v Svidni\u010dke"},"content":{"rendered":"\n<p>Projekt je reakciou na spolo\u010dn\u00fd probl\u00e9m nedostato\u010dnej adapt\u00e1cie po\u013esko-slovensk\u00e9ho pohrani\u010dia a jeho infra\u0161trukt\u00fary na ochranu \u017eivotn\u00e9ho prostredia na prebiehaj\u00face klimatick\u00e9 zmeny. Poveternostn\u00e9 javy,m\u00f4\u017eu predstavova\u0165 hrozbu pre bezpe\u010dnos\u0165 pohrani\u010dn\u00e9 obyvate\u013estva PL-SK a sp\u00f4sobova\u0165 materi\u00e1lne \u0161kody na infra\u0161trukt\u00fare. Hlavn\u00fdm cie\u013eom projektu bude zv\u00fd\u0161enie odolnosti pohrani\u010dn\u00fdch obc\u00ed PL-SK vo\u010di zmene kl\u00edmy a extr\u00e9mnym javom prostredn\u00edctvom rozvoja zelenej a modrej infra\u0161trukt\u00fary a budovania infra\u0161trukt\u00fary na ochranu pred zosuvmi p\u00f4dy, ako aj zv\u00fd\u0161enie povedomia verejnosti o zmene kl\u00edmy. <\/p>\n\n\n\n<p>Hlavn\u00fd cie\u013e projektu sa dosiahne prostredn\u00edctvom \u0161pecifick\u00fdch cie\u013eov, ako s\u00fa: <\/p>\n\n\n\n<ul class=\"wp-block-list\">\n<li>\u0160\u00edrenie architektonick\u00fdch a dizajn\u00e9rskych rie\u0161en\u00ed zameran\u00fdch na vytv\u00e1ranie zelenej a modrej infra\u0161trukt\u00fary, ako aj infra\u0161trukt\u00fary na stabiliz\u00e1ciu svahov s vyu\u017eit\u00edm p\u00f4vodn\u00fdch druhov rastl\u00edn. <\/li>\n\n\n\n<li>Realiz\u00e1cia investi\u010dn\u00fdch projektov prostredn\u00edctvom miestnych samospr\u00e1v a verejn\u00fdch in\u0161tit\u00faci\u00ed, ktor\u00e9 bud\u00fa ako pr\u00edklad dobrej praxe vzorom proekologick\u00fdch rie\u0161en\u00ed pre ostatn\u00e9 in\u0161tit\u00facie a obyvate\u013eov na oboch stran\u00e1ch hranice. <\/li>\n\n\n\n<li>Posilnenie zodpovednosti miestnych obyvate\u013eov za zmiernenie n\u00e1sledkov pr\u00edrodn\u00fdch katastrof. <\/li>\n<\/ul>\n\n\n\n<p>Ciele sa dosiahnu prostredn\u00edctvom vybudovania infra\u0161trukt\u00fary na ochranu zosuvu p\u00f4dy v obci Svidni\u010dka slovensk\u00fdm partnerom a vybudovan\u00edm da\u017e\u010fovej z\u00e1hrady so zelen\u00fdm parkoviskom a kvetinov\u00fdmi l\u00fakami v obci Jas\u0142o po\u013esk\u00fdm partnerom. Investi\u010dn\u00e9 aktivity bud\u00fa neoddelite\u013enou s\u00fa\u010das\u0165ou spolo\u010dn\u00fdch informa\u010dno-vzdel\u00e1vac\u00edch aktiv\u00edt, ktor\u00e9 bud\u00fa zah\u0155\u0148a\u0165 workshopy, semin\u00e1r a \u0161kolenie v okrese Jas\u0142o, v\u00fdrobu filmu a vydanie pr\u00edru\u010dky (realiz\u00e1cia PJ) a konferenciu organizovan\u00fa slovensk\u00fdm partnerom. <\/p>\n\n\n\n<hr class=\"wp-block-separator has-alpha-channel-opacity\"\/>\n\n\n\n<h2 class=\"wp-block-heading\">Realiz\u00e1cia projektu<\/h2>\n\n\n\n<div class=\"\">\n\n  <div class=\"widget-image-gallery galRB gal-6336\">\n\n    <div id=\"swiperGalFUll-6336\"\n      class=\"swiper widget-image-gallery__full swiper-initialized swiper-horizontal swiper-pointer-events swiper-backface-hidden\">\n\n      <div class=\"swiper-wrapper\" id=\"swiper-wrapper-6336\" aria-live=\"polite\"\n        style=\"transform: translate3d(0px, 0px, 0px);\">\n\n        \n\n        \n        <div class=\"swiper-slide excludeimg  swiper-slide-active \"\n            tabindex=\"0\"\n        data-sliderId =\"6336\"\n        data-bs-slide-to=\"0\"\n        data-title=\"\" role=\"group\"\n          data-bs-toggle=\"modal\" data-bs-target=\"#exampleModal6336\"\n          aria-label=\"1 \/ 4\"\n          style=\"background: linear-gradient(rgba(211, 211, 211), rgba(211, 211, 211))\">\n\n          <img decoding=\"async\" src=\"https:\/\/plsk.eu\/wp-content\/uploads\/2025\/01\/1000008820-Custom.jpg\" class=\"gal_bg_img\" style=\"\n    width: 100% !important;\">\n\n          <img decoding=\"async\" src=\"https:\/\/plsk.eu\/wp-content\/uploads\/2025\/01\/1000008820-Custom.jpg\" alt=\"Chodnik z ma\u0142ych kamyczk\u00f3w po\u015br\u00f3d drzew. W tle wida\u0107 zaparkowane samochody Cesti\u010dka z mal\u00fdch kamienkov medzi stromami. V pozad\u00ed s\u00fa vidie\u0165 zaparkovan\u00e9 aut\u00e1.\" class=\"gal_main_img\" style=\"\">\n        <\/div>\n                \n\n        \n        <div class=\"swiper-slide excludeimg \"\n            tabindex=\"0\"\n        data-sliderId =\"6336\"\n        data-bs-slide-to=\"1\"\n        data-title=\"\" role=\"group\"\n          data-bs-toggle=\"modal\" data-bs-target=\"#exampleModal6336\"\n          aria-label=\"2 \/ 4\"\n          style=\"background: linear-gradient(rgba(211, 211, 211), rgba(211, 211, 211))\">\n\n          <img decoding=\"async\" src=\"https:\/\/plsk.eu\/wp-content\/uploads\/2025\/01\/DSC07342-Custom.jpg\" class=\"gal_bg_img\" style=\"\n    width: 100% !important;\">\n\n          <img decoding=\"async\" src=\"https:\/\/plsk.eu\/wp-content\/uploads\/2025\/01\/DSC07342-Custom.jpg\" alt=\"Ogr\u00f3d deszczowy z zasadzonymi niewielkimi krzewami po\u015br\u00f3d drzew Da\u017e\u010fov\u00e1 z\u00e1hrada s mal\u00fdmi kr\u00edkmi vysaden\u00fdmi medzi stromami\" class=\"gal_main_img\" style=\"\">\n        <\/div>\n                \n\n        \n        <div class=\"swiper-slide excludeimg \"\n            tabindex=\"0\"\n        data-sliderId =\"6336\"\n        data-bs-slide-to=\"2\"\n        data-title=\"\" role=\"group\"\n          data-bs-toggle=\"modal\" data-bs-target=\"#exampleModal6336\"\n          aria-label=\"3 \/ 4\"\n          style=\"background: linear-gradient(rgba(211, 211, 211), rgba(211, 211, 211))\">\n\n          <img decoding=\"async\" src=\"https:\/\/plsk.eu\/wp-content\/uploads\/2025\/01\/DSC07277-Custom.jpg\" class=\"gal_bg_img\" style=\"\n    width: 100% !important;\">\n\n          <img decoding=\"async\" src=\"https:\/\/plsk.eu\/wp-content\/uploads\/2025\/01\/DSC07277-Custom.jpg\" alt=\"Ma\u0142e ro\u015blinki otoczone kamykami w ogrodzie deszczowym. Obok strumyk Mal\u00e9 rastliny obklopen\u00e9 kamienkami v da\u017e\u010fovej z\u00e1hrade. Ved\u013ea potoka.\" class=\"gal_main_img\" style=\"\">\n        <\/div>\n                \n\n        \n        <div class=\"swiper-slide excludeimg \"\n            tabindex=\"0\"\n        data-sliderId =\"6336\"\n        data-bs-slide-to=\"3\"\n        data-title=\"\" role=\"group\"\n          data-bs-toggle=\"modal\" data-bs-target=\"#exampleModal6336\"\n          aria-label=\"4 \/ 4\"\n          style=\"background: linear-gradient(rgba(211, 211, 211), rgba(211, 211, 211))\">\n\n          <img decoding=\"async\" src=\"https:\/\/plsk.eu\/wp-content\/uploads\/2025\/01\/DSC07282-Custom.jpg\" class=\"gal_bg_img\" style=\"\n    width: 100% !important;\">\n\n          <img decoding=\"async\" src=\"https:\/\/plsk.eu\/wp-content\/uploads\/2025\/01\/DSC07282-Custom.jpg\" alt=\"Mini wodospad na strumyku. Mini vodop\u00e1d na potoku.\" class=\"gal_main_img\" style=\"\">\n        <\/div>\n                \n\n\n      <\/div>\n\n\n      <span class=\"swiper-notification\" aria-live=\"assertive\" aria-atomic=\"true\"><\/span>\n\n    <\/div>\n\n    <div id=\"swiperGalThumb-6336\" data-galid=\"6336\"\n      class=\"swiper widget-image-gallery__thumbs swiper-initialized swiper-horizontal swiper-pointer-events swiper-free-mode swiper-backface-hidden swiper-thumbs\">\n      <div class=\"swiper-wrapper\" id=\"swiper-wrapper-6336\" aria-live=\"polite\"\n        style=\"transform: translate3d(0px, 0px, 0px);\">\n\n        \n        \n        <div class=\"swiper-slide swiper-slide-prev\" style=\"width: 139px; margin-right: 30px;\" role=\"group\">\n          <img decoding=\"async\" src=\"https:\/\/plsk.eu\/wp-content\/uploads\/2025\/01\/1000008820-Custom.jpg\" alt=\"Chodnik z ma\u0142ych kamyczk\u00f3w po\u015br\u00f3d drzew. W tle wida\u0107 zaparkowane samochody Cesti\u010dka z mal\u00fdch kamienkov medzi stromami. V pozad\u00ed s\u00fa vidie\u0165 zaparkovan\u00e9 aut\u00e1.\">\n        <\/div>\n        \n        \n        <div class=\"swiper-slide swiper-slide-prev\" style=\"width: 139px; margin-right: 30px;\" role=\"group\">\n          <img decoding=\"async\" src=\"https:\/\/plsk.eu\/wp-content\/uploads\/2025\/01\/DSC07342-Custom.jpg\" alt=\"Ogr\u00f3d deszczowy z zasadzonymi niewielkimi krzewami po\u015br\u00f3d drzew Da\u017e\u010fov\u00e1 z\u00e1hrada s mal\u00fdmi kr\u00edkmi vysaden\u00fdmi medzi stromami\">\n        <\/div>\n        \n        \n        <div class=\"swiper-slide swiper-slide-prev\" style=\"width: 139px; margin-right: 30px;\" role=\"group\">\n          <img decoding=\"async\" src=\"https:\/\/plsk.eu\/wp-content\/uploads\/2025\/01\/DSC07277-Custom.jpg\" alt=\"Ma\u0142e ro\u015blinki otoczone kamykami w ogrodzie deszczowym. Obok strumyk Mal\u00e9 rastliny obklopen\u00e9 kamienkami v da\u017e\u010fovej z\u00e1hrade. Ved\u013ea potoka.\">\n        <\/div>\n        \n        \n        <div class=\"swiper-slide swiper-slide-prev\" style=\"width: 139px; margin-right: 30px;\" role=\"group\">\n          <img decoding=\"async\" src=\"https:\/\/plsk.eu\/wp-content\/uploads\/2025\/01\/DSC07282-Custom.jpg\" alt=\"Mini wodospad na strumyku. Mini vodop\u00e1d na potoku.\">\n        <\/div>\n        \n\n      <\/div>\n      <span class=\"swiper-notification\" aria-live=\"assertive\" aria-atomic=\"true\"><\/span>\n    <\/div>\n          <!--\n    <div class=\"widget-image-gallery__caption\">\n      <p>Opis zdj\u0119cia5, fot. Jan Kowalski<\/p>\n    <\/div>-->\n\n\n    <div class=\"image-swiper-button-prev swiper-button-prev\" role=\"button\" aria-label=\"Predch\u00e1dzaj\u00faci obr\u00e1zok\"\n      aria-controls=\"swiper-wrapper-6336\" aria-disabled=\"false\">\n    <\/div>\n\n    <div class=\"image-swiper-button-next swiper-button-next swiper-button-disabled\" role=\"button\"\n      aria-label=\"\u010eal\u0161\u00ed obr\u00e1zok\" aria-controls=\"swiper-wrapper-9305\" aria-disabled=\"true\">\n    <\/div>\n\n\n\n\n  <\/div>\n\n  \n  <div class=\"modal fade gal_modal\" id=\"exampleModal6336\" tabindex=\"-1\" aria-hidden=\"true\">\n    <div class=\"modal-dialog\">\n      <div class=\"modal-content\">\n        <div class=\"modal-header\">\n          <button type=\"button\" class=\"btn-close\" data-bs-dismiss=\"modal\" aria-label=\"Zamkn\u0105\u0107\">\n          <img decoding=\"async\"\n              src=\"https:\/\/plsk.eu\/wp-content\/themes\/fundusze\/assets\/images\/close.svg\"\n              alt=Zamkn\u0105\u0107>\n          <span class=\"visually-hidden\">Zamkn\u0105\u0107<\/span>\n        <\/button>\n        <\/div>\n\n          <div class=\"row no_mobile\">\n\n            <div class=\"col-xxl-2 col-xl-2 col-lg-2 col-md-2 col-sm-2 gal_left\">\n              <button type=\"button\" data-bs-target=\"#carouselExample6336\" data-bs-slide=\"prev\"\n                aria-label=\"Predch\u00e1dzaj\u00faci obr\u00e1zok\">\n                <img decoding=\"async\" src=\"https:\/\/plsk.eu\/wp-content\/themes\/fundusze\/assets\/images\/back.svg\" alt=\"\"> <\/button>\n            <\/div>\n\n            <div class=\"col-xxl-8 col-xl-8 col-lg-8 col-md-8 col-sm-8\">\n\n              <div id=\"carouselExample6336\" class=\"carousel slide\" data-bs-interval=\"50000\"\n                data-bs-ride=\"carousel\">\n\n                <div class=\"carousel-inner\">\n\n                  \n                                    <div class=\"carousel-item  active \">\n                    <img decoding=\"async\" src=\"https:\/\/plsk.eu\/wp-content\/uploads\/2025\/01\/1000008820-Custom.jpg\" alt=\"Chodnik z ma\u0142ych kamyczk\u00f3w po\u015br\u00f3d drzew. W tle wida\u0107 zaparkowane samochody Cesti\u010dka z mal\u00fdch kamienkov medzi stromami. V pozad\u00ed s\u00fa vidie\u0165 zaparkovan\u00e9 aut\u00e1.\" class=\"img_all\">\n                    <div class=\"row\">\n\n                      <div class=\"col-xxl-12 col-xl-12 col-lg-12 col-md-12 col-sm-12\">\n                        <div class=\"img_caption\">\n                          <div class=\"cap_text\">\n                                                                                  <\/div>\n                          <div class=\"cap_num\">\n                            <strong> 1 z 4<\/strong>\n                          <\/div>\n\n                        <\/div>\n                      <\/div>\n\n                    <\/div>\n                  <\/div>\n                                    \n                                    <div class=\"carousel-item \">\n                    <img decoding=\"async\" src=\"https:\/\/plsk.eu\/wp-content\/uploads\/2025\/01\/DSC07342-Custom.jpg\" alt=\"Ogr\u00f3d deszczowy z zasadzonymi niewielkimi krzewami po\u015br\u00f3d drzew Da\u017e\u010fov\u00e1 z\u00e1hrada s mal\u00fdmi kr\u00edkmi vysaden\u00fdmi medzi stromami\" class=\"img_all\">\n                    <div class=\"row\">\n\n                      <div class=\"col-xxl-12 col-xl-12 col-lg-12 col-md-12 col-sm-12\">\n                        <div class=\"img_caption\">\n                          <div class=\"cap_text\">\n                                                                                  <\/div>\n                          <div class=\"cap_num\">\n                            <strong> 2 z 4<\/strong>\n                          <\/div>\n\n                        <\/div>\n                      <\/div>\n\n                    <\/div>\n                  <\/div>\n                                    \n                                    <div class=\"carousel-item \">\n                    <img decoding=\"async\" src=\"https:\/\/plsk.eu\/wp-content\/uploads\/2025\/01\/DSC07277-Custom.jpg\" alt=\"Ma\u0142e ro\u015blinki otoczone kamykami w ogrodzie deszczowym. Obok strumyk Mal\u00e9 rastliny obklopen\u00e9 kamienkami v da\u017e\u010fovej z\u00e1hrade. Ved\u013ea potoka.\" class=\"img_all\">\n                    <div class=\"row\">\n\n                      <div class=\"col-xxl-12 col-xl-12 col-lg-12 col-md-12 col-sm-12\">\n                        <div class=\"img_caption\">\n                          <div class=\"cap_text\">\n                                                                                  <\/div>\n                          <div class=\"cap_num\">\n                            <strong> 3 z 4<\/strong>\n                          <\/div>\n\n                        <\/div>\n                      <\/div>\n\n                    <\/div>\n                  <\/div>\n                                    \n                                    <div class=\"carousel-item \">\n                    <img decoding=\"async\" src=\"https:\/\/plsk.eu\/wp-content\/uploads\/2025\/01\/DSC07282-Custom.jpg\" alt=\"Mini wodospad na strumyku. Mini vodop\u00e1d na potoku.\" class=\"img_all\">\n                    <div class=\"row\">\n\n                      <div class=\"col-xxl-12 col-xl-12 col-lg-12 col-md-12 col-sm-12\">\n                        <div class=\"img_caption\">\n                          <div class=\"cap_text\">\n                                                                                  <\/div>\n                          <div class=\"cap_num\">\n                            <strong> 4 z 4<\/strong>\n                          <\/div>\n\n                        <\/div>\n                      <\/div>\n\n                    <\/div>\n                  <\/div>\n                                    \n                <\/div>\n\n              <\/div>\n\n            <\/div>\n            <div class=\"col-xxl-2 col-xl-2 col-lg-2 col-md-2 col-sm-2 gal_right\">\n              <button type=\"button\" data-bs-target=\"#carouselExample6336\" data-bs-slide=\"next\"\n                aria-label=\"\u010eal\u0161\u00ed obr\u00e1zok\"> <img decoding=\"async\"\n                  src=\"https:\/\/plsk.eu\/wp-content\/themes\/fundusze\/assets\/images\/next.svg\" alt=\"\"><\/button>\n            <\/div>\n\n          <\/div>\n\n\n          <div class=\"row no_desk\">\n\n            <div class=\"col-xxl-8 col-xl-8 col-lg-8 col-md-8 col-sm-8\">\n\n              <div id=\"carouselExample6336mob6336\" class=\"carousel slide\" data-bs-interval=\"50000\"\n                data-bs-ride=\"carousel\">\n\n                <div class=\"carousel-inner\">\n\n                  \n                                    <div class=\"carousel-item  active \">\n                    <img decoding=\"async\" src=\"https:\/\/plsk.eu\/wp-content\/uploads\/2025\/01\/1000008820-Custom.jpg\" alt=\"Chodnik z ma\u0142ych kamyczk\u00f3w po\u015br\u00f3d drzew. W tle wida\u0107 zaparkowane samochody Cesti\u010dka z mal\u00fdch kamienkov medzi stromami. V pozad\u00ed s\u00fa vidie\u0165 zaparkovan\u00e9 aut\u00e1.\" class=\"img_all\">\n                    <div class=\"row\">\n\n                      <div class=\"col-xxl-12 col-xl-12 col-lg-12 col-md-12 col-sm-12\">\n                        <div class=\"img_caption\">\n                          <div class=\"cap_text\">\n                            \n                                                      <\/div>\n                          <div class=\"cap_num\">\n                            <strong> 1 z 4<\/strong>\n                          <\/div>\n\n                        <\/div>\n                      <\/div>\n\n                    <\/div>\n                  <\/div>\n                  \n                                    <div class=\"carousel-item \">\n                    <img decoding=\"async\" src=\"https:\/\/plsk.eu\/wp-content\/uploads\/2025\/01\/DSC07342-Custom.jpg\" alt=\"Ogr\u00f3d deszczowy z zasadzonymi niewielkimi krzewami po\u015br\u00f3d drzew Da\u017e\u010fov\u00e1 z\u00e1hrada s mal\u00fdmi kr\u00edkmi vysaden\u00fdmi medzi stromami\" class=\"img_all\">\n                    <div class=\"row\">\n\n                      <div class=\"col-xxl-12 col-xl-12 col-lg-12 col-md-12 col-sm-12\">\n                        <div class=\"img_caption\">\n                          <div class=\"cap_text\">\n                            \n                                                      <\/div>\n                          <div class=\"cap_num\">\n                            <strong> 2 z 4<\/strong>\n                          <\/div>\n\n                        <\/div>\n                      <\/div>\n\n                    <\/div>\n                  <\/div>\n                  \n                                    <div class=\"carousel-item \">\n                    <img decoding=\"async\" src=\"https:\/\/plsk.eu\/wp-content\/uploads\/2025\/01\/DSC07277-Custom.jpg\" alt=\"Ma\u0142e ro\u015blinki otoczone kamykami w ogrodzie deszczowym. Obok strumyk Mal\u00e9 rastliny obklopen\u00e9 kamienkami v da\u017e\u010fovej z\u00e1hrade. Ved\u013ea potoka.\" class=\"img_all\">\n                    <div class=\"row\">\n\n                      <div class=\"col-xxl-12 col-xl-12 col-lg-12 col-md-12 col-sm-12\">\n                        <div class=\"img_caption\">\n                          <div class=\"cap_text\">\n                            \n                                                      <\/div>\n                          <div class=\"cap_num\">\n                            <strong> 3 z 4<\/strong>\n                          <\/div>\n\n                        <\/div>\n                      <\/div>\n\n                    <\/div>\n                  <\/div>\n                  \n                                    <div class=\"carousel-item \">\n                    <img decoding=\"async\" src=\"https:\/\/plsk.eu\/wp-content\/uploads\/2025\/01\/DSC07282-Custom.jpg\" alt=\"Mini wodospad na strumyku. Mini vodop\u00e1d na potoku.\" class=\"img_all\">\n                    <div class=\"row\">\n\n                      <div class=\"col-xxl-12 col-xl-12 col-lg-12 col-md-12 col-sm-12\">\n                        <div class=\"img_caption\">\n                          <div class=\"cap_text\">\n                            \n                                                      <\/div>\n                          <div class=\"cap_num\">\n                            <strong> 4 z 4<\/strong>\n                          <\/div>\n\n                        <\/div>\n                      <\/div>\n\n                    <\/div>\n                  <\/div>\n                                  <\/div>\n              <\/div>\n\n            <\/div>\n            <div class=\"col-xxl-2 col-xl-2 col-lg-2 col-md-2 col-sm-12 gal_arrow mb-30px\">\n              <img decoding=\"async\" src=\"https:\/\/plsk.eu\/wp-content\/themes\/fundusze\/assets\/images\/back.svg\"\n                data-bs-target=\"#carouselExample6336mob6336\" data-bs-slide=\"prev\" alt=\"\"> <img decoding=\"async\"\n                src=\"https:\/\/plsk.eu\/wp-content\/themes\/fundusze\/assets\/images\/next.svg\"\n                data-bs-target=\"#carouselExample6336mob6336\" data-bs-slide=\"next\" alt=\"\">\n            <\/div>\n\n          <\/div>\n      <\/div>\n    <\/div>\n  <\/div>\n\n  \n\n\n<hr class=\"wp-block-separator has-alpha-channel-opacity is-style-default\"\/>\n\n\n\n<div class=\"wp-block-media-text is-stacked-on-mobile is-image-fill-element\"><figure class=\"wp-block-media-text__media\"><img loading=\"lazy\" decoding=\"async\" width=\"1024\" height=\"576\" src=\"https:\/\/plsk.eu\/wp-content\/uploads\/2025\/11\/PRZYJAZNE-NATURZE-I-BEZPIECZNE-POGRANICZE-16-1024x576.png\" alt=\"\" class=\"wp-image-41990 size-full\" style=\"object-position:50% 50%\" srcset=\"https:\/\/plsk.eu\/wp-content\/uploads\/2025\/11\/PRZYJAZNE-NATURZE-I-BEZPIECZNE-POGRANICZE-16-1024x576.png 1024w, https:\/\/plsk.eu\/wp-content\/uploads\/2025\/11\/PRZYJAZNE-NATURZE-I-BEZPIECZNE-POGRANICZE-16-300x169.png 300w, https:\/\/plsk.eu\/wp-content\/uploads\/2025\/11\/PRZYJAZNE-NATURZE-I-BEZPIECZNE-POGRANICZE-16-768x432.png 768w, https:\/\/plsk.eu\/wp-content\/uploads\/2025\/11\/PRZYJAZNE-NATURZE-I-BEZPIECZNE-POGRANICZE-16.png 1366w\" sizes=\"auto, (max-width: 1024px) 100vw, 1024px\" \/><\/figure><div class=\"wp-block-media-text__content\">\n<p>Rozhovor so z\u00e1stupcom hlavn\u00e9ho partnera<\/p>\n\n\n\n<div class=\"wp-block-buttons is-content-justification-center is-layout-flex wp-container-core-buttons-is-layout-14c487f4 wp-block-buttons-is-layout-flex\">\n<div class=\"wp-block-button is-style-outline is-style-outline--1\"><a class=\"wp-block-button__link has-white-color has-text-color has-background has-link-color has-medium-font-size has-custom-font-size wp-element-button\" href=\"https:\/\/plsk.eu\/sk\/rozhovor-budujeme-v-jasle-stabilizujeme-v-svidnicke\/\" style=\"border-radius:10px;background-color:#183d8e;font-style:normal;font-weight:500\" target=\"_blank\" rel=\"noreferrer noopener\">\u010d\u00edtaj<\/a><\/div>\n<\/div>\n<\/div><\/div>\n\n\n\n<hr class=\"wp-block-separator has-alpha-channel-opacity is-style-default\"\/>\n","protected":false},"featured_media":42371,"menu_order":0,"template":"","meta":{"_acf_changed":false,"inline_featured_image":false,"_themeisle_gutenberg_block_has_review":false,"footnotes":"","_links_to":"","_links_to_target":""},"kategoria_historii":[1928],"historii_partner_wiodacy":[2244],"historii_partner_projektu":[2121],"regiony":[],"powiaty":[],"class_list":["post-38985","historii","type-historii","status-publish","has-post-thumbnail","hentry","kategoria_historii-2021-2027-sk","historii_partner_wiodacy-okres-jasielski","historii_partner_projektu-sprava-a-udrzba-ciest-presovskeho-samospravneho-kraja"],"acf":[],"_links":{"self":[{"href":"https:\/\/plsk.eu\/sk\/wp-json\/wp\/v2\/historii\/38985","targetHints":{"allow":["GET"]}}],"collection":[{"href":"https:\/\/plsk.eu\/sk\/wp-json\/wp\/v2\/historii"}],"about":[{"href":"https:\/\/plsk.eu\/sk\/wp-json\/wp\/v2\/types\/historii"}],"version-history":[{"count":6,"href":"https:\/\/plsk.eu\/sk\/wp-json\/wp\/v2\/historii\/38985\/revisions"}],"predecessor-version":[{"id":42512,"href":"https:\/\/plsk.eu\/sk\/wp-json\/wp\/v2\/historii\/38985\/revisions\/42512"}],"wp:featuredmedia":[{"embeddable":true,"href":"https:\/\/plsk.eu\/sk\/wp-json\/wp\/v2\/media\/42371"}],"wp:attachment":[{"href":"https:\/\/plsk.eu\/sk\/wp-json\/wp\/v2\/media?parent=38985"}],"wp:term":[{"taxonomy":"kategoria_historii","embeddable":true,"href":"https:\/\/plsk.eu\/sk\/wp-json\/wp\/v2\/kategoria_historii?post=38985"},{"taxonomy":"historii_partner_wiodacy","embeddable":true,"href":"https:\/\/plsk.eu\/sk\/wp-json\/wp\/v2\/historii_partner_wiodacy?post=38985"},{"taxonomy":"historii_partner_projektu","embeddable":true,"href":"https:\/\/plsk.eu\/sk\/wp-json\/wp\/v2\/historii_partner_projektu?post=38985"},{"taxonomy":"regiony","embeddable":true,"href":"https:\/\/plsk.eu\/sk\/wp-json\/wp\/v2\/regiony?post=38985"},{"taxonomy":"powiaty","embeddable":true,"href":"https:\/\/plsk.eu\/sk\/wp-json\/wp\/v2\/powiaty?post=38985"}],"curies":[{"name":"wp","href":"https:\/\/api.w.org\/{rel}","templated":true}]}}