{"id":39030,"date":"2025-01-08T14:14:23","date_gmt":"2025-01-08T13:14:23","guid":{"rendered":"https:\/\/plsk.eu\/projekty\/wokol-rzeki-poprad\/"},"modified":"2026-03-04T11:43:35","modified_gmt":"2026-03-04T10:43:35","slug":"okolo-rieky-poprad","status":"publish","type":"historii","link":"https:\/\/plsk.eu\/sk\/projekty\/okolo-rieky-poprad\/","title":{"rendered":"Okolo rieky Poprad"},"content":{"rendered":"\n<p>Projekt predpoklad\u00e1 realiz\u00e1ciu pr\u00e1c zabra\u0148uj\u00facich vzniku \u017eiveln\u00fdch pohr\u00f4m, ak\u00fdmi s\u00fa zosuvy p\u00f4dy. Na po\u013eskej strane je vo vecnej p\u00f4sobnosti zabezpe\u010denie krajinskej cesty \u010d. 971 Krynica Zdr\u00f3j &#8211; Piwniczna Zdr\u00f3j proti p\u00e1du sk\u00e1l a zosuvu p\u00f4dy s pou\u017eit\u00edm protihrdzov\u00fdch siet\u00ed a z\u00e1bran proti trieskam na 9 \u00fasekoch cesty v obci Muszyna, Milik, Andrzej\u00f3wka a \u0141omnica Zdr\u00f3j. Slovensk\u00e1 strana bude realizova\u0165 pr\u00e1ce zameran\u00e9 na stabiliz\u00e1ciu zosuvu na ceste III\/3138 v \u00dadole. Pr\u00e1ce predpokladaj\u00fa stabiliz\u00e1ciu cestn\u00e9ho telesa v oblasti zosuvu zlep\u0161en\u00edm odvod\u0148ovac\u00edch pomerov komunik\u00e1cie a vybudovan\u00edm oporn\u00e9ho m\u00faru. Projekt m\u00e1 za cie\u013e zv\u00fd\u0161i\u0165 odolnos\u0165 vo\u010di klimatick\u00fdm zmen\u00e1m a extr\u00e9mnym javom s\u00fa\u010dasnej cestnej infra\u0161trukt\u00fary, zv\u00fd\u0161i\u0165 bezpe\u010dnos\u0165 v\u0161etk\u00fdch \u00fa\u010dastn\u00edkov cestnej prem\u00e1vky, zabezpe\u010di\u0165 mobilitu elimin\u00e1ciou rizika zastavenia cestnej prem\u00e1vky v pr\u00edpade zosuvu p\u00f4dy, vytvori\u0165 podmienky na vyu\u017eitie turistick\u00e9ho potenci\u00e1lu regi\u00f3nu bezpe\u010dn\u00fdm pr\u00edstupom k turisticky atrakt\u00edvnym miestam. <\/p>\n\n\n\n<h2 class=\"wp-block-heading\">Realiz\u00e1cia projektu<\/h2>\n\n\n\n<div class=\"\">\n\n  <div class=\"widget-image-gallery galRB gal-7257\">\n\n    <div id=\"swiperGalFUll-7257\"\n      class=\"swiper widget-image-gallery__full swiper-initialized swiper-horizontal swiper-pointer-events swiper-backface-hidden\">\n\n      <div class=\"swiper-wrapper\" id=\"swiper-wrapper-7257\" aria-live=\"polite\"\n        style=\"transform: translate3d(0px, 0px, 0px);\">\n\n        \n\n        \n        <div class=\"swiper-slide excludeimg  swiper-slide-active \"\n            tabindex=\"0\"\n        data-sliderId =\"7257\"\n        data-bs-slide-to=\"0\"\n        data-title=\"\" role=\"group\"\n          data-bs-toggle=\"modal\" data-bs-target=\"#exampleModal7257\"\n          aria-label=\"1 \/ 14\"\n          style=\"background: linear-gradient(rgba(211, 211, 211), rgba(211, 211, 211))\">\n\n          <img decoding=\"async\" src=\"https:\/\/plsk.eu\/wp-content\/uploads\/2026\/03\/DJI_0330-Edit.jpg\" class=\"gal_bg_img\" style=\"\n    width: 100% !important;\">\n\n          <img decoding=\"async\" src=\"https:\/\/plsk.eu\/wp-content\/uploads\/2026\/03\/DJI_0330-Edit.jpg\" alt=\"Wyremontowana droga z nowym asfaltem wraz z barierami ochronnymi Renovovan\u00e1 cesta s nov\u00fdm asfaltom a bezpe\u010dnostn\u00fdmi bari\u00e9rami\" class=\"gal_main_img\" style=\"\">\n        <\/div>\n                \n\n        \n        <div class=\"swiper-slide excludeimg \"\n            tabindex=\"0\"\n        data-sliderId =\"7257\"\n        data-bs-slide-to=\"1\"\n        data-title=\"\" role=\"group\"\n          data-bs-toggle=\"modal\" data-bs-target=\"#exampleModal7257\"\n          aria-label=\"2 \/ 14\"\n          style=\"background: linear-gradient(rgba(211, 211, 211), rgba(211, 211, 211))\">\n\n          <img decoding=\"async\" src=\"https:\/\/plsk.eu\/wp-content\/uploads\/2026\/03\/Still-2025-12-22-155855_3.12.1.jpg\" class=\"gal_bg_img\" style=\"\n    width: 100% !important;\">\n\n          <img decoding=\"async\" src=\"https:\/\/plsk.eu\/wp-content\/uploads\/2026\/03\/Still-2025-12-22-155855_3.12.1.jpg\" alt=\"Wyremontowana droga z nowym asfaltem wraz z barierami ochronnymi Renovovan\u00e1 cesta s nov\u00fdm asfaltom a bezpe\u010dnostn\u00fdmi bari\u00e9rami\" class=\"gal_main_img\" style=\"\">\n        <\/div>\n                \n\n        \n        <div class=\"swiper-slide excludeimg \"\n            tabindex=\"0\"\n        data-sliderId =\"7257\"\n        data-bs-slide-to=\"2\"\n        data-title=\"\" role=\"group\"\n          data-bs-toggle=\"modal\" data-bs-target=\"#exampleModal7257\"\n          aria-label=\"3 \/ 14\"\n          style=\"background: linear-gradient(rgba(211, 211, 211), rgba(211, 211, 211))\">\n\n          <img decoding=\"async\" src=\"https:\/\/plsk.eu\/wp-content\/uploads\/2026\/03\/DSC09043-Edit.jpg\" class=\"gal_bg_img\" style=\"\n    width: 100% !important;\">\n\n          <img decoding=\"async\" src=\"https:\/\/plsk.eu\/wp-content\/uploads\/2026\/03\/DSC09043-Edit.jpg\" alt=\"Bariery ochronne wraz z betonow\u0105 stabilizacj\u0105 drogi Ochrann\u00e9 bari\u00e9ry s bet\u00f3novou stabiliz\u00e1ciou cesty\" class=\"gal_main_img\" style=\"\">\n        <\/div>\n                \n\n        \n        <div class=\"swiper-slide excludeimg \"\n            tabindex=\"0\"\n        data-sliderId =\"7257\"\n        data-bs-slide-to=\"3\"\n        data-title=\"\" role=\"group\"\n          data-bs-toggle=\"modal\" data-bs-target=\"#exampleModal7257\"\n          aria-label=\"4 \/ 14\"\n          style=\"background: linear-gradient(rgba(211, 211, 211), rgba(211, 211, 211))\">\n\n          <img decoding=\"async\" src=\"https:\/\/plsk.eu\/wp-content\/uploads\/2026\/03\/DSC09036-Edit.jpg\" class=\"gal_bg_img\" style=\"\n    width: 100% !important;\">\n\n          <img decoding=\"async\" src=\"https:\/\/plsk.eu\/wp-content\/uploads\/2026\/03\/DSC09036-Edit.jpg\" alt=\"Bariery ochronne wraz z betonow\u0105 stabilizacj\u0105 drogi Ochrann\u00e9 bari\u00e9ry s bet\u00f3novou stabiliz\u00e1ciou cesty\" class=\"gal_main_img\" style=\"\">\n        <\/div>\n                \n\n        \n        <div class=\"swiper-slide excludeimg \"\n            tabindex=\"0\"\n        data-sliderId =\"7257\"\n        data-bs-slide-to=\"4\"\n        data-title=\"\" role=\"group\"\n          data-bs-toggle=\"modal\" data-bs-target=\"#exampleModal7257\"\n          aria-label=\"5 \/ 14\"\n          style=\"background: linear-gradient(rgba(211, 211, 211), rgba(211, 211, 211))\">\n\n          <img decoding=\"async\" src=\"https:\/\/plsk.eu\/wp-content\/uploads\/2026\/03\/DSC09033-Edit.jpg\" class=\"gal_bg_img\" style=\"\n    width: 100% !important;\">\n\n          <img decoding=\"async\" src=\"https:\/\/plsk.eu\/wp-content\/uploads\/2026\/03\/DSC09033-Edit.jpg\" alt=\"Bariery ochronne wraz z betonow\u0105 stabilizacj\u0105 drogi Ochrann\u00e9 bari\u00e9ry s bet\u00f3novou stabiliz\u00e1ciou cesty\" class=\"gal_main_img\" style=\"\">\n        <\/div>\n                \n\n        \n        <div class=\"swiper-slide excludeimg \"\n            tabindex=\"0\"\n        data-sliderId =\"7257\"\n        data-bs-slide-to=\"5\"\n        data-title=\"\" role=\"group\"\n          data-bs-toggle=\"modal\" data-bs-target=\"#exampleModal7257\"\n          aria-label=\"6 \/ 14\"\n          style=\"background: linear-gradient(rgba(211, 211, 211), rgba(211, 211, 211))\">\n\n          <img decoding=\"async\" src=\"https:\/\/plsk.eu\/wp-content\/uploads\/2026\/03\/20251020_182230-scaled.jpg\" class=\"gal_bg_img\" style=\"\n    width: 100% !important;\">\n\n          <img decoding=\"async\" src=\"https:\/\/plsk.eu\/wp-content\/uploads\/2026\/03\/20251020_182230-scaled.jpg\" alt=\"Grupa kilkunastu os\u00f3b pozuje do zdj\u0119cia na tle \u015bcianki promocyjnej Skupina nieko\u013ek\u00fdch \u013eud\u00ed p\u00f3zuje na fotografii pred propaga\u010dnou stenou.\" class=\"gal_main_img\" style=\"\">\n        <\/div>\n                \n\n        \n        <div class=\"swiper-slide excludeimg \"\n            tabindex=\"0\"\n        data-sliderId =\"7257\"\n        data-bs-slide-to=\"6\"\n        data-title=\"\" role=\"group\"\n          data-bs-toggle=\"modal\" data-bs-target=\"#exampleModal7257\"\n          aria-label=\"7 \/ 14\"\n          style=\"background: linear-gradient(rgba(211, 211, 211), rgba(211, 211, 211))\">\n\n          <img decoding=\"async\" src=\"https:\/\/plsk.eu\/wp-content\/uploads\/2026\/03\/20251020_182127-scaled.jpg\" class=\"gal_bg_img\" style=\"\n    width: 100% !important;\">\n\n          <img decoding=\"async\" src=\"https:\/\/plsk.eu\/wp-content\/uploads\/2026\/03\/20251020_182127-scaled.jpg\" alt=\"Grupa siedmiu os\u00f3b pozuje do zdj\u0119cia na tle \u015bcianki promocyjnej. Dwie z os\u00f3b trzymaj\u0105 w r\u0119ce teczki, prezentuj\u0105c dokumenty Skupina siedmich \u013eud\u00ed p\u00f3zuje na fotografii pred propaga\u010dnou stenou. Dvaja z nich dr\u017eia aktovky a prezentuj\u00fa dokumenty.\" class=\"gal_main_img\" style=\"\">\n        <\/div>\n                \n\n        \n        <div class=\"swiper-slide excludeimg \"\n            tabindex=\"0\"\n        data-sliderId =\"7257\"\n        data-bs-slide-to=\"7\"\n        data-title=\"\" role=\"group\"\n          data-bs-toggle=\"modal\" data-bs-target=\"#exampleModal7257\"\n          aria-label=\"8 \/ 14\"\n          style=\"background: linear-gradient(rgba(211, 211, 211), rgba(211, 211, 211))\">\n\n          <img decoding=\"async\" src=\"https:\/\/plsk.eu\/wp-content\/uploads\/2026\/03\/20251020_171944-scaled.jpg\" class=\"gal_bg_img\" style=\"\n    width: 100% !important;\">\n\n          <img decoding=\"async\" src=\"https:\/\/plsk.eu\/wp-content\/uploads\/2026\/03\/20251020_171944-scaled.jpg\" alt=\"Kilkana\u015bcie os\u00f3b siedzi na sali konferencyjnej przed ekranem na kt\u00f3rym wy\u015bwietlana jest prezentacja. Obok ekranu stoi m\u0119\u017cczyzna V konferen\u010dnej miestnosti sed\u00ed asi tucet \u013eud\u00ed pred obrazovkou, na ktorej sa premieta prezent\u00e1cia. Ved\u013ea obrazovky stoj\u00ed mu\u017e.\" class=\"gal_main_img\" style=\"\">\n        <\/div>\n                \n\n        \n        <div class=\"swiper-slide excludeimg \"\n            tabindex=\"0\"\n        data-sliderId =\"7257\"\n        data-bs-slide-to=\"8\"\n        data-title=\"\" role=\"group\"\n          data-bs-toggle=\"modal\" data-bs-target=\"#exampleModal7257\"\n          aria-label=\"9 \/ 14\"\n          style=\"background: linear-gradient(rgba(211, 211, 211), rgba(211, 211, 211))\">\n\n          <img decoding=\"async\" src=\"https:\/\/plsk.eu\/wp-content\/uploads\/2026\/03\/IMG_6489-scaled.jpeg\" class=\"gal_bg_img\" style=\"\n    width: 100% !important;\">\n\n          <img decoding=\"async\" src=\"https:\/\/plsk.eu\/wp-content\/uploads\/2026\/03\/IMG_6489-scaled.jpeg\" alt=\"Dzieci siedz\u0105ce w szkolnej klasie z uniesionymi do odpowiedzi r\u0119kami Deti sediace v \u0161kolskej triede s rukami zdvihnut\u00fdmi, aby odpovedali\" class=\"gal_main_img\" style=\"\">\n        <\/div>\n                \n\n        \n        <div class=\"swiper-slide excludeimg \"\n            tabindex=\"0\"\n        data-sliderId =\"7257\"\n        data-bs-slide-to=\"9\"\n        data-title=\"\" role=\"group\"\n          data-bs-toggle=\"modal\" data-bs-target=\"#exampleModal7257\"\n          aria-label=\"10 \/ 14\"\n          style=\"background: linear-gradient(rgba(211, 211, 211), rgba(211, 211, 211))\">\n\n          <img decoding=\"async\" src=\"https:\/\/plsk.eu\/wp-content\/uploads\/2026\/03\/482227687_941214628201336_2249808527197290677_n.jpg\" class=\"gal_bg_img\" style=\"\n    width: 100% !important;\">\n\n          <img decoding=\"async\" src=\"https:\/\/plsk.eu\/wp-content\/uploads\/2026\/03\/482227687_941214628201336_2249808527197290677_n.jpg\" alt=\"Dzieci siedz\u0105 w klasie. Przed nimi ekran na kt\u00f3rym wy\u015bwietlana jest prezentacja. Przed ekranem stoi ch\u0142opiec i pokazuje r\u0119k\u0105 na fragment prezentacji Deti sedia v triede. Pred nimi je obrazovka, na ktorej sa premieta prezent\u00e1cia. Chlapec stoj\u00ed pred obrazovkou a ukazuje na \u010das\u0165 prezent\u00e1cie.\" class=\"gal_main_img\" style=\"\">\n        <\/div>\n                \n\n        \n        <div class=\"swiper-slide excludeimg \"\n            tabindex=\"0\"\n        data-sliderId =\"7257\"\n        data-bs-slide-to=\"10\"\n        data-title=\"\" role=\"group\"\n          data-bs-toggle=\"modal\" data-bs-target=\"#exampleModal7257\"\n          aria-label=\"11 \/ 14\"\n          style=\"background: linear-gradient(rgba(211, 211, 211), rgba(211, 211, 211))\">\n\n          <img decoding=\"async\" src=\"https:\/\/plsk.eu\/wp-content\/uploads\/2026\/03\/20241210_091954-scaled.jpg\" class=\"gal_bg_img\" style=\"\n    width: 100% !important;\">\n\n          <img decoding=\"async\" src=\"https:\/\/plsk.eu\/wp-content\/uploads\/2026\/03\/20241210_091954-scaled.jpg\" alt=\"Dzieci siedz\u0105 w klasie. Przed nimi ekran na kt\u00f3rym wy\u015bwietlana jest prezentacja. Przed ekranem stoi m\u0119\u017cczyzna w okularach Deti sedia v triede. Pred nimi je obrazovka, na ktorej sa premieta prezent\u00e1cia. Muz stoj\u00ed pred obrazovkou\" class=\"gal_main_img\" style=\"\">\n        <\/div>\n                \n\n        \n        <div class=\"swiper-slide excludeimg \"\n            tabindex=\"0\"\n        data-sliderId =\"7257\"\n        data-bs-slide-to=\"11\"\n        data-title=\"\" role=\"group\"\n          data-bs-toggle=\"modal\" data-bs-target=\"#exampleModal7257\"\n          aria-label=\"12 \/ 14\"\n          style=\"background: linear-gradient(rgba(211, 211, 211), rgba(211, 211, 211))\">\n\n          <img decoding=\"async\" src=\"https:\/\/plsk.eu\/wp-content\/uploads\/2026\/03\/IMG-20241219-WA0055.jpg\" class=\"gal_bg_img\" style=\"\n    width: 100% !important;\">\n\n          <img decoding=\"async\" src=\"https:\/\/plsk.eu\/wp-content\/uploads\/2026\/03\/IMG-20241219-WA0055.jpg\" alt=\"Kamienne zabezpieczenie skarpy przy drodze wraz z siatk\u0105 ochronn\u0105 Kamenn\u00e1 ochrana svahu pozd\u013a\u017e cesty s ochrannou sie\u0165ou\" class=\"gal_main_img\" style=\"\">\n        <\/div>\n                \n\n        \n        <div class=\"swiper-slide excludeimg \"\n            tabindex=\"0\"\n        data-sliderId =\"7257\"\n        data-bs-slide-to=\"12\"\n        data-title=\"\" role=\"group\"\n          data-bs-toggle=\"modal\" data-bs-target=\"#exampleModal7257\"\n          aria-label=\"13 \/ 14\"\n          style=\"background: linear-gradient(rgba(211, 211, 211), rgba(211, 211, 211))\">\n\n          <img decoding=\"async\" src=\"https:\/\/plsk.eu\/wp-content\/uploads\/2026\/03\/IMG-20241219-WA0001.jpg\" class=\"gal_bg_img\" style=\"\n    width: 100% !important;\">\n\n          <img decoding=\"async\" src=\"https:\/\/plsk.eu\/wp-content\/uploads\/2026\/03\/IMG-20241219-WA0001.jpg\" alt=\"Kamienne zabezpieczenie skarpy przy drodze wraz z siatk\u0105 ochronn\u0105 Kamenn\u00e1 ochrana svahu pozd\u013a\u017e cesty s ochrannou sie\u0165ou\" class=\"gal_main_img\" style=\"\">\n        <\/div>\n                \n\n        \n        <div class=\"swiper-slide excludeimg \"\n            tabindex=\"0\"\n        data-sliderId =\"7257\"\n        data-bs-slide-to=\"13\"\n        data-title=\"\" role=\"group\"\n          data-bs-toggle=\"modal\" data-bs-target=\"#exampleModal7257\"\n          aria-label=\"14 \/ 14\"\n          style=\"background: linear-gradient(rgba(211, 211, 211), rgba(211, 211, 211))\">\n\n          <img decoding=\"async\" src=\"https:\/\/plsk.eu\/wp-content\/uploads\/2026\/03\/IMG-20241219-WA0066.jpg\" class=\"gal_bg_img\" style=\"\n    width: 100% !important;\">\n\n          <img decoding=\"async\" src=\"https:\/\/plsk.eu\/wp-content\/uploads\/2026\/03\/IMG-20241219-WA0066.jpg\" alt=\"Kamienne zabezpieczenie skarpy przy drodze wraz z siatk\u0105 ochronn\u0105 Kamenn\u00e1 ochrana svahu pozd\u013a\u017e cesty s ochrannou sie\u0165ou\" class=\"gal_main_img\" style=\"\">\n        <\/div>\n                \n\n\n      <\/div>\n\n\n      <span class=\"swiper-notification\" aria-live=\"assertive\" aria-atomic=\"true\"><\/span>\n\n    <\/div>\n\n    <div id=\"swiperGalThumb-7257\" data-galid=\"7257\"\n      class=\"swiper widget-image-gallery__thumbs swiper-initialized swiper-horizontal swiper-pointer-events swiper-free-mode swiper-backface-hidden swiper-thumbs\">\n      <div class=\"swiper-wrapper\" id=\"swiper-wrapper-7257\" aria-live=\"polite\"\n        style=\"transform: translate3d(0px, 0px, 0px);\">\n\n        \n        \n        <div class=\"swiper-slide swiper-slide-prev\" style=\"width: 139px; margin-right: 30px;\" role=\"group\">\n          <img decoding=\"async\" src=\"https:\/\/plsk.eu\/wp-content\/uploads\/2026\/03\/DJI_0330-Edit.jpg\" alt=\"Wyremontowana droga z nowym asfaltem wraz z barierami ochronnymi Renovovan\u00e1 cesta s nov\u00fdm asfaltom a bezpe\u010dnostn\u00fdmi bari\u00e9rami\">\n        <\/div>\n        \n        \n        <div class=\"swiper-slide swiper-slide-prev\" style=\"width: 139px; margin-right: 30px;\" role=\"group\">\n          <img decoding=\"async\" src=\"https:\/\/plsk.eu\/wp-content\/uploads\/2026\/03\/Still-2025-12-22-155855_3.12.1.jpg\" alt=\"Wyremontowana droga z nowym asfaltem wraz z barierami ochronnymi Renovovan\u00e1 cesta s nov\u00fdm asfaltom a bezpe\u010dnostn\u00fdmi bari\u00e9rami\">\n        <\/div>\n        \n        \n        <div class=\"swiper-slide swiper-slide-prev\" style=\"width: 139px; margin-right: 30px;\" role=\"group\">\n          <img decoding=\"async\" src=\"https:\/\/plsk.eu\/wp-content\/uploads\/2026\/03\/DSC09043-Edit.jpg\" alt=\"Bariery ochronne wraz z betonow\u0105 stabilizacj\u0105 drogi Ochrann\u00e9 bari\u00e9ry s bet\u00f3novou stabiliz\u00e1ciou cesty\">\n        <\/div>\n        \n        \n        <div class=\"swiper-slide swiper-slide-prev\" style=\"width: 139px; margin-right: 30px;\" role=\"group\">\n          <img decoding=\"async\" src=\"https:\/\/plsk.eu\/wp-content\/uploads\/2026\/03\/DSC09036-Edit.jpg\" alt=\"Bariery ochronne wraz z betonow\u0105 stabilizacj\u0105 drogi Ochrann\u00e9 bari\u00e9ry s bet\u00f3novou stabiliz\u00e1ciou cesty\">\n        <\/div>\n        \n        \n        <div class=\"swiper-slide swiper-slide-prev\" style=\"width: 139px; margin-right: 30px;\" role=\"group\">\n          <img decoding=\"async\" src=\"https:\/\/plsk.eu\/wp-content\/uploads\/2026\/03\/DSC09033-Edit.jpg\" alt=\"Bariery ochronne wraz z betonow\u0105 stabilizacj\u0105 drogi Ochrann\u00e9 bari\u00e9ry s bet\u00f3novou stabiliz\u00e1ciou cesty\">\n        <\/div>\n        \n        \n        <div class=\"swiper-slide swiper-slide-prev\" style=\"width: 139px; margin-right: 30px;\" role=\"group\">\n          <img decoding=\"async\" src=\"https:\/\/plsk.eu\/wp-content\/uploads\/2026\/03\/20251020_182230-scaled.jpg\" alt=\"Grupa kilkunastu os\u00f3b pozuje do zdj\u0119cia na tle \u015bcianki promocyjnej Skupina nieko\u013ek\u00fdch \u013eud\u00ed p\u00f3zuje na fotografii pred propaga\u010dnou stenou.\">\n        <\/div>\n        \n        \n        <div class=\"swiper-slide swiper-slide-prev\" style=\"width: 139px; margin-right: 30px;\" role=\"group\">\n          <img decoding=\"async\" src=\"https:\/\/plsk.eu\/wp-content\/uploads\/2026\/03\/20251020_182127-scaled.jpg\" alt=\"Grupa siedmiu os\u00f3b pozuje do zdj\u0119cia na tle \u015bcianki promocyjnej. Dwie z os\u00f3b trzymaj\u0105 w r\u0119ce teczki, prezentuj\u0105c dokumenty Skupina siedmich \u013eud\u00ed p\u00f3zuje na fotografii pred propaga\u010dnou stenou. Dvaja z nich dr\u017eia aktovky a prezentuj\u00fa dokumenty.\">\n        <\/div>\n        \n        \n        <div class=\"swiper-slide swiper-slide-prev\" style=\"width: 139px; margin-right: 30px;\" role=\"group\">\n          <img decoding=\"async\" src=\"https:\/\/plsk.eu\/wp-content\/uploads\/2026\/03\/20251020_171944-scaled.jpg\" alt=\"Kilkana\u015bcie os\u00f3b siedzi na sali konferencyjnej przed ekranem na kt\u00f3rym wy\u015bwietlana jest prezentacja. Obok ekranu stoi m\u0119\u017cczyzna V konferen\u010dnej miestnosti sed\u00ed asi tucet \u013eud\u00ed pred obrazovkou, na ktorej sa premieta prezent\u00e1cia. Ved\u013ea obrazovky stoj\u00ed mu\u017e.\">\n        <\/div>\n        \n        \n        <div class=\"swiper-slide swiper-slide-prev\" style=\"width: 139px; margin-right: 30px;\" role=\"group\">\n          <img decoding=\"async\" src=\"https:\/\/plsk.eu\/wp-content\/uploads\/2026\/03\/IMG_6489-scaled.jpeg\" alt=\"Dzieci siedz\u0105ce w szkolnej klasie z uniesionymi do odpowiedzi r\u0119kami Deti sediace v \u0161kolskej triede s rukami zdvihnut\u00fdmi, aby odpovedali\">\n        <\/div>\n        \n        \n        <div class=\"swiper-slide swiper-slide-prev\" style=\"width: 139px; margin-right: 30px;\" role=\"group\">\n          <img decoding=\"async\" src=\"https:\/\/plsk.eu\/wp-content\/uploads\/2026\/03\/482227687_941214628201336_2249808527197290677_n.jpg\" alt=\"Dzieci siedz\u0105 w klasie. Przed nimi ekran na kt\u00f3rym wy\u015bwietlana jest prezentacja. Przed ekranem stoi ch\u0142opiec i pokazuje r\u0119k\u0105 na fragment prezentacji Deti sedia v triede. Pred nimi je obrazovka, na ktorej sa premieta prezent\u00e1cia. Chlapec stoj\u00ed pred obrazovkou a ukazuje na \u010das\u0165 prezent\u00e1cie.\">\n        <\/div>\n        \n        \n        <div class=\"swiper-slide swiper-slide-prev\" style=\"width: 139px; margin-right: 30px;\" role=\"group\">\n          <img decoding=\"async\" src=\"https:\/\/plsk.eu\/wp-content\/uploads\/2026\/03\/20241210_091954-scaled.jpg\" alt=\"Dzieci siedz\u0105 w klasie. Przed nimi ekran na kt\u00f3rym wy\u015bwietlana jest prezentacja. Przed ekranem stoi m\u0119\u017cczyzna w okularach Deti sedia v triede. Pred nimi je obrazovka, na ktorej sa premieta prezent\u00e1cia. Muz stoj\u00ed pred obrazovkou\">\n        <\/div>\n        \n        \n        <div class=\"swiper-slide swiper-slide-prev\" style=\"width: 139px; margin-right: 30px;\" role=\"group\">\n          <img decoding=\"async\" src=\"https:\/\/plsk.eu\/wp-content\/uploads\/2026\/03\/IMG-20241219-WA0055.jpg\" alt=\"Kamienne zabezpieczenie skarpy przy drodze wraz z siatk\u0105 ochronn\u0105 Kamenn\u00e1 ochrana svahu pozd\u013a\u017e cesty s ochrannou sie\u0165ou\">\n        <\/div>\n        \n        \n        <div class=\"swiper-slide swiper-slide-prev\" style=\"width: 139px; margin-right: 30px;\" role=\"group\">\n          <img decoding=\"async\" src=\"https:\/\/plsk.eu\/wp-content\/uploads\/2026\/03\/IMG-20241219-WA0001.jpg\" alt=\"Kamienne zabezpieczenie skarpy przy drodze wraz z siatk\u0105 ochronn\u0105 Kamenn\u00e1 ochrana svahu pozd\u013a\u017e cesty s ochrannou sie\u0165ou\">\n        <\/div>\n        \n        \n        <div class=\"swiper-slide swiper-slide-prev\" style=\"width: 139px; margin-right: 30px;\" role=\"group\">\n          <img decoding=\"async\" src=\"https:\/\/plsk.eu\/wp-content\/uploads\/2026\/03\/IMG-20241219-WA0066.jpg\" alt=\"Kamienne zabezpieczenie skarpy przy drodze wraz z siatk\u0105 ochronn\u0105 Kamenn\u00e1 ochrana svahu pozd\u013a\u017e cesty s ochrannou sie\u0165ou\">\n        <\/div>\n        \n\n      <\/div>\n      <span class=\"swiper-notification\" aria-live=\"assertive\" aria-atomic=\"true\"><\/span>\n    <\/div>\n          <!--\n    <div class=\"widget-image-gallery__caption\">\n      <p>Opis zdj\u0119cia5, fot. Jan Kowalski<\/p>\n    <\/div>-->\n\n\n    <div class=\"image-swiper-button-prev swiper-button-prev\" role=\"button\" aria-label=\"Predch\u00e1dzaj\u00faci obr\u00e1zok\"\n      aria-controls=\"swiper-wrapper-7257\" aria-disabled=\"false\">\n    <\/div>\n\n    <div class=\"image-swiper-button-next swiper-button-next swiper-button-disabled\" role=\"button\"\n      aria-label=\"\u010eal\u0161\u00ed obr\u00e1zok\" aria-controls=\"swiper-wrapper-9023\" aria-disabled=\"true\">\n    <\/div>\n\n\n\n\n  <\/div>\n\n  \n  <div class=\"modal fade gal_modal\" id=\"exampleModal7257\" tabindex=\"-1\" aria-hidden=\"true\">\n    <div class=\"modal-dialog\">\n      <div class=\"modal-content\">\n        <div class=\"modal-header\">\n          <button type=\"button\" class=\"btn-close\" data-bs-dismiss=\"modal\" aria-label=\"Zamkn\u0105\u0107\">\n          <img decoding=\"async\"\n              src=\"https:\/\/plsk.eu\/wp-content\/themes\/fundusze\/assets\/images\/close.svg\"\n              alt=Zamkn\u0105\u0107>\n          <span class=\"visually-hidden\">Zamkn\u0105\u0107<\/span>\n        <\/button>\n        <\/div>\n\n          <div class=\"row no_mobile\">\n\n            <div class=\"col-xxl-2 col-xl-2 col-lg-2 col-md-2 col-sm-2 gal_left\">\n              <button type=\"button\" data-bs-target=\"#carouselExample7257\" data-bs-slide=\"prev\"\n                aria-label=\"Predch\u00e1dzaj\u00faci obr\u00e1zok\">\n                <img decoding=\"async\" src=\"https:\/\/plsk.eu\/wp-content\/themes\/fundusze\/assets\/images\/back.svg\" alt=\"\"> <\/button>\n            <\/div>\n\n            <div class=\"col-xxl-8 col-xl-8 col-lg-8 col-md-8 col-sm-8\">\n\n              <div id=\"carouselExample7257\" class=\"carousel slide\" data-bs-interval=\"50000\"\n                data-bs-ride=\"carousel\">\n\n                <div class=\"carousel-inner\">\n\n                  \n                                    <div class=\"carousel-item  active \">\n                    <img decoding=\"async\" src=\"https:\/\/plsk.eu\/wp-content\/uploads\/2026\/03\/DJI_0330-Edit.jpg\" alt=\"Wyremontowana droga z nowym asfaltem wraz z barierami ochronnymi Renovovan\u00e1 cesta s nov\u00fdm asfaltom a bezpe\u010dnostn\u00fdmi bari\u00e9rami\" class=\"img_all\">\n                    <div class=\"row\">\n\n                      <div class=\"col-xxl-12 col-xl-12 col-lg-12 col-md-12 col-sm-12\">\n                        <div class=\"img_caption\">\n                          <div class=\"cap_text\">\n                                                                                  <\/div>\n                          <div class=\"cap_num\">\n                            <strong> 1 z 14<\/strong>\n                          <\/div>\n\n                        <\/div>\n                      <\/div>\n\n                    <\/div>\n                  <\/div>\n                                    \n                                    <div class=\"carousel-item \">\n                    <img decoding=\"async\" src=\"https:\/\/plsk.eu\/wp-content\/uploads\/2026\/03\/Still-2025-12-22-155855_3.12.1.jpg\" alt=\"Wyremontowana droga z nowym asfaltem wraz z barierami ochronnymi Renovovan\u00e1 cesta s nov\u00fdm asfaltom a bezpe\u010dnostn\u00fdmi bari\u00e9rami\" class=\"img_all\">\n                    <div class=\"row\">\n\n                      <div class=\"col-xxl-12 col-xl-12 col-lg-12 col-md-12 col-sm-12\">\n                        <div class=\"img_caption\">\n                          <div class=\"cap_text\">\n                                                                                  <\/div>\n                          <div class=\"cap_num\">\n                            <strong> 2 z 14<\/strong>\n                          <\/div>\n\n                        <\/div>\n                      <\/div>\n\n                    <\/div>\n                  <\/div>\n                                    \n                                    <div class=\"carousel-item \">\n                    <img decoding=\"async\" src=\"https:\/\/plsk.eu\/wp-content\/uploads\/2026\/03\/DSC09043-Edit.jpg\" alt=\"Bariery ochronne wraz z betonow\u0105 stabilizacj\u0105 drogi Ochrann\u00e9 bari\u00e9ry s bet\u00f3novou stabiliz\u00e1ciou cesty\" class=\"img_all\">\n                    <div class=\"row\">\n\n                      <div class=\"col-xxl-12 col-xl-12 col-lg-12 col-md-12 col-sm-12\">\n                        <div class=\"img_caption\">\n                          <div class=\"cap_text\">\n                                                                                  <\/div>\n                          <div class=\"cap_num\">\n                            <strong> 3 z 14<\/strong>\n                          <\/div>\n\n                        <\/div>\n                      <\/div>\n\n                    <\/div>\n                  <\/div>\n                                    \n                                    <div class=\"carousel-item \">\n                    <img decoding=\"async\" src=\"https:\/\/plsk.eu\/wp-content\/uploads\/2026\/03\/DSC09036-Edit.jpg\" alt=\"Bariery ochronne wraz z betonow\u0105 stabilizacj\u0105 drogi Ochrann\u00e9 bari\u00e9ry s bet\u00f3novou stabiliz\u00e1ciou cesty\" class=\"img_all\">\n                    <div class=\"row\">\n\n                      <div class=\"col-xxl-12 col-xl-12 col-lg-12 col-md-12 col-sm-12\">\n                        <div class=\"img_caption\">\n                          <div class=\"cap_text\">\n                                                                                  <\/div>\n                          <div class=\"cap_num\">\n                            <strong> 4 z 14<\/strong>\n                          <\/div>\n\n                        <\/div>\n                      <\/div>\n\n                    <\/div>\n                  <\/div>\n                                    \n                                    <div class=\"carousel-item \">\n                    <img decoding=\"async\" src=\"https:\/\/plsk.eu\/wp-content\/uploads\/2026\/03\/DSC09033-Edit.jpg\" alt=\"Bariery ochronne wraz z betonow\u0105 stabilizacj\u0105 drogi Ochrann\u00e9 bari\u00e9ry s bet\u00f3novou stabiliz\u00e1ciou cesty\" class=\"img_all\">\n                    <div class=\"row\">\n\n                      <div class=\"col-xxl-12 col-xl-12 col-lg-12 col-md-12 col-sm-12\">\n                        <div class=\"img_caption\">\n                          <div class=\"cap_text\">\n                                                                                  <\/div>\n                          <div class=\"cap_num\">\n                            <strong> 5 z 14<\/strong>\n                          <\/div>\n\n                        <\/div>\n                      <\/div>\n\n                    <\/div>\n                  <\/div>\n                                    \n                                    <div class=\"carousel-item \">\n                    <img decoding=\"async\" src=\"https:\/\/plsk.eu\/wp-content\/uploads\/2026\/03\/20251020_182230-scaled.jpg\" alt=\"Grupa kilkunastu os\u00f3b pozuje do zdj\u0119cia na tle \u015bcianki promocyjnej Skupina nieko\u013ek\u00fdch \u013eud\u00ed p\u00f3zuje na fotografii pred propaga\u010dnou stenou.\" class=\"img_all\">\n                    <div class=\"row\">\n\n                      <div class=\"col-xxl-12 col-xl-12 col-lg-12 col-md-12 col-sm-12\">\n                        <div class=\"img_caption\">\n                          <div class=\"cap_text\">\n                                                                                  <\/div>\n                          <div class=\"cap_num\">\n                            <strong> 6 z 14<\/strong>\n                          <\/div>\n\n                        <\/div>\n                      <\/div>\n\n                    <\/div>\n                  <\/div>\n                                    \n                                    <div class=\"carousel-item \">\n                    <img decoding=\"async\" src=\"https:\/\/plsk.eu\/wp-content\/uploads\/2026\/03\/20251020_182127-scaled.jpg\" alt=\"Grupa siedmiu os\u00f3b pozuje do zdj\u0119cia na tle \u015bcianki promocyjnej. Dwie z os\u00f3b trzymaj\u0105 w r\u0119ce teczki, prezentuj\u0105c dokumenty Skupina siedmich \u013eud\u00ed p\u00f3zuje na fotografii pred propaga\u010dnou stenou. Dvaja z nich dr\u017eia aktovky a prezentuj\u00fa dokumenty.\" class=\"img_all\">\n                    <div class=\"row\">\n\n                      <div class=\"col-xxl-12 col-xl-12 col-lg-12 col-md-12 col-sm-12\">\n                        <div class=\"img_caption\">\n                          <div class=\"cap_text\">\n                                                                                  <\/div>\n                          <div class=\"cap_num\">\n                            <strong> 7 z 14<\/strong>\n                          <\/div>\n\n                        <\/div>\n                      <\/div>\n\n                    <\/div>\n                  <\/div>\n                                    \n                                    <div class=\"carousel-item \">\n                    <img decoding=\"async\" src=\"https:\/\/plsk.eu\/wp-content\/uploads\/2026\/03\/20251020_171944-scaled.jpg\" alt=\"Kilkana\u015bcie os\u00f3b siedzi na sali konferencyjnej przed ekranem na kt\u00f3rym wy\u015bwietlana jest prezentacja. Obok ekranu stoi m\u0119\u017cczyzna V konferen\u010dnej miestnosti sed\u00ed asi tucet \u013eud\u00ed pred obrazovkou, na ktorej sa premieta prezent\u00e1cia. Ved\u013ea obrazovky stoj\u00ed mu\u017e.\" class=\"img_all\">\n                    <div class=\"row\">\n\n                      <div class=\"col-xxl-12 col-xl-12 col-lg-12 col-md-12 col-sm-12\">\n                        <div class=\"img_caption\">\n                          <div class=\"cap_text\">\n                                                                                  <\/div>\n                          <div class=\"cap_num\">\n                            <strong> 8 z 14<\/strong>\n                          <\/div>\n\n                        <\/div>\n                      <\/div>\n\n                    <\/div>\n                  <\/div>\n                                    \n                                    <div class=\"carousel-item \">\n                    <img decoding=\"async\" src=\"https:\/\/plsk.eu\/wp-content\/uploads\/2026\/03\/IMG_6489-scaled.jpeg\" alt=\"Dzieci siedz\u0105ce w szkolnej klasie z uniesionymi do odpowiedzi r\u0119kami Deti sediace v \u0161kolskej triede s rukami zdvihnut\u00fdmi, aby odpovedali\" class=\"img_all\">\n                    <div class=\"row\">\n\n                      <div class=\"col-xxl-12 col-xl-12 col-lg-12 col-md-12 col-sm-12\">\n                        <div class=\"img_caption\">\n                          <div class=\"cap_text\">\n                                                                                  <\/div>\n                          <div class=\"cap_num\">\n                            <strong> 9 z 14<\/strong>\n                          <\/div>\n\n                        <\/div>\n                      <\/div>\n\n                    <\/div>\n                  <\/div>\n                                    \n                                    <div class=\"carousel-item \">\n                    <img decoding=\"async\" src=\"https:\/\/plsk.eu\/wp-content\/uploads\/2026\/03\/482227687_941214628201336_2249808527197290677_n.jpg\" alt=\"Dzieci siedz\u0105 w klasie. Przed nimi ekran na kt\u00f3rym wy\u015bwietlana jest prezentacja. Przed ekranem stoi ch\u0142opiec i pokazuje r\u0119k\u0105 na fragment prezentacji Deti sedia v triede. Pred nimi je obrazovka, na ktorej sa premieta prezent\u00e1cia. Chlapec stoj\u00ed pred obrazovkou a ukazuje na \u010das\u0165 prezent\u00e1cie.\" class=\"img_all\">\n                    <div class=\"row\">\n\n                      <div class=\"col-xxl-12 col-xl-12 col-lg-12 col-md-12 col-sm-12\">\n                        <div class=\"img_caption\">\n                          <div class=\"cap_text\">\n                                                                                  <\/div>\n                          <div class=\"cap_num\">\n                            <strong> 10 z 14<\/strong>\n                          <\/div>\n\n                        <\/div>\n                      <\/div>\n\n                    <\/div>\n                  <\/div>\n                                    \n                                    <div class=\"carousel-item \">\n                    <img decoding=\"async\" src=\"https:\/\/plsk.eu\/wp-content\/uploads\/2026\/03\/20241210_091954-scaled.jpg\" alt=\"Dzieci siedz\u0105 w klasie. Przed nimi ekran na kt\u00f3rym wy\u015bwietlana jest prezentacja. Przed ekranem stoi m\u0119\u017cczyzna w okularach Deti sedia v triede. Pred nimi je obrazovka, na ktorej sa premieta prezent\u00e1cia. Muz stoj\u00ed pred obrazovkou\" class=\"img_all\">\n                    <div class=\"row\">\n\n                      <div class=\"col-xxl-12 col-xl-12 col-lg-12 col-md-12 col-sm-12\">\n                        <div class=\"img_caption\">\n                          <div class=\"cap_text\">\n                                                                                  <\/div>\n                          <div class=\"cap_num\">\n                            <strong> 11 z 14<\/strong>\n                          <\/div>\n\n                        <\/div>\n                      <\/div>\n\n                    <\/div>\n                  <\/div>\n                                    \n                                    <div class=\"carousel-item \">\n                    <img decoding=\"async\" src=\"https:\/\/plsk.eu\/wp-content\/uploads\/2026\/03\/IMG-20241219-WA0055.jpg\" alt=\"Kamienne zabezpieczenie skarpy przy drodze wraz z siatk\u0105 ochronn\u0105 Kamenn\u00e1 ochrana svahu pozd\u013a\u017e cesty s ochrannou sie\u0165ou\" class=\"img_all\">\n                    <div class=\"row\">\n\n                      <div class=\"col-xxl-12 col-xl-12 col-lg-12 col-md-12 col-sm-12\">\n                        <div class=\"img_caption\">\n                          <div class=\"cap_text\">\n                                                                                  <\/div>\n                          <div class=\"cap_num\">\n                            <strong> 12 z 14<\/strong>\n                          <\/div>\n\n                        <\/div>\n                      <\/div>\n\n                    <\/div>\n                  <\/div>\n                                    \n                                    <div class=\"carousel-item \">\n                    <img decoding=\"async\" src=\"https:\/\/plsk.eu\/wp-content\/uploads\/2026\/03\/IMG-20241219-WA0001.jpg\" alt=\"Kamienne zabezpieczenie skarpy przy drodze wraz z siatk\u0105 ochronn\u0105 Kamenn\u00e1 ochrana svahu pozd\u013a\u017e cesty s ochrannou sie\u0165ou\" class=\"img_all\">\n                    <div class=\"row\">\n\n                      <div class=\"col-xxl-12 col-xl-12 col-lg-12 col-md-12 col-sm-12\">\n                        <div class=\"img_caption\">\n                          <div class=\"cap_text\">\n                                                                                  <\/div>\n                          <div class=\"cap_num\">\n                            <strong> 13 z 14<\/strong>\n                          <\/div>\n\n                        <\/div>\n                      <\/div>\n\n                    <\/div>\n                  <\/div>\n                                    \n                                    <div class=\"carousel-item \">\n                    <img decoding=\"async\" src=\"https:\/\/plsk.eu\/wp-content\/uploads\/2026\/03\/IMG-20241219-WA0066.jpg\" alt=\"Kamienne zabezpieczenie skarpy przy drodze wraz z siatk\u0105 ochronn\u0105 Kamenn\u00e1 ochrana svahu pozd\u013a\u017e cesty s ochrannou sie\u0165ou\" class=\"img_all\">\n                    <div class=\"row\">\n\n                      <div class=\"col-xxl-12 col-xl-12 col-lg-12 col-md-12 col-sm-12\">\n                        <div class=\"img_caption\">\n                          <div class=\"cap_text\">\n                                                                                  <\/div>\n                          <div class=\"cap_num\">\n                            <strong> 14 z 14<\/strong>\n                          <\/div>\n\n                        <\/div>\n                      <\/div>\n\n                    <\/div>\n                  <\/div>\n                                    \n                <\/div>\n\n              <\/div>\n\n            <\/div>\n            <div class=\"col-xxl-2 col-xl-2 col-lg-2 col-md-2 col-sm-2 gal_right\">\n              <button type=\"button\" data-bs-target=\"#carouselExample7257\" data-bs-slide=\"next\"\n                aria-label=\"\u010eal\u0161\u00ed obr\u00e1zok\"> <img decoding=\"async\"\n                  src=\"https:\/\/plsk.eu\/wp-content\/themes\/fundusze\/assets\/images\/next.svg\" alt=\"\"><\/button>\n            <\/div>\n\n          <\/div>\n\n\n          <div class=\"row no_desk\">\n\n            <div class=\"col-xxl-8 col-xl-8 col-lg-8 col-md-8 col-sm-8\">\n\n              <div id=\"carouselExample7257mob7257\" class=\"carousel slide\" data-bs-interval=\"50000\"\n                data-bs-ride=\"carousel\">\n\n                <div class=\"carousel-inner\">\n\n                  \n                                    <div class=\"carousel-item  active \">\n                    <img decoding=\"async\" src=\"https:\/\/plsk.eu\/wp-content\/uploads\/2026\/03\/DJI_0330-Edit.jpg\" alt=\"Wyremontowana droga z nowym asfaltem wraz z barierami ochronnymi Renovovan\u00e1 cesta s nov\u00fdm asfaltom a bezpe\u010dnostn\u00fdmi bari\u00e9rami\" class=\"img_all\">\n                    <div class=\"row\">\n\n                      <div class=\"col-xxl-12 col-xl-12 col-lg-12 col-md-12 col-sm-12\">\n                        <div class=\"img_caption\">\n                          <div class=\"cap_text\">\n                            \n                                                      <\/div>\n                          <div class=\"cap_num\">\n                            <strong> 1 z 14<\/strong>\n                          <\/div>\n\n                        <\/div>\n                      <\/div>\n\n                    <\/div>\n                  <\/div>\n                  \n                                    <div class=\"carousel-item \">\n                    <img decoding=\"async\" src=\"https:\/\/plsk.eu\/wp-content\/uploads\/2026\/03\/Still-2025-12-22-155855_3.12.1.jpg\" alt=\"Wyremontowana droga z nowym asfaltem wraz z barierami ochronnymi Renovovan\u00e1 cesta s nov\u00fdm asfaltom a bezpe\u010dnostn\u00fdmi bari\u00e9rami\" class=\"img_all\">\n                    <div class=\"row\">\n\n                      <div class=\"col-xxl-12 col-xl-12 col-lg-12 col-md-12 col-sm-12\">\n                        <div class=\"img_caption\">\n                          <div class=\"cap_text\">\n                            \n                                                      <\/div>\n                          <div class=\"cap_num\">\n                            <strong> 2 z 14<\/strong>\n                          <\/div>\n\n                        <\/div>\n                      <\/div>\n\n                    <\/div>\n                  <\/div>\n                  \n                                    <div class=\"carousel-item \">\n                    <img decoding=\"async\" src=\"https:\/\/plsk.eu\/wp-content\/uploads\/2026\/03\/DSC09043-Edit.jpg\" alt=\"Bariery ochronne wraz z betonow\u0105 stabilizacj\u0105 drogi Ochrann\u00e9 bari\u00e9ry s bet\u00f3novou stabiliz\u00e1ciou cesty\" class=\"img_all\">\n                    <div class=\"row\">\n\n                      <div class=\"col-xxl-12 col-xl-12 col-lg-12 col-md-12 col-sm-12\">\n                        <div class=\"img_caption\">\n                          <div class=\"cap_text\">\n                            \n                                                      <\/div>\n                          <div class=\"cap_num\">\n                            <strong> 3 z 14<\/strong>\n                          <\/div>\n\n                        <\/div>\n                      <\/div>\n\n                    <\/div>\n                  <\/div>\n                  \n                                    <div class=\"carousel-item \">\n                    <img decoding=\"async\" src=\"https:\/\/plsk.eu\/wp-content\/uploads\/2026\/03\/DSC09036-Edit.jpg\" alt=\"Bariery ochronne wraz z betonow\u0105 stabilizacj\u0105 drogi Ochrann\u00e9 bari\u00e9ry s bet\u00f3novou stabiliz\u00e1ciou cesty\" class=\"img_all\">\n                    <div class=\"row\">\n\n                      <div class=\"col-xxl-12 col-xl-12 col-lg-12 col-md-12 col-sm-12\">\n                        <div class=\"img_caption\">\n                          <div class=\"cap_text\">\n                            \n                                                      <\/div>\n                          <div class=\"cap_num\">\n                            <strong> 4 z 14<\/strong>\n                          <\/div>\n\n                        <\/div>\n                      <\/div>\n\n                    <\/div>\n                  <\/div>\n                  \n                                    <div class=\"carousel-item \">\n                    <img decoding=\"async\" src=\"https:\/\/plsk.eu\/wp-content\/uploads\/2026\/03\/DSC09033-Edit.jpg\" alt=\"Bariery ochronne wraz z betonow\u0105 stabilizacj\u0105 drogi Ochrann\u00e9 bari\u00e9ry s bet\u00f3novou stabiliz\u00e1ciou cesty\" class=\"img_all\">\n                    <div class=\"row\">\n\n                      <div class=\"col-xxl-12 col-xl-12 col-lg-12 col-md-12 col-sm-12\">\n                        <div class=\"img_caption\">\n                          <div class=\"cap_text\">\n                            \n                                                      <\/div>\n                          <div class=\"cap_num\">\n                            <strong> 5 z 14<\/strong>\n                          <\/div>\n\n                        <\/div>\n                      <\/div>\n\n                    <\/div>\n                  <\/div>\n                  \n                                    <div class=\"carousel-item \">\n                    <img decoding=\"async\" src=\"https:\/\/plsk.eu\/wp-content\/uploads\/2026\/03\/20251020_182230-scaled.jpg\" alt=\"Grupa kilkunastu os\u00f3b pozuje do zdj\u0119cia na tle \u015bcianki promocyjnej Skupina nieko\u013ek\u00fdch \u013eud\u00ed p\u00f3zuje na fotografii pred propaga\u010dnou stenou.\" class=\"img_all\">\n                    <div class=\"row\">\n\n                      <div class=\"col-xxl-12 col-xl-12 col-lg-12 col-md-12 col-sm-12\">\n                        <div class=\"img_caption\">\n                          <div class=\"cap_text\">\n                            \n                                                      <\/div>\n                          <div class=\"cap_num\">\n                            <strong> 6 z 14<\/strong>\n                          <\/div>\n\n                        <\/div>\n                      <\/div>\n\n                    <\/div>\n                  <\/div>\n                  \n                                    <div class=\"carousel-item \">\n                    <img decoding=\"async\" src=\"https:\/\/plsk.eu\/wp-content\/uploads\/2026\/03\/20251020_182127-scaled.jpg\" alt=\"Grupa siedmiu os\u00f3b pozuje do zdj\u0119cia na tle \u015bcianki promocyjnej. Dwie z os\u00f3b trzymaj\u0105 w r\u0119ce teczki, prezentuj\u0105c dokumenty Skupina siedmich \u013eud\u00ed p\u00f3zuje na fotografii pred propaga\u010dnou stenou. Dvaja z nich dr\u017eia aktovky a prezentuj\u00fa dokumenty.\" class=\"img_all\">\n                    <div class=\"row\">\n\n                      <div class=\"col-xxl-12 col-xl-12 col-lg-12 col-md-12 col-sm-12\">\n                        <div class=\"img_caption\">\n                          <div class=\"cap_text\">\n                            \n                                                      <\/div>\n                          <div class=\"cap_num\">\n                            <strong> 7 z 14<\/strong>\n                          <\/div>\n\n                        <\/div>\n                      <\/div>\n\n                    <\/div>\n                  <\/div>\n                  \n                                    <div class=\"carousel-item \">\n                    <img decoding=\"async\" src=\"https:\/\/plsk.eu\/wp-content\/uploads\/2026\/03\/20251020_171944-scaled.jpg\" alt=\"Kilkana\u015bcie os\u00f3b siedzi na sali konferencyjnej przed ekranem na kt\u00f3rym wy\u015bwietlana jest prezentacja. Obok ekranu stoi m\u0119\u017cczyzna V konferen\u010dnej miestnosti sed\u00ed asi tucet \u013eud\u00ed pred obrazovkou, na ktorej sa premieta prezent\u00e1cia. Ved\u013ea obrazovky stoj\u00ed mu\u017e.\" class=\"img_all\">\n                    <div class=\"row\">\n\n                      <div class=\"col-xxl-12 col-xl-12 col-lg-12 col-md-12 col-sm-12\">\n                        <div class=\"img_caption\">\n                          <div class=\"cap_text\">\n                            \n                                                      <\/div>\n                          <div class=\"cap_num\">\n                            <strong> 8 z 14<\/strong>\n                          <\/div>\n\n                        <\/div>\n                      <\/div>\n\n                    <\/div>\n                  <\/div>\n                  \n                                    <div class=\"carousel-item \">\n                    <img decoding=\"async\" src=\"https:\/\/plsk.eu\/wp-content\/uploads\/2026\/03\/IMG_6489-scaled.jpeg\" alt=\"Dzieci siedz\u0105ce w szkolnej klasie z uniesionymi do odpowiedzi r\u0119kami Deti sediace v \u0161kolskej triede s rukami zdvihnut\u00fdmi, aby odpovedali\" class=\"img_all\">\n                    <div class=\"row\">\n\n                      <div class=\"col-xxl-12 col-xl-12 col-lg-12 col-md-12 col-sm-12\">\n                        <div class=\"img_caption\">\n                          <div class=\"cap_text\">\n                            \n                                                      <\/div>\n                          <div class=\"cap_num\">\n                            <strong> 9 z 14<\/strong>\n                          <\/div>\n\n                        <\/div>\n                      <\/div>\n\n                    <\/div>\n                  <\/div>\n                  \n                                    <div class=\"carousel-item \">\n                    <img decoding=\"async\" src=\"https:\/\/plsk.eu\/wp-content\/uploads\/2026\/03\/482227687_941214628201336_2249808527197290677_n.jpg\" alt=\"Dzieci siedz\u0105 w klasie. Przed nimi ekran na kt\u00f3rym wy\u015bwietlana jest prezentacja. Przed ekranem stoi ch\u0142opiec i pokazuje r\u0119k\u0105 na fragment prezentacji Deti sedia v triede. Pred nimi je obrazovka, na ktorej sa premieta prezent\u00e1cia. Chlapec stoj\u00ed pred obrazovkou a ukazuje na \u010das\u0165 prezent\u00e1cie.\" class=\"img_all\">\n                    <div class=\"row\">\n\n                      <div class=\"col-xxl-12 col-xl-12 col-lg-12 col-md-12 col-sm-12\">\n                        <div class=\"img_caption\">\n                          <div class=\"cap_text\">\n                            \n                                                      <\/div>\n                          <div class=\"cap_num\">\n                            <strong> 10 z 14<\/strong>\n                          <\/div>\n\n                        <\/div>\n                      <\/div>\n\n                    <\/div>\n                  <\/div>\n                  \n                                    <div class=\"carousel-item \">\n                    <img decoding=\"async\" src=\"https:\/\/plsk.eu\/wp-content\/uploads\/2026\/03\/20241210_091954-scaled.jpg\" alt=\"Dzieci siedz\u0105 w klasie. Przed nimi ekran na kt\u00f3rym wy\u015bwietlana jest prezentacja. Przed ekranem stoi m\u0119\u017cczyzna w okularach Deti sedia v triede. Pred nimi je obrazovka, na ktorej sa premieta prezent\u00e1cia. Muz stoj\u00ed pred obrazovkou\" class=\"img_all\">\n                    <div class=\"row\">\n\n                      <div class=\"col-xxl-12 col-xl-12 col-lg-12 col-md-12 col-sm-12\">\n                        <div class=\"img_caption\">\n                          <div class=\"cap_text\">\n                            \n                                                      <\/div>\n                          <div class=\"cap_num\">\n                            <strong> 11 z 14<\/strong>\n                          <\/div>\n\n                        <\/div>\n                      <\/div>\n\n                    <\/div>\n                  <\/div>\n                  \n                                    <div class=\"carousel-item \">\n                    <img decoding=\"async\" src=\"https:\/\/plsk.eu\/wp-content\/uploads\/2026\/03\/IMG-20241219-WA0055.jpg\" alt=\"Kamienne zabezpieczenie skarpy przy drodze wraz z siatk\u0105 ochronn\u0105 Kamenn\u00e1 ochrana svahu pozd\u013a\u017e cesty s ochrannou sie\u0165ou\" class=\"img_all\">\n                    <div class=\"row\">\n\n                      <div class=\"col-xxl-12 col-xl-12 col-lg-12 col-md-12 col-sm-12\">\n                        <div class=\"img_caption\">\n                          <div class=\"cap_text\">\n                            \n                                                      <\/div>\n                          <div class=\"cap_num\">\n                            <strong> 12 z 14<\/strong>\n                          <\/div>\n\n                        <\/div>\n                      <\/div>\n\n                    <\/div>\n                  <\/div>\n                  \n                                    <div class=\"carousel-item \">\n                    <img decoding=\"async\" src=\"https:\/\/plsk.eu\/wp-content\/uploads\/2026\/03\/IMG-20241219-WA0001.jpg\" alt=\"Kamienne zabezpieczenie skarpy przy drodze wraz z siatk\u0105 ochronn\u0105 Kamenn\u00e1 ochrana svahu pozd\u013a\u017e cesty s ochrannou sie\u0165ou\" class=\"img_all\">\n                    <div class=\"row\">\n\n                      <div class=\"col-xxl-12 col-xl-12 col-lg-12 col-md-12 col-sm-12\">\n                        <div class=\"img_caption\">\n                          <div class=\"cap_text\">\n                            \n                                                      <\/div>\n                          <div class=\"cap_num\">\n                            <strong> 13 z 14<\/strong>\n                          <\/div>\n\n                        <\/div>\n                      <\/div>\n\n                    <\/div>\n                  <\/div>\n                  \n                                    <div class=\"carousel-item \">\n                    <img decoding=\"async\" src=\"https:\/\/plsk.eu\/wp-content\/uploads\/2026\/03\/IMG-20241219-WA0066.jpg\" alt=\"Kamienne zabezpieczenie skarpy przy drodze wraz z siatk\u0105 ochronn\u0105 Kamenn\u00e1 ochrana svahu pozd\u013a\u017e cesty s ochrannou sie\u0165ou\" class=\"img_all\">\n                    <div class=\"row\">\n\n                      <div class=\"col-xxl-12 col-xl-12 col-lg-12 col-md-12 col-sm-12\">\n                        <div class=\"img_caption\">\n                          <div class=\"cap_text\">\n                            \n                                                      <\/div>\n                          <div class=\"cap_num\">\n                            <strong> 14 z 14<\/strong>\n                          <\/div>\n\n                        <\/div>\n                      <\/div>\n\n                    <\/div>\n                  <\/div>\n                                  <\/div>\n              <\/div>\n\n            <\/div>\n            <div class=\"col-xxl-2 col-xl-2 col-lg-2 col-md-2 col-sm-12 gal_arrow mb-30px\">\n              <img decoding=\"async\" src=\"https:\/\/plsk.eu\/wp-content\/themes\/fundusze\/assets\/images\/back.svg\"\n                data-bs-target=\"#carouselExample7257mob7257\" data-bs-slide=\"prev\" alt=\"\"> <img decoding=\"async\"\n                src=\"https:\/\/plsk.eu\/wp-content\/themes\/fundusze\/assets\/images\/next.svg\"\n                data-bs-target=\"#carouselExample7257mob7257\" data-bs-slide=\"next\" alt=\"\">\n            <\/div>\n\n          <\/div>\n      <\/div>\n    <\/div>\n  <\/div>\n\n  ","protected":false},"featured_media":43067,"menu_order":0,"template":"","meta":{"_acf_changed":false,"inline_featured_image":false,"_themeisle_gutenberg_block_has_review":false,"footnotes":"","_links_to":"","_links_to_target":""},"kategoria_historii":[1928],"historii_partner_wiodacy":[2290],"historii_partner_projektu":[2121],"regiony":[],"powiaty":[],"class_list":["post-39030","historii","type-historii","status-publish","has-post-thumbnail","hentry","kategoria_historii-2021-2027-sk","historii_partner_wiodacy-wojewodztwo-malopolskie-sk","historii_partner_projektu-sprava-a-udrzba-ciest-presovskeho-samospravneho-kraja"],"acf":[],"_links":{"self":[{"href":"https:\/\/plsk.eu\/sk\/wp-json\/wp\/v2\/historii\/39030","targetHints":{"allow":["GET"]}}],"collection":[{"href":"https:\/\/plsk.eu\/sk\/wp-json\/wp\/v2\/historii"}],"about":[{"href":"https:\/\/plsk.eu\/sk\/wp-json\/wp\/v2\/types\/historii"}],"version-history":[{"count":5,"href":"https:\/\/plsk.eu\/sk\/wp-json\/wp\/v2\/historii\/39030\/revisions"}],"predecessor-version":[{"id":43081,"href":"https:\/\/plsk.eu\/sk\/wp-json\/wp\/v2\/historii\/39030\/revisions\/43081"}],"wp:featuredmedia":[{"embeddable":true,"href":"https:\/\/plsk.eu\/sk\/wp-json\/wp\/v2\/media\/43067"}],"wp:attachment":[{"href":"https:\/\/plsk.eu\/sk\/wp-json\/wp\/v2\/media?parent=39030"}],"wp:term":[{"taxonomy":"kategoria_historii","embeddable":true,"href":"https:\/\/plsk.eu\/sk\/wp-json\/wp\/v2\/kategoria_historii?post=39030"},{"taxonomy":"historii_partner_wiodacy","embeddable":true,"href":"https:\/\/plsk.eu\/sk\/wp-json\/wp\/v2\/historii_partner_wiodacy?post=39030"},{"taxonomy":"historii_partner_projektu","embeddable":true,"href":"https:\/\/plsk.eu\/sk\/wp-json\/wp\/v2\/historii_partner_projektu?post=39030"},{"taxonomy":"regiony","embeddable":true,"href":"https:\/\/plsk.eu\/sk\/wp-json\/wp\/v2\/regiony?post=39030"},{"taxonomy":"powiaty","embeddable":true,"href":"https:\/\/plsk.eu\/sk\/wp-json\/wp\/v2\/powiaty?post=39030"}],"curies":[{"name":"wp","href":"https:\/\/api.w.org\/{rel}","templated":true}]}}