{"id":39054,"date":"2025-01-08T14:58:43","date_gmt":"2025-01-08T13:58:43","guid":{"rendered":"https:\/\/plsk.eu\/projekty\/wspolpraca-transgraniczna-gmin-nalezacych-do-zwiazku-gmin-dorzecza-wisloki-oraz-preszowskiego-kraju-samorzadowego-dla-zwiekszenia-odpornosci-na-kleski-zywiolowe-wynikajace-ze-zmian-klimatu-w-tym-popr\/"},"modified":"2026-01-09T14:25:35","modified_gmt":"2026-01-09T13:25:35","slug":"cezhranicna-spolupraca-obci-patriacich-do-zdruzenia-gmin-povodia-rieky-wisloka-a-presovskeho-samospravneho-kraja-pri-zvysovani-odolnosti-voci-prirodnym-katastrofam-v-dosledku-klimatickych-zmien-posiln","status":"publish","type":"historii","link":"https:\/\/plsk.eu\/sk\/projekty\/cezhranicna-spolupraca-obci-patriacich-do-zdruzenia-gmin-povodia-rieky-wisloka-a-presovskeho-samospravneho-kraja-pri-zvysovani-odolnosti-voci-prirodnym-katastrofam-v-dosledku-klimatickych-zmien-posiln\/","title":{"rendered":"Cezhrani\u010dn\u00e1 spolupr\u00e1ca obc\u00ed patriacich do zdru\u017eenia gmin povodia rieky Wisloka a Pre\u0161ovsk\u00e9ho samospr\u00e1vneho kraja pri zvy\u0161ovan\u00ed odolnosti vo\u010di pr\u00edrodn\u00fdm katastrof\u00e1m v d\u00f4sledku klimatick\u00fdch zmien posilnen\u00edm spolupr\u00e1ce z\u00e1chrann\u00fdch zlo\u017eiek v oblasti kr\u00edzov\u00e9ho mana\u017ementu"},"content":{"rendered":"\n<p>Projekt sa bude realizova\u0165 v r\u00e1mci Programu Interreg Po\u013esko-Slovensko 2021-2027 v partnerstve so 16 subjektmi: Zdru\u017eenie obc\u00ed povodia Wis\u0142oka (ved\u00faci partner), po\u013esk\u00e9 obce: Brzyska, Chork\u00f3wka, Miasto Jas\u0142o, Gmina Jas\u0142o, Ko\u0142aczyce, Krempna, Osiek Jasielski, S\u0119kowa, Tarnowiec, obce SR: Ni\u017en\u00e1 Polianka (hlavn\u00fd cezhrani\u010dn\u00fd partner), Becherov, Chme\u013eov\u00e1, mesto Podolinec, Zborov a neziskov\u00e1 organiz\u00e1cia Slovensk\u00fd \u010cerven\u00fd kr\u00ed\u017e (pobo\u010dka Svidn\u00edk). Hlavn\u00fdm cie\u013eom projektu je prisp\u00f4sobi\u0165 sa klimatick\u00fdm zmen\u00e1m a predch\u00e1dza\u0165 rizik\u00e1m vypl\u00fdvaj\u00facim z environment\u00e1lnych hrozieb, \u017eiveln\u00fdch pohr\u00f4m v po\u013esk\u00fdch a slovensk\u00fdch obciach, \u010do sa premietne do zv\u00fd\u0161enia bezpe\u010dnosti a odolnosti obyvate\u013eov vo\u010di klimatick\u00fdm zmen\u00e1m v oblasti podporovanej z programu Interreg. Projekt zabezpe\u010duje: <\/p>\n\n\n\n<ul class=\"wp-block-list\">\n<li>vybavenie jednotiek Dobrovo\u013eneho hasi\u010dsk\u00e9ho zboru modernou z\u00e1chrannou technikou, ktor\u00e1 prispeje k zv\u00fd\u0161eniu ich potenci\u00e1lu a zv\u00fd\u0161eniu odolnosti vo\u010di negat\u00edvnym javom vypl\u00fdvaj\u00facim zo zmeny kl\u00edmy, <\/li>\n\n\n\n<li>spolo\u010dn\u00e9 cezhrani\u010dn\u00e9 cvi\u010denia z\u00e1chrann\u00fdch slu\u017eieb v reakcii na r\u00f4zne typy potenci\u00e1lnych hrozieb, &#8211; vecn\u00e9 \u0161kolenie \u010dlenov DHZ, <\/li>\n\n\n\n<li>vypracovanie ak\u010dn\u00e9ho pl\u00e1nu na zv\u00fd\u0161enie schopnosti spolo\u010dne efekt\u00edvne reagova\u0165 na kr\u00edzov\u00e9 situ\u00e1cie v oblasti podpory, <\/li>\n\n\n\n<li>r\u00f4zne informa\u010dn\u00e9 a vzdel\u00e1vacie aktivity s\u00favisiace s predmetom projektu adresovan\u00e9 obyvate\u013eom po\u013esko-slovensk\u00e9ho pohrani\u010dia. <\/li>\n<\/ul>\n\n\n\n<hr class=\"wp-block-separator has-alpha-channel-opacity\"\/>\n\n\n\n<h2 class=\"wp-block-heading\">Realiz\u00e1cia projektu<\/h2>\n\n\n\n<div class=\"\">\n\n  <div class=\"widget-image-gallery galRB gal-7726\">\n\n    <div id=\"swiperGalFUll-7726\"\n      class=\"swiper widget-image-gallery__full swiper-initialized swiper-horizontal swiper-pointer-events swiper-backface-hidden\">\n\n      <div class=\"swiper-wrapper\" id=\"swiper-wrapper-7726\" aria-live=\"polite\"\n        style=\"transform: translate3d(0px, 0px, 0px);\">\n\n        \n\n        \n        <div class=\"swiper-slide excludeimg  swiper-slide-active \"\n            tabindex=\"0\"\n        data-sliderId =\"7726\"\n        data-bs-slide-to=\"0\"\n        data-title=\"\" role=\"group\"\n          data-bs-toggle=\"modal\" data-bs-target=\"#exampleModal7726\"\n          aria-label=\"1 \/ 9\"\n          style=\"background: linear-gradient(rgba(211, 211, 211), rgba(211, 211, 211))\">\n\n          <img decoding=\"async\" src=\"https:\/\/plsk.eu\/wp-content\/uploads\/2025\/11\/ZGDW-Jaslo_Zborov2_cw.sl_.rat_.jpg\" class=\"gal_bg_img\" style=\"\n    width: 100% !important;\">\n\n          <img decoding=\"async\" src=\"https:\/\/plsk.eu\/wp-content\/uploads\/2025\/11\/ZGDW-Jaslo_Zborov2_cw.sl_.rat_.jpg\" alt=\"Czterech m\u0119\u017cczyzn w strojach stra\u017cackich stoi i rozmawia. W tle wida\u0107 w\u00f3z stra\u017cacki. \u0160tyria mu\u017ei v hasi\u010dsk\u00fdch uniform\u00e1ch stoja a rozpr\u00e1vaj\u00fa sa. V pozad\u00ed je vidie\u0165 hasi\u010dsk\u00e9 auto.\" class=\"gal_main_img\" style=\"\">\n        <\/div>\n                \n\n        \n        <div class=\"swiper-slide excludeimg \"\n            tabindex=\"0\"\n        data-sliderId =\"7726\"\n        data-bs-slide-to=\"1\"\n        data-title=\"\" role=\"group\"\n          data-bs-toggle=\"modal\" data-bs-target=\"#exampleModal7726\"\n          aria-label=\"2 \/ 9\"\n          style=\"background: linear-gradient(rgba(211, 211, 211), rgba(211, 211, 211))\">\n\n          <img decoding=\"async\" src=\"https:\/\/plsk.eu\/wp-content\/uploads\/2025\/11\/ZGDW-Jaslo_Zborov4_cw.sl_.rat_.jpg\" class=\"gal_bg_img\" style=\"\n    width: 100% !important;\">\n\n          <img decoding=\"async\" src=\"https:\/\/plsk.eu\/wp-content\/uploads\/2025\/11\/ZGDW-Jaslo_Zborov4_cw.sl_.rat_.jpg\" alt=\"Dw\u00f3ch stra\u017cak\u00f3w umieszcza na quadzie transportowym osob\u0119 na noszach Dvaja hasi\u010di umiest\u0148uj\u00fa osobu na nosidl\u00e1 na transportnom \u0161tvorkolke.\" class=\"gal_main_img\" style=\"\">\n        <\/div>\n                \n\n        \n        <div class=\"swiper-slide excludeimg \"\n            tabindex=\"0\"\n        data-sliderId =\"7726\"\n        data-bs-slide-to=\"2\"\n        data-title=\"\" role=\"group\"\n          data-bs-toggle=\"modal\" data-bs-target=\"#exampleModal7726\"\n          aria-label=\"3 \/ 9\"\n          style=\"background: linear-gradient(rgba(211, 211, 211), rgba(211, 211, 211))\">\n\n          <img decoding=\"async\" src=\"https:\/\/plsk.eu\/wp-content\/uploads\/2025\/11\/ZGDW-Jaslo_Zborov5_cw.sl_.rat_.jpg\" class=\"gal_bg_img\" style=\"\n    width: 100% !important;\">\n\n          <img decoding=\"async\" src=\"https:\/\/plsk.eu\/wp-content\/uploads\/2025\/11\/ZGDW-Jaslo_Zborov5_cw.sl_.rat_.jpg\" alt=\"Dw\u00f3ch stra\u017cak\u00f3w przewozi quadem osob\u0119 rann\u0105. Obok quada idzie dw\u00f3ch stra\u017cak\u00f3w z noszami i jeden z plecakiem medycznym Dvaja hasi\u010di prev\u00e1\u017eaj\u00fa zranen\u00fa osobu na \u0161tvorkolke. Dvaja hasi\u010di s nosidlami a jeden s lek\u00e1rskym batohom id\u00fa ved\u013ea \u0161tvorkolky.\" class=\"gal_main_img\" style=\"\">\n        <\/div>\n                \n\n        \n        <div class=\"swiper-slide excludeimg \"\n            tabindex=\"0\"\n        data-sliderId =\"7726\"\n        data-bs-slide-to=\"3\"\n        data-title=\"\" role=\"group\"\n          data-bs-toggle=\"modal\" data-bs-target=\"#exampleModal7726\"\n          aria-label=\"4 \/ 9\"\n          style=\"background: linear-gradient(rgba(211, 211, 211), rgba(211, 211, 211))\">\n\n          <img decoding=\"async\" src=\"https:\/\/plsk.eu\/wp-content\/uploads\/2025\/11\/ZGDW-Jaslo_Zborov6_cw.sl_.rat_.jpg\" class=\"gal_bg_img\" style=\"\n    width: 100% !important;\">\n\n          <img decoding=\"async\" src=\"https:\/\/plsk.eu\/wp-content\/uploads\/2025\/11\/ZGDW-Jaslo_Zborov6_cw.sl_.rat_.jpg\" alt=\"Pi\u0119ciu stra\u017cak\u00f3w montuje mobilne os\u0142ony przeciwpowodziowe. Za stra\u017cakami stoj\u0105 wozy stra\u017cackie z wyposa\u017ceniem P\u00e4\u0165 hasi\u010dov in\u0161taluje mobiln\u00e9 protipovod\u0148ov\u00e9 bari\u00e9ry. Za hasi\u010dmi s\u00fa hasi\u010dsk\u00e9 vozidl\u00e1 s vybaven\u00edm.\" class=\"gal_main_img\" style=\"\">\n        <\/div>\n                \n\n        \n        <div class=\"swiper-slide excludeimg \"\n            tabindex=\"0\"\n        data-sliderId =\"7726\"\n        data-bs-slide-to=\"4\"\n        data-title=\"\" role=\"group\"\n          data-bs-toggle=\"modal\" data-bs-target=\"#exampleModal7726\"\n          aria-label=\"5 \/ 9\"\n          style=\"background: linear-gradient(rgba(211, 211, 211), rgba(211, 211, 211))\">\n\n          <img decoding=\"async\" src=\"https:\/\/plsk.eu\/wp-content\/uploads\/2025\/11\/ZGDW-Jaslo_Zborov9_cw.sl_.rat_.jpg\" class=\"gal_bg_img\" style=\"\n    width: 100% !important;\">\n\n          <img decoding=\"async\" src=\"https:\/\/plsk.eu\/wp-content\/uploads\/2025\/11\/ZGDW-Jaslo_Zborov9_cw.sl_.rat_.jpg\" alt=\"Dw\u00f3ch m\u0119\u017cczyzn i kobieta kl\u0119cz\u0105 przed manekinem i przeprowadzaj\u0105 \u0107wiczenia z udzielania pierwszej pomocy. W tle wida\u0107 innych stra\u017cak\u00f3w uczestnicz\u0105cych w \u0107wiczeniach Dvaja mu\u017ei a jedna \u017eena k\u013ea\u010dia pred figur\u00ednou a vykon\u00e1vaj\u00fa cvi\u010denia prvej pomoci. V pozad\u00ed s\u00fa vidie\u0165 \u010fal\u0161\u00ed hasi\u010di, ktor\u00ed sa z\u00fa\u010dast\u0148uj\u00fa cvi\u010denia.\" class=\"gal_main_img\" style=\"\">\n        <\/div>\n                \n\n        \n        <div class=\"swiper-slide excludeimg \"\n            tabindex=\"0\"\n        data-sliderId =\"7726\"\n        data-bs-slide-to=\"5\"\n        data-title=\"\" role=\"group\"\n          data-bs-toggle=\"modal\" data-bs-target=\"#exampleModal7726\"\n          aria-label=\"6 \/ 9\"\n          style=\"background: linear-gradient(rgba(211, 211, 211), rgba(211, 211, 211))\">\n\n          <img decoding=\"async\" src=\"https:\/\/plsk.eu\/wp-content\/uploads\/2025\/11\/ZGDW-Jaslo_Zborov1_cw.sl_.rat_.jpg\" class=\"gal_bg_img\" style=\"\n    width: 100% !important;\">\n\n          <img decoding=\"async\" src=\"https:\/\/plsk.eu\/wp-content\/uploads\/2025\/11\/ZGDW-Jaslo_Zborov1_cw.sl_.rat_.jpg\" alt=\"Mobilna zapora zbudowana przez stra\u017cak\u00f3w. Przed zapor\u0105 potok. Za zapor\u0105 samochody stra\u017cackie, droga i domy mieszkalne Mobiln\u00e1 priehrada postaven\u00e1 hasi\u010dmi. Potok pred priehradou. Hasi\u010dsk\u00e9 vozidl\u00e1, cesta a obytn\u00e9 domy za priehradou.\" class=\"gal_main_img\" style=\"\">\n        <\/div>\n                \n\n        \n        <div class=\"swiper-slide excludeimg \"\n            tabindex=\"0\"\n        data-sliderId =\"7726\"\n        data-bs-slide-to=\"6\"\n        data-title=\"\" role=\"group\"\n          data-bs-toggle=\"modal\" data-bs-target=\"#exampleModal7726\"\n          aria-label=\"7 \/ 9\"\n          style=\"background: linear-gradient(rgba(211, 211, 211), rgba(211, 211, 211))\">\n\n          <img decoding=\"async\" src=\"https:\/\/plsk.eu\/wp-content\/uploads\/2025\/11\/ZGDW-Jaslo_Zborov3_cw.sl_.rat_.jpg\" class=\"gal_bg_img\" style=\"\n    width: 100% !important;\">\n\n          <img decoding=\"async\" src=\"https:\/\/plsk.eu\/wp-content\/uploads\/2025\/11\/ZGDW-Jaslo_Zborov3_cw.sl_.rat_.jpg\" alt=\"Trzech stra\u017cak\u00f3w odpala mobiln\u0105 pomp\u0119, kt\u00f3ra ma pompowa\u0107 wod\u0119 z potoku Traja hasi\u010di sp\u00fa\u0161\u0165aj\u00fa mobiln\u00e9 \u010derpadlo, aby na\u010derpali vodu z potoka.\" class=\"gal_main_img\" style=\"\">\n        <\/div>\n                \n\n        \n        <div class=\"swiper-slide excludeimg \"\n            tabindex=\"0\"\n        data-sliderId =\"7726\"\n        data-bs-slide-to=\"7\"\n        data-title=\"\" role=\"group\"\n          data-bs-toggle=\"modal\" data-bs-target=\"#exampleModal7726\"\n          aria-label=\"8 \/ 9\"\n          style=\"background: linear-gradient(rgba(211, 211, 211), rgba(211, 211, 211))\">\n\n          <img decoding=\"async\" src=\"https:\/\/plsk.eu\/wp-content\/uploads\/2025\/11\/ZGDW-Jaslo_Zborov8_cw.sl_.rat_.jpg\" class=\"gal_bg_img\" style=\"\n    width: 100% !important;\">\n\n          <img decoding=\"async\" src=\"https:\/\/plsk.eu\/wp-content\/uploads\/2025\/11\/ZGDW-Jaslo_Zborov8_cw.sl_.rat_.jpg\" alt=\"Troje stra\u017cak\u00f3w umieszcza opr\u00f3\u017cnia mobiln\u0105 zapor\u0119 z wody w potoku Traja hasi\u010di vyp\u00fa\u0161\u0165aj\u00fa mobiln\u00fa priehradu z vody v potoku.\" class=\"gal_main_img\" style=\"\">\n        <\/div>\n                \n\n        \n        <div class=\"swiper-slide excludeimg \"\n            tabindex=\"0\"\n        data-sliderId =\"7726\"\n        data-bs-slide-to=\"8\"\n        data-title=\"\" role=\"group\"\n          data-bs-toggle=\"modal\" data-bs-target=\"#exampleModal7726\"\n          aria-label=\"9 \/ 9\"\n          style=\"background: linear-gradient(rgba(211, 211, 211), rgba(211, 211, 211))\">\n\n          <img decoding=\"async\" src=\"https:\/\/plsk.eu\/wp-content\/uploads\/2025\/11\/ZGDW-Jaslo_Zborov7_cw.sl_.rat_.jpg\" class=\"gal_bg_img\" style=\"\n    width: 100% !important;\">\n\n          <img decoding=\"async\" src=\"https:\/\/plsk.eu\/wp-content\/uploads\/2025\/11\/ZGDW-Jaslo_Zborov7_cw.sl_.rat_.jpg\" alt=\"Grupa stra\u017cak\u00f3w opr\u00f3\u017cnia mobilne zapory z wody. Za stra\u017cakami znajduj\u0105 si\u0119 wozy stra\u017cackie Skupina hasi\u010dov vypr\u00e1zd\u0148uje mobiln\u00e9 bari\u00e9ry s vodou. Za hasi\u010dmi s\u00fa hasi\u010dsk\u00e9 vozidl\u00e1.\" class=\"gal_main_img\" style=\"\">\n        <\/div>\n                \n\n\n      <\/div>\n\n\n      <span class=\"swiper-notification\" aria-live=\"assertive\" aria-atomic=\"true\"><\/span>\n\n    <\/div>\n\n    <div id=\"swiperGalThumb-7726\" data-galid=\"7726\"\n      class=\"swiper widget-image-gallery__thumbs swiper-initialized swiper-horizontal swiper-pointer-events swiper-free-mode swiper-backface-hidden swiper-thumbs\">\n      <div class=\"swiper-wrapper\" id=\"swiper-wrapper-7726\" aria-live=\"polite\"\n        style=\"transform: translate3d(0px, 0px, 0px);\">\n\n        \n        \n        <div class=\"swiper-slide swiper-slide-prev\" style=\"width: 139px; margin-right: 30px;\" role=\"group\">\n          <img decoding=\"async\" src=\"https:\/\/plsk.eu\/wp-content\/uploads\/2025\/11\/ZGDW-Jaslo_Zborov2_cw.sl_.rat_.jpg\" alt=\"Czterech m\u0119\u017cczyzn w strojach stra\u017cackich stoi i rozmawia. W tle wida\u0107 w\u00f3z stra\u017cacki. \u0160tyria mu\u017ei v hasi\u010dsk\u00fdch uniform\u00e1ch stoja a rozpr\u00e1vaj\u00fa sa. V pozad\u00ed je vidie\u0165 hasi\u010dsk\u00e9 auto.\">\n        <\/div>\n        \n        \n        <div class=\"swiper-slide swiper-slide-prev\" style=\"width: 139px; margin-right: 30px;\" role=\"group\">\n          <img decoding=\"async\" src=\"https:\/\/plsk.eu\/wp-content\/uploads\/2025\/11\/ZGDW-Jaslo_Zborov4_cw.sl_.rat_.jpg\" alt=\"Dw\u00f3ch stra\u017cak\u00f3w umieszcza na quadzie transportowym osob\u0119 na noszach Dvaja hasi\u010di umiest\u0148uj\u00fa osobu na nosidl\u00e1 na transportnom \u0161tvorkolke.\">\n        <\/div>\n        \n        \n        <div class=\"swiper-slide swiper-slide-prev\" style=\"width: 139px; margin-right: 30px;\" role=\"group\">\n          <img decoding=\"async\" src=\"https:\/\/plsk.eu\/wp-content\/uploads\/2025\/11\/ZGDW-Jaslo_Zborov5_cw.sl_.rat_.jpg\" alt=\"Dw\u00f3ch stra\u017cak\u00f3w przewozi quadem osob\u0119 rann\u0105. Obok quada idzie dw\u00f3ch stra\u017cak\u00f3w z noszami i jeden z plecakiem medycznym Dvaja hasi\u010di prev\u00e1\u017eaj\u00fa zranen\u00fa osobu na \u0161tvorkolke. Dvaja hasi\u010di s nosidlami a jeden s lek\u00e1rskym batohom id\u00fa ved\u013ea \u0161tvorkolky.\">\n        <\/div>\n        \n        \n        <div class=\"swiper-slide swiper-slide-prev\" style=\"width: 139px; margin-right: 30px;\" role=\"group\">\n          <img decoding=\"async\" src=\"https:\/\/plsk.eu\/wp-content\/uploads\/2025\/11\/ZGDW-Jaslo_Zborov6_cw.sl_.rat_.jpg\" alt=\"Pi\u0119ciu stra\u017cak\u00f3w montuje mobilne os\u0142ony przeciwpowodziowe. Za stra\u017cakami stoj\u0105 wozy stra\u017cackie z wyposa\u017ceniem P\u00e4\u0165 hasi\u010dov in\u0161taluje mobiln\u00e9 protipovod\u0148ov\u00e9 bari\u00e9ry. Za hasi\u010dmi s\u00fa hasi\u010dsk\u00e9 vozidl\u00e1 s vybaven\u00edm.\">\n        <\/div>\n        \n        \n        <div class=\"swiper-slide swiper-slide-prev\" style=\"width: 139px; margin-right: 30px;\" role=\"group\">\n          <img decoding=\"async\" src=\"https:\/\/plsk.eu\/wp-content\/uploads\/2025\/11\/ZGDW-Jaslo_Zborov9_cw.sl_.rat_.jpg\" alt=\"Dw\u00f3ch m\u0119\u017cczyzn i kobieta kl\u0119cz\u0105 przed manekinem i przeprowadzaj\u0105 \u0107wiczenia z udzielania pierwszej pomocy. W tle wida\u0107 innych stra\u017cak\u00f3w uczestnicz\u0105cych w \u0107wiczeniach Dvaja mu\u017ei a jedna \u017eena k\u013ea\u010dia pred figur\u00ednou a vykon\u00e1vaj\u00fa cvi\u010denia prvej pomoci. V pozad\u00ed s\u00fa vidie\u0165 \u010fal\u0161\u00ed hasi\u010di, ktor\u00ed sa z\u00fa\u010dast\u0148uj\u00fa cvi\u010denia.\">\n        <\/div>\n        \n        \n        <div class=\"swiper-slide swiper-slide-prev\" style=\"width: 139px; margin-right: 30px;\" role=\"group\">\n          <img decoding=\"async\" src=\"https:\/\/plsk.eu\/wp-content\/uploads\/2025\/11\/ZGDW-Jaslo_Zborov1_cw.sl_.rat_.jpg\" alt=\"Mobilna zapora zbudowana przez stra\u017cak\u00f3w. Przed zapor\u0105 potok. Za zapor\u0105 samochody stra\u017cackie, droga i domy mieszkalne Mobiln\u00e1 priehrada postaven\u00e1 hasi\u010dmi. Potok pred priehradou. Hasi\u010dsk\u00e9 vozidl\u00e1, cesta a obytn\u00e9 domy za priehradou.\">\n        <\/div>\n        \n        \n        <div class=\"swiper-slide swiper-slide-prev\" style=\"width: 139px; margin-right: 30px;\" role=\"group\">\n          <img decoding=\"async\" src=\"https:\/\/plsk.eu\/wp-content\/uploads\/2025\/11\/ZGDW-Jaslo_Zborov3_cw.sl_.rat_.jpg\" alt=\"Trzech stra\u017cak\u00f3w odpala mobiln\u0105 pomp\u0119, kt\u00f3ra ma pompowa\u0107 wod\u0119 z potoku Traja hasi\u010di sp\u00fa\u0161\u0165aj\u00fa mobiln\u00e9 \u010derpadlo, aby na\u010derpali vodu z potoka.\">\n        <\/div>\n        \n        \n        <div class=\"swiper-slide swiper-slide-prev\" style=\"width: 139px; margin-right: 30px;\" role=\"group\">\n          <img decoding=\"async\" src=\"https:\/\/plsk.eu\/wp-content\/uploads\/2025\/11\/ZGDW-Jaslo_Zborov8_cw.sl_.rat_.jpg\" alt=\"Troje stra\u017cak\u00f3w umieszcza opr\u00f3\u017cnia mobiln\u0105 zapor\u0119 z wody w potoku Traja hasi\u010di vyp\u00fa\u0161\u0165aj\u00fa mobiln\u00fa priehradu z vody v potoku.\">\n        <\/div>\n        \n        \n        <div class=\"swiper-slide swiper-slide-prev\" style=\"width: 139px; margin-right: 30px;\" role=\"group\">\n          <img decoding=\"async\" src=\"https:\/\/plsk.eu\/wp-content\/uploads\/2025\/11\/ZGDW-Jaslo_Zborov7_cw.sl_.rat_.jpg\" alt=\"Grupa stra\u017cak\u00f3w opr\u00f3\u017cnia mobilne zapory z wody. Za stra\u017cakami znajduj\u0105 si\u0119 wozy stra\u017cackie Skupina hasi\u010dov vypr\u00e1zd\u0148uje mobiln\u00e9 bari\u00e9ry s vodou. Za hasi\u010dmi s\u00fa hasi\u010dsk\u00e9 vozidl\u00e1.\">\n        <\/div>\n        \n\n      <\/div>\n      <span class=\"swiper-notification\" aria-live=\"assertive\" aria-atomic=\"true\"><\/span>\n    <\/div>\n          <!--\n    <div class=\"widget-image-gallery__caption\">\n      <p>Opis zdj\u0119cia5, fot. Jan Kowalski<\/p>\n    <\/div>-->\n\n\n    <div class=\"image-swiper-button-prev swiper-button-prev\" role=\"button\" aria-label=\"Predch\u00e1dzaj\u00faci obr\u00e1zok\"\n      aria-controls=\"swiper-wrapper-7726\" aria-disabled=\"false\">\n    <\/div>\n\n    <div class=\"image-swiper-button-next swiper-button-next swiper-button-disabled\" role=\"button\"\n      aria-label=\"\u010eal\u0161\u00ed obr\u00e1zok\" aria-controls=\"swiper-wrapper-6744\" aria-disabled=\"true\">\n    <\/div>\n\n\n\n\n  <\/div>\n\n  \n  <div class=\"modal fade gal_modal\" id=\"exampleModal7726\" tabindex=\"-1\" aria-hidden=\"true\">\n    <div class=\"modal-dialog\">\n      <div class=\"modal-content\">\n        <div class=\"modal-header\">\n          <button type=\"button\" class=\"btn-close\" data-bs-dismiss=\"modal\" aria-label=\"Zamkn\u0105\u0107\">\n          <img decoding=\"async\"\n              src=\"https:\/\/plsk.eu\/wp-content\/themes\/fundusze\/assets\/images\/close.svg\"\n              alt=Zamkn\u0105\u0107>\n          <span class=\"visually-hidden\">Zamkn\u0105\u0107<\/span>\n        <\/button>\n        <\/div>\n\n          <div class=\"row no_mobile\">\n\n            <div class=\"col-xxl-2 col-xl-2 col-lg-2 col-md-2 col-sm-2 gal_left\">\n              <button type=\"button\" data-bs-target=\"#carouselExample7726\" data-bs-slide=\"prev\"\n                aria-label=\"Predch\u00e1dzaj\u00faci obr\u00e1zok\">\n                <img decoding=\"async\" src=\"https:\/\/plsk.eu\/wp-content\/themes\/fundusze\/assets\/images\/back.svg\" alt=\"\"> <\/button>\n            <\/div>\n\n            <div class=\"col-xxl-8 col-xl-8 col-lg-8 col-md-8 col-sm-8\">\n\n              <div id=\"carouselExample7726\" class=\"carousel slide\" data-bs-interval=\"50000\"\n                data-bs-ride=\"carousel\">\n\n                <div class=\"carousel-inner\">\n\n                  \n                                    <div class=\"carousel-item  active \">\n                    <img decoding=\"async\" src=\"https:\/\/plsk.eu\/wp-content\/uploads\/2025\/11\/ZGDW-Jaslo_Zborov2_cw.sl_.rat_.jpg\" alt=\"Czterech m\u0119\u017cczyzn w strojach stra\u017cackich stoi i rozmawia. W tle wida\u0107 w\u00f3z stra\u017cacki. \u0160tyria mu\u017ei v hasi\u010dsk\u00fdch uniform\u00e1ch stoja a rozpr\u00e1vaj\u00fa sa. V pozad\u00ed je vidie\u0165 hasi\u010dsk\u00e9 auto.\" class=\"img_all\">\n                    <div class=\"row\">\n\n                      <div class=\"col-xxl-12 col-xl-12 col-lg-12 col-md-12 col-sm-12\">\n                        <div class=\"img_caption\">\n                          <div class=\"cap_text\">\n                                                                                  <\/div>\n                          <div class=\"cap_num\">\n                            <strong> 1 z 9<\/strong>\n                          <\/div>\n\n                        <\/div>\n                      <\/div>\n\n                    <\/div>\n                  <\/div>\n                                    \n                                    <div class=\"carousel-item \">\n                    <img decoding=\"async\" src=\"https:\/\/plsk.eu\/wp-content\/uploads\/2025\/11\/ZGDW-Jaslo_Zborov4_cw.sl_.rat_.jpg\" alt=\"Dw\u00f3ch stra\u017cak\u00f3w umieszcza na quadzie transportowym osob\u0119 na noszach Dvaja hasi\u010di umiest\u0148uj\u00fa osobu na nosidl\u00e1 na transportnom \u0161tvorkolke.\" class=\"img_all\">\n                    <div class=\"row\">\n\n                      <div class=\"col-xxl-12 col-xl-12 col-lg-12 col-md-12 col-sm-12\">\n                        <div class=\"img_caption\">\n                          <div class=\"cap_text\">\n                                                                                  <\/div>\n                          <div class=\"cap_num\">\n                            <strong> 2 z 9<\/strong>\n                          <\/div>\n\n                        <\/div>\n                      <\/div>\n\n                    <\/div>\n                  <\/div>\n                                    \n                                    <div class=\"carousel-item \">\n                    <img decoding=\"async\" src=\"https:\/\/plsk.eu\/wp-content\/uploads\/2025\/11\/ZGDW-Jaslo_Zborov5_cw.sl_.rat_.jpg\" alt=\"Dw\u00f3ch stra\u017cak\u00f3w przewozi quadem osob\u0119 rann\u0105. Obok quada idzie dw\u00f3ch stra\u017cak\u00f3w z noszami i jeden z plecakiem medycznym Dvaja hasi\u010di prev\u00e1\u017eaj\u00fa zranen\u00fa osobu na \u0161tvorkolke. Dvaja hasi\u010di s nosidlami a jeden s lek\u00e1rskym batohom id\u00fa ved\u013ea \u0161tvorkolky.\" class=\"img_all\">\n                    <div class=\"row\">\n\n                      <div class=\"col-xxl-12 col-xl-12 col-lg-12 col-md-12 col-sm-12\">\n                        <div class=\"img_caption\">\n                          <div class=\"cap_text\">\n                                                                                  <\/div>\n                          <div class=\"cap_num\">\n                            <strong> 3 z 9<\/strong>\n                          <\/div>\n\n                        <\/div>\n                      <\/div>\n\n                    <\/div>\n                  <\/div>\n                                    \n                                    <div class=\"carousel-item \">\n                    <img decoding=\"async\" src=\"https:\/\/plsk.eu\/wp-content\/uploads\/2025\/11\/ZGDW-Jaslo_Zborov6_cw.sl_.rat_.jpg\" alt=\"Pi\u0119ciu stra\u017cak\u00f3w montuje mobilne os\u0142ony przeciwpowodziowe. Za stra\u017cakami stoj\u0105 wozy stra\u017cackie z wyposa\u017ceniem P\u00e4\u0165 hasi\u010dov in\u0161taluje mobiln\u00e9 protipovod\u0148ov\u00e9 bari\u00e9ry. Za hasi\u010dmi s\u00fa hasi\u010dsk\u00e9 vozidl\u00e1 s vybaven\u00edm.\" class=\"img_all\">\n                    <div class=\"row\">\n\n                      <div class=\"col-xxl-12 col-xl-12 col-lg-12 col-md-12 col-sm-12\">\n                        <div class=\"img_caption\">\n                          <div class=\"cap_text\">\n                                                                                  <\/div>\n                          <div class=\"cap_num\">\n                            <strong> 4 z 9<\/strong>\n                          <\/div>\n\n                        <\/div>\n                      <\/div>\n\n                    <\/div>\n                  <\/div>\n                                    \n                                    <div class=\"carousel-item \">\n                    <img decoding=\"async\" src=\"https:\/\/plsk.eu\/wp-content\/uploads\/2025\/11\/ZGDW-Jaslo_Zborov9_cw.sl_.rat_.jpg\" alt=\"Dw\u00f3ch m\u0119\u017cczyzn i kobieta kl\u0119cz\u0105 przed manekinem i przeprowadzaj\u0105 \u0107wiczenia z udzielania pierwszej pomocy. W tle wida\u0107 innych stra\u017cak\u00f3w uczestnicz\u0105cych w \u0107wiczeniach Dvaja mu\u017ei a jedna \u017eena k\u013ea\u010dia pred figur\u00ednou a vykon\u00e1vaj\u00fa cvi\u010denia prvej pomoci. V pozad\u00ed s\u00fa vidie\u0165 \u010fal\u0161\u00ed hasi\u010di, ktor\u00ed sa z\u00fa\u010dast\u0148uj\u00fa cvi\u010denia.\" class=\"img_all\">\n                    <div class=\"row\">\n\n                      <div class=\"col-xxl-12 col-xl-12 col-lg-12 col-md-12 col-sm-12\">\n                        <div class=\"img_caption\">\n                          <div class=\"cap_text\">\n                                                                                  <\/div>\n                          <div class=\"cap_num\">\n                            <strong> 5 z 9<\/strong>\n                          <\/div>\n\n                        <\/div>\n                      <\/div>\n\n                    <\/div>\n                  <\/div>\n                                    \n                                    <div class=\"carousel-item \">\n                    <img decoding=\"async\" src=\"https:\/\/plsk.eu\/wp-content\/uploads\/2025\/11\/ZGDW-Jaslo_Zborov1_cw.sl_.rat_.jpg\" alt=\"Mobilna zapora zbudowana przez stra\u017cak\u00f3w. Przed zapor\u0105 potok. Za zapor\u0105 samochody stra\u017cackie, droga i domy mieszkalne Mobiln\u00e1 priehrada postaven\u00e1 hasi\u010dmi. Potok pred priehradou. Hasi\u010dsk\u00e9 vozidl\u00e1, cesta a obytn\u00e9 domy za priehradou.\" class=\"img_all\">\n                    <div class=\"row\">\n\n                      <div class=\"col-xxl-12 col-xl-12 col-lg-12 col-md-12 col-sm-12\">\n                        <div class=\"img_caption\">\n                          <div class=\"cap_text\">\n                                                                                  <\/div>\n                          <div class=\"cap_num\">\n                            <strong> 6 z 9<\/strong>\n                          <\/div>\n\n                        <\/div>\n                      <\/div>\n\n                    <\/div>\n                  <\/div>\n                                    \n                                    <div class=\"carousel-item \">\n                    <img decoding=\"async\" src=\"https:\/\/plsk.eu\/wp-content\/uploads\/2025\/11\/ZGDW-Jaslo_Zborov3_cw.sl_.rat_.jpg\" alt=\"Trzech stra\u017cak\u00f3w odpala mobiln\u0105 pomp\u0119, kt\u00f3ra ma pompowa\u0107 wod\u0119 z potoku Traja hasi\u010di sp\u00fa\u0161\u0165aj\u00fa mobiln\u00e9 \u010derpadlo, aby na\u010derpali vodu z potoka.\" class=\"img_all\">\n                    <div class=\"row\">\n\n                      <div class=\"col-xxl-12 col-xl-12 col-lg-12 col-md-12 col-sm-12\">\n                        <div class=\"img_caption\">\n                          <div class=\"cap_text\">\n                                                                                  <\/div>\n                          <div class=\"cap_num\">\n                            <strong> 7 z 9<\/strong>\n                          <\/div>\n\n                        <\/div>\n                      <\/div>\n\n                    <\/div>\n                  <\/div>\n                                    \n                                    <div class=\"carousel-item \">\n                    <img decoding=\"async\" src=\"https:\/\/plsk.eu\/wp-content\/uploads\/2025\/11\/ZGDW-Jaslo_Zborov8_cw.sl_.rat_.jpg\" alt=\"Troje stra\u017cak\u00f3w umieszcza opr\u00f3\u017cnia mobiln\u0105 zapor\u0119 z wody w potoku Traja hasi\u010di vyp\u00fa\u0161\u0165aj\u00fa mobiln\u00fa priehradu z vody v potoku.\" class=\"img_all\">\n                    <div class=\"row\">\n\n                      <div class=\"col-xxl-12 col-xl-12 col-lg-12 col-md-12 col-sm-12\">\n                        <div class=\"img_caption\">\n                          <div class=\"cap_text\">\n                                                                                  <\/div>\n                          <div class=\"cap_num\">\n                            <strong> 8 z 9<\/strong>\n                          <\/div>\n\n                        <\/div>\n                      <\/div>\n\n                    <\/div>\n                  <\/div>\n                                    \n                                    <div class=\"carousel-item \">\n                    <img decoding=\"async\" src=\"https:\/\/plsk.eu\/wp-content\/uploads\/2025\/11\/ZGDW-Jaslo_Zborov7_cw.sl_.rat_.jpg\" alt=\"Grupa stra\u017cak\u00f3w opr\u00f3\u017cnia mobilne zapory z wody. Za stra\u017cakami znajduj\u0105 si\u0119 wozy stra\u017cackie Skupina hasi\u010dov vypr\u00e1zd\u0148uje mobiln\u00e9 bari\u00e9ry s vodou. Za hasi\u010dmi s\u00fa hasi\u010dsk\u00e9 vozidl\u00e1.\" class=\"img_all\">\n                    <div class=\"row\">\n\n                      <div class=\"col-xxl-12 col-xl-12 col-lg-12 col-md-12 col-sm-12\">\n                        <div class=\"img_caption\">\n                          <div class=\"cap_text\">\n                                                                                  <\/div>\n                          <div class=\"cap_num\">\n                            <strong> 9 z 9<\/strong>\n                          <\/div>\n\n                        <\/div>\n                      <\/div>\n\n                    <\/div>\n                  <\/div>\n                                    \n                <\/div>\n\n              <\/div>\n\n            <\/div>\n            <div class=\"col-xxl-2 col-xl-2 col-lg-2 col-md-2 col-sm-2 gal_right\">\n              <button type=\"button\" data-bs-target=\"#carouselExample7726\" data-bs-slide=\"next\"\n                aria-label=\"\u010eal\u0161\u00ed obr\u00e1zok\"> <img decoding=\"async\"\n                  src=\"https:\/\/plsk.eu\/wp-content\/themes\/fundusze\/assets\/images\/next.svg\" alt=\"\"><\/button>\n            <\/div>\n\n          <\/div>\n\n\n          <div class=\"row no_desk\">\n\n            <div class=\"col-xxl-8 col-xl-8 col-lg-8 col-md-8 col-sm-8\">\n\n              <div id=\"carouselExample7726mob7726\" class=\"carousel slide\" data-bs-interval=\"50000\"\n                data-bs-ride=\"carousel\">\n\n                <div class=\"carousel-inner\">\n\n                  \n                                    <div class=\"carousel-item  active \">\n                    <img decoding=\"async\" src=\"https:\/\/plsk.eu\/wp-content\/uploads\/2025\/11\/ZGDW-Jaslo_Zborov2_cw.sl_.rat_.jpg\" alt=\"Czterech m\u0119\u017cczyzn w strojach stra\u017cackich stoi i rozmawia. W tle wida\u0107 w\u00f3z stra\u017cacki. \u0160tyria mu\u017ei v hasi\u010dsk\u00fdch uniform\u00e1ch stoja a rozpr\u00e1vaj\u00fa sa. V pozad\u00ed je vidie\u0165 hasi\u010dsk\u00e9 auto.\" class=\"img_all\">\n                    <div class=\"row\">\n\n                      <div class=\"col-xxl-12 col-xl-12 col-lg-12 col-md-12 col-sm-12\">\n                        <div class=\"img_caption\">\n                          <div class=\"cap_text\">\n                            \n                                                      <\/div>\n                          <div class=\"cap_num\">\n                            <strong> 1 z 9<\/strong>\n                          <\/div>\n\n                        <\/div>\n                      <\/div>\n\n                    <\/div>\n                  <\/div>\n                  \n                                    <div class=\"carousel-item \">\n                    <img decoding=\"async\" src=\"https:\/\/plsk.eu\/wp-content\/uploads\/2025\/11\/ZGDW-Jaslo_Zborov4_cw.sl_.rat_.jpg\" alt=\"Dw\u00f3ch stra\u017cak\u00f3w umieszcza na quadzie transportowym osob\u0119 na noszach Dvaja hasi\u010di umiest\u0148uj\u00fa osobu na nosidl\u00e1 na transportnom \u0161tvorkolke.\" class=\"img_all\">\n                    <div class=\"row\">\n\n                      <div class=\"col-xxl-12 col-xl-12 col-lg-12 col-md-12 col-sm-12\">\n                        <div class=\"img_caption\">\n                          <div class=\"cap_text\">\n                            \n                                                      <\/div>\n                          <div class=\"cap_num\">\n                            <strong> 2 z 9<\/strong>\n                          <\/div>\n\n                        <\/div>\n                      <\/div>\n\n                    <\/div>\n                  <\/div>\n                  \n                                    <div class=\"carousel-item \">\n                    <img decoding=\"async\" src=\"https:\/\/plsk.eu\/wp-content\/uploads\/2025\/11\/ZGDW-Jaslo_Zborov5_cw.sl_.rat_.jpg\" alt=\"Dw\u00f3ch stra\u017cak\u00f3w przewozi quadem osob\u0119 rann\u0105. Obok quada idzie dw\u00f3ch stra\u017cak\u00f3w z noszami i jeden z plecakiem medycznym Dvaja hasi\u010di prev\u00e1\u017eaj\u00fa zranen\u00fa osobu na \u0161tvorkolke. Dvaja hasi\u010di s nosidlami a jeden s lek\u00e1rskym batohom id\u00fa ved\u013ea \u0161tvorkolky.\" class=\"img_all\">\n                    <div class=\"row\">\n\n                      <div class=\"col-xxl-12 col-xl-12 col-lg-12 col-md-12 col-sm-12\">\n                        <div class=\"img_caption\">\n                          <div class=\"cap_text\">\n                            \n                                                      <\/div>\n                          <div class=\"cap_num\">\n                            <strong> 3 z 9<\/strong>\n                          <\/div>\n\n                        <\/div>\n                      <\/div>\n\n                    <\/div>\n                  <\/div>\n                  \n                                    <div class=\"carousel-item \">\n                    <img decoding=\"async\" src=\"https:\/\/plsk.eu\/wp-content\/uploads\/2025\/11\/ZGDW-Jaslo_Zborov6_cw.sl_.rat_.jpg\" alt=\"Pi\u0119ciu stra\u017cak\u00f3w montuje mobilne os\u0142ony przeciwpowodziowe. Za stra\u017cakami stoj\u0105 wozy stra\u017cackie z wyposa\u017ceniem P\u00e4\u0165 hasi\u010dov in\u0161taluje mobiln\u00e9 protipovod\u0148ov\u00e9 bari\u00e9ry. Za hasi\u010dmi s\u00fa hasi\u010dsk\u00e9 vozidl\u00e1 s vybaven\u00edm.\" class=\"img_all\">\n                    <div class=\"row\">\n\n                      <div class=\"col-xxl-12 col-xl-12 col-lg-12 col-md-12 col-sm-12\">\n                        <div class=\"img_caption\">\n                          <div class=\"cap_text\">\n                            \n                                                      <\/div>\n                          <div class=\"cap_num\">\n                            <strong> 4 z 9<\/strong>\n                          <\/div>\n\n                        <\/div>\n                      <\/div>\n\n                    <\/div>\n                  <\/div>\n                  \n                                    <div class=\"carousel-item \">\n                    <img decoding=\"async\" src=\"https:\/\/plsk.eu\/wp-content\/uploads\/2025\/11\/ZGDW-Jaslo_Zborov9_cw.sl_.rat_.jpg\" alt=\"Dw\u00f3ch m\u0119\u017cczyzn i kobieta kl\u0119cz\u0105 przed manekinem i przeprowadzaj\u0105 \u0107wiczenia z udzielania pierwszej pomocy. W tle wida\u0107 innych stra\u017cak\u00f3w uczestnicz\u0105cych w \u0107wiczeniach Dvaja mu\u017ei a jedna \u017eena k\u013ea\u010dia pred figur\u00ednou a vykon\u00e1vaj\u00fa cvi\u010denia prvej pomoci. V pozad\u00ed s\u00fa vidie\u0165 \u010fal\u0161\u00ed hasi\u010di, ktor\u00ed sa z\u00fa\u010dast\u0148uj\u00fa cvi\u010denia.\" class=\"img_all\">\n                    <div class=\"row\">\n\n                      <div class=\"col-xxl-12 col-xl-12 col-lg-12 col-md-12 col-sm-12\">\n                        <div class=\"img_caption\">\n                          <div class=\"cap_text\">\n                            \n                                                      <\/div>\n                          <div class=\"cap_num\">\n                            <strong> 5 z 9<\/strong>\n                          <\/div>\n\n                        <\/div>\n                      <\/div>\n\n                    <\/div>\n                  <\/div>\n                  \n                                    <div class=\"carousel-item \">\n                    <img decoding=\"async\" src=\"https:\/\/plsk.eu\/wp-content\/uploads\/2025\/11\/ZGDW-Jaslo_Zborov1_cw.sl_.rat_.jpg\" alt=\"Mobilna zapora zbudowana przez stra\u017cak\u00f3w. Przed zapor\u0105 potok. Za zapor\u0105 samochody stra\u017cackie, droga i domy mieszkalne Mobiln\u00e1 priehrada postaven\u00e1 hasi\u010dmi. Potok pred priehradou. Hasi\u010dsk\u00e9 vozidl\u00e1, cesta a obytn\u00e9 domy za priehradou.\" class=\"img_all\">\n                    <div class=\"row\">\n\n                      <div class=\"col-xxl-12 col-xl-12 col-lg-12 col-md-12 col-sm-12\">\n                        <div class=\"img_caption\">\n                          <div class=\"cap_text\">\n                            \n                                                      <\/div>\n                          <div class=\"cap_num\">\n                            <strong> 6 z 9<\/strong>\n                          <\/div>\n\n                        <\/div>\n                      <\/div>\n\n                    <\/div>\n                  <\/div>\n                  \n                                    <div class=\"carousel-item \">\n                    <img decoding=\"async\" src=\"https:\/\/plsk.eu\/wp-content\/uploads\/2025\/11\/ZGDW-Jaslo_Zborov3_cw.sl_.rat_.jpg\" alt=\"Trzech stra\u017cak\u00f3w odpala mobiln\u0105 pomp\u0119, kt\u00f3ra ma pompowa\u0107 wod\u0119 z potoku Traja hasi\u010di sp\u00fa\u0161\u0165aj\u00fa mobiln\u00e9 \u010derpadlo, aby na\u010derpali vodu z potoka.\" class=\"img_all\">\n                    <div class=\"row\">\n\n                      <div class=\"col-xxl-12 col-xl-12 col-lg-12 col-md-12 col-sm-12\">\n                        <div class=\"img_caption\">\n                          <div class=\"cap_text\">\n                            \n                                                      <\/div>\n                          <div class=\"cap_num\">\n                            <strong> 7 z 9<\/strong>\n                          <\/div>\n\n                        <\/div>\n                      <\/div>\n\n                    <\/div>\n                  <\/div>\n                  \n                                    <div class=\"carousel-item \">\n                    <img decoding=\"async\" src=\"https:\/\/plsk.eu\/wp-content\/uploads\/2025\/11\/ZGDW-Jaslo_Zborov8_cw.sl_.rat_.jpg\" alt=\"Troje stra\u017cak\u00f3w umieszcza opr\u00f3\u017cnia mobiln\u0105 zapor\u0119 z wody w potoku Traja hasi\u010di vyp\u00fa\u0161\u0165aj\u00fa mobiln\u00fa priehradu z vody v potoku.\" class=\"img_all\">\n                    <div class=\"row\">\n\n                      <div class=\"col-xxl-12 col-xl-12 col-lg-12 col-md-12 col-sm-12\">\n                        <div class=\"img_caption\">\n                          <div class=\"cap_text\">\n                            \n                                                      <\/div>\n                          <div class=\"cap_num\">\n                            <strong> 8 z 9<\/strong>\n                          <\/div>\n\n                        <\/div>\n                      <\/div>\n\n                    <\/div>\n                  <\/div>\n                  \n                                    <div class=\"carousel-item \">\n                    <img decoding=\"async\" src=\"https:\/\/plsk.eu\/wp-content\/uploads\/2025\/11\/ZGDW-Jaslo_Zborov7_cw.sl_.rat_.jpg\" alt=\"Grupa stra\u017cak\u00f3w opr\u00f3\u017cnia mobilne zapory z wody. Za stra\u017cakami znajduj\u0105 si\u0119 wozy stra\u017cackie Skupina hasi\u010dov vypr\u00e1zd\u0148uje mobiln\u00e9 bari\u00e9ry s vodou. Za hasi\u010dmi s\u00fa hasi\u010dsk\u00e9 vozidl\u00e1.\" class=\"img_all\">\n                    <div class=\"row\">\n\n                      <div class=\"col-xxl-12 col-xl-12 col-lg-12 col-md-12 col-sm-12\">\n                        <div class=\"img_caption\">\n                          <div class=\"cap_text\">\n                            \n                                                      <\/div>\n                          <div class=\"cap_num\">\n                            <strong> 9 z 9<\/strong>\n                          <\/div>\n\n                        <\/div>\n                      <\/div>\n\n                    <\/div>\n                  <\/div>\n                                  <\/div>\n              <\/div>\n\n            <\/div>\n            <div class=\"col-xxl-2 col-xl-2 col-lg-2 col-md-2 col-sm-12 gal_arrow mb-30px\">\n              <img decoding=\"async\" src=\"https:\/\/plsk.eu\/wp-content\/themes\/fundusze\/assets\/images\/back.svg\"\n                data-bs-target=\"#carouselExample7726mob7726\" data-bs-slide=\"prev\" alt=\"\"> <img decoding=\"async\"\n                src=\"https:\/\/plsk.eu\/wp-content\/themes\/fundusze\/assets\/images\/next.svg\"\n                data-bs-target=\"#carouselExample7726mob7726\" data-bs-slide=\"next\" alt=\"\">\n            <\/div>\n\n          <\/div>\n      <\/div>\n    <\/div>\n  <\/div>\n\n  \n\n\n<hr class=\"wp-block-separator has-alpha-channel-opacity is-style-default\"\/>\n\n\n\n<div class=\"wp-block-media-text is-stacked-on-mobile is-image-fill-element\"><figure class=\"wp-block-media-text__media\"><img loading=\"lazy\" decoding=\"async\" width=\"800\" height=\"533\" src=\"https:\/\/plsk.eu\/wp-content\/uploads\/2025\/11\/ZGDW-Jaslo_Zborov10_cw.sl_.rat_.jpg\" alt=\"Bardzo du\u017ca grupa kilkudziesi\u0119ciu stra\u017cak\u00f3w stoi na boisku sportowym i czeka na zako\u0144czenie \u0107wicze\u0144 stra\u017cackich Ve\u013emi po\u010detn\u00e1 skupina nieko\u013ek\u00fdch desiatok hasi\u010dov stoj\u00ed na \u0161portovom ihrisku a \u010dak\u00e1 na koniec hasi\u010dsk\u00fdch cvi\u010den\u00ed.\" class=\"wp-image-42060 size-full\" style=\"object-position:50% 50%\" srcset=\"https:\/\/plsk.eu\/wp-content\/uploads\/2025\/11\/ZGDW-Jaslo_Zborov10_cw.sl_.rat_.jpg 800w, https:\/\/plsk.eu\/wp-content\/uploads\/2025\/11\/ZGDW-Jaslo_Zborov10_cw.sl_.rat_-300x200.jpg 300w, https:\/\/plsk.eu\/wp-content\/uploads\/2025\/11\/ZGDW-Jaslo_Zborov10_cw.sl_.rat_-768x512.jpg 768w\" sizes=\"auto, (max-width: 800px) 100vw, 800px\" \/><\/figure><div class=\"wp-block-media-text__content\">\n<p>Medzin\u00e1rodn\u00e9 cvi\u010denie z\u00e1chrann\u00fdch zlo\u017eiek<\/p>\n\n\n\n<div class=\"wp-block-buttons is-content-justification-center is-layout-flex wp-container-core-buttons-is-layout-14c487f4 wp-block-buttons-is-layout-flex\">\n<div class=\"wp-block-button is-style-outline is-style-outline--1\"><a class=\"wp-block-button__link has-white-color has-text-color has-background has-link-color has-medium-font-size has-custom-font-size wp-element-button\" href=\"https:\/\/plsk.eu\/sk\/medzinarodne-cvicenie-zachrannych-zloziek\/\" style=\"border-radius:10px;background-color:#183d8e;font-style:normal;font-weight:500\" target=\"_blank\" rel=\"noreferrer noopener\">\u010c\u00edtaj<\/a><\/div>\n<\/div>\n<\/div><\/div>\n\n\n\n<hr class=\"wp-block-separator has-alpha-channel-opacity is-style-default\"\/>\n","protected":false},"featured_media":42064,"menu_order":0,"template":"","meta":{"_acf_changed":false,"inline_featured_image":false,"_themeisle_gutenberg_block_has_review":false,"footnotes":"","_links_to":"","_links_to_target":""},"kategoria_historii":[1928],"historii_partner_wiodacy":[2279],"historii_partner_projektu":[2382,2383,2391,2392,2393,2394,2395,2396,2397,2500,2370,2373,2379,2380,2381],"regiony":[],"powiaty":[],"class_list":["post-39054","historii","type-historii","status-publish","has-post-thumbnail","hentry","kategoria_historii-2021-2027-sk","historii_partner_wiodacy-zwiazek-gmin-dorzecza-wisloki-sk","historii_partner_projektu-obec-krempna","historii_partner_projektu-obec-kolaczyce","historii_partner_projektu-slovensky-cerveny-kriz-uzemny-spolok-svidnik","historii_partner_projektu-obec-zborov","historii_partner_projektu-obec-nizna-polianka-gpt","historii_partner_projektu-obec-chmelova","historii_partner_projektu-obec-becherov","historii_partner_projektu-mesto-jaslo","historii_partner_projektu-mesto-podolinec","historii_partner_projektu-obec-brzyska","historii_partner_projektu-obec-chorkowka","historii_partner_projektu-obec-jaslo","historii_partner_projektu-obec-tarnowiec","historii_partner_projektu-obec-sekowa","historii_partner_projektu-obec-osiek-jasielski"],"acf":[],"_links":{"self":[{"href":"https:\/\/plsk.eu\/sk\/wp-json\/wp\/v2\/historii\/39054","targetHints":{"allow":["GET"]}}],"collection":[{"href":"https:\/\/plsk.eu\/sk\/wp-json\/wp\/v2\/historii"}],"about":[{"href":"https:\/\/plsk.eu\/sk\/wp-json\/wp\/v2\/types\/historii"}],"version-history":[{"count":5,"href":"https:\/\/plsk.eu\/sk\/wp-json\/wp\/v2\/historii\/39054\/revisions"}],"predecessor-version":[{"id":42531,"href":"https:\/\/plsk.eu\/sk\/wp-json\/wp\/v2\/historii\/39054\/revisions\/42531"}],"wp:featuredmedia":[{"embeddable":true,"href":"https:\/\/plsk.eu\/sk\/wp-json\/wp\/v2\/media\/42064"}],"wp:attachment":[{"href":"https:\/\/plsk.eu\/sk\/wp-json\/wp\/v2\/media?parent=39054"}],"wp:term":[{"taxonomy":"kategoria_historii","embeddable":true,"href":"https:\/\/plsk.eu\/sk\/wp-json\/wp\/v2\/kategoria_historii?post=39054"},{"taxonomy":"historii_partner_wiodacy","embeddable":true,"href":"https:\/\/plsk.eu\/sk\/wp-json\/wp\/v2\/historii_partner_wiodacy?post=39054"},{"taxonomy":"historii_partner_projektu","embeddable":true,"href":"https:\/\/plsk.eu\/sk\/wp-json\/wp\/v2\/historii_partner_projektu?post=39054"},{"taxonomy":"regiony","embeddable":true,"href":"https:\/\/plsk.eu\/sk\/wp-json\/wp\/v2\/regiony?post=39054"},{"taxonomy":"powiaty","embeddable":true,"href":"https:\/\/plsk.eu\/sk\/wp-json\/wp\/v2\/powiaty?post=39054"}],"curies":[{"name":"wp","href":"https:\/\/api.w.org\/{rel}","templated":true}]}}