{"id":39064,"date":"2025-01-08T15:11:33","date_gmt":"2025-01-08T14:11:33","guid":{"rendered":"https:\/\/plsk.eu\/projekty\/adaptacja-do-zmian-klimatu-regionu-transgranicznego-polski-i-slowacji-poprzez-poprawe-efektywnosci-sluzb-ratowniczych-gminy-kroscienko\/"},"modified":"2026-04-02T09:39:28","modified_gmt":"2026-04-02T07:39:28","slug":"prisposobenie-sa-zmene-klimy-v-cezhranicnom-regione-polska-a-slovenska-zlepsenim-ucinnosti-zachrannych-sluzieb-obce-kroscienko-wyzne-a-mesta","status":"publish","type":"historii","link":"https:\/\/plsk.eu\/sk\/projekty\/prisposobenie-sa-zmene-klimy-v-cezhranicnom-regione-polska-a-slovenska-zlepsenim-ucinnosti-zachrannych-sluzieb-obce-kroscienko-wyzne-a-mesta\/","title":{"rendered":"Prisp\u00f4sobenie sa zmene kl\u00edmy v cezhrani\u010dnom regi\u00f3ne Po\u013eska a Slovenska zlep\u0161en\u00edm \u00fa\u010dinnosti z\u00e1chrann\u00fdch slu\u017eieb obce Kro\u015bcienko Wy\u017cne a mesta"},"content":{"rendered":"\n<p>Projekt zah\u0155\u0148a spolupr\u00e1cu pri prisp\u00f4sobovan\u00ed z\u00e1chrann\u00fdch slu\u017eieb v po\u013esko-slovenskom pohrani\u010d\u00ed klimatick\u00fdm zmen\u00e1m a zni\u017eovan\u00ed negat\u00edvnych \u00fa\u010dinkov pr\u00edrodn\u00fdch katastrof a \u017eiveln\u00fdch pohr\u00f4m. Inici\u00e1tormi projektu s\u00fa partneri na oboch stran\u00e1ch hranice &#8211; obec Kro\u015bcienko Wy\u017cne (ved\u00faci partner) a mesto Svidn\u00edk (projektov\u00fd partner). Projekt sa bude realizova\u0165 v susedn\u00fdch okresoch na oboch stran\u00e1ch hranice: v okrese Krosno a v okrese Svidn\u00edk. V r\u00e1mci \u0161tandardiz\u00e1cie vybavenia z\u00e1chrann\u00fdch zlo\u017eiek regi\u00f3nu sa pl\u00e1nuje n\u00e1kup vozidiel a \u0161pecializovan\u00e9ho vybavenia, medzi ktor\u00e9 patria: \u013eahk\u00e9 z\u00e1chrann\u00e9 a hasi\u010dsk\u00e9 vozidlo (OSP Pustyny, obec Kro\u015bcienko Wy\u017cne), dopravn\u00e9 vozidlo s pr\u00edvesom, UTV a z\u00e1chran\u00e1rske vybavenie (DHZ Svidn\u00edk). S\u00fa\u010das\u0165ou projektu bude medzin\u00e1rodn\u00fd workshop z\u00e1chrann\u00fdch slu\u017eieb, inkluz\u00edvne rodinn\u00e9 pikniky a vedeck\u00e1 konferencia. V\u00fdsledkom projektu bude zlep\u0161enie \u00farovne z\u00e1chran\u00e1rstva a formovanie proekologick\u00e9ho povedomia miestnych obyvate\u013eov. D\u00f4vodom potreby realiz\u00e1cie projektu je neprimeranos\u0165 infra\u0161trukt\u00fary pohrani\u010dia na to, aby sa vyrovnala s prebiehaj\u00facimi klimatick\u00fdmi zmenami a ich d\u00f4sledkami. D\u00f4le\u017eit\u00e1 je komplement\u00e1rnos\u0165 projektu s v\u00fdstavbou trasy medzin\u00e1rodn\u00e9ho v\u00fdznamu &#8211; Via Carpatia. Partnersk\u00fd charakter projektu vych\u00e1dza z presved\u010denia, \u017ee ciele projektu mo\u017eno \u00faspe\u0161ne realizova\u0165 len prostredn\u00edctvom spolupr\u00e1ce partnerov z oboch kraj\u00edn. Projekt bol spolo\u010dne pripraven\u00fd, zah\u0155\u0148a spolo\u010dn\u00e9 aktivity, m\u00e1 partnersk\u00fd rozpo\u010det prisp\u00f4soben\u00fd potreb\u00e1m partnerov a m\u00e1 po\u013esko-slovensk\u00fd riadiaci t\u00edm. Partneri projektu svojou anga\u017eovanos\u0165ou a charakteristikou svojich aktiv\u00edt zabezpe\u010duj\u00fa udr\u017eate\u013enos\u0165 v\u00fdsledkov projektu, ktor\u00e9 presahuj\u00fa obdobie realiz\u00e1cie projektu. Projekt podporuje realiz\u00e1ciu nadraden\u00fdch region\u00e1lnych strat\u00e9gi\u00ed, dop\u013a\u0148a in\u00e9 projekty a zoh\u013ead\u0148uje horizont\u00e1lne politiky. <\/p>\n\n\n\n<h2 class=\"wp-block-heading\">Realiz\u00e1cia projektu<\/h2>\n\n\n\n<div class=\"\">\n\n  <div class=\"widget-image-gallery galRB gal-7645\">\n\n    <div id=\"swiperGalFUll-7645\"\n      class=\"swiper widget-image-gallery__full swiper-initialized swiper-horizontal swiper-pointer-events swiper-backface-hidden\">\n\n      <div class=\"swiper-wrapper\" id=\"swiper-wrapper-7645\" aria-live=\"polite\"\n        style=\"transform: translate3d(0px, 0px, 0px);\">\n\n        \n\n        \n        <div class=\"swiper-slide excludeimg  swiper-slide-active \"\n            tabindex=\"0\"\n        data-sliderId =\"7645\"\n        data-bs-slide-to=\"0\"\n        data-title=\"\" role=\"group\"\n          data-bs-toggle=\"modal\" data-bs-target=\"#exampleModal7645\"\n          aria-label=\"1 \/ 6\"\n          style=\"background: linear-gradient(rgba(211, 211, 211), rgba(211, 211, 211))\">\n\n          <img decoding=\"async\" src=\"https:\/\/plsk.eu\/wp-content\/uploads\/2026\/04\/Kroscienko-Wyzne-1.jpg\" class=\"gal_bg_img\" style=\"\n    width: 100% !important;\">\n\n          <img decoding=\"async\" src=\"https:\/\/plsk.eu\/wp-content\/uploads\/2026\/04\/Kroscienko-Wyzne-1.jpg\" alt=\"M\u0119\u017cczyzna stoi w sali konferencyjnej na podium przed trybunk\u0105 z mikrofonem. Za nim ekran z prezentacj\u0105 i 4 roll-upy. Mu\u017e stoj\u00ed v konferen\u010dnej miestnosti na p\u00f3diu pred trib\u00fanou s mikrof\u00f3nom. Za n\u00edm je obrazovka s prezent\u00e1ciou a \u0161tyri roll-upy.\" class=\"gal_main_img\" style=\"\">\n        <\/div>\n                \n\n        \n        <div class=\"swiper-slide excludeimg \"\n            tabindex=\"0\"\n        data-sliderId =\"7645\"\n        data-bs-slide-to=\"1\"\n        data-title=\"\" role=\"group\"\n          data-bs-toggle=\"modal\" data-bs-target=\"#exampleModal7645\"\n          aria-label=\"2 \/ 6\"\n          style=\"background: linear-gradient(rgba(211, 211, 211), rgba(211, 211, 211))\">\n\n          <img decoding=\"async\" src=\"https:\/\/plsk.eu\/wp-content\/uploads\/2026\/04\/Kroscienko-Wyzne-8.jpg\" class=\"gal_bg_img\" style=\"\n    width: 100% !important;\">\n\n          <img decoding=\"async\" src=\"https:\/\/plsk.eu\/wp-content\/uploads\/2026\/04\/Kroscienko-Wyzne-8.jpg\" alt=\"M\u0119\u017cczyzna stoi w sali konferencyjnej przed lud\u017ami siedz\u0105cymi przy sto\u0142ach konferencyjnych z mikrofonem. Za nim ekran z prezentacj\u0105 i 4 roll-upy. Mu\u017e stoj\u00ed v konferen\u010dnej miestnosti pred \u013eu\u010fmi, ktor\u00ed sedia pri konferen\u010dn\u00fdch stoloch, s mikrof\u00f3nom v ruke. Za n\u00edm je obrazovka s prezent\u00e1ciou a \u0161tyri roll-upy.\" class=\"gal_main_img\" style=\"\">\n        <\/div>\n                \n\n        \n        <div class=\"swiper-slide excludeimg \"\n            tabindex=\"0\"\n        data-sliderId =\"7645\"\n        data-bs-slide-to=\"2\"\n        data-title=\"\" role=\"group\"\n          data-bs-toggle=\"modal\" data-bs-target=\"#exampleModal7645\"\n          aria-label=\"3 \/ 6\"\n          style=\"background: linear-gradient(rgba(211, 211, 211), rgba(211, 211, 211))\">\n\n          <img decoding=\"async\" src=\"https:\/\/plsk.eu\/wp-content\/uploads\/2026\/04\/Kroscienko-Wyzne-6.jpg\" class=\"gal_bg_img\" style=\"\n    width: 100% !important;\">\n\n          <img decoding=\"async\" src=\"https:\/\/plsk.eu\/wp-content\/uploads\/2026\/04\/Kroscienko-Wyzne-6.jpg\" alt=\"Kobiety i m\u0119\u017cczy\u017ani siedz\u0105 przy sto\u0142ach konferencyjnych na sali \u017deny a mu\u017ei sedia pri konferen\u010dn\u00fdch stoloch v s\u00e1le\" class=\"gal_main_img\" style=\"\">\n        <\/div>\n                \n\n        \n        <div class=\"swiper-slide excludeimg \"\n            tabindex=\"0\"\n        data-sliderId =\"7645\"\n        data-bs-slide-to=\"3\"\n        data-title=\"\" role=\"group\"\n          data-bs-toggle=\"modal\" data-bs-target=\"#exampleModal7645\"\n          aria-label=\"4 \/ 6\"\n          style=\"background: linear-gradient(rgba(211, 211, 211), rgba(211, 211, 211))\">\n\n          <img decoding=\"async\" src=\"https:\/\/plsk.eu\/wp-content\/uploads\/2026\/04\/Kroscienko-Wyzne-4.jpg\" class=\"gal_bg_img\" style=\"\n    width: 100% !important;\">\n\n          <img decoding=\"async\" src=\"https:\/\/plsk.eu\/wp-content\/uploads\/2026\/04\/Kroscienko-Wyzne-4.jpg\" alt=\"M\u0119\u017cczyzna stoi w sali konferencyjnej na podium przed trybunk\u0105 z mikrofonem. Za nim ekran z prezentacj\u0105 i 4 roll-upy. Mu\u017e stoj\u00ed v konferen\u010dnej miestnosti na p\u00f3diu pred trib\u00fanou s mikrof\u00f3nom. Za n\u00edm je obrazovka s prezent\u00e1ciou a \u0161tyri roll-upy.\" class=\"gal_main_img\" style=\"\">\n        <\/div>\n                \n\n        \n        <div class=\"swiper-slide excludeimg \"\n            tabindex=\"0\"\n        data-sliderId =\"7645\"\n        data-bs-slide-to=\"4\"\n        data-title=\"\" role=\"group\"\n          data-bs-toggle=\"modal\" data-bs-target=\"#exampleModal7645\"\n          aria-label=\"5 \/ 6\"\n          style=\"background: linear-gradient(rgba(211, 211, 211), rgba(211, 211, 211))\">\n\n          <img decoding=\"async\" src=\"https:\/\/plsk.eu\/wp-content\/uploads\/2026\/04\/Kroscienko-Wyzne-3.jpg\" class=\"gal_bg_img\" style=\"\n    width: 100% !important;\">\n\n          <img decoding=\"async\" src=\"https:\/\/plsk.eu\/wp-content\/uploads\/2026\/04\/Kroscienko-Wyzne-3.jpg\" alt=\"M\u0119\u017cczyzna stoi w sali konferencyjnej przed lud\u017ami siedz\u0105cymi przy sto\u0142ach konferencyjnych z mikrofonem. Za nim ekran z prezentacj\u0105 i 4 roll-upy. Mu\u017e stoj\u00ed v konferen\u010dnej miestnosti pred \u013eu\u010fmi, ktor\u00ed sedia pri konferen\u010dn\u00fdch stoloch, s mikrof\u00f3nom v ruke. Za n\u00edm je obrazovka s prezent\u00e1ciou a \u0161tyri roll-upy.\" class=\"gal_main_img\" style=\"\">\n        <\/div>\n                \n\n        \n        <div class=\"swiper-slide excludeimg \"\n            tabindex=\"0\"\n        data-sliderId =\"7645\"\n        data-bs-slide-to=\"5\"\n        data-title=\"\" role=\"group\"\n          data-bs-toggle=\"modal\" data-bs-target=\"#exampleModal7645\"\n          aria-label=\"6 \/ 6\"\n          style=\"background: linear-gradient(rgba(211, 211, 211), rgba(211, 211, 211))\">\n\n          <img decoding=\"async\" src=\"https:\/\/plsk.eu\/wp-content\/uploads\/2026\/04\/Kroscienko-Wyzne-2.jpg\" class=\"gal_bg_img\" style=\"\n    width: 100% !important;\">\n\n          <img decoding=\"async\" src=\"https:\/\/plsk.eu\/wp-content\/uploads\/2026\/04\/Kroscienko-Wyzne-2.jpg\" alt=\"M\u0119\u017cczyzna stoi w sali konferencyjnej na podium przed trybunk\u0105 z mikrofonem. Za nim ekran z prezentacj\u0105 i 4 roll-upy. Mu\u017e stoj\u00ed v konferen\u010dnej miestnosti na p\u00f3diu pred trib\u00fanou s mikrof\u00f3nom. Za n\u00edm je obrazovka s prezent\u00e1ciou a \u0161tyri roll-upy.\" class=\"gal_main_img\" style=\"\">\n        <\/div>\n                \n\n\n      <\/div>\n\n\n      <span class=\"swiper-notification\" aria-live=\"assertive\" aria-atomic=\"true\"><\/span>\n\n    <\/div>\n\n    <div id=\"swiperGalThumb-7645\" data-galid=\"7645\"\n      class=\"swiper widget-image-gallery__thumbs swiper-initialized swiper-horizontal swiper-pointer-events swiper-free-mode swiper-backface-hidden swiper-thumbs\">\n      <div class=\"swiper-wrapper\" id=\"swiper-wrapper-7645\" aria-live=\"polite\"\n        style=\"transform: translate3d(0px, 0px, 0px);\">\n\n        \n        \n        <div class=\"swiper-slide swiper-slide-prev\" style=\"width: 139px; margin-right: 30px;\" role=\"group\">\n          <img decoding=\"async\" src=\"https:\/\/plsk.eu\/wp-content\/uploads\/2026\/04\/Kroscienko-Wyzne-1.jpg\" alt=\"M\u0119\u017cczyzna stoi w sali konferencyjnej na podium przed trybunk\u0105 z mikrofonem. Za nim ekran z prezentacj\u0105 i 4 roll-upy. Mu\u017e stoj\u00ed v konferen\u010dnej miestnosti na p\u00f3diu pred trib\u00fanou s mikrof\u00f3nom. Za n\u00edm je obrazovka s prezent\u00e1ciou a \u0161tyri roll-upy.\">\n        <\/div>\n        \n        \n        <div class=\"swiper-slide swiper-slide-prev\" style=\"width: 139px; margin-right: 30px;\" role=\"group\">\n          <img decoding=\"async\" src=\"https:\/\/plsk.eu\/wp-content\/uploads\/2026\/04\/Kroscienko-Wyzne-8.jpg\" alt=\"M\u0119\u017cczyzna stoi w sali konferencyjnej przed lud\u017ami siedz\u0105cymi przy sto\u0142ach konferencyjnych z mikrofonem. Za nim ekran z prezentacj\u0105 i 4 roll-upy. Mu\u017e stoj\u00ed v konferen\u010dnej miestnosti pred \u013eu\u010fmi, ktor\u00ed sedia pri konferen\u010dn\u00fdch stoloch, s mikrof\u00f3nom v ruke. Za n\u00edm je obrazovka s prezent\u00e1ciou a \u0161tyri roll-upy.\">\n        <\/div>\n        \n        \n        <div class=\"swiper-slide swiper-slide-prev\" style=\"width: 139px; margin-right: 30px;\" role=\"group\">\n          <img decoding=\"async\" src=\"https:\/\/plsk.eu\/wp-content\/uploads\/2026\/04\/Kroscienko-Wyzne-6.jpg\" alt=\"Kobiety i m\u0119\u017cczy\u017ani siedz\u0105 przy sto\u0142ach konferencyjnych na sali \u017deny a mu\u017ei sedia pri konferen\u010dn\u00fdch stoloch v s\u00e1le\">\n        <\/div>\n        \n        \n        <div class=\"swiper-slide swiper-slide-prev\" style=\"width: 139px; margin-right: 30px;\" role=\"group\">\n          <img decoding=\"async\" src=\"https:\/\/plsk.eu\/wp-content\/uploads\/2026\/04\/Kroscienko-Wyzne-4.jpg\" alt=\"M\u0119\u017cczyzna stoi w sali konferencyjnej na podium przed trybunk\u0105 z mikrofonem. Za nim ekran z prezentacj\u0105 i 4 roll-upy. Mu\u017e stoj\u00ed v konferen\u010dnej miestnosti na p\u00f3diu pred trib\u00fanou s mikrof\u00f3nom. Za n\u00edm je obrazovka s prezent\u00e1ciou a \u0161tyri roll-upy.\">\n        <\/div>\n        \n        \n        <div class=\"swiper-slide swiper-slide-prev\" style=\"width: 139px; margin-right: 30px;\" role=\"group\">\n          <img decoding=\"async\" src=\"https:\/\/plsk.eu\/wp-content\/uploads\/2026\/04\/Kroscienko-Wyzne-3.jpg\" alt=\"M\u0119\u017cczyzna stoi w sali konferencyjnej przed lud\u017ami siedz\u0105cymi przy sto\u0142ach konferencyjnych z mikrofonem. Za nim ekran z prezentacj\u0105 i 4 roll-upy. Mu\u017e stoj\u00ed v konferen\u010dnej miestnosti pred \u013eu\u010fmi, ktor\u00ed sedia pri konferen\u010dn\u00fdch stoloch, s mikrof\u00f3nom v ruke. Za n\u00edm je obrazovka s prezent\u00e1ciou a \u0161tyri roll-upy.\">\n        <\/div>\n        \n        \n        <div class=\"swiper-slide swiper-slide-prev\" style=\"width: 139px; margin-right: 30px;\" role=\"group\">\n          <img decoding=\"async\" src=\"https:\/\/plsk.eu\/wp-content\/uploads\/2026\/04\/Kroscienko-Wyzne-2.jpg\" alt=\"M\u0119\u017cczyzna stoi w sali konferencyjnej na podium przed trybunk\u0105 z mikrofonem. Za nim ekran z prezentacj\u0105 i 4 roll-upy. Mu\u017e stoj\u00ed v konferen\u010dnej miestnosti na p\u00f3diu pred trib\u00fanou s mikrof\u00f3nom. Za n\u00edm je obrazovka s prezent\u00e1ciou a \u0161tyri roll-upy.\">\n        <\/div>\n        \n\n      <\/div>\n      <span class=\"swiper-notification\" aria-live=\"assertive\" aria-atomic=\"true\"><\/span>\n    <\/div>\n          <!--\n    <div class=\"widget-image-gallery__caption\">\n      <p>Opis zdj\u0119cia5, fot. Jan Kowalski<\/p>\n    <\/div>-->\n\n\n    <div class=\"image-swiper-button-prev swiper-button-prev\" role=\"button\" aria-label=\"Predch\u00e1dzaj\u00faci obr\u00e1zok\"\n      aria-controls=\"swiper-wrapper-7645\" aria-disabled=\"false\">\n    <\/div>\n\n    <div class=\"image-swiper-button-next swiper-button-next swiper-button-disabled\" role=\"button\"\n      aria-label=\"\u010eal\u0161\u00ed obr\u00e1zok\" aria-controls=\"swiper-wrapper-1785\" aria-disabled=\"true\">\n    <\/div>\n\n\n\n\n  <\/div>\n\n  \n  <div class=\"modal fade gal_modal\" id=\"exampleModal7645\" tabindex=\"-1\" aria-hidden=\"true\">\n    <div class=\"modal-dialog\">\n      <div class=\"modal-content\">\n        <div class=\"modal-header\">\n          <button type=\"button\" class=\"btn-close\" data-bs-dismiss=\"modal\" aria-label=\"Zamkn\u0105\u0107\">\n          <img decoding=\"async\"\n              src=\"https:\/\/plsk.eu\/wp-content\/themes\/fundusze\/assets\/images\/close.svg\"\n              alt=Zamkn\u0105\u0107>\n          <span class=\"visually-hidden\">Zamkn\u0105\u0107<\/span>\n        <\/button>\n        <\/div>\n\n          <div class=\"row no_mobile\">\n\n            <div class=\"col-xxl-2 col-xl-2 col-lg-2 col-md-2 col-sm-2 gal_left\">\n              <button type=\"button\" data-bs-target=\"#carouselExample7645\" data-bs-slide=\"prev\"\n                aria-label=\"Predch\u00e1dzaj\u00faci obr\u00e1zok\">\n                <img decoding=\"async\" src=\"https:\/\/plsk.eu\/wp-content\/themes\/fundusze\/assets\/images\/back.svg\" alt=\"\"> <\/button>\n            <\/div>\n\n            <div class=\"col-xxl-8 col-xl-8 col-lg-8 col-md-8 col-sm-8\">\n\n              <div id=\"carouselExample7645\" class=\"carousel slide\" data-bs-interval=\"50000\"\n                data-bs-ride=\"carousel\">\n\n                <div class=\"carousel-inner\">\n\n                  \n                                    <div class=\"carousel-item  active \">\n                    <img decoding=\"async\" src=\"https:\/\/plsk.eu\/wp-content\/uploads\/2026\/04\/Kroscienko-Wyzne-1.jpg\" alt=\"M\u0119\u017cczyzna stoi w sali konferencyjnej na podium przed trybunk\u0105 z mikrofonem. Za nim ekran z prezentacj\u0105 i 4 roll-upy. Mu\u017e stoj\u00ed v konferen\u010dnej miestnosti na p\u00f3diu pred trib\u00fanou s mikrof\u00f3nom. Za n\u00edm je obrazovka s prezent\u00e1ciou a \u0161tyri roll-upy.\" class=\"img_all\">\n                    <div class=\"row\">\n\n                      <div class=\"col-xxl-12 col-xl-12 col-lg-12 col-md-12 col-sm-12\">\n                        <div class=\"img_caption\">\n                          <div class=\"cap_text\">\n                                                                                  <\/div>\n                          <div class=\"cap_num\">\n                            <strong> 1 z 6<\/strong>\n                          <\/div>\n\n                        <\/div>\n                      <\/div>\n\n                    <\/div>\n                  <\/div>\n                                    \n                                    <div class=\"carousel-item \">\n                    <img decoding=\"async\" src=\"https:\/\/plsk.eu\/wp-content\/uploads\/2026\/04\/Kroscienko-Wyzne-8.jpg\" alt=\"M\u0119\u017cczyzna stoi w sali konferencyjnej przed lud\u017ami siedz\u0105cymi przy sto\u0142ach konferencyjnych z mikrofonem. Za nim ekran z prezentacj\u0105 i 4 roll-upy. Mu\u017e stoj\u00ed v konferen\u010dnej miestnosti pred \u013eu\u010fmi, ktor\u00ed sedia pri konferen\u010dn\u00fdch stoloch, s mikrof\u00f3nom v ruke. Za n\u00edm je obrazovka s prezent\u00e1ciou a \u0161tyri roll-upy.\" class=\"img_all\">\n                    <div class=\"row\">\n\n                      <div class=\"col-xxl-12 col-xl-12 col-lg-12 col-md-12 col-sm-12\">\n                        <div class=\"img_caption\">\n                          <div class=\"cap_text\">\n                                                                                  <\/div>\n                          <div class=\"cap_num\">\n                            <strong> 2 z 6<\/strong>\n                          <\/div>\n\n                        <\/div>\n                      <\/div>\n\n                    <\/div>\n                  <\/div>\n                                    \n                                    <div class=\"carousel-item \">\n                    <img decoding=\"async\" src=\"https:\/\/plsk.eu\/wp-content\/uploads\/2026\/04\/Kroscienko-Wyzne-6.jpg\" alt=\"Kobiety i m\u0119\u017cczy\u017ani siedz\u0105 przy sto\u0142ach konferencyjnych na sali \u017deny a mu\u017ei sedia pri konferen\u010dn\u00fdch stoloch v s\u00e1le\" class=\"img_all\">\n                    <div class=\"row\">\n\n                      <div class=\"col-xxl-12 col-xl-12 col-lg-12 col-md-12 col-sm-12\">\n                        <div class=\"img_caption\">\n                          <div class=\"cap_text\">\n                                                                                  <\/div>\n                          <div class=\"cap_num\">\n                            <strong> 3 z 6<\/strong>\n                          <\/div>\n\n                        <\/div>\n                      <\/div>\n\n                    <\/div>\n                  <\/div>\n                                    \n                                    <div class=\"carousel-item \">\n                    <img decoding=\"async\" src=\"https:\/\/plsk.eu\/wp-content\/uploads\/2026\/04\/Kroscienko-Wyzne-4.jpg\" alt=\"M\u0119\u017cczyzna stoi w sali konferencyjnej na podium przed trybunk\u0105 z mikrofonem. Za nim ekran z prezentacj\u0105 i 4 roll-upy. Mu\u017e stoj\u00ed v konferen\u010dnej miestnosti na p\u00f3diu pred trib\u00fanou s mikrof\u00f3nom. Za n\u00edm je obrazovka s prezent\u00e1ciou a \u0161tyri roll-upy.\" class=\"img_all\">\n                    <div class=\"row\">\n\n                      <div class=\"col-xxl-12 col-xl-12 col-lg-12 col-md-12 col-sm-12\">\n                        <div class=\"img_caption\">\n                          <div class=\"cap_text\">\n                                                                                  <\/div>\n                          <div class=\"cap_num\">\n                            <strong> 4 z 6<\/strong>\n                          <\/div>\n\n                        <\/div>\n                      <\/div>\n\n                    <\/div>\n                  <\/div>\n                                    \n                                    <div class=\"carousel-item \">\n                    <img decoding=\"async\" src=\"https:\/\/plsk.eu\/wp-content\/uploads\/2026\/04\/Kroscienko-Wyzne-3.jpg\" alt=\"M\u0119\u017cczyzna stoi w sali konferencyjnej przed lud\u017ami siedz\u0105cymi przy sto\u0142ach konferencyjnych z mikrofonem. Za nim ekran z prezentacj\u0105 i 4 roll-upy. Mu\u017e stoj\u00ed v konferen\u010dnej miestnosti pred \u013eu\u010fmi, ktor\u00ed sedia pri konferen\u010dn\u00fdch stoloch, s mikrof\u00f3nom v ruke. Za n\u00edm je obrazovka s prezent\u00e1ciou a \u0161tyri roll-upy.\" class=\"img_all\">\n                    <div class=\"row\">\n\n                      <div class=\"col-xxl-12 col-xl-12 col-lg-12 col-md-12 col-sm-12\">\n                        <div class=\"img_caption\">\n                          <div class=\"cap_text\">\n                                                                                  <\/div>\n                          <div class=\"cap_num\">\n                            <strong> 5 z 6<\/strong>\n                          <\/div>\n\n                        <\/div>\n                      <\/div>\n\n                    <\/div>\n                  <\/div>\n                                    \n                                    <div class=\"carousel-item \">\n                    <img decoding=\"async\" src=\"https:\/\/plsk.eu\/wp-content\/uploads\/2026\/04\/Kroscienko-Wyzne-2.jpg\" alt=\"M\u0119\u017cczyzna stoi w sali konferencyjnej na podium przed trybunk\u0105 z mikrofonem. Za nim ekran z prezentacj\u0105 i 4 roll-upy. Mu\u017e stoj\u00ed v konferen\u010dnej miestnosti na p\u00f3diu pred trib\u00fanou s mikrof\u00f3nom. Za n\u00edm je obrazovka s prezent\u00e1ciou a \u0161tyri roll-upy.\" class=\"img_all\">\n                    <div class=\"row\">\n\n                      <div class=\"col-xxl-12 col-xl-12 col-lg-12 col-md-12 col-sm-12\">\n                        <div class=\"img_caption\">\n                          <div class=\"cap_text\">\n                                                                                  <\/div>\n                          <div class=\"cap_num\">\n                            <strong> 6 z 6<\/strong>\n                          <\/div>\n\n                        <\/div>\n                      <\/div>\n\n                    <\/div>\n                  <\/div>\n                                    \n                <\/div>\n\n              <\/div>\n\n            <\/div>\n            <div class=\"col-xxl-2 col-xl-2 col-lg-2 col-md-2 col-sm-2 gal_right\">\n              <button type=\"button\" data-bs-target=\"#carouselExample7645\" data-bs-slide=\"next\"\n                aria-label=\"\u010eal\u0161\u00ed obr\u00e1zok\"> <img decoding=\"async\"\n                  src=\"https:\/\/plsk.eu\/wp-content\/themes\/fundusze\/assets\/images\/next.svg\" alt=\"\"><\/button>\n            <\/div>\n\n          <\/div>\n\n\n          <div class=\"row no_desk\">\n\n            <div class=\"col-xxl-8 col-xl-8 col-lg-8 col-md-8 col-sm-8\">\n\n              <div id=\"carouselExample7645mob7645\" class=\"carousel slide\" data-bs-interval=\"50000\"\n                data-bs-ride=\"carousel\">\n\n                <div class=\"carousel-inner\">\n\n                  \n                                    <div class=\"carousel-item  active \">\n                    <img decoding=\"async\" src=\"https:\/\/plsk.eu\/wp-content\/uploads\/2026\/04\/Kroscienko-Wyzne-1.jpg\" alt=\"M\u0119\u017cczyzna stoi w sali konferencyjnej na podium przed trybunk\u0105 z mikrofonem. Za nim ekran z prezentacj\u0105 i 4 roll-upy. Mu\u017e stoj\u00ed v konferen\u010dnej miestnosti na p\u00f3diu pred trib\u00fanou s mikrof\u00f3nom. Za n\u00edm je obrazovka s prezent\u00e1ciou a \u0161tyri roll-upy.\" class=\"img_all\">\n                    <div class=\"row\">\n\n                      <div class=\"col-xxl-12 col-xl-12 col-lg-12 col-md-12 col-sm-12\">\n                        <div class=\"img_caption\">\n                          <div class=\"cap_text\">\n                            \n                                                      <\/div>\n                          <div class=\"cap_num\">\n                            <strong> 1 z 6<\/strong>\n                          <\/div>\n\n                        <\/div>\n                      <\/div>\n\n                    <\/div>\n                  <\/div>\n                  \n                                    <div class=\"carousel-item \">\n                    <img decoding=\"async\" src=\"https:\/\/plsk.eu\/wp-content\/uploads\/2026\/04\/Kroscienko-Wyzne-8.jpg\" alt=\"M\u0119\u017cczyzna stoi w sali konferencyjnej przed lud\u017ami siedz\u0105cymi przy sto\u0142ach konferencyjnych z mikrofonem. Za nim ekran z prezentacj\u0105 i 4 roll-upy. Mu\u017e stoj\u00ed v konferen\u010dnej miestnosti pred \u013eu\u010fmi, ktor\u00ed sedia pri konferen\u010dn\u00fdch stoloch, s mikrof\u00f3nom v ruke. Za n\u00edm je obrazovka s prezent\u00e1ciou a \u0161tyri roll-upy.\" class=\"img_all\">\n                    <div class=\"row\">\n\n                      <div class=\"col-xxl-12 col-xl-12 col-lg-12 col-md-12 col-sm-12\">\n                        <div class=\"img_caption\">\n                          <div class=\"cap_text\">\n                            \n                                                      <\/div>\n                          <div class=\"cap_num\">\n                            <strong> 2 z 6<\/strong>\n                          <\/div>\n\n                        <\/div>\n                      <\/div>\n\n                    <\/div>\n                  <\/div>\n                  \n                                    <div class=\"carousel-item \">\n                    <img decoding=\"async\" src=\"https:\/\/plsk.eu\/wp-content\/uploads\/2026\/04\/Kroscienko-Wyzne-6.jpg\" alt=\"Kobiety i m\u0119\u017cczy\u017ani siedz\u0105 przy sto\u0142ach konferencyjnych na sali \u017deny a mu\u017ei sedia pri konferen\u010dn\u00fdch stoloch v s\u00e1le\" class=\"img_all\">\n                    <div class=\"row\">\n\n                      <div class=\"col-xxl-12 col-xl-12 col-lg-12 col-md-12 col-sm-12\">\n                        <div class=\"img_caption\">\n                          <div class=\"cap_text\">\n                            \n                                                      <\/div>\n                          <div class=\"cap_num\">\n                            <strong> 3 z 6<\/strong>\n                          <\/div>\n\n                        <\/div>\n                      <\/div>\n\n                    <\/div>\n                  <\/div>\n                  \n                                    <div class=\"carousel-item \">\n                    <img decoding=\"async\" src=\"https:\/\/plsk.eu\/wp-content\/uploads\/2026\/04\/Kroscienko-Wyzne-4.jpg\" alt=\"M\u0119\u017cczyzna stoi w sali konferencyjnej na podium przed trybunk\u0105 z mikrofonem. Za nim ekran z prezentacj\u0105 i 4 roll-upy. Mu\u017e stoj\u00ed v konferen\u010dnej miestnosti na p\u00f3diu pred trib\u00fanou s mikrof\u00f3nom. Za n\u00edm je obrazovka s prezent\u00e1ciou a \u0161tyri roll-upy.\" class=\"img_all\">\n                    <div class=\"row\">\n\n                      <div class=\"col-xxl-12 col-xl-12 col-lg-12 col-md-12 col-sm-12\">\n                        <div class=\"img_caption\">\n                          <div class=\"cap_text\">\n                            \n                                                      <\/div>\n                          <div class=\"cap_num\">\n                            <strong> 4 z 6<\/strong>\n                          <\/div>\n\n                        <\/div>\n                      <\/div>\n\n                    <\/div>\n                  <\/div>\n                  \n                                    <div class=\"carousel-item \">\n                    <img decoding=\"async\" src=\"https:\/\/plsk.eu\/wp-content\/uploads\/2026\/04\/Kroscienko-Wyzne-3.jpg\" alt=\"M\u0119\u017cczyzna stoi w sali konferencyjnej przed lud\u017ami siedz\u0105cymi przy sto\u0142ach konferencyjnych z mikrofonem. Za nim ekran z prezentacj\u0105 i 4 roll-upy. Mu\u017e stoj\u00ed v konferen\u010dnej miestnosti pred \u013eu\u010fmi, ktor\u00ed sedia pri konferen\u010dn\u00fdch stoloch, s mikrof\u00f3nom v ruke. Za n\u00edm je obrazovka s prezent\u00e1ciou a \u0161tyri roll-upy.\" class=\"img_all\">\n                    <div class=\"row\">\n\n                      <div class=\"col-xxl-12 col-xl-12 col-lg-12 col-md-12 col-sm-12\">\n                        <div class=\"img_caption\">\n                          <div class=\"cap_text\">\n                            \n                                                      <\/div>\n                          <div class=\"cap_num\">\n                            <strong> 5 z 6<\/strong>\n                          <\/div>\n\n                        <\/div>\n                      <\/div>\n\n                    <\/div>\n                  <\/div>\n                  \n                                    <div class=\"carousel-item \">\n                    <img decoding=\"async\" src=\"https:\/\/plsk.eu\/wp-content\/uploads\/2026\/04\/Kroscienko-Wyzne-2.jpg\" alt=\"M\u0119\u017cczyzna stoi w sali konferencyjnej na podium przed trybunk\u0105 z mikrofonem. Za nim ekran z prezentacj\u0105 i 4 roll-upy. Mu\u017e stoj\u00ed v konferen\u010dnej miestnosti na p\u00f3diu pred trib\u00fanou s mikrof\u00f3nom. Za n\u00edm je obrazovka s prezent\u00e1ciou a \u0161tyri roll-upy.\" class=\"img_all\">\n                    <div class=\"row\">\n\n                      <div class=\"col-xxl-12 col-xl-12 col-lg-12 col-md-12 col-sm-12\">\n                        <div class=\"img_caption\">\n                          <div class=\"cap_text\">\n                            \n                                                      <\/div>\n                          <div class=\"cap_num\">\n                            <strong> 6 z 6<\/strong>\n                          <\/div>\n\n                        <\/div>\n                      <\/div>\n\n                    <\/div>\n                  <\/div>\n                                  <\/div>\n              <\/div>\n\n            <\/div>\n            <div class=\"col-xxl-2 col-xl-2 col-lg-2 col-md-2 col-sm-12 gal_arrow mb-30px\">\n              <img decoding=\"async\" src=\"https:\/\/plsk.eu\/wp-content\/themes\/fundusze\/assets\/images\/back.svg\"\n                data-bs-target=\"#carouselExample7645mob7645\" data-bs-slide=\"prev\" alt=\"\"> <img decoding=\"async\"\n                src=\"https:\/\/plsk.eu\/wp-content\/themes\/fundusze\/assets\/images\/next.svg\"\n                data-bs-target=\"#carouselExample7645mob7645\" data-bs-slide=\"next\" alt=\"\">\n            <\/div>\n\n          <\/div>\n      <\/div>\n    <\/div>\n  <\/div>\n\n  ","protected":false},"featured_media":43392,"menu_order":0,"template":"","meta":{"_acf_changed":false,"inline_featured_image":false,"_themeisle_gutenberg_block_has_review":false,"footnotes":"","_links_to":"","_links_to_target":""},"kategoria_historii":[1928],"historii_partner_wiodacy":[2283],"historii_partner_projektu":[2285],"regiony":[],"powiaty":[],"class_list":["post-39064","historii","type-historii","status-publish","has-post-thumbnail","hentry","kategoria_historii-2021-2027-sk","historii_partner_wiodacy-obec-kroscienko-wyzne","historii_partner_projektu-miasto-svidnik-sk"],"acf":[],"_links":{"self":[{"href":"https:\/\/plsk.eu\/sk\/wp-json\/wp\/v2\/historii\/39064","targetHints":{"allow":["GET"]}}],"collection":[{"href":"https:\/\/plsk.eu\/sk\/wp-json\/wp\/v2\/historii"}],"about":[{"href":"https:\/\/plsk.eu\/sk\/wp-json\/wp\/v2\/types\/historii"}],"version-history":[{"count":5,"href":"https:\/\/plsk.eu\/sk\/wp-json\/wp\/v2\/historii\/39064\/revisions"}],"predecessor-version":[{"id":43395,"href":"https:\/\/plsk.eu\/sk\/wp-json\/wp\/v2\/historii\/39064\/revisions\/43395"}],"wp:featuredmedia":[{"embeddable":true,"href":"https:\/\/plsk.eu\/sk\/wp-json\/wp\/v2\/media\/43392"}],"wp:attachment":[{"href":"https:\/\/plsk.eu\/sk\/wp-json\/wp\/v2\/media?parent=39064"}],"wp:term":[{"taxonomy":"kategoria_historii","embeddable":true,"href":"https:\/\/plsk.eu\/sk\/wp-json\/wp\/v2\/kategoria_historii?post=39064"},{"taxonomy":"historii_partner_wiodacy","embeddable":true,"href":"https:\/\/plsk.eu\/sk\/wp-json\/wp\/v2\/historii_partner_wiodacy?post=39064"},{"taxonomy":"historii_partner_projektu","embeddable":true,"href":"https:\/\/plsk.eu\/sk\/wp-json\/wp\/v2\/historii_partner_projektu?post=39064"},{"taxonomy":"regiony","embeddable":true,"href":"https:\/\/plsk.eu\/sk\/wp-json\/wp\/v2\/regiony?post=39064"},{"taxonomy":"powiaty","embeddable":true,"href":"https:\/\/plsk.eu\/sk\/wp-json\/wp\/v2\/powiaty?post=39064"}],"curies":[{"name":"wp","href":"https:\/\/api.w.org\/{rel}","templated":true}]}}