{"id":39071,"date":"2025-01-08T15:28:20","date_gmt":"2025-01-08T14:28:20","guid":{"rendered":"https:\/\/plsk.eu\/projekty\/razem-przeciwko-skutkom-zmian-klimatu-na-pograniczu-polsko-slowackim-zarzadzanie-kryzysowe-w-teorii-i-w-praktyce\/"},"modified":"2026-04-24T12:32:15","modified_gmt":"2026-04-24T10:32:15","slug":"spolocne-proti-nasledkom-klimatickych-zmien-v-polsko-slovenskom-pohranici-krizove-riadenie-v-teorii-a-praxi","status":"publish","type":"historii","link":"https:\/\/plsk.eu\/sk\/projekty\/spolocne-proti-nasledkom-klimatickych-zmien-v-polsko-slovenskom-pohranici-krizove-riadenie-v-teorii-a-praxi\/","title":{"rendered":"Spolo\u010dne proti n\u00e1sledkom klimatick\u00fdch zmien v po\u013esko-slovenskom pohrani\u010d\u00ed. Kr\u00edzov\u00e9 riadenie v te\u00f3rii a praxi."},"content":{"rendered":"\n<p>Po\u013esko-slovensk\u00e9 pohrani\u010die skr\u00fdva ve\u013ea riz\u00edk spojen\u00fdch s n\u00e1ro\u010dn\u00fdm ter\u00e9nom. V tejto oblasti doch\u00e1dza ka\u017ed\u00fd rok k pr\u00edrodn\u00fdm katastrof\u00e1m s\u00favisiacim s povod\u0148ami, v\u00edchricami, intenz\u00edvnymi snehov\u00fdmi zr\u00e1\u017ekami, suchom. Vzh\u013eadom na pr\u00edrodn\u00e9 podmienky s\u00fa obzvl\u00e1\u0161\u0165 vystaven\u00e9 riziku v\u00fdskytu t\u00fdchto javov horsk\u00e9 oblasti nach\u00e1dzaj\u00face sa okolo Tatier. Dobrovo\u013en\u00fd hasi\u010dsk\u00fd zbor \u010dasto prich\u00e1dza na miesto udalosti ako prv\u00fd a hne\u010f za\u010d\u00edna s poskytovan\u00edm prvej pomoci obetiam \u017eiveln\u00fdch pohr\u00f4m. Efekt\u00edvne reagovanie na \u017eiveln\u00e9 pohromy v bezprostredne<\/p>\n\n\n\n<p>susediacich prihrani\u010dn\u00fdch \u00fazemiach si v\u0161ak vy\u017eaduje realiz\u00e1ciu \u0161ir\u0161ie zameran\u00fdch aktiv\u00edt: \u00fazku spolupr\u00e1cu z\u00e1chrann\u00fdch zborov z obidvoch kraj\u00edn, intenz\u00edvne \u0161kolenia, spo\u013eahliv\u00e9 rie\u0161enia a komplexn\u00e9 vybavenie. Preto partneri spolo\u010dne \u010delia t\u00fdmto v\u00fdzvam v r\u00e1mci projektu a prij\u00edmaj\u00fa komplexn\u00e9 kroky zameran\u00e9 na zv\u00fd\u0161enie efekt\u00edvnosti \u010dinnosti dobrovo\u013en\u00fdch hasi\u010dsk\u00fdch zborov z Po\u013eska a zo Slovenska a zmier\u0148ovanie n\u00e1sledkov \u017eiveln\u00fdch pohr\u00f4m vznikaj\u00facich v d\u00f4sledku klimatick\u00fdch zmien na opr\u00e1vnenom \u00fazem\u00ed okolo Tatier, ako napr.:<\/p>\n\n\n\n<ul class=\"wp-block-list\">\n<li>vybavenie jednotiek dobrovo\u013en\u00fdch hasi\u010dsk\u00fdch zborov nevyhnutn\u00fdm zariaden\u00edm, organiz\u00e1cia odborn\u00fdch \u0161kolen\u00ed.<\/li>\n\n\n\n<li>vypracovanie spolo\u010dn\u00e9ho syst\u00e9mu spolupr\u00e1ce a pl\u00e1nu \u010dinnosti v pr\u00edpade \u017eivelnej pohromy.<\/li>\n\n\n\n<li>Realiz\u00e1cia vzdel\u00e1vacej kampane adresovanej obyvate\u013eom.&nbsp;<\/li>\n<\/ul>\n\n\n\n<p>S\u00falad vyu\u017e\u00edvan\u00fdch rie\u0161en\u00ed, \u0161tandardizovan\u00e9 vybavenie a mo\u017enos\u0165 stretn\u00fa\u0165 sa a vymeni\u0165 si sk\u00fasenosti re\u00e1lne zlep\u0161ia spolupr\u00e1cu dobrovo\u013en\u00fdch hasi\u010dsk\u00fdch zborov na \u00fazem\u00ed Euroregi\u00f3nu \u201eTatry&#8220; v oblasti cezhrani\u010dn\u00e9ho kr\u00edzov\u00e9ho riadenia. U\u017e\u0161ia spolupr\u00e1ca t\u00fdchto z\u00e1chrann\u00fdch zborov prispeje k zlep\u0161eniu schopnosti realizova\u0165 spolo\u010dn\u00e9 z\u00e1sahy v pr\u00edpade v\u00fdskytu kr\u00edzovej situ\u00e1cie v prihrani\u010dnom \u00fazem\u00ed nach\u00e1dzaj\u00facom sa okolo Tatier. Celok dopln\u00ed uvedomelej\u0161\u00ed ekologick\u00fd postoj obyvate\u013eov projektov\u00e9ho \u00fazemia.<br><br>Hlavn\u00fdm cie\u013eom projektu je zv\u00fd\u0161enie efekt\u00edvnosti \u010dinnosti dobrovo\u013en\u00fdch hasi\u010dsk\u00fdch zborov z Po\u013eska a zo Slovenska pri zmier\u0148ovan\u00ed n\u00e1sledkov klimatick\u00fdch zmien na \u00fazem\u00ed okolo Tatier.<\/p>\n\n\n\n<p>\u0160pecifick\u00fdmi cie\u013emi s\u00fa:<\/p>\n\n\n\n<ul class=\"wp-block-list\">\n<li>Posilnenie opera\u010dn\u00e9ho potenci\u00e1lu dobrovo\u013en\u00fdch hasi\u010dsk\u00fdch zborov;<\/li>\n\n\n\n<li>Skvalitnenie spolupr\u00e1ce dobrovo\u013en\u00fdch hasi\u010dsk\u00fdch zborov z Po\u013eska a zo Slovenska;<\/li>\n\n\n\n<li>Zv\u00fd\u0161enie ekologick\u00e9ho povedomia obyvate\u013eov.<\/li>\n<\/ul>\n\n\n\n<p>Projekt je adresovan\u00fd obyvate\u013eom opr\u00e1vnen\u00e9ho \u00fazemia, na ktorom sa projekt realizuje na po\u013eskej a slovenskej strane hranice, ako aj n\u00e1v\u0161tevn\u00edkom oboch kraj\u00edn. Priami prij\u00edmatelia projektu bud\u00fa: 8 samospr\u00e1v z PL a zo SK a tie\u017e zlo\u017eky zodpovedn\u00e9 za kr\u00edzov\u00e9 riadenie p\u00f4sobiace na ich \u00fazem\u00ed \u2013 celkom 47 jednotiek dobrovo\u013en\u00fdch hasi\u010dsk\u00fdch zborov.<\/p>\n\n\n\n<hr class=\"wp-block-separator has-alpha-channel-opacity is-style-default\"\/>\n\n\n\n<div class=\"wp-block-media-text is-stacked-on-mobile is-image-fill-element\"><figure class=\"wp-block-media-text__media\"><img loading=\"lazy\" decoding=\"async\" width=\"1024\" height=\"576\" src=\"https:\/\/plsk.eu\/wp-content\/uploads\/2025\/03\/PRZYJAZNE-NATURZE-I-BEZPIECZNE-POGRANICZE-4-1024x576.png\" alt=\"\" class=\"wp-image-39791 size-full\" style=\"object-position:50% 50%\" srcset=\"https:\/\/plsk.eu\/wp-content\/uploads\/2025\/03\/PRZYJAZNE-NATURZE-I-BEZPIECZNE-POGRANICZE-4-1024x576.png 1024w, https:\/\/plsk.eu\/wp-content\/uploads\/2025\/03\/PRZYJAZNE-NATURZE-I-BEZPIECZNE-POGRANICZE-4-300x169.png 300w, https:\/\/plsk.eu\/wp-content\/uploads\/2025\/03\/PRZYJAZNE-NATURZE-I-BEZPIECZNE-POGRANICZE-4-768x432.png 768w, https:\/\/plsk.eu\/wp-content\/uploads\/2025\/03\/PRZYJAZNE-NATURZE-I-BEZPIECZNE-POGRANICZE-4.png 1366w\" sizes=\"auto, (max-width: 1024px) 100vw, 1024px\" \/><\/figure><div class=\"wp-block-media-text__content\">\n<p>Rozhovor so z\u00e1stupcom hlavn\u00e9ho partnera<\/p>\n\n\n\n<div class=\"wp-block-buttons is-content-justification-center is-layout-flex wp-container-core-buttons-is-layout-14c487f4 wp-block-buttons-is-layout-flex\">\n<div class=\"wp-block-button is-style-outline is-style-outline--1\"><a class=\"wp-block-button__link has-white-color has-text-color has-background has-link-color has-medium-font-size has-custom-font-size wp-element-button\" href=\"https:\/\/plsk.eu\/sk\/rozhovor-krizove-riadenie-v-teorii-a-praxi\/\" style=\"border-radius:10px;background-color:#183d8e;font-style:normal;font-weight:500\">\u010d\u00edtaj<\/a><\/div>\n<\/div>\n<\/div><\/div>\n\n\n\n<hr class=\"wp-block-separator has-alpha-channel-opacity is-style-default\"\/>\n\n\n\n<div class=\"wp-block-media-text is-stacked-on-mobile is-image-fill-element\"><figure class=\"wp-block-media-text__media\"><img loading=\"lazy\" decoding=\"async\" width=\"1024\" height=\"683\" src=\"https:\/\/plsk.eu\/wp-content\/uploads\/2026\/02\/Dzialania-treningowe-na-terenie-Mesta-Trstena-i-Obec-Strba5-1024x683.jpg\" alt=\"Dwa wozy stra\u017cackie stoj\u0105 na skraju lasu. Z woz\u00f3w lej\u0105 si\u0119 strumienie wody bezpo\u015brednio na las. Dve hasi\u010dsk\u00e9 aut\u00e1 stoja na okraji lesa. Z motorov sa priamo na les valia pr\u00fady vody.\" class=\"wp-image-42816 size-full\" style=\"object-position:50% 50%\" srcset=\"https:\/\/plsk.eu\/wp-content\/uploads\/2026\/02\/Dzialania-treningowe-na-terenie-Mesta-Trstena-i-Obec-Strba5-1024x683.jpg 1024w, https:\/\/plsk.eu\/wp-content\/uploads\/2026\/02\/Dzialania-treningowe-na-terenie-Mesta-Trstena-i-Obec-Strba5-300x200.jpg 300w, https:\/\/plsk.eu\/wp-content\/uploads\/2026\/02\/Dzialania-treningowe-na-terenie-Mesta-Trstena-i-Obec-Strba5-768x512.jpg 768w, https:\/\/plsk.eu\/wp-content\/uploads\/2026\/02\/Dzialania-treningowe-na-terenie-Mesta-Trstena-i-Obec-Strba5-1536x1024.jpg 1536w, https:\/\/plsk.eu\/wp-content\/uploads\/2026\/02\/Dzialania-treningowe-na-terenie-Mesta-Trstena-i-Obec-Strba5.jpg 1600w\" sizes=\"auto, (max-width: 1024px) 100vw, 1024px\" \/><\/figure><div class=\"wp-block-media-text__content\">\n<p>Rozhovor: Spolo\u010dne proti \u017eivlom<\/p>\n\n\n\n<div class=\"wp-block-buttons is-content-justification-center is-layout-flex wp-container-core-buttons-is-layout-14c487f4 wp-block-buttons-is-layout-flex\">\n<div class=\"wp-block-button is-style-outline is-style-outline--2\"><a class=\"wp-block-button__link has-white-color has-text-color has-background has-link-color has-medium-font-size has-custom-font-size wp-element-button\" href=\"https:\/\/plsk.eu\/sk\/spolocne-proti-zivlom\/\" style=\"border-radius:10px;background-color:#183d8e;font-style:normal;font-weight:500\">\u010d\u00edtaj<\/a><\/div>\n<\/div>\n<\/div><\/div>\n\n\n\n<hr class=\"wp-block-separator has-alpha-channel-opacity is-style-default\"\/>\n\n\n\n<div class=\"wp-block-media-text is-stacked-on-mobile is-image-fill-element\"><figure class=\"wp-block-media-text__media\"><img loading=\"lazy\" decoding=\"async\" width=\"1024\" height=\"576\" src=\"https:\/\/plsk.eu\/wp-content\/uploads\/2025\/01\/Realizacja-projektu-4-1024x576.jpg\" alt=\"Trzech stra\u017cak\u00f3w w maskach tlenowych trzyma w\u0119\u017ca i gasi p\u0142on\u0105c\u0105 makiet\u0119 samochodu. Kilku stra\u017cak\u00f3w przygl\u0105da si\u0119 akcji Traja hasi\u010di v kysl\u00edkov\u00fdch mask\u00e1ch dr\u017eia hadicu a hasia horiacu maketu auta. Nieko\u013eko hasi\u010dov sleduje z\u00e1sah\" class=\"wp-image-43401 size-full\" style=\"object-position:50% 50%\" srcset=\"https:\/\/plsk.eu\/wp-content\/uploads\/2025\/01\/Realizacja-projektu-4-1024x576.jpg 1024w, https:\/\/plsk.eu\/wp-content\/uploads\/2025\/01\/Realizacja-projektu-4-300x169.jpg 300w, https:\/\/plsk.eu\/wp-content\/uploads\/2025\/01\/Realizacja-projektu-4-768x432.jpg 768w, https:\/\/plsk.eu\/wp-content\/uploads\/2025\/01\/Realizacja-projektu-4-1536x864.jpg 1536w, https:\/\/plsk.eu\/wp-content\/uploads\/2025\/01\/Realizacja-projektu-4-2048x1152.jpg 2048w\" sizes=\"auto, (max-width: 1024px) 100vw, 1024px\" \/><\/figure><div class=\"wp-block-media-text__content\">\n<p>Inov\u00e1cie zachra\u0148uj\u00fa \u017eivoty na pomedz\u00ed Po\u013eska a Slovenska<\/p>\n\n\n\n<div class=\"wp-block-buttons is-content-justification-center is-layout-flex wp-container-core-buttons-is-layout-14c487f4 wp-block-buttons-is-layout-flex\">\n<div class=\"wp-block-button is-style-outline is-style-outline--3\"><a class=\"wp-block-button__link has-white-color has-text-color has-background has-link-color has-medium-font-size has-custom-font-size wp-element-button\" href=\"https:\/\/plsk.eu\/sk\/inovacie-zachranuju-zivoty-na-pomedzi-polska-a-slovenska\/\" style=\"border-radius:10px;background-color:#183d8e;font-style:normal;font-weight:500\">\u010d\u00edtaj<\/a><\/div>\n<\/div>\n<\/div><\/div>\n\n\n\n<hr class=\"wp-block-separator has-alpha-channel-opacity is-style-default\"\/>\n\n\n\n<div class=\"wp-block-media-text is-stacked-on-mobile is-image-fill-element\"><figure class=\"wp-block-media-text__media\"><img loading=\"lazy\" decoding=\"async\" width=\"1024\" height=\"683\" src=\"https:\/\/plsk.eu\/wp-content\/uploads\/2025\/12\/6B0A9823-1024x683.jpg\" alt=\"Siedem os\u00f3b stoi przed sto\u0142em z teczkami w r\u0119kach, pozuj\u0105c do zdj\u0119cia. Na stole znajduj\u0105 si\u0119 flagi Polski, S\u0142owacji i Unii Europejskiej Sedem \u013eud\u00ed stoj\u00ed pred stolom s aktovkami v ruk\u00e1ch a p\u00f3zuje na fotografiu. Na stole s\u00fa vlajky Po\u013eska, Slovenska a Eur\u00f3pskej \u00fanie.\" class=\"wp-image-42309 size-full\" style=\"object-position:50% 50%\" srcset=\"https:\/\/plsk.eu\/wp-content\/uploads\/2025\/12\/6B0A9823-1024x683.jpg 1024w, https:\/\/plsk.eu\/wp-content\/uploads\/2025\/12\/6B0A9823-300x200.jpg 300w, https:\/\/plsk.eu\/wp-content\/uploads\/2025\/12\/6B0A9823-768x512.jpg 768w, https:\/\/plsk.eu\/wp-content\/uploads\/2025\/12\/6B0A9823-1536x1024.jpg 1536w, https:\/\/plsk.eu\/wp-content\/uploads\/2025\/12\/6B0A9823-2048x1365.jpg 2048w\" sizes=\"auto, (max-width: 1024px) 100vw, 1024px\" \/><\/figure><div class=\"wp-block-media-text__content\">\n<p>Konferencia sumarizuj\u00faca projekt v Dobczycach<\/p>\n\n\n\n<div class=\"wp-block-buttons is-content-justification-center is-layout-flex wp-container-core-buttons-is-layout-14c487f4 wp-block-buttons-is-layout-flex\">\n<div class=\"wp-block-button is-style-outline is-style-outline--4\"><a class=\"wp-block-button__link has-white-color has-text-color has-background has-link-color has-medium-font-size has-custom-font-size wp-element-button\" href=\"https:\/\/plsk.eu\/sk\/konferencia-sumarizujuca-projekt-v-dobczycach\/\" style=\"border-radius:10px;background-color:#183d8e;font-style:normal;font-weight:500\">\u010d\u00edtaj<\/a><\/div>\n<\/div>\n<\/div><\/div>\n\n\n\n<hr class=\"wp-block-separator has-alpha-channel-opacity is-style-default\"\/>\n\n\n\n<div class=\"wp-block-media-text is-stacked-on-mobile is-image-fill-element\"><figure class=\"wp-block-media-text__media\"><img loading=\"lazy\" decoding=\"async\" width=\"1024\" height=\"768\" src=\"https:\/\/plsk.eu\/wp-content\/uploads\/2026\/04\/IMG-20250207-WA0043-1024x768.jpg\" alt=\"Trzech m\u0119\u017cczyzn i jednak kobieta siedz\u0105 przy stole. Przed nimi u\u0142o\u017cone flagi Unii Europejskiej, Polski i S\u0142owacji. Za nimi stoi 5 stra\u017cak\u00f3w w mundurach i ze sztandarem. Obok stra\u017cak\u00f3w roll-up Pri stole sedia traja mu\u017ei a jedna \u017eena. Pred nimi s\u00fa rozlo\u017een\u00e9 vlajky Eur\u00f3pskej \u00fanie, Po\u013eska a Slovenska. Za nimi stoj\u00ed p\u00e4\u0165 hasi\u010dov v uniform\u00e1ch s vlajkou. Ved\u013ea hasi\u010dov je roll-up\" class=\"wp-image-43577 size-full\" style=\"object-position:50% 50%\" srcset=\"https:\/\/plsk.eu\/wp-content\/uploads\/2026\/04\/IMG-20250207-WA0043-1024x768.jpg 1024w, https:\/\/plsk.eu\/wp-content\/uploads\/2026\/04\/IMG-20250207-WA0043-300x225.jpg 300w, https:\/\/plsk.eu\/wp-content\/uploads\/2026\/04\/IMG-20250207-WA0043-768x576.jpg 768w, https:\/\/plsk.eu\/wp-content\/uploads\/2026\/04\/IMG-20250207-WA0043-1536x1152.jpg 1536w, https:\/\/plsk.eu\/wp-content\/uploads\/2026\/04\/IMG-20250207-WA0043.jpg 2000w\" sizes=\"auto, (max-width: 1024px) 100vw, 1024px\" \/><\/figure><div class=\"wp-block-media-text__content\">\n<p>Rozhovor s predstavite\u013ekou partnera projektu a predstavite\u013eom hasi\u010dsk\u00e9ho zboru, ktor\u00fd vyu\u017eil v\u00fdsledky projektu<\/p>\n\n\n\n<div class=\"wp-block-buttons is-content-justification-center is-layout-flex wp-container-core-buttons-is-layout-14c487f4 wp-block-buttons-is-layout-flex\">\n<div class=\"wp-block-button is-style-outline is-style-outline--5\"><a class=\"wp-block-button__link has-white-color has-text-color has-background has-link-color has-medium-font-size has-custom-font-size wp-element-button\" href=\"https:\/\/plsk.eu\/sk\/rozhovor-spolocne-proti-nasledkom-klimatickych-zmien-v-polsko-slovenskom-pohranici-krizove-riadenie-v-teorii-a-praxi\/\" style=\"border-radius:10px;background-color:#183d8e;font-style:normal;font-weight:500\">\u010d\u00edtaj<\/a><\/div>\n<\/div>\n<\/div><\/div>\n\n\n\n<hr class=\"wp-block-separator has-alpha-channel-opacity is-style-default\"\/>\n","protected":false},"featured_media":39729,"menu_order":0,"template":"","meta":{"_acf_changed":false,"inline_featured_image":false,"_themeisle_gutenberg_block_has_review":false,"footnotes":"","_links_to":"","_links_to_target":""},"kategoria_historii":[1928],"historii_partner_wiodacy":[2287],"historii_partner_projektu":[2417,2418,2419,2412,2413,2414,2415,2416],"regiony":[],"powiaty":[],"class_list":["post-39071","historii","type-historii","status-publish","has-post-thumbnail","hentry","kategoria_historii-2021-2027-sk","historii_partner_wiodacy-zwiazek-euroregion-tatry-sk","historii_partner_projektu-mesto-spisska-stara-ves","historii_partner_projektu-mesto-trstena","historii_partner_projektu-obec-strba-gpt","historii_partner_projektu-obec-dobczyce","historii_partner_projektu-obec-lipnica-wielka","historii_partner_projektu-obec-nowy-targ","historii_partner_projektu-obec-rabka-zdroj","historii_partner_projektu-obec-lapsze-nizne"],"acf":[],"_links":{"self":[{"href":"https:\/\/plsk.eu\/sk\/wp-json\/wp\/v2\/historii\/39071","targetHints":{"allow":["GET"]}}],"collection":[{"href":"https:\/\/plsk.eu\/sk\/wp-json\/wp\/v2\/historii"}],"about":[{"href":"https:\/\/plsk.eu\/sk\/wp-json\/wp\/v2\/types\/historii"}],"version-history":[{"count":14,"href":"https:\/\/plsk.eu\/sk\/wp-json\/wp\/v2\/historii\/39071\/revisions"}],"predecessor-version":[{"id":43684,"href":"https:\/\/plsk.eu\/sk\/wp-json\/wp\/v2\/historii\/39071\/revisions\/43684"}],"wp:featuredmedia":[{"embeddable":true,"href":"https:\/\/plsk.eu\/sk\/wp-json\/wp\/v2\/media\/39729"}],"wp:attachment":[{"href":"https:\/\/plsk.eu\/sk\/wp-json\/wp\/v2\/media?parent=39071"}],"wp:term":[{"taxonomy":"kategoria_historii","embeddable":true,"href":"https:\/\/plsk.eu\/sk\/wp-json\/wp\/v2\/kategoria_historii?post=39071"},{"taxonomy":"historii_partner_wiodacy","embeddable":true,"href":"https:\/\/plsk.eu\/sk\/wp-json\/wp\/v2\/historii_partner_wiodacy?post=39071"},{"taxonomy":"historii_partner_projektu","embeddable":true,"href":"https:\/\/plsk.eu\/sk\/wp-json\/wp\/v2\/historii_partner_projektu?post=39071"},{"taxonomy":"regiony","embeddable":true,"href":"https:\/\/plsk.eu\/sk\/wp-json\/wp\/v2\/regiony?post=39071"},{"taxonomy":"powiaty","embeddable":true,"href":"https:\/\/plsk.eu\/sk\/wp-json\/wp\/v2\/powiaty?post=39071"}],"curies":[{"name":"wp","href":"https:\/\/api.w.org\/{rel}","templated":true}]}}