{"id":39077,"date":"2025-01-08T15:42:48","date_gmt":"2025-01-08T14:42:48","guid":{"rendered":"https:\/\/plsk.eu\/projekty\/drapiezne-pogranicze-transgraniczna-wspolpraca-na-rzecz-zintegrowanej-ochrony-duzych-drapieznikow-w-polsce-i-na-slowacji\/"},"modified":"2026-01-09T14:48:39","modified_gmt":"2026-01-09T13:48:39","slug":"drave-pohranicie-cezhranicna-spolupraca-pre-integrovanu-ochranu-velkych-seliem-v-polsku-a-na-slovensku","status":"publish","type":"historii","link":"https:\/\/plsk.eu\/sk\/projekty\/drave-pohranicie-cezhranicna-spolupraca-pre-integrovanu-ochranu-velkych-seliem-v-polsku-a-na-slovensku\/","title":{"rendered":"Drav\u00e9 pohrani\u010die &#8211; cezhrani\u010dn\u00e1 spolupr\u00e1ca pre integrovan\u00fa ochranu ve\u013ek\u00fdch \u0161eliem v Po\u013esku a na Slovensku"},"content":{"rendered":"\n<p>Hlavn\u00fdm cie\u013eom je posilnenie cezhrani\u010dnej spolupr\u00e1ce PL-SK v oblasti mana\u017ementu popul\u00e1cie ve\u013ek\u00fdch \u0161eliem: medve\u010fa, vlka a rysa, zabezpe\u010duj\u00facej dlhodob\u00e9 pre\u017eitie popul\u00e1cie t\u00fdchto druhov, dosiahnutie a udr\u017eanie vhodn\u00e9ho stavu ochrany popul\u00e1cie ve\u013ek\u00fdch \u0161eliem v pohrani\u010dnom \u00fazem\u00ed. Konkr\u00e9tne ciele: 1. Ochrana biodiverzity vypracovan\u00edm integrovan\u00e9ho modelu mana\u017ementu popul\u00e1cie a syst\u00e9mu v\u00fdmeny \u00fadajov o premiest\u0148ovan\u00ed sa dravcov v r\u00e1mci \u00fazemia PL-SK. 2. Pr\u00edprava datab\u00e1zy konzistentn\u00fdch kvantitat\u00edvnych a kvalitat\u00edvnych \u00fadajov ve\u013ek\u00fdch \u0161eliem na z\u00e1klade spolo\u010dne vypracovanej metodiky monitoringu. 3. Zvy\u0161ovanie ekologick\u00e9ho povedomia miestnych komun\u00edt, turistov a organiz\u00e1ci\u00ed pohrani\u010dia, s\u00favisiaceho s potrebou ochrany ve\u013ek\u00fdch \u0161eliem a s t\u00fdm spojen\u00e9 zvy\u0161ovanie \u00farovne spolo\u010denskej akcept\u00e1cie t\u00fdchto chr\u00e1nen\u00fdch druhov. Projekt rie\u0161i potreby z h\u013eadiska: nedostatku integrovan\u00fdch aktiv\u00edt venovan\u00fdch cezhrani\u010dn\u00e9mu mana\u017ementu popul\u00e1ci\u00ed ve\u013ek\u00fdch \u0161eliem na \u00fazem\u00ed PL a SK; potreby vytvorenia jednotn\u00e9ho modelu monitorovania ve\u013ek\u00fdch \u0161eliem v\u00fdsledkom \u010doho bude zabezpe\u010denie spolo\u010dn\u00fdch d\u00e1t, ktor\u00e9 bud\u00fa konzistentn\u00e9 z h\u013eadiska kvality a kvantity; obmedzen\u00fdch mo\u017enost\u00ed z h\u013eadiska pr\u00edstupu k modern\u00fdm n\u00e1strojom a rie\u0161eniam venovan\u00fdm monitoringu ve\u013ek\u00fdch \u0161eliem. Ide o prv\u00fd projekt tohto typu v prihrani\u010dnej oblasti. Vyzna\u010duje sa t\u00fdm, \u017ee v\u0161etci partneri pou\u017e\u00edvaj\u00fa rovnak\u00e9 v\u00fdskumn\u00e9 metodiky. Vyu\u017eitie inovat\u00edvnych monitorovac\u00edch techn\u00edk vyu\u017e\u00edvaj\u00facich umel\u00fa inteligenciu (AI) dokazuje jeho jedine\u010dnos\u0165. Partnerstvo tvor\u00ed 19 subjektov &#8211; 17 PL a 2 SK. Partnerstvo je zalo\u017een\u00e9 na spolo\u010dnej realiz\u00e1cii \u00faloh, v\u00fdmene poznatkov, uplat\u0148ovan\u00ed najlep\u0161\u00edch overen\u00fdch postupov. Bez spolupr\u00e1ce by nebolo mo\u017en\u00e9 dosiahnu\u0165 v\u00fdsledky projektu v predpokladanom rozsahu. CKP\u015a bude ved\u00facim partnerom. <\/p>\n\n\n\n<div class=\"\">\n\n  <div class=\"widget-image-gallery galRB gal-9232\">\n\n    <div id=\"swiperGalFUll-9232\"\n      class=\"swiper widget-image-gallery__full swiper-initialized swiper-horizontal swiper-pointer-events swiper-backface-hidden\">\n\n      <div class=\"swiper-wrapper\" id=\"swiper-wrapper-9232\" aria-live=\"polite\"\n        style=\"transform: translate3d(0px, 0px, 0px);\">\n\n        \n\n        \n        <div class=\"swiper-slide excludeimg  swiper-slide-active \"\n            tabindex=\"0\"\n        data-sliderId =\"9232\"\n        data-bs-slide-to=\"0\"\n        data-title=\"\" role=\"group\"\n          data-bs-toggle=\"modal\" data-bs-target=\"#exampleModal9232\"\n          aria-label=\"1 \/ 6\"\n          style=\"background: linear-gradient(rgba(211, 211, 211), rgba(211, 211, 211))\">\n\n          <img decoding=\"async\" src=\"https:\/\/plsk.eu\/wp-content\/uploads\/2025\/06\/Karolina-Kawczynska-3-scaled.jpg\" class=\"gal_bg_img\" style=\"\n    width: 100% !important;\">\n\n          <img decoding=\"async\" src=\"https:\/\/plsk.eu\/wp-content\/uploads\/2025\/06\/Karolina-Kawczynska-3-scaled.jpg\" alt=\"Grupa kobiet i m\u0119\u017cczyzn pozuje do zdj\u0119cia w lesie podczas wizyty studyjnej w ramach projektu Skupina \u017eien a mu\u017eov p\u00f3zuje na fotografii v lese po\u010das \u0161tudijnej n\u00e1v\u0161tevy v r\u00e1mci projektu\" class=\"gal_main_img\" style=\"\">\n        <\/div>\n                \n\n        \n        <div class=\"swiper-slide excludeimg \"\n            tabindex=\"0\"\n        data-sliderId =\"9232\"\n        data-bs-slide-to=\"1\"\n        data-title=\"\" role=\"group\"\n          data-bs-toggle=\"modal\" data-bs-target=\"#exampleModal9232\"\n          aria-label=\"2 \/ 6\"\n          style=\"background: linear-gradient(rgba(211, 211, 211), rgba(211, 211, 211))\">\n\n          <img decoding=\"async\" src=\"https:\/\/plsk.eu\/wp-content\/uploads\/2025\/06\/Fot.-P.-Armatys-1-scaled.jpg\" class=\"gal_bg_img\" style=\"\n    width: 100% !important;\">\n\n          <img decoding=\"async\" src=\"https:\/\/plsk.eu\/wp-content\/uploads\/2025\/06\/Fot.-P.-Armatys-1-scaled.jpg\" alt=\"Las li\u015bciasty. Na pierwszym planie przewr\u00f3cone drzewo. W tle drzewa z jasno zielonymi li\u015b\u0107mi Listnat\u00fd les. V popred\u00ed le\u017e\u00ed popadan\u00fd strom. V pozad\u00ed s\u00fa stromy so svetlozelen\u00fdmi listami\" class=\"gal_main_img\" style=\"\">\n        <\/div>\n                \n\n        \n        <div class=\"swiper-slide excludeimg \"\n            tabindex=\"0\"\n        data-sliderId =\"9232\"\n        data-bs-slide-to=\"2\"\n        data-title=\"\" role=\"group\"\n          data-bs-toggle=\"modal\" data-bs-target=\"#exampleModal9232\"\n          aria-label=\"3 \/ 6\"\n          style=\"background: linear-gradient(rgba(211, 211, 211), rgba(211, 211, 211))\">\n\n          <img decoding=\"async\" src=\"https:\/\/plsk.eu\/wp-content\/uploads\/2025\/06\/Karolina-Kawczynska-2.jpg\" class=\"gal_bg_img\" style=\"\n    width: 100% !important;\">\n\n          <img decoding=\"async\" src=\"https:\/\/plsk.eu\/wp-content\/uploads\/2025\/06\/Karolina-Kawczynska-2.jpg\" alt=\"Grupa kobiet i m\u0119\u017cczyzn w lesie podczas wizyty studyjnej w ramach projektu Skupina \u017eien a mu\u017eov v lese po\u010das \u0161tudijnej n\u00e1v\u0161tevy v r\u00e1mci projektu\" class=\"gal_main_img\" style=\"\">\n        <\/div>\n                \n\n        \n        <div class=\"swiper-slide excludeimg \"\n            tabindex=\"0\"\n        data-sliderId =\"9232\"\n        data-bs-slide-to=\"3\"\n        data-title=\"\" role=\"group\"\n          data-bs-toggle=\"modal\" data-bs-target=\"#exampleModal9232\"\n          aria-label=\"4 \/ 6\"\n          style=\"background: linear-gradient(rgba(211, 211, 211), rgba(211, 211, 211))\">\n\n          <img decoding=\"async\" src=\"https:\/\/plsk.eu\/wp-content\/uploads\/2025\/06\/Karolina-Kawczynska-1-scaled.jpg\" class=\"gal_bg_img\" style=\"\n    width: 100% !important;\">\n\n          <img decoding=\"async\" src=\"https:\/\/plsk.eu\/wp-content\/uploads\/2025\/06\/Karolina-Kawczynska-1-scaled.jpg\" alt=\"Grupa kobiet i m\u0119\u017cczyzn pozuje do wsp\u00f3lnego zdj\u0119cia w lesie podczas wizyty studyjnej w ramach projektu Skupina \u017eien a mu\u017eov p\u00f3zuje na spolo\u010dnej fotografii v lese po\u010das \u0161tudijnej n\u00e1v\u0161tevy v r\u00e1mci projektu.\" class=\"gal_main_img\" style=\"\">\n        <\/div>\n                \n\n        \n        <div class=\"swiper-slide excludeimg \"\n            tabindex=\"0\"\n        data-sliderId =\"9232\"\n        data-bs-slide-to=\"4\"\n        data-title=\"\" role=\"group\"\n          data-bs-toggle=\"modal\" data-bs-target=\"#exampleModal9232\"\n          aria-label=\"5 \/ 6\"\n          style=\"background: linear-gradient(rgba(211, 211, 211), rgba(211, 211, 211))\">\n\n          <img decoding=\"async\" src=\"https:\/\/plsk.eu\/wp-content\/uploads\/2025\/06\/Fot.-P.-Armatys-4-scaled.jpg\" class=\"gal_bg_img\" style=\"\n    width: 100% !important;\">\n\n          <img decoding=\"async\" src=\"https:\/\/plsk.eu\/wp-content\/uploads\/2025\/06\/Fot.-P.-Armatys-4-scaled.jpg\" alt=\"Krajobraz g\u00f3rski. Na pierwszym tle wida\u0107 polan\u0119 poro\u015bni\u0119t\u0105 traw\u0105. W tle g\u00f3ry poro\u015bni\u0119te drzewami o r\u00f3\u017cnych kolorach li\u015bci. Horsk\u00e1 krajina. V popred\u00ed je l\u00faka pokryt\u00e1 tr\u00e1vou. V pozad\u00ed s\u00fa hory pokryt\u00e9 stromami s listami r\u00f4znych farieb.\" class=\"gal_main_img\" style=\"\">\n        <\/div>\n                \n\n        \n        <div class=\"swiper-slide excludeimg \"\n            tabindex=\"0\"\n        data-sliderId =\"9232\"\n        data-bs-slide-to=\"5\"\n        data-title=\"\" role=\"group\"\n          data-bs-toggle=\"modal\" data-bs-target=\"#exampleModal9232\"\n          aria-label=\"6 \/ 6\"\n          style=\"background: linear-gradient(rgba(211, 211, 211), rgba(211, 211, 211))\">\n\n          <img decoding=\"async\" src=\"https:\/\/plsk.eu\/wp-content\/uploads\/2025\/06\/Fot.-P.-Armatys-3-scaled.jpg\" class=\"gal_bg_img\" style=\"\n    width: 100% !important;\">\n\n          <img decoding=\"async\" src=\"https:\/\/plsk.eu\/wp-content\/uploads\/2025\/06\/Fot.-P.-Armatys-3-scaled.jpg\" alt=\"Las li\u015bciasty. Na pierwszym planie przewr\u00f3cone drzewo. W tle drzewa z jasno zielonymi li\u015b\u0107mi Listnat\u00fd les. V popred\u00ed le\u017e\u00ed popadan\u00fd strom. V pozad\u00ed s\u00fa stromy so svetlozelen\u00fdmi listami.\" class=\"gal_main_img\" style=\"\">\n        <\/div>\n                \n\n\n      <\/div>\n\n\n      <span class=\"swiper-notification\" aria-live=\"assertive\" aria-atomic=\"true\"><\/span>\n\n    <\/div>\n\n    <div id=\"swiperGalThumb-9232\" data-galid=\"9232\"\n      class=\"swiper widget-image-gallery__thumbs swiper-initialized swiper-horizontal swiper-pointer-events swiper-free-mode swiper-backface-hidden swiper-thumbs\">\n      <div class=\"swiper-wrapper\" id=\"swiper-wrapper-9232\" aria-live=\"polite\"\n        style=\"transform: translate3d(0px, 0px, 0px);\">\n\n        \n        \n        <div class=\"swiper-slide swiper-slide-prev\" style=\"width: 139px; margin-right: 30px;\" role=\"group\">\n          <img decoding=\"async\" src=\"https:\/\/plsk.eu\/wp-content\/uploads\/2025\/06\/Karolina-Kawczynska-3-scaled.jpg\" alt=\"Grupa kobiet i m\u0119\u017cczyzn pozuje do zdj\u0119cia w lesie podczas wizyty studyjnej w ramach projektu Skupina \u017eien a mu\u017eov p\u00f3zuje na fotografii v lese po\u010das \u0161tudijnej n\u00e1v\u0161tevy v r\u00e1mci projektu\">\n        <\/div>\n        \n        \n        <div class=\"swiper-slide swiper-slide-prev\" style=\"width: 139px; margin-right: 30px;\" role=\"group\">\n          <img decoding=\"async\" src=\"https:\/\/plsk.eu\/wp-content\/uploads\/2025\/06\/Fot.-P.-Armatys-1-scaled.jpg\" alt=\"Las li\u015bciasty. Na pierwszym planie przewr\u00f3cone drzewo. W tle drzewa z jasno zielonymi li\u015b\u0107mi Listnat\u00fd les. V popred\u00ed le\u017e\u00ed popadan\u00fd strom. V pozad\u00ed s\u00fa stromy so svetlozelen\u00fdmi listami\">\n        <\/div>\n        \n        \n        <div class=\"swiper-slide swiper-slide-prev\" style=\"width: 139px; margin-right: 30px;\" role=\"group\">\n          <img decoding=\"async\" src=\"https:\/\/plsk.eu\/wp-content\/uploads\/2025\/06\/Karolina-Kawczynska-2.jpg\" alt=\"Grupa kobiet i m\u0119\u017cczyzn w lesie podczas wizyty studyjnej w ramach projektu Skupina \u017eien a mu\u017eov v lese po\u010das \u0161tudijnej n\u00e1v\u0161tevy v r\u00e1mci projektu\">\n        <\/div>\n        \n        \n        <div class=\"swiper-slide swiper-slide-prev\" style=\"width: 139px; margin-right: 30px;\" role=\"group\">\n          <img decoding=\"async\" src=\"https:\/\/plsk.eu\/wp-content\/uploads\/2025\/06\/Karolina-Kawczynska-1-scaled.jpg\" alt=\"Grupa kobiet i m\u0119\u017cczyzn pozuje do wsp\u00f3lnego zdj\u0119cia w lesie podczas wizyty studyjnej w ramach projektu Skupina \u017eien a mu\u017eov p\u00f3zuje na spolo\u010dnej fotografii v lese po\u010das \u0161tudijnej n\u00e1v\u0161tevy v r\u00e1mci projektu.\">\n        <\/div>\n        \n        \n        <div class=\"swiper-slide swiper-slide-prev\" style=\"width: 139px; margin-right: 30px;\" role=\"group\">\n          <img decoding=\"async\" src=\"https:\/\/plsk.eu\/wp-content\/uploads\/2025\/06\/Fot.-P.-Armatys-4-scaled.jpg\" alt=\"Krajobraz g\u00f3rski. Na pierwszym tle wida\u0107 polan\u0119 poro\u015bni\u0119t\u0105 traw\u0105. W tle g\u00f3ry poro\u015bni\u0119te drzewami o r\u00f3\u017cnych kolorach li\u015bci. Horsk\u00e1 krajina. V popred\u00ed je l\u00faka pokryt\u00e1 tr\u00e1vou. V pozad\u00ed s\u00fa hory pokryt\u00e9 stromami s listami r\u00f4znych farieb.\">\n        <\/div>\n        \n        \n        <div class=\"swiper-slide swiper-slide-prev\" style=\"width: 139px; margin-right: 30px;\" role=\"group\">\n          <img decoding=\"async\" src=\"https:\/\/plsk.eu\/wp-content\/uploads\/2025\/06\/Fot.-P.-Armatys-3-scaled.jpg\" alt=\"Las li\u015bciasty. Na pierwszym planie przewr\u00f3cone drzewo. W tle drzewa z jasno zielonymi li\u015b\u0107mi Listnat\u00fd les. V popred\u00ed le\u017e\u00ed popadan\u00fd strom. V pozad\u00ed s\u00fa stromy so svetlozelen\u00fdmi listami.\">\n        <\/div>\n        \n\n      <\/div>\n      <span class=\"swiper-notification\" aria-live=\"assertive\" aria-atomic=\"true\"><\/span>\n    <\/div>\n          <!--\n    <div class=\"widget-image-gallery__caption\">\n      <p>Opis zdj\u0119cia5, fot. Jan Kowalski<\/p>\n    <\/div>-->\n\n\n    <div class=\"image-swiper-button-prev swiper-button-prev\" role=\"button\" aria-label=\"Predch\u00e1dzaj\u00faci obr\u00e1zok\"\n      aria-controls=\"swiper-wrapper-9232\" aria-disabled=\"false\">\n    <\/div>\n\n    <div class=\"image-swiper-button-next swiper-button-next swiper-button-disabled\" role=\"button\"\n      aria-label=\"\u010eal\u0161\u00ed obr\u00e1zok\" aria-controls=\"swiper-wrapper-6599\" aria-disabled=\"true\">\n    <\/div>\n\n\n\n\n  <\/div>\n\n  \n  <div class=\"modal fade gal_modal\" id=\"exampleModal9232\" tabindex=\"-1\" aria-hidden=\"true\">\n    <div class=\"modal-dialog\">\n      <div class=\"modal-content\">\n        <div class=\"modal-header\">\n          <button type=\"button\" class=\"btn-close\" data-bs-dismiss=\"modal\" aria-label=\"Zamkn\u0105\u0107\">\n          <img decoding=\"async\"\n              src=\"https:\/\/plsk.eu\/wp-content\/themes\/fundusze\/assets\/images\/close.svg\"\n              alt=Zamkn\u0105\u0107>\n          <span class=\"visually-hidden\">Zamkn\u0105\u0107<\/span>\n        <\/button>\n        <\/div>\n\n          <div class=\"row no_mobile\">\n\n            <div class=\"col-xxl-2 col-xl-2 col-lg-2 col-md-2 col-sm-2 gal_left\">\n              <button type=\"button\" data-bs-target=\"#carouselExample9232\" data-bs-slide=\"prev\"\n                aria-label=\"Predch\u00e1dzaj\u00faci obr\u00e1zok\">\n                <img decoding=\"async\" src=\"https:\/\/plsk.eu\/wp-content\/themes\/fundusze\/assets\/images\/back.svg\" alt=\"\"> <\/button>\n            <\/div>\n\n            <div class=\"col-xxl-8 col-xl-8 col-lg-8 col-md-8 col-sm-8\">\n\n              <div id=\"carouselExample9232\" class=\"carousel slide\" data-bs-interval=\"50000\"\n                data-bs-ride=\"carousel\">\n\n                <div class=\"carousel-inner\">\n\n                  \n                                    <div class=\"carousel-item  active \">\n                    <img decoding=\"async\" src=\"https:\/\/plsk.eu\/wp-content\/uploads\/2025\/06\/Karolina-Kawczynska-3-scaled.jpg\" alt=\"Grupa kobiet i m\u0119\u017cczyzn pozuje do zdj\u0119cia w lesie podczas wizyty studyjnej w ramach projektu Skupina \u017eien a mu\u017eov p\u00f3zuje na fotografii v lese po\u010das \u0161tudijnej n\u00e1v\u0161tevy v r\u00e1mci projektu\" class=\"img_all\">\n                    <div class=\"row\">\n\n                      <div class=\"col-xxl-12 col-xl-12 col-lg-12 col-md-12 col-sm-12\">\n                        <div class=\"img_caption\">\n                          <div class=\"cap_text\">\n                                                                                  <\/div>\n                          <div class=\"cap_num\">\n                            <strong> 1 z 6<\/strong>\n                          <\/div>\n\n                        <\/div>\n                      <\/div>\n\n                    <\/div>\n                  <\/div>\n                                    \n                                    <div class=\"carousel-item \">\n                    <img decoding=\"async\" src=\"https:\/\/plsk.eu\/wp-content\/uploads\/2025\/06\/Fot.-P.-Armatys-1-scaled.jpg\" alt=\"Las li\u015bciasty. Na pierwszym planie przewr\u00f3cone drzewo. W tle drzewa z jasno zielonymi li\u015b\u0107mi Listnat\u00fd les. V popred\u00ed le\u017e\u00ed popadan\u00fd strom. V pozad\u00ed s\u00fa stromy so svetlozelen\u00fdmi listami\" class=\"img_all\">\n                    <div class=\"row\">\n\n                      <div class=\"col-xxl-12 col-xl-12 col-lg-12 col-md-12 col-sm-12\">\n                        <div class=\"img_caption\">\n                          <div class=\"cap_text\">\n                                                                                  <\/div>\n                          <div class=\"cap_num\">\n                            <strong> 2 z 6<\/strong>\n                          <\/div>\n\n                        <\/div>\n                      <\/div>\n\n                    <\/div>\n                  <\/div>\n                                    \n                                    <div class=\"carousel-item \">\n                    <img decoding=\"async\" src=\"https:\/\/plsk.eu\/wp-content\/uploads\/2025\/06\/Karolina-Kawczynska-2.jpg\" alt=\"Grupa kobiet i m\u0119\u017cczyzn w lesie podczas wizyty studyjnej w ramach projektu Skupina \u017eien a mu\u017eov v lese po\u010das \u0161tudijnej n\u00e1v\u0161tevy v r\u00e1mci projektu\" class=\"img_all\">\n                    <div class=\"row\">\n\n                      <div class=\"col-xxl-12 col-xl-12 col-lg-12 col-md-12 col-sm-12\">\n                        <div class=\"img_caption\">\n                          <div class=\"cap_text\">\n                                                                                  <\/div>\n                          <div class=\"cap_num\">\n                            <strong> 3 z 6<\/strong>\n                          <\/div>\n\n                        <\/div>\n                      <\/div>\n\n                    <\/div>\n                  <\/div>\n                                    \n                                    <div class=\"carousel-item \">\n                    <img decoding=\"async\" src=\"https:\/\/plsk.eu\/wp-content\/uploads\/2025\/06\/Karolina-Kawczynska-1-scaled.jpg\" alt=\"Grupa kobiet i m\u0119\u017cczyzn pozuje do wsp\u00f3lnego zdj\u0119cia w lesie podczas wizyty studyjnej w ramach projektu Skupina \u017eien a mu\u017eov p\u00f3zuje na spolo\u010dnej fotografii v lese po\u010das \u0161tudijnej n\u00e1v\u0161tevy v r\u00e1mci projektu.\" class=\"img_all\">\n                    <div class=\"row\">\n\n                      <div class=\"col-xxl-12 col-xl-12 col-lg-12 col-md-12 col-sm-12\">\n                        <div class=\"img_caption\">\n                          <div class=\"cap_text\">\n                                                                                  <\/div>\n                          <div class=\"cap_num\">\n                            <strong> 4 z 6<\/strong>\n                          <\/div>\n\n                        <\/div>\n                      <\/div>\n\n                    <\/div>\n                  <\/div>\n                                    \n                                    <div class=\"carousel-item \">\n                    <img decoding=\"async\" src=\"https:\/\/plsk.eu\/wp-content\/uploads\/2025\/06\/Fot.-P.-Armatys-4-scaled.jpg\" alt=\"Krajobraz g\u00f3rski. Na pierwszym tle wida\u0107 polan\u0119 poro\u015bni\u0119t\u0105 traw\u0105. W tle g\u00f3ry poro\u015bni\u0119te drzewami o r\u00f3\u017cnych kolorach li\u015bci. Horsk\u00e1 krajina. V popred\u00ed je l\u00faka pokryt\u00e1 tr\u00e1vou. V pozad\u00ed s\u00fa hory pokryt\u00e9 stromami s listami r\u00f4znych farieb.\" class=\"img_all\">\n                    <div class=\"row\">\n\n                      <div class=\"col-xxl-12 col-xl-12 col-lg-12 col-md-12 col-sm-12\">\n                        <div class=\"img_caption\">\n                          <div class=\"cap_text\">\n                                                                                  <\/div>\n                          <div class=\"cap_num\">\n                            <strong> 5 z 6<\/strong>\n                          <\/div>\n\n                        <\/div>\n                      <\/div>\n\n                    <\/div>\n                  <\/div>\n                                    \n                                    <div class=\"carousel-item \">\n                    <img decoding=\"async\" src=\"https:\/\/plsk.eu\/wp-content\/uploads\/2025\/06\/Fot.-P.-Armatys-3-scaled.jpg\" alt=\"Las li\u015bciasty. Na pierwszym planie przewr\u00f3cone drzewo. W tle drzewa z jasno zielonymi li\u015b\u0107mi Listnat\u00fd les. V popred\u00ed le\u017e\u00ed popadan\u00fd strom. V pozad\u00ed s\u00fa stromy so svetlozelen\u00fdmi listami.\" class=\"img_all\">\n                    <div class=\"row\">\n\n                      <div class=\"col-xxl-12 col-xl-12 col-lg-12 col-md-12 col-sm-12\">\n                        <div class=\"img_caption\">\n                          <div class=\"cap_text\">\n                                                                                  <\/div>\n                          <div class=\"cap_num\">\n                            <strong> 6 z 6<\/strong>\n                          <\/div>\n\n                        <\/div>\n                      <\/div>\n\n                    <\/div>\n                  <\/div>\n                                    \n                <\/div>\n\n              <\/div>\n\n            <\/div>\n            <div class=\"col-xxl-2 col-xl-2 col-lg-2 col-md-2 col-sm-2 gal_right\">\n              <button type=\"button\" data-bs-target=\"#carouselExample9232\" data-bs-slide=\"next\"\n                aria-label=\"\u010eal\u0161\u00ed obr\u00e1zok\"> <img decoding=\"async\"\n                  src=\"https:\/\/plsk.eu\/wp-content\/themes\/fundusze\/assets\/images\/next.svg\" alt=\"\"><\/button>\n            <\/div>\n\n          <\/div>\n\n\n          <div class=\"row no_desk\">\n\n            <div class=\"col-xxl-8 col-xl-8 col-lg-8 col-md-8 col-sm-8\">\n\n              <div id=\"carouselExample9232mob9232\" class=\"carousel slide\" data-bs-interval=\"50000\"\n                data-bs-ride=\"carousel\">\n\n                <div class=\"carousel-inner\">\n\n                  \n                                    <div class=\"carousel-item  active \">\n                    <img decoding=\"async\" src=\"https:\/\/plsk.eu\/wp-content\/uploads\/2025\/06\/Karolina-Kawczynska-3-scaled.jpg\" alt=\"Grupa kobiet i m\u0119\u017cczyzn pozuje do zdj\u0119cia w lesie podczas wizyty studyjnej w ramach projektu Skupina \u017eien a mu\u017eov p\u00f3zuje na fotografii v lese po\u010das \u0161tudijnej n\u00e1v\u0161tevy v r\u00e1mci projektu\" class=\"img_all\">\n                    <div class=\"row\">\n\n                      <div class=\"col-xxl-12 col-xl-12 col-lg-12 col-md-12 col-sm-12\">\n                        <div class=\"img_caption\">\n                          <div class=\"cap_text\">\n                            \n                                                      <\/div>\n                          <div class=\"cap_num\">\n                            <strong> 1 z 6<\/strong>\n                          <\/div>\n\n                        <\/div>\n                      <\/div>\n\n                    <\/div>\n                  <\/div>\n                  \n                                    <div class=\"carousel-item \">\n                    <img decoding=\"async\" src=\"https:\/\/plsk.eu\/wp-content\/uploads\/2025\/06\/Fot.-P.-Armatys-1-scaled.jpg\" alt=\"Las li\u015bciasty. Na pierwszym planie przewr\u00f3cone drzewo. W tle drzewa z jasno zielonymi li\u015b\u0107mi Listnat\u00fd les. V popred\u00ed le\u017e\u00ed popadan\u00fd strom. V pozad\u00ed s\u00fa stromy so svetlozelen\u00fdmi listami\" class=\"img_all\">\n                    <div class=\"row\">\n\n                      <div class=\"col-xxl-12 col-xl-12 col-lg-12 col-md-12 col-sm-12\">\n                        <div class=\"img_caption\">\n                          <div class=\"cap_text\">\n                            \n                                                      <\/div>\n                          <div class=\"cap_num\">\n                            <strong> 2 z 6<\/strong>\n                          <\/div>\n\n                        <\/div>\n                      <\/div>\n\n                    <\/div>\n                  <\/div>\n                  \n                                    <div class=\"carousel-item \">\n                    <img decoding=\"async\" src=\"https:\/\/plsk.eu\/wp-content\/uploads\/2025\/06\/Karolina-Kawczynska-2.jpg\" alt=\"Grupa kobiet i m\u0119\u017cczyzn w lesie podczas wizyty studyjnej w ramach projektu Skupina \u017eien a mu\u017eov v lese po\u010das \u0161tudijnej n\u00e1v\u0161tevy v r\u00e1mci projektu\" class=\"img_all\">\n                    <div class=\"row\">\n\n                      <div class=\"col-xxl-12 col-xl-12 col-lg-12 col-md-12 col-sm-12\">\n                        <div class=\"img_caption\">\n                          <div class=\"cap_text\">\n                            \n                                                      <\/div>\n                          <div class=\"cap_num\">\n                            <strong> 3 z 6<\/strong>\n                          <\/div>\n\n                        <\/div>\n                      <\/div>\n\n                    <\/div>\n                  <\/div>\n                  \n                                    <div class=\"carousel-item \">\n                    <img decoding=\"async\" src=\"https:\/\/plsk.eu\/wp-content\/uploads\/2025\/06\/Karolina-Kawczynska-1-scaled.jpg\" alt=\"Grupa kobiet i m\u0119\u017cczyzn pozuje do wsp\u00f3lnego zdj\u0119cia w lesie podczas wizyty studyjnej w ramach projektu Skupina \u017eien a mu\u017eov p\u00f3zuje na spolo\u010dnej fotografii v lese po\u010das \u0161tudijnej n\u00e1v\u0161tevy v r\u00e1mci projektu.\" class=\"img_all\">\n                    <div class=\"row\">\n\n                      <div class=\"col-xxl-12 col-xl-12 col-lg-12 col-md-12 col-sm-12\">\n                        <div class=\"img_caption\">\n                          <div class=\"cap_text\">\n                            \n                                                      <\/div>\n                          <div class=\"cap_num\">\n                            <strong> 4 z 6<\/strong>\n                          <\/div>\n\n                        <\/div>\n                      <\/div>\n\n                    <\/div>\n                  <\/div>\n                  \n                                    <div class=\"carousel-item \">\n                    <img decoding=\"async\" src=\"https:\/\/plsk.eu\/wp-content\/uploads\/2025\/06\/Fot.-P.-Armatys-4-scaled.jpg\" alt=\"Krajobraz g\u00f3rski. Na pierwszym tle wida\u0107 polan\u0119 poro\u015bni\u0119t\u0105 traw\u0105. W tle g\u00f3ry poro\u015bni\u0119te drzewami o r\u00f3\u017cnych kolorach li\u015bci. Horsk\u00e1 krajina. V popred\u00ed je l\u00faka pokryt\u00e1 tr\u00e1vou. V pozad\u00ed s\u00fa hory pokryt\u00e9 stromami s listami r\u00f4znych farieb.\" class=\"img_all\">\n                    <div class=\"row\">\n\n                      <div class=\"col-xxl-12 col-xl-12 col-lg-12 col-md-12 col-sm-12\">\n                        <div class=\"img_caption\">\n                          <div class=\"cap_text\">\n                            \n                                                      <\/div>\n                          <div class=\"cap_num\">\n                            <strong> 5 z 6<\/strong>\n                          <\/div>\n\n                        <\/div>\n                      <\/div>\n\n                    <\/div>\n                  <\/div>\n                  \n                                    <div class=\"carousel-item \">\n                    <img decoding=\"async\" src=\"https:\/\/plsk.eu\/wp-content\/uploads\/2025\/06\/Fot.-P.-Armatys-3-scaled.jpg\" alt=\"Las li\u015bciasty. Na pierwszym planie przewr\u00f3cone drzewo. W tle drzewa z jasno zielonymi li\u015b\u0107mi Listnat\u00fd les. V popred\u00ed le\u017e\u00ed popadan\u00fd strom. V pozad\u00ed s\u00fa stromy so svetlozelen\u00fdmi listami.\" class=\"img_all\">\n                    <div class=\"row\">\n\n                      <div class=\"col-xxl-12 col-xl-12 col-lg-12 col-md-12 col-sm-12\">\n                        <div class=\"img_caption\">\n                          <div class=\"cap_text\">\n                            \n                                                      <\/div>\n                          <div class=\"cap_num\">\n                            <strong> 6 z 6<\/strong>\n                          <\/div>\n\n                        <\/div>\n                      <\/div>\n\n                    <\/div>\n                  <\/div>\n                                  <\/div>\n              <\/div>\n\n            <\/div>\n            <div class=\"col-xxl-2 col-xl-2 col-lg-2 col-md-2 col-sm-12 gal_arrow mb-30px\">\n              <img decoding=\"async\" src=\"https:\/\/plsk.eu\/wp-content\/themes\/fundusze\/assets\/images\/back.svg\"\n                data-bs-target=\"#carouselExample9232mob9232\" data-bs-slide=\"prev\" alt=\"\"> <img decoding=\"async\"\n                src=\"https:\/\/plsk.eu\/wp-content\/themes\/fundusze\/assets\/images\/next.svg\"\n                data-bs-target=\"#carouselExample9232mob9232\" data-bs-slide=\"next\" alt=\"\">\n            <\/div>\n\n          <\/div>\n      <\/div>\n    <\/div>\n  <\/div>\n\n  \n\n\n<hr class=\"wp-block-separator has-alpha-channel-opacity is-style-default\"\/>\n\n\n\n<div class=\"wp-block-media-text is-stacked-on-mobile is-image-fill-element\"><figure class=\"wp-block-media-text__media\"><img loading=\"lazy\" decoding=\"async\" width=\"1024\" height=\"576\" src=\"https:\/\/plsk.eu\/wp-content\/uploads\/2025\/06\/32-1024x576.png\" alt=\"\" class=\"wp-image-40796 size-full\" style=\"object-position:50% 50%\" srcset=\"https:\/\/plsk.eu\/wp-content\/uploads\/2025\/06\/32-1024x576.png 1024w, https:\/\/plsk.eu\/wp-content\/uploads\/2025\/06\/32-300x169.png 300w, https:\/\/plsk.eu\/wp-content\/uploads\/2025\/06\/32-768x432.png 768w, https:\/\/plsk.eu\/wp-content\/uploads\/2025\/06\/32.png 1366w\" sizes=\"auto, (max-width: 1024px) 100vw, 1024px\" \/><\/figure><div class=\"wp-block-media-text__content\">\n<p>Rozhovor so z\u00e1stupcom hlavn\u00e9ho partnera<\/p>\n\n\n\n<div class=\"wp-block-buttons is-content-justification-center is-layout-flex wp-container-core-buttons-is-layout-14c487f4 wp-block-buttons-is-layout-flex\">\n<div class=\"wp-block-button is-style-outline is-style-outline--1\"><a class=\"wp-block-button__link has-white-color has-text-color has-background has-link-color has-medium-font-size has-custom-font-size wp-element-button\" href=\"https:\/\/plsk.eu\/sk\/rozhovor-drave-pohranicie\/\" style=\"border-radius:10px;background-color:#183d8e;font-style:normal;font-weight:500\">\u010d\u00edtaj<\/a><\/div>\n<\/div>\n<\/div><\/div>\n\n\n\n<hr class=\"wp-block-separator has-alpha-channel-opacity is-style-default\"\/>\n","protected":false},"featured_media":40799,"menu_order":0,"template":"","meta":{"_acf_changed":false,"inline_featured_image":false,"_themeisle_gutenberg_block_has_review":false,"footnotes":"","_links_to":"","_links_to_target":""},"kategoria_historii":[1928],"historii_partner_wiodacy":[2617],"historii_partner_projektu":[2454,2455,2439,2456,2440,2619,2441,2442,2443,2444,2445,2446,2447,2449,2450,2451,2452,2453],"regiony":[],"powiaty":[],"class_list":["post-39077","historii","type-historii","status-publish","has-post-thumbnail","hentry","kategoria_historii-2021-2027-sk","historii_partner_wiodacy-koordinacne-centrum-environmentalnych-projektov","historii_partner_projektu-narodny-park-magura","historii_partner_projektu-lesny-obvod-gorlice","historii_partner_projektu-lesna-oblast-limanowa","historii_partner_projektu-lesna-oblast-kroscienko","historii_partner_projektu-lesna-oblast-myslenice","historii_partner_projektu-babiohorsky-narodny-park","historii_partner_projektu-lesna-oblast-nawojowa","historii_partner_projektu-lesna-oblast-nowy-targ","historii_partner_projektu-lesna-oblast-piwniczna","historii_partner_projektu-lesna-oblast-stary-sacz","historii_partner_projektu-lesna-oblast-losie","historii_partner_projektu-pieninsky-narodny-park","historii_partner_projektu-oblastne-riaditelstvo-statnych-lesov-v-krakove","historii_partner_projektu-sprava-pieninskeho-narodneho-parku-so-sidlom-v-spisskej-starej-wiesi-gpt","historii_partner_projektu-narodny-park-gorczanski","historii_partner_projektu-sprava-tatranskeho-narodneho-parku-so-sidlom-v-tatranskej-lomnici","historii_partner_projektu-lesnicky-vyskumny-ustav","historii_partner_projektu-tatransky-narodny-park"],"acf":[],"_links":{"self":[{"href":"https:\/\/plsk.eu\/sk\/wp-json\/wp\/v2\/historii\/39077","targetHints":{"allow":["GET"]}}],"collection":[{"href":"https:\/\/plsk.eu\/sk\/wp-json\/wp\/v2\/historii"}],"about":[{"href":"https:\/\/plsk.eu\/sk\/wp-json\/wp\/v2\/types\/historii"}],"version-history":[{"count":6,"href":"https:\/\/plsk.eu\/sk\/wp-json\/wp\/v2\/historii\/39077\/revisions"}],"predecessor-version":[{"id":42537,"href":"https:\/\/plsk.eu\/sk\/wp-json\/wp\/v2\/historii\/39077\/revisions\/42537"}],"wp:featuredmedia":[{"embeddable":true,"href":"https:\/\/plsk.eu\/sk\/wp-json\/wp\/v2\/media\/40799"}],"wp:attachment":[{"href":"https:\/\/plsk.eu\/sk\/wp-json\/wp\/v2\/media?parent=39077"}],"wp:term":[{"taxonomy":"kategoria_historii","embeddable":true,"href":"https:\/\/plsk.eu\/sk\/wp-json\/wp\/v2\/kategoria_historii?post=39077"},{"taxonomy":"historii_partner_wiodacy","embeddable":true,"href":"https:\/\/plsk.eu\/sk\/wp-json\/wp\/v2\/historii_partner_wiodacy?post=39077"},{"taxonomy":"historii_partner_projektu","embeddable":true,"href":"https:\/\/plsk.eu\/sk\/wp-json\/wp\/v2\/historii_partner_projektu?post=39077"},{"taxonomy":"regiony","embeddable":true,"href":"https:\/\/plsk.eu\/sk\/wp-json\/wp\/v2\/regiony?post=39077"},{"taxonomy":"powiaty","embeddable":true,"href":"https:\/\/plsk.eu\/sk\/wp-json\/wp\/v2\/powiaty?post=39077"}],"curies":[{"name":"wp","href":"https:\/\/api.w.org\/{rel}","templated":true}]}}