{"id":39083,"date":"2025-01-08T16:18:59","date_gmt":"2025-01-08T15:18:59","guid":{"rendered":"https:\/\/plsk.eu\/projekty\/lysa-polana-laczy\/"},"modified":"2026-01-09T14:53:47","modified_gmt":"2026-01-09T13:53:47","slug":"lysa-polana-spaja","status":"publish","type":"historii","link":"https:\/\/plsk.eu\/sk\/projekty\/lysa-polana-spaja\/","title":{"rendered":"Lys\u00e1 Po\u013eana sp\u00e1ja"},"content":{"rendered":"\n<p>Cie\u013eom projektu je zv\u00fd\u0161i\u0165 bezpe\u010dnos\u0165 cestnej prem\u00e1vky a komfort v\u0161etk\u00fdch pou\u017e\u00edvate\u013eov ciest, vr\u00e1tane zlep\u0161enia dostupnosti \u00fazemia pre hromadn\u00fa dopravu pri s\u00fa\u010dasnej starostlivosti o \u017eivotn\u00e9 prostredie. Projekt podstatne prispeje k vyrie\u0161eniu dopravn\u00fdch a hospod\u00e1rskych probl\u00e9mov regi\u00f3nu pohrani\u010dia. Na strane HP bude rekon\u0161truovan\u00e1 cesta DW 960 v \u00faseku d\u013a\u017ekou 3,26 km sp\u00e1jaj\u00facom obec Bukowina Tatrza\u0144ska s hrani\u010dn\u00fdm priechodom v \u0141ysej Polane. ZDW, ktor\u00e1 kon\u00e1 v mene Malopo\u013esk\u00e9ho vojvodstva, m\u00e1 schv\u00e1len\u00e9 ohl\u00e1senie stavebn\u00fdch pr\u00e1c zo d\u0148a 21. 04. 2022. Rozsah pr\u00e1c zah\u0155\u0148a rekon\u0161trukciu existuj\u00faceho krytu vozovky v hraniciach existuj\u00faceho cestn\u00e9ho telesa. P\u00f4jde o v\u00fdmenu bit\u00famenov\u00e9ho krytu vozovky a zhotovenie lok\u00e1lnych spevnen\u00ed. Okrem toho prebehne rekon\u0161trukcia povrchu krajn\u00edc, autobusov\u00fdch z\u00e1livov a existuj\u00facich verejn\u00fdch a s\u00fakromn\u00fdch napojen\u00ed na vozovku. Napl\u00e1novan\u00e1 aj \u00fadr\u017eba a rekon\u0161trukcia existuj\u00facich pr\u00edcestn\u00fdch rigolov. Po ukon\u010den\u00ed stavebn\u00fdch pr\u00e1c bud\u00fa namontovan\u00e9 bezpe\u010dnostn\u00e9 zariadenia a bude zhotoven\u00e9 vodorovn\u00e9 dopravn\u00e9 zna\u010denie vozovky. Navy\u0161e bud\u00fa na za\u010diatku a na konci modernizovan\u00e9ho \u00faseku osaden\u00e9 informa\u010dno-pam\u00e4tn\u00e9 tabule. Na strane PSK bude modernizovan\u00e1 cesta III\/3078 s d\u013a\u017ekou 1,5 km, na ktorej je kryt vozovky v zlom stave a ohrozuje bezpe\u010dnos\u0165 cestuj\u00facich. Rozsah pr\u00e1c bude zah\u0155\u0148a\u0165 o. i.: rekon\u0161trukciu krytu vozovky, roz\u0161\u00edrenie krajn\u00edc vr\u00e1tane odstr\u00e1nenia n\u00e1nosovej zeminy z pr\u00edcestn\u00fdch rigolov a prestavby cestn\u00fdch priepustov, bud\u00fa zmodernizovan\u00e9 sn\u00edma\u010de nach\u00e1dzaj\u00face sa na ceste v bl\u00edzkosti meteorologickej stanice v \u00faseku Podsp\u00e1dy. Po ukon\u010den\u00ed stavebn\u00fdch pr\u00e1c bud\u00fa namontovan\u00e9 bezpe\u010dnostn\u00e9 zariadenia, osvetlenie priechodu pre chodcov a bude zhotoven\u00e9 vodorovn\u00e9 dopravn\u00e9 zna\u010denie vozovky.<\/p>\n\n\n\n<hr class=\"wp-block-separator has-alpha-channel-opacity is-style-default\"\/>\n\n\n\n<h2 class=\"wp-block-heading\">Realiz\u00e1cia projektu<\/h2>\n\n\n\n<div class=\"\">\n\n  <div class=\"widget-image-gallery galRB gal-9178\">\n\n    <div id=\"swiperGalFUll-9178\"\n      class=\"swiper widget-image-gallery__full swiper-initialized swiper-horizontal swiper-pointer-events swiper-backface-hidden\">\n\n      <div class=\"swiper-wrapper\" id=\"swiper-wrapper-9178\" aria-live=\"polite\"\n        style=\"transform: translate3d(0px, 0px, 0px);\">\n\n        \n\n        \n        <div class=\"swiper-slide excludeimg  swiper-slide-active \"\n            tabindex=\"0\"\n        data-sliderId =\"9178\"\n        data-bs-slide-to=\"0\"\n        data-title=\"\" role=\"group\"\n          data-bs-toggle=\"modal\" data-bs-target=\"#exampleModal9178\"\n          aria-label=\"1 \/ 5\"\n          style=\"background: linear-gradient(rgba(211, 211, 211), rgba(211, 211, 211))\">\n\n          <img decoding=\"async\" src=\"https:\/\/plsk.eu\/wp-content\/uploads\/2025\/01\/DJI_0008-scaled.jpg\" class=\"gal_bg_img\" style=\"\n    width: 100% !important;\">\n\n          <img decoding=\"async\" src=\"https:\/\/plsk.eu\/wp-content\/uploads\/2025\/01\/DJI_0008-scaled.jpg\" alt=\"Asfaltowa droga po\u015br\u00f3d zielonych drzew. W tle wida\u0107 masyw g\u00f3rski. Asfaltov\u00e1 cesta obklopen\u00e1 zelen\u00fdmi stromami. V pozad\u00ed je vidie\u0165 horsk\u00fd mas\u00edv.\" class=\"gal_main_img\" style=\"\">\n        <\/div>\n                \n\n        \n        <div class=\"swiper-slide excludeimg \"\n            tabindex=\"0\"\n        data-sliderId =\"9178\"\n        data-bs-slide-to=\"1\"\n        data-title=\"\" role=\"group\"\n          data-bs-toggle=\"modal\" data-bs-target=\"#exampleModal9178\"\n          aria-label=\"2 \/ 5\"\n          style=\"background: linear-gradient(rgba(211, 211, 211), rgba(211, 211, 211))\">\n\n          <img decoding=\"async\" src=\"https:\/\/plsk.eu\/wp-content\/uploads\/2025\/01\/DJI_0051-scaled.jpg\" class=\"gal_bg_img\" style=\"\n    width: 100% !important;\">\n\n          <img decoding=\"async\" src=\"https:\/\/plsk.eu\/wp-content\/uploads\/2025\/01\/DJI_0051-scaled.jpg\" alt=\"Asfaltowa droga po\u015br\u00f3d zielonych drzew. W tle wida\u0107 masyw g\u00f3rski. Asfaltov\u00e1 cesta obklopen\u00e1 zelen\u00fdmi stromami. V pozad\u00ed je vidie\u0165 horsk\u00fd mas\u00edv.\" class=\"gal_main_img\" style=\"\">\n        <\/div>\n                \n\n        \n        <div class=\"swiper-slide excludeimg \"\n            tabindex=\"0\"\n        data-sliderId =\"9178\"\n        data-bs-slide-to=\"2\"\n        data-title=\"\" role=\"group\"\n          data-bs-toggle=\"modal\" data-bs-target=\"#exampleModal9178\"\n          aria-label=\"3 \/ 5\"\n          style=\"background: linear-gradient(rgba(211, 211, 211), rgba(211, 211, 211))\">\n\n          <img decoding=\"async\" src=\"https:\/\/plsk.eu\/wp-content\/uploads\/2025\/01\/DJI_0113-scaled.jpg\" class=\"gal_bg_img\" style=\"\n    width: 100% !important;\">\n\n          <img decoding=\"async\" src=\"https:\/\/plsk.eu\/wp-content\/uploads\/2025\/01\/DJI_0113-scaled.jpg\" alt=\"Asfaltowa droga po\u015br\u00f3d zielonych drzew. W tle wida\u0107 masyw g\u00f3rski. Asfaltov\u00e1 cesta obklopen\u00e1 zelen\u00fdmi stromami. V pozad\u00ed je vidie\u0165 horsk\u00fd mas\u00edv.\" class=\"gal_main_img\" style=\"\">\n        <\/div>\n                \n\n        \n        <div class=\"swiper-slide excludeimg \"\n            tabindex=\"0\"\n        data-sliderId =\"9178\"\n        data-bs-slide-to=\"3\"\n        data-title=\"\" role=\"group\"\n          data-bs-toggle=\"modal\" data-bs-target=\"#exampleModal9178\"\n          aria-label=\"4 \/ 5\"\n          style=\"background: linear-gradient(rgba(211, 211, 211), rgba(211, 211, 211))\">\n\n          <img decoding=\"async\" src=\"https:\/\/plsk.eu\/wp-content\/uploads\/2025\/01\/DJI_0948-scaled.jpg\" class=\"gal_bg_img\" style=\"\n    width: 100% !important;\">\n\n          <img decoding=\"async\" src=\"https:\/\/plsk.eu\/wp-content\/uploads\/2025\/01\/DJI_0948-scaled.jpg\" alt=\"Asfaltowa droga po\u015br\u00f3d zielonych drzew. W tle wida\u0107 masyw g\u00f3rski. Asfaltov\u00e1 cesta obklopen\u00e1 zelen\u00fdmi stromami. V pozad\u00ed je vidie\u0165 horsk\u00fd mas\u00edv.\" class=\"gal_main_img\" style=\"\">\n        <\/div>\n                \n\n        \n        <div class=\"swiper-slide excludeimg \"\n            tabindex=\"0\"\n        data-sliderId =\"9178\"\n        data-bs-slide-to=\"4\"\n        data-title=\"\" role=\"group\"\n          data-bs-toggle=\"modal\" data-bs-target=\"#exampleModal9178\"\n          aria-label=\"5 \/ 5\"\n          style=\"background: linear-gradient(rgba(211, 211, 211), rgba(211, 211, 211))\">\n\n          <img decoding=\"async\" src=\"https:\/\/plsk.eu\/wp-content\/uploads\/2025\/01\/DJI_0965-scaled.jpg\" class=\"gal_bg_img\" style=\"\n    width: 100% !important;\">\n\n          <img decoding=\"async\" src=\"https:\/\/plsk.eu\/wp-content\/uploads\/2025\/01\/DJI_0965-scaled.jpg\" alt=\"Asfaltowa droga po\u015br\u00f3d zielonych drzew. W tle wida\u0107 masyw g\u00f3rski. Asfaltov\u00e1 cesta obklopen\u00e1 zelen\u00fdmi stromami. V pozad\u00ed je vidie\u0165 horsk\u00fd mas\u00edv.\" class=\"gal_main_img\" style=\"\">\n        <\/div>\n                \n\n\n      <\/div>\n\n\n      <span class=\"swiper-notification\" aria-live=\"assertive\" aria-atomic=\"true\"><\/span>\n\n    <\/div>\n\n    <div id=\"swiperGalThumb-9178\" data-galid=\"9178\"\n      class=\"swiper widget-image-gallery__thumbs swiper-initialized swiper-horizontal swiper-pointer-events swiper-free-mode swiper-backface-hidden swiper-thumbs\">\n      <div class=\"swiper-wrapper\" id=\"swiper-wrapper-9178\" aria-live=\"polite\"\n        style=\"transform: translate3d(0px, 0px, 0px);\">\n\n        \n        \n        <div class=\"swiper-slide swiper-slide-prev\" style=\"width: 139px; margin-right: 30px;\" role=\"group\">\n          <img decoding=\"async\" src=\"https:\/\/plsk.eu\/wp-content\/uploads\/2025\/01\/DJI_0008-scaled.jpg\" alt=\"Asfaltowa droga po\u015br\u00f3d zielonych drzew. W tle wida\u0107 masyw g\u00f3rski. Asfaltov\u00e1 cesta obklopen\u00e1 zelen\u00fdmi stromami. V pozad\u00ed je vidie\u0165 horsk\u00fd mas\u00edv.\">\n        <\/div>\n        \n        \n        <div class=\"swiper-slide swiper-slide-prev\" style=\"width: 139px; margin-right: 30px;\" role=\"group\">\n          <img decoding=\"async\" src=\"https:\/\/plsk.eu\/wp-content\/uploads\/2025\/01\/DJI_0051-scaled.jpg\" alt=\"Asfaltowa droga po\u015br\u00f3d zielonych drzew. W tle wida\u0107 masyw g\u00f3rski. Asfaltov\u00e1 cesta obklopen\u00e1 zelen\u00fdmi stromami. V pozad\u00ed je vidie\u0165 horsk\u00fd mas\u00edv.\">\n        <\/div>\n        \n        \n        <div class=\"swiper-slide swiper-slide-prev\" style=\"width: 139px; margin-right: 30px;\" role=\"group\">\n          <img decoding=\"async\" src=\"https:\/\/plsk.eu\/wp-content\/uploads\/2025\/01\/DJI_0113-scaled.jpg\" alt=\"Asfaltowa droga po\u015br\u00f3d zielonych drzew. W tle wida\u0107 masyw g\u00f3rski. Asfaltov\u00e1 cesta obklopen\u00e1 zelen\u00fdmi stromami. V pozad\u00ed je vidie\u0165 horsk\u00fd mas\u00edv.\">\n        <\/div>\n        \n        \n        <div class=\"swiper-slide swiper-slide-prev\" style=\"width: 139px; margin-right: 30px;\" role=\"group\">\n          <img decoding=\"async\" src=\"https:\/\/plsk.eu\/wp-content\/uploads\/2025\/01\/DJI_0948-scaled.jpg\" alt=\"Asfaltowa droga po\u015br\u00f3d zielonych drzew. W tle wida\u0107 masyw g\u00f3rski. Asfaltov\u00e1 cesta obklopen\u00e1 zelen\u00fdmi stromami. V pozad\u00ed je vidie\u0165 horsk\u00fd mas\u00edv.\">\n        <\/div>\n        \n        \n        <div class=\"swiper-slide swiper-slide-prev\" style=\"width: 139px; margin-right: 30px;\" role=\"group\">\n          <img decoding=\"async\" src=\"https:\/\/plsk.eu\/wp-content\/uploads\/2025\/01\/DJI_0965-scaled.jpg\" alt=\"Asfaltowa droga po\u015br\u00f3d zielonych drzew. W tle wida\u0107 masyw g\u00f3rski. Asfaltov\u00e1 cesta obklopen\u00e1 zelen\u00fdmi stromami. V pozad\u00ed je vidie\u0165 horsk\u00fd mas\u00edv.\">\n        <\/div>\n        \n\n      <\/div>\n      <span class=\"swiper-notification\" aria-live=\"assertive\" aria-atomic=\"true\"><\/span>\n    <\/div>\n          <!--\n    <div class=\"widget-image-gallery__caption\">\n      <p>Opis zdj\u0119cia5, fot. Jan Kowalski<\/p>\n    <\/div>-->\n\n\n    <div class=\"image-swiper-button-prev swiper-button-prev\" role=\"button\" aria-label=\"Predch\u00e1dzaj\u00faci obr\u00e1zok\"\n      aria-controls=\"swiper-wrapper-9178\" aria-disabled=\"false\">\n    <\/div>\n\n    <div class=\"image-swiper-button-next swiper-button-next swiper-button-disabled\" role=\"button\"\n      aria-label=\"\u010eal\u0161\u00ed obr\u00e1zok\" aria-controls=\"swiper-wrapper-3984\" aria-disabled=\"true\">\n    <\/div>\n\n\n\n\n  <\/div>\n\n  \n  <div class=\"modal fade gal_modal\" id=\"exampleModal9178\" tabindex=\"-1\" aria-hidden=\"true\">\n    <div class=\"modal-dialog\">\n      <div class=\"modal-content\">\n        <div class=\"modal-header\">\n          <button type=\"button\" class=\"btn-close\" data-bs-dismiss=\"modal\" aria-label=\"Zamkn\u0105\u0107\">\n          <img decoding=\"async\"\n              src=\"https:\/\/plsk.eu\/wp-content\/themes\/fundusze\/assets\/images\/close.svg\"\n              alt=Zamkn\u0105\u0107>\n          <span class=\"visually-hidden\">Zamkn\u0105\u0107<\/span>\n        <\/button>\n        <\/div>\n\n          <div class=\"row no_mobile\">\n\n            <div class=\"col-xxl-2 col-xl-2 col-lg-2 col-md-2 col-sm-2 gal_left\">\n              <button type=\"button\" data-bs-target=\"#carouselExample9178\" data-bs-slide=\"prev\"\n                aria-label=\"Predch\u00e1dzaj\u00faci obr\u00e1zok\">\n                <img decoding=\"async\" src=\"https:\/\/plsk.eu\/wp-content\/themes\/fundusze\/assets\/images\/back.svg\" alt=\"\"> <\/button>\n            <\/div>\n\n            <div class=\"col-xxl-8 col-xl-8 col-lg-8 col-md-8 col-sm-8\">\n\n              <div id=\"carouselExample9178\" class=\"carousel slide\" data-bs-interval=\"50000\"\n                data-bs-ride=\"carousel\">\n\n                <div class=\"carousel-inner\">\n\n                  \n                                    <div class=\"carousel-item  active \">\n                    <img decoding=\"async\" src=\"https:\/\/plsk.eu\/wp-content\/uploads\/2025\/01\/DJI_0008-scaled.jpg\" alt=\"Asfaltowa droga po\u015br\u00f3d zielonych drzew. W tle wida\u0107 masyw g\u00f3rski. Asfaltov\u00e1 cesta obklopen\u00e1 zelen\u00fdmi stromami. V pozad\u00ed je vidie\u0165 horsk\u00fd mas\u00edv.\" class=\"img_all\">\n                    <div class=\"row\">\n\n                      <div class=\"col-xxl-12 col-xl-12 col-lg-12 col-md-12 col-sm-12\">\n                        <div class=\"img_caption\">\n                          <div class=\"cap_text\">\n                                                                                  <\/div>\n                          <div class=\"cap_num\">\n                            <strong> 1 z 5<\/strong>\n                          <\/div>\n\n                        <\/div>\n                      <\/div>\n\n                    <\/div>\n                  <\/div>\n                                    \n                                    <div class=\"carousel-item \">\n                    <img decoding=\"async\" src=\"https:\/\/plsk.eu\/wp-content\/uploads\/2025\/01\/DJI_0051-scaled.jpg\" alt=\"Asfaltowa droga po\u015br\u00f3d zielonych drzew. W tle wida\u0107 masyw g\u00f3rski. Asfaltov\u00e1 cesta obklopen\u00e1 zelen\u00fdmi stromami. V pozad\u00ed je vidie\u0165 horsk\u00fd mas\u00edv.\" class=\"img_all\">\n                    <div class=\"row\">\n\n                      <div class=\"col-xxl-12 col-xl-12 col-lg-12 col-md-12 col-sm-12\">\n                        <div class=\"img_caption\">\n                          <div class=\"cap_text\">\n                                                                                  <\/div>\n                          <div class=\"cap_num\">\n                            <strong> 2 z 5<\/strong>\n                          <\/div>\n\n                        <\/div>\n                      <\/div>\n\n                    <\/div>\n                  <\/div>\n                                    \n                                    <div class=\"carousel-item \">\n                    <img decoding=\"async\" src=\"https:\/\/plsk.eu\/wp-content\/uploads\/2025\/01\/DJI_0113-scaled.jpg\" alt=\"Asfaltowa droga po\u015br\u00f3d zielonych drzew. W tle wida\u0107 masyw g\u00f3rski. Asfaltov\u00e1 cesta obklopen\u00e1 zelen\u00fdmi stromami. V pozad\u00ed je vidie\u0165 horsk\u00fd mas\u00edv.\" class=\"img_all\">\n                    <div class=\"row\">\n\n                      <div class=\"col-xxl-12 col-xl-12 col-lg-12 col-md-12 col-sm-12\">\n                        <div class=\"img_caption\">\n                          <div class=\"cap_text\">\n                                                                                  <\/div>\n                          <div class=\"cap_num\">\n                            <strong> 3 z 5<\/strong>\n                          <\/div>\n\n                        <\/div>\n                      <\/div>\n\n                    <\/div>\n                  <\/div>\n                                    \n                                    <div class=\"carousel-item \">\n                    <img decoding=\"async\" src=\"https:\/\/plsk.eu\/wp-content\/uploads\/2025\/01\/DJI_0948-scaled.jpg\" alt=\"Asfaltowa droga po\u015br\u00f3d zielonych drzew. W tle wida\u0107 masyw g\u00f3rski. Asfaltov\u00e1 cesta obklopen\u00e1 zelen\u00fdmi stromami. V pozad\u00ed je vidie\u0165 horsk\u00fd mas\u00edv.\" class=\"img_all\">\n                    <div class=\"row\">\n\n                      <div class=\"col-xxl-12 col-xl-12 col-lg-12 col-md-12 col-sm-12\">\n                        <div class=\"img_caption\">\n                          <div class=\"cap_text\">\n                                                                                  <\/div>\n                          <div class=\"cap_num\">\n                            <strong> 4 z 5<\/strong>\n                          <\/div>\n\n                        <\/div>\n                      <\/div>\n\n                    <\/div>\n                  <\/div>\n                                    \n                                    <div class=\"carousel-item \">\n                    <img decoding=\"async\" src=\"https:\/\/plsk.eu\/wp-content\/uploads\/2025\/01\/DJI_0965-scaled.jpg\" alt=\"Asfaltowa droga po\u015br\u00f3d zielonych drzew. W tle wida\u0107 masyw g\u00f3rski. Asfaltov\u00e1 cesta obklopen\u00e1 zelen\u00fdmi stromami. V pozad\u00ed je vidie\u0165 horsk\u00fd mas\u00edv.\" class=\"img_all\">\n                    <div class=\"row\">\n\n                      <div class=\"col-xxl-12 col-xl-12 col-lg-12 col-md-12 col-sm-12\">\n                        <div class=\"img_caption\">\n                          <div class=\"cap_text\">\n                                                                                  <\/div>\n                          <div class=\"cap_num\">\n                            <strong> 5 z 5<\/strong>\n                          <\/div>\n\n                        <\/div>\n                      <\/div>\n\n                    <\/div>\n                  <\/div>\n                                    \n                <\/div>\n\n              <\/div>\n\n            <\/div>\n            <div class=\"col-xxl-2 col-xl-2 col-lg-2 col-md-2 col-sm-2 gal_right\">\n              <button type=\"button\" data-bs-target=\"#carouselExample9178\" data-bs-slide=\"next\"\n                aria-label=\"\u010eal\u0161\u00ed obr\u00e1zok\"> <img decoding=\"async\"\n                  src=\"https:\/\/plsk.eu\/wp-content\/themes\/fundusze\/assets\/images\/next.svg\" alt=\"\"><\/button>\n            <\/div>\n\n          <\/div>\n\n\n          <div class=\"row no_desk\">\n\n            <div class=\"col-xxl-8 col-xl-8 col-lg-8 col-md-8 col-sm-8\">\n\n              <div id=\"carouselExample9178mob9178\" class=\"carousel slide\" data-bs-interval=\"50000\"\n                data-bs-ride=\"carousel\">\n\n                <div class=\"carousel-inner\">\n\n                  \n                                    <div class=\"carousel-item  active \">\n                    <img decoding=\"async\" src=\"https:\/\/plsk.eu\/wp-content\/uploads\/2025\/01\/DJI_0008-scaled.jpg\" alt=\"Asfaltowa droga po\u015br\u00f3d zielonych drzew. W tle wida\u0107 masyw g\u00f3rski. Asfaltov\u00e1 cesta obklopen\u00e1 zelen\u00fdmi stromami. V pozad\u00ed je vidie\u0165 horsk\u00fd mas\u00edv.\" class=\"img_all\">\n                    <div class=\"row\">\n\n                      <div class=\"col-xxl-12 col-xl-12 col-lg-12 col-md-12 col-sm-12\">\n                        <div class=\"img_caption\">\n                          <div class=\"cap_text\">\n                            \n                                                      <\/div>\n                          <div class=\"cap_num\">\n                            <strong> 1 z 5<\/strong>\n                          <\/div>\n\n                        <\/div>\n                      <\/div>\n\n                    <\/div>\n                  <\/div>\n                  \n                                    <div class=\"carousel-item \">\n                    <img decoding=\"async\" src=\"https:\/\/plsk.eu\/wp-content\/uploads\/2025\/01\/DJI_0051-scaled.jpg\" alt=\"Asfaltowa droga po\u015br\u00f3d zielonych drzew. W tle wida\u0107 masyw g\u00f3rski. Asfaltov\u00e1 cesta obklopen\u00e1 zelen\u00fdmi stromami. V pozad\u00ed je vidie\u0165 horsk\u00fd mas\u00edv.\" class=\"img_all\">\n                    <div class=\"row\">\n\n                      <div class=\"col-xxl-12 col-xl-12 col-lg-12 col-md-12 col-sm-12\">\n                        <div class=\"img_caption\">\n                          <div class=\"cap_text\">\n                            \n                                                      <\/div>\n                          <div class=\"cap_num\">\n                            <strong> 2 z 5<\/strong>\n                          <\/div>\n\n                        <\/div>\n                      <\/div>\n\n                    <\/div>\n                  <\/div>\n                  \n                                    <div class=\"carousel-item \">\n                    <img decoding=\"async\" src=\"https:\/\/plsk.eu\/wp-content\/uploads\/2025\/01\/DJI_0113-scaled.jpg\" alt=\"Asfaltowa droga po\u015br\u00f3d zielonych drzew. W tle wida\u0107 masyw g\u00f3rski. Asfaltov\u00e1 cesta obklopen\u00e1 zelen\u00fdmi stromami. V pozad\u00ed je vidie\u0165 horsk\u00fd mas\u00edv.\" class=\"img_all\">\n                    <div class=\"row\">\n\n                      <div class=\"col-xxl-12 col-xl-12 col-lg-12 col-md-12 col-sm-12\">\n                        <div class=\"img_caption\">\n                          <div class=\"cap_text\">\n                            \n                                                      <\/div>\n                          <div class=\"cap_num\">\n                            <strong> 3 z 5<\/strong>\n                          <\/div>\n\n                        <\/div>\n                      <\/div>\n\n                    <\/div>\n                  <\/div>\n                  \n                                    <div class=\"carousel-item \">\n                    <img decoding=\"async\" src=\"https:\/\/plsk.eu\/wp-content\/uploads\/2025\/01\/DJI_0948-scaled.jpg\" alt=\"Asfaltowa droga po\u015br\u00f3d zielonych drzew. W tle wida\u0107 masyw g\u00f3rski. Asfaltov\u00e1 cesta obklopen\u00e1 zelen\u00fdmi stromami. V pozad\u00ed je vidie\u0165 horsk\u00fd mas\u00edv.\" class=\"img_all\">\n                    <div class=\"row\">\n\n                      <div class=\"col-xxl-12 col-xl-12 col-lg-12 col-md-12 col-sm-12\">\n                        <div class=\"img_caption\">\n                          <div class=\"cap_text\">\n                            \n                                                      <\/div>\n                          <div class=\"cap_num\">\n                            <strong> 4 z 5<\/strong>\n                          <\/div>\n\n                        <\/div>\n                      <\/div>\n\n                    <\/div>\n                  <\/div>\n                  \n                                    <div class=\"carousel-item \">\n                    <img decoding=\"async\" src=\"https:\/\/plsk.eu\/wp-content\/uploads\/2025\/01\/DJI_0965-scaled.jpg\" alt=\"Asfaltowa droga po\u015br\u00f3d zielonych drzew. W tle wida\u0107 masyw g\u00f3rski. Asfaltov\u00e1 cesta obklopen\u00e1 zelen\u00fdmi stromami. V pozad\u00ed je vidie\u0165 horsk\u00fd mas\u00edv.\" class=\"img_all\">\n                    <div class=\"row\">\n\n                      <div class=\"col-xxl-12 col-xl-12 col-lg-12 col-md-12 col-sm-12\">\n                        <div class=\"img_caption\">\n                          <div class=\"cap_text\">\n                            \n                                                      <\/div>\n                          <div class=\"cap_num\">\n                            <strong> 5 z 5<\/strong>\n                          <\/div>\n\n                        <\/div>\n                      <\/div>\n\n                    <\/div>\n                  <\/div>\n                                  <\/div>\n              <\/div>\n\n            <\/div>\n            <div class=\"col-xxl-2 col-xl-2 col-lg-2 col-md-2 col-sm-12 gal_arrow mb-30px\">\n              <img decoding=\"async\" src=\"https:\/\/plsk.eu\/wp-content\/themes\/fundusze\/assets\/images\/back.svg\"\n                data-bs-target=\"#carouselExample9178mob9178\" data-bs-slide=\"prev\" alt=\"\"> <img decoding=\"async\"\n                src=\"https:\/\/plsk.eu\/wp-content\/themes\/fundusze\/assets\/images\/next.svg\"\n                data-bs-target=\"#carouselExample9178mob9178\" data-bs-slide=\"next\" alt=\"\">\n            <\/div>\n\n          <\/div>\n      <\/div>\n    <\/div>\n  <\/div>\n\n  \n\n\n<hr class=\"wp-block-separator has-alpha-channel-opacity is-style-default\"\/>\n\n\n\n<div class=\"wp-block-media-text is-stacked-on-mobile is-image-fill-element\"><figure class=\"wp-block-media-text__media\"><img loading=\"lazy\" decoding=\"async\" width=\"1024\" height=\"576\" src=\"https:\/\/plsk.eu\/wp-content\/uploads\/2025\/03\/12-1024x576.png\" alt=\"\" class=\"wp-image-39939 size-full\" style=\"object-position:50% 50%\" srcset=\"https:\/\/plsk.eu\/wp-content\/uploads\/2025\/03\/12-1024x576.png 1024w, https:\/\/plsk.eu\/wp-content\/uploads\/2025\/03\/12-300x169.png 300w, https:\/\/plsk.eu\/wp-content\/uploads\/2025\/03\/12-768x432.png 768w, https:\/\/plsk.eu\/wp-content\/uploads\/2025\/03\/12.png 1366w\" sizes=\"auto, (max-width: 1024px) 100vw, 1024px\" \/><\/figure><div class=\"wp-block-media-text__content\">\n<p>Rozhovor so z\u00e1stupcom hlavn\u00e9ho partnera<\/p>\n\n\n\n<div class=\"wp-block-buttons is-content-justification-center is-layout-flex wp-container-core-buttons-is-layout-14c487f4 wp-block-buttons-is-layout-flex\">\n<div class=\"wp-block-button is-style-outline is-style-outline--1\"><a class=\"wp-block-button__link has-white-color has-text-color has-background has-link-color has-medium-font-size has-custom-font-size wp-element-button\" href=\"https:\/\/plsk.eu\/sk\/rozhovor-lysa-polana-spaja\/\" style=\"border-radius:10px;background-color:#183d8e;font-style:normal;font-weight:500\">\u010d\u00edtaj<\/a><\/div>\n<\/div>\n<\/div><\/div>\n\n\n\n<hr class=\"wp-block-separator has-alpha-channel-opacity is-style-default\"\/>\n","protected":false},"featured_media":39945,"menu_order":0,"template":"","meta":{"_acf_changed":false,"inline_featured_image":false,"_themeisle_gutenberg_block_has_review":false,"footnotes":"","_links_to":"","_links_to_target":""},"kategoria_historii":[1928],"historii_partner_wiodacy":[2290],"historii_partner_projektu":[2121],"regiony":[],"powiaty":[],"class_list":["post-39083","historii","type-historii","status-publish","has-post-thumbnail","hentry","kategoria_historii-2021-2027-sk","historii_partner_wiodacy-wojewodztwo-malopolskie-sk","historii_partner_projektu-sprava-a-udrzba-ciest-presovskeho-samospravneho-kraja"],"acf":[],"_links":{"self":[{"href":"https:\/\/plsk.eu\/sk\/wp-json\/wp\/v2\/historii\/39083","targetHints":{"allow":["GET"]}}],"collection":[{"href":"https:\/\/plsk.eu\/sk\/wp-json\/wp\/v2\/historii"}],"about":[{"href":"https:\/\/plsk.eu\/sk\/wp-json\/wp\/v2\/types\/historii"}],"version-history":[{"count":7,"href":"https:\/\/plsk.eu\/sk\/wp-json\/wp\/v2\/historii\/39083\/revisions"}],"predecessor-version":[{"id":42539,"href":"https:\/\/plsk.eu\/sk\/wp-json\/wp\/v2\/historii\/39083\/revisions\/42539"}],"wp:featuredmedia":[{"embeddable":true,"href":"https:\/\/plsk.eu\/sk\/wp-json\/wp\/v2\/media\/39945"}],"wp:attachment":[{"href":"https:\/\/plsk.eu\/sk\/wp-json\/wp\/v2\/media?parent=39083"}],"wp:term":[{"taxonomy":"kategoria_historii","embeddable":true,"href":"https:\/\/plsk.eu\/sk\/wp-json\/wp\/v2\/kategoria_historii?post=39083"},{"taxonomy":"historii_partner_wiodacy","embeddable":true,"href":"https:\/\/plsk.eu\/sk\/wp-json\/wp\/v2\/historii_partner_wiodacy?post=39083"},{"taxonomy":"historii_partner_projektu","embeddable":true,"href":"https:\/\/plsk.eu\/sk\/wp-json\/wp\/v2\/historii_partner_projektu?post=39083"},{"taxonomy":"regiony","embeddable":true,"href":"https:\/\/plsk.eu\/sk\/wp-json\/wp\/v2\/regiony?post=39083"},{"taxonomy":"powiaty","embeddable":true,"href":"https:\/\/plsk.eu\/sk\/wp-json\/wp\/v2\/powiaty?post=39083"}],"curies":[{"name":"wp","href":"https:\/\/api.w.org\/{rel}","templated":true}]}}