{"id":39127,"date":"2025-01-09T13:41:42","date_gmt":"2025-01-09T12:41:42","guid":{"rendered":"https:\/\/plsk.eu\/projekty\/laczymy-pogranicze-karpat-wschodnich\/"},"modified":"2026-01-12T10:08:39","modified_gmt":"2026-01-12T09:08:39","slug":"spajame-pohranicie-vychodnych-karpat","status":"publish","type":"historii","link":"https:\/\/plsk.eu\/sk\/projekty\/spajame-pohranicie-vychodnych-karpat\/","title":{"rendered":"Sp\u00e1jame pohrani\u010die V\u00fdchodn\u00fdch Karp\u00e1t"},"content":{"rendered":"\n<p>V d\u00f4sledku morfol\u00f3gie ter\u00e9nu je pohrani\u010die \u0165a\u017eko dostupnou oblas\u0165ou. Doprava v pohrani\u010d\u00ed v zna\u010dnej miere spo\u010d\u00edva na vyu\u017e\u00edvan\u00ed osobn\u00fdch automobiloch. Za \u00fa\u010delom zlep\u0161enia kvality a bezpe\u010dnosti pohybu po pohrani\u010dn\u00fdch cest\u00e1ch, vr\u00e1tane dostupnosti \u00fazemia pre hromadn\u00fa dopravu a z\u00e1rove\u0148 starostlivosti o \u017eivotn\u00e9 prostredie je hlavn\u00fdm cie\u013eom projektu zaistenie bezpe\u010dnej dopravnej infra\u0161trukt\u00fary odolnej proti zmene kl\u00edmy a prospievaj\u00facej k zv\u00fd\u0161eniu hospod\u00e1rskej a soci\u00e1lnej integr\u00e1cie a zlep\u0161enie cezhrani\u010dnej mobility \u010do bude ma\u0165 pozit\u00edvny vplyv na propagovanie udr\u017eate\u013enej multimod\u00e1lnej mobility, ktor\u00e1 negeneruje zne\u010distenie. Hlavn\u00fd cie\u013e projektu je v s\u00falade s Prioritou 2 Programu \u2013 Prepojenej\u0161ie pohrani\u010die. Realiz\u00e1cia projektu ako na slovenskej tak aj na po\u013eskej strane prostredn\u00edctvom kvalitnej cestnej infra\u0161trukt\u00fary cezhrani\u010dn\u00e9ho charakteru pri zoh\u013eadnen\u00ed aspektov udr\u017eate\u013enej dopravy bude ma\u0165 pozit\u00edvny vplyv na hospod\u00e1rsky rozvoj, kult\u00faru, \u0161kolstvo a ponuku slu\u017eieb \u010do bude vies\u0165 k zv\u00fd\u0161eniu turistick\u00e9ho z\u00e1ujmu o predmetn\u00fd regi\u00f3n ako pre obyvate\u013eov pohrani\u010dnej oblasti tak aj pre \u013eud\u00ed nav\u0161tevuj\u00facich slovensko-po\u013esk\u00e9 pohrani\u010die. Predmetn\u00fd projekt Sp\u00e1jame pohrani\u010die V\u00fdchodn\u00fdch Karp\u00e1t ja zameran\u00fd na moderniz\u00e1ciu a rekon\u0161trukciu cesty II\/575 za obcou Havaj po obec Mal\u00e1 Po\u013eana na slovenskej strane v celkovej d\u013a\u017eke 2,575 km a cesty 892 v \u00faseku od \u0161t\u00e1tnej hranice po obec Radoszyce na po\u013eskej strane v celkovej d\u013a\u017eke 5,157 km. Realiz\u00e1cia projektu je v s\u00falade so \u0161pecifick\u00fdm cie\u013eom 1. Rozvoj a posil\u0148ovanie udr\u017eate\u013enej, inteligentnej a intermod\u00e1lnej vn\u00fatro\u0161t\u00e1tnej, region\u00e1lnej a miestnej mobility odolnej proti zmene kl\u00edmy, vr\u00e1tane zlep\u0161en\u00e9ho pr\u00edstupu k TEN-T a cezhrani\u010dnej mobility v r\u00e1mci 2 prioritnej osi Prepojenej\u0161ie pohrani\u010die.<\/p>\n\n\n\n<hr class=\"wp-block-separator has-alpha-channel-opacity is-style-default\"\/>\n\n\n\n<div class=\"wp-block-media-text is-stacked-on-mobile is-image-fill-element\"><figure class=\"wp-block-media-text__media\"><img loading=\"lazy\" decoding=\"async\" width=\"1024\" height=\"455\" src=\"https:\/\/plsk.eu\/wp-content\/uploads\/2025\/08\/Spajame-pohranicie-vychodnych-Karpat-1024x455.png\" alt=\"Plakat. Z prawej strony asfaltowa droga. Obok napis: \u0141\u0105czymy pogranicze Karpat Wschodnich. Poni\u017cej napis: wywiad z przedstawicielem partnera wiod\u0105cego\" class=\"wp-image-41237 size-full\" style=\"object-position:50% 50%\" srcset=\"https:\/\/plsk.eu\/wp-content\/uploads\/2025\/08\/Spajame-pohranicie-vychodnych-Karpat-1024x455.png 1024w, https:\/\/plsk.eu\/wp-content\/uploads\/2025\/08\/Spajame-pohranicie-vychodnych-Karpat-300x133.png 300w, https:\/\/plsk.eu\/wp-content\/uploads\/2025\/08\/Spajame-pohranicie-vychodnych-Karpat-768x341.png 768w, https:\/\/plsk.eu\/wp-content\/uploads\/2025\/08\/Spajame-pohranicie-vychodnych-Karpat-1536x683.png 1536w, https:\/\/plsk.eu\/wp-content\/uploads\/2025\/08\/Spajame-pohranicie-vychodnych-Karpat.png 1800w\" sizes=\"auto, (max-width: 1024px) 100vw, 1024px\" \/><\/figure><div class=\"wp-block-media-text__content\">\n<p>Rozhovor so z\u00e1stupcom hlavn\u00e9ho partnera<\/p>\n\n\n\n<div class=\"wp-block-buttons is-content-justification-center is-layout-flex wp-container-core-buttons-is-layout-14c487f4 wp-block-buttons-is-layout-flex\">\n<div class=\"wp-block-button is-style-outline is-style-outline--1\"><a class=\"wp-block-button__link has-white-color has-text-color has-background has-link-color has-medium-font-size has-custom-font-size wp-element-button\" href=\"https:\/\/plsk.eu\/sk\/rozhovor-spajame-pohranicie-vychodnych-karpat\/\" style=\"border-radius:10px;background-color:#183d8e;font-style:normal;font-weight:500\" target=\"_blank\" rel=\"noreferrer noopener\">\u010d\u00edtaj<\/a><\/div>\n<\/div>\n<\/div><\/div>\n\n\n\n<hr class=\"wp-block-separator has-alpha-channel-opacity is-style-default\"\/>\n","protected":false},"featured_media":40250,"menu_order":0,"template":"","meta":{"_acf_changed":false,"inline_featured_image":false,"_themeisle_gutenberg_block_has_review":false,"footnotes":"","_links_to":"","_links_to_target":""},"kategoria_historii":[1928],"historii_partner_wiodacy":[2356],"historii_partner_projektu":[2738],"regiony":[],"powiaty":[],"class_list":["post-39127","historii","type-historii","status-publish","has-post-thumbnail","hentry","kategoria_historii-2021-2027-sk","historii_partner_wiodacy-sprava-a-udrzba-ciest-presovskeho-samospravneho-kraja","historii_partner_projektu-podkarpacki-zarzad-drog-wojewodzkich"],"acf":[],"_links":{"self":[{"href":"https:\/\/plsk.eu\/sk\/wp-json\/wp\/v2\/historii\/39127","targetHints":{"allow":["GET"]}}],"collection":[{"href":"https:\/\/plsk.eu\/sk\/wp-json\/wp\/v2\/historii"}],"about":[{"href":"https:\/\/plsk.eu\/sk\/wp-json\/wp\/v2\/types\/historii"}],"version-history":[{"count":7,"href":"https:\/\/plsk.eu\/sk\/wp-json\/wp\/v2\/historii\/39127\/revisions"}],"predecessor-version":[{"id":42560,"href":"https:\/\/plsk.eu\/sk\/wp-json\/wp\/v2\/historii\/39127\/revisions\/42560"}],"wp:featuredmedia":[{"embeddable":true,"href":"https:\/\/plsk.eu\/sk\/wp-json\/wp\/v2\/media\/40250"}],"wp:attachment":[{"href":"https:\/\/plsk.eu\/sk\/wp-json\/wp\/v2\/media?parent=39127"}],"wp:term":[{"taxonomy":"kategoria_historii","embeddable":true,"href":"https:\/\/plsk.eu\/sk\/wp-json\/wp\/v2\/kategoria_historii?post=39127"},{"taxonomy":"historii_partner_wiodacy","embeddable":true,"href":"https:\/\/plsk.eu\/sk\/wp-json\/wp\/v2\/historii_partner_wiodacy?post=39127"},{"taxonomy":"historii_partner_projektu","embeddable":true,"href":"https:\/\/plsk.eu\/sk\/wp-json\/wp\/v2\/historii_partner_projektu?post=39127"},{"taxonomy":"regiony","embeddable":true,"href":"https:\/\/plsk.eu\/sk\/wp-json\/wp\/v2\/regiony?post=39127"},{"taxonomy":"powiaty","embeddable":true,"href":"https:\/\/plsk.eu\/sk\/wp-json\/wp\/v2\/powiaty?post=39127"}],"curies":[{"name":"wp","href":"https:\/\/api.w.org\/{rel}","templated":true}]}}