{"id":39155,"date":"2025-01-09T16:13:06","date_gmt":"2025-01-09T15:13:06","guid":{"rendered":"https:\/\/plsk.eu\/projekty\/droga-drewna-wsrod-zabytkow-architektury-drewnianej-i-dziedzictwa-przyrodniczego-w-wisle-i-ruzomberoku\/"},"modified":"2026-04-24T12:23:38","modified_gmt":"2026-04-24T10:23:38","slug":"cestou-dreva-pamiatkami-drevenej-architektury-a-prirodneho-dedicstva-vo-wisle-a-ruzomberku","status":"publish","type":"historii","link":"https:\/\/plsk.eu\/sk\/projekty\/cestou-dreva-pamiatkami-drevenej-architektury-a-prirodneho-dedicstva-vo-wisle-a-ruzomberku\/","title":{"rendered":"Cestou dreva \u2013 pamiatkami drevenej architekt\u00fary a pr\u00edrodn\u00e9ho dedi\u010dstva vo Wisle a Ru\u017eomberku"},"content":{"rendered":"\n<p>Obidva mest\u00e1 sa nach\u00e1dzaj\u00fa v horskom, atrakt\u00edvnom, ale aj citlivom \u00fazem\u00ed. Ide o \u00fazemia s vysokou v\u00fdkonnos\u0165ou cestovn\u00e9ho ruchu, ktor\u00e9 maj\u00fa medzin\u00e1rodn\u00fd v\u00fdznam. V\u00fdznam \u00fazemia je v pr\u00edpade Ru\u017eomberka akcentovan\u00fd lokalitou UNESCO \u2013 Vlkol\u00ednec, ktor\u00e1 je zachovanou uk\u00e1\u017ekou vz\u0165ahu \u010dloveka ku krajine. Wisla je zn\u00e1ma svojim d\u00f4razom na ochranu krajinn\u00e9ho obrazu, kde m\u00e1 vypracovan\u00fd a schv\u00e1len\u00fd samostatn\u00fd manu\u00e1l. Predmetom projektu je: 1. realiz\u00e1cia dvoch letn\u00fdch festivalov kult\u00farneho dedi\u010dstva a prezent\u00e1cie cestovn\u00e9ho ruchu (Vy u n\u00e1s, my u V\u00e1s). Festival bude realizovan\u00fd u obidvoch projektov\u00fdch partnerov. \u010ealej p\u00f4jde o vytvorenie spolo\u010dnej ponuky a propag\u00e1cie cezhrani\u010dn\u00e9ho \u00fazemia (mobiln\u00e1 aplik\u00e1cia, web platforma, propaga\u010dn\u00fd materi\u00e1l) 2. Dva trojd\u0148ov\u00e9 \u0161tudijn\u00e9 pobyty, ktor\u00e9 zv\u00fd\u0161ia kvalifik\u00e1ciu zamestnancov v sektore cestovn\u00e9ho ruchu, bud\u00fa realizovan\u00e9 ako zrkadlov\u00e9 na \u00fazem\u00ed obidvoch partnerov (ka\u017ed\u00fd programovo i finan\u010dne zabezpe\u010d\u00ed svoju aktivitu) a Z\u00e1vere\u010dn\u00e1 konferencia v Ru\u017eomberku realizovan\u00e1 \u017eiadate\u013eom. 3. V\u00fdstavba chodn\u00edka pre pe\u0161\u00edch a cyklistov v \u010ciernej doline vo Wisle (partner 1) a Realiz\u00e1cia mobili\u00e1ru a imobili\u00e1ru vo Vlkol\u00ednci (HP). Projekt prinesie nov\u00fd, origin\u00e1lny a spolo\u010dn\u00fd produkt CR, zv\u00fd\u0161i odborn\u00e9 kompetencie pracovn\u00edkov a investi\u010dn\u00fdmi aktivitami zv\u00fd\u0161i dostupnos\u0165 lokal\u00edt obidvoch partnerov. Komplexne reflektuje na spolo\u010dn\u00fa potrebu \u010fal\u0161ieho rozvoja, prezent\u00e1cie, propag\u00e1cie a \u00fa\u010deln\u00e9ho mana\u017eovania jedine\u010dn\u00e9ho kult\u00farneho a pr\u00edrodn\u00e9ho dedi\u010dstva v prihrani\u010dn\u00fdch \u00fazemiach. Generuje trvalo udr\u017eate\u013en\u00e9 v\u00fdstupy uplatnite\u013en\u00e9 v cestovnom ruchu a v oblasti kult\u00farneho turizmu. <\/p>\n\n\n\n<h2 class=\"wp-block-heading\">Realiz\u00e1cia projektu<\/h2>\n\n\n\n<div class=\"\">\n\n  <div class=\"widget-image-gallery galRB gal-7888\">\n\n    <div id=\"swiperGalFUll-7888\"\n      class=\"swiper widget-image-gallery__full swiper-initialized swiper-horizontal swiper-pointer-events swiper-backface-hidden\">\n\n      <div class=\"swiper-wrapper\" id=\"swiper-wrapper-7888\" aria-live=\"polite\"\n        style=\"transform: translate3d(0px, 0px, 0px);\">\n\n        \n\n        \n        <div class=\"swiper-slide excludeimg  swiper-slide-active \"\n            tabindex=\"0\"\n        data-sliderId =\"7888\"\n        data-bs-slide-to=\"0\"\n        data-title=\"\" role=\"group\"\n          data-bs-toggle=\"modal\" data-bs-target=\"#exampleModal7888\"\n          aria-label=\"1 \/ 28\"\n          style=\"background: linear-gradient(rgba(211, 211, 211), rgba(211, 211, 211))\">\n\n          <img decoding=\"async\" src=\"https:\/\/plsk.eu\/wp-content\/uploads\/2026\/03\/Droga-Drewna-INTERREG-Wisla-072-scaled.jpg\" class=\"gal_bg_img\" style=\"\n    width: 100% !important;\">\n\n          <img decoding=\"async\" src=\"https:\/\/plsk.eu\/wp-content\/uploads\/2026\/03\/Droga-Drewna-INTERREG-Wisla-072-scaled.jpg\" alt=\"Grupa kobiet i m\u0119\u017cczyzn w kolorowych strojach regionalnych wyst\u0119puj\u0105 na scenie Skupina \u017eien a mu\u017eov v pestr\u00fdch region\u00e1lnych krojoch vystupuje na javisku.\" class=\"gal_main_img\" style=\"\">\n        <\/div>\n                \n\n        \n        <div class=\"swiper-slide excludeimg \"\n            tabindex=\"0\"\n        data-sliderId =\"7888\"\n        data-bs-slide-to=\"1\"\n        data-title=\"\" role=\"group\"\n          data-bs-toggle=\"modal\" data-bs-target=\"#exampleModal7888\"\n          aria-label=\"2 \/ 28\"\n          style=\"background: linear-gradient(rgba(211, 211, 211), rgba(211, 211, 211))\">\n\n          <img decoding=\"async\" src=\"https:\/\/plsk.eu\/wp-content\/uploads\/2026\/03\/Droga-Drewna-INTERREG-Wisla-071-scaled.jpg\" class=\"gal_bg_img\" style=\"\n    width: 100% !important;\">\n\n          <img decoding=\"async\" src=\"https:\/\/plsk.eu\/wp-content\/uploads\/2026\/03\/Droga-Drewna-INTERREG-Wisla-071-scaled.jpg\" alt=\"Grupa kobiet i m\u0119\u017cczyzn w kolorowych strojach regionalnych wyst\u0119puj\u0105 na scenie Skupina \u017eien a mu\u017eov v pestr\u00fdch region\u00e1lnych krojoch vystupuje na javisku.\" class=\"gal_main_img\" style=\"\">\n        <\/div>\n                \n\n        \n        <div class=\"swiper-slide excludeimg \"\n            tabindex=\"0\"\n        data-sliderId =\"7888\"\n        data-bs-slide-to=\"2\"\n        data-title=\"\" role=\"group\"\n          data-bs-toggle=\"modal\" data-bs-target=\"#exampleModal7888\"\n          aria-label=\"3 \/ 28\"\n          style=\"background: linear-gradient(rgba(211, 211, 211), rgba(211, 211, 211))\">\n\n          <img decoding=\"async\" src=\"https:\/\/plsk.eu\/wp-content\/uploads\/2026\/03\/Droga-Drewna-INTERREG-Wisla-067-scaled.jpg\" class=\"gal_bg_img\" style=\"\n    width: 100% !important;\">\n\n          <img decoding=\"async\" src=\"https:\/\/plsk.eu\/wp-content\/uploads\/2026\/03\/Droga-Drewna-INTERREG-Wisla-067-scaled.jpg\" alt=\"M\u0119\u017cczyzna w tradycyjnym stroju g\u00f3ralskim stoi nad drewnianymi narz\u0119dziami do produkcji sera Mu\u017e v tradi\u010dnom horskom kroji stoj\u00ed ved\u013ea dreven\u00fdch n\u00e1strojov pou\u017e\u00edvan\u00fdch na v\u00fdrobu syra.\" class=\"gal_main_img\" style=\"\">\n        <\/div>\n                \n\n        \n        <div class=\"swiper-slide excludeimg \"\n            tabindex=\"0\"\n        data-sliderId =\"7888\"\n        data-bs-slide-to=\"3\"\n        data-title=\"\" role=\"group\"\n          data-bs-toggle=\"modal\" data-bs-target=\"#exampleModal7888\"\n          aria-label=\"4 \/ 28\"\n          style=\"background: linear-gradient(rgba(211, 211, 211), rgba(211, 211, 211))\">\n\n          <img decoding=\"async\" src=\"https:\/\/plsk.eu\/wp-content\/uploads\/2026\/03\/Droga-Drewna-INTERREG-Wisla-061.jpg\" class=\"gal_bg_img\" style=\"\n    width: 100% !important;\">\n\n          <img decoding=\"async\" src=\"https:\/\/plsk.eu\/wp-content\/uploads\/2026\/03\/Droga-Drewna-INTERREG-Wisla-061.jpg\" alt=\"Dw\u00f3ch m\u0119\u017cczyzn i kobieta w tradycyjnym stroju g\u00f3ralskim stoj\u0105 nad drewnianymi narz\u0119dziami do produkcji sera Mu\u017e v tradi\u010dnom horskom kroji stoj\u00ed ved\u013ea dreven\u00fdch n\u00e1strojov pou\u017e\u00edvan\u00fdch na v\u00fdrobu syra.\" class=\"gal_main_img\" style=\"\">\n        <\/div>\n                \n\n        \n        <div class=\"swiper-slide excludeimg \"\n            tabindex=\"0\"\n        data-sliderId =\"7888\"\n        data-bs-slide-to=\"4\"\n        data-title=\"\" role=\"group\"\n          data-bs-toggle=\"modal\" data-bs-target=\"#exampleModal7888\"\n          aria-label=\"5 \/ 28\"\n          style=\"background: linear-gradient(rgba(211, 211, 211), rgba(211, 211, 211))\">\n\n          <img decoding=\"async\" src=\"https:\/\/plsk.eu\/wp-content\/uploads\/2026\/03\/Droga-Drewna-INTERREG-Wisla-056-scaled.jpg\" class=\"gal_bg_img\" style=\"\n    width: 100% !important;\">\n\n          <img decoding=\"async\" src=\"https:\/\/plsk.eu\/wp-content\/uploads\/2026\/03\/Droga-Drewna-INTERREG-Wisla-056-scaled.jpg\" alt=\"Grupa m\u0142odych kobiet i m\u0119\u017cczyzn w strojach regionalnych ta\u0144czy na scenie Skupina mlad\u00fdch \u017eien a mu\u017eov v region\u00e1lnych krojoch tancuje na javisku.\" class=\"gal_main_img\" style=\"\">\n        <\/div>\n                \n\n        \n        <div class=\"swiper-slide excludeimg \"\n            tabindex=\"0\"\n        data-sliderId =\"7888\"\n        data-bs-slide-to=\"5\"\n        data-title=\"\" role=\"group\"\n          data-bs-toggle=\"modal\" data-bs-target=\"#exampleModal7888\"\n          aria-label=\"6 \/ 28\"\n          style=\"background: linear-gradient(rgba(211, 211, 211), rgba(211, 211, 211))\">\n\n          <img decoding=\"async\" src=\"https:\/\/plsk.eu\/wp-content\/uploads\/2026\/03\/Droga-Drewna-INTERREG-Wisla-051-scaled.jpg\" class=\"gal_bg_img\" style=\"\n    width: 100% !important;\">\n\n          <img decoding=\"async\" src=\"https:\/\/plsk.eu\/wp-content\/uploads\/2026\/03\/Droga-Drewna-INTERREG-Wisla-051-scaled.jpg\" alt=\"Grupa m\u0142odych kobiet i m\u0119\u017cczyzn w strojach regionalnych ta\u0144czy na scenie Skupina mlad\u00fdch \u017eien a mu\u017eov v region\u00e1lnych krojoch tancuje na javisku.\" class=\"gal_main_img\" style=\"\">\n        <\/div>\n                \n\n        \n        <div class=\"swiper-slide excludeimg \"\n            tabindex=\"0\"\n        data-sliderId =\"7888\"\n        data-bs-slide-to=\"6\"\n        data-title=\"\" role=\"group\"\n          data-bs-toggle=\"modal\" data-bs-target=\"#exampleModal7888\"\n          aria-label=\"7 \/ 28\"\n          style=\"background: linear-gradient(rgba(211, 211, 211), rgba(211, 211, 211))\">\n\n          <img decoding=\"async\" src=\"https:\/\/plsk.eu\/wp-content\/uploads\/2026\/03\/Droga-Drewna-INTERREG-Wisla-039-scaled.jpg\" class=\"gal_bg_img\" style=\"\n    width: 100% !important;\">\n\n          <img decoding=\"async\" src=\"https:\/\/plsk.eu\/wp-content\/uploads\/2026\/03\/Droga-Drewna-INTERREG-Wisla-039-scaled.jpg\" alt=\"Grupa m\u0142odych kobiet i m\u0119\u017cczyzn w strojach regionalnych \u015bpiewa na scenie Skupina mlad\u00fdch \u017eien a mu\u017eov v region\u00e1lnych krojoch tancuje na javisku.\" class=\"gal_main_img\" style=\"\">\n        <\/div>\n                \n\n        \n        <div class=\"swiper-slide excludeimg \"\n            tabindex=\"0\"\n        data-sliderId =\"7888\"\n        data-bs-slide-to=\"7\"\n        data-title=\"\" role=\"group\"\n          data-bs-toggle=\"modal\" data-bs-target=\"#exampleModal7888\"\n          aria-label=\"8 \/ 28\"\n          style=\"background: linear-gradient(rgba(211, 211, 211), rgba(211, 211, 211))\">\n\n          <img decoding=\"async\" src=\"https:\/\/plsk.eu\/wp-content\/uploads\/2026\/03\/Droga-Drewna-INTERREG-Wisla-032-scaled.jpg\" class=\"gal_bg_img\" style=\"\n    width: 100% !important;\">\n\n          <img decoding=\"async\" src=\"https:\/\/plsk.eu\/wp-content\/uploads\/2026\/03\/Droga-Drewna-INTERREG-Wisla-032-scaled.jpg\" alt=\"Kamienny teren wok\u00f3\u0142 budynku schroniska, na kt\u00f3rym znajduj\u0105 si\u0119 namioty i le\u017caki. Przy namiotach siedz\u0105 na krzes\u0142ach ludzie Kamenn\u00e1 plocha okolo budovy hostela, kde s\u00fa stany a le\u017eadl\u00e1. \u013dudia sedia na stoli\u010dk\u00e1ch pri stanoch.\" class=\"gal_main_img\" style=\"\">\n        <\/div>\n                \n\n        \n        <div class=\"swiper-slide excludeimg \"\n            tabindex=\"0\"\n        data-sliderId =\"7888\"\n        data-bs-slide-to=\"8\"\n        data-title=\"\" role=\"group\"\n          data-bs-toggle=\"modal\" data-bs-target=\"#exampleModal7888\"\n          aria-label=\"9 \/ 28\"\n          style=\"background: linear-gradient(rgba(211, 211, 211), rgba(211, 211, 211))\">\n\n          <img decoding=\"async\" src=\"https:\/\/plsk.eu\/wp-content\/uploads\/2026\/03\/Droga-Drewna-INTERREG-Wisla-026-scaled.jpg\" class=\"gal_bg_img\" style=\"\n    width: 100% !important;\">\n\n          <img decoding=\"async\" src=\"https:\/\/plsk.eu\/wp-content\/uploads\/2026\/03\/Droga-Drewna-INTERREG-Wisla-026-scaled.jpg\" alt=\"Dwa parasole ogrodowe, przy kt\u00f3rych znajduj\u0105 si\u0119 trzy osoby, przed kt\u00f3rymi znajduj\u0105 si\u0119 sztalugi malarskie Dva z\u00e1hradn\u00e9 slne\u010dn\u00edky, pod ktor\u00fdmi stoja traja \u013eudia, pred ktor\u00fdmi s\u00fa stojany.\" class=\"gal_main_img\" style=\"\">\n        <\/div>\n                \n\n        \n        <div class=\"swiper-slide excludeimg \"\n            tabindex=\"0\"\n        data-sliderId =\"7888\"\n        data-bs-slide-to=\"9\"\n        data-title=\"\" role=\"group\"\n          data-bs-toggle=\"modal\" data-bs-target=\"#exampleModal7888\"\n          aria-label=\"10 \/ 28\"\n          style=\"background: linear-gradient(rgba(211, 211, 211), rgba(211, 211, 211))\">\n\n          <img decoding=\"async\" src=\"https:\/\/plsk.eu\/wp-content\/uploads\/2026\/03\/Droga-Drewna-INTERREG-Wisla-025-scaled.jpg\" class=\"gal_bg_img\" style=\"\n    width: 100% !important;\">\n\n          <img decoding=\"async\" src=\"https:\/\/plsk.eu\/wp-content\/uploads\/2026\/03\/Droga-Drewna-INTERREG-Wisla-025-scaled.jpg\" alt=\"Dwa parasole ogrodowe, przy kt\u00f3rych znajduj\u0105 si\u0119 dwie osoby, przed kt\u00f3rymi znajduj\u0105 si\u0119 sztalugi malarskie Dva z\u00e1hradn\u00e9 slne\u010dn\u00edky, pod ktor\u00fdmi stoja traja \u013eudia, pred ktor\u00fdmi s\u00fa stojany.\" class=\"gal_main_img\" style=\"\">\n        <\/div>\n                \n\n        \n        <div class=\"swiper-slide excludeimg \"\n            tabindex=\"0\"\n        data-sliderId =\"7888\"\n        data-bs-slide-to=\"10\"\n        data-title=\"\" role=\"group\"\n          data-bs-toggle=\"modal\" data-bs-target=\"#exampleModal7888\"\n          aria-label=\"11 \/ 28\"\n          style=\"background: linear-gradient(rgba(211, 211, 211), rgba(211, 211, 211))\">\n\n          <img decoding=\"async\" src=\"https:\/\/plsk.eu\/wp-content\/uploads\/2026\/03\/Droga-Drewna-INTERREG-Wisla-024-scaled.jpg\" class=\"gal_bg_img\" style=\"\n    width: 100% !important;\">\n\n          <img decoding=\"async\" src=\"https:\/\/plsk.eu\/wp-content\/uploads\/2026\/03\/Droga-Drewna-INTERREG-Wisla-024-scaled.jpg\" alt=\"Czterech m\u0119\u017cczyzn siedzi pod namiotem imprezowym i rze\u017abi w drewnie \u0160tyria mu\u017ei sedia pod p\u00e1rty stanom a vyrez\u00e1vaj\u00fa drevo.\" class=\"gal_main_img\" style=\"\">\n        <\/div>\n                \n\n        \n        <div class=\"swiper-slide excludeimg \"\n            tabindex=\"0\"\n        data-sliderId =\"7888\"\n        data-bs-slide-to=\"11\"\n        data-title=\"\" role=\"group\"\n          data-bs-toggle=\"modal\" data-bs-target=\"#exampleModal7888\"\n          aria-label=\"12 \/ 28\"\n          style=\"background: linear-gradient(rgba(211, 211, 211), rgba(211, 211, 211))\">\n\n          <img decoding=\"async\" src=\"https:\/\/plsk.eu\/wp-content\/uploads\/2026\/03\/Droga-Drewna-INTERREG-Wisla-022-scaled.jpg\" class=\"gal_bg_img\" style=\"\n    width: 100% !important;\">\n\n          <img decoding=\"async\" src=\"https:\/\/plsk.eu\/wp-content\/uploads\/2026\/03\/Droga-Drewna-INTERREG-Wisla-022-scaled.jpg\" alt=\"Na pierwszym planie drewniana rze\u017aba kobiety. Za ni\u0105 zdj\u0119cia porozwieszane na sznurkach pomi\u0119dzy drzewami. W tle wida\u0107 ludzi, kt\u00f3rzy s\u0142uchaj\u0105 wyst\u0119p\u00f3w festiwalowych V popred\u00ed je dreven\u00e1 socha \u017eeny. Za \u0148ou s\u00fa fotografie zavesen\u00e9 na \u0161n\u00farach medzi stromami. V pozad\u00ed s\u00fa vidie\u0165 \u013eudia, ktor\u00ed po\u010d\u00favaj\u00fa festivalov\u00e9 vyst\u00fapenia.\" class=\"gal_main_img\" style=\"\">\n        <\/div>\n                \n\n        \n        <div class=\"swiper-slide excludeimg \"\n            tabindex=\"0\"\n        data-sliderId =\"7888\"\n        data-bs-slide-to=\"12\"\n        data-title=\"\" role=\"group\"\n          data-bs-toggle=\"modal\" data-bs-target=\"#exampleModal7888\"\n          aria-label=\"13 \/ 28\"\n          style=\"background: linear-gradient(rgba(211, 211, 211), rgba(211, 211, 211))\">\n\n          <img decoding=\"async\" src=\"https:\/\/plsk.eu\/wp-content\/uploads\/2026\/03\/Droga-Drewna-INTERREG-Wisla-016-scaled.jpg\" class=\"gal_bg_img\" style=\"\n    width: 100% !important;\">\n\n          <img decoding=\"async\" src=\"https:\/\/plsk.eu\/wp-content\/uploads\/2026\/03\/Droga-Drewna-INTERREG-Wisla-016-scaled.jpg\" alt=\"Grupa trzech kobiet i czterech m\u0119\u017cczyzn stoi na zaimprowizowanej scenie przy drzewie w strojach regionalnych, \u015bpiewa i gra na instrumentach Skupina troch \u017eien a \u0161tyroch mu\u017eov stoj\u00ed na improvizovanom p\u00f3diu pri strome v region\u00e1lnych krojoch, spieva a hr\u00e1 na hudobn\u00fdch n\u00e1strojoch.\" class=\"gal_main_img\" style=\"\">\n        <\/div>\n                \n\n        \n        <div class=\"swiper-slide excludeimg \"\n            tabindex=\"0\"\n        data-sliderId =\"7888\"\n        data-bs-slide-to=\"13\"\n        data-title=\"\" role=\"group\"\n          data-bs-toggle=\"modal\" data-bs-target=\"#exampleModal7888\"\n          aria-label=\"14 \/ 28\"\n          style=\"background: linear-gradient(rgba(211, 211, 211), rgba(211, 211, 211))\">\n\n          <img decoding=\"async\" src=\"https:\/\/plsk.eu\/wp-content\/uploads\/2026\/03\/Droga-Drewna-INTERREG-Wisla-014-scaled.jpg\" class=\"gal_bg_img\" style=\"\n    width: 100% !important;\">\n\n          <img decoding=\"async\" src=\"https:\/\/plsk.eu\/wp-content\/uploads\/2026\/03\/Droga-Drewna-INTERREG-Wisla-014-scaled.jpg\" alt=\"Na pierwszym planie drewniana rze\u017aba diab\u0142a, za ni\u0105 koce i le\u017caki, na kt\u00f3rych siedz\u0105 i le\u017c\u0105 kobiety i m\u0119\u017cczy\u017ani. W oddali wida\u0107 scen\u0119 festiwalow\u0105 a za ni\u0105 namioty festiwalowe V popred\u00ed je dreven\u00e1 socha diabla, za \u0148ou deky a le\u017eadl\u00e1, na ktor\u00fdch sedia a le\u017eia \u017eeny a mu\u017ei. V dia\u013eke je vidie\u0165 festivalov\u00e9 p\u00f3dium a za n\u00edm festivalov\u00e9 stany.\" class=\"gal_main_img\" style=\"\">\n        <\/div>\n                \n\n        \n        <div class=\"swiper-slide excludeimg \"\n            tabindex=\"0\"\n        data-sliderId =\"7888\"\n        data-bs-slide-to=\"14\"\n        data-title=\"\" role=\"group\"\n          data-bs-toggle=\"modal\" data-bs-target=\"#exampleModal7888\"\n          aria-label=\"15 \/ 28\"\n          style=\"background: linear-gradient(rgba(211, 211, 211), rgba(211, 211, 211))\">\n\n          <img decoding=\"async\" src=\"https:\/\/plsk.eu\/wp-content\/uploads\/2026\/03\/Droga-Drewna-INTERREG-Wisla-013-scaled.jpg\" class=\"gal_bg_img\" style=\"\n    width: 100% !important;\">\n\n          <img decoding=\"async\" src=\"https:\/\/plsk.eu\/wp-content\/uploads\/2026\/03\/Droga-Drewna-INTERREG-Wisla-013-scaled.jpg\" alt=\"Grupa czterech kobiet z instrumentami stoi na zaimprowizowanej scenie, gra i \u015bpiewa Skupina \u0161tyroch \u017eien s hudobn\u00fdmi n\u00e1strojmi stoj\u00ed na improvizovanom p\u00f3diu, hr\u00e1 a spieva.\" class=\"gal_main_img\" style=\"\">\n        <\/div>\n                \n\n        \n        <div class=\"swiper-slide excludeimg \"\n            tabindex=\"0\"\n        data-sliderId =\"7888\"\n        data-bs-slide-to=\"15\"\n        data-title=\"\" role=\"group\"\n          data-bs-toggle=\"modal\" data-bs-target=\"#exampleModal7888\"\n          aria-label=\"16 \/ 28\"\n          style=\"background: linear-gradient(rgba(211, 211, 211), rgba(211, 211, 211))\">\n\n          <img decoding=\"async\" src=\"https:\/\/plsk.eu\/wp-content\/uploads\/2026\/03\/Droga-Drewna-INTERREG-Wisla-012-scaled.jpg\" class=\"gal_bg_img\" style=\"\n    width: 100% !important;\">\n\n          <img decoding=\"async\" src=\"https:\/\/plsk.eu\/wp-content\/uploads\/2026\/03\/Droga-Drewna-INTERREG-Wisla-012-scaled.jpg\" alt=\"Na pierwszym planie zdj\u0119cia porozwieszane na sznurkach pomi\u0119dzy drzewami. W tle wida\u0107 ludzi, kt\u00f3rzy s\u0142uchaj\u0105 wyst\u0119p\u00f3w festiwalowych V popred\u00ed s\u00fa fotografie zavesen\u00e9 na \u0161n\u00farach medzi stromami. V pozad\u00ed s\u00fa vidie\u0165 \u013eudia, ktor\u00ed po\u010d\u00favaj\u00fa festivalov\u00e9 vyst\u00fapenia.\" class=\"gal_main_img\" style=\"\">\n        <\/div>\n                \n\n        \n        <div class=\"swiper-slide excludeimg \"\n            tabindex=\"0\"\n        data-sliderId =\"7888\"\n        data-bs-slide-to=\"16\"\n        data-title=\"\" role=\"group\"\n          data-bs-toggle=\"modal\" data-bs-target=\"#exampleModal7888\"\n          aria-label=\"17 \/ 28\"\n          style=\"background: linear-gradient(rgba(211, 211, 211), rgba(211, 211, 211))\">\n\n          <img decoding=\"async\" src=\"https:\/\/plsk.eu\/wp-content\/uploads\/2026\/03\/Droga-Drewna-INTERREG-Wisla-011-scaled.jpg\" class=\"gal_bg_img\" style=\"\n    width: 100% !important;\">\n\n          <img decoding=\"async\" src=\"https:\/\/plsk.eu\/wp-content\/uploads\/2026\/03\/Droga-Drewna-INTERREG-Wisla-011-scaled.jpg\" alt=\"Na pierwszym planie zdj\u0119cia porozwieszane na sznurkach pomi\u0119dzy drzewami. W tle wida\u0107 ludzi, kt\u00f3rzy s\u0142uchaj\u0105 wyst\u0119p\u00f3w festiwalowych V popred\u00ed s\u00fa fotografie zavesen\u00e9 na \u0161n\u00farach medzi stromami. V pozad\u00ed s\u00fa vidie\u0165 \u013eudia, ktor\u00ed po\u010d\u00favaj\u00fa festivalov\u00e9 vyst\u00fapenia.\" class=\"gal_main_img\" style=\"\">\n        <\/div>\n                \n\n        \n        <div class=\"swiper-slide excludeimg \"\n            tabindex=\"0\"\n        data-sliderId =\"7888\"\n        data-bs-slide-to=\"17\"\n        data-title=\"\" role=\"group\"\n          data-bs-toggle=\"modal\" data-bs-target=\"#exampleModal7888\"\n          aria-label=\"18 \/ 28\"\n          style=\"background: linear-gradient(rgba(211, 211, 211), rgba(211, 211, 211))\">\n\n          <img decoding=\"async\" src=\"https:\/\/plsk.eu\/wp-content\/uploads\/2026\/03\/Droga-Drewna-INTERREG-Wisla-007-scaled.jpg\" class=\"gal_bg_img\" style=\"\n    width: 100% !important;\">\n\n          <img decoding=\"async\" src=\"https:\/\/plsk.eu\/wp-content\/uploads\/2026\/03\/Droga-Drewna-INTERREG-Wisla-007-scaled.jpg\" alt=\"Grupa kobiet, m\u0119\u017cczyzn i dzieci siedzi na kocach i le\u017cakach w parku s\u0142uchaj\u0105c wyst\u0119p\u00f3w festiwalowych Skupina \u017eien, mu\u017eov a det\u00ed sed\u00ed na dek\u00e1ch a le\u017eadl\u00e1ch v parku a po\u010d\u00fava festivalov\u00e9 vyst\u00fapenia.\" class=\"gal_main_img\" style=\"\">\n        <\/div>\n                \n\n        \n        <div class=\"swiper-slide excludeimg \"\n            tabindex=\"0\"\n        data-sliderId =\"7888\"\n        data-bs-slide-to=\"18\"\n        data-title=\"\" role=\"group\"\n          data-bs-toggle=\"modal\" data-bs-target=\"#exampleModal7888\"\n          aria-label=\"19 \/ 28\"\n          style=\"background: linear-gradient(rgba(211, 211, 211), rgba(211, 211, 211))\">\n\n          <img decoding=\"async\" src=\"https:\/\/plsk.eu\/wp-content\/uploads\/2026\/03\/Droga-Drewna-INTERREG-Wisla-005-scaled.jpg\" class=\"gal_bg_img\" style=\"\n    width: 100% !important;\">\n\n          <img decoding=\"async\" src=\"https:\/\/plsk.eu\/wp-content\/uploads\/2026\/03\/Droga-Drewna-INTERREG-Wisla-005-scaled.jpg\" alt=\"Grupa kobiet, m\u0119\u017cczyzn i dzieci siedzi na kocach i le\u017cakach w parku s\u0142uchaj\u0105c wyst\u0119p\u00f3w festiwalowych Skupina \u017eien, mu\u017eov a det\u00ed sed\u00ed na dek\u00e1ch a le\u017eadl\u00e1ch v parku a po\u010d\u00fava festivalov\u00e9 vyst\u00fapenia.\" class=\"gal_main_img\" style=\"\">\n        <\/div>\n                \n\n        \n        <div class=\"swiper-slide excludeimg \"\n            tabindex=\"0\"\n        data-sliderId =\"7888\"\n        data-bs-slide-to=\"19\"\n        data-title=\"\" role=\"group\"\n          data-bs-toggle=\"modal\" data-bs-target=\"#exampleModal7888\"\n          aria-label=\"20 \/ 28\"\n          style=\"background: linear-gradient(rgba(211, 211, 211), rgba(211, 211, 211))\">\n\n          <img decoding=\"async\" src=\"https:\/\/plsk.eu\/wp-content\/uploads\/2026\/03\/202510-Wisla-Ruzomberk-INTERREG-095.jpg\" class=\"gal_bg_img\" style=\"\n    width: 100% !important;\">\n\n          <img decoding=\"async\" src=\"https:\/\/plsk.eu\/wp-content\/uploads\/2026\/03\/202510-Wisla-Ruzomberk-INTERREG-095.jpg\" alt=\"Grupa os\u00f3b stoi na szczycie tarasu widokowego. W tle wida\u0107 zalesione szczyty beskidu \u017cywieckiego Skupina \u013eud\u00ed stoj\u00ed na vrchole vyhliadkovej terasy. V pozad\u00ed vidno zalesnen\u00e9 vrcholy \u017divi\u010dsk\u00fdch Besk\u00fdd.\" class=\"gal_main_img\" style=\"\">\n        <\/div>\n                \n\n        \n        <div class=\"swiper-slide excludeimg \"\n            tabindex=\"0\"\n        data-sliderId =\"7888\"\n        data-bs-slide-to=\"20\"\n        data-title=\"\" role=\"group\"\n          data-bs-toggle=\"modal\" data-bs-target=\"#exampleModal7888\"\n          aria-label=\"21 \/ 28\"\n          style=\"background: linear-gradient(rgba(211, 211, 211), rgba(211, 211, 211))\">\n\n          <img decoding=\"async\" src=\"https:\/\/plsk.eu\/wp-content\/uploads\/2026\/03\/202510-Wisla-Ruzomberk-INTERREG-040.jpg\" class=\"gal_bg_img\" style=\"\n    width: 100% !important;\">\n\n          <img decoding=\"async\" src=\"https:\/\/plsk.eu\/wp-content\/uploads\/2026\/03\/202510-Wisla-Ruzomberk-INTERREG-040.jpg\" alt=\"Grupa ludzi zwiedza teren skansenu spaceruj\u0105c alejkami wzd\u0142u\u017c drewnianych budynk\u00f3w Skupina \u013eud\u00ed nav\u0161tevuje skanzen a prech\u00e1dza sa po chodn\u00edkoch medzi dreven\u00fdmi budovami.\" class=\"gal_main_img\" style=\"\">\n        <\/div>\n                \n\n        \n        <div class=\"swiper-slide excludeimg \"\n            tabindex=\"0\"\n        data-sliderId =\"7888\"\n        data-bs-slide-to=\"21\"\n        data-title=\"\" role=\"group\"\n          data-bs-toggle=\"modal\" data-bs-target=\"#exampleModal7888\"\n          aria-label=\"22 \/ 28\"\n          style=\"background: linear-gradient(rgba(211, 211, 211), rgba(211, 211, 211))\">\n\n          <img decoding=\"async\" src=\"https:\/\/plsk.eu\/wp-content\/uploads\/2026\/03\/202510-Wisla-Ruzomberk-INTERREG-029.jpg\" class=\"gal_bg_img\" style=\"\n    width: 100% !important;\">\n\n          <img decoding=\"async\" src=\"https:\/\/plsk.eu\/wp-content\/uploads\/2026\/03\/202510-Wisla-Ruzomberk-INTERREG-029.jpg\" alt=\"Grupa kobiet i m\u0119\u017cczyzn pozuje do zdj\u0119cia na tle tablicy informacyjnej projektu Drog\u0105 drewna - w\u015br\u00f3d zabytk\u00f3w architektury drewnianej i dziedzictwa przyrodniczego w Wi\u015ble i Ru\u017comberoku Skupina \u017eien a mu\u017eov p\u00f3zuje na fotografii pred informa\u010dnou tabu\u013eou projektu Dreven\u00e1 cesta \u2013 medzi dreven\u00fdmi architektonick\u00fdmi pamiatkami a pr\u00edrodn\u00fdmi pamiatkami vo Wisle a Ru\u017eomberku.\" class=\"gal_main_img\" style=\"\">\n        <\/div>\n                \n\n        \n        <div class=\"swiper-slide excludeimg \"\n            tabindex=\"0\"\n        data-sliderId =\"7888\"\n        data-bs-slide-to=\"22\"\n        data-title=\"\" role=\"group\"\n          data-bs-toggle=\"modal\" data-bs-target=\"#exampleModal7888\"\n          aria-label=\"23 \/ 28\"\n          style=\"background: linear-gradient(rgba(211, 211, 211), rgba(211, 211, 211))\">\n\n          <img decoding=\"async\" src=\"https:\/\/plsk.eu\/wp-content\/uploads\/2026\/03\/202510-Wisla-Ruzomberk-INTERREG-023.jpg\" class=\"gal_bg_img\" style=\"\n    width: 100% !important;\">\n\n          <img decoding=\"async\" src=\"https:\/\/plsk.eu\/wp-content\/uploads\/2026\/03\/202510-Wisla-Ruzomberk-INTERREG-023.jpg\" alt=\"Kobiety i m\u0119\u017cczy\u017ani siedz\u0105 na krzes\u0142ach w sali i s\u0142uchaj\u0105 m\u0119\u017cczyzny, kt\u00f3ry stoi przy ekranie. Za m\u0119\u017cczyzn\u0105 roll-up z informacjami o projekcie \u017deny a mu\u017ei sedia na stoli\u010dk\u00e1ch v miestnosti a po\u010d\u00favaj\u00fa mu\u017ea stojaceho pred obrazovkou. Za mu\u017eom je rozvinut\u00fd banner s inform\u00e1ciami o projekte.\" class=\"gal_main_img\" style=\"\">\n        <\/div>\n                \n\n        \n        <div class=\"swiper-slide excludeimg \"\n            tabindex=\"0\"\n        data-sliderId =\"7888\"\n        data-bs-slide-to=\"23\"\n        data-title=\"\" role=\"group\"\n          data-bs-toggle=\"modal\" data-bs-target=\"#exampleModal7888\"\n          aria-label=\"24 \/ 28\"\n          style=\"background: linear-gradient(rgba(211, 211, 211), rgba(211, 211, 211))\">\n\n          <img decoding=\"async\" src=\"https:\/\/plsk.eu\/wp-content\/uploads\/2026\/03\/202510-Wisla-Ruzomberk-INTERREG-020.jpg\" class=\"gal_bg_img\" style=\"\n    width: 100% !important;\">\n\n          <img decoding=\"async\" src=\"https:\/\/plsk.eu\/wp-content\/uploads\/2026\/03\/202510-Wisla-Ruzomberk-INTERREG-020.jpg\" alt=\"Zdj\u0119cie plakatu w dw\u00f3ch j\u0119zykach, powieszonego na drewnianych drzwiach, informuj\u0105cego o trzydniowym pobycie studyjnym w Wi\u015ble w ramach projektu Fotografia dvojjazy\u010dn\u00e9ho plag\u00e1tu vyvesen\u00e9ho na dreven\u00fdch dver\u00e1ch, ktor\u00fd oznamuje trojd\u0148ov\u00fa \u0161tudijn\u00fa n\u00e1v\u0161tevu mesta Wis\u0142a v r\u00e1mci projektu.\" class=\"gal_main_img\" style=\"\">\n        <\/div>\n                \n\n        \n        <div class=\"swiper-slide excludeimg \"\n            tabindex=\"0\"\n        data-sliderId =\"7888\"\n        data-bs-slide-to=\"24\"\n        data-title=\"\" role=\"group\"\n          data-bs-toggle=\"modal\" data-bs-target=\"#exampleModal7888\"\n          aria-label=\"25 \/ 28\"\n          style=\"background: linear-gradient(rgba(211, 211, 211), rgba(211, 211, 211))\">\n\n          <img decoding=\"async\" src=\"https:\/\/plsk.eu\/wp-content\/uploads\/2026\/03\/202510-Wisla-Ruzomberk-INTERREG-014.jpg\" class=\"gal_bg_img\" style=\"\n    width: 100% !important;\">\n\n          <img decoding=\"async\" src=\"https:\/\/plsk.eu\/wp-content\/uploads\/2026\/03\/202510-Wisla-Ruzomberk-INTERREG-014.jpg\" alt=\"\u015acie\u017cka piesza z kamienia powsta\u0142a w ramach projektu. W tle drzewa i tablica informuj\u0105ca o wsparciu ze \u015brodk\u00f3w programu V r\u00e1mci projektu bola vybudovan\u00e1 kamenn\u00e1 chodn\u00edk. V pozad\u00ed s\u00fa stromy a tabu\u013ea informuj\u00faca o podpore z prostriedkov programu.\" class=\"gal_main_img\" style=\"\">\n        <\/div>\n                \n\n        \n        <div class=\"swiper-slide excludeimg \"\n            tabindex=\"0\"\n        data-sliderId =\"7888\"\n        data-bs-slide-to=\"25\"\n        data-title=\"\" role=\"group\"\n          data-bs-toggle=\"modal\" data-bs-target=\"#exampleModal7888\"\n          aria-label=\"26 \/ 28\"\n          style=\"background: linear-gradient(rgba(211, 211, 211), rgba(211, 211, 211))\">\n\n          <img decoding=\"async\" src=\"https:\/\/plsk.eu\/wp-content\/uploads\/2026\/03\/202510-Wisla-Ruzomberk-INTERREG-010.jpg\" class=\"gal_bg_img\" style=\"\n    width: 100% !important;\">\n\n          <img decoding=\"async\" src=\"https:\/\/plsk.eu\/wp-content\/uploads\/2026\/03\/202510-Wisla-Ruzomberk-INTERREG-010.jpg\" alt=\"Grupa kobiet i m\u0119\u017cczyzn siedzi wewn\u0105trz muzeum regionalnego i s\u0142ucha m\u0119\u017cczyzny, kt\u00f3ry opowiada o zbiorach Skupina \u017eien a mu\u017eov sed\u00ed v region\u00e1lnom m\u00fazeu a po\u010d\u00fava mu\u017ea, ktor\u00fd rozpr\u00e1va o zbierkach.\" class=\"gal_main_img\" style=\"\">\n        <\/div>\n                \n\n        \n        <div class=\"swiper-slide excludeimg \"\n            tabindex=\"0\"\n        data-sliderId =\"7888\"\n        data-bs-slide-to=\"26\"\n        data-title=\"\" role=\"group\"\n          data-bs-toggle=\"modal\" data-bs-target=\"#exampleModal7888\"\n          aria-label=\"27 \/ 28\"\n          style=\"background: linear-gradient(rgba(211, 211, 211), rgba(211, 211, 211))\">\n\n          <img decoding=\"async\" src=\"https:\/\/plsk.eu\/wp-content\/uploads\/2026\/03\/202510-Wisla-Ruzomberk-INTERREG-009.jpg\" class=\"gal_bg_img\" style=\"\n    width: 100% !important;\">\n\n          <img decoding=\"async\" src=\"https:\/\/plsk.eu\/wp-content\/uploads\/2026\/03\/202510-Wisla-Ruzomberk-INTERREG-009.jpg\" alt=\"Grupa kobiet i m\u0119\u017cczyzn siedzi wewn\u0105trz muzeum regionalnego i s\u0142ucha m\u0119\u017cczyzny, kt\u00f3ry opowiada o zbiorach Skupina \u017eien a mu\u017eov sed\u00ed v region\u00e1lnom m\u00fazeu a po\u010d\u00fava mu\u017ea, ktor\u00fd rozpr\u00e1va o zbierkach.\" class=\"gal_main_img\" style=\"\">\n        <\/div>\n                \n\n        \n        <div class=\"swiper-slide excludeimg \"\n            tabindex=\"0\"\n        data-sliderId =\"7888\"\n        data-bs-slide-to=\"27\"\n        data-title=\"\" role=\"group\"\n          data-bs-toggle=\"modal\" data-bs-target=\"#exampleModal7888\"\n          aria-label=\"28 \/ 28\"\n          style=\"background: linear-gradient(rgba(211, 211, 211), rgba(211, 211, 211))\">\n\n          <img decoding=\"async\" src=\"https:\/\/plsk.eu\/wp-content\/uploads\/2026\/03\/202510-Wisla-Ruzomberk-INTERREG-006.jpg\" class=\"gal_bg_img\" style=\"\n    width: 100% !important;\">\n\n          <img decoding=\"async\" src=\"https:\/\/plsk.eu\/wp-content\/uploads\/2026\/03\/202510-Wisla-Ruzomberk-INTERREG-006.jpg\" alt=\"Grupa kobiet i m\u0119\u017cczyzn stoi na mo\u015bcie nad rzek\u0105 i macha do zdj\u0119cia Skupina \u017eien a mu\u017eov stoj\u00ed na moste nad riekou a m\u00e1va na fotografiu.\" class=\"gal_main_img\" style=\"\">\n        <\/div>\n                \n\n\n      <\/div>\n\n\n      <span class=\"swiper-notification\" aria-live=\"assertive\" aria-atomic=\"true\"><\/span>\n\n    <\/div>\n\n    <div id=\"swiperGalThumb-7888\" data-galid=\"7888\"\n      class=\"swiper widget-image-gallery__thumbs swiper-initialized swiper-horizontal swiper-pointer-events swiper-free-mode swiper-backface-hidden swiper-thumbs\">\n      <div class=\"swiper-wrapper\" id=\"swiper-wrapper-7888\" aria-live=\"polite\"\n        style=\"transform: translate3d(0px, 0px, 0px);\">\n\n        \n        \n        <div class=\"swiper-slide swiper-slide-prev\" style=\"width: 139px; margin-right: 30px;\" role=\"group\">\n          <img decoding=\"async\" src=\"https:\/\/plsk.eu\/wp-content\/uploads\/2026\/03\/Droga-Drewna-INTERREG-Wisla-072-scaled.jpg\" alt=\"Grupa kobiet i m\u0119\u017cczyzn w kolorowych strojach regionalnych wyst\u0119puj\u0105 na scenie Skupina \u017eien a mu\u017eov v pestr\u00fdch region\u00e1lnych krojoch vystupuje na javisku.\">\n        <\/div>\n        \n        \n        <div class=\"swiper-slide swiper-slide-prev\" style=\"width: 139px; margin-right: 30px;\" role=\"group\">\n          <img decoding=\"async\" src=\"https:\/\/plsk.eu\/wp-content\/uploads\/2026\/03\/Droga-Drewna-INTERREG-Wisla-071-scaled.jpg\" alt=\"Grupa kobiet i m\u0119\u017cczyzn w kolorowych strojach regionalnych wyst\u0119puj\u0105 na scenie Skupina \u017eien a mu\u017eov v pestr\u00fdch region\u00e1lnych krojoch vystupuje na javisku.\">\n        <\/div>\n        \n        \n        <div class=\"swiper-slide swiper-slide-prev\" style=\"width: 139px; margin-right: 30px;\" role=\"group\">\n          <img decoding=\"async\" src=\"https:\/\/plsk.eu\/wp-content\/uploads\/2026\/03\/Droga-Drewna-INTERREG-Wisla-067-scaled.jpg\" alt=\"M\u0119\u017cczyzna w tradycyjnym stroju g\u00f3ralskim stoi nad drewnianymi narz\u0119dziami do produkcji sera Mu\u017e v tradi\u010dnom horskom kroji stoj\u00ed ved\u013ea dreven\u00fdch n\u00e1strojov pou\u017e\u00edvan\u00fdch na v\u00fdrobu syra.\">\n        <\/div>\n        \n        \n        <div class=\"swiper-slide swiper-slide-prev\" style=\"width: 139px; margin-right: 30px;\" role=\"group\">\n          <img decoding=\"async\" src=\"https:\/\/plsk.eu\/wp-content\/uploads\/2026\/03\/Droga-Drewna-INTERREG-Wisla-061.jpg\" alt=\"Dw\u00f3ch m\u0119\u017cczyzn i kobieta w tradycyjnym stroju g\u00f3ralskim stoj\u0105 nad drewnianymi narz\u0119dziami do produkcji sera Mu\u017e v tradi\u010dnom horskom kroji stoj\u00ed ved\u013ea dreven\u00fdch n\u00e1strojov pou\u017e\u00edvan\u00fdch na v\u00fdrobu syra.\">\n        <\/div>\n        \n        \n        <div class=\"swiper-slide swiper-slide-prev\" style=\"width: 139px; margin-right: 30px;\" role=\"group\">\n          <img decoding=\"async\" src=\"https:\/\/plsk.eu\/wp-content\/uploads\/2026\/03\/Droga-Drewna-INTERREG-Wisla-056-scaled.jpg\" alt=\"Grupa m\u0142odych kobiet i m\u0119\u017cczyzn w strojach regionalnych ta\u0144czy na scenie Skupina mlad\u00fdch \u017eien a mu\u017eov v region\u00e1lnych krojoch tancuje na javisku.\">\n        <\/div>\n        \n        \n        <div class=\"swiper-slide swiper-slide-prev\" style=\"width: 139px; margin-right: 30px;\" role=\"group\">\n          <img decoding=\"async\" src=\"https:\/\/plsk.eu\/wp-content\/uploads\/2026\/03\/Droga-Drewna-INTERREG-Wisla-051-scaled.jpg\" alt=\"Grupa m\u0142odych kobiet i m\u0119\u017cczyzn w strojach regionalnych ta\u0144czy na scenie Skupina mlad\u00fdch \u017eien a mu\u017eov v region\u00e1lnych krojoch tancuje na javisku.\">\n        <\/div>\n        \n        \n        <div class=\"swiper-slide swiper-slide-prev\" style=\"width: 139px; margin-right: 30px;\" role=\"group\">\n          <img decoding=\"async\" src=\"https:\/\/plsk.eu\/wp-content\/uploads\/2026\/03\/Droga-Drewna-INTERREG-Wisla-039-scaled.jpg\" alt=\"Grupa m\u0142odych kobiet i m\u0119\u017cczyzn w strojach regionalnych \u015bpiewa na scenie Skupina mlad\u00fdch \u017eien a mu\u017eov v region\u00e1lnych krojoch tancuje na javisku.\">\n        <\/div>\n        \n        \n        <div class=\"swiper-slide swiper-slide-prev\" style=\"width: 139px; margin-right: 30px;\" role=\"group\">\n          <img decoding=\"async\" src=\"https:\/\/plsk.eu\/wp-content\/uploads\/2026\/03\/Droga-Drewna-INTERREG-Wisla-032-scaled.jpg\" alt=\"Kamienny teren wok\u00f3\u0142 budynku schroniska, na kt\u00f3rym znajduj\u0105 si\u0119 namioty i le\u017caki. Przy namiotach siedz\u0105 na krzes\u0142ach ludzie Kamenn\u00e1 plocha okolo budovy hostela, kde s\u00fa stany a le\u017eadl\u00e1. \u013dudia sedia na stoli\u010dk\u00e1ch pri stanoch.\">\n        <\/div>\n        \n        \n        <div class=\"swiper-slide swiper-slide-prev\" style=\"width: 139px; margin-right: 30px;\" role=\"group\">\n          <img decoding=\"async\" src=\"https:\/\/plsk.eu\/wp-content\/uploads\/2026\/03\/Droga-Drewna-INTERREG-Wisla-026-scaled.jpg\" alt=\"Dwa parasole ogrodowe, przy kt\u00f3rych znajduj\u0105 si\u0119 trzy osoby, przed kt\u00f3rymi znajduj\u0105 si\u0119 sztalugi malarskie Dva z\u00e1hradn\u00e9 slne\u010dn\u00edky, pod ktor\u00fdmi stoja traja \u013eudia, pred ktor\u00fdmi s\u00fa stojany.\">\n        <\/div>\n        \n        \n        <div class=\"swiper-slide swiper-slide-prev\" style=\"width: 139px; margin-right: 30px;\" role=\"group\">\n          <img decoding=\"async\" src=\"https:\/\/plsk.eu\/wp-content\/uploads\/2026\/03\/Droga-Drewna-INTERREG-Wisla-025-scaled.jpg\" alt=\"Dwa parasole ogrodowe, przy kt\u00f3rych znajduj\u0105 si\u0119 dwie osoby, przed kt\u00f3rymi znajduj\u0105 si\u0119 sztalugi malarskie Dva z\u00e1hradn\u00e9 slne\u010dn\u00edky, pod ktor\u00fdmi stoja traja \u013eudia, pred ktor\u00fdmi s\u00fa stojany.\">\n        <\/div>\n        \n        \n        <div class=\"swiper-slide swiper-slide-prev\" style=\"width: 139px; margin-right: 30px;\" role=\"group\">\n          <img decoding=\"async\" src=\"https:\/\/plsk.eu\/wp-content\/uploads\/2026\/03\/Droga-Drewna-INTERREG-Wisla-024-scaled.jpg\" alt=\"Czterech m\u0119\u017cczyzn siedzi pod namiotem imprezowym i rze\u017abi w drewnie \u0160tyria mu\u017ei sedia pod p\u00e1rty stanom a vyrez\u00e1vaj\u00fa drevo.\">\n        <\/div>\n        \n        \n        <div class=\"swiper-slide swiper-slide-prev\" style=\"width: 139px; margin-right: 30px;\" role=\"group\">\n          <img decoding=\"async\" src=\"https:\/\/plsk.eu\/wp-content\/uploads\/2026\/03\/Droga-Drewna-INTERREG-Wisla-022-scaled.jpg\" alt=\"Na pierwszym planie drewniana rze\u017aba kobiety. Za ni\u0105 zdj\u0119cia porozwieszane na sznurkach pomi\u0119dzy drzewami. W tle wida\u0107 ludzi, kt\u00f3rzy s\u0142uchaj\u0105 wyst\u0119p\u00f3w festiwalowych V popred\u00ed je dreven\u00e1 socha \u017eeny. Za \u0148ou s\u00fa fotografie zavesen\u00e9 na \u0161n\u00farach medzi stromami. V pozad\u00ed s\u00fa vidie\u0165 \u013eudia, ktor\u00ed po\u010d\u00favaj\u00fa festivalov\u00e9 vyst\u00fapenia.\">\n        <\/div>\n        \n        \n        <div class=\"swiper-slide swiper-slide-prev\" style=\"width: 139px; margin-right: 30px;\" role=\"group\">\n          <img decoding=\"async\" src=\"https:\/\/plsk.eu\/wp-content\/uploads\/2026\/03\/Droga-Drewna-INTERREG-Wisla-016-scaled.jpg\" alt=\"Grupa trzech kobiet i czterech m\u0119\u017cczyzn stoi na zaimprowizowanej scenie przy drzewie w strojach regionalnych, \u015bpiewa i gra na instrumentach Skupina troch \u017eien a \u0161tyroch mu\u017eov stoj\u00ed na improvizovanom p\u00f3diu pri strome v region\u00e1lnych krojoch, spieva a hr\u00e1 na hudobn\u00fdch n\u00e1strojoch.\">\n        <\/div>\n        \n        \n        <div class=\"swiper-slide swiper-slide-prev\" style=\"width: 139px; margin-right: 30px;\" role=\"group\">\n          <img decoding=\"async\" src=\"https:\/\/plsk.eu\/wp-content\/uploads\/2026\/03\/Droga-Drewna-INTERREG-Wisla-014-scaled.jpg\" alt=\"Na pierwszym planie drewniana rze\u017aba diab\u0142a, za ni\u0105 koce i le\u017caki, na kt\u00f3rych siedz\u0105 i le\u017c\u0105 kobiety i m\u0119\u017cczy\u017ani. W oddali wida\u0107 scen\u0119 festiwalow\u0105 a za ni\u0105 namioty festiwalowe V popred\u00ed je dreven\u00e1 socha diabla, za \u0148ou deky a le\u017eadl\u00e1, na ktor\u00fdch sedia a le\u017eia \u017eeny a mu\u017ei. V dia\u013eke je vidie\u0165 festivalov\u00e9 p\u00f3dium a za n\u00edm festivalov\u00e9 stany.\">\n        <\/div>\n        \n        \n        <div class=\"swiper-slide swiper-slide-prev\" style=\"width: 139px; margin-right: 30px;\" role=\"group\">\n          <img decoding=\"async\" src=\"https:\/\/plsk.eu\/wp-content\/uploads\/2026\/03\/Droga-Drewna-INTERREG-Wisla-013-scaled.jpg\" alt=\"Grupa czterech kobiet z instrumentami stoi na zaimprowizowanej scenie, gra i \u015bpiewa Skupina \u0161tyroch \u017eien s hudobn\u00fdmi n\u00e1strojmi stoj\u00ed na improvizovanom p\u00f3diu, hr\u00e1 a spieva.\">\n        <\/div>\n        \n        \n        <div class=\"swiper-slide swiper-slide-prev\" style=\"width: 139px; margin-right: 30px;\" role=\"group\">\n          <img decoding=\"async\" src=\"https:\/\/plsk.eu\/wp-content\/uploads\/2026\/03\/Droga-Drewna-INTERREG-Wisla-012-scaled.jpg\" alt=\"Na pierwszym planie zdj\u0119cia porozwieszane na sznurkach pomi\u0119dzy drzewami. W tle wida\u0107 ludzi, kt\u00f3rzy s\u0142uchaj\u0105 wyst\u0119p\u00f3w festiwalowych V popred\u00ed s\u00fa fotografie zavesen\u00e9 na \u0161n\u00farach medzi stromami. V pozad\u00ed s\u00fa vidie\u0165 \u013eudia, ktor\u00ed po\u010d\u00favaj\u00fa festivalov\u00e9 vyst\u00fapenia.\">\n        <\/div>\n        \n        \n        <div class=\"swiper-slide swiper-slide-prev\" style=\"width: 139px; margin-right: 30px;\" role=\"group\">\n          <img decoding=\"async\" src=\"https:\/\/plsk.eu\/wp-content\/uploads\/2026\/03\/Droga-Drewna-INTERREG-Wisla-011-scaled.jpg\" alt=\"Na pierwszym planie zdj\u0119cia porozwieszane na sznurkach pomi\u0119dzy drzewami. W tle wida\u0107 ludzi, kt\u00f3rzy s\u0142uchaj\u0105 wyst\u0119p\u00f3w festiwalowych V popred\u00ed s\u00fa fotografie zavesen\u00e9 na \u0161n\u00farach medzi stromami. V pozad\u00ed s\u00fa vidie\u0165 \u013eudia, ktor\u00ed po\u010d\u00favaj\u00fa festivalov\u00e9 vyst\u00fapenia.\">\n        <\/div>\n        \n        \n        <div class=\"swiper-slide swiper-slide-prev\" style=\"width: 139px; margin-right: 30px;\" role=\"group\">\n          <img decoding=\"async\" src=\"https:\/\/plsk.eu\/wp-content\/uploads\/2026\/03\/Droga-Drewna-INTERREG-Wisla-007-scaled.jpg\" alt=\"Grupa kobiet, m\u0119\u017cczyzn i dzieci siedzi na kocach i le\u017cakach w parku s\u0142uchaj\u0105c wyst\u0119p\u00f3w festiwalowych Skupina \u017eien, mu\u017eov a det\u00ed sed\u00ed na dek\u00e1ch a le\u017eadl\u00e1ch v parku a po\u010d\u00fava festivalov\u00e9 vyst\u00fapenia.\">\n        <\/div>\n        \n        \n        <div class=\"swiper-slide swiper-slide-prev\" style=\"width: 139px; margin-right: 30px;\" role=\"group\">\n          <img decoding=\"async\" src=\"https:\/\/plsk.eu\/wp-content\/uploads\/2026\/03\/Droga-Drewna-INTERREG-Wisla-005-scaled.jpg\" alt=\"Grupa kobiet, m\u0119\u017cczyzn i dzieci siedzi na kocach i le\u017cakach w parku s\u0142uchaj\u0105c wyst\u0119p\u00f3w festiwalowych Skupina \u017eien, mu\u017eov a det\u00ed sed\u00ed na dek\u00e1ch a le\u017eadl\u00e1ch v parku a po\u010d\u00fava festivalov\u00e9 vyst\u00fapenia.\">\n        <\/div>\n        \n        \n        <div class=\"swiper-slide swiper-slide-prev\" style=\"width: 139px; margin-right: 30px;\" role=\"group\">\n          <img decoding=\"async\" src=\"https:\/\/plsk.eu\/wp-content\/uploads\/2026\/03\/202510-Wisla-Ruzomberk-INTERREG-095.jpg\" alt=\"Grupa os\u00f3b stoi na szczycie tarasu widokowego. W tle wida\u0107 zalesione szczyty beskidu \u017cywieckiego Skupina \u013eud\u00ed stoj\u00ed na vrchole vyhliadkovej terasy. V pozad\u00ed vidno zalesnen\u00e9 vrcholy \u017divi\u010dsk\u00fdch Besk\u00fdd.\">\n        <\/div>\n        \n        \n        <div class=\"swiper-slide swiper-slide-prev\" style=\"width: 139px; margin-right: 30px;\" role=\"group\">\n          <img decoding=\"async\" src=\"https:\/\/plsk.eu\/wp-content\/uploads\/2026\/03\/202510-Wisla-Ruzomberk-INTERREG-040.jpg\" alt=\"Grupa ludzi zwiedza teren skansenu spaceruj\u0105c alejkami wzd\u0142u\u017c drewnianych budynk\u00f3w Skupina \u013eud\u00ed nav\u0161tevuje skanzen a prech\u00e1dza sa po chodn\u00edkoch medzi dreven\u00fdmi budovami.\">\n        <\/div>\n        \n        \n        <div class=\"swiper-slide swiper-slide-prev\" style=\"width: 139px; margin-right: 30px;\" role=\"group\">\n          <img decoding=\"async\" src=\"https:\/\/plsk.eu\/wp-content\/uploads\/2026\/03\/202510-Wisla-Ruzomberk-INTERREG-029.jpg\" alt=\"Grupa kobiet i m\u0119\u017cczyzn pozuje do zdj\u0119cia na tle tablicy informacyjnej projektu Drog\u0105 drewna - w\u015br\u00f3d zabytk\u00f3w architektury drewnianej i dziedzictwa przyrodniczego w Wi\u015ble i Ru\u017comberoku Skupina \u017eien a mu\u017eov p\u00f3zuje na fotografii pred informa\u010dnou tabu\u013eou projektu Dreven\u00e1 cesta \u2013 medzi dreven\u00fdmi architektonick\u00fdmi pamiatkami a pr\u00edrodn\u00fdmi pamiatkami vo Wisle a Ru\u017eomberku.\">\n        <\/div>\n        \n        \n        <div class=\"swiper-slide swiper-slide-prev\" style=\"width: 139px; margin-right: 30px;\" role=\"group\">\n          <img decoding=\"async\" src=\"https:\/\/plsk.eu\/wp-content\/uploads\/2026\/03\/202510-Wisla-Ruzomberk-INTERREG-023.jpg\" alt=\"Kobiety i m\u0119\u017cczy\u017ani siedz\u0105 na krzes\u0142ach w sali i s\u0142uchaj\u0105 m\u0119\u017cczyzny, kt\u00f3ry stoi przy ekranie. Za m\u0119\u017cczyzn\u0105 roll-up z informacjami o projekcie \u017deny a mu\u017ei sedia na stoli\u010dk\u00e1ch v miestnosti a po\u010d\u00favaj\u00fa mu\u017ea stojaceho pred obrazovkou. Za mu\u017eom je rozvinut\u00fd banner s inform\u00e1ciami o projekte.\">\n        <\/div>\n        \n        \n        <div class=\"swiper-slide swiper-slide-prev\" style=\"width: 139px; margin-right: 30px;\" role=\"group\">\n          <img decoding=\"async\" src=\"https:\/\/plsk.eu\/wp-content\/uploads\/2026\/03\/202510-Wisla-Ruzomberk-INTERREG-020.jpg\" alt=\"Zdj\u0119cie plakatu w dw\u00f3ch j\u0119zykach, powieszonego na drewnianych drzwiach, informuj\u0105cego o trzydniowym pobycie studyjnym w Wi\u015ble w ramach projektu Fotografia dvojjazy\u010dn\u00e9ho plag\u00e1tu vyvesen\u00e9ho na dreven\u00fdch dver\u00e1ch, ktor\u00fd oznamuje trojd\u0148ov\u00fa \u0161tudijn\u00fa n\u00e1v\u0161tevu mesta Wis\u0142a v r\u00e1mci projektu.\">\n        <\/div>\n        \n        \n        <div class=\"swiper-slide swiper-slide-prev\" style=\"width: 139px; margin-right: 30px;\" role=\"group\">\n          <img decoding=\"async\" src=\"https:\/\/plsk.eu\/wp-content\/uploads\/2026\/03\/202510-Wisla-Ruzomberk-INTERREG-014.jpg\" alt=\"\u015acie\u017cka piesza z kamienia powsta\u0142a w ramach projektu. W tle drzewa i tablica informuj\u0105ca o wsparciu ze \u015brodk\u00f3w programu V r\u00e1mci projektu bola vybudovan\u00e1 kamenn\u00e1 chodn\u00edk. V pozad\u00ed s\u00fa stromy a tabu\u013ea informuj\u00faca o podpore z prostriedkov programu.\">\n        <\/div>\n        \n        \n        <div class=\"swiper-slide swiper-slide-prev\" style=\"width: 139px; margin-right: 30px;\" role=\"group\">\n          <img decoding=\"async\" src=\"https:\/\/plsk.eu\/wp-content\/uploads\/2026\/03\/202510-Wisla-Ruzomberk-INTERREG-010.jpg\" alt=\"Grupa kobiet i m\u0119\u017cczyzn siedzi wewn\u0105trz muzeum regionalnego i s\u0142ucha m\u0119\u017cczyzny, kt\u00f3ry opowiada o zbiorach Skupina \u017eien a mu\u017eov sed\u00ed v region\u00e1lnom m\u00fazeu a po\u010d\u00fava mu\u017ea, ktor\u00fd rozpr\u00e1va o zbierkach.\">\n        <\/div>\n        \n        \n        <div class=\"swiper-slide swiper-slide-prev\" style=\"width: 139px; margin-right: 30px;\" role=\"group\">\n          <img decoding=\"async\" src=\"https:\/\/plsk.eu\/wp-content\/uploads\/2026\/03\/202510-Wisla-Ruzomberk-INTERREG-009.jpg\" alt=\"Grupa kobiet i m\u0119\u017cczyzn siedzi wewn\u0105trz muzeum regionalnego i s\u0142ucha m\u0119\u017cczyzny, kt\u00f3ry opowiada o zbiorach Skupina \u017eien a mu\u017eov sed\u00ed v region\u00e1lnom m\u00fazeu a po\u010d\u00fava mu\u017ea, ktor\u00fd rozpr\u00e1va o zbierkach.\">\n        <\/div>\n        \n        \n        <div class=\"swiper-slide swiper-slide-prev\" style=\"width: 139px; margin-right: 30px;\" role=\"group\">\n          <img decoding=\"async\" src=\"https:\/\/plsk.eu\/wp-content\/uploads\/2026\/03\/202510-Wisla-Ruzomberk-INTERREG-006.jpg\" alt=\"Grupa kobiet i m\u0119\u017cczyzn stoi na mo\u015bcie nad rzek\u0105 i macha do zdj\u0119cia Skupina \u017eien a mu\u017eov stoj\u00ed na moste nad riekou a m\u00e1va na fotografiu.\">\n        <\/div>\n        \n\n      <\/div>\n      <span class=\"swiper-notification\" aria-live=\"assertive\" aria-atomic=\"true\"><\/span>\n    <\/div>\n          <!--\n    <div class=\"widget-image-gallery__caption\">\n      <p>Opis zdj\u0119cia5, fot. Jan Kowalski<\/p>\n    <\/div>-->\n\n\n    <div class=\"image-swiper-button-prev swiper-button-prev\" role=\"button\" aria-label=\"Predch\u00e1dzaj\u00faci obr\u00e1zok\"\n      aria-controls=\"swiper-wrapper-7888\" aria-disabled=\"false\">\n    <\/div>\n\n    <div class=\"image-swiper-button-next swiper-button-next swiper-button-disabled\" role=\"button\"\n      aria-label=\"\u010eal\u0161\u00ed obr\u00e1zok\" aria-controls=\"swiper-wrapper-6033\" aria-disabled=\"true\">\n    <\/div>\n\n\n\n\n  <\/div>\n\n  \n  <div class=\"modal fade gal_modal\" id=\"exampleModal7888\" tabindex=\"-1\" aria-hidden=\"true\">\n    <div class=\"modal-dialog\">\n      <div class=\"modal-content\">\n        <div class=\"modal-header\">\n          <button type=\"button\" class=\"btn-close\" data-bs-dismiss=\"modal\" aria-label=\"Zamkn\u0105\u0107\">\n          <img decoding=\"async\"\n              src=\"https:\/\/plsk.eu\/wp-content\/themes\/fundusze\/assets\/images\/close.svg\"\n              alt=Zamkn\u0105\u0107>\n          <span class=\"visually-hidden\">Zamkn\u0105\u0107<\/span>\n        <\/button>\n        <\/div>\n\n          <div class=\"row no_mobile\">\n\n            <div class=\"col-xxl-2 col-xl-2 col-lg-2 col-md-2 col-sm-2 gal_left\">\n              <button type=\"button\" data-bs-target=\"#carouselExample7888\" data-bs-slide=\"prev\"\n                aria-label=\"Predch\u00e1dzaj\u00faci obr\u00e1zok\">\n                <img decoding=\"async\" src=\"https:\/\/plsk.eu\/wp-content\/themes\/fundusze\/assets\/images\/back.svg\" alt=\"\"> <\/button>\n            <\/div>\n\n            <div class=\"col-xxl-8 col-xl-8 col-lg-8 col-md-8 col-sm-8\">\n\n              <div id=\"carouselExample7888\" class=\"carousel slide\" data-bs-interval=\"50000\"\n                data-bs-ride=\"carousel\">\n\n                <div class=\"carousel-inner\">\n\n                  \n                                    <div class=\"carousel-item  active \">\n                    <img decoding=\"async\" src=\"https:\/\/plsk.eu\/wp-content\/uploads\/2026\/03\/Droga-Drewna-INTERREG-Wisla-072-scaled.jpg\" alt=\"Grupa kobiet i m\u0119\u017cczyzn w kolorowych strojach regionalnych wyst\u0119puj\u0105 na scenie Skupina \u017eien a mu\u017eov v pestr\u00fdch region\u00e1lnych krojoch vystupuje na javisku.\" class=\"img_all\">\n                    <div class=\"row\">\n\n                      <div class=\"col-xxl-12 col-xl-12 col-lg-12 col-md-12 col-sm-12\">\n                        <div class=\"img_caption\">\n                          <div class=\"cap_text\">\n                                                                                  <\/div>\n                          <div class=\"cap_num\">\n                            <strong> 1 z 28<\/strong>\n                          <\/div>\n\n                        <\/div>\n                      <\/div>\n\n                    <\/div>\n                  <\/div>\n                                    \n                                    <div class=\"carousel-item \">\n                    <img decoding=\"async\" src=\"https:\/\/plsk.eu\/wp-content\/uploads\/2026\/03\/Droga-Drewna-INTERREG-Wisla-071-scaled.jpg\" alt=\"Grupa kobiet i m\u0119\u017cczyzn w kolorowych strojach regionalnych wyst\u0119puj\u0105 na scenie Skupina \u017eien a mu\u017eov v pestr\u00fdch region\u00e1lnych krojoch vystupuje na javisku.\" class=\"img_all\">\n                    <div class=\"row\">\n\n                      <div class=\"col-xxl-12 col-xl-12 col-lg-12 col-md-12 col-sm-12\">\n                        <div class=\"img_caption\">\n                          <div class=\"cap_text\">\n                                                                                  <\/div>\n                          <div class=\"cap_num\">\n                            <strong> 2 z 28<\/strong>\n                          <\/div>\n\n                        <\/div>\n                      <\/div>\n\n                    <\/div>\n                  <\/div>\n                                    \n                                    <div class=\"carousel-item \">\n                    <img decoding=\"async\" src=\"https:\/\/plsk.eu\/wp-content\/uploads\/2026\/03\/Droga-Drewna-INTERREG-Wisla-067-scaled.jpg\" alt=\"M\u0119\u017cczyzna w tradycyjnym stroju g\u00f3ralskim stoi nad drewnianymi narz\u0119dziami do produkcji sera Mu\u017e v tradi\u010dnom horskom kroji stoj\u00ed ved\u013ea dreven\u00fdch n\u00e1strojov pou\u017e\u00edvan\u00fdch na v\u00fdrobu syra.\" class=\"img_all\">\n                    <div class=\"row\">\n\n                      <div class=\"col-xxl-12 col-xl-12 col-lg-12 col-md-12 col-sm-12\">\n                        <div class=\"img_caption\">\n                          <div class=\"cap_text\">\n                                                                                  <\/div>\n                          <div class=\"cap_num\">\n                            <strong> 3 z 28<\/strong>\n                          <\/div>\n\n                        <\/div>\n                      <\/div>\n\n                    <\/div>\n                  <\/div>\n                                    \n                                    <div class=\"carousel-item \">\n                    <img decoding=\"async\" src=\"https:\/\/plsk.eu\/wp-content\/uploads\/2026\/03\/Droga-Drewna-INTERREG-Wisla-061.jpg\" alt=\"Dw\u00f3ch m\u0119\u017cczyzn i kobieta w tradycyjnym stroju g\u00f3ralskim stoj\u0105 nad drewnianymi narz\u0119dziami do produkcji sera Mu\u017e v tradi\u010dnom horskom kroji stoj\u00ed ved\u013ea dreven\u00fdch n\u00e1strojov pou\u017e\u00edvan\u00fdch na v\u00fdrobu syra.\" class=\"img_all\">\n                    <div class=\"row\">\n\n                      <div class=\"col-xxl-12 col-xl-12 col-lg-12 col-md-12 col-sm-12\">\n                        <div class=\"img_caption\">\n                          <div class=\"cap_text\">\n                                                                                  <\/div>\n                          <div class=\"cap_num\">\n                            <strong> 4 z 28<\/strong>\n                          <\/div>\n\n                        <\/div>\n                      <\/div>\n\n                    <\/div>\n                  <\/div>\n                                    \n                                    <div class=\"carousel-item \">\n                    <img decoding=\"async\" src=\"https:\/\/plsk.eu\/wp-content\/uploads\/2026\/03\/Droga-Drewna-INTERREG-Wisla-056-scaled.jpg\" alt=\"Grupa m\u0142odych kobiet i m\u0119\u017cczyzn w strojach regionalnych ta\u0144czy na scenie Skupina mlad\u00fdch \u017eien a mu\u017eov v region\u00e1lnych krojoch tancuje na javisku.\" class=\"img_all\">\n                    <div class=\"row\">\n\n                      <div class=\"col-xxl-12 col-xl-12 col-lg-12 col-md-12 col-sm-12\">\n                        <div class=\"img_caption\">\n                          <div class=\"cap_text\">\n                                                                                  <\/div>\n                          <div class=\"cap_num\">\n                            <strong> 5 z 28<\/strong>\n                          <\/div>\n\n                        <\/div>\n                      <\/div>\n\n                    <\/div>\n                  <\/div>\n                                    \n                                    <div class=\"carousel-item \">\n                    <img decoding=\"async\" src=\"https:\/\/plsk.eu\/wp-content\/uploads\/2026\/03\/Droga-Drewna-INTERREG-Wisla-051-scaled.jpg\" alt=\"Grupa m\u0142odych kobiet i m\u0119\u017cczyzn w strojach regionalnych ta\u0144czy na scenie Skupina mlad\u00fdch \u017eien a mu\u017eov v region\u00e1lnych krojoch tancuje na javisku.\" class=\"img_all\">\n                    <div class=\"row\">\n\n                      <div class=\"col-xxl-12 col-xl-12 col-lg-12 col-md-12 col-sm-12\">\n                        <div class=\"img_caption\">\n                          <div class=\"cap_text\">\n                                                                                  <\/div>\n                          <div class=\"cap_num\">\n                            <strong> 6 z 28<\/strong>\n                          <\/div>\n\n                        <\/div>\n                      <\/div>\n\n                    <\/div>\n                  <\/div>\n                                    \n                                    <div class=\"carousel-item \">\n                    <img decoding=\"async\" src=\"https:\/\/plsk.eu\/wp-content\/uploads\/2026\/03\/Droga-Drewna-INTERREG-Wisla-039-scaled.jpg\" alt=\"Grupa m\u0142odych kobiet i m\u0119\u017cczyzn w strojach regionalnych \u015bpiewa na scenie Skupina mlad\u00fdch \u017eien a mu\u017eov v region\u00e1lnych krojoch tancuje na javisku.\" class=\"img_all\">\n                    <div class=\"row\">\n\n                      <div class=\"col-xxl-12 col-xl-12 col-lg-12 col-md-12 col-sm-12\">\n                        <div class=\"img_caption\">\n                          <div class=\"cap_text\">\n                                                                                  <\/div>\n                          <div class=\"cap_num\">\n                            <strong> 7 z 28<\/strong>\n                          <\/div>\n\n                        <\/div>\n                      <\/div>\n\n                    <\/div>\n                  <\/div>\n                                    \n                                    <div class=\"carousel-item \">\n                    <img decoding=\"async\" src=\"https:\/\/plsk.eu\/wp-content\/uploads\/2026\/03\/Droga-Drewna-INTERREG-Wisla-032-scaled.jpg\" alt=\"Kamienny teren wok\u00f3\u0142 budynku schroniska, na kt\u00f3rym znajduj\u0105 si\u0119 namioty i le\u017caki. Przy namiotach siedz\u0105 na krzes\u0142ach ludzie Kamenn\u00e1 plocha okolo budovy hostela, kde s\u00fa stany a le\u017eadl\u00e1. \u013dudia sedia na stoli\u010dk\u00e1ch pri stanoch.\" class=\"img_all\">\n                    <div class=\"row\">\n\n                      <div class=\"col-xxl-12 col-xl-12 col-lg-12 col-md-12 col-sm-12\">\n                        <div class=\"img_caption\">\n                          <div class=\"cap_text\">\n                                                                                  <\/div>\n                          <div class=\"cap_num\">\n                            <strong> 8 z 28<\/strong>\n                          <\/div>\n\n                        <\/div>\n                      <\/div>\n\n                    <\/div>\n                  <\/div>\n                                    \n                                    <div class=\"carousel-item \">\n                    <img decoding=\"async\" src=\"https:\/\/plsk.eu\/wp-content\/uploads\/2026\/03\/Droga-Drewna-INTERREG-Wisla-026-scaled.jpg\" alt=\"Dwa parasole ogrodowe, przy kt\u00f3rych znajduj\u0105 si\u0119 trzy osoby, przed kt\u00f3rymi znajduj\u0105 si\u0119 sztalugi malarskie Dva z\u00e1hradn\u00e9 slne\u010dn\u00edky, pod ktor\u00fdmi stoja traja \u013eudia, pred ktor\u00fdmi s\u00fa stojany.\" class=\"img_all\">\n                    <div class=\"row\">\n\n                      <div class=\"col-xxl-12 col-xl-12 col-lg-12 col-md-12 col-sm-12\">\n                        <div class=\"img_caption\">\n                          <div class=\"cap_text\">\n                                                                                  <\/div>\n                          <div class=\"cap_num\">\n                            <strong> 9 z 28<\/strong>\n                          <\/div>\n\n                        <\/div>\n                      <\/div>\n\n                    <\/div>\n                  <\/div>\n                                    \n                                    <div class=\"carousel-item \">\n                    <img decoding=\"async\" src=\"https:\/\/plsk.eu\/wp-content\/uploads\/2026\/03\/Droga-Drewna-INTERREG-Wisla-025-scaled.jpg\" alt=\"Dwa parasole ogrodowe, przy kt\u00f3rych znajduj\u0105 si\u0119 dwie osoby, przed kt\u00f3rymi znajduj\u0105 si\u0119 sztalugi malarskie Dva z\u00e1hradn\u00e9 slne\u010dn\u00edky, pod ktor\u00fdmi stoja traja \u013eudia, pred ktor\u00fdmi s\u00fa stojany.\" class=\"img_all\">\n                    <div class=\"row\">\n\n                      <div class=\"col-xxl-12 col-xl-12 col-lg-12 col-md-12 col-sm-12\">\n                        <div class=\"img_caption\">\n                          <div class=\"cap_text\">\n                                                                                  <\/div>\n                          <div class=\"cap_num\">\n                            <strong> 10 z 28<\/strong>\n                          <\/div>\n\n                        <\/div>\n                      <\/div>\n\n                    <\/div>\n                  <\/div>\n                                    \n                                    <div class=\"carousel-item \">\n                    <img decoding=\"async\" src=\"https:\/\/plsk.eu\/wp-content\/uploads\/2026\/03\/Droga-Drewna-INTERREG-Wisla-024-scaled.jpg\" alt=\"Czterech m\u0119\u017cczyzn siedzi pod namiotem imprezowym i rze\u017abi w drewnie \u0160tyria mu\u017ei sedia pod p\u00e1rty stanom a vyrez\u00e1vaj\u00fa drevo.\" class=\"img_all\">\n                    <div class=\"row\">\n\n                      <div class=\"col-xxl-12 col-xl-12 col-lg-12 col-md-12 col-sm-12\">\n                        <div class=\"img_caption\">\n                          <div class=\"cap_text\">\n                                                                                  <\/div>\n                          <div class=\"cap_num\">\n                            <strong> 11 z 28<\/strong>\n                          <\/div>\n\n                        <\/div>\n                      <\/div>\n\n                    <\/div>\n                  <\/div>\n                                    \n                                    <div class=\"carousel-item \">\n                    <img decoding=\"async\" src=\"https:\/\/plsk.eu\/wp-content\/uploads\/2026\/03\/Droga-Drewna-INTERREG-Wisla-022-scaled.jpg\" alt=\"Na pierwszym planie drewniana rze\u017aba kobiety. Za ni\u0105 zdj\u0119cia porozwieszane na sznurkach pomi\u0119dzy drzewami. W tle wida\u0107 ludzi, kt\u00f3rzy s\u0142uchaj\u0105 wyst\u0119p\u00f3w festiwalowych V popred\u00ed je dreven\u00e1 socha \u017eeny. Za \u0148ou s\u00fa fotografie zavesen\u00e9 na \u0161n\u00farach medzi stromami. V pozad\u00ed s\u00fa vidie\u0165 \u013eudia, ktor\u00ed po\u010d\u00favaj\u00fa festivalov\u00e9 vyst\u00fapenia.\" class=\"img_all\">\n                    <div class=\"row\">\n\n                      <div class=\"col-xxl-12 col-xl-12 col-lg-12 col-md-12 col-sm-12\">\n                        <div class=\"img_caption\">\n                          <div class=\"cap_text\">\n                                                                                  <\/div>\n                          <div class=\"cap_num\">\n                            <strong> 12 z 28<\/strong>\n                          <\/div>\n\n                        <\/div>\n                      <\/div>\n\n                    <\/div>\n                  <\/div>\n                                    \n                                    <div class=\"carousel-item \">\n                    <img decoding=\"async\" src=\"https:\/\/plsk.eu\/wp-content\/uploads\/2026\/03\/Droga-Drewna-INTERREG-Wisla-016-scaled.jpg\" alt=\"Grupa trzech kobiet i czterech m\u0119\u017cczyzn stoi na zaimprowizowanej scenie przy drzewie w strojach regionalnych, \u015bpiewa i gra na instrumentach Skupina troch \u017eien a \u0161tyroch mu\u017eov stoj\u00ed na improvizovanom p\u00f3diu pri strome v region\u00e1lnych krojoch, spieva a hr\u00e1 na hudobn\u00fdch n\u00e1strojoch.\" class=\"img_all\">\n                    <div class=\"row\">\n\n                      <div class=\"col-xxl-12 col-xl-12 col-lg-12 col-md-12 col-sm-12\">\n                        <div class=\"img_caption\">\n                          <div class=\"cap_text\">\n                                                                                  <\/div>\n                          <div class=\"cap_num\">\n                            <strong> 13 z 28<\/strong>\n                          <\/div>\n\n                        <\/div>\n                      <\/div>\n\n                    <\/div>\n                  <\/div>\n                                    \n                                    <div class=\"carousel-item \">\n                    <img decoding=\"async\" src=\"https:\/\/plsk.eu\/wp-content\/uploads\/2026\/03\/Droga-Drewna-INTERREG-Wisla-014-scaled.jpg\" alt=\"Na pierwszym planie drewniana rze\u017aba diab\u0142a, za ni\u0105 koce i le\u017caki, na kt\u00f3rych siedz\u0105 i le\u017c\u0105 kobiety i m\u0119\u017cczy\u017ani. W oddali wida\u0107 scen\u0119 festiwalow\u0105 a za ni\u0105 namioty festiwalowe V popred\u00ed je dreven\u00e1 socha diabla, za \u0148ou deky a le\u017eadl\u00e1, na ktor\u00fdch sedia a le\u017eia \u017eeny a mu\u017ei. V dia\u013eke je vidie\u0165 festivalov\u00e9 p\u00f3dium a za n\u00edm festivalov\u00e9 stany.\" class=\"img_all\">\n                    <div class=\"row\">\n\n                      <div class=\"col-xxl-12 col-xl-12 col-lg-12 col-md-12 col-sm-12\">\n                        <div class=\"img_caption\">\n                          <div class=\"cap_text\">\n                                                                                  <\/div>\n                          <div class=\"cap_num\">\n                            <strong> 14 z 28<\/strong>\n                          <\/div>\n\n                        <\/div>\n                      <\/div>\n\n                    <\/div>\n                  <\/div>\n                                    \n                                    <div class=\"carousel-item \">\n                    <img decoding=\"async\" src=\"https:\/\/plsk.eu\/wp-content\/uploads\/2026\/03\/Droga-Drewna-INTERREG-Wisla-013-scaled.jpg\" alt=\"Grupa czterech kobiet z instrumentami stoi na zaimprowizowanej scenie, gra i \u015bpiewa Skupina \u0161tyroch \u017eien s hudobn\u00fdmi n\u00e1strojmi stoj\u00ed na improvizovanom p\u00f3diu, hr\u00e1 a spieva.\" class=\"img_all\">\n                    <div class=\"row\">\n\n                      <div class=\"col-xxl-12 col-xl-12 col-lg-12 col-md-12 col-sm-12\">\n                        <div class=\"img_caption\">\n                          <div class=\"cap_text\">\n                                                                                  <\/div>\n                          <div class=\"cap_num\">\n                            <strong> 15 z 28<\/strong>\n                          <\/div>\n\n                        <\/div>\n                      <\/div>\n\n                    <\/div>\n                  <\/div>\n                                    \n                                    <div class=\"carousel-item \">\n                    <img decoding=\"async\" src=\"https:\/\/plsk.eu\/wp-content\/uploads\/2026\/03\/Droga-Drewna-INTERREG-Wisla-012-scaled.jpg\" alt=\"Na pierwszym planie zdj\u0119cia porozwieszane na sznurkach pomi\u0119dzy drzewami. W tle wida\u0107 ludzi, kt\u00f3rzy s\u0142uchaj\u0105 wyst\u0119p\u00f3w festiwalowych V popred\u00ed s\u00fa fotografie zavesen\u00e9 na \u0161n\u00farach medzi stromami. V pozad\u00ed s\u00fa vidie\u0165 \u013eudia, ktor\u00ed po\u010d\u00favaj\u00fa festivalov\u00e9 vyst\u00fapenia.\" class=\"img_all\">\n                    <div class=\"row\">\n\n                      <div class=\"col-xxl-12 col-xl-12 col-lg-12 col-md-12 col-sm-12\">\n                        <div class=\"img_caption\">\n                          <div class=\"cap_text\">\n                                                                                  <\/div>\n                          <div class=\"cap_num\">\n                            <strong> 16 z 28<\/strong>\n                          <\/div>\n\n                        <\/div>\n                      <\/div>\n\n                    <\/div>\n                  <\/div>\n                                    \n                                    <div class=\"carousel-item \">\n                    <img decoding=\"async\" src=\"https:\/\/plsk.eu\/wp-content\/uploads\/2026\/03\/Droga-Drewna-INTERREG-Wisla-011-scaled.jpg\" alt=\"Na pierwszym planie zdj\u0119cia porozwieszane na sznurkach pomi\u0119dzy drzewami. W tle wida\u0107 ludzi, kt\u00f3rzy s\u0142uchaj\u0105 wyst\u0119p\u00f3w festiwalowych V popred\u00ed s\u00fa fotografie zavesen\u00e9 na \u0161n\u00farach medzi stromami. V pozad\u00ed s\u00fa vidie\u0165 \u013eudia, ktor\u00ed po\u010d\u00favaj\u00fa festivalov\u00e9 vyst\u00fapenia.\" class=\"img_all\">\n                    <div class=\"row\">\n\n                      <div class=\"col-xxl-12 col-xl-12 col-lg-12 col-md-12 col-sm-12\">\n                        <div class=\"img_caption\">\n                          <div class=\"cap_text\">\n                                                                                  <\/div>\n                          <div class=\"cap_num\">\n                            <strong> 17 z 28<\/strong>\n                          <\/div>\n\n                        <\/div>\n                      <\/div>\n\n                    <\/div>\n                  <\/div>\n                                    \n                                    <div class=\"carousel-item \">\n                    <img decoding=\"async\" src=\"https:\/\/plsk.eu\/wp-content\/uploads\/2026\/03\/Droga-Drewna-INTERREG-Wisla-007-scaled.jpg\" alt=\"Grupa kobiet, m\u0119\u017cczyzn i dzieci siedzi na kocach i le\u017cakach w parku s\u0142uchaj\u0105c wyst\u0119p\u00f3w festiwalowych Skupina \u017eien, mu\u017eov a det\u00ed sed\u00ed na dek\u00e1ch a le\u017eadl\u00e1ch v parku a po\u010d\u00fava festivalov\u00e9 vyst\u00fapenia.\" class=\"img_all\">\n                    <div class=\"row\">\n\n                      <div class=\"col-xxl-12 col-xl-12 col-lg-12 col-md-12 col-sm-12\">\n                        <div class=\"img_caption\">\n                          <div class=\"cap_text\">\n                                                                                  <\/div>\n                          <div class=\"cap_num\">\n                            <strong> 18 z 28<\/strong>\n                          <\/div>\n\n                        <\/div>\n                      <\/div>\n\n                    <\/div>\n                  <\/div>\n                                    \n                                    <div class=\"carousel-item \">\n                    <img decoding=\"async\" src=\"https:\/\/plsk.eu\/wp-content\/uploads\/2026\/03\/Droga-Drewna-INTERREG-Wisla-005-scaled.jpg\" alt=\"Grupa kobiet, m\u0119\u017cczyzn i dzieci siedzi na kocach i le\u017cakach w parku s\u0142uchaj\u0105c wyst\u0119p\u00f3w festiwalowych Skupina \u017eien, mu\u017eov a det\u00ed sed\u00ed na dek\u00e1ch a le\u017eadl\u00e1ch v parku a po\u010d\u00fava festivalov\u00e9 vyst\u00fapenia.\" class=\"img_all\">\n                    <div class=\"row\">\n\n                      <div class=\"col-xxl-12 col-xl-12 col-lg-12 col-md-12 col-sm-12\">\n                        <div class=\"img_caption\">\n                          <div class=\"cap_text\">\n                                                                                  <\/div>\n                          <div class=\"cap_num\">\n                            <strong> 19 z 28<\/strong>\n                          <\/div>\n\n                        <\/div>\n                      <\/div>\n\n                    <\/div>\n                  <\/div>\n                                    \n                                    <div class=\"carousel-item \">\n                    <img decoding=\"async\" src=\"https:\/\/plsk.eu\/wp-content\/uploads\/2026\/03\/202510-Wisla-Ruzomberk-INTERREG-095.jpg\" alt=\"Grupa os\u00f3b stoi na szczycie tarasu widokowego. W tle wida\u0107 zalesione szczyty beskidu \u017cywieckiego Skupina \u013eud\u00ed stoj\u00ed na vrchole vyhliadkovej terasy. V pozad\u00ed vidno zalesnen\u00e9 vrcholy \u017divi\u010dsk\u00fdch Besk\u00fdd.\" class=\"img_all\">\n                    <div class=\"row\">\n\n                      <div class=\"col-xxl-12 col-xl-12 col-lg-12 col-md-12 col-sm-12\">\n                        <div class=\"img_caption\">\n                          <div class=\"cap_text\">\n                                                                                  <\/div>\n                          <div class=\"cap_num\">\n                            <strong> 20 z 28<\/strong>\n                          <\/div>\n\n                        <\/div>\n                      <\/div>\n\n                    <\/div>\n                  <\/div>\n                                    \n                                    <div class=\"carousel-item \">\n                    <img decoding=\"async\" src=\"https:\/\/plsk.eu\/wp-content\/uploads\/2026\/03\/202510-Wisla-Ruzomberk-INTERREG-040.jpg\" alt=\"Grupa ludzi zwiedza teren skansenu spaceruj\u0105c alejkami wzd\u0142u\u017c drewnianych budynk\u00f3w Skupina \u013eud\u00ed nav\u0161tevuje skanzen a prech\u00e1dza sa po chodn\u00edkoch medzi dreven\u00fdmi budovami.\" class=\"img_all\">\n                    <div class=\"row\">\n\n                      <div class=\"col-xxl-12 col-xl-12 col-lg-12 col-md-12 col-sm-12\">\n                        <div class=\"img_caption\">\n                          <div class=\"cap_text\">\n                                                                                  <\/div>\n                          <div class=\"cap_num\">\n                            <strong> 21 z 28<\/strong>\n                          <\/div>\n\n                        <\/div>\n                      <\/div>\n\n                    <\/div>\n                  <\/div>\n                                    \n                                    <div class=\"carousel-item \">\n                    <img decoding=\"async\" src=\"https:\/\/plsk.eu\/wp-content\/uploads\/2026\/03\/202510-Wisla-Ruzomberk-INTERREG-029.jpg\" alt=\"Grupa kobiet i m\u0119\u017cczyzn pozuje do zdj\u0119cia na tle tablicy informacyjnej projektu Drog\u0105 drewna - w\u015br\u00f3d zabytk\u00f3w architektury drewnianej i dziedzictwa przyrodniczego w Wi\u015ble i Ru\u017comberoku Skupina \u017eien a mu\u017eov p\u00f3zuje na fotografii pred informa\u010dnou tabu\u013eou projektu Dreven\u00e1 cesta \u2013 medzi dreven\u00fdmi architektonick\u00fdmi pamiatkami a pr\u00edrodn\u00fdmi pamiatkami vo Wisle a Ru\u017eomberku.\" class=\"img_all\">\n                    <div class=\"row\">\n\n                      <div class=\"col-xxl-12 col-xl-12 col-lg-12 col-md-12 col-sm-12\">\n                        <div class=\"img_caption\">\n                          <div class=\"cap_text\">\n                                                                                  <\/div>\n                          <div class=\"cap_num\">\n                            <strong> 22 z 28<\/strong>\n                          <\/div>\n\n                        <\/div>\n                      <\/div>\n\n                    <\/div>\n                  <\/div>\n                                    \n                                    <div class=\"carousel-item \">\n                    <img decoding=\"async\" src=\"https:\/\/plsk.eu\/wp-content\/uploads\/2026\/03\/202510-Wisla-Ruzomberk-INTERREG-023.jpg\" alt=\"Kobiety i m\u0119\u017cczy\u017ani siedz\u0105 na krzes\u0142ach w sali i s\u0142uchaj\u0105 m\u0119\u017cczyzny, kt\u00f3ry stoi przy ekranie. Za m\u0119\u017cczyzn\u0105 roll-up z informacjami o projekcie \u017deny a mu\u017ei sedia na stoli\u010dk\u00e1ch v miestnosti a po\u010d\u00favaj\u00fa mu\u017ea stojaceho pred obrazovkou. Za mu\u017eom je rozvinut\u00fd banner s inform\u00e1ciami o projekte.\" class=\"img_all\">\n                    <div class=\"row\">\n\n                      <div class=\"col-xxl-12 col-xl-12 col-lg-12 col-md-12 col-sm-12\">\n                        <div class=\"img_caption\">\n                          <div class=\"cap_text\">\n                                                                                  <\/div>\n                          <div class=\"cap_num\">\n                            <strong> 23 z 28<\/strong>\n                          <\/div>\n\n                        <\/div>\n                      <\/div>\n\n                    <\/div>\n                  <\/div>\n                                    \n                                    <div class=\"carousel-item \">\n                    <img decoding=\"async\" src=\"https:\/\/plsk.eu\/wp-content\/uploads\/2026\/03\/202510-Wisla-Ruzomberk-INTERREG-020.jpg\" alt=\"Zdj\u0119cie plakatu w dw\u00f3ch j\u0119zykach, powieszonego na drewnianych drzwiach, informuj\u0105cego o trzydniowym pobycie studyjnym w Wi\u015ble w ramach projektu Fotografia dvojjazy\u010dn\u00e9ho plag\u00e1tu vyvesen\u00e9ho na dreven\u00fdch dver\u00e1ch, ktor\u00fd oznamuje trojd\u0148ov\u00fa \u0161tudijn\u00fa n\u00e1v\u0161tevu mesta Wis\u0142a v r\u00e1mci projektu.\" class=\"img_all\">\n                    <div class=\"row\">\n\n                      <div class=\"col-xxl-12 col-xl-12 col-lg-12 col-md-12 col-sm-12\">\n                        <div class=\"img_caption\">\n                          <div class=\"cap_text\">\n                                                                                  <\/div>\n                          <div class=\"cap_num\">\n                            <strong> 24 z 28<\/strong>\n                          <\/div>\n\n                        <\/div>\n                      <\/div>\n\n                    <\/div>\n                  <\/div>\n                                    \n                                    <div class=\"carousel-item \">\n                    <img decoding=\"async\" src=\"https:\/\/plsk.eu\/wp-content\/uploads\/2026\/03\/202510-Wisla-Ruzomberk-INTERREG-014.jpg\" alt=\"\u015acie\u017cka piesza z kamienia powsta\u0142a w ramach projektu. W tle drzewa i tablica informuj\u0105ca o wsparciu ze \u015brodk\u00f3w programu V r\u00e1mci projektu bola vybudovan\u00e1 kamenn\u00e1 chodn\u00edk. V pozad\u00ed s\u00fa stromy a tabu\u013ea informuj\u00faca o podpore z prostriedkov programu.\" class=\"img_all\">\n                    <div class=\"row\">\n\n                      <div class=\"col-xxl-12 col-xl-12 col-lg-12 col-md-12 col-sm-12\">\n                        <div class=\"img_caption\">\n                          <div class=\"cap_text\">\n                                                                                  <\/div>\n                          <div class=\"cap_num\">\n                            <strong> 25 z 28<\/strong>\n                          <\/div>\n\n                        <\/div>\n                      <\/div>\n\n                    <\/div>\n                  <\/div>\n                                    \n                                    <div class=\"carousel-item \">\n                    <img decoding=\"async\" src=\"https:\/\/plsk.eu\/wp-content\/uploads\/2026\/03\/202510-Wisla-Ruzomberk-INTERREG-010.jpg\" alt=\"Grupa kobiet i m\u0119\u017cczyzn siedzi wewn\u0105trz muzeum regionalnego i s\u0142ucha m\u0119\u017cczyzny, kt\u00f3ry opowiada o zbiorach Skupina \u017eien a mu\u017eov sed\u00ed v region\u00e1lnom m\u00fazeu a po\u010d\u00fava mu\u017ea, ktor\u00fd rozpr\u00e1va o zbierkach.\" class=\"img_all\">\n                    <div class=\"row\">\n\n                      <div class=\"col-xxl-12 col-xl-12 col-lg-12 col-md-12 col-sm-12\">\n                        <div class=\"img_caption\">\n                          <div class=\"cap_text\">\n                                                                                  <\/div>\n                          <div class=\"cap_num\">\n                            <strong> 26 z 28<\/strong>\n                          <\/div>\n\n                        <\/div>\n                      <\/div>\n\n                    <\/div>\n                  <\/div>\n                                    \n                                    <div class=\"carousel-item \">\n                    <img decoding=\"async\" src=\"https:\/\/plsk.eu\/wp-content\/uploads\/2026\/03\/202510-Wisla-Ruzomberk-INTERREG-009.jpg\" alt=\"Grupa kobiet i m\u0119\u017cczyzn siedzi wewn\u0105trz muzeum regionalnego i s\u0142ucha m\u0119\u017cczyzny, kt\u00f3ry opowiada o zbiorach Skupina \u017eien a mu\u017eov sed\u00ed v region\u00e1lnom m\u00fazeu a po\u010d\u00fava mu\u017ea, ktor\u00fd rozpr\u00e1va o zbierkach.\" class=\"img_all\">\n                    <div class=\"row\">\n\n                      <div class=\"col-xxl-12 col-xl-12 col-lg-12 col-md-12 col-sm-12\">\n                        <div class=\"img_caption\">\n                          <div class=\"cap_text\">\n                                                                                  <\/div>\n                          <div class=\"cap_num\">\n                            <strong> 27 z 28<\/strong>\n                          <\/div>\n\n                        <\/div>\n                      <\/div>\n\n                    <\/div>\n                  <\/div>\n                                    \n                                    <div class=\"carousel-item \">\n                    <img decoding=\"async\" src=\"https:\/\/plsk.eu\/wp-content\/uploads\/2026\/03\/202510-Wisla-Ruzomberk-INTERREG-006.jpg\" alt=\"Grupa kobiet i m\u0119\u017cczyzn stoi na mo\u015bcie nad rzek\u0105 i macha do zdj\u0119cia Skupina \u017eien a mu\u017eov stoj\u00ed na moste nad riekou a m\u00e1va na fotografiu.\" class=\"img_all\">\n                    <div class=\"row\">\n\n                      <div class=\"col-xxl-12 col-xl-12 col-lg-12 col-md-12 col-sm-12\">\n                        <div class=\"img_caption\">\n                          <div class=\"cap_text\">\n                                                                                  <\/div>\n                          <div class=\"cap_num\">\n                            <strong> 28 z 28<\/strong>\n                          <\/div>\n\n                        <\/div>\n                      <\/div>\n\n                    <\/div>\n                  <\/div>\n                                    \n                <\/div>\n\n              <\/div>\n\n            <\/div>\n            <div class=\"col-xxl-2 col-xl-2 col-lg-2 col-md-2 col-sm-2 gal_right\">\n              <button type=\"button\" data-bs-target=\"#carouselExample7888\" data-bs-slide=\"next\"\n                aria-label=\"\u010eal\u0161\u00ed obr\u00e1zok\"> <img decoding=\"async\"\n                  src=\"https:\/\/plsk.eu\/wp-content\/themes\/fundusze\/assets\/images\/next.svg\" alt=\"\"><\/button>\n            <\/div>\n\n          <\/div>\n\n\n          <div class=\"row no_desk\">\n\n            <div class=\"col-xxl-8 col-xl-8 col-lg-8 col-md-8 col-sm-8\">\n\n              <div id=\"carouselExample7888mob7888\" class=\"carousel slide\" data-bs-interval=\"50000\"\n                data-bs-ride=\"carousel\">\n\n                <div class=\"carousel-inner\">\n\n                  \n                                    <div class=\"carousel-item  active \">\n                    <img decoding=\"async\" src=\"https:\/\/plsk.eu\/wp-content\/uploads\/2026\/03\/Droga-Drewna-INTERREG-Wisla-072-scaled.jpg\" alt=\"Grupa kobiet i m\u0119\u017cczyzn w kolorowych strojach regionalnych wyst\u0119puj\u0105 na scenie Skupina \u017eien a mu\u017eov v pestr\u00fdch region\u00e1lnych krojoch vystupuje na javisku.\" class=\"img_all\">\n                    <div class=\"row\">\n\n                      <div class=\"col-xxl-12 col-xl-12 col-lg-12 col-md-12 col-sm-12\">\n                        <div class=\"img_caption\">\n                          <div class=\"cap_text\">\n                            \n                                                      <\/div>\n                          <div class=\"cap_num\">\n                            <strong> 1 z 28<\/strong>\n                          <\/div>\n\n                        <\/div>\n                      <\/div>\n\n                    <\/div>\n                  <\/div>\n                  \n                                    <div class=\"carousel-item \">\n                    <img decoding=\"async\" src=\"https:\/\/plsk.eu\/wp-content\/uploads\/2026\/03\/Droga-Drewna-INTERREG-Wisla-071-scaled.jpg\" alt=\"Grupa kobiet i m\u0119\u017cczyzn w kolorowych strojach regionalnych wyst\u0119puj\u0105 na scenie Skupina \u017eien a mu\u017eov v pestr\u00fdch region\u00e1lnych krojoch vystupuje na javisku.\" class=\"img_all\">\n                    <div class=\"row\">\n\n                      <div class=\"col-xxl-12 col-xl-12 col-lg-12 col-md-12 col-sm-12\">\n                        <div class=\"img_caption\">\n                          <div class=\"cap_text\">\n                            \n                                                      <\/div>\n                          <div class=\"cap_num\">\n                            <strong> 2 z 28<\/strong>\n                          <\/div>\n\n                        <\/div>\n                      <\/div>\n\n                    <\/div>\n                  <\/div>\n                  \n                                    <div class=\"carousel-item \">\n                    <img decoding=\"async\" src=\"https:\/\/plsk.eu\/wp-content\/uploads\/2026\/03\/Droga-Drewna-INTERREG-Wisla-067-scaled.jpg\" alt=\"M\u0119\u017cczyzna w tradycyjnym stroju g\u00f3ralskim stoi nad drewnianymi narz\u0119dziami do produkcji sera Mu\u017e v tradi\u010dnom horskom kroji stoj\u00ed ved\u013ea dreven\u00fdch n\u00e1strojov pou\u017e\u00edvan\u00fdch na v\u00fdrobu syra.\" class=\"img_all\">\n                    <div class=\"row\">\n\n                      <div class=\"col-xxl-12 col-xl-12 col-lg-12 col-md-12 col-sm-12\">\n                        <div class=\"img_caption\">\n                          <div class=\"cap_text\">\n                            \n                                                      <\/div>\n                          <div class=\"cap_num\">\n                            <strong> 3 z 28<\/strong>\n                          <\/div>\n\n                        <\/div>\n                      <\/div>\n\n                    <\/div>\n                  <\/div>\n                  \n                                    <div class=\"carousel-item \">\n                    <img decoding=\"async\" src=\"https:\/\/plsk.eu\/wp-content\/uploads\/2026\/03\/Droga-Drewna-INTERREG-Wisla-061.jpg\" alt=\"Dw\u00f3ch m\u0119\u017cczyzn i kobieta w tradycyjnym stroju g\u00f3ralskim stoj\u0105 nad drewnianymi narz\u0119dziami do produkcji sera Mu\u017e v tradi\u010dnom horskom kroji stoj\u00ed ved\u013ea dreven\u00fdch n\u00e1strojov pou\u017e\u00edvan\u00fdch na v\u00fdrobu syra.\" class=\"img_all\">\n                    <div class=\"row\">\n\n                      <div class=\"col-xxl-12 col-xl-12 col-lg-12 col-md-12 col-sm-12\">\n                        <div class=\"img_caption\">\n                          <div class=\"cap_text\">\n                            \n                                                      <\/div>\n                          <div class=\"cap_num\">\n                            <strong> 4 z 28<\/strong>\n                          <\/div>\n\n                        <\/div>\n                      <\/div>\n\n                    <\/div>\n                  <\/div>\n                  \n                                    <div class=\"carousel-item \">\n                    <img decoding=\"async\" src=\"https:\/\/plsk.eu\/wp-content\/uploads\/2026\/03\/Droga-Drewna-INTERREG-Wisla-056-scaled.jpg\" alt=\"Grupa m\u0142odych kobiet i m\u0119\u017cczyzn w strojach regionalnych ta\u0144czy na scenie Skupina mlad\u00fdch \u017eien a mu\u017eov v region\u00e1lnych krojoch tancuje na javisku.\" class=\"img_all\">\n                    <div class=\"row\">\n\n                      <div class=\"col-xxl-12 col-xl-12 col-lg-12 col-md-12 col-sm-12\">\n                        <div class=\"img_caption\">\n                          <div class=\"cap_text\">\n                            \n                                                      <\/div>\n                          <div class=\"cap_num\">\n                            <strong> 5 z 28<\/strong>\n                          <\/div>\n\n                        <\/div>\n                      <\/div>\n\n                    <\/div>\n                  <\/div>\n                  \n                                    <div class=\"carousel-item \">\n                    <img decoding=\"async\" src=\"https:\/\/plsk.eu\/wp-content\/uploads\/2026\/03\/Droga-Drewna-INTERREG-Wisla-051-scaled.jpg\" alt=\"Grupa m\u0142odych kobiet i m\u0119\u017cczyzn w strojach regionalnych ta\u0144czy na scenie Skupina mlad\u00fdch \u017eien a mu\u017eov v region\u00e1lnych krojoch tancuje na javisku.\" class=\"img_all\">\n                    <div class=\"row\">\n\n                      <div class=\"col-xxl-12 col-xl-12 col-lg-12 col-md-12 col-sm-12\">\n                        <div class=\"img_caption\">\n                          <div class=\"cap_text\">\n                            \n                                                      <\/div>\n                          <div class=\"cap_num\">\n                            <strong> 6 z 28<\/strong>\n                          <\/div>\n\n                        <\/div>\n                      <\/div>\n\n                    <\/div>\n                  <\/div>\n                  \n                                    <div class=\"carousel-item \">\n                    <img decoding=\"async\" src=\"https:\/\/plsk.eu\/wp-content\/uploads\/2026\/03\/Droga-Drewna-INTERREG-Wisla-039-scaled.jpg\" alt=\"Grupa m\u0142odych kobiet i m\u0119\u017cczyzn w strojach regionalnych \u015bpiewa na scenie Skupina mlad\u00fdch \u017eien a mu\u017eov v region\u00e1lnych krojoch tancuje na javisku.\" class=\"img_all\">\n                    <div class=\"row\">\n\n                      <div class=\"col-xxl-12 col-xl-12 col-lg-12 col-md-12 col-sm-12\">\n                        <div class=\"img_caption\">\n                          <div class=\"cap_text\">\n                            \n                                                      <\/div>\n                          <div class=\"cap_num\">\n                            <strong> 7 z 28<\/strong>\n                          <\/div>\n\n                        <\/div>\n                      <\/div>\n\n                    <\/div>\n                  <\/div>\n                  \n                                    <div class=\"carousel-item \">\n                    <img decoding=\"async\" src=\"https:\/\/plsk.eu\/wp-content\/uploads\/2026\/03\/Droga-Drewna-INTERREG-Wisla-032-scaled.jpg\" alt=\"Kamienny teren wok\u00f3\u0142 budynku schroniska, na kt\u00f3rym znajduj\u0105 si\u0119 namioty i le\u017caki. Przy namiotach siedz\u0105 na krzes\u0142ach ludzie Kamenn\u00e1 plocha okolo budovy hostela, kde s\u00fa stany a le\u017eadl\u00e1. \u013dudia sedia na stoli\u010dk\u00e1ch pri stanoch.\" class=\"img_all\">\n                    <div class=\"row\">\n\n                      <div class=\"col-xxl-12 col-xl-12 col-lg-12 col-md-12 col-sm-12\">\n                        <div class=\"img_caption\">\n                          <div class=\"cap_text\">\n                            \n                                                      <\/div>\n                          <div class=\"cap_num\">\n                            <strong> 8 z 28<\/strong>\n                          <\/div>\n\n                        <\/div>\n                      <\/div>\n\n                    <\/div>\n                  <\/div>\n                  \n                                    <div class=\"carousel-item \">\n                    <img decoding=\"async\" src=\"https:\/\/plsk.eu\/wp-content\/uploads\/2026\/03\/Droga-Drewna-INTERREG-Wisla-026-scaled.jpg\" alt=\"Dwa parasole ogrodowe, przy kt\u00f3rych znajduj\u0105 si\u0119 trzy osoby, przed kt\u00f3rymi znajduj\u0105 si\u0119 sztalugi malarskie Dva z\u00e1hradn\u00e9 slne\u010dn\u00edky, pod ktor\u00fdmi stoja traja \u013eudia, pred ktor\u00fdmi s\u00fa stojany.\" class=\"img_all\">\n                    <div class=\"row\">\n\n                      <div class=\"col-xxl-12 col-xl-12 col-lg-12 col-md-12 col-sm-12\">\n                        <div class=\"img_caption\">\n                          <div class=\"cap_text\">\n                            \n                                                      <\/div>\n                          <div class=\"cap_num\">\n                            <strong> 9 z 28<\/strong>\n                          <\/div>\n\n                        <\/div>\n                      <\/div>\n\n                    <\/div>\n                  <\/div>\n                  \n                                    <div class=\"carousel-item \">\n                    <img decoding=\"async\" src=\"https:\/\/plsk.eu\/wp-content\/uploads\/2026\/03\/Droga-Drewna-INTERREG-Wisla-025-scaled.jpg\" alt=\"Dwa parasole ogrodowe, przy kt\u00f3rych znajduj\u0105 si\u0119 dwie osoby, przed kt\u00f3rymi znajduj\u0105 si\u0119 sztalugi malarskie Dva z\u00e1hradn\u00e9 slne\u010dn\u00edky, pod ktor\u00fdmi stoja traja \u013eudia, pred ktor\u00fdmi s\u00fa stojany.\" class=\"img_all\">\n                    <div class=\"row\">\n\n                      <div class=\"col-xxl-12 col-xl-12 col-lg-12 col-md-12 col-sm-12\">\n                        <div class=\"img_caption\">\n                          <div class=\"cap_text\">\n                            \n                                                      <\/div>\n                          <div class=\"cap_num\">\n                            <strong> 10 z 28<\/strong>\n                          <\/div>\n\n                        <\/div>\n                      <\/div>\n\n                    <\/div>\n                  <\/div>\n                  \n                                    <div class=\"carousel-item \">\n                    <img decoding=\"async\" src=\"https:\/\/plsk.eu\/wp-content\/uploads\/2026\/03\/Droga-Drewna-INTERREG-Wisla-024-scaled.jpg\" alt=\"Czterech m\u0119\u017cczyzn siedzi pod namiotem imprezowym i rze\u017abi w drewnie \u0160tyria mu\u017ei sedia pod p\u00e1rty stanom a vyrez\u00e1vaj\u00fa drevo.\" class=\"img_all\">\n                    <div class=\"row\">\n\n                      <div class=\"col-xxl-12 col-xl-12 col-lg-12 col-md-12 col-sm-12\">\n                        <div class=\"img_caption\">\n                          <div class=\"cap_text\">\n                            \n                                                      <\/div>\n                          <div class=\"cap_num\">\n                            <strong> 11 z 28<\/strong>\n                          <\/div>\n\n                        <\/div>\n                      <\/div>\n\n                    <\/div>\n                  <\/div>\n                  \n                                    <div class=\"carousel-item \">\n                    <img decoding=\"async\" src=\"https:\/\/plsk.eu\/wp-content\/uploads\/2026\/03\/Droga-Drewna-INTERREG-Wisla-022-scaled.jpg\" alt=\"Na pierwszym planie drewniana rze\u017aba kobiety. Za ni\u0105 zdj\u0119cia porozwieszane na sznurkach pomi\u0119dzy drzewami. W tle wida\u0107 ludzi, kt\u00f3rzy s\u0142uchaj\u0105 wyst\u0119p\u00f3w festiwalowych V popred\u00ed je dreven\u00e1 socha \u017eeny. Za \u0148ou s\u00fa fotografie zavesen\u00e9 na \u0161n\u00farach medzi stromami. V pozad\u00ed s\u00fa vidie\u0165 \u013eudia, ktor\u00ed po\u010d\u00favaj\u00fa festivalov\u00e9 vyst\u00fapenia.\" class=\"img_all\">\n                    <div class=\"row\">\n\n                      <div class=\"col-xxl-12 col-xl-12 col-lg-12 col-md-12 col-sm-12\">\n                        <div class=\"img_caption\">\n                          <div class=\"cap_text\">\n                            \n                                                      <\/div>\n                          <div class=\"cap_num\">\n                            <strong> 12 z 28<\/strong>\n                          <\/div>\n\n                        <\/div>\n                      <\/div>\n\n                    <\/div>\n                  <\/div>\n                  \n                                    <div class=\"carousel-item \">\n                    <img decoding=\"async\" src=\"https:\/\/plsk.eu\/wp-content\/uploads\/2026\/03\/Droga-Drewna-INTERREG-Wisla-016-scaled.jpg\" alt=\"Grupa trzech kobiet i czterech m\u0119\u017cczyzn stoi na zaimprowizowanej scenie przy drzewie w strojach regionalnych, \u015bpiewa i gra na instrumentach Skupina troch \u017eien a \u0161tyroch mu\u017eov stoj\u00ed na improvizovanom p\u00f3diu pri strome v region\u00e1lnych krojoch, spieva a hr\u00e1 na hudobn\u00fdch n\u00e1strojoch.\" class=\"img_all\">\n                    <div class=\"row\">\n\n                      <div class=\"col-xxl-12 col-xl-12 col-lg-12 col-md-12 col-sm-12\">\n                        <div class=\"img_caption\">\n                          <div class=\"cap_text\">\n                            \n                                                      <\/div>\n                          <div class=\"cap_num\">\n                            <strong> 13 z 28<\/strong>\n                          <\/div>\n\n                        <\/div>\n                      <\/div>\n\n                    <\/div>\n                  <\/div>\n                  \n                                    <div class=\"carousel-item \">\n                    <img decoding=\"async\" src=\"https:\/\/plsk.eu\/wp-content\/uploads\/2026\/03\/Droga-Drewna-INTERREG-Wisla-014-scaled.jpg\" alt=\"Na pierwszym planie drewniana rze\u017aba diab\u0142a, za ni\u0105 koce i le\u017caki, na kt\u00f3rych siedz\u0105 i le\u017c\u0105 kobiety i m\u0119\u017cczy\u017ani. W oddali wida\u0107 scen\u0119 festiwalow\u0105 a za ni\u0105 namioty festiwalowe V popred\u00ed je dreven\u00e1 socha diabla, za \u0148ou deky a le\u017eadl\u00e1, na ktor\u00fdch sedia a le\u017eia \u017eeny a mu\u017ei. V dia\u013eke je vidie\u0165 festivalov\u00e9 p\u00f3dium a za n\u00edm festivalov\u00e9 stany.\" class=\"img_all\">\n                    <div class=\"row\">\n\n                      <div class=\"col-xxl-12 col-xl-12 col-lg-12 col-md-12 col-sm-12\">\n                        <div class=\"img_caption\">\n                          <div class=\"cap_text\">\n                            \n                                                      <\/div>\n                          <div class=\"cap_num\">\n                            <strong> 14 z 28<\/strong>\n                          <\/div>\n\n                        <\/div>\n                      <\/div>\n\n                    <\/div>\n                  <\/div>\n                  \n                                    <div class=\"carousel-item \">\n                    <img decoding=\"async\" src=\"https:\/\/plsk.eu\/wp-content\/uploads\/2026\/03\/Droga-Drewna-INTERREG-Wisla-013-scaled.jpg\" alt=\"Grupa czterech kobiet z instrumentami stoi na zaimprowizowanej scenie, gra i \u015bpiewa Skupina \u0161tyroch \u017eien s hudobn\u00fdmi n\u00e1strojmi stoj\u00ed na improvizovanom p\u00f3diu, hr\u00e1 a spieva.\" class=\"img_all\">\n                    <div class=\"row\">\n\n                      <div class=\"col-xxl-12 col-xl-12 col-lg-12 col-md-12 col-sm-12\">\n                        <div class=\"img_caption\">\n                          <div class=\"cap_text\">\n                            \n                                                      <\/div>\n                          <div class=\"cap_num\">\n                            <strong> 15 z 28<\/strong>\n                          <\/div>\n\n                        <\/div>\n                      <\/div>\n\n                    <\/div>\n                  <\/div>\n                  \n                                    <div class=\"carousel-item \">\n                    <img decoding=\"async\" src=\"https:\/\/plsk.eu\/wp-content\/uploads\/2026\/03\/Droga-Drewna-INTERREG-Wisla-012-scaled.jpg\" alt=\"Na pierwszym planie zdj\u0119cia porozwieszane na sznurkach pomi\u0119dzy drzewami. W tle wida\u0107 ludzi, kt\u00f3rzy s\u0142uchaj\u0105 wyst\u0119p\u00f3w festiwalowych V popred\u00ed s\u00fa fotografie zavesen\u00e9 na \u0161n\u00farach medzi stromami. V pozad\u00ed s\u00fa vidie\u0165 \u013eudia, ktor\u00ed po\u010d\u00favaj\u00fa festivalov\u00e9 vyst\u00fapenia.\" class=\"img_all\">\n                    <div class=\"row\">\n\n                      <div class=\"col-xxl-12 col-xl-12 col-lg-12 col-md-12 col-sm-12\">\n                        <div class=\"img_caption\">\n                          <div class=\"cap_text\">\n                            \n                                                      <\/div>\n                          <div class=\"cap_num\">\n                            <strong> 16 z 28<\/strong>\n                          <\/div>\n\n                        <\/div>\n                      <\/div>\n\n                    <\/div>\n                  <\/div>\n                  \n                                    <div class=\"carousel-item \">\n                    <img decoding=\"async\" src=\"https:\/\/plsk.eu\/wp-content\/uploads\/2026\/03\/Droga-Drewna-INTERREG-Wisla-011-scaled.jpg\" alt=\"Na pierwszym planie zdj\u0119cia porozwieszane na sznurkach pomi\u0119dzy drzewami. W tle wida\u0107 ludzi, kt\u00f3rzy s\u0142uchaj\u0105 wyst\u0119p\u00f3w festiwalowych V popred\u00ed s\u00fa fotografie zavesen\u00e9 na \u0161n\u00farach medzi stromami. V pozad\u00ed s\u00fa vidie\u0165 \u013eudia, ktor\u00ed po\u010d\u00favaj\u00fa festivalov\u00e9 vyst\u00fapenia.\" class=\"img_all\">\n                    <div class=\"row\">\n\n                      <div class=\"col-xxl-12 col-xl-12 col-lg-12 col-md-12 col-sm-12\">\n                        <div class=\"img_caption\">\n                          <div class=\"cap_text\">\n                            \n                                                      <\/div>\n                          <div class=\"cap_num\">\n                            <strong> 17 z 28<\/strong>\n                          <\/div>\n\n                        <\/div>\n                      <\/div>\n\n                    <\/div>\n                  <\/div>\n                  \n                                    <div class=\"carousel-item \">\n                    <img decoding=\"async\" src=\"https:\/\/plsk.eu\/wp-content\/uploads\/2026\/03\/Droga-Drewna-INTERREG-Wisla-007-scaled.jpg\" alt=\"Grupa kobiet, m\u0119\u017cczyzn i dzieci siedzi na kocach i le\u017cakach w parku s\u0142uchaj\u0105c wyst\u0119p\u00f3w festiwalowych Skupina \u017eien, mu\u017eov a det\u00ed sed\u00ed na dek\u00e1ch a le\u017eadl\u00e1ch v parku a po\u010d\u00fava festivalov\u00e9 vyst\u00fapenia.\" class=\"img_all\">\n                    <div class=\"row\">\n\n                      <div class=\"col-xxl-12 col-xl-12 col-lg-12 col-md-12 col-sm-12\">\n                        <div class=\"img_caption\">\n                          <div class=\"cap_text\">\n                            \n                                                      <\/div>\n                          <div class=\"cap_num\">\n                            <strong> 18 z 28<\/strong>\n                          <\/div>\n\n                        <\/div>\n                      <\/div>\n\n                    <\/div>\n                  <\/div>\n                  \n                                    <div class=\"carousel-item \">\n                    <img decoding=\"async\" src=\"https:\/\/plsk.eu\/wp-content\/uploads\/2026\/03\/Droga-Drewna-INTERREG-Wisla-005-scaled.jpg\" alt=\"Grupa kobiet, m\u0119\u017cczyzn i dzieci siedzi na kocach i le\u017cakach w parku s\u0142uchaj\u0105c wyst\u0119p\u00f3w festiwalowych Skupina \u017eien, mu\u017eov a det\u00ed sed\u00ed na dek\u00e1ch a le\u017eadl\u00e1ch v parku a po\u010d\u00fava festivalov\u00e9 vyst\u00fapenia.\" class=\"img_all\">\n                    <div class=\"row\">\n\n                      <div class=\"col-xxl-12 col-xl-12 col-lg-12 col-md-12 col-sm-12\">\n                        <div class=\"img_caption\">\n                          <div class=\"cap_text\">\n                            \n                                                      <\/div>\n                          <div class=\"cap_num\">\n                            <strong> 19 z 28<\/strong>\n                          <\/div>\n\n                        <\/div>\n                      <\/div>\n\n                    <\/div>\n                  <\/div>\n                  \n                                    <div class=\"carousel-item \">\n                    <img decoding=\"async\" src=\"https:\/\/plsk.eu\/wp-content\/uploads\/2026\/03\/202510-Wisla-Ruzomberk-INTERREG-095.jpg\" alt=\"Grupa os\u00f3b stoi na szczycie tarasu widokowego. W tle wida\u0107 zalesione szczyty beskidu \u017cywieckiego Skupina \u013eud\u00ed stoj\u00ed na vrchole vyhliadkovej terasy. V pozad\u00ed vidno zalesnen\u00e9 vrcholy \u017divi\u010dsk\u00fdch Besk\u00fdd.\" class=\"img_all\">\n                    <div class=\"row\">\n\n                      <div class=\"col-xxl-12 col-xl-12 col-lg-12 col-md-12 col-sm-12\">\n                        <div class=\"img_caption\">\n                          <div class=\"cap_text\">\n                            \n                                                      <\/div>\n                          <div class=\"cap_num\">\n                            <strong> 20 z 28<\/strong>\n                          <\/div>\n\n                        <\/div>\n                      <\/div>\n\n                    <\/div>\n                  <\/div>\n                  \n                                    <div class=\"carousel-item \">\n                    <img decoding=\"async\" src=\"https:\/\/plsk.eu\/wp-content\/uploads\/2026\/03\/202510-Wisla-Ruzomberk-INTERREG-040.jpg\" alt=\"Grupa ludzi zwiedza teren skansenu spaceruj\u0105c alejkami wzd\u0142u\u017c drewnianych budynk\u00f3w Skupina \u013eud\u00ed nav\u0161tevuje skanzen a prech\u00e1dza sa po chodn\u00edkoch medzi dreven\u00fdmi budovami.\" class=\"img_all\">\n                    <div class=\"row\">\n\n                      <div class=\"col-xxl-12 col-xl-12 col-lg-12 col-md-12 col-sm-12\">\n                        <div class=\"img_caption\">\n                          <div class=\"cap_text\">\n                            \n                                                      <\/div>\n                          <div class=\"cap_num\">\n                            <strong> 21 z 28<\/strong>\n                          <\/div>\n\n                        <\/div>\n                      <\/div>\n\n                    <\/div>\n                  <\/div>\n                  \n                                    <div class=\"carousel-item \">\n                    <img decoding=\"async\" src=\"https:\/\/plsk.eu\/wp-content\/uploads\/2026\/03\/202510-Wisla-Ruzomberk-INTERREG-029.jpg\" alt=\"Grupa kobiet i m\u0119\u017cczyzn pozuje do zdj\u0119cia na tle tablicy informacyjnej projektu Drog\u0105 drewna - w\u015br\u00f3d zabytk\u00f3w architektury drewnianej i dziedzictwa przyrodniczego w Wi\u015ble i Ru\u017comberoku Skupina \u017eien a mu\u017eov p\u00f3zuje na fotografii pred informa\u010dnou tabu\u013eou projektu Dreven\u00e1 cesta \u2013 medzi dreven\u00fdmi architektonick\u00fdmi pamiatkami a pr\u00edrodn\u00fdmi pamiatkami vo Wisle a Ru\u017eomberku.\" class=\"img_all\">\n                    <div class=\"row\">\n\n                      <div class=\"col-xxl-12 col-xl-12 col-lg-12 col-md-12 col-sm-12\">\n                        <div class=\"img_caption\">\n                          <div class=\"cap_text\">\n                            \n                                                      <\/div>\n                          <div class=\"cap_num\">\n                            <strong> 22 z 28<\/strong>\n                          <\/div>\n\n                        <\/div>\n                      <\/div>\n\n                    <\/div>\n                  <\/div>\n                  \n                                    <div class=\"carousel-item \">\n                    <img decoding=\"async\" src=\"https:\/\/plsk.eu\/wp-content\/uploads\/2026\/03\/202510-Wisla-Ruzomberk-INTERREG-023.jpg\" alt=\"Kobiety i m\u0119\u017cczy\u017ani siedz\u0105 na krzes\u0142ach w sali i s\u0142uchaj\u0105 m\u0119\u017cczyzny, kt\u00f3ry stoi przy ekranie. Za m\u0119\u017cczyzn\u0105 roll-up z informacjami o projekcie \u017deny a mu\u017ei sedia na stoli\u010dk\u00e1ch v miestnosti a po\u010d\u00favaj\u00fa mu\u017ea stojaceho pred obrazovkou. Za mu\u017eom je rozvinut\u00fd banner s inform\u00e1ciami o projekte.\" class=\"img_all\">\n                    <div class=\"row\">\n\n                      <div class=\"col-xxl-12 col-xl-12 col-lg-12 col-md-12 col-sm-12\">\n                        <div class=\"img_caption\">\n                          <div class=\"cap_text\">\n                            \n                                                      <\/div>\n                          <div class=\"cap_num\">\n                            <strong> 23 z 28<\/strong>\n                          <\/div>\n\n                        <\/div>\n                      <\/div>\n\n                    <\/div>\n                  <\/div>\n                  \n                                    <div class=\"carousel-item \">\n                    <img decoding=\"async\" src=\"https:\/\/plsk.eu\/wp-content\/uploads\/2026\/03\/202510-Wisla-Ruzomberk-INTERREG-020.jpg\" alt=\"Zdj\u0119cie plakatu w dw\u00f3ch j\u0119zykach, powieszonego na drewnianych drzwiach, informuj\u0105cego o trzydniowym pobycie studyjnym w Wi\u015ble w ramach projektu Fotografia dvojjazy\u010dn\u00e9ho plag\u00e1tu vyvesen\u00e9ho na dreven\u00fdch dver\u00e1ch, ktor\u00fd oznamuje trojd\u0148ov\u00fa \u0161tudijn\u00fa n\u00e1v\u0161tevu mesta Wis\u0142a v r\u00e1mci projektu.\" class=\"img_all\">\n                    <div class=\"row\">\n\n                      <div class=\"col-xxl-12 col-xl-12 col-lg-12 col-md-12 col-sm-12\">\n                        <div class=\"img_caption\">\n                          <div class=\"cap_text\">\n                            \n                                                      <\/div>\n                          <div class=\"cap_num\">\n                            <strong> 24 z 28<\/strong>\n                          <\/div>\n\n                        <\/div>\n                      <\/div>\n\n                    <\/div>\n                  <\/div>\n                  \n                                    <div class=\"carousel-item \">\n                    <img decoding=\"async\" src=\"https:\/\/plsk.eu\/wp-content\/uploads\/2026\/03\/202510-Wisla-Ruzomberk-INTERREG-014.jpg\" alt=\"\u015acie\u017cka piesza z kamienia powsta\u0142a w ramach projektu. W tle drzewa i tablica informuj\u0105ca o wsparciu ze \u015brodk\u00f3w programu V r\u00e1mci projektu bola vybudovan\u00e1 kamenn\u00e1 chodn\u00edk. V pozad\u00ed s\u00fa stromy a tabu\u013ea informuj\u00faca o podpore z prostriedkov programu.\" class=\"img_all\">\n                    <div class=\"row\">\n\n                      <div class=\"col-xxl-12 col-xl-12 col-lg-12 col-md-12 col-sm-12\">\n                        <div class=\"img_caption\">\n                          <div class=\"cap_text\">\n                            \n                                                      <\/div>\n                          <div class=\"cap_num\">\n                            <strong> 25 z 28<\/strong>\n                          <\/div>\n\n                        <\/div>\n                      <\/div>\n\n                    <\/div>\n                  <\/div>\n                  \n                                    <div class=\"carousel-item \">\n                    <img decoding=\"async\" src=\"https:\/\/plsk.eu\/wp-content\/uploads\/2026\/03\/202510-Wisla-Ruzomberk-INTERREG-010.jpg\" alt=\"Grupa kobiet i m\u0119\u017cczyzn siedzi wewn\u0105trz muzeum regionalnego i s\u0142ucha m\u0119\u017cczyzny, kt\u00f3ry opowiada o zbiorach Skupina \u017eien a mu\u017eov sed\u00ed v region\u00e1lnom m\u00fazeu a po\u010d\u00fava mu\u017ea, ktor\u00fd rozpr\u00e1va o zbierkach.\" class=\"img_all\">\n                    <div class=\"row\">\n\n                      <div class=\"col-xxl-12 col-xl-12 col-lg-12 col-md-12 col-sm-12\">\n                        <div class=\"img_caption\">\n                          <div class=\"cap_text\">\n                            \n                                                      <\/div>\n                          <div class=\"cap_num\">\n                            <strong> 26 z 28<\/strong>\n                          <\/div>\n\n                        <\/div>\n                      <\/div>\n\n                    <\/div>\n                  <\/div>\n                  \n                                    <div class=\"carousel-item \">\n                    <img decoding=\"async\" src=\"https:\/\/plsk.eu\/wp-content\/uploads\/2026\/03\/202510-Wisla-Ruzomberk-INTERREG-009.jpg\" alt=\"Grupa kobiet i m\u0119\u017cczyzn siedzi wewn\u0105trz muzeum regionalnego i s\u0142ucha m\u0119\u017cczyzny, kt\u00f3ry opowiada o zbiorach Skupina \u017eien a mu\u017eov sed\u00ed v region\u00e1lnom m\u00fazeu a po\u010d\u00fava mu\u017ea, ktor\u00fd rozpr\u00e1va o zbierkach.\" class=\"img_all\">\n                    <div class=\"row\">\n\n                      <div class=\"col-xxl-12 col-xl-12 col-lg-12 col-md-12 col-sm-12\">\n                        <div class=\"img_caption\">\n                          <div class=\"cap_text\">\n                            \n                                                      <\/div>\n                          <div class=\"cap_num\">\n                            <strong> 27 z 28<\/strong>\n                          <\/div>\n\n                        <\/div>\n                      <\/div>\n\n                    <\/div>\n                  <\/div>\n                  \n                                    <div class=\"carousel-item \">\n                    <img decoding=\"async\" src=\"https:\/\/plsk.eu\/wp-content\/uploads\/2026\/03\/202510-Wisla-Ruzomberk-INTERREG-006.jpg\" alt=\"Grupa kobiet i m\u0119\u017cczyzn stoi na mo\u015bcie nad rzek\u0105 i macha do zdj\u0119cia Skupina \u017eien a mu\u017eov stoj\u00ed na moste nad riekou a m\u00e1va na fotografiu.\" class=\"img_all\">\n                    <div class=\"row\">\n\n                      <div class=\"col-xxl-12 col-xl-12 col-lg-12 col-md-12 col-sm-12\">\n                        <div class=\"img_caption\">\n                          <div class=\"cap_text\">\n                            \n                                                      <\/div>\n                          <div class=\"cap_num\">\n                            <strong> 28 z 28<\/strong>\n                          <\/div>\n\n                        <\/div>\n                      <\/div>\n\n                    <\/div>\n                  <\/div>\n                                  <\/div>\n              <\/div>\n\n            <\/div>\n            <div class=\"col-xxl-2 col-xl-2 col-lg-2 col-md-2 col-sm-12 gal_arrow mb-30px\">\n              <img decoding=\"async\" src=\"https:\/\/plsk.eu\/wp-content\/themes\/fundusze\/assets\/images\/back.svg\"\n                data-bs-target=\"#carouselExample7888mob7888\" data-bs-slide=\"prev\" alt=\"\"> <img decoding=\"async\"\n                src=\"https:\/\/plsk.eu\/wp-content\/themes\/fundusze\/assets\/images\/next.svg\"\n                data-bs-target=\"#carouselExample7888mob7888\" data-bs-slide=\"next\" alt=\"\">\n            <\/div>\n\n          <\/div>\n      <\/div>\n    <\/div>\n  <\/div>\n\n  \n\n\n<hr class=\"wp-block-separator has-alpha-channel-opacity is-style-default\"\/>\n\n\n\n<div class=\"wp-block-media-text is-stacked-on-mobile is-image-fill-element\"><figure class=\"wp-block-media-text__media\"><img loading=\"lazy\" decoding=\"async\" width=\"1024\" height=\"455\" src=\"https:\/\/plsk.eu\/wp-content\/uploads\/2025\/09\/Cestou-dreva-1024x455.png\" alt=\"\" class=\"wp-image-41527 size-full\" style=\"object-position:50% 50%\" srcset=\"https:\/\/plsk.eu\/wp-content\/uploads\/2025\/09\/Cestou-dreva-1024x455.png 1024w, https:\/\/plsk.eu\/wp-content\/uploads\/2025\/09\/Cestou-dreva-300x133.png 300w, https:\/\/plsk.eu\/wp-content\/uploads\/2025\/09\/Cestou-dreva-768x341.png 768w, https:\/\/plsk.eu\/wp-content\/uploads\/2025\/09\/Cestou-dreva-1536x683.png 1536w, https:\/\/plsk.eu\/wp-content\/uploads\/2025\/09\/Cestou-dreva.png 1800w\" sizes=\"auto, (max-width: 1024px) 100vw, 1024px\" \/><\/figure><div class=\"wp-block-media-text__content\">\n<p>Rozhovor so z\u00e1stupcom projektov\u00e9ho partnera<\/p>\n\n\n\n<div class=\"wp-block-buttons is-content-justification-center is-layout-flex wp-container-core-buttons-is-layout-14c487f4 wp-block-buttons-is-layout-flex\">\n<div class=\"wp-block-button is-style-outline is-style-outline--1\"><a class=\"wp-block-button__link has-white-color has-text-color has-background has-link-color has-medium-font-size has-custom-font-size wp-element-button\" href=\"https:\/\/plsk.eu\/sk\/co-sa-deje-v-projektoch-cestou-dreva-pamiatkami-drevenej-architektury-a-prirodneho-dedicstva-vo-wisle-a-ruzomberku\/\" style=\"border-radius:10px;background-color:#183d8e;font-style:normal;font-weight:500\" target=\"_blank\" rel=\"noreferrer noopener\">\u010d\u00edtaj<\/a><\/div>\n<\/div>\n<\/div><\/div>\n\n\n\n<hr class=\"wp-block-separator has-alpha-channel-opacity is-style-default\"\/>\n\n\n\n<div class=\"wp-block-media-text is-stacked-on-mobile is-image-fill-element\"><figure class=\"wp-block-media-text__media\"><img loading=\"lazy\" decoding=\"async\" width=\"683\" height=\"1024\" src=\"https:\/\/plsk.eu\/wp-content\/uploads\/2026\/04\/20260416_12-Velke-683x1024.jpg\" alt=\"Bia\u0142a torba promocyjna z logotypem programu i grafik\u0105 z napisem drog\u0105 drewna Biela reklamn\u00e1 ta\u0161ka s logom programu a grafikou s n\u00e1pisom \u201eCesta dreva\u201c\" class=\"wp-image-43627 size-full\" style=\"object-position:50% 50%\" srcset=\"https:\/\/plsk.eu\/wp-content\/uploads\/2026\/04\/20260416_12-Velke-683x1024.jpg 683w, https:\/\/plsk.eu\/wp-content\/uploads\/2026\/04\/20260416_12-Velke-200x300.jpg 200w, https:\/\/plsk.eu\/wp-content\/uploads\/2026\/04\/20260416_12-Velke-768x1152.jpg 768w, https:\/\/plsk.eu\/wp-content\/uploads\/2026\/04\/20260416_12-Velke-1024x1536.jpg 1024w, https:\/\/plsk.eu\/wp-content\/uploads\/2026\/04\/20260416_12-Velke.jpg 1080w\" sizes=\"auto, (max-width: 683px) 100vw, 683px\" \/><\/figure><div class=\"wp-block-media-text__content\">\n<p>Z\u00e1vere\u010dn\u00e1 konferencia projektu<\/p>\n\n\n\n<div class=\"wp-block-buttons is-content-justification-center is-layout-flex wp-container-core-buttons-is-layout-14c487f4 wp-block-buttons-is-layout-flex\">\n<div class=\"wp-block-button is-style-outline is-style-outline--2\"><a class=\"wp-block-button__link has-white-color has-text-color has-background has-link-color has-medium-font-size has-custom-font-size wp-element-button\" href=\"https:\/\/plsk.eu\/sk\/cestou-dreva-zaverecna-konferencia-projektu\/\" style=\"border-radius:10px;background-color:#183d8e;font-style:normal;font-weight:500\" target=\"_blank\" rel=\"noreferrer noopener\">\u010d\u00edtaj<\/a><\/div>\n<\/div>\n<\/div><\/div>\n\n\n\n<hr class=\"wp-block-separator has-alpha-channel-opacity is-style-default\"\/>\n","protected":false},"featured_media":42970,"menu_order":0,"template":"","meta":{"_acf_changed":false,"inline_featured_image":false,"_themeisle_gutenberg_block_has_review":false,"footnotes":"","_links_to":"","_links_to_target":""},"kategoria_historii":[1928],"historii_partner_wiodacy":[2312],"historii_partner_projektu":[2462],"regiony":[],"powiaty":[],"class_list":["post-39155","historii","type-historii","status-publish","has-post-thumbnail","hentry","kategoria_historii-2021-2027-sk","historii_partner_wiodacy-miasto-ruzomberk-sk","historii_partner_projektu-obec-wisla"],"acf":[],"_links":{"self":[{"href":"https:\/\/plsk.eu\/sk\/wp-json\/wp\/v2\/historii\/39155","targetHints":{"allow":["GET"]}}],"collection":[{"href":"https:\/\/plsk.eu\/sk\/wp-json\/wp\/v2\/historii"}],"about":[{"href":"https:\/\/plsk.eu\/sk\/wp-json\/wp\/v2\/types\/historii"}],"version-history":[{"count":6,"href":"https:\/\/plsk.eu\/sk\/wp-json\/wp\/v2\/historii\/39155\/revisions"}],"predecessor-version":[{"id":43680,"href":"https:\/\/plsk.eu\/sk\/wp-json\/wp\/v2\/historii\/39155\/revisions\/43680"}],"wp:featuredmedia":[{"embeddable":true,"href":"https:\/\/plsk.eu\/sk\/wp-json\/wp\/v2\/media\/42970"}],"wp:attachment":[{"href":"https:\/\/plsk.eu\/sk\/wp-json\/wp\/v2\/media?parent=39155"}],"wp:term":[{"taxonomy":"kategoria_historii","embeddable":true,"href":"https:\/\/plsk.eu\/sk\/wp-json\/wp\/v2\/kategoria_historii?post=39155"},{"taxonomy":"historii_partner_wiodacy","embeddable":true,"href":"https:\/\/plsk.eu\/sk\/wp-json\/wp\/v2\/historii_partner_wiodacy?post=39155"},{"taxonomy":"historii_partner_projektu","embeddable":true,"href":"https:\/\/plsk.eu\/sk\/wp-json\/wp\/v2\/historii_partner_projektu?post=39155"},{"taxonomy":"regiony","embeddable":true,"href":"https:\/\/plsk.eu\/sk\/wp-json\/wp\/v2\/regiony?post=39155"},{"taxonomy":"powiaty","embeddable":true,"href":"https:\/\/plsk.eu\/sk\/wp-json\/wp\/v2\/powiaty?post=39155"}],"curies":[{"name":"wp","href":"https:\/\/api.w.org\/{rel}","templated":true}]}}