{"id":35535,"date":"2024-09-30T09:22:00","date_gmt":"2024-09-30T07:22:00","guid":{"rendered":"https:\/\/plsk.eu\/mapa-projektow\/"},"modified":"2024-12-23T10:21:06","modified_gmt":"2024-12-23T09:21:06","slug":"mapa-projektov","status":"publish","type":"page","link":"https:\/\/plsk.eu\/sk\/mapa-projektov\/","title":{"rendered":"Mapa projektov"},"content":{"rendered":"\r\n<div\r\n  class=\"map-projects contact-with-spokesman-wrapper__map__list-wrapper--tooltip \">\r\n  <!-- map-projects -->\r\n  <div class=\"row\">\r\n\r\n    <div class=\"col-lg-12 col-md-12\">\r\n\r\n\r\n      \r\n\r\n      \r\n      \r\n    <\/div>\r\n\r\n\r\n    <div class=\"col-lg-12 col-md-12\">\r\n      <form method=\"post\" action=\"https:\/\/plsk.eu\/sk\/mapa-projektov\/\">\r\n        <fieldset>\r\n          <input name=\"wpnonce\" type=\"hidden\" value=\"10f3a11edc\">\r\n          <input name=\"sortorder\" id=\"sortorder\" type=\"hidden\" value=\"desc\">\r\n          <div>\r\n            <div class=\"feux-md-background-gray-12 mb-30px\">\r\n              <div class=\"container-sm py-2 px-2 py-lg-0 g-0\">\r\n              <ul class=\"ps-0 d-lg-flex w-100 flex-lg-wrap\">\r\n                      <li class=\"feux-filtry__item pipe\">\r\n                        <div class=\"dropdown\">\r\n                          <button class=\"feux-filtry__dropdown-btn\" type=\"button\" id=\"search\" data-bs-toggle=\"dropdown\"\r\n                            data-bs-auto-close=\"false\" aria-expanded=\"false\">\r\n                            <svg width=\"26\" height=\"26\" viewBox=\"0 0 26 26\" fill=\"none\"\r\n                              xmlns=\"http:\/\/www.w3.org\/2000\/svg\">\r\n                              <path fill-rule=\"evenodd\" clip-rule=\"evenodd\"\r\n                                d=\"M15.5842 16.7328C12.713 19.0324 8.51033 18.8514 5.84881 16.1899C2.9931 13.3342 2.9931 8.70415 5.84881 5.84845C8.70452 2.99274 13.3345 2.99274 16.1903 5.84845C18.8518 8.50996 19.0328 12.7127 16.7332 15.5838L22.3185 21.1691C22.6358 21.4864 22.6358 22.0008 22.3185 22.3181C22.0012 22.6354 21.4867 22.6354 21.1694 22.3181L15.5842 16.7328ZM6.99786 15.0408C4.77675 12.8197 4.77675 9.2186 6.99786 6.99749C9.21897 4.77639 12.8201 4.77639 15.0412 6.99749C17.2607 9.21697 17.2623 12.8144 15.0461 15.0359C15.0444 15.0376 15.0428 15.0392 15.0412 15.0408C15.0396 15.0424 15.0379 15.0441 15.0363 15.0457C12.8148 17.2619 9.21734 17.2603 6.99786 15.0408Z\"\r\n                                fill=\"#1B1B1B\" \/>\r\n                            <\/svg>\r\n                            <span class=\"visually-hidden\">Vyh\u013eadajte obsah<\/span>\r\n                          <\/button>\r\n                          <div class=\"dropdown-menu p-0 feux-dropdown__menu--filtry\" aria-labelledby=\"search\">\r\n                            <div class=\"dropdown-menu__header\">\r\n                              <div class=\"clearfix\">\r\n                                <p class=\"float-start pt-1 text-bold text-c-darkgray text-16px mb-0\">\r\n                                  Vyh\u013eadajte obsah<\/p>\r\n\r\n                                <button type=\"button\"\r\n                                  class=\"float-end feux-btn-link--darkgray feux-btn-link--close-icon btn-sm\"\r\n                                  data-close-dropdown=\"search\">\r\n                                  Zavrie\u0165                                  <span class=\"visually-hidden\">list\u0119 filtr\u00f3w<\/span>\r\n                                <\/button>\r\n                              <\/div>\r\n\r\n                              <div class=\"mt-20px\">\r\n                                <div class=\"feux-form__icon--search\">\r\n                                  <input name=\"searchkey\" type=\"text\" class=\"form-control-lg feux-form__input--blue-10\"\r\n                                    id=\"search1\" placeholder=\"H\u013eada\u0165\"\r\n                                    value=\"\"\r\n                                    oninput=\"dropdownSearchOnInput(event)\" \/>\r\n                                  <button id=\"clearsearch1\" type=\"button\"\r\n                                    class=\"btn-link-clear feux-btn-link__center-svg w-24px h-24px d-none\"\r\n                                    data-clear-input=\"search1\" onclick=\"clearInput(event)\">\r\n                                    <span>\r\n                                      <svg width=\"9\" height=\"9\" viewBox=\"0 0 9 9\" fill=\"none\"\r\n                                        xmlns=\"http:\/\/www.w3.org\/2000\/svg\">\r\n                                        <path\r\n                                          d=\"M7.12971 8.05772C7.38599 8.314 7.80151 8.314 8.05779 8.05772C8.31407 7.80144 8.31407 7.38592 8.05779 7.12964L5.42824 4.50009L8.05779 1.87054C8.31407 1.61426 8.31407 1.19875 8.05779 0.942463C7.80151 0.686182 7.38599 0.686182 7.12971 0.942463L4.50016 3.57201L1.8706 0.942455C1.61432 0.686174 1.19881 0.686173 0.942527 0.942455C0.686245 1.19874 0.686245 1.61425 0.942527 1.87053L3.57208 4.50009L0.942526 7.12965C0.686244 7.38593 0.686244 7.80144 0.942526 8.05772C1.19881 8.31401 1.61432 8.31401 1.8706 8.05773L4.50016 5.42817L7.12971 8.05772Z\"\r\n                                          fill=\"black\" \/>\r\n                                      <\/svg>\r\n                                    <\/span>\r\n                                    <span class=\"visually-hidden\">Wyczy\u015b\u0107<\/span>\r\n                                  <\/button>\r\n                                  <label for=\"search1\" class=\"d-none\">H\u013eada\u0165<\/label>\r\n                                <\/div>\r\n                              <\/div>\r\n                            <\/div>\r\n                            <div class=\"dropdown-menu__footer\">\r\n                              <button type=\"submit\" class=\"searchBtn feux-btn-primary border-0 w-100\">\r\n                                APLIKOVA\u0164                                <span class=\"visually-hidden\">Wybrane filtry<\/span>\r\n                              <\/button>\r\n                            <\/div>\r\n                          <\/div>\r\n                        <\/div>\r\n                      <\/li>\r\n                      <li class=\"feux-filtry__item pipe\">\r\n                        <!-- -->\r\n                        <div class=\"dropdown\">\r\n                          <button class=\"feux-filtry__dropdown-btn\" type=\"button\" id=\"naborypriorytet\"\r\n                            data-bs-toggle=\"dropdown\" data-bs-auto-close=\"false\" aria-expanded=\"false\">\r\n                            <span class=\"visually-hidden\">Filtruj wed\u0142ug<\/span>\r\n                            Priorita                            <svg width=\"10\" height=\"7\" viewBox=\"0 0 10 7\" fill=\"none\"\r\n                              xmlns=\"http:\/\/www.w3.org\/2000\/svg\">\r\n                              <path fill-rule=\"evenodd\" clip-rule=\"evenodd\"\r\n                                d=\"M9.53033 0.96967C9.82322 1.26256 9.82322 1.73744 9.53033 2.03033L5.53033 6.03033C5.23744 6.32322 4.76256 6.32322 4.46967 6.03033L0.46967 2.03033C0.176777 1.73744 0.176777 1.26256 0.46967 0.96967C0.762563 0.676777 1.23744 0.676777 1.53033 0.96967L5 4.43934L8.46967 0.96967C8.76256 0.676777 9.23744 0.676777 9.53033 0.96967Z\"\r\n                                fill=\"#1B1B1B\" \/>\r\n                            <\/svg>\r\n                          <\/button>\r\n                          <div class=\"dropdown-menu p-0 feux-dropdown__menu--filtry\" aria-labelledby=\"naborypriorytet\">\r\n                            <div class=\"dropdown-menu__header\">\r\n                              <div class=\"clearfix\">\r\n                                <p class=\"float-start pt-1 text-bold text-c-darkgray text-16px mb-0\">Priorytet<\/p>\r\n                                <button type=\"button\"\r\n                                  class=\"float-end feux-btn-link--darkgray feux-btn-link--close-icon btn-sm\"\r\n                                  data-close-dropdown=\"naborypriorytet\">\r\n                                  Zavrie\u0165                                  <span class=\"visually-hidden\">list\u0119 filtr\u00f3w<\/span>\r\n                                <\/button>\r\n                              <\/div>\r\n\r\n                              <div class=\"mt-20px\">\r\n                                <div class=\"feux-form__icon--search\">\r\n                                  <input type=\"text\" class=\"form-control-lg feux-form__input--blue-10\"\r\n                                    id=\"naborypriorytetsearch\" placeholder=\"H\u013eada\u0165\"\r\n                                    oninput=\"dropdownSearchOnInput(event)\" data-priorytet=\"historii_dla_kogo\" \/>\r\n                                  <button id=\"clearnaborypriorytetsearch\" type=\"button\"\r\n                                    class=\"btn-link-clear feux-btn-link__center-svg w-24px h-24px d-none\"\r\n                                    data-clear-input=\"naborypriorytetsearch\" onclick=\"clearInput(event)\">\r\n                                    <span>\r\n                                      <svg width=\"9\" height=\"9\" viewBox=\"0 0 9 9\" fill=\"none\"\r\n                                        xmlns=\"http:\/\/www.w3.org\/2000\/svg\">\r\n                                        <path\r\n                                          d=\"M7.12971 8.05772C7.38599 8.314 7.80151 8.314 8.05779 8.05772C8.31407 7.80144 8.31407 7.38592 8.05779 7.12964L5.42824 4.50009L8.05779 1.87054C8.31407 1.61426 8.31407 1.19875 8.05779 0.942463C7.80151 0.686182 7.38599 0.686182 7.12971 0.942463L4.50016 3.57201L1.8706 0.942455C1.61432 0.686174 1.19881 0.686173 0.942527 0.942455C0.686245 1.19874 0.686245 1.61425 0.942527 1.87053L3.57208 4.50009L0.942526 7.12965C0.686244 7.38593 0.686244 7.80144 0.942526 8.05772C1.19881 8.31401 1.61432 8.31401 1.8706 8.05773L4.50016 5.42817L7.12971 8.05772Z\"\r\n                                          fill=\"black\" \/>\r\n                                      <\/svg>\r\n                                    <\/span>\r\n                                    <span class=\"visually-hidden\">Wyczy\u015b\u0107<\/span>\r\n                                  <\/button>\r\n                                <\/div>\r\n                              <\/div>\r\n                                                            <div class=\"dropdown-menu__body\">\r\n                                <div id=\"firstLevelOfPriorytet\" data-action-show=\"searchFirstLevelOfPriorytet\">\r\n                                  <ul class=\"list-group list-group-flush\">\r\n                                    <li class=\"list-group-item text-14px px-0 py-2\">\r\n                                      <div class=\"form-check my-0\">\r\n                                        <input class=\"form-check-input mt-5px\"\r\n                                          aria-label=\"Vybra\u0165 v\u0161etko\" type=\"checkbox\"\r\n                                          name=\"priorytet[]\" value=\"all\" id=\"allnaborypriorytetflodkdklnr\"\r\n                                          data-toggle-checked=\"naborypriorytetflodk\"\r\n                                                                                    onclick=\"toggleAll(event)\" \/>\r\n                                        <label class=\"form-check-label text-lowercase\"\r\n                                          for=\"allnaborypriorytetflodkdklnr\">\r\n                                          Vybra\u0165 v\u0161etko                                          <span class=\"visually-hidden\">dost\u0119pne filtry<\/span>\r\n                                        <\/label>\r\n                                      <\/div>\r\n                                    <\/li>\r\n                                  <\/ul>\r\n                                  <div id=\"priorytetLista\" class=\"row mh-220px overflow-auto scrollbar-lightgray\">\r\n                                    <ul class=\"list-group list-group-flush px-12px\">\r\n                                                                            <li\r\n                                        class=\"list-group-item text-14px px-0 py-2 border-0 d-flex justify-content-between\">\r\n                                        <div class=\"form-check my-0 d-inline-block\">\r\n                                          <input aria-label=\"1. K pr\u00edrode oh\u013eadupln\u00e9 a bezpe\u010dn\u00e9 pohrani\u010die\" class=\"form-check-input mt-5px\"\r\n                                            type=\"checkbox\" name=\"priorytet[]\" value=\"1. K pr\u00edrode oh\u013eadupln\u00e9 a bezpe\u010dn\u00e9 pohrani\u010die\"\r\n                                            id=\"dlcnaborypriorytetflodk0dklnr\"\r\n                                                                                        onclick=\"disableToggleAll('naborypriorytetflodk');\" \/>\r\n                                          <label class=\"form-check-label\"\r\n                                            for=\"dlcnaborypriorytetflodk0dklnr\">\r\n                                            1. K pr\u00edrode oh\u013eadupln\u00e9 a bezpe\u010dn\u00e9 pohrani\u010die                                          <\/label>\r\n                                        <\/div>\r\n                                      <\/li>\r\n                                                                            <li\r\n                                        class=\"list-group-item text-14px px-0 py-2 border-0 d-flex justify-content-between\">\r\n                                        <div class=\"form-check my-0 d-inline-block\">\r\n                                          <input aria-label=\"2. Prepojenej\u0161ie pohrani\u010die\" class=\"form-check-input mt-5px\"\r\n                                            type=\"checkbox\" name=\"priorytet[]\" value=\"2. Prepojenej\u0161ie pohrani\u010die\"\r\n                                            id=\"dlcnaborypriorytetflodk1dklnr\"\r\n                                                                                        onclick=\"disableToggleAll('naborypriorytetflodk');\" \/>\r\n                                          <label class=\"form-check-label\"\r\n                                            for=\"dlcnaborypriorytetflodk1dklnr\">\r\n                                            2. Prepojenej\u0161ie pohrani\u010die                                          <\/label>\r\n                                        <\/div>\r\n                                      <\/li>\r\n                                                                            <li\r\n                                        class=\"list-group-item text-14px px-0 py-2 border-0 d-flex justify-content-between\">\r\n                                        <div class=\"form-check my-0 d-inline-block\">\r\n                                          <input aria-label=\"3. Tvoriv\u00e9 a turisticky atrakt\u00edvne pohrani\u010die\" class=\"form-check-input mt-5px\"\r\n                                            type=\"checkbox\" name=\"priorytet[]\" value=\"3. Tvoriv\u00e9 a turisticky atrakt\u00edvne pohrani\u010die\"\r\n                                            id=\"dlcnaborypriorytetflodk2dklnr\"\r\n                                                                                        onclick=\"disableToggleAll('naborypriorytetflodk');\" \/>\r\n                                          <label class=\"form-check-label\"\r\n                                            for=\"dlcnaborypriorytetflodk2dklnr\">\r\n                                            3. Tvoriv\u00e9 a turisticky atrakt\u00edvne pohrani\u010die                                          <\/label>\r\n                                        <\/div>\r\n                                      <\/li>\r\n                                                                            <li\r\n                                        class=\"list-group-item text-14px px-0 py-2 border-0 d-flex justify-content-between\">\r\n                                        <div class=\"form-check my-0 d-inline-block\">\r\n                                          <input aria-label=\"4. Spolupr\u00e1ca medzi in\u0161tit\u00faciami a obyvate\u013emi pohrani\u010dia\" class=\"form-check-input mt-5px\"\r\n                                            type=\"checkbox\" name=\"priorytet[]\" value=\"4. Spolupr\u00e1ca medzi in\u0161tit\u00faciami a obyvate\u013emi pohrani\u010dia\"\r\n                                            id=\"dlcnaborypriorytetflodk3dklnr\"\r\n                                                                                        onclick=\"disableToggleAll('naborypriorytetflodk');\" \/>\r\n                                          <label class=\"form-check-label\"\r\n                                            for=\"dlcnaborypriorytetflodk3dklnr\">\r\n                                            4. Spolupr\u00e1ca medzi in\u0161tit\u00faciami a obyvate\u013emi pohrani\u010dia                                          <\/label>\r\n                                        <\/div>\r\n                                      <\/li>\r\n                                                                          <\/ul>\r\n                                  <\/div>\r\n                                <\/div>\r\n\r\n                                <div class=\"dropdown-menu__footer\">\r\n                                  <button type=\"submit\" class=\"searchBtn feux-btn-primary border-0 w-100\">\r\n                                    APLIKOVA\u0164                                    <span class=\"visually-hidden\">Wybrane filtry<\/span>\r\n                                  <\/button>\r\n                                <\/div>\r\n                              <\/div>\r\n                                                          <\/div>\r\n                          <\/div>\r\n                      <\/li>\r\n                      <li class=\"feux-filtry__item pipe\">\r\n                        <!-- -->\r\n                        <div class=\"dropdown\">\r\n                          <button class=\"feux-filtry__dropdown-btn\" type=\"button\" id=\"typprojektu\"\r\n                            data-bs-toggle=\"dropdown\" data-bs-auto-close=\"false\" aria-expanded=\"false\">\r\n                            <span class=\"visually-hidden\">Filtruj wed\u0142ug<\/span>\r\n                            Typ projektu                            <svg width=\"10\" height=\"7\" viewBox=\"0 0 10 7\" fill=\"none\"\r\n                              xmlns=\"http:\/\/www.w3.org\/2000\/svg\">\r\n                              <path fill-rule=\"evenodd\" clip-rule=\"evenodd\"\r\n                                d=\"M9.53033 0.96967C9.82322 1.26256 9.82322 1.73744 9.53033 2.03033L5.53033 6.03033C5.23744 6.32322 4.76256 6.32322 4.46967 6.03033L0.46967 2.03033C0.176777 1.73744 0.176777 1.26256 0.46967 0.96967C0.762563 0.676777 1.23744 0.676777 1.53033 0.96967L5 4.43934L8.46967 0.96967C8.76256 0.676777 9.23744 0.676777 9.53033 0.96967Z\"\r\n                                fill=\"#1B1B1B\" \/>\r\n                            <\/svg>\r\n                          <\/button>\r\n                          <div class=\"dropdown-menu p-0 feux-dropdown__menu--filtry\" aria-labelledby=\"typprojektu\">\r\n                            <div class=\"dropdown-menu__header\">\r\n                              <div class=\"clearfix\">\r\n                                <p class=\"float-start pt-1 text-bold text-c-darkgray text-16px mb-0\">\r\n                                  Typ projektu<\/p>\r\n                                <button type=\"button\"\r\n                                  class=\"float-end feux-btn-link--darkgray feux-btn-link--close-icon btn-sm\"\r\n                                  data-close-dropdown=\"typprojektu\">\r\n                                  Zavrie\u0165                                  <span class=\"visually-hidden\"> list\u0119 filtr\u00f3w<\/span>\r\n                                <\/button>\r\n                              <\/div>\r\n\r\n                            <\/div>\r\n                                                        <div class=\"dropdown-menu__footer\">\r\n                              <button type=\"submit\" class=\"searchBtn feux-btn-primary border-0 w-100\">\r\n                                APLIKOVA\u0164                                <span class=\"visually-hidden\">Wybrane filtry<\/span>\r\n                              <\/button>\r\n                            <\/div>\r\n                          <\/div>\r\n                        <\/div>\r\n                      <\/li>\r\n                                            <li class=\"feux-filtry__item pipe\">\r\n                        <!-- -->\r\n                        <div class=\"dropdown\">\r\n                          <button class=\"feux-filtry__dropdown-btn\" type=\"button\" id=\"naborypartnerWiodacy\"\r\n                            data-bs-toggle=\"dropdown\" data-bs-auto-close=\"false\" aria-expanded=\"false\">\r\n                            <span class=\"visually-hidden\">Filtruj wed\u0142ug<\/span>\r\n                            Ved\u00faci partner                            <svg width=\"10\" height=\"7\" viewBox=\"0 0 10 7\" fill=\"none\"\r\n                              xmlns=\"http:\/\/www.w3.org\/2000\/svg\">\r\n                              <path fill-rule=\"evenodd\" clip-rule=\"evenodd\"\r\n                                d=\"M9.53033 0.96967C9.82322 1.26256 9.82322 1.73744 9.53033 2.03033L5.53033 6.03033C5.23744 6.32322 4.76256 6.32322 4.46967 6.03033L0.46967 2.03033C0.176777 1.73744 0.176777 1.26256 0.46967 0.96967C0.762563 0.676777 1.23744 0.676777 1.53033 0.96967L5 4.43934L8.46967 0.96967C8.76256 0.676777 9.23744 0.676777 9.53033 0.96967Z\"\r\n                                fill=\"#1B1B1B\" \/>\r\n                            <\/svg>\r\n                          <\/button>\r\n                          <div class=\"dropdown-menu p-0 feux-dropdown__menu--filtry\"\r\n                            aria-labelledby=\"naborypartnerWiodacy\">\r\n                            <div class=\"dropdown-menu__header\">\r\n                              <div class=\"clearfix\">\r\n                                <p class=\"float-start pt-1 text-bold text-c-darkgray text-16px mb-0\">Partner wiod\u0105cy<\/p>\r\n                                <button type=\"button\"\r\n                                  class=\"float-end feux-btn-link--darkgray feux-btn-link--close-icon btn-sm\"\r\n                                  data-close-dropdown=\"naborypartnerWiodacy\">\r\n                                  Zavrie\u0165                                  <span class=\"visually-hidden\">list\u0119 filtr\u00f3w<\/span>\r\n                                <\/button>\r\n                              <\/div>\r\n\r\n                              <div class=\"mt-20px\">\r\n                                <div class=\"feux-form__icon--search\">\r\n                                  <input type=\"text\" class=\"form-control-lg feux-form__input--blue-10\"\r\n                                    id=\"naborypartnerWiodacysearch\" placeholder=\"H\u013eada\u0165\"\r\n                                    oninput=\"dropdownSearchOnInput(event)\"\r\n                                    data-partnerwiodacy=\"historii_partner_wiodacy\" \/>\r\n                                  <button id=\"clearnaborypartnerWiodacysearch\" type=\"button\"\r\n                                    class=\"btn-link-clear feux-btn-link__center-svg w-24px h-24px d-none\"\r\n                                    data-clear-input=\"naborypartnerWiodacysearch\" onclick=\"clearInput(event)\">\r\n                                    <span>\r\n                                      <svg width=\"9\" height=\"9\" viewBox=\"0 0 9 9\" fill=\"none\"\r\n                                        xmlns=\"http:\/\/www.w3.org\/2000\/svg\">\r\n                                        <path\r\n                                          d=\"M7.12971 8.05772C7.38599 8.314 7.80151 8.314 8.05779 8.05772C8.31407 7.80144 8.31407 7.38592 8.05779 7.12964L5.42824 4.50009L8.05779 1.87054C8.31407 1.61426 8.31407 1.19875 8.05779 0.942463C7.80151 0.686182 7.38599 0.686182 7.12971 0.942463L4.50016 3.57201L1.8706 0.942455C1.61432 0.686174 1.19881 0.686173 0.942527 0.942455C0.686245 1.19874 0.686245 1.61425 0.942527 1.87053L3.57208 4.50009L0.942526 7.12965C0.686244 7.38593 0.686244 7.80144 0.942526 8.05772C1.19881 8.31401 1.61432 8.31401 1.8706 8.05773L4.50016 5.42817L7.12971 8.05772Z\"\r\n                                          fill=\"black\" \/>\r\n                                      <\/svg>\r\n                                    <\/span>\r\n                                    <span class=\"visually-hidden\">Wyczy\u015b\u0107<\/span>\r\n                                  <\/button>\r\n                                <\/div>\r\n                              <\/div>\r\n                                                            <div class=\"dropdown-menu__body\">\r\n                                <div id=\"firstLevelOfPartnerWiodacy\"\r\n                                  data-action-show=\"searchFirstLevelOfPartnerWiodacy\">\r\n                                  <ul class=\"list-group list-group-flush\">\r\n                                    <li class=\"list-group-item text-14px px-0 py-2\">\r\n                                      <div class=\"form-check my-0\">\r\n                                        <input class=\"form-check-input mt-5px\"\r\n                                          aria-label=\"Vybra\u0165 v\u0161etko\" type=\"checkbox\"\r\n                                          name=\"partner_wiodacy[]\" value=\"all\" id=\"allnaborypartnerWiodacyflodkdklnr\"\r\n                                          data-toggle-checked=\"naborypartnerWiodacyflodk\"\r\n                                                                                    onclick=\"toggleAll(event)\" \/>\r\n                                        <label class=\"form-check-label text-lowercase\"\r\n                                          for=\"allnaborypartnerWiodacyflodkdklnr\">\r\n                                          Vybra\u0165 v\u0161etko                                          <span class=\"visually-hidden\">dost\u0119pne filtry<\/span>\r\n                                        <\/label>\r\n                                      <\/div>\r\n                                    <\/li>\r\n                                  <\/ul>\r\n                                  <div id=\"partnerwiodacyLista\" class=\"row mh-220px overflow-auto scrollbar-lightgray\">\r\n                                    <ul class=\"list-group list-group-flush px-12px\">\r\n                                                                            <li\r\n                                        class=\"list-group-item text-14px px-0 py-2 border-0 d-flex justify-content-between\">\r\n                                        <div class=\"form-check my-0 d-inline-block\">\r\n                                          <input aria-label=\"2277\"\r\n                                            class=\"form-check-input mt-5px\" type=\"checkbox\" name=\"partner_wiodacy[]\"\r\n                                            value=\"2277\"\r\n                                            id=\"dlcnaborypartnerWiodacyflodk0dklnr\"\r\n                                                                                        onclick=\"disableToggleAll('naborypartnerWiodacyflodk');\" \/>\r\n                                          <label class=\"form-check-label\"\r\n                                            for=\"dlcnaborypartnerWiodacyflodk0dklnr\">\r\n                                            Obec Ryman\u00f3w                                          <\/label>\r\n                                        <\/div>\r\n                                      <\/li>\r\n                                                                            <li\r\n                                        class=\"list-group-item text-14px px-0 py-2 border-0 d-flex justify-content-between\">\r\n                                        <div class=\"form-check my-0 d-inline-block\">\r\n                                          <input aria-label=\"2314\"\r\n                                            class=\"form-check-input mt-5px\" type=\"checkbox\" name=\"partner_wiodacy[]\"\r\n                                            value=\"2314\"\r\n                                            id=\"dlcnaborypartnerWiodacyflodk1dklnr\"\r\n                                                                                        onclick=\"disableToggleAll('naborypartnerWiodacyflodk');\" \/>\r\n                                          <label class=\"form-check-label\"\r\n                                            for=\"dlcnaborypartnerWiodacyflodk1dklnr\">\r\n                                            Obec Stary S\u0105cz                                          <\/label>\r\n                                        <\/div>\r\n                                      <\/li>\r\n                                                                            <li\r\n                                        class=\"list-group-item text-14px px-0 py-2 border-0 d-flex justify-content-between\">\r\n                                        <div class=\"form-check my-0 d-inline-block\">\r\n                                          <input aria-label=\"2772\"\r\n                                            class=\"form-check-input mt-5px\" type=\"checkbox\" name=\"partner_wiodacy[]\"\r\n                                            value=\"2772\"\r\n                                            id=\"dlcnaborypartnerWiodacyflodk2dklnr\"\r\n                                                                                        onclick=\"disableToggleAll('naborypartnerWiodacyflodk');\" \/>\r\n                                          <label class=\"form-check-label\"\r\n                                            for=\"dlcnaborypartnerWiodacyflodk2dklnr\">\r\n                                            Mesto \u010cadca                                          <\/label>\r\n                                        <\/div>\r\n                                      <\/li>\r\n                                                                            <li\r\n                                        class=\"list-group-item text-14px px-0 py-2 border-0 d-flex justify-content-between\">\r\n                                        <div class=\"form-check my-0 d-inline-block\">\r\n                                          <input aria-label=\"2919\"\r\n                                            class=\"form-check-input mt-5px\" type=\"checkbox\" name=\"partner_wiodacy[]\"\r\n                                            value=\"2919\"\r\n                                            id=\"dlcnaborypartnerWiodacyflodk3dklnr\"\r\n                                                                                        onclick=\"disableToggleAll('naborypartnerWiodacyflodk');\" \/>\r\n                                          <label class=\"form-check-label\"\r\n                                            for=\"dlcnaborypartnerWiodacyflodk3dklnr\">\r\n                                            Obec Dukla                                          <\/label>\r\n                                        <\/div>\r\n                                      <\/li>\r\n                                                                            <li\r\n                                        class=\"list-group-item text-14px px-0 py-2 border-0 d-flex justify-content-between\">\r\n                                        <div class=\"form-check my-0 d-inline-block\">\r\n                                          <input aria-label=\"2279\"\r\n                                            class=\"form-check-input mt-5px\" type=\"checkbox\" name=\"partner_wiodacy[]\"\r\n                                            value=\"2279\"\r\n                                            id=\"dlcnaborypartnerWiodacyflodk4dklnr\"\r\n                                                                                        onclick=\"disableToggleAll('naborypartnerWiodacyflodk');\" \/>\r\n                                          <label class=\"form-check-label\"\r\n                                            for=\"dlcnaborypartnerWiodacyflodk4dklnr\">\r\n                                            Zdru\u017eenie obc\u00ed povodia Wis\u0142oky                                          <\/label>\r\n                                        <\/div>\r\n                                      <\/li>\r\n                                                                            <li\r\n                                        class=\"list-group-item text-14px px-0 py-2 border-0 d-flex justify-content-between\">\r\n                                        <div class=\"form-check my-0 d-inline-block\">\r\n                                          <input aria-label=\"2319\"\r\n                                            class=\"form-check-input mt-5px\" type=\"checkbox\" name=\"partner_wiodacy[]\"\r\n                                            value=\"2319\"\r\n                                            id=\"dlcnaborypartnerWiodacyflodk5dklnr\"\r\n                                                                                        onclick=\"disableToggleAll('naborypartnerWiodacyflodk');\" \/>\r\n                                          <label class=\"form-check-label\"\r\n                                            for=\"dlcnaborypartnerWiodacyflodk5dklnr\">\r\n                                            Obec Rajcza                                          <\/label>\r\n                                        <\/div>\r\n                                      <\/li>\r\n                                                                            <li\r\n                                        class=\"list-group-item text-14px px-0 py-2 border-0 d-flex justify-content-between\">\r\n                                        <div class=\"form-check my-0 d-inline-block\">\r\n                                          <input aria-label=\"2777\"\r\n                                            class=\"form-check-input mt-5px\" type=\"checkbox\" name=\"partner_wiodacy[]\"\r\n                                            value=\"2777\"\r\n                                            id=\"dlcnaborypartnerWiodacyflodk6dklnr\"\r\n                                                                                        onclick=\"disableToggleAll('naborypartnerWiodacyflodk');\" \/>\r\n                                          <label class=\"form-check-label\"\r\n                                            for=\"dlcnaborypartnerWiodacyflodk6dklnr\">\r\n                                            Mesto a obec Czarny Dunajec                                          <\/label>\r\n                                        <\/div>\r\n                                      <\/li>\r\n                                                                            <li\r\n                                        class=\"list-group-item text-14px px-0 py-2 border-0 d-flex justify-content-between\">\r\n                                        <div class=\"form-check my-0 d-inline-block\">\r\n                                          <input aria-label=\"2281\"\r\n                                            class=\"form-check-input mt-5px\" type=\"checkbox\" name=\"partner_wiodacy[]\"\r\n                                            value=\"2281\"\r\n                                            id=\"dlcnaborypartnerWiodacyflodk7dklnr\"\r\n                                                                                        onclick=\"disableToggleAll('naborypartnerWiodacyflodk');\" \/>\r\n                                          <label class=\"form-check-label\"\r\n                                            for=\"dlcnaborypartnerWiodacyflodk7dklnr\">\r\n                                            obec Sanok                                          <\/label>\r\n                                        <\/div>\r\n                                      <\/li>\r\n                                                                            <li\r\n                                        class=\"list-group-item text-14px px-0 py-2 border-0 d-flex justify-content-between\">\r\n                                        <div class=\"form-check my-0 d-inline-block\">\r\n                                          <input aria-label=\"2321\"\r\n                                            class=\"form-check-input mt-5px\" type=\"checkbox\" name=\"partner_wiodacy[]\"\r\n                                            value=\"2321\"\r\n                                            id=\"dlcnaborypartnerWiodacyflodk8dklnr\"\r\n                                                                                        onclick=\"disableToggleAll('naborypartnerWiodacyflodk');\" \/>\r\n                                          <label class=\"form-check-label\"\r\n                                            for=\"dlcnaborypartnerWiodacyflodk8dklnr\">\r\n                                            Cisterci\u00e1nske op\u00e1tstvo v Szczyrzyci                                          <\/label>\r\n                                        <\/div>\r\n                                      <\/li>\r\n                                                                            <li\r\n                                        class=\"list-group-item text-14px px-0 py-2 border-0 d-flex justify-content-between\">\r\n                                        <div class=\"form-check my-0 d-inline-block\">\r\n                                          <input aria-label=\"2779\"\r\n                                            class=\"form-check-input mt-5px\" type=\"checkbox\" name=\"partner_wiodacy[]\"\r\n                                            value=\"2779\"\r\n                                            id=\"dlcnaborypartnerWiodacyflodk9dklnr\"\r\n                                                                                        onclick=\"disableToggleAll('naborypartnerWiodacyflodk');\" \/>\r\n                                          <label class=\"form-check-label\"\r\n                                            for=\"dlcnaborypartnerWiodacyflodk9dklnr\">\r\n                                            Obec Rabka-Zdr\u00f3j                                          <\/label>\r\n                                        <\/div>\r\n                                      <\/li>\r\n                                                                            <li\r\n                                        class=\"list-group-item text-14px px-0 py-2 border-0 d-flex justify-content-between\">\r\n                                        <div class=\"form-check my-0 d-inline-block\">\r\n                                          <input aria-label=\"2283\"\r\n                                            class=\"form-check-input mt-5px\" type=\"checkbox\" name=\"partner_wiodacy[]\"\r\n                                            value=\"2283\"\r\n                                            id=\"dlcnaborypartnerWiodacyflodk10dklnr\"\r\n                                                                                        onclick=\"disableToggleAll('naborypartnerWiodacyflodk');\" \/>\r\n                                          <label class=\"form-check-label\"\r\n                                            for=\"dlcnaborypartnerWiodacyflodk10dklnr\">\r\n                                            Obec Kro\u015bcienko Wy\u017cne                                          <\/label>\r\n                                        <\/div>\r\n                                      <\/li>\r\n                                                                            <li\r\n                                        class=\"list-group-item text-14px px-0 py-2 border-0 d-flex justify-content-between\">\r\n                                        <div class=\"form-check my-0 d-inline-block\">\r\n                                          <input aria-label=\"2323\"\r\n                                            class=\"form-check-input mt-5px\" type=\"checkbox\" name=\"partner_wiodacy[]\"\r\n                                            value=\"2323\"\r\n                                            id=\"dlcnaborypartnerWiodacyflodk11dklnr\"\r\n                                                                                        onclick=\"disableToggleAll('naborypartnerWiodacyflodk');\" \/>\r\n                                          <label class=\"form-check-label\"\r\n                                            for=\"dlcnaborypartnerWiodacyflodk11dklnr\">\r\n                                            Obec W\u0119gierska G\u00f3rka                                          <\/label>\r\n                                        <\/div>\r\n                                      <\/li>\r\n                                                                            <li\r\n                                        class=\"list-group-item text-14px px-0 py-2 border-0 d-flex justify-content-between\">\r\n                                        <div class=\"form-check my-0 d-inline-block\">\r\n                                          <input aria-label=\"2783\"\r\n                                            class=\"form-check-input mt-5px\" type=\"checkbox\" name=\"partner_wiodacy[]\"\r\n                                            value=\"2783\"\r\n                                            id=\"dlcnaborypartnerWiodacyflodk12dklnr\"\r\n                                                                                        onclick=\"disableToggleAll('naborypartnerWiodacyflodk');\" \/>\r\n                                          <label class=\"form-check-label\"\r\n                                            for=\"dlcnaborypartnerWiodacyflodk12dklnr\">\r\n                                            M\u00fazeum \u2013 Oravsk\u00fd skanzen v Zubrzyca G\u00f3rna                                          <\/label>\r\n                                        <\/div>\r\n                                      <\/li>\r\n                                                                            <li\r\n                                        class=\"list-group-item text-14px px-0 py-2 border-0 d-flex justify-content-between\">\r\n                                        <div class=\"form-check my-0 d-inline-block\">\r\n                                          <input aria-label=\"2287\"\r\n                                            class=\"form-check-input mt-5px\" type=\"checkbox\" name=\"partner_wiodacy[]\"\r\n                                            value=\"2287\"\r\n                                            id=\"dlcnaborypartnerWiodacyflodk13dklnr\"\r\n                                                                                        onclick=\"disableToggleAll('naborypartnerWiodacyflodk');\" \/>\r\n                                          <label class=\"form-check-label\"\r\n                                            for=\"dlcnaborypartnerWiodacyflodk13dklnr\">\r\n                                            Zdru\u017eenie Euroregi\u00f3n Tatry                                          <\/label>\r\n                                        <\/div>\r\n                                      <\/li>\r\n                                                                            <li\r\n                                        class=\"list-group-item text-14px px-0 py-2 border-0 d-flex justify-content-between\">\r\n                                        <div class=\"form-check my-0 d-inline-block\">\r\n                                          <input aria-label=\"2325\"\r\n                                            class=\"form-check-input mt-5px\" type=\"checkbox\" name=\"partner_wiodacy[]\"\r\n                                            value=\"2325\"\r\n                                            id=\"dlcnaborypartnerWiodacyflodk14dklnr\"\r\n                                                                                        onclick=\"disableToggleAll('naborypartnerWiodacyflodk');\" \/>\r\n                                          <label class=\"form-check-label\"\r\n                                            for=\"dlcnaborypartnerWiodacyflodk14dklnr\">\r\n                                            M\u00fazeum remesiel v Krosne                                          <\/label>\r\n                                        <\/div>\r\n                                      <\/li>\r\n                                                                            <li\r\n                                        class=\"list-group-item text-14px px-0 py-2 border-0 d-flex justify-content-between\">\r\n                                        <div class=\"form-check my-0 d-inline-block\">\r\n                                          <input aria-label=\"2793\"\r\n                                            class=\"form-check-input mt-5px\" type=\"checkbox\" name=\"partner_wiodacy[]\"\r\n                                            value=\"2793\"\r\n                                            id=\"dlcnaborypartnerWiodacyflodk15dklnr\"\r\n                                                                                        onclick=\"disableToggleAll('naborypartnerWiodacyflodk');\" \/>\r\n                                          <label class=\"form-check-label\"\r\n                                            for=\"dlcnaborypartnerWiodacyflodk15dklnr\">\r\n                                            Oravsk\u00e9 m\u00fazeum Pavla Orsz\u00e1gha Hviezdoslava                                          <\/label>\r\n                                        <\/div>\r\n                                      <\/li>\r\n                                                                            <li\r\n                                        class=\"list-group-item text-14px px-0 py-2 border-0 d-flex justify-content-between\">\r\n                                        <div class=\"form-check my-0 d-inline-block\">\r\n                                          <input aria-label=\"2289\"\r\n                                            class=\"form-check-input mt-5px\" type=\"checkbox\" name=\"partner_wiodacy[]\"\r\n                                            value=\"2289\"\r\n                                            id=\"dlcnaborypartnerWiodacyflodk16dklnr\"\r\n                                                                                        onclick=\"disableToggleAll('naborypartnerWiodacyflodk');\" \/>\r\n                                          <label class=\"form-check-label\"\r\n                                            for=\"dlcnaborypartnerWiodacyflodk16dklnr\">\r\n                                            N\u00e1rodn\u00fd park Babiog\u00f3rski so s\u00eddlom v Zawoji                                          <\/label>\r\n                                        <\/div>\r\n                                      <\/li>\r\n                                                                            <li\r\n                                        class=\"list-group-item text-14px px-0 py-2 border-0 d-flex justify-content-between\">\r\n                                        <div class=\"form-check my-0 d-inline-block\">\r\n                                          <input aria-label=\"2330\"\r\n                                            class=\"form-check-input mt-5px\" type=\"checkbox\" name=\"partner_wiodacy[]\"\r\n                                            value=\"2330\"\r\n                                            id=\"dlcnaborypartnerWiodacyflodk17dklnr\"\r\n                                                                                        onclick=\"disableToggleAll('naborypartnerWiodacyflodk');\" \/>\r\n                                          <label class=\"form-check-label\"\r\n                                            for=\"dlcnaborypartnerWiodacyflodk17dklnr\">\r\n                                            M\u00fazeum z\u00e1padn\u00e9ho Malopo\u013eska vo Wygie\u0142zowe                                          <\/label>\r\n                                        <\/div>\r\n                                      <\/li>\r\n                                                                            <li\r\n                                        class=\"list-group-item text-14px px-0 py-2 border-0 d-flex justify-content-between\">\r\n                                        <div class=\"form-check my-0 d-inline-block\">\r\n                                          <input aria-label=\"2801\"\r\n                                            class=\"form-check-input mt-5px\" type=\"checkbox\" name=\"partner_wiodacy[]\"\r\n                                            value=\"2801\"\r\n                                            id=\"dlcnaborypartnerWiodacyflodk18dklnr\"\r\n                                                                                        onclick=\"disableToggleAll('naborypartnerWiodacyflodk');\" \/>\r\n                                          <label class=\"form-check-label\"\r\n                                            for=\"dlcnaborypartnerWiodacyflodk18dklnr\">\r\n                                            Nad\u00e1cia ICAD                                          <\/label>\r\n                                        <\/div>\r\n                                      <\/li>\r\n                                                                            <li\r\n                                        class=\"list-group-item text-14px px-0 py-2 border-0 d-flex justify-content-between\">\r\n                                        <div class=\"form-check my-0 d-inline-block\">\r\n                                          <input aria-label=\"2244\"\r\n                                            class=\"form-check-input mt-5px\" type=\"checkbox\" name=\"partner_wiodacy[]\"\r\n                                            value=\"2244\"\r\n                                            id=\"dlcnaborypartnerWiodacyflodk19dklnr\"\r\n                                                                                        onclick=\"disableToggleAll('naborypartnerWiodacyflodk');\" \/>\r\n                                          <label class=\"form-check-label\"\r\n                                            for=\"dlcnaborypartnerWiodacyflodk19dklnr\">\r\n                                            Okres Jasielski                                          <\/label>\r\n                                        <\/div>\r\n                                      <\/li>\r\n                                                                            <li\r\n                                        class=\"list-group-item text-14px px-0 py-2 border-0 d-flex justify-content-between\">\r\n                                        <div class=\"form-check my-0 d-inline-block\">\r\n                                          <input aria-label=\"2290\"\r\n                                            class=\"form-check-input mt-5px\" type=\"checkbox\" name=\"partner_wiodacy[]\"\r\n                                            value=\"2290\"\r\n                                            id=\"dlcnaborypartnerWiodacyflodk20dklnr\"\r\n                                                                                        onclick=\"disableToggleAll('naborypartnerWiodacyflodk');\" \/>\r\n                                          <label class=\"form-check-label\"\r\n                                            for=\"dlcnaborypartnerWiodacyflodk20dklnr\">\r\n                                            Malopo\u013esk\u00e9 vojvodstvo                                          <\/label>\r\n                                        <\/div>\r\n                                      <\/li>\r\n                                                                            <li\r\n                                        class=\"list-group-item text-14px px-0 py-2 border-0 d-flex justify-content-between\">\r\n                                        <div class=\"form-check my-0 d-inline-block\">\r\n                                          <input aria-label=\"2335\"\r\n                                            class=\"form-check-input mt-5px\" type=\"checkbox\" name=\"partner_wiodacy[]\"\r\n                                            value=\"2335\"\r\n                                            id=\"dlcnaborypartnerWiodacyflodk21dklnr\"\r\n                                                                                        onclick=\"disableToggleAll('naborypartnerWiodacyflodk');\" \/>\r\n                                          <label class=\"form-check-label\"\r\n                                            for=\"dlcnaborypartnerWiodacyflodk21dklnr\">\r\n                                            Przemy\u015blsk\u00e1 \u017eupa                                          <\/label>\r\n                                        <\/div>\r\n                                      <\/li>\r\n                                                                            <li\r\n                                        class=\"list-group-item text-14px px-0 py-2 border-0 d-flex justify-content-between\">\r\n                                        <div class=\"form-check my-0 d-inline-block\">\r\n                                          <input aria-label=\"2817\"\r\n                                            class=\"form-check-input mt-5px\" type=\"checkbox\" name=\"partner_wiodacy[]\"\r\n                                            value=\"2817\"\r\n                                            id=\"dlcnaborypartnerWiodacyflodk22dklnr\"\r\n                                                                                        onclick=\"disableToggleAll('naborypartnerWiodacyflodk');\" \/>\r\n                                          <label class=\"form-check-label\"\r\n                                            for=\"dlcnaborypartnerWiodacyflodk22dklnr\">\r\n                                            Komenda Wojew\u00f3dzka Policji w Katowicach                                          <\/label>\r\n                                        <\/div>\r\n                                      <\/li>\r\n                                                                            <li\r\n                                        class=\"list-group-item text-14px px-0 py-2 border-0 d-flex justify-content-between\">\r\n                                        <div class=\"form-check my-0 d-inline-block\">\r\n                                          <input aria-label=\"2239\"\r\n                                            class=\"form-check-input mt-5px\" type=\"checkbox\" name=\"partner_wiodacy[]\"\r\n                                            value=\"2239\"\r\n                                            id=\"dlcnaborypartnerWiodacyflodk23dklnr\"\r\n                                                                                        onclick=\"disableToggleAll('naborypartnerWiodacyflodk');\" \/>\r\n                                          <label class=\"form-check-label\"\r\n                                            for=\"dlcnaborypartnerWiodacyflodk23dklnr\">\r\n                                            Sliezska univerzita v Katoviciach                                          <\/label>\r\n                                        <\/div>\r\n                                      <\/li>\r\n                                                                            <li\r\n                                        class=\"list-group-item text-14px px-0 py-2 border-0 d-flex justify-content-between\">\r\n                                        <div class=\"form-check my-0 d-inline-block\">\r\n                                          <input aria-label=\"2294\"\r\n                                            class=\"form-check-input mt-5px\" type=\"checkbox\" name=\"partner_wiodacy[]\"\r\n                                            value=\"2294\"\r\n                                            id=\"dlcnaborypartnerWiodacyflodk24dklnr\"\r\n                                                                                        onclick=\"disableToggleAll('naborypartnerWiodacyflodk');\" \/>\r\n                                          <label class=\"form-check-label\"\r\n                                            for=\"dlcnaborypartnerWiodacyflodk24dklnr\">\r\n                                            Obec Olszanica                                          <\/label>\r\n                                        <\/div>\r\n                                      <\/li>\r\n                                                                            <li\r\n                                        class=\"list-group-item text-14px px-0 py-2 border-0 d-flex justify-content-between\">\r\n                                        <div class=\"form-check my-0 d-inline-block\">\r\n                                          <input aria-label=\"2337\"\r\n                                            class=\"form-check-input mt-5px\" type=\"checkbox\" name=\"partner_wiodacy[]\"\r\n                                            value=\"2337\"\r\n                                            id=\"dlcnaborypartnerWiodacyflodk25dklnr\"\r\n                                                                                        onclick=\"disableToggleAll('naborypartnerWiodacyflodk');\" \/>\r\n                                          <label class=\"form-check-label\"\r\n                                            for=\"dlcnaborypartnerWiodacyflodk25dklnr\">\r\n                                            \u017dilinsk\u00fd samospr\u00e1vny kraj                                          <\/label>\r\n                                        <\/div>\r\n                                      <\/li>\r\n                                                                            <li\r\n                                        class=\"list-group-item text-14px px-0 py-2 border-0 d-flex justify-content-between\">\r\n                                        <div class=\"form-check my-0 d-inline-block\">\r\n                                          <input aria-label=\"2821\"\r\n                                            class=\"form-check-input mt-5px\" type=\"checkbox\" name=\"partner_wiodacy[]\"\r\n                                            value=\"2821\"\r\n                                            id=\"dlcnaborypartnerWiodacyflodk26dklnr\"\r\n                                                                                        onclick=\"disableToggleAll('naborypartnerWiodacyflodk');\" \/>\r\n                                          <label class=\"form-check-label\"\r\n                                            for=\"dlcnaborypartnerWiodacyflodk26dklnr\">\r\n                                            Arboretum i Zak\u0142ad Fizjografii w Bolestraszycach                                          <\/label>\r\n                                        <\/div>\r\n                                      <\/li>\r\n                                                                            <li\r\n                                        class=\"list-group-item text-14px px-0 py-2 border-0 d-flex justify-content-between\">\r\n                                        <div class=\"form-check my-0 d-inline-block\">\r\n                                          <input aria-label=\"2241\"\r\n                                            class=\"form-check-input mt-5px\" type=\"checkbox\" name=\"partner_wiodacy[]\"\r\n                                            value=\"2241\"\r\n                                            id=\"dlcnaborypartnerWiodacyflodk27dklnr\"\r\n                                                                                        onclick=\"disableToggleAll('naborypartnerWiodacyflodk');\" \/>\r\n                                          <label class=\"form-check-label\"\r\n                                            for=\"dlcnaborypartnerWiodacyflodk27dklnr\">\r\n                                            Provin\u010dn\u00e9 velite\u013estvo pol\u00edcie v Krakove                                          <\/label>\r\n                                        <\/div>\r\n                                      <\/li>\r\n                                                                            <li\r\n                                        class=\"list-group-item text-14px px-0 py-2 border-0 d-flex justify-content-between\">\r\n                                        <div class=\"form-check my-0 d-inline-block\">\r\n                                          <input aria-label=\"2296\"\r\n                                            class=\"form-check-input mt-5px\" type=\"checkbox\" name=\"partner_wiodacy[]\"\r\n                                            value=\"2296\"\r\n                                            id=\"dlcnaborypartnerWiodacyflodk28dklnr\"\r\n                                                                                        onclick=\"disableToggleAll('naborypartnerWiodacyflodk');\" \/>\r\n                                          <label class=\"form-check-label\"\r\n                                            for=\"dlcnaborypartnerWiodacyflodk28dklnr\">\r\n                                            \u017dywiecky Okres                                          <\/label>\r\n                                        <\/div>\r\n                                      <\/li>\r\n                                                                            <li\r\n                                        class=\"list-group-item text-14px px-0 py-2 border-0 d-flex justify-content-between\">\r\n                                        <div class=\"form-check my-0 d-inline-block\">\r\n                                          <input aria-label=\"2356\"\r\n                                            class=\"form-check-input mt-5px\" type=\"checkbox\" name=\"partner_wiodacy[]\"\r\n                                            value=\"2356\"\r\n                                            id=\"dlcnaborypartnerWiodacyflodk29dklnr\"\r\n                                                                                        onclick=\"disableToggleAll('naborypartnerWiodacyflodk');\" \/>\r\n                                          <label class=\"form-check-label\"\r\n                                            for=\"dlcnaborypartnerWiodacyflodk29dklnr\">\r\n                                            Spr\u00e1va a \u00fadr\u017eba ciest Pre\u0161ovsk\u00e9ho samospr\u00e1vneho kraja                                          <\/label>\r\n                                        <\/div>\r\n                                      <\/li>\r\n                                                                            <li\r\n                                        class=\"list-group-item text-14px px-0 py-2 border-0 d-flex justify-content-between\">\r\n                                        <div class=\"form-check my-0 d-inline-block\">\r\n                                          <input aria-label=\"2825\"\r\n                                            class=\"form-check-input mt-5px\" type=\"checkbox\" name=\"partner_wiodacy[]\"\r\n                                            value=\"2825\"\r\n                                            id=\"dlcnaborypartnerWiodacyflodk30dklnr\"\r\n                                                                                        onclick=\"disableToggleAll('naborypartnerWiodacyflodk');\" \/>\r\n                                          <label class=\"form-check-label\"\r\n                                            for=\"dlcnaborypartnerWiodacyflodk30dklnr\">\r\n                                            Obec Oravsk\u00fd Podz\u00e1mok                                          <\/label>\r\n                                        <\/div>\r\n                                      <\/li>\r\n                                                                            <li\r\n                                        class=\"list-group-item text-14px px-0 py-2 border-0 d-flex justify-content-between\">\r\n                                        <div class=\"form-check my-0 d-inline-block\">\r\n                                          <input aria-label=\"2106\"\r\n                                            class=\"form-check-input mt-5px\" type=\"checkbox\" name=\"partner_wiodacy[]\"\r\n                                            value=\"2106\"\r\n                                            id=\"dlcnaborypartnerWiodacyflodk31dklnr\"\r\n                                                                                        onclick=\"disableToggleAll('naborypartnerWiodacyflodk');\" \/>\r\n                                          <label class=\"form-check-label\"\r\n                                            for=\"dlcnaborypartnerWiodacyflodk31dklnr\">\r\n                                            Obec K\u0119ty                                          <\/label>\r\n                                        <\/div>\r\n                                      <\/li>\r\n                                                                            <li\r\n                                        class=\"list-group-item text-14px px-0 py-2 border-0 d-flex justify-content-between\">\r\n                                        <div class=\"form-check my-0 d-inline-block\">\r\n                                          <input aria-label=\"2298\"\r\n                                            class=\"form-check-input mt-5px\" type=\"checkbox\" name=\"partner_wiodacy[]\"\r\n                                            value=\"2298\"\r\n                                            id=\"dlcnaborypartnerWiodacyflodk32dklnr\"\r\n                                                                                        onclick=\"disableToggleAll('naborypartnerWiodacyflodk');\" \/>\r\n                                          <label class=\"form-check-label\"\r\n                                            for=\"dlcnaborypartnerWiodacyflodk32dklnr\">\r\n                                            Mesto a obec Muszyna Spa                                          <\/label>\r\n                                        <\/div>\r\n                                      <\/li>\r\n                                                                            <li\r\n                                        class=\"list-group-item text-14px px-0 py-2 border-0 d-flex justify-content-between\">\r\n                                        <div class=\"form-check my-0 d-inline-block\">\r\n                                          <input aria-label=\"2538\"\r\n                                            class=\"form-check-input mt-5px\" type=\"checkbox\" name=\"partner_wiodacy[]\"\r\n                                            value=\"2538\"\r\n                                            id=\"dlcnaborypartnerWiodacyflodk33dklnr\"\r\n                                                                                        onclick=\"disableToggleAll('naborypartnerWiodacyflodk');\" \/>\r\n                                          <label class=\"form-check-label\"\r\n                                            for=\"dlcnaborypartnerWiodacyflodk33dklnr\">\r\n                                            Pre\u0161ovsk\u00fd samospr\u00e1vny kraj                                          <\/label>\r\n                                        <\/div>\r\n                                      <\/li>\r\n                                                                            <li\r\n                                        class=\"list-group-item text-14px px-0 py-2 border-0 d-flex justify-content-between\">\r\n                                        <div class=\"form-check my-0 d-inline-block\">\r\n                                          <input aria-label=\"2845\"\r\n                                            class=\"form-check-input mt-5px\" type=\"checkbox\" name=\"partner_wiodacy[]\"\r\n                                            value=\"2845\"\r\n                                            id=\"dlcnaborypartnerWiodacyflodk34dklnr\"\r\n                                                                                        onclick=\"disableToggleAll('naborypartnerWiodacyflodk');\" \/>\r\n                                          <label class=\"form-check-label\"\r\n                                            for=\"dlcnaborypartnerWiodacyflodk34dklnr\">\r\n                                            Obec Osiek Jasielski                                          <\/label>\r\n                                        <\/div>\r\n                                      <\/li>\r\n                                                                            <li\r\n                                        class=\"list-group-item text-14px px-0 py-2 border-0 d-flex justify-content-between\">\r\n                                        <div class=\"form-check my-0 d-inline-block\">\r\n                                          <input aria-label=\"2268\"\r\n                                            class=\"form-check-input mt-5px\" type=\"checkbox\" name=\"partner_wiodacy[]\"\r\n                                            value=\"2268\"\r\n                                            id=\"dlcnaborypartnerWiodacyflodk35dklnr\"\r\n                                                                                        onclick=\"disableToggleAll('naborypartnerWiodacyflodk');\" \/>\r\n                                          <label class=\"form-check-label\"\r\n                                            for=\"dlcnaborypartnerWiodacyflodk35dklnr\">\r\n                                            Okres Nowy Targ                                          <\/label>\r\n                                        <\/div>\r\n                                      <\/li>\r\n                                                                            <li\r\n                                        class=\"list-group-item text-14px px-0 py-2 border-0 d-flex justify-content-between\">\r\n                                        <div class=\"form-check my-0 d-inline-block\">\r\n                                          <input aria-label=\"2300\"\r\n                                            class=\"form-check-input mt-5px\" type=\"checkbox\" name=\"partner_wiodacy[]\"\r\n                                            value=\"2300\"\r\n                                            id=\"dlcnaborypartnerWiodacyflodk36dklnr\"\r\n                                                                                        onclick=\"disableToggleAll('naborypartnerWiodacyflodk');\" \/>\r\n                                          <label class=\"form-check-label\"\r\n                                            for=\"dlcnaborypartnerWiodacyflodk36dklnr\">\r\n                                            Spr\u00e1va provin\u010dn\u00fdch ciest Podkarpacki                                          <\/label>\r\n                                        <\/div>\r\n                                      <\/li>\r\n                                                                            <li\r\n                                        class=\"list-group-item text-14px px-0 py-2 border-0 d-flex justify-content-between\">\r\n                                        <div class=\"form-check my-0 d-inline-block\">\r\n                                          <input aria-label=\"2617\"\r\n                                            class=\"form-check-input mt-5px\" type=\"checkbox\" name=\"partner_wiodacy[]\"\r\n                                            value=\"2617\"\r\n                                            id=\"dlcnaborypartnerWiodacyflodk37dklnr\"\r\n                                                                                        onclick=\"disableToggleAll('naborypartnerWiodacyflodk');\" \/>\r\n                                          <label class=\"form-check-label\"\r\n                                            for=\"dlcnaborypartnerWiodacyflodk37dklnr\">\r\n                                            Koordina\u010dn\u00e9 centrum environment\u00e1lnych projektov                                          <\/label>\r\n                                        <\/div>\r\n                                      <\/li>\r\n                                                                            <li\r\n                                        class=\"list-group-item text-14px px-0 py-2 border-0 d-flex justify-content-between\">\r\n                                        <div class=\"form-check my-0 d-inline-block\">\r\n                                          <input aria-label=\"2849\"\r\n                                            class=\"form-check-input mt-5px\" type=\"checkbox\" name=\"partner_wiodacy[]\"\r\n                                            value=\"2849\"\r\n                                            id=\"dlcnaborypartnerWiodacyflodk38dklnr\"\r\n                                                                                        onclick=\"disableToggleAll('naborypartnerWiodacyflodk');\" \/>\r\n                                          <label class=\"form-check-label\"\r\n                                            for=\"dlcnaborypartnerWiodacyflodk38dklnr\">\r\n                                            Mesto Kr\u00e1sno nad Kysucou                                          <\/label>\r\n                                        <\/div>\r\n                                      <\/li>\r\n                                                                            <li\r\n                                        class=\"list-group-item text-14px px-0 py-2 border-0 d-flex justify-content-between\">\r\n                                        <div class=\"form-check my-0 d-inline-block\">\r\n                                          <input aria-label=\"2120\"\r\n                                            class=\"form-check-input mt-5px\" type=\"checkbox\" name=\"partner_wiodacy[]\"\r\n                                            value=\"2120\"\r\n                                            id=\"dlcnaborypartnerWiodacyflodk39dklnr\"\r\n                                                                                        onclick=\"disableToggleAll('naborypartnerWiodacyflodk');\" \/>\r\n                                          <label class=\"form-check-label\"\r\n                                            for=\"dlcnaborypartnerWiodacyflodk39dklnr\">\r\n                                            Podkarpatsk\u00e9 vojvodstvo                                          <\/label>\r\n                                        <\/div>\r\n                                      <\/li>\r\n                                                                            <li\r\n                                        class=\"list-group-item text-14px px-0 py-2 border-0 d-flex justify-content-between\">\r\n                                        <div class=\"form-check my-0 d-inline-block\">\r\n                                          <input aria-label=\"2302\"\r\n                                            class=\"form-check-input mt-5px\" type=\"checkbox\" name=\"partner_wiodacy[]\"\r\n                                            value=\"2302\"\r\n                                            id=\"dlcnaborypartnerWiodacyflodk40dklnr\"\r\n                                                                                        onclick=\"disableToggleAll('naborypartnerWiodacyflodk');\" \/>\r\n                                          <label class=\"form-check-label\"\r\n                                            for=\"dlcnaborypartnerWiodacyflodk40dklnr\">\r\n                                            \u017eupa Cieszyn                                          <\/label>\r\n                                        <\/div>\r\n                                      <\/li>\r\n                                                                            <li\r\n                                        class=\"list-group-item text-14px px-0 py-2 border-0 d-flex justify-content-between\">\r\n                                        <div class=\"form-check my-0 d-inline-block\">\r\n                                          <input aria-label=\"2621\"\r\n                                            class=\"form-check-input mt-5px\" type=\"checkbox\" name=\"partner_wiodacy[]\"\r\n                                            value=\"2621\"\r\n                                            id=\"dlcnaborypartnerWiodacyflodk41dklnr\"\r\n                                                                                        onclick=\"disableToggleAll('naborypartnerWiodacyflodk');\" \/>\r\n                                          <label class=\"form-check-label\"\r\n                                            for=\"dlcnaborypartnerWiodacyflodk41dklnr\">\r\n                                            Zdru\u017eenie pre rozvoj a propag\u00e1ciu Podkarpatska \u201ePro Carpathia\u201c                                          <\/label>\r\n                                        <\/div>\r\n                                      <\/li>\r\n                                                                            <li\r\n                                        class=\"list-group-item text-14px px-0 py-2 border-0 d-flex justify-content-between\">\r\n                                        <div class=\"form-check my-0 d-inline-block\">\r\n                                          <input aria-label=\"2853\"\r\n                                            class=\"form-check-input mt-5px\" type=\"checkbox\" name=\"partner_wiodacy[]\"\r\n                                            value=\"2853\"\r\n                                            id=\"dlcnaborypartnerWiodacyflodk42dklnr\"\r\n                                                                                        onclick=\"disableToggleAll('naborypartnerWiodacyflodk');\" \/>\r\n                                          <label class=\"form-check-label\"\r\n                                            for=\"dlcnaborypartnerWiodacyflodk42dklnr\">\r\n                                            Obec Solina                                          <\/label>\r\n                                        <\/div>\r\n                                      <\/li>\r\n                                                                            <li\r\n                                        class=\"list-group-item text-14px px-0 py-2 border-0 d-flex justify-content-between\">\r\n                                        <div class=\"form-check my-0 d-inline-block\">\r\n                                          <input aria-label=\"2248\"\r\n                                            class=\"form-check-input mt-5px\" type=\"checkbox\" name=\"partner_wiodacy[]\"\r\n                                            value=\"2248\"\r\n                                            id=\"dlcnaborypartnerWiodacyflodk43dklnr\"\r\n                                                                                        onclick=\"disableToggleAll('naborypartnerWiodacyflodk');\" \/>\r\n                                          <label class=\"form-check-label\"\r\n                                            for=\"dlcnaborypartnerWiodacyflodk43dklnr\">\r\n                                            Obec Ochotnica Doln\u00e1                                          <\/label>\r\n                                        <\/div>\r\n                                      <\/li>\r\n                                                                            <li\r\n                                        class=\"list-group-item text-14px px-0 py-2 border-0 d-flex justify-content-between\">\r\n                                        <div class=\"form-check my-0 d-inline-block\">\r\n                                          <input aria-label=\"2306\"\r\n                                            class=\"form-check-input mt-5px\" type=\"checkbox\" name=\"partner_wiodacy[]\"\r\n                                            value=\"2306\"\r\n                                            id=\"dlcnaborypartnerWiodacyflodk44dklnr\"\r\n                                                                                        onclick=\"disableToggleAll('naborypartnerWiodacyflodk');\" \/>\r\n                                          <label class=\"form-check-label\"\r\n                                            for=\"dlcnaborypartnerWiodacyflodk44dklnr\">\r\n                                            Zdru\u017eenie Regi\u00f3n Beskydy                                          <\/label>\r\n                                        <\/div>\r\n                                      <\/li>\r\n                                                                            <li\r\n                                        class=\"list-group-item text-14px px-0 py-2 border-0 d-flex justify-content-between\">\r\n                                        <div class=\"form-check my-0 d-inline-block\">\r\n                                          <input aria-label=\"2633\"\r\n                                            class=\"form-check-input mt-5px\" type=\"checkbox\" name=\"partner_wiodacy[]\"\r\n                                            value=\"2633\"\r\n                                            id=\"dlcnaborypartnerWiodacyflodk45dklnr\"\r\n                                                                                        onclick=\"disableToggleAll('naborypartnerWiodacyflodk');\" \/>\r\n                                          <label class=\"form-check-label\"\r\n                                            for=\"dlcnaborypartnerWiodacyflodk45dklnr\">\r\n                                            Obec Zag\u00f3rz                                          <\/label>\r\n                                        <\/div>\r\n                                      <\/li>\r\n                                                                            <li\r\n                                        class=\"list-group-item text-14px px-0 py-2 border-0 d-flex justify-content-between\">\r\n                                        <div class=\"form-check my-0 d-inline-block\">\r\n                                          <input aria-label=\"2859\"\r\n                                            class=\"form-check-input mt-5px\" type=\"checkbox\" name=\"partner_wiodacy[]\"\r\n                                            value=\"2859\"\r\n                                            id=\"dlcnaborypartnerWiodacyflodk46dklnr\"\r\n                                                                                        onclick=\"disableToggleAll('naborypartnerWiodacyflodk');\" \/>\r\n                                          <label class=\"form-check-label\"\r\n                                            for=\"dlcnaborypartnerWiodacyflodk46dklnr\">\r\n                                            Obec Skalit\u00e9                                          <\/label>\r\n                                        <\/div>\r\n                                      <\/li>\r\n                                                                            <li\r\n                                        class=\"list-group-item text-14px px-0 py-2 border-0 d-flex justify-content-between\">\r\n                                        <div class=\"form-check my-0 d-inline-block\">\r\n                                          <input aria-label=\"2124\"\r\n                                            class=\"form-check-input mt-5px\" type=\"checkbox\" name=\"partner_wiodacy[]\"\r\n                                            value=\"2124\"\r\n                                            id=\"dlcnaborypartnerWiodacyflodk47dklnr\"\r\n                                                                                        onclick=\"disableToggleAll('naborypartnerWiodacyflodk');\" \/>\r\n                                          <label class=\"form-check-label\"\r\n                                            for=\"dlcnaborypartnerWiodacyflodk47dklnr\">\r\n                                            Obec Zebrzydowice                                          <\/label>\r\n                                        <\/div>\r\n                                      <\/li>\r\n                                                                            <li\r\n                                        class=\"list-group-item text-14px px-0 py-2 border-0 d-flex justify-content-between\">\r\n                                        <div class=\"form-check my-0 d-inline-block\">\r\n                                          <input aria-label=\"2308\"\r\n                                            class=\"form-check-input mt-5px\" type=\"checkbox\" name=\"partner_wiodacy[]\"\r\n                                            value=\"2308\"\r\n                                            id=\"dlcnaborypartnerWiodacyflodk48dklnr\"\r\n                                                                                        onclick=\"disableToggleAll('naborypartnerWiodacyflodk');\" \/>\r\n                                          <label class=\"form-check-label\"\r\n                                            for=\"dlcnaborypartnerWiodacyflodk48dklnr\">\r\n                                            Zdru\u017eenie Karpatsk\u00fd euroregi\u00f3n                                          <\/label>\r\n                                        <\/div>\r\n                                      <\/li>\r\n                                                                            <li\r\n                                        class=\"list-group-item text-14px px-0 py-2 border-0 d-flex justify-content-between\">\r\n                                        <div class=\"form-check my-0 d-inline-block\">\r\n                                          <input aria-label=\"2637\"\r\n                                            class=\"form-check-input mt-5px\" type=\"checkbox\" name=\"partner_wiodacy[]\"\r\n                                            value=\"2637\"\r\n                                            id=\"dlcnaborypartnerWiodacyflodk49dklnr\"\r\n                                                                                        onclick=\"disableToggleAll('naborypartnerWiodacyflodk');\" \/>\r\n                                          <label class=\"form-check-label\"\r\n                                            for=\"dlcnaborypartnerWiodacyflodk49dklnr\">\r\n                                            Obec Korzenna                                          <\/label>\r\n                                        <\/div>\r\n                                      <\/li>\r\n                                                                            <li\r\n                                        class=\"list-group-item text-14px px-0 py-2 border-0 d-flex justify-content-between\">\r\n                                        <div class=\"form-check my-0 d-inline-block\">\r\n                                          <input aria-label=\"2861\"\r\n                                            class=\"form-check-input mt-5px\" type=\"checkbox\" name=\"partner_wiodacy[]\"\r\n                                            value=\"2861\"\r\n                                            id=\"dlcnaborypartnerWiodacyflodk50dklnr\"\r\n                                                                                        onclick=\"disableToggleAll('naborypartnerWiodacyflodk');\" \/>\r\n                                          <label class=\"form-check-label\"\r\n                                            for=\"dlcnaborypartnerWiodacyflodk50dklnr\">\r\n                                            Technick\u00e1 univerzita vo Zvolene                                          <\/label>\r\n                                        <\/div>\r\n                                      <\/li>\r\n                                                                            <li\r\n                                        class=\"list-group-item text-14px px-0 py-2 border-0 d-flex justify-content-between\">\r\n                                        <div class=\"form-check my-0 d-inline-block\">\r\n                                          <input aria-label=\"2270\"\r\n                                            class=\"form-check-input mt-5px\" type=\"checkbox\" name=\"partner_wiodacy[]\"\r\n                                            value=\"2270\"\r\n                                            id=\"dlcnaborypartnerWiodacyflodk51dklnr\"\r\n                                                                                        onclick=\"disableToggleAll('naborypartnerWiodacyflodk');\" \/>\r\n                                          <label class=\"form-check-label\"\r\n                                            for=\"dlcnaborypartnerWiodacyflodk51dklnr\">\r\n                                            Vojvodsk\u00e9 velite\u013estvo \u0160t\u00e1tneho po\u017eiarneho zboru v Krakove                                          <\/label>\r\n                                        <\/div>\r\n                                      <\/li>\r\n                                                                            <li\r\n                                        class=\"list-group-item text-14px px-0 py-2 border-0 d-flex justify-content-between\">\r\n                                        <div class=\"form-check my-0 d-inline-block\">\r\n                                          <input aria-label=\"2310\"\r\n                                            class=\"form-check-input mt-5px\" type=\"checkbox\" name=\"partner_wiodacy[]\"\r\n                                            value=\"2310\"\r\n                                            id=\"dlcnaborypartnerWiodacyflodk52dklnr\"\r\n                                                                                        onclick=\"disableToggleAll('naborypartnerWiodacyflodk');\" \/>\r\n                                          <label class=\"form-check-label\"\r\n                                            for=\"dlcnaborypartnerWiodacyflodk52dklnr\">\r\n                                            Eur\u00f3pske zoskupenie \u00fazemnej spolupr\u00e1ce TATRY s ru\u010den\u00edm obmedzen\u00fdm                                          <\/label>\r\n                                        <\/div>\r\n                                      <\/li>\r\n                                                                            <li\r\n                                        class=\"list-group-item text-14px px-0 py-2 border-0 d-flex justify-content-between\">\r\n                                        <div class=\"form-check my-0 d-inline-block\">\r\n                                          <input aria-label=\"2641\"\r\n                                            class=\"form-check-input mt-5px\" type=\"checkbox\" name=\"partner_wiodacy[]\"\r\n                                            value=\"2641\"\r\n                                            id=\"dlcnaborypartnerWiodacyflodk53dklnr\"\r\n                                                                                        onclick=\"disableToggleAll('naborypartnerWiodacyflodk');\" \/>\r\n                                          <label class=\"form-check-label\"\r\n                                            for=\"dlcnaborypartnerWiodacyflodk53dklnr\">\r\n                                            Obec \u0141\u0105cko                                          <\/label>\r\n                                        <\/div>\r\n                                      <\/li>\r\n                                                                            <li\r\n                                        class=\"list-group-item text-14px px-0 py-2 border-0 d-flex justify-content-between\">\r\n                                        <div class=\"form-check my-0 d-inline-block\">\r\n                                          <input aria-label=\"2909\"\r\n                                            class=\"form-check-input mt-5px\" type=\"checkbox\" name=\"partner_wiodacy[]\"\r\n                                            value=\"2909\"\r\n                                            id=\"dlcnaborypartnerWiodacyflodk54dklnr\"\r\n                                                                                        onclick=\"disableToggleAll('naborypartnerWiodacyflodk');\" \/>\r\n                                          <label class=\"form-check-label\"\r\n                                            for=\"dlcnaborypartnerWiodacyflodk54dklnr\">\r\n                                            Kl\u00e1\u0161tor Nav\u0161t\u00edvenia Panny M\u00e1rie R\u00e1du men\u0161\u00edch bratov Konventu\u00e1l (Franti\u0161k\u00e1ni)                                          <\/label>\r\n                                        <\/div>\r\n                                      <\/li>\r\n                                                                            <li\r\n                                        class=\"list-group-item text-14px px-0 py-2 border-0 d-flex justify-content-between\">\r\n                                        <div class=\"form-check my-0 d-inline-block\">\r\n                                          <input aria-label=\"2275\"\r\n                                            class=\"form-check-input mt-5px\" type=\"checkbox\" name=\"partner_wiodacy[]\"\r\n                                            value=\"2275\"\r\n                                            id=\"dlcnaborypartnerWiodacyflodk55dklnr\"\r\n                                                                                        onclick=\"disableToggleAll('naborypartnerWiodacyflodk');\" \/>\r\n                                          <label class=\"form-check-label\"\r\n                                            for=\"dlcnaborypartnerWiodacyflodk55dklnr\">\r\n                                            obec Mil\u00f3wka                                          <\/label>\r\n                                        <\/div>\r\n                                      <\/li>\r\n                                                                            <li\r\n                                        class=\"list-group-item text-14px px-0 py-2 border-0 d-flex justify-content-between\">\r\n                                        <div class=\"form-check my-0 d-inline-block\">\r\n                                          <input aria-label=\"2312\"\r\n                                            class=\"form-check-input mt-5px\" type=\"checkbox\" name=\"partner_wiodacy[]\"\r\n                                            value=\"2312\"\r\n                                            id=\"dlcnaborypartnerWiodacyflodk56dklnr\"\r\n                                                                                        onclick=\"disableToggleAll('naborypartnerWiodacyflodk');\" \/>\r\n                                          <label class=\"form-check-label\"\r\n                                            for=\"dlcnaborypartnerWiodacyflodk56dklnr\">\r\n                                            Mesto Ru\u017eomberok                                          <\/label>\r\n                                        <\/div>\r\n                                      <\/li>\r\n                                                                            <li\r\n                                        class=\"list-group-item text-14px px-0 py-2 border-0 d-flex justify-content-between\">\r\n                                        <div class=\"form-check my-0 d-inline-block\">\r\n                                          <input aria-label=\"2645\"\r\n                                            class=\"form-check-input mt-5px\" type=\"checkbox\" name=\"partner_wiodacy[]\"\r\n                                            value=\"2645\"\r\n                                            id=\"dlcnaborypartnerWiodacyflodk57dklnr\"\r\n                                                                                        onclick=\"disableToggleAll('naborypartnerWiodacyflodk');\" \/>\r\n                                          <label class=\"form-check-label\"\r\n                                            for=\"dlcnaborypartnerWiodacyflodk57dklnr\">\r\n                                            Obec Oravsk\u00e1 Polhora                                          <\/label>\r\n                                        <\/div>\r\n                                      <\/li>\r\n                                                                            <li\r\n                                        class=\"list-group-item text-14px px-0 py-2 border-0 d-flex justify-content-between\">\r\n                                        <div class=\"form-check my-0 d-inline-block\">\r\n                                          <input aria-label=\"2915\"\r\n                                            class=\"form-check-input mt-5px\" type=\"checkbox\" name=\"partner_wiodacy[]\"\r\n                                            value=\"2915\"\r\n                                            id=\"dlcnaborypartnerWiodacyflodk58dklnr\"\r\n                                                                                        onclick=\"disableToggleAll('naborypartnerWiodacyflodk');\" \/>\r\n                                          <label class=\"form-check-label\"\r\n                                            for=\"dlcnaborypartnerWiodacyflodk58dklnr\">\r\n                                            Obec Bobrov                                          <\/label>\r\n                                        <\/div>\r\n                                      <\/li>\r\n                                                                          <\/ul>\r\n                                  <\/div>\r\n                                <\/div>\r\n\r\n                                <div class=\"dropdown-menu__footer\">\r\n                                  <button type=\"submit\" class=\"searchBtn feux-btn-primary border-0 w-100\">\r\n                                    APLIKOVA\u0164                                    <span class=\"visually-hidden\">Wybrane filtry<\/span>\r\n                                  <\/button>\r\n                                <\/div>\r\n                              <\/div>\r\n                                                          <\/div>\r\n                          <\/div>\r\n                      <\/li>\r\n                      \r\n                                            <li class=\"feux-filtry__item pipe\">\r\n                        <!-- -->\r\n                        <div class=\"dropdown\">\r\n                          <button class=\"feux-filtry__dropdown-btn\" type=\"button\" id=\"naborypartnerProjektuo\"\r\n                            data-bs-toggle=\"dropdown\" data-bs-auto-close=\"false\" aria-expanded=\"false\">\r\n                            <span class=\"visually-hidden\">Filtruj wed\u0142ug<\/span>\r\n                            Partner projektu                            <svg width=\"10\" height=\"7\" viewBox=\"0 0 10 7\" fill=\"none\"\r\n                              xmlns=\"http:\/\/www.w3.org\/2000\/svg\">\r\n                              <path fill-rule=\"evenodd\" clip-rule=\"evenodd\"\r\n                                d=\"M9.53033 0.96967C9.82322 1.26256 9.82322 1.73744 9.53033 2.03033L5.53033 6.03033C5.23744 6.32322 4.76256 6.32322 4.46967 6.03033L0.46967 2.03033C0.176777 1.73744 0.176777 1.26256 0.46967 0.96967C0.762563 0.676777 1.23744 0.676777 1.53033 0.96967L5 4.43934L8.46967 0.96967C8.76256 0.676777 9.23744 0.676777 9.53033 0.96967Z\"\r\n                                fill=\"#1B1B1B\" \/>\r\n                            <\/svg>\r\n                          <\/button>\r\n                          <div class=\"dropdown-menu p-0 feux-dropdown__menu--filtry\"\r\n                            aria-labelledby=\"naborypartnerProjektuo\">\r\n                            <div class=\"dropdown-menu__header\">\r\n                              <div class=\"clearfix\">\r\n                                <p class=\"float-start pt-1 text-bold text-c-darkgray text-16px mb-0\">Partner projektu\r\n                                <\/p>\r\n                                <button type=\"button\"\r\n                                  class=\"float-end feux-btn-link--darkgray feux-btn-link--close-icon btn-sm\"\r\n                                  data-close-dropdown=\"naborypartnerProjektuo\">\r\n                                  Zavrie\u0165                                  <span class=\"visually-hidden\">list\u0119 filtr\u00f3w<\/span>\r\n                                <\/button>\r\n                              <\/div>\r\n\r\n                              <div class=\"mt-20px\">\r\n                                <div class=\"feux-form__icon--search\">\r\n                                  <input type=\"text\" class=\"form-control-lg feux-form__input--blue-10\"\r\n                                    id=\"naborypartnerProjektuosearch\" placeholder=\"H\u013eada\u0165\"\r\n                                    oninput=\"dropdownSearchOnInput(event)\"\r\n                                    data-partnerprojektuo=\"historii_partner_projektu\" \/>\r\n                                  <button id=\"clearnaborypartnerProjektuosearch\" type=\"button\"\r\n                                    class=\"btn-link-clear feux-btn-link__center-svg w-24px h-24px d-none\"\r\n                                    data-clear-input=\"naborypartnerProjektuosearch\" onclick=\"clearInput(event)\">\r\n                                    <span>\r\n                                      <svg width=\"9\" height=\"9\" viewBox=\"0 0 9 9\" fill=\"none\"\r\n                                        xmlns=\"http:\/\/www.w3.org\/2000\/svg\">\r\n                                        <path\r\n                                          d=\"M7.12971 8.05772C7.38599 8.314 7.80151 8.314 8.05779 8.05772C8.31407 7.80144 8.31407 7.38592 8.05779 7.12964L5.42824 4.50009L8.05779 1.87054C8.31407 1.61426 8.31407 1.19875 8.05779 0.942463C7.80151 0.686182 7.38599 0.686182 7.12971 0.942463L4.50016 3.57201L1.8706 0.942455C1.61432 0.686174 1.19881 0.686173 0.942527 0.942455C0.686245 1.19874 0.686245 1.61425 0.942527 1.87053L3.57208 4.50009L0.942526 7.12965C0.686244 7.38593 0.686244 7.80144 0.942526 8.05772C1.19881 8.31401 1.61432 8.31401 1.8706 8.05773L4.50016 5.42817L7.12971 8.05772Z\"\r\n                                          fill=\"black\" \/>\r\n                                      <\/svg>\r\n                                    <\/span>\r\n                                    <span class=\"visually-hidden\">Wyczy\u015b\u0107<\/span>\r\n                                  <\/button>\r\n                                <\/div>\r\n                              <\/div>\r\n                                                            <div class=\"dropdown-menu__body\">\r\n                                <div id=\"firstLevelOfPartnerProjektuo\"\r\n                                  data-action-show=\"searchFirstLevelOfPartnerProjektuo\">\r\n                                  <ul class=\"list-group list-group-flush\">\r\n                                    <li class=\"list-group-item text-14px px-0 py-2\">\r\n                                      <div class=\"form-check my-0\">\r\n                                        <input class=\"form-check-input mt-5px\"\r\n                                          aria-label=\"Vybra\u0165 v\u0161etko\" type=\"checkbox\"\r\n                                          name=\"partner_projektu[]\" value=\"all\" id=\"allnaborypartnerProjektuoflodkdklnr\"\r\n                                          data-toggle-checked=\"naborypartnerProjektuoflodk\"\r\n                                                                                    onclick=\"toggleAll(event)\" \/>\r\n                                        <label class=\"form-check-label text-lowercase\"\r\n                                          for=\"allnaborypartnerProjektuoflodkdklnr\">\r\n                                          Vybra\u0165 v\u0161etko                                          <span class=\"visually-hidden\">dost\u0119pne filtry<\/span>\r\n                                        <\/label>\r\n                                      <\/div>\r\n                                    <\/li>\r\n                                  <\/ul>\r\n                                  <div id=\"partnerprojektuoLista\"\r\n                                    class=\"row mh-220px overflow-auto scrollbar-lightgray\">\r\n                                    <ul class=\"list-group list-group-flush px-12px\">\r\n                                                                            <li\r\n                                        class=\"list-group-item text-14px px-0 py-2 border-0 d-flex justify-content-between\">\r\n                                        <div class=\"form-check my-0 d-inline-block\">\r\n                                          <input aria-label=\"2351\"\r\n                                            class=\"form-check-input mt-5px\" type=\"checkbox\" name=\"partner_projektu[]\"\r\n                                            value=\"2351\"\r\n                                            id=\"dlcnaborypartnerProjektuoflodk0dklnr\"\r\n                                                                                        onclick=\"disableToggleAll('naborypartnerProjektuoflodk');\" \/>\r\n                                          <label class=\"form-check-label\"\r\n                                            for=\"dlcnaborypartnerProjektuoflodk0dklnr\">\r\n                                            Wielka Frankowa GPT                                          <\/label>\r\n                                        <\/div>\r\n                                      <\/li>\r\n                                                                            <li\r\n                                        class=\"list-group-item text-14px px-0 py-2 border-0 d-flex justify-content-between\">\r\n                                        <div class=\"form-check my-0 d-inline-block\">\r\n                                          <input aria-label=\"2392\"\r\n                                            class=\"form-check-input mt-5px\" type=\"checkbox\" name=\"partner_projektu[]\"\r\n                                            value=\"2392\"\r\n                                            id=\"dlcnaborypartnerProjektuoflodk1dklnr\"\r\n                                                                                        onclick=\"disableToggleAll('naborypartnerProjektuoflodk');\" \/>\r\n                                          <label class=\"form-check-label\"\r\n                                            for=\"dlcnaborypartnerProjektuoflodk1dklnr\">\r\n                                            Obec Zborov                                          <\/label>\r\n                                        <\/div>\r\n                                      <\/li>\r\n                                                                            <li\r\n                                        class=\"list-group-item text-14px px-0 py-2 border-0 d-flex justify-content-between\">\r\n                                        <div class=\"form-check my-0 d-inline-block\">\r\n                                          <input aria-label=\"2439\"\r\n                                            class=\"form-check-input mt-5px\" type=\"checkbox\" name=\"partner_projektu[]\"\r\n                                            value=\"2439\"\r\n                                            id=\"dlcnaborypartnerProjektuoflodk2dklnr\"\r\n                                                                                        onclick=\"disableToggleAll('naborypartnerProjektuoflodk');\" \/>\r\n                                          <label class=\"form-check-label\"\r\n                                            for=\"dlcnaborypartnerProjektuoflodk2dklnr\">\r\n                                            Lesn\u00e1 oblas\u0165 Limanowa                                          <\/label>\r\n                                        <\/div>\r\n                                      <\/li>\r\n                                                                            <li\r\n                                        class=\"list-group-item text-14px px-0 py-2 border-0 d-flex justify-content-between\">\r\n                                        <div class=\"form-check my-0 d-inline-block\">\r\n                                          <input aria-label=\"2455\"\r\n                                            class=\"form-check-input mt-5px\" type=\"checkbox\" name=\"partner_projektu[]\"\r\n                                            value=\"2455\"\r\n                                            id=\"dlcnaborypartnerProjektuoflodk3dklnr\"\r\n                                                                                        onclick=\"disableToggleAll('naborypartnerProjektuoflodk');\" \/>\r\n                                          <label class=\"form-check-label\"\r\n                                            for=\"dlcnaborypartnerProjektuoflodk3dklnr\">\r\n                                            Lesn\u00fd obvod Gorlice                                          <\/label>\r\n                                        <\/div>\r\n                                      <\/li>\r\n                                                                            <li\r\n                                        class=\"list-group-item text-14px px-0 py-2 border-0 d-flex justify-content-between\">\r\n                                        <div class=\"form-check my-0 d-inline-block\">\r\n                                          <input aria-label=\"2488\"\r\n                                            class=\"form-check-input mt-5px\" type=\"checkbox\" name=\"partner_projektu[]\"\r\n                                            value=\"2488\"\r\n                                            id=\"dlcnaborypartnerProjektuoflodk4dklnr\"\r\n                                                                                        onclick=\"disableToggleAll('naborypartnerProjektuoflodk');\" \/>\r\n                                          <label class=\"form-check-label\"\r\n                                            for=\"dlcnaborypartnerProjektuoflodk4dklnr\">\r\n                                            Liptovsk\u00e9 m\u00fazeum                                          <\/label>\r\n                                        <\/div>\r\n                                      <\/li>\r\n                                                                            <li\r\n                                        class=\"list-group-item text-14px px-0 py-2 border-0 d-flex justify-content-between\">\r\n                                        <div class=\"form-check my-0 d-inline-block\">\r\n                                          <input aria-label=\"2639\"\r\n                                            class=\"form-check-input mt-5px\" type=\"checkbox\" name=\"partner_projektu[]\"\r\n                                            value=\"2639\"\r\n                                            id=\"dlcnaborypartnerProjektuoflodk5dklnr\"\r\n                                                                                        onclick=\"disableToggleAll('naborypartnerProjektuoflodk');\" \/>\r\n                                          <label class=\"form-check-label\"\r\n                                            for=\"dlcnaborypartnerProjektuoflodk5dklnr\">\r\n                                            Obec Raslavice                                          <\/label>\r\n                                        <\/div>\r\n                                      <\/li>\r\n                                                                            <li\r\n                                        class=\"list-group-item text-14px px-0 py-2 border-0 d-flex justify-content-between\">\r\n                                        <div class=\"form-check my-0 d-inline-block\">\r\n                                          <input aria-label=\"2809\"\r\n                                            class=\"form-check-input mt-5px\" type=\"checkbox\" name=\"partner_projektu[]\"\r\n                                            value=\"2809\"\r\n                                            id=\"dlcnaborypartnerProjektuoflodk6dklnr\"\r\n                                                                                        onclick=\"disableToggleAll('naborypartnerProjektuoflodk');\" \/>\r\n                                          <label class=\"form-check-label\"\r\n                                            for=\"dlcnaborypartnerProjektuoflodk6dklnr\">\r\n                                            Obec Jedlicze                                          <\/label>\r\n                                        <\/div>\r\n                                      <\/li>\r\n                                                                            <li\r\n                                        class=\"list-group-item text-14px px-0 py-2 border-0 d-flex justify-content-between\">\r\n                                        <div class=\"form-check my-0 d-inline-block\">\r\n                                          <input aria-label=\"2851\"\r\n                                            class=\"form-check-input mt-5px\" type=\"checkbox\" name=\"partner_projektu[]\"\r\n                                            value=\"2851\"\r\n                                            id=\"dlcnaborypartnerProjektuoflodk7dklnr\"\r\n                                                                                        onclick=\"disableToggleAll('naborypartnerProjektuoflodk');\" \/>\r\n                                          <label class=\"form-check-label\"\r\n                                            for=\"dlcnaborypartnerProjektuoflodk7dklnr\">\r\n                                            Obec Mil\u00f3wka                                          <\/label>\r\n                                        <\/div>\r\n                                      <\/li>\r\n                                                                            <li\r\n                                        class=\"list-group-item text-14px px-0 py-2 border-0 d-flex justify-content-between\">\r\n                                        <div class=\"form-check my-0 d-inline-block\">\r\n                                          <input aria-label=\"2890\"\r\n                                            class=\"form-check-input mt-5px\" type=\"checkbox\" name=\"partner_projektu[]\"\r\n                                            value=\"2890\"\r\n                                            id=\"dlcnaborypartnerProjektuoflodk8dklnr\"\r\n                                                                                        onclick=\"disableToggleAll('naborypartnerProjektuoflodk');\" \/>\r\n                                          <label class=\"form-check-label\"\r\n                                            for=\"dlcnaborypartnerProjektuoflodk8dklnr\">\r\n                                            Obec Zlat\u00e9                                          <\/label>\r\n                                        <\/div>\r\n                                      <\/li>\r\n                                                                            <li\r\n                                        class=\"list-group-item text-14px px-0 py-2 border-0 d-flex justify-content-between\">\r\n                                        <div class=\"form-check my-0 d-inline-block\">\r\n                                          <input aria-label=\"2353\"\r\n                                            class=\"form-check-input mt-5px\" type=\"checkbox\" name=\"partner_projektu[]\"\r\n                                            value=\"2353\"\r\n                                            id=\"dlcnaborypartnerProjektuoflodk9dklnr\"\r\n                                                                                        onclick=\"disableToggleAll('naborypartnerProjektuoflodk');\" \/>\r\n                                          <label class=\"form-check-label\"\r\n                                            for=\"dlcnaborypartnerProjektuoflodk9dklnr\">\r\n                                            Malopo\u013esk\u00e9 vojvodstvo                                          <\/label>\r\n                                        <\/div>\r\n                                      <\/li>\r\n                                                                            <li\r\n                                        class=\"list-group-item text-14px px-0 py-2 border-0 d-flex justify-content-between\">\r\n                                        <div class=\"form-check my-0 d-inline-block\">\r\n                                          <input aria-label=\"2393\"\r\n                                            class=\"form-check-input mt-5px\" type=\"checkbox\" name=\"partner_projektu[]\"\r\n                                            value=\"2393\"\r\n                                            id=\"dlcnaborypartnerProjektuoflodk10dklnr\"\r\n                                                                                        onclick=\"disableToggleAll('naborypartnerProjektuoflodk');\" \/>\r\n                                          <label class=\"form-check-label\"\r\n                                            for=\"dlcnaborypartnerProjektuoflodk10dklnr\">\r\n                                            Obec Ni\u017en\u00e1 Polianka GPT                                          <\/label>\r\n                                        <\/div>\r\n                                      <\/li>\r\n                                                                            <li\r\n                                        class=\"list-group-item text-14px px-0 py-2 border-0 d-flex justify-content-between\">\r\n                                        <div class=\"form-check my-0 d-inline-block\">\r\n                                          <input aria-label=\"2440\"\r\n                                            class=\"form-check-input mt-5px\" type=\"checkbox\" name=\"partner_projektu[]\"\r\n                                            value=\"2440\"\r\n                                            id=\"dlcnaborypartnerProjektuoflodk11dklnr\"\r\n                                                                                        onclick=\"disableToggleAll('naborypartnerProjektuoflodk');\" \/>\r\n                                          <label class=\"form-check-label\"\r\n                                            for=\"dlcnaborypartnerProjektuoflodk11dklnr\">\r\n                                            Lesn\u00e1 oblas\u0165 My\u015blenice                                          <\/label>\r\n                                        <\/div>\r\n                                      <\/li>\r\n                                                                            <li\r\n                                        class=\"list-group-item text-14px px-0 py-2 border-0 d-flex justify-content-between\">\r\n                                        <div class=\"form-check my-0 d-inline-block\">\r\n                                          <input aria-label=\"2456\"\r\n                                            class=\"form-check-input mt-5px\" type=\"checkbox\" name=\"partner_projektu[]\"\r\n                                            value=\"2456\"\r\n                                            id=\"dlcnaborypartnerProjektuoflodk12dklnr\"\r\n                                                                                        onclick=\"disableToggleAll('naborypartnerProjektuoflodk');\" \/>\r\n                                          <label class=\"form-check-label\"\r\n                                            for=\"dlcnaborypartnerProjektuoflodk12dklnr\">\r\n                                            Lesn\u00e1 oblas\u0165 Kro\u015bcienko                                          <\/label>\r\n                                        <\/div>\r\n                                      <\/li>\r\n                                                                            <li\r\n                                        class=\"list-group-item text-14px px-0 py-2 border-0 d-flex justify-content-between\">\r\n                                        <div class=\"form-check my-0 d-inline-block\">\r\n                                          <input aria-label=\"2492\"\r\n                                            class=\"form-check-input mt-5px\" type=\"checkbox\" name=\"partner_projektu[]\"\r\n                                            value=\"2492\"\r\n                                            id=\"dlcnaborypartnerProjektuoflodk13dklnr\"\r\n                                                                                        onclick=\"disableToggleAll('naborypartnerProjektuoflodk');\" \/>\r\n                                          <label class=\"form-check-label\"\r\n                                            for=\"dlcnaborypartnerProjektuoflodk13dklnr\">\r\n                                            Mesto Limanowa                                          <\/label>\r\n                                        <\/div>\r\n                                      <\/li>\r\n                                                                            <li\r\n                                        class=\"list-group-item text-14px px-0 py-2 border-0 d-flex justify-content-between\">\r\n                                        <div class=\"form-check my-0 d-inline-block\">\r\n                                          <input aria-label=\"2643\"\r\n                                            class=\"form-check-input mt-5px\" type=\"checkbox\" name=\"partner_projektu[]\"\r\n                                            value=\"2643\"\r\n                                            id=\"dlcnaborypartnerProjektuoflodk14dklnr\"\r\n                                                                                        onclick=\"disableToggleAll('naborypartnerProjektuoflodk');\" \/>\r\n                                          <label class=\"form-check-label\"\r\n                                            for=\"dlcnaborypartnerProjektuoflodk14dklnr\">\r\n                                            Obec Podegrodzie                                          <\/label>\r\n                                        <\/div>\r\n                                      <\/li>\r\n                                                                            <li\r\n                                        class=\"list-group-item text-14px px-0 py-2 border-0 d-flex justify-content-between\">\r\n                                        <div class=\"form-check my-0 d-inline-block\">\r\n                                          <input aria-label=\"2811\"\r\n                                            class=\"form-check-input mt-5px\" type=\"checkbox\" name=\"partner_projektu[]\"\r\n                                            value=\"2811\"\r\n                                            id=\"dlcnaborypartnerProjektuoflodk15dklnr\"\r\n                                                                                        onclick=\"disableToggleAll('naborypartnerProjektuoflodk');\" \/>\r\n                                          <label class=\"form-check-label\"\r\n                                            for=\"dlcnaborypartnerProjektuoflodk15dklnr\">\r\n                                            Slovensk\u00e9 n\u00e1rodn\u00e9 m\u00fazeum \u2013 M\u00fazeum ukrajinskej kult\u00fary vo Svidn\u00edku                                          <\/label>\r\n                                        <\/div>\r\n                                      <\/li>\r\n                                                                            <li\r\n                                        class=\"list-group-item text-14px px-0 py-2 border-0 d-flex justify-content-between\">\r\n                                        <div class=\"form-check my-0 d-inline-block\">\r\n                                          <input aria-label=\"2855\"\r\n                                            class=\"form-check-input mt-5px\" type=\"checkbox\" name=\"partner_projektu[]\"\r\n                                            value=\"2855\"\r\n                                            id=\"dlcnaborypartnerProjektuoflodk16dklnr\"\r\n                                                                                        onclick=\"disableToggleAll('naborypartnerProjektuoflodk');\" \/>\r\n                                          <label class=\"form-check-label\"\r\n                                            for=\"dlcnaborypartnerProjektuoflodk16dklnr\">\r\n                                            Obec Olszanica                                          <\/label>\r\n                                        <\/div>\r\n                                      <\/li>\r\n                                                                            <li\r\n                                        class=\"list-group-item text-14px px-0 py-2 border-0 d-flex justify-content-between\">\r\n                                        <div class=\"form-check my-0 d-inline-block\">\r\n                                          <input aria-label=\"2892\"\r\n                                            class=\"form-check-input mt-5px\" type=\"checkbox\" name=\"partner_projektu[]\"\r\n                                            value=\"2892\"\r\n                                            id=\"dlcnaborypartnerProjektuoflodk17dklnr\"\r\n                                                                                        onclick=\"disableToggleAll('naborypartnerProjektuoflodk');\" \/>\r\n                                          <label class=\"form-check-label\"\r\n                                            for=\"dlcnaborypartnerProjektuoflodk17dklnr\">\r\n                                            Wojew\u00f3dztwo Ma\u0142opolskie &#8211; Zarz\u0105d Dr\u00f3g Wojew\u00f3dzkich w Krakowie                                          <\/label>\r\n                                        <\/div>\r\n                                      <\/li>\r\n                                                                            <li\r\n                                        class=\"list-group-item text-14px px-0 py-2 border-0 d-flex justify-content-between\">\r\n                                        <div class=\"form-check my-0 d-inline-block\">\r\n                                          <input aria-label=\"2360\"\r\n                                            class=\"form-check-input mt-5px\" type=\"checkbox\" name=\"partner_projektu[]\"\r\n                                            value=\"2360\"\r\n                                            id=\"dlcnaborypartnerProjektuoflodk18dklnr\"\r\n                                                                                        onclick=\"disableToggleAll('naborypartnerProjektuoflodk');\" \/>\r\n                                          <label class=\"form-check-label\"\r\n                                            for=\"dlcnaborypartnerProjektuoflodk18dklnr\">\r\n                                            Obec Rajcza                                          <\/label>\r\n                                        <\/div>\r\n                                      <\/li>\r\n                                                                            <li\r\n                                        class=\"list-group-item text-14px px-0 py-2 border-0 d-flex justify-content-between\">\r\n                                        <div class=\"form-check my-0 d-inline-block\">\r\n                                          <input aria-label=\"2394\"\r\n                                            class=\"form-check-input mt-5px\" type=\"checkbox\" name=\"partner_projektu[]\"\r\n                                            value=\"2394\"\r\n                                            id=\"dlcnaborypartnerProjektuoflodk19dklnr\"\r\n                                                                                        onclick=\"disableToggleAll('naborypartnerProjektuoflodk');\" \/>\r\n                                          <label class=\"form-check-label\"\r\n                                            for=\"dlcnaborypartnerProjektuoflodk19dklnr\">\r\n                                            Obec Chme\u013eov\u00e1                                          <\/label>\r\n                                        <\/div>\r\n                                      <\/li>\r\n                                                                            <li\r\n                                        class=\"list-group-item text-14px px-0 py-2 border-0 d-flex justify-content-between\">\r\n                                        <div class=\"form-check my-0 d-inline-block\">\r\n                                          <input aria-label=\"2441\"\r\n                                            class=\"form-check-input mt-5px\" type=\"checkbox\" name=\"partner_projektu[]\"\r\n                                            value=\"2441\"\r\n                                            id=\"dlcnaborypartnerProjektuoflodk20dklnr\"\r\n                                                                                        onclick=\"disableToggleAll('naborypartnerProjektuoflodk');\" \/>\r\n                                          <label class=\"form-check-label\"\r\n                                            for=\"dlcnaborypartnerProjektuoflodk20dklnr\">\r\n                                            Lesn\u00e1 oblas\u0165 Nawojowa                                          <\/label>\r\n                                        <\/div>\r\n                                      <\/li>\r\n                                                                            <li\r\n                                        class=\"list-group-item text-14px px-0 py-2 border-0 d-flex justify-content-between\">\r\n                                        <div class=\"form-check my-0 d-inline-block\">\r\n                                          <input aria-label=\"2458\"\r\n                                            class=\"form-check-input mt-5px\" type=\"checkbox\" name=\"partner_projektu[]\"\r\n                                            value=\"2458\"\r\n                                            id=\"dlcnaborypartnerProjektuoflodk21dklnr\"\r\n                                                                                        onclick=\"disableToggleAll('naborypartnerProjektuoflodk');\" \/>\r\n                                          <label class=\"form-check-label\"\r\n                                            for=\"dlcnaborypartnerProjektuoflodk21dklnr\">\r\n                                            \u017dilinsk\u00fd samospr\u00e1vny kraj                                          <\/label>\r\n                                        <\/div>\r\n                                      <\/li>\r\n                                                                            <li\r\n                                        class=\"list-group-item text-14px px-0 py-2 border-0 d-flex justify-content-between\">\r\n                                        <div class=\"form-check my-0 d-inline-block\">\r\n                                          <input aria-label=\"2493\"\r\n                                            class=\"form-check-input mt-5px\" type=\"checkbox\" name=\"partner_projektu[]\"\r\n                                            value=\"2493\"\r\n                                            id=\"dlcnaborypartnerProjektuoflodk22dklnr\"\r\n                                                                                        onclick=\"disableToggleAll('naborypartnerProjektuoflodk');\" \/>\r\n                                          <label class=\"form-check-label\"\r\n                                            for=\"dlcnaborypartnerProjektuoflodk22dklnr\">\r\n                                            Pre\u0161ovsk\u00fd samospr\u00e1vny kraj (GPT)                                          <\/label>\r\n                                        <\/div>\r\n                                      <\/li>\r\n                                                                            <li\r\n                                        class=\"list-group-item text-14px px-0 py-2 border-0 d-flex justify-content-between\">\r\n                                        <div class=\"form-check my-0 d-inline-block\">\r\n                                          <input aria-label=\"2647\"\r\n                                            class=\"form-check-input mt-5px\" type=\"checkbox\" name=\"partner_projektu[]\"\r\n                                            value=\"2647\"\r\n                                            id=\"dlcnaborypartnerProjektuoflodk23dklnr\"\r\n                                                                                        onclick=\"disableToggleAll('naborypartnerProjektuoflodk');\" \/>\r\n                                          <label class=\"form-check-label\"\r\n                                            for=\"dlcnaborypartnerProjektuoflodk23dklnr\">\r\n                                            Obec Zawoja                                          <\/label>\r\n                                        <\/div>\r\n                                      <\/li>\r\n                                                                            <li\r\n                                        class=\"list-group-item text-14px px-0 py-2 border-0 d-flex justify-content-between\">\r\n                                        <div class=\"form-check my-0 d-inline-block\">\r\n                                          <input aria-label=\"2813\"\r\n                                            class=\"form-check-input mt-5px\" type=\"checkbox\" name=\"partner_projektu[]\"\r\n                                            value=\"2813\"\r\n                                            id=\"dlcnaborypartnerProjektuoflodk24dklnr\"\r\n                                                                                        onclick=\"disableToggleAll('naborypartnerProjektuoflodk');\" \/>\r\n                                          <label class=\"form-check-label\"\r\n                                            for=\"dlcnaborypartnerProjektuoflodk24dklnr\">\r\n                                            Muzeum Budownictwa Ludowego w Sanoku                                          <\/label>\r\n                                        <\/div>\r\n                                      <\/li>\r\n                                                                            <li\r\n                                        class=\"list-group-item text-14px px-0 py-2 border-0 d-flex justify-content-between\">\r\n                                        <div class=\"form-check my-0 d-inline-block\">\r\n                                          <input aria-label=\"2857\"\r\n                                            class=\"form-check-input mt-5px\" type=\"checkbox\" name=\"partner_projektu[]\"\r\n                                            value=\"2857\"\r\n                                            id=\"dlcnaborypartnerProjektuoflodk25dklnr\"\r\n                                                                                        onclick=\"disableToggleAll('naborypartnerProjektuoflodk');\" \/>\r\n                                          <label class=\"form-check-label\"\r\n                                            for=\"dlcnaborypartnerProjektuoflodk25dklnr\">\r\n                                            Obec Vy\u0161n\u00e1 Jed\u013eov\u00e1                                          <\/label>\r\n                                        <\/div>\r\n                                      <\/li>\r\n                                                                            <li\r\n                                        class=\"list-group-item text-14px px-0 py-2 border-0 d-flex justify-content-between\">\r\n                                        <div class=\"form-check my-0 d-inline-block\">\r\n                                          <input aria-label=\"2911\"\r\n                                            class=\"form-check-input mt-5px\" type=\"checkbox\" name=\"partner_projektu[]\"\r\n                                            value=\"2911\"\r\n                                            id=\"dlcnaborypartnerProjektuoflodk26dklnr\"\r\n                                                                                        onclick=\"disableToggleAll('naborypartnerProjektuoflodk');\" \/>\r\n                                          <label class=\"form-check-label\"\r\n                                            for=\"dlcnaborypartnerProjektuoflodk26dklnr\">\r\n                                            Kl\u00e1\u0161tor Minoritov                                          <\/label>\r\n                                        <\/div>\r\n                                      <\/li>\r\n                                                                            <li\r\n                                        class=\"list-group-item text-14px px-0 py-2 border-0 d-flex justify-content-between\">\r\n                                        <div class=\"form-check my-0 d-inline-block\">\r\n                                          <input aria-label=\"2361\"\r\n                                            class=\"form-check-input mt-5px\" type=\"checkbox\" name=\"partner_projektu[]\"\r\n                                            value=\"2361\"\r\n                                            id=\"dlcnaborypartnerProjektuoflodk27dklnr\"\r\n                                                                                        onclick=\"disableToggleAll('naborypartnerProjektuoflodk');\" \/>\r\n                                          <label class=\"form-check-label\"\r\n                                            for=\"dlcnaborypartnerProjektuoflodk27dklnr\">\r\n                                            Obec O\u0161\u010dadnica                                          <\/label>\r\n                                        <\/div>\r\n                                      <\/li>\r\n                                                                            <li\r\n                                        class=\"list-group-item text-14px px-0 py-2 border-0 d-flex justify-content-between\">\r\n                                        <div class=\"form-check my-0 d-inline-block\">\r\n                                          <input aria-label=\"2395\"\r\n                                            class=\"form-check-input mt-5px\" type=\"checkbox\" name=\"partner_projektu[]\"\r\n                                            value=\"2395\"\r\n                                            id=\"dlcnaborypartnerProjektuoflodk28dklnr\"\r\n                                                                                        onclick=\"disableToggleAll('naborypartnerProjektuoflodk');\" \/>\r\n                                          <label class=\"form-check-label\"\r\n                                            for=\"dlcnaborypartnerProjektuoflodk28dklnr\">\r\n                                            Obec Becherov                                          <\/label>\r\n                                        <\/div>\r\n                                      <\/li>\r\n                                                                            <li\r\n                                        class=\"list-group-item text-14px px-0 py-2 border-0 d-flex justify-content-between\">\r\n                                        <div class=\"form-check my-0 d-inline-block\">\r\n                                          <input aria-label=\"2442\"\r\n                                            class=\"form-check-input mt-5px\" type=\"checkbox\" name=\"partner_projektu[]\"\r\n                                            value=\"2442\"\r\n                                            id=\"dlcnaborypartnerProjektuoflodk29dklnr\"\r\n                                                                                        onclick=\"disableToggleAll('naborypartnerProjektuoflodk');\" \/>\r\n                                          <label class=\"form-check-label\"\r\n                                            for=\"dlcnaborypartnerProjektuoflodk29dklnr\">\r\n                                            Lesn\u00e1 oblas\u0165 Nowy Targ                                          <\/label>\r\n                                        <\/div>\r\n                                      <\/li>\r\n                                                                            <li\r\n                                        class=\"list-group-item text-14px px-0 py-2 border-0 d-flex justify-content-between\">\r\n                                        <div class=\"form-check my-0 d-inline-block\">\r\n                                          <input aria-label=\"2460\"\r\n                                            class=\"form-check-input mt-5px\" type=\"checkbox\" name=\"partner_projektu[]\"\r\n                                            value=\"2460\"\r\n                                            id=\"dlcnaborypartnerProjektuoflodk30dklnr\"\r\n                                                                                        onclick=\"disableToggleAll('naborypartnerProjektuoflodk');\" \/>\r\n                                          <label class=\"form-check-label\"\r\n                                            for=\"dlcnaborypartnerProjektuoflodk30dklnr\">\r\n                                            Obec \u010cierne                                          <\/label>\r\n                                        <\/div>\r\n                                      <\/li>\r\n                                                                            <li\r\n                                        class=\"list-group-item text-14px px-0 py-2 border-0 d-flex justify-content-between\">\r\n                                        <div class=\"form-check my-0 d-inline-block\">\r\n                                          <input aria-label=\"2494\"\r\n                                            class=\"form-check-input mt-5px\" type=\"checkbox\" name=\"partner_projektu[]\"\r\n                                            value=\"2494\"\r\n                                            id=\"dlcnaborypartnerProjektuoflodk31dklnr\"\r\n                                                                                        onclick=\"disableToggleAll('naborypartnerProjektuoflodk');\" \/>\r\n                                          <label class=\"form-check-label\"\r\n                                            for=\"dlcnaborypartnerProjektuoflodk31dklnr\">\r\n                                            Mesto Star\u00e1 \u013dubov\u0148a                                          <\/label>\r\n                                        <\/div>\r\n                                      <\/li>\r\n                                                                            <li\r\n                                        class=\"list-group-item text-14px px-0 py-2 border-0 d-flex justify-content-between\">\r\n                                        <div class=\"form-check my-0 d-inline-block\">\r\n                                          <input aria-label=\"2738\"\r\n                                            class=\"form-check-input mt-5px\" type=\"checkbox\" name=\"partner_projektu[]\"\r\n                                            value=\"2738\"\r\n                                            id=\"dlcnaborypartnerProjektuoflodk32dklnr\"\r\n                                                                                        onclick=\"disableToggleAll('naborypartnerProjektuoflodk');\" \/>\r\n                                          <label class=\"form-check-label\"\r\n                                            for=\"dlcnaborypartnerProjektuoflodk32dklnr\">\r\n                                            Podkarpacki Zarz\u0105d Dr\u00f3g Wojew\u00f3dzkich                                          <\/label>\r\n                                        <\/div>\r\n                                      <\/li>\r\n                                                                            <li\r\n                                        class=\"list-group-item text-14px px-0 py-2 border-0 d-flex justify-content-between\">\r\n                                        <div class=\"form-check my-0 d-inline-block\">\r\n                                          <input aria-label=\"2815\"\r\n                                            class=\"form-check-input mt-5px\" type=\"checkbox\" name=\"partner_projektu[]\"\r\n                                            value=\"2815\"\r\n                                            id=\"dlcnaborypartnerProjektuoflodk33dklnr\"\r\n                                                                                        onclick=\"disableToggleAll('naborypartnerProjektuoflodk');\" \/>\r\n                                          <label class=\"form-check-label\"\r\n                                            for=\"dlcnaborypartnerProjektuoflodk33dklnr\">\r\n                                            Podkarpacka Regionalna Organizacja Turystyczna                                          <\/label>\r\n                                        <\/div>\r\n                                      <\/li>\r\n                                                                            <li\r\n                                        class=\"list-group-item text-14px px-0 py-2 border-0 d-flex justify-content-between\">\r\n                                        <div class=\"form-check my-0 d-inline-block\">\r\n                                          <input aria-label=\"2864\"\r\n                                            class=\"form-check-input mt-5px\" type=\"checkbox\" name=\"partner_projektu[]\"\r\n                                            value=\"2864\"\r\n                                            id=\"dlcnaborypartnerProjektuoflodk34dklnr\"\r\n                                                                                        onclick=\"disableToggleAll('naborypartnerProjektuoflodk');\" \/>\r\n                                          <label class=\"form-check-label\"\r\n                                            for=\"dlcnaborypartnerProjektuoflodk34dklnr\">\r\n                                            Spr\u00e1va N\u00e1rodn\u00e9ho parku N\u00edzke Tatry so s\u00eddlom v Banskej Bystrici                                          <\/label>\r\n                                        <\/div>\r\n                                      <\/li>\r\n                                                                            <li\r\n                                        class=\"list-group-item text-14px px-0 py-2 border-0 d-flex justify-content-between\">\r\n                                        <div class=\"form-check my-0 d-inline-block\">\r\n                                          <input aria-label=\"2913\"\r\n                                            class=\"form-check-input mt-5px\" type=\"checkbox\" name=\"partner_projektu[]\"\r\n                                            value=\"2913\"\r\n                                            id=\"dlcnaborypartnerProjektuoflodk35dklnr\"\r\n                                                                                        onclick=\"disableToggleAll('naborypartnerProjektuoflodk');\" \/>\r\n                                          <label class=\"form-check-label\"\r\n                                            for=\"dlcnaborypartnerProjektuoflodk35dklnr\">\r\n                                            R\u00edmskokatol\u00edcka cirkev, farnos\u0165 Spi\u0161sk\u00fd \u0160tvrtok                                          <\/label>\r\n                                        <\/div>\r\n                                      <\/li>\r\n                                                                            <li\r\n                                        class=\"list-group-item text-14px px-0 py-2 border-0 d-flex justify-content-between\">\r\n                                        <div class=\"form-check my-0 d-inline-block\">\r\n                                          <input aria-label=\"2362\"\r\n                                            class=\"form-check-input mt-5px\" type=\"checkbox\" name=\"partner_projektu[]\"\r\n                                            value=\"2362\"\r\n                                            id=\"dlcnaborypartnerProjektuoflodk36dklnr\"\r\n                                                                                        onclick=\"disableToggleAll('naborypartnerProjektuoflodk');\" \/>\r\n                                          <label class=\"form-check-label\"\r\n                                            for=\"dlcnaborypartnerProjektuoflodk36dklnr\">\r\n                                            Obec Skalit\u00e9                                          <\/label>\r\n                                        <\/div>\r\n                                      <\/li>\r\n                                                                            <li\r\n                                        class=\"list-group-item text-14px px-0 py-2 border-0 d-flex justify-content-between\">\r\n                                        <div class=\"form-check my-0 d-inline-block\">\r\n                                          <input aria-label=\"2396\"\r\n                                            class=\"form-check-input mt-5px\" type=\"checkbox\" name=\"partner_projektu[]\"\r\n                                            value=\"2396\"\r\n                                            id=\"dlcnaborypartnerProjektuoflodk37dklnr\"\r\n                                                                                        onclick=\"disableToggleAll('naborypartnerProjektuoflodk');\" \/>\r\n                                          <label class=\"form-check-label\"\r\n                                            for=\"dlcnaborypartnerProjektuoflodk37dklnr\">\r\n                                            Mesto Jaslo                                          <\/label>\r\n                                        <\/div>\r\n                                      <\/li>\r\n                                                                            <li\r\n                                        class=\"list-group-item text-14px px-0 py-2 border-0 d-flex justify-content-between\">\r\n                                        <div class=\"form-check my-0 d-inline-block\">\r\n                                          <input aria-label=\"2443\"\r\n                                            class=\"form-check-input mt-5px\" type=\"checkbox\" name=\"partner_projektu[]\"\r\n                                            value=\"2443\"\r\n                                            id=\"dlcnaborypartnerProjektuoflodk38dklnr\"\r\n                                                                                        onclick=\"disableToggleAll('naborypartnerProjektuoflodk');\" \/>\r\n                                          <label class=\"form-check-label\"\r\n                                            for=\"dlcnaborypartnerProjektuoflodk38dklnr\">\r\n                                            Lesn\u00e1 oblas\u0165 Piwniczna                                          <\/label>\r\n                                        <\/div>\r\n                                      <\/li>\r\n                                                                            <li\r\n                                        class=\"list-group-item text-14px px-0 py-2 border-0 d-flex justify-content-between\">\r\n                                        <div class=\"form-check my-0 d-inline-block\">\r\n                                          <input aria-label=\"2462\"\r\n                                            class=\"form-check-input mt-5px\" type=\"checkbox\" name=\"partner_projektu[]\"\r\n                                            value=\"2462\"\r\n                                            id=\"dlcnaborypartnerProjektuoflodk39dklnr\"\r\n                                                                                        onclick=\"disableToggleAll('naborypartnerProjektuoflodk');\" \/>\r\n                                          <label class=\"form-check-label\"\r\n                                            for=\"dlcnaborypartnerProjektuoflodk39dklnr\">\r\n                                            Obec Wisla                                          <\/label>\r\n                                        <\/div>\r\n                                      <\/li>\r\n                                                                            <li\r\n                                        class=\"list-group-item text-14px px-0 py-2 border-0 d-flex justify-content-between\">\r\n                                        <div class=\"form-check my-0 d-inline-block\">\r\n                                          <input aria-label=\"2495\"\r\n                                            class=\"form-check-input mt-5px\" type=\"checkbox\" name=\"partner_projektu[]\"\r\n                                            value=\"2495\"\r\n                                            id=\"dlcnaborypartnerProjektuoflodk40dklnr\"\r\n                                                                                        onclick=\"disableToggleAll('naborypartnerProjektuoflodk');\" \/>\r\n                                          <label class=\"form-check-label\"\r\n                                            for=\"dlcnaborypartnerProjektuoflodk40dklnr\">\r\n                                            Obec Stary S\u0105cz                                          <\/label>\r\n                                        <\/div>\r\n                                      <\/li>\r\n                                                                            <li\r\n                                        class=\"list-group-item text-14px px-0 py-2 border-0 d-flex justify-content-between\">\r\n                                        <div class=\"form-check my-0 d-inline-block\">\r\n                                          <input aria-label=\"2774\"\r\n                                            class=\"form-check-input mt-5px\" type=\"checkbox\" name=\"partner_projektu[]\"\r\n                                            value=\"2774\"\r\n                                            id=\"dlcnaborypartnerProjektuoflodk41dklnr\"\r\n                                                                                        onclick=\"disableToggleAll('naborypartnerProjektuoflodk');\" \/>\r\n                                          <label class=\"form-check-label\"\r\n                                            for=\"dlcnaborypartnerProjektuoflodk41dklnr\">\r\n                                            Obec W\u0119gierska G\u00f3rka                                          <\/label>\r\n                                        <\/div>\r\n                                      <\/li>\r\n                                                                            <li\r\n                                        class=\"list-group-item text-14px px-0 py-2 border-0 d-flex justify-content-between\">\r\n                                        <div class=\"form-check my-0 d-inline-block\">\r\n                                          <input aria-label=\"2819\"\r\n                                            class=\"form-check-input mt-5px\" type=\"checkbox\" name=\"partner_projektu[]\"\r\n                                            value=\"2819\"\r\n                                            id=\"dlcnaborypartnerProjektuoflodk42dklnr\"\r\n                                                                                        onclick=\"disableToggleAll('naborypartnerProjektuoflodk');\" \/>\r\n                                          <label class=\"form-check-label\"\r\n                                            for=\"dlcnaborypartnerProjektuoflodk42dklnr\">\r\n                                            Komenda Wojew\u00f3dzka Policji w Krakowie                                          <\/label>\r\n                                        <\/div>\r\n                                      <\/li>\r\n                                                                            <li\r\n                                        class=\"list-group-item text-14px px-0 py-2 border-0 d-flex justify-content-between\">\r\n                                        <div class=\"form-check my-0 d-inline-block\">\r\n                                          <input aria-label=\"2866\"\r\n                                            class=\"form-check-input mt-5px\" type=\"checkbox\" name=\"partner_projektu[]\"\r\n                                            value=\"2866\"\r\n                                            id=\"dlcnaborypartnerProjektuoflodk43dklnr\"\r\n                                                                                        onclick=\"disableToggleAll('naborypartnerProjektuoflodk');\" \/>\r\n                                          <label class=\"form-check-label\"\r\n                                            for=\"dlcnaborypartnerProjektuoflodk43dklnr\">\r\n                                            Muzeum Tatrza\u0144skie im. Dra Tytusa Cha\u0142ubi\u0144skiego                                          <\/label>\r\n                                        <\/div>\r\n                                      <\/li>\r\n                                                                            <li\r\n                                        class=\"list-group-item text-14px px-0 py-2 border-0 d-flex justify-content-between\">\r\n                                        <div class=\"form-check my-0 d-inline-block\">\r\n                                          <input aria-label=\"2917\"\r\n                                            class=\"form-check-input mt-5px\" type=\"checkbox\" name=\"partner_projektu[]\"\r\n                                            value=\"2917\"\r\n                                            id=\"dlcnaborypartnerProjektuoflodk44dklnr\"\r\n                                                                                        onclick=\"disableToggleAll('naborypartnerProjektuoflodk');\" \/>\r\n                                          <label class=\"form-check-label\"\r\n                                            for=\"dlcnaborypartnerProjektuoflodk44dklnr\">\r\n                                            Obec Spytkowice                                          <\/label>\r\n                                        <\/div>\r\n                                      <\/li>\r\n                                                                            <li\r\n                                        class=\"list-group-item text-14px px-0 py-2 border-0 d-flex justify-content-between\">\r\n                                        <div class=\"form-check my-0 d-inline-block\">\r\n                                          <input aria-label=\"2363\"\r\n                                            class=\"form-check-input mt-5px\" type=\"checkbox\" name=\"partner_projektu[]\"\r\n                                            value=\"2363\"\r\n                                            id=\"dlcnaborypartnerProjektuoflodk45dklnr\"\r\n                                                                                        onclick=\"disableToggleAll('naborypartnerProjektuoflodk');\" \/>\r\n                                          <label class=\"form-check-label\"\r\n                                            for=\"dlcnaborypartnerProjektuoflodk45dklnr\">\r\n                                            Mesto Kr\u00e1sno nad Kysucou                                          <\/label>\r\n                                        <\/div>\r\n                                      <\/li>\r\n                                                                            <li\r\n                                        class=\"list-group-item text-14px px-0 py-2 border-0 d-flex justify-content-between\">\r\n                                        <div class=\"form-check my-0 d-inline-block\">\r\n                                          <input aria-label=\"2397\"\r\n                                            class=\"form-check-input mt-5px\" type=\"checkbox\" name=\"partner_projektu[]\"\r\n                                            value=\"2397\"\r\n                                            id=\"dlcnaborypartnerProjektuoflodk46dklnr\"\r\n                                                                                        onclick=\"disableToggleAll('naborypartnerProjektuoflodk');\" \/>\r\n                                          <label class=\"form-check-label\"\r\n                                            for=\"dlcnaborypartnerProjektuoflodk46dklnr\">\r\n                                            Mesto Podol\u00ednec                                          <\/label>\r\n                                        <\/div>\r\n                                      <\/li>\r\n                                                                            <li\r\n                                        class=\"list-group-item text-14px px-0 py-2 border-0 d-flex justify-content-between\">\r\n                                        <div class=\"form-check my-0 d-inline-block\">\r\n                                          <input aria-label=\"2444\"\r\n                                            class=\"form-check-input mt-5px\" type=\"checkbox\" name=\"partner_projektu[]\"\r\n                                            value=\"2444\"\r\n                                            id=\"dlcnaborypartnerProjektuoflodk47dklnr\"\r\n                                                                                        onclick=\"disableToggleAll('naborypartnerProjektuoflodk');\" \/>\r\n                                          <label class=\"form-check-label\"\r\n                                            for=\"dlcnaborypartnerProjektuoflodk47dklnr\">\r\n                                            Lesn\u00e1 oblas\u0165 Stary S\u0105cz                                          <\/label>\r\n                                        <\/div>\r\n                                      <\/li>\r\n                                                                            <li\r\n                                        class=\"list-group-item text-14px px-0 py-2 border-0 d-flex justify-content-between\">\r\n                                        <div class=\"form-check my-0 d-inline-block\">\r\n                                          <input aria-label=\"2465\"\r\n                                            class=\"form-check-input mt-5px\" type=\"checkbox\" name=\"partner_projektu[]\"\r\n                                            value=\"2465\"\r\n                                            id=\"dlcnaborypartnerProjektuoflodk48dklnr\"\r\n                                                                                        onclick=\"disableToggleAll('naborypartnerProjektuoflodk');\" \/>\r\n                                          <label class=\"form-check-label\"\r\n                                            for=\"dlcnaborypartnerProjektuoflodk48dklnr\">\r\n                                            Mesto Levo\u010da                                          <\/label>\r\n                                        <\/div>\r\n                                      <\/li>\r\n                                                                            <li\r\n                                        class=\"list-group-item text-14px px-0 py-2 border-0 d-flex justify-content-between\">\r\n                                        <div class=\"form-check my-0 d-inline-block\">\r\n                                          <input aria-label=\"2497\"\r\n                                            class=\"form-check-input mt-5px\" type=\"checkbox\" name=\"partner_projektu[]\"\r\n                                            value=\"2497\"\r\n                                            id=\"dlcnaborypartnerProjektuoflodk49dklnr\"\r\n                                                                                        onclick=\"disableToggleAll('naborypartnerProjektuoflodk');\" \/>\r\n                                          <label class=\"form-check-label\"\r\n                                            for=\"dlcnaborypartnerProjektuoflodk49dklnr\">\r\n                                            Jednotka karpatskej pohrani\u010dnej str\u00e1\u017ee v Nowom S\u0105czi                                          <\/label>\r\n                                        <\/div>\r\n                                      <\/li>\r\n                                                                            <li\r\n                                        class=\"list-group-item text-14px px-0 py-2 border-0 d-flex justify-content-between\">\r\n                                        <div class=\"form-check my-0 d-inline-block\">\r\n                                          <input aria-label=\"2781\"\r\n                                            class=\"form-check-input mt-5px\" type=\"checkbox\" name=\"partner_projektu[]\"\r\n                                            value=\"2781\"\r\n                                            id=\"dlcnaborypartnerProjektuoflodk50dklnr\"\r\n                                                                                        onclick=\"disableToggleAll('naborypartnerProjektuoflodk');\" \/>\r\n                                          <label class=\"form-check-label\"\r\n                                            for=\"dlcnaborypartnerProjektuoflodk50dklnr\">\r\n                                            Obec Plave\u010d                                          <\/label>\r\n                                        <\/div>\r\n                                      <\/li>\r\n                                                                            <li\r\n                                        class=\"list-group-item text-14px px-0 py-2 border-0 d-flex justify-content-between\">\r\n                                        <div class=\"form-check my-0 d-inline-block\">\r\n                                          <input aria-label=\"2823\"\r\n                                            class=\"form-check-input mt-5px\" type=\"checkbox\" name=\"partner_projektu[]\"\r\n                                            value=\"2823\"\r\n                                            id=\"dlcnaborypartnerProjektuoflodk51dklnr\"\r\n                                                                                        onclick=\"disableToggleAll('naborypartnerProjektuoflodk');\" \/>\r\n                                          <label class=\"form-check-label\"\r\n                                            for=\"dlcnaborypartnerProjektuoflodk51dklnr\">\r\n                                            Obec Stak\u010d\u00edn                                          <\/label>\r\n                                        <\/div>\r\n                                      <\/li>\r\n                                                                            <li\r\n                                        class=\"list-group-item text-14px px-0 py-2 border-0 d-flex justify-content-between\">\r\n                                        <div class=\"form-check my-0 d-inline-block\">\r\n                                          <input aria-label=\"2868\"\r\n                                            class=\"form-check-input mt-5px\" type=\"checkbox\" name=\"partner_projektu[]\"\r\n                                            value=\"2868\"\r\n                                            id=\"dlcnaborypartnerProjektuoflodk52dklnr\"\r\n                                                                                        onclick=\"disableToggleAll('naborypartnerProjektuoflodk');\" \/>\r\n                                          <label class=\"form-check-label\"\r\n                                            for=\"dlcnaborypartnerProjektuoflodk52dklnr\">\r\n                                            Komenda Wojew\u00f3dzka Pa\u0144stwowej Stra\u017cy Po\u017carnej w Rzeszowie                                          <\/label>\r\n                                        <\/div>\r\n                                      <\/li>\r\n                                                                            <li\r\n                                        class=\"list-group-item text-14px px-0 py-2 border-0 d-flex justify-content-between\">\r\n                                        <div class=\"form-check my-0 d-inline-block\">\r\n                                          <input aria-label=\"2933\"\r\n                                            class=\"form-check-input mt-5px\" type=\"checkbox\" name=\"partner_projektu[]\"\r\n                                            value=\"2933\"\r\n                                            id=\"dlcnaborypartnerProjektuoflodk53dklnr\"\r\n                                                                                        onclick=\"disableToggleAll('naborypartnerProjektuoflodk');\" \/>\r\n                                          <label class=\"form-check-label\"\r\n                                            for=\"dlcnaborypartnerProjektuoflodk53dklnr\">\r\n                                            Obec Chme\u013enica                                          <\/label>\r\n                                        <\/div>\r\n                                      <\/li>\r\n                                                                            <li\r\n                                        class=\"list-group-item text-14px px-0 py-2 border-0 d-flex justify-content-between\">\r\n                                        <div class=\"form-check my-0 d-inline-block\">\r\n                                          <input aria-label=\"2364\"\r\n                                            class=\"form-check-input mt-5px\" type=\"checkbox\" name=\"partner_projektu[]\"\r\n                                            value=\"2364\"\r\n                                            id=\"dlcnaborypartnerProjektuoflodk54dklnr\"\r\n                                                                                        onclick=\"disableToggleAll('naborypartnerProjektuoflodk');\" \/>\r\n                                          <label class=\"form-check-label\"\r\n                                            for=\"dlcnaborypartnerProjektuoflodk54dklnr\">\r\n                                            Mesto \u010cadca                                          <\/label>\r\n                                        <\/div>\r\n                                      <\/li>\r\n                                                                            <li\r\n                                        class=\"list-group-item text-14px px-0 py-2 border-0 d-flex justify-content-between\">\r\n                                        <div class=\"form-check my-0 d-inline-block\">\r\n                                          <input aria-label=\"2401\"\r\n                                            class=\"form-check-input mt-5px\" type=\"checkbox\" name=\"partner_projektu[]\"\r\n                                            value=\"2401\"\r\n                                            id=\"dlcnaborypartnerProjektuoflodk55dklnr\"\r\n                                                                                        onclick=\"disableToggleAll('naborypartnerProjektuoflodk');\" \/>\r\n                                          <label class=\"form-check-label\"\r\n                                            for=\"dlcnaborypartnerProjektuoflodk55dklnr\">\r\n                                            Zv\u00e4z obc\u00ed povodia rieky Wis\u0142oka                                          <\/label>\r\n                                        <\/div>\r\n                                      <\/li>\r\n                                                                            <li\r\n                                        class=\"list-group-item text-14px px-0 py-2 border-0 d-flex justify-content-between\">\r\n                                        <div class=\"form-check my-0 d-inline-block\">\r\n                                          <input aria-label=\"2445\"\r\n                                            class=\"form-check-input mt-5px\" type=\"checkbox\" name=\"partner_projektu[]\"\r\n                                            value=\"2445\"\r\n                                            id=\"dlcnaborypartnerProjektuoflodk56dklnr\"\r\n                                                                                        onclick=\"disableToggleAll('naborypartnerProjektuoflodk');\" \/>\r\n                                          <label class=\"form-check-label\"\r\n                                            for=\"dlcnaborypartnerProjektuoflodk56dklnr\">\r\n                                            Lesn\u00e1 oblas\u0165 \u0141osie                                          <\/label>\r\n                                        <\/div>\r\n                                      <\/li>\r\n                                                                            <li\r\n                                        class=\"list-group-item text-14px px-0 py-2 border-0 d-flex justify-content-between\">\r\n                                        <div class=\"form-check my-0 d-inline-block\">\r\n                                          <input aria-label=\"2466\"\r\n                                            class=\"form-check-input mt-5px\" type=\"checkbox\" name=\"partner_projektu[]\"\r\n                                            value=\"2466\"\r\n                                            id=\"dlcnaborypartnerProjektuoflodk57dklnr\"\r\n                                                                                        onclick=\"disableToggleAll('naborypartnerProjektuoflodk');\" \/>\r\n                                          <label class=\"form-check-label\"\r\n                                            for=\"dlcnaborypartnerProjektuoflodk57dklnr\">\r\n                                            Mesto a k\u00fape\u013en\u00e1 obec Muszyna                                          <\/label>\r\n                                        <\/div>\r\n                                      <\/li>\r\n                                                                            <li\r\n                                        class=\"list-group-item text-14px px-0 py-2 border-0 d-flex justify-content-between\">\r\n                                        <div class=\"form-check my-0 d-inline-block\">\r\n                                          <input aria-label=\"2500\"\r\n                                            class=\"form-check-input mt-5px\" type=\"checkbox\" name=\"partner_projektu[]\"\r\n                                            value=\"2500\"\r\n                                            id=\"dlcnaborypartnerProjektuoflodk58dklnr\"\r\n                                                                                        onclick=\"disableToggleAll('naborypartnerProjektuoflodk');\" \/>\r\n                                          <label class=\"form-check-label\"\r\n                                            for=\"dlcnaborypartnerProjektuoflodk58dklnr\">\r\n                                            Obec Brzyska                                          <\/label>\r\n                                        <\/div>\r\n                                      <\/li>\r\n                                                                            <li\r\n                                        class=\"list-group-item text-14px px-0 py-2 border-0 d-flex justify-content-between\">\r\n                                        <div class=\"form-check my-0 d-inline-block\">\r\n                                          <input aria-label=\"2785\"\r\n                                            class=\"form-check-input mt-5px\" type=\"checkbox\" name=\"partner_projektu[]\"\r\n                                            value=\"2785\"\r\n                                            id=\"dlcnaborypartnerProjektuoflodk59dklnr\"\r\n                                                                                        onclick=\"disableToggleAll('naborypartnerProjektuoflodk');\" \/>\r\n                                          <label class=\"form-check-label\"\r\n                                            for=\"dlcnaborypartnerProjektuoflodk59dklnr\">\r\n                                            Muzeum Ziemi S\u0105deckiej                                          <\/label>\r\n                                        <\/div>\r\n                                      <\/li>\r\n                                                                            <li\r\n                                        class=\"list-group-item text-14px px-0 py-2 border-0 d-flex justify-content-between\">\r\n                                        <div class=\"form-check my-0 d-inline-block\">\r\n                                          <input aria-label=\"2827\"\r\n                                            class=\"form-check-input mt-5px\" type=\"checkbox\" name=\"partner_projektu[]\"\r\n                                            value=\"2827\"\r\n                                            id=\"dlcnaborypartnerProjektuoflodk60dklnr\"\r\n                                                                                        onclick=\"disableToggleAll('naborypartnerProjektuoflodk');\" \/>\r\n                                          <label class=\"form-check-label\"\r\n                                            for=\"dlcnaborypartnerProjektuoflodk60dklnr\">\r\n                                            Obec Raciechowice                                          <\/label>\r\n                                        <\/div>\r\n                                      <\/li>\r\n                                                                            <li\r\n                                        class=\"list-group-item text-14px px-0 py-2 border-0 d-flex justify-content-between\">\r\n                                        <div class=\"form-check my-0 d-inline-block\">\r\n                                          <input aria-label=\"2870\"\r\n                                            class=\"form-check-input mt-5px\" type=\"checkbox\" name=\"partner_projektu[]\"\r\n                                            value=\"2870\"\r\n                                            id=\"dlcnaborypartnerProjektuoflodk61dklnr\"\r\n                                                                                        onclick=\"disableToggleAll('naborypartnerProjektuoflodk');\" \/>\r\n                                          <label class=\"form-check-label\"\r\n                                            for=\"dlcnaborypartnerProjektuoflodk61dklnr\">\r\n                                            Komenda Wojew\u00f3dzka Pa\u0144stwowej Stra\u017cy Po\u017carnej w Katowicach                                          <\/label>\r\n                                        <\/div>\r\n                                      <\/li>\r\n                                                                            <li\r\n                                        class=\"list-group-item text-14px px-0 py-2 border-0 d-flex justify-content-between\">\r\n                                        <div class=\"form-check my-0 d-inline-block\">\r\n                                          <input aria-label=\"2368\"\r\n                                            class=\"form-check-input mt-5px\" type=\"checkbox\" name=\"partner_projektu[]\"\r\n                                            value=\"2368\"\r\n                                            id=\"dlcnaborypartnerProjektuoflodk62dklnr\"\r\n                                                                                        onclick=\"disableToggleAll('naborypartnerProjektuoflodk');\" \/>\r\n                                          <label class=\"form-check-label\"\r\n                                            for=\"dlcnaborypartnerProjektuoflodk62dklnr\">\r\n                                            Obec Kra\u010d\u00fanovce                                          <\/label>\r\n                                        <\/div>\r\n                                      <\/li>\r\n                                                                            <li\r\n                                        class=\"list-group-item text-14px px-0 py-2 border-0 d-flex justify-content-between\">\r\n                                        <div class=\"form-check my-0 d-inline-block\">\r\n                                          <input aria-label=\"2403\"\r\n                                            class=\"form-check-input mt-5px\" type=\"checkbox\" name=\"partner_projektu[]\"\r\n                                            value=\"2403\"\r\n                                            id=\"dlcnaborypartnerProjektuoflodk63dklnr\"\r\n                                                                                        onclick=\"disableToggleAll('naborypartnerProjektuoflodk');\" \/>\r\n                                          <label class=\"form-check-label\"\r\n                                            for=\"dlcnaborypartnerProjektuoflodk63dklnr\">\r\n                                            Obec Sa\u010durov                                          <\/label>\r\n                                        <\/div>\r\n                                      <\/li>\r\n                                                                            <li\r\n                                        class=\"list-group-item text-14px px-0 py-2 border-0 d-flex justify-content-between\">\r\n                                        <div class=\"form-check my-0 d-inline-block\">\r\n                                          <input aria-label=\"2446\"\r\n                                            class=\"form-check-input mt-5px\" type=\"checkbox\" name=\"partner_projektu[]\"\r\n                                            value=\"2446\"\r\n                                            id=\"dlcnaborypartnerProjektuoflodk64dklnr\"\r\n                                                                                        onclick=\"disableToggleAll('naborypartnerProjektuoflodk');\" \/>\r\n                                          <label class=\"form-check-label\"\r\n                                            for=\"dlcnaborypartnerProjektuoflodk64dklnr\">\r\n                                            Pieninsk\u00fd n\u00e1rodn\u00fd park                                          <\/label>\r\n                                        <\/div>\r\n                                      <\/li>\r\n                                                                            <li\r\n                                        class=\"list-group-item text-14px px-0 py-2 border-0 d-flex justify-content-between\">\r\n                                        <div class=\"form-check my-0 d-inline-block\">\r\n                                          <input aria-label=\"2469\"\r\n                                            class=\"form-check-input mt-5px\" type=\"checkbox\" name=\"partner_projektu[]\"\r\n                                            value=\"2469\"\r\n                                            id=\"dlcnaborypartnerProjektuoflodk65dklnr\"\r\n                                                                                        onclick=\"disableToggleAll('naborypartnerProjektuoflodk');\" \/>\r\n                                          <label class=\"form-check-label\"\r\n                                            for=\"dlcnaborypartnerProjektuoflodk65dklnr\">\r\n                                            R\u00edmskokatol\u00edcka cirkev Biskupstvo Spi\u0161sk\u00e9 Podhradie                                          <\/label>\r\n                                        <\/div>\r\n                                      <\/li>\r\n                                                                            <li\r\n                                        class=\"list-group-item text-14px px-0 py-2 border-0 d-flex justify-content-between\">\r\n                                        <div class=\"form-check my-0 d-inline-block\">\r\n                                          <input aria-label=\"2511\"\r\n                                            class=\"form-check-input mt-5px\" type=\"checkbox\" name=\"partner_projektu[]\"\r\n                                            value=\"2511\"\r\n                                            id=\"dlcnaborypartnerProjektuoflodk66dklnr\"\r\n                                                                                        onclick=\"disableToggleAll('naborypartnerProjektuoflodk');\" \/>\r\n                                          <label class=\"form-check-label\"\r\n                                            for=\"dlcnaborypartnerProjektuoflodk66dklnr\">\r\n                                            Obec Cisna                                          <\/label>\r\n                                        <\/div>\r\n                                      <\/li>\r\n                                                                            <li\r\n                                        class=\"list-group-item text-14px px-0 py-2 border-0 d-flex justify-content-between\">\r\n                                        <div class=\"form-check my-0 d-inline-block\">\r\n                                          <input aria-label=\"2787\"\r\n                                            class=\"form-check-input mt-5px\" type=\"checkbox\" name=\"partner_projektu[]\"\r\n                                            value=\"2787\"\r\n                                            id=\"dlcnaborypartnerProjektuoflodk67dklnr\"\r\n                                                                                        onclick=\"disableToggleAll('naborypartnerProjektuoflodk');\" \/>\r\n                                          <label class=\"form-check-label\"\r\n                                            for=\"dlcnaborypartnerProjektuoflodk67dklnr\">\r\n                                            Muzeum &#8211; Dwory Karwacjan\u00f3w i G\u0142adysz\u00f3w w Gorlicach                                          <\/label>\r\n                                        <\/div>\r\n                                      <\/li>\r\n                                                                            <li\r\n                                        class=\"list-group-item text-14px px-0 py-2 border-0 d-flex justify-content-between\">\r\n                                        <div class=\"form-check my-0 d-inline-block\">\r\n                                          <input aria-label=\"2829\"\r\n                                            class=\"form-check-input mt-5px\" type=\"checkbox\" name=\"partner_projektu[]\"\r\n                                            value=\"2829\"\r\n                                            id=\"dlcnaborypartnerProjektuoflodk68dklnr\"\r\n                                                                                        onclick=\"disableToggleAll('naborypartnerProjektuoflodk');\" \/>\r\n                                          <label class=\"form-check-label\"\r\n                                            for=\"dlcnaborypartnerProjektuoflodk68dklnr\">\r\n                                            Obec Hladovka                                          <\/label>\r\n                                        <\/div>\r\n                                      <\/li>\r\n                                                                            <li\r\n                                        class=\"list-group-item text-14px px-0 py-2 border-0 d-flex justify-content-between\">\r\n                                        <div class=\"form-check my-0 d-inline-block\">\r\n                                          <input aria-label=\"2872\"\r\n                                            class=\"form-check-input mt-5px\" type=\"checkbox\" name=\"partner_projektu[]\"\r\n                                            value=\"2872\"\r\n                                            id=\"dlcnaborypartnerProjektuoflodk69dklnr\"\r\n                                                                                        onclick=\"disableToggleAll('naborypartnerProjektuoflodk');\" \/>\r\n                                          <label class=\"form-check-label\"\r\n                                            for=\"dlcnaborypartnerProjektuoflodk69dklnr\">\r\n                                            Obec D\u0119bowiec                                          <\/label>\r\n                                        <\/div>\r\n                                      <\/li>\r\n                                                                            <li\r\n                                        class=\"list-group-item text-14px px-0 py-2 border-0 d-flex justify-content-between\">\r\n                                        <div class=\"form-check my-0 d-inline-block\">\r\n                                          <input aria-label=\"2116\"\r\n                                            class=\"form-check-input mt-5px\" type=\"checkbox\" name=\"partner_projektu[]\"\r\n                                            value=\"2116\"\r\n                                            id=\"dlcnaborypartnerProjektuoflodk70dklnr\"\r\n                                                                                        onclick=\"disableToggleAll('naborypartnerProjektuoflodk');\" \/>\r\n                                          <label class=\"form-check-label\"\r\n                                            for=\"dlcnaborypartnerProjektuoflodk70dklnr\">\r\n                                            Mesto Turzovka                                          <\/label>\r\n                                        <\/div>\r\n                                      <\/li>\r\n                                                                            <li\r\n                                        class=\"list-group-item text-14px px-0 py-2 border-0 d-flex justify-content-between\">\r\n                                        <div class=\"form-check my-0 d-inline-block\">\r\n                                          <input aria-label=\"2370\"\r\n                                            class=\"form-check-input mt-5px\" type=\"checkbox\" name=\"partner_projektu[]\"\r\n                                            value=\"2370\"\r\n                                            id=\"dlcnaborypartnerProjektuoflodk71dklnr\"\r\n                                                                                        onclick=\"disableToggleAll('naborypartnerProjektuoflodk');\" \/>\r\n                                          <label class=\"form-check-label\"\r\n                                            for=\"dlcnaborypartnerProjektuoflodk71dklnr\">\r\n                                            Obec Chork\u00f3wka                                          <\/label>\r\n                                        <\/div>\r\n                                      <\/li>\r\n                                                                            <li\r\n                                        class=\"list-group-item text-14px px-0 py-2 border-0 d-flex justify-content-between\">\r\n                                        <div class=\"form-check my-0 d-inline-block\">\r\n                                          <input aria-label=\"2412\"\r\n                                            class=\"form-check-input mt-5px\" type=\"checkbox\" name=\"partner_projektu[]\"\r\n                                            value=\"2412\"\r\n                                            id=\"dlcnaborypartnerProjektuoflodk72dklnr\"\r\n                                                                                        onclick=\"disableToggleAll('naborypartnerProjektuoflodk');\" \/>\r\n                                          <label class=\"form-check-label\"\r\n                                            for=\"dlcnaborypartnerProjektuoflodk72dklnr\">\r\n                                            Obec Dobczyce                                          <\/label>\r\n                                        <\/div>\r\n                                      <\/li>\r\n                                                                            <li\r\n                                        class=\"list-group-item text-14px px-0 py-2 border-0 d-flex justify-content-between\">\r\n                                        <div class=\"form-check my-0 d-inline-block\">\r\n                                          <input aria-label=\"2447\"\r\n                                            class=\"form-check-input mt-5px\" type=\"checkbox\" name=\"partner_projektu[]\"\r\n                                            value=\"2447\"\r\n                                            id=\"dlcnaborypartnerProjektuoflodk73dklnr\"\r\n                                                                                        onclick=\"disableToggleAll('naborypartnerProjektuoflodk');\" \/>\r\n                                          <label class=\"form-check-label\"\r\n                                            for=\"dlcnaborypartnerProjektuoflodk73dklnr\">\r\n                                            Oblastn\u00e9 riadite\u013estvo \u0161t\u00e1tnych lesov v Krakove                                          <\/label>\r\n                                        <\/div>\r\n                                      <\/li>\r\n                                                                            <li\r\n                                        class=\"list-group-item text-14px px-0 py-2 border-0 d-flex justify-content-between\">\r\n                                        <div class=\"form-check my-0 d-inline-block\">\r\n                                          <input aria-label=\"2472\"\r\n                                            class=\"form-check-input mt-5px\" type=\"checkbox\" name=\"partner_projektu[]\"\r\n                                            value=\"2472\"\r\n                                            id=\"dlcnaborypartnerProjektuoflodk74dklnr\"\r\n                                                                                        onclick=\"disableToggleAll('naborypartnerProjektuoflodk');\" \/>\r\n                                          <label class=\"form-check-label\"\r\n                                            for=\"dlcnaborypartnerProjektuoflodk74dklnr\">\r\n                                            R\u00edmskokatol\u00edcka farnos\u0165 sv. Jozefa v Muszyne                                          <\/label>\r\n                                        <\/div>\r\n                                      <\/li>\r\n                                                                            <li\r\n                                        class=\"list-group-item text-14px px-0 py-2 border-0 d-flex justify-content-between\">\r\n                                        <div class=\"form-check my-0 d-inline-block\">\r\n                                          <input aria-label=\"2513\"\r\n                                            class=\"form-check-input mt-5px\" type=\"checkbox\" name=\"partner_projektu[]\"\r\n                                            value=\"2513\"\r\n                                            id=\"dlcnaborypartnerProjektuoflodk75dklnr\"\r\n                                                                                        onclick=\"disableToggleAll('naborypartnerProjektuoflodk');\" \/>\r\n                                          <label class=\"form-check-label\"\r\n                                            for=\"dlcnaborypartnerProjektuoflodk75dklnr\">\r\n                                            Obec Solina                                          <\/label>\r\n                                        <\/div>\r\n                                      <\/li>\r\n                                                                            <li\r\n                                        class=\"list-group-item text-14px px-0 py-2 border-0 d-flex justify-content-between\">\r\n                                        <div class=\"form-check my-0 d-inline-block\">\r\n                                          <input aria-label=\"2789\"\r\n                                            class=\"form-check-input mt-5px\" type=\"checkbox\" name=\"partner_projektu[]\"\r\n                                            value=\"2789\"\r\n                                            id=\"dlcnaborypartnerProjektuoflodk76dklnr\"\r\n                                                                                        onclick=\"disableToggleAll('naborypartnerProjektuoflodk');\" \/>\r\n                                          <label class=\"form-check-label\"\r\n                                            for=\"dlcnaborypartnerProjektuoflodk76dklnr\">\r\n                                            Slovensk\u00e9 n\u00e1rodn\u00e9 muzeum                                          <\/label>\r\n                                        <\/div>\r\n                                      <\/li>\r\n                                                                            <li\r\n                                        class=\"list-group-item text-14px px-0 py-2 border-0 d-flex justify-content-between\">\r\n                                        <div class=\"form-check my-0 d-inline-block\">\r\n                                          <input aria-label=\"2831\"\r\n                                            class=\"form-check-input mt-5px\" type=\"checkbox\" name=\"partner_projektu[]\"\r\n                                            value=\"2831\"\r\n                                            id=\"dlcnaborypartnerProjektuoflodk77dklnr\"\r\n                                                                                        onclick=\"disableToggleAll('naborypartnerProjektuoflodk');\" \/>\r\n                                          <label class=\"form-check-label\"\r\n                                            for=\"dlcnaborypartnerProjektuoflodk77dklnr\">\r\n                                            Obec Habovka                                          <\/label>\r\n                                        <\/div>\r\n                                      <\/li>\r\n                                                                            <li\r\n                                        class=\"list-group-item text-14px px-0 py-2 border-0 d-flex justify-content-between\">\r\n                                        <div class=\"form-check my-0 d-inline-block\">\r\n                                          <input aria-label=\"2874\"\r\n                                            class=\"form-check-input mt-5px\" type=\"checkbox\" name=\"partner_projektu[]\"\r\n                                            value=\"2874\"\r\n                                            id=\"dlcnaborypartnerProjektuoflodk78dklnr\"\r\n                                                                                        onclick=\"disableToggleAll('naborypartnerProjektuoflodk');\" \/>\r\n                                          <label class=\"form-check-label\"\r\n                                            for=\"dlcnaborypartnerProjektuoflodk78dklnr\">\r\n                                            Obec Nowy \u017bmigr\u00f3d                                          <\/label>\r\n                                        <\/div>\r\n                                      <\/li>\r\n                                                                            <li\r\n                                        class=\"list-group-item text-14px px-0 py-2 border-0 d-flex justify-content-between\">\r\n                                        <div class=\"form-check my-0 d-inline-block\">\r\n                                          <input aria-label=\"2125\"\r\n                                            class=\"form-check-input mt-5px\" type=\"checkbox\" name=\"partner_projektu[]\"\r\n                                            value=\"2125\"\r\n                                            id=\"dlcnaborypartnerProjektuoflodk79dklnr\"\r\n                                                                                        onclick=\"disableToggleAll('naborypartnerProjektuoflodk');\" \/>\r\n                                          <label class=\"form-check-label\"\r\n                                            for=\"dlcnaborypartnerProjektuoflodk79dklnr\">\r\n                                            Kysuck\u00fd Lieskovec                                          <\/label>\r\n                                        <\/div>\r\n                                      <\/li>\r\n                                                                            <li\r\n                                        class=\"list-group-item text-14px px-0 py-2 border-0 d-flex justify-content-between\">\r\n                                        <div class=\"form-check my-0 d-inline-block\">\r\n                                          <input aria-label=\"2373\"\r\n                                            class=\"form-check-input mt-5px\" type=\"checkbox\" name=\"partner_projektu[]\"\r\n                                            value=\"2373\"\r\n                                            id=\"dlcnaborypartnerProjektuoflodk80dklnr\"\r\n                                                                                        onclick=\"disableToggleAll('naborypartnerProjektuoflodk');\" \/>\r\n                                          <label class=\"form-check-label\"\r\n                                            for=\"dlcnaborypartnerProjektuoflodk80dklnr\">\r\n                                            Obec Jaslo                                          <\/label>\r\n                                        <\/div>\r\n                                      <\/li>\r\n                                                                            <li\r\n                                        class=\"list-group-item text-14px px-0 py-2 border-0 d-flex justify-content-between\">\r\n                                        <div class=\"form-check my-0 d-inline-block\">\r\n                                          <input aria-label=\"2413\"\r\n                                            class=\"form-check-input mt-5px\" type=\"checkbox\" name=\"partner_projektu[]\"\r\n                                            value=\"2413\"\r\n                                            id=\"dlcnaborypartnerProjektuoflodk81dklnr\"\r\n                                                                                        onclick=\"disableToggleAll('naborypartnerProjektuoflodk');\" \/>\r\n                                          <label class=\"form-check-label\"\r\n                                            for=\"dlcnaborypartnerProjektuoflodk81dklnr\">\r\n                                            Obec Lipnica Wielka                                          <\/label>\r\n                                        <\/div>\r\n                                      <\/li>\r\n                                                                            <li\r\n                                        class=\"list-group-item text-14px px-0 py-2 border-0 d-flex justify-content-between\">\r\n                                        <div class=\"form-check my-0 d-inline-block\">\r\n                                          <input aria-label=\"2448\"\r\n                                            class=\"form-check-input mt-5px\" type=\"checkbox\" name=\"partner_projektu[]\"\r\n                                            value=\"2448\"\r\n                                            id=\"dlcnaborypartnerProjektuoflodk82dklnr\"\r\n                                                                                        onclick=\"disableToggleAll('naborypartnerProjektuoflodk');\" \/>\r\n                                          <label class=\"form-check-label\"\r\n                                            for=\"dlcnaborypartnerProjektuoflodk82dklnr\">\r\n                                            Koordina\u010dn\u00e9 centrum environment\u00e1lnych projektov                                          <\/label>\r\n                                        <\/div>\r\n                                      <\/li>\r\n                                                                            <li\r\n                                        class=\"list-group-item text-14px px-0 py-2 border-0 d-flex justify-content-between\">\r\n                                        <div class=\"form-check my-0 d-inline-block\">\r\n                                          <input aria-label=\"2473\"\r\n                                            class=\"form-check-input mt-5px\" type=\"checkbox\" name=\"partner_projektu[]\"\r\n                                            value=\"2473\"\r\n                                            id=\"dlcnaborypartnerProjektuoflodk83dklnr\"\r\n                                                                                        onclick=\"disableToggleAll('naborypartnerProjektuoflodk');\" \/>\r\n                                          <label class=\"form-check-label\"\r\n                                            for=\"dlcnaborypartnerProjektuoflodk83dklnr\">\r\n                                            Mesto Sabinov                                          <\/label>\r\n                                        <\/div>\r\n                                      <\/li>\r\n                                                                            <li\r\n                                        class=\"list-group-item text-14px px-0 py-2 border-0 d-flex justify-content-between\">\r\n                                        <div class=\"form-check my-0 d-inline-block\">\r\n                                          <input aria-label=\"2619\"\r\n                                            class=\"form-check-input mt-5px\" type=\"checkbox\" name=\"partner_projektu[]\"\r\n                                            value=\"2619\"\r\n                                            id=\"dlcnaborypartnerProjektuoflodk84dklnr\"\r\n                                                                                        onclick=\"disableToggleAll('naborypartnerProjektuoflodk');\" \/>\r\n                                          <label class=\"form-check-label\"\r\n                                            for=\"dlcnaborypartnerProjektuoflodk84dklnr\">\r\n                                            Babiohorsk\u00fd n\u00e1rodn\u00fd park                                          <\/label>\r\n                                        <\/div>\r\n                                      <\/li>\r\n                                                                            <li\r\n                                        class=\"list-group-item text-14px px-0 py-2 border-0 d-flex justify-content-between\">\r\n                                        <div class=\"form-check my-0 d-inline-block\">\r\n                                          <input aria-label=\"2791\"\r\n                                            class=\"form-check-input mt-5px\" type=\"checkbox\" name=\"partner_projektu[]\"\r\n                                            value=\"2791\"\r\n                                            id=\"dlcnaborypartnerProjektuoflodk85dklnr\"\r\n                                                                                        onclick=\"disableToggleAll('naborypartnerProjektuoflodk');\" \/>\r\n                                          <label class=\"form-check-label\"\r\n                                            for=\"dlcnaborypartnerProjektuoflodk85dklnr\">\r\n                                            Oravsk\u00e9 M\u00fazeum Pavla Orsz\u00e1gha Hviezdoslava                                          <\/label>\r\n                                        <\/div>\r\n                                      <\/li>\r\n                                                                            <li\r\n                                        class=\"list-group-item text-14px px-0 py-2 border-0 d-flex justify-content-between\">\r\n                                        <div class=\"form-check my-0 d-inline-block\">\r\n                                          <input aria-label=\"2833\"\r\n                                            class=\"form-check-input mt-5px\" type=\"checkbox\" name=\"partner_projektu[]\"\r\n                                            value=\"2833\"\r\n                                            id=\"dlcnaborypartnerProjektuoflodk86dklnr\"\r\n                                                                                        onclick=\"disableToggleAll('naborypartnerProjektuoflodk');\" \/>\r\n                                          <label class=\"form-check-label\"\r\n                                            for=\"dlcnaborypartnerProjektuoflodk86dklnr\">\r\n                                            Obec Sedliacka Dubov\u00e1                                          <\/label>\r\n                                        <\/div>\r\n                                      <\/li>\r\n                                                                            <li\r\n                                        class=\"list-group-item text-14px px-0 py-2 border-0 d-flex justify-content-between\">\r\n                                        <div class=\"form-check my-0 d-inline-block\">\r\n                                          <input aria-label=\"2876\"\r\n                                            class=\"form-check-input mt-5px\" type=\"checkbox\" name=\"partner_projektu[]\"\r\n                                            value=\"2876\"\r\n                                            id=\"dlcnaborypartnerProjektuoflodk87dklnr\"\r\n                                                                                        onclick=\"disableToggleAll('naborypartnerProjektuoflodk');\" \/>\r\n                                          <label class=\"form-check-label\"\r\n                                            for=\"dlcnaborypartnerProjektuoflodk87dklnr\">\r\n                                            Obec Sko\u0142yszyn                                          <\/label>\r\n                                        <\/div>\r\n                                      <\/li>\r\n                                                                            <li\r\n                                        class=\"list-group-item text-14px px-0 py-2 border-0 d-flex justify-content-between\">\r\n                                        <div class=\"form-check my-0 d-inline-block\">\r\n                                          <input aria-label=\"2121\"\r\n                                            class=\"form-check-input mt-5px\" type=\"checkbox\" name=\"partner_projektu[]\"\r\n                                            value=\"2121\"\r\n                                            id=\"dlcnaborypartnerProjektuoflodk88dklnr\"\r\n                                                                                        onclick=\"disableToggleAll('naborypartnerProjektuoflodk');\" \/>\r\n                                          <label class=\"form-check-label\"\r\n                                            for=\"dlcnaborypartnerProjektuoflodk88dklnr\">\r\n                                            Spr\u00e1va a \u00fadr\u017eba ciest Pre\u0161ovsk\u00e9ho samospr\u00e1vneho kraja                                          <\/label>\r\n                                        <\/div>\r\n                                      <\/li>\r\n                                                                            <li\r\n                                        class=\"list-group-item text-14px px-0 py-2 border-0 d-flex justify-content-between\">\r\n                                        <div class=\"form-check my-0 d-inline-block\">\r\n                                          <input aria-label=\"2379\"\r\n                                            class=\"form-check-input mt-5px\" type=\"checkbox\" name=\"partner_projektu[]\"\r\n                                            value=\"2379\"\r\n                                            id=\"dlcnaborypartnerProjektuoflodk89dklnr\"\r\n                                                                                        onclick=\"disableToggleAll('naborypartnerProjektuoflodk');\" \/>\r\n                                          <label class=\"form-check-label\"\r\n                                            for=\"dlcnaborypartnerProjektuoflodk89dklnr\">\r\n                                            Obec Tarnowiec                                          <\/label>\r\n                                        <\/div>\r\n                                      <\/li>\r\n                                                                            <li\r\n                                        class=\"list-group-item text-14px px-0 py-2 border-0 d-flex justify-content-between\">\r\n                                        <div class=\"form-check my-0 d-inline-block\">\r\n                                          <input aria-label=\"2414\"\r\n                                            class=\"form-check-input mt-5px\" type=\"checkbox\" name=\"partner_projektu[]\"\r\n                                            value=\"2414\"\r\n                                            id=\"dlcnaborypartnerProjektuoflodk90dklnr\"\r\n                                                                                        onclick=\"disableToggleAll('naborypartnerProjektuoflodk');\" \/>\r\n                                          <label class=\"form-check-label\"\r\n                                            for=\"dlcnaborypartnerProjektuoflodk90dklnr\">\r\n                                            Obec Nowy Targ                                          <\/label>\r\n                                        <\/div>\r\n                                      <\/li>\r\n                                                                            <li\r\n                                        class=\"list-group-item text-14px px-0 py-2 border-0 d-flex justify-content-between\">\r\n                                        <div class=\"form-check my-0 d-inline-block\">\r\n                                          <input aria-label=\"2449\"\r\n                                            class=\"form-check-input mt-5px\" type=\"checkbox\" name=\"partner_projektu[]\"\r\n                                            value=\"2449\"\r\n                                            id=\"dlcnaborypartnerProjektuoflodk91dklnr\"\r\n                                                                                        onclick=\"disableToggleAll('naborypartnerProjektuoflodk');\" \/>\r\n                                          <label class=\"form-check-label\"\r\n                                            for=\"dlcnaborypartnerProjektuoflodk91dklnr\">\r\n                                            Spr\u00e1va Pieninsk\u00e9ho n\u00e1rodn\u00e9ho parku so s\u00eddlom v Spi\u0161skej Starej Wie\u0161i (GPT)                                          <\/label>\r\n                                        <\/div>\r\n                                      <\/li>\r\n                                                                            <li\r\n                                        class=\"list-group-item text-14px px-0 py-2 border-0 d-flex justify-content-between\">\r\n                                        <div class=\"form-check my-0 d-inline-block\">\r\n                                          <input aria-label=\"2475\"\r\n                                            class=\"form-check-input mt-5px\" type=\"checkbox\" name=\"partner_projektu[]\"\r\n                                            value=\"2475\"\r\n                                            id=\"dlcnaborypartnerProjektuoflodk92dklnr\"\r\n                                                                                        onclick=\"disableToggleAll('naborypartnerProjektuoflodk');\" \/>\r\n                                          <label class=\"form-check-label\"\r\n                                            for=\"dlcnaborypartnerProjektuoflodk92dklnr\">\r\n                                            Pamiatkov\u00fd \u00farad Slovenskej republik                                          <\/label>\r\n                                        <\/div>\r\n                                      <\/li>\r\n                                                                            <li\r\n                                        class=\"list-group-item text-14px px-0 py-2 border-0 d-flex justify-content-between\">\r\n                                        <div class=\"form-check my-0 d-inline-block\">\r\n                                          <input aria-label=\"2623\"\r\n                                            class=\"form-check-input mt-5px\" type=\"checkbox\" name=\"partner_projektu[]\"\r\n                                            value=\"2623\"\r\n                                            id=\"dlcnaborypartnerProjektuoflodk93dklnr\"\r\n                                                                                        onclick=\"disableToggleAll('naborypartnerProjektuoflodk');\" \/>\r\n                                          <label class=\"form-check-label\"\r\n                                            for=\"dlcnaborypartnerProjektuoflodk93dklnr\">\r\n                                            Zdru\u017eenie pre ochranu pr\u00edrody &#8211; Machaon International                                          <\/label>\r\n                                        <\/div>\r\n                                      <\/li>\r\n                                                                            <li\r\n                                        class=\"list-group-item text-14px px-0 py-2 border-0 d-flex justify-content-between\">\r\n                                        <div class=\"form-check my-0 d-inline-block\">\r\n                                          <input aria-label=\"2795\"\r\n                                            class=\"form-check-input mt-5px\" type=\"checkbox\" name=\"partner_projektu[]\"\r\n                                            value=\"2795\"\r\n                                            id=\"dlcnaborypartnerProjektuoflodk94dklnr\"\r\n                                                                                        onclick=\"disableToggleAll('naborypartnerProjektuoflodk');\" \/>\r\n                                          <label class=\"form-check-label\"\r\n                                            for=\"dlcnaborypartnerProjektuoflodk94dklnr\">\r\n                                            Mesto Doln\u00fd Kub\u00edn                                          <\/label>\r\n                                        <\/div>\r\n                                      <\/li>\r\n                                                                            <li\r\n                                        class=\"list-group-item text-14px px-0 py-2 border-0 d-flex justify-content-between\">\r\n                                        <div class=\"form-check my-0 d-inline-block\">\r\n                                          <input aria-label=\"2835\"\r\n                                            class=\"form-check-input mt-5px\" type=\"checkbox\" name=\"partner_projektu[]\"\r\n                                            value=\"2835\"\r\n                                            id=\"dlcnaborypartnerProjektuoflodk95dklnr\"\r\n                                                                                        onclick=\"disableToggleAll('naborypartnerProjektuoflodk');\" \/>\r\n                                          <label class=\"form-check-label\"\r\n                                            for=\"dlcnaborypartnerProjektuoflodk95dklnr\">\r\n                                            Obec Bziny                                          <\/label>\r\n                                        <\/div>\r\n                                      <\/li>\r\n                                                                            <li\r\n                                        class=\"list-group-item text-14px px-0 py-2 border-0 d-flex justify-content-between\">\r\n                                        <div class=\"form-check my-0 d-inline-block\">\r\n                                          <input aria-label=\"2878\"\r\n                                            class=\"form-check-input mt-5px\" type=\"checkbox\" name=\"partner_projektu[]\"\r\n                                            value=\"2878\"\r\n                                            id=\"dlcnaborypartnerProjektuoflodk96dklnr\"\r\n                                                                                        onclick=\"disableToggleAll('naborypartnerProjektuoflodk');\" \/>\r\n                                          <label class=\"form-check-label\"\r\n                                            for=\"dlcnaborypartnerProjektuoflodk96dklnr\">\r\n                                            Obec Jedlinka                                          <\/label>\r\n                                        <\/div>\r\n                                      <\/li>\r\n                                                                            <li\r\n                                        class=\"list-group-item text-14px px-0 py-2 border-0 d-flex justify-content-between\">\r\n                                        <div class=\"form-check my-0 d-inline-block\">\r\n                                          <input aria-label=\"2285\"\r\n                                            class=\"form-check-input mt-5px\" type=\"checkbox\" name=\"partner_projektu[]\"\r\n                                            value=\"2285\"\r\n                                            id=\"dlcnaborypartnerProjektuoflodk97dklnr\"\r\n                                                                                        onclick=\"disableToggleAll('naborypartnerProjektuoflodk');\" \/>\r\n                                          <label class=\"form-check-label\"\r\n                                            for=\"dlcnaborypartnerProjektuoflodk97dklnr\">\r\n                                            Mesto Svidn\u00edk                                          <\/label>\r\n                                        <\/div>\r\n                                      <\/li>\r\n                                                                            <li\r\n                                        class=\"list-group-item text-14px px-0 py-2 border-0 d-flex justify-content-between\">\r\n                                        <div class=\"form-check my-0 d-inline-block\">\r\n                                          <input aria-label=\"2380\"\r\n                                            class=\"form-check-input mt-5px\" type=\"checkbox\" name=\"partner_projektu[]\"\r\n                                            value=\"2380\"\r\n                                            id=\"dlcnaborypartnerProjektuoflodk98dklnr\"\r\n                                                                                        onclick=\"disableToggleAll('naborypartnerProjektuoflodk');\" \/>\r\n                                          <label class=\"form-check-label\"\r\n                                            for=\"dlcnaborypartnerProjektuoflodk98dklnr\">\r\n                                            Obec S\u0119kowa                                          <\/label>\r\n                                        <\/div>\r\n                                      <\/li>\r\n                                                                            <li\r\n                                        class=\"list-group-item text-14px px-0 py-2 border-0 d-flex justify-content-between\">\r\n                                        <div class=\"form-check my-0 d-inline-block\">\r\n                                          <input aria-label=\"2415\"\r\n                                            class=\"form-check-input mt-5px\" type=\"checkbox\" name=\"partner_projektu[]\"\r\n                                            value=\"2415\"\r\n                                            id=\"dlcnaborypartnerProjektuoflodk99dklnr\"\r\n                                                                                        onclick=\"disableToggleAll('naborypartnerProjektuoflodk');\" \/>\r\n                                          <label class=\"form-check-label\"\r\n                                            for=\"dlcnaborypartnerProjektuoflodk99dklnr\">\r\n                                            Obec Rabka-Zdr\u00f3j                                          <\/label>\r\n                                        <\/div>\r\n                                      <\/li>\r\n                                                                            <li\r\n                                        class=\"list-group-item text-14px px-0 py-2 border-0 d-flex justify-content-between\">\r\n                                        <div class=\"form-check my-0 d-inline-block\">\r\n                                          <input aria-label=\"2450\"\r\n                                            class=\"form-check-input mt-5px\" type=\"checkbox\" name=\"partner_projektu[]\"\r\n                                            value=\"2450\"\r\n                                            id=\"dlcnaborypartnerProjektuoflodk100dklnr\"\r\n                                                                                        onclick=\"disableToggleAll('naborypartnerProjektuoflodk');\" \/>\r\n                                          <label class=\"form-check-label\"\r\n                                            for=\"dlcnaborypartnerProjektuoflodk100dklnr\">\r\n                                            N\u00e1rodn\u00fd park Gorcza\u0144ski                                          <\/label>\r\n                                        <\/div>\r\n                                      <\/li>\r\n                                                                            <li\r\n                                        class=\"list-group-item text-14px px-0 py-2 border-0 d-flex justify-content-between\">\r\n                                        <div class=\"form-check my-0 d-inline-block\">\r\n                                          <input aria-label=\"2478\"\r\n                                            class=\"form-check-input mt-5px\" type=\"checkbox\" name=\"partner_projektu[]\"\r\n                                            value=\"2478\"\r\n                                            id=\"dlcnaborypartnerProjektuoflodk101dklnr\"\r\n                                                                                        onclick=\"disableToggleAll('naborypartnerProjektuoflodk');\" \/>\r\n                                          <label class=\"form-check-label\"\r\n                                            for=\"dlcnaborypartnerProjektuoflodk101dklnr\">\r\n                                            R\u00edmskokatol\u00edcka farnos\u0165 sv. Katar\u00edny v Ci\u0119cine                                          <\/label>\r\n                                        <\/div>\r\n                                      <\/li>\r\n                                                                            <li\r\n                                        class=\"list-group-item text-14px px-0 py-2 border-0 d-flex justify-content-between\">\r\n                                        <div class=\"form-check my-0 d-inline-block\">\r\n                                          <input aria-label=\"2625\"\r\n                                            class=\"form-check-input mt-5px\" type=\"checkbox\" name=\"partner_projektu[]\"\r\n                                            value=\"2625\"\r\n                                            id=\"dlcnaborypartnerProjektuoflodk102dklnr\"\r\n                                                                                        onclick=\"disableToggleAll('naborypartnerProjektuoflodk');\" \/>\r\n                                          <label class=\"form-check-label\"\r\n                                            for=\"dlcnaborypartnerProjektuoflodk102dklnr\">\r\n                                            Podkarpatsk\u00e9 vojvodstvo                                          <\/label>\r\n                                        <\/div>\r\n                                      <\/li>\r\n                                                                            <li\r\n                                        class=\"list-group-item text-14px px-0 py-2 border-0 d-flex justify-content-between\">\r\n                                        <div class=\"form-check my-0 d-inline-block\">\r\n                                          <input aria-label=\"2797\"\r\n                                            class=\"form-check-input mt-5px\" type=\"checkbox\" name=\"partner_projektu[]\"\r\n                                            value=\"2797\"\r\n                                            id=\"dlcnaborypartnerProjektuoflodk103dklnr\"\r\n                                                                                        onclick=\"disableToggleAll('naborypartnerProjektuoflodk');\" \/>\r\n                                          <label class=\"form-check-label\"\r\n                                            for=\"dlcnaborypartnerProjektuoflodk103dklnr\">\r\n                                            Obec Szaflary                                          <\/label>\r\n                                        <\/div>\r\n                                      <\/li>\r\n                                                                            <li\r\n                                        class=\"list-group-item text-14px px-0 py-2 border-0 d-flex justify-content-between\">\r\n                                        <div class=\"form-check my-0 d-inline-block\">\r\n                                          <input aria-label=\"2837\"\r\n                                            class=\"form-check-input mt-5px\" type=\"checkbox\" name=\"partner_projektu[]\"\r\n                                            value=\"2837\"\r\n                                            id=\"dlcnaborypartnerProjektuoflodk104dklnr\"\r\n                                                                                        onclick=\"disableToggleAll('naborypartnerProjektuoflodk');\" \/>\r\n                                          <label class=\"form-check-label\"\r\n                                            for=\"dlcnaborypartnerProjektuoflodk104dklnr\">\r\n                                            Obec Ni\u017en\u00e1                                          <\/label>\r\n                                        <\/div>\r\n                                      <\/li>\r\n                                                                            <li\r\n                                        class=\"list-group-item text-14px px-0 py-2 border-0 d-flex justify-content-between\">\r\n                                        <div class=\"form-check my-0 d-inline-block\">\r\n                                          <input aria-label=\"2880\"\r\n                                            class=\"form-check-input mt-5px\" type=\"checkbox\" name=\"partner_projektu[]\"\r\n                                            value=\"2880\"\r\n                                            id=\"dlcnaborypartnerProjektuoflodk105dklnr\"\r\n                                                                                        onclick=\"disableToggleAll('naborypartnerProjektuoflodk');\" \/>\r\n                                          <label class=\"form-check-label\"\r\n                                            for=\"dlcnaborypartnerProjektuoflodk105dklnr\">\r\n                                            Obec Kurov                                          <\/label>\r\n                                        <\/div>\r\n                                      <\/li>\r\n                                                                            <li\r\n                                        class=\"list-group-item text-14px px-0 py-2 border-0 d-flex justify-content-between\">\r\n                                        <div class=\"form-check my-0 d-inline-block\">\r\n                                          <input aria-label=\"2316\"\r\n                                            class=\"form-check-input mt-5px\" type=\"checkbox\" name=\"partner_projektu[]\"\r\n                                            value=\"2316\"\r\n                                            id=\"dlcnaborypartnerProjektuoflodk106dklnr\"\r\n                                                                                        onclick=\"disableToggleAll('naborypartnerProjektuoflodk');\" \/>\r\n                                          <label class=\"form-check-label\"\r\n                                            for=\"dlcnaborypartnerProjektuoflodk106dklnr\">\r\n                                            Mesto Hniezdne                                          <\/label>\r\n                                        <\/div>\r\n                                      <\/li>\r\n                                                                            <li\r\n                                        class=\"list-group-item text-14px px-0 py-2 border-0 d-flex justify-content-between\">\r\n                                        <div class=\"form-check my-0 d-inline-block\">\r\n                                          <input aria-label=\"2381\"\r\n                                            class=\"form-check-input mt-5px\" type=\"checkbox\" name=\"partner_projektu[]\"\r\n                                            value=\"2381\"\r\n                                            id=\"dlcnaborypartnerProjektuoflodk107dklnr\"\r\n                                                                                        onclick=\"disableToggleAll('naborypartnerProjektuoflodk');\" \/>\r\n                                          <label class=\"form-check-label\"\r\n                                            for=\"dlcnaborypartnerProjektuoflodk107dklnr\">\r\n                                            Obec Osiek Jasielski                                          <\/label>\r\n                                        <\/div>\r\n                                      <\/li>\r\n                                                                            <li\r\n                                        class=\"list-group-item text-14px px-0 py-2 border-0 d-flex justify-content-between\">\r\n                                        <div class=\"form-check my-0 d-inline-block\">\r\n                                          <input aria-label=\"2416\"\r\n                                            class=\"form-check-input mt-5px\" type=\"checkbox\" name=\"partner_projektu[]\"\r\n                                            value=\"2416\"\r\n                                            id=\"dlcnaborypartnerProjektuoflodk108dklnr\"\r\n                                                                                        onclick=\"disableToggleAll('naborypartnerProjektuoflodk');\" \/>\r\n                                          <label class=\"form-check-label\"\r\n                                            for=\"dlcnaborypartnerProjektuoflodk108dklnr\">\r\n                                            Obec \u0141apsze Ni\u017cne                                          <\/label>\r\n                                        <\/div>\r\n                                      <\/li>\r\n                                                                            <li\r\n                                        class=\"list-group-item text-14px px-0 py-2 border-0 d-flex justify-content-between\">\r\n                                        <div class=\"form-check my-0 d-inline-block\">\r\n                                          <input aria-label=\"2451\"\r\n                                            class=\"form-check-input mt-5px\" type=\"checkbox\" name=\"partner_projektu[]\"\r\n                                            value=\"2451\"\r\n                                            id=\"dlcnaborypartnerProjektuoflodk109dklnr\"\r\n                                                                                        onclick=\"disableToggleAll('naborypartnerProjektuoflodk');\" \/>\r\n                                          <label class=\"form-check-label\"\r\n                                            for=\"dlcnaborypartnerProjektuoflodk109dklnr\">\r\n                                            Spr\u00e1va Tatransk\u00e9ho n\u00e1rodn\u00e9ho parku so s\u00eddlom v Tatranskej Lomnici                                          <\/label>\r\n                                        <\/div>\r\n                                      <\/li>\r\n                                                                            <li\r\n                                        class=\"list-group-item text-14px px-0 py-2 border-0 d-flex justify-content-between\">\r\n                                        <div class=\"form-check my-0 d-inline-block\">\r\n                                          <input aria-label=\"2482\"\r\n                                            class=\"form-check-input mt-5px\" type=\"checkbox\" name=\"partner_projektu[]\"\r\n                                            value=\"2482\"\r\n                                            id=\"dlcnaborypartnerProjektuoflodk110dklnr\"\r\n                                                                                        onclick=\"disableToggleAll('naborypartnerProjektuoflodk');\" \/>\r\n                                          <label class=\"form-check-label\"\r\n                                            for=\"dlcnaborypartnerProjektuoflodk110dklnr\">\r\n                                            Mesto a obec Czarny Dunajec                                          <\/label>\r\n                                        <\/div>\r\n                                      <\/li>\r\n                                                                            <li\r\n                                        class=\"list-group-item text-14px px-0 py-2 border-0 d-flex justify-content-between\">\r\n                                        <div class=\"form-check my-0 d-inline-block\">\r\n                                          <input aria-label=\"2627\"\r\n                                            class=\"form-check-input mt-5px\" type=\"checkbox\" name=\"partner_projektu[]\"\r\n                                            value=\"2627\"\r\n                                            id=\"dlcnaborypartnerProjektuoflodk111dklnr\"\r\n                                                                                        onclick=\"disableToggleAll('naborypartnerProjektuoflodk');\" \/>\r\n                                          <label class=\"form-check-label\"\r\n                                            for=\"dlcnaborypartnerProjektuoflodk111dklnr\">\r\n                                            Obec Lipova                                          <\/label>\r\n                                        <\/div>\r\n                                      <\/li>\r\n                                                                            <li\r\n                                        class=\"list-group-item text-14px px-0 py-2 border-0 d-flex justify-content-between\">\r\n                                        <div class=\"form-check my-0 d-inline-block\">\r\n                                          <input aria-label=\"2799\"\r\n                                            class=\"form-check-input mt-5px\" type=\"checkbox\" name=\"partner_projektu[]\"\r\n                                            value=\"2799\"\r\n                                            id=\"dlcnaborypartnerProjektuoflodk112dklnr\"\r\n                                                                                        onclick=\"disableToggleAll('naborypartnerProjektuoflodk');\" \/>\r\n                                          <label class=\"form-check-label\"\r\n                                            for=\"dlcnaborypartnerProjektuoflodk112dklnr\">\r\n                                            Mesto Poprad                                          <\/label>\r\n                                        <\/div>\r\n                                      <\/li>\r\n                                                                            <li\r\n                                        class=\"list-group-item text-14px px-0 py-2 border-0 d-flex justify-content-between\">\r\n                                        <div class=\"form-check my-0 d-inline-block\">\r\n                                          <input aria-label=\"2839\"\r\n                                            class=\"form-check-input mt-5px\" type=\"checkbox\" name=\"partner_projektu[]\"\r\n                                            value=\"2839\"\r\n                                            id=\"dlcnaborypartnerProjektuoflodk113dklnr\"\r\n                                                                                        onclick=\"disableToggleAll('naborypartnerProjektuoflodk');\" \/>\r\n                                          <label class=\"form-check-label\"\r\n                                            for=\"dlcnaborypartnerProjektuoflodk113dklnr\">\r\n                                            Obec Dlh\u00e1 nad Oravou                                          <\/label>\r\n                                        <\/div>\r\n                                      <\/li>\r\n                                                                            <li\r\n                                        class=\"list-group-item text-14px px-0 py-2 border-0 d-flex justify-content-between\">\r\n                                        <div class=\"form-check my-0 d-inline-block\">\r\n                                          <input aria-label=\"2882\"\r\n                                            class=\"form-check-input mt-5px\" type=\"checkbox\" name=\"partner_projektu[]\"\r\n                                            value=\"2882\"\r\n                                            id=\"dlcnaborypartnerProjektuoflodk114dklnr\"\r\n                                                                                        onclick=\"disableToggleAll('naborypartnerProjektuoflodk');\" \/>\r\n                                          <label class=\"form-check-label\"\r\n                                            for=\"dlcnaborypartnerProjektuoflodk114dklnr\">\r\n                                            Obec Lukov                                          <\/label>\r\n                                        <\/div>\r\n                                      <\/li>\r\n                                                                            <li\r\n                                        class=\"list-group-item text-14px px-0 py-2 border-0 d-flex justify-content-between\">\r\n                                        <div class=\"form-check my-0 d-inline-block\">\r\n                                          <input aria-label=\"2345\"\r\n                                            class=\"form-check-input mt-5px\" type=\"checkbox\" name=\"partner_projektu[]\"\r\n                                            value=\"2345\"\r\n                                            id=\"dlcnaborypartnerProjektuoflodk115dklnr\"\r\n                                                                                        onclick=\"disableToggleAll('naborypartnerProjektuoflodk');\" \/>\r\n                                          <label class=\"form-check-label\"\r\n                                            for=\"dlcnaborypartnerProjektuoflodk115dklnr\">\r\n                                            Ministerstvo Vn\u00fatra Slovenskej Republiky                                          <\/label>\r\n                                        <\/div>\r\n                                      <\/li>\r\n                                                                            <li\r\n                                        class=\"list-group-item text-14px px-0 py-2 border-0 d-flex justify-content-between\">\r\n                                        <div class=\"form-check my-0 d-inline-block\">\r\n                                          <input aria-label=\"2382\"\r\n                                            class=\"form-check-input mt-5px\" type=\"checkbox\" name=\"partner_projektu[]\"\r\n                                            value=\"2382\"\r\n                                            id=\"dlcnaborypartnerProjektuoflodk116dklnr\"\r\n                                                                                        onclick=\"disableToggleAll('naborypartnerProjektuoflodk');\" \/>\r\n                                          <label class=\"form-check-label\"\r\n                                            for=\"dlcnaborypartnerProjektuoflodk116dklnr\">\r\n                                            Obec Krempna                                          <\/label>\r\n                                        <\/div>\r\n                                      <\/li>\r\n                                                                            <li\r\n                                        class=\"list-group-item text-14px px-0 py-2 border-0 d-flex justify-content-between\">\r\n                                        <div class=\"form-check my-0 d-inline-block\">\r\n                                          <input aria-label=\"2417\"\r\n                                            class=\"form-check-input mt-5px\" type=\"checkbox\" name=\"partner_projektu[]\"\r\n                                            value=\"2417\"\r\n                                            id=\"dlcnaborypartnerProjektuoflodk117dklnr\"\r\n                                                                                        onclick=\"disableToggleAll('naborypartnerProjektuoflodk');\" \/>\r\n                                          <label class=\"form-check-label\"\r\n                                            for=\"dlcnaborypartnerProjektuoflodk117dklnr\">\r\n                                            Mesto Spi\u0161sk\u00e1 Star\u00e1 Ves                                          <\/label>\r\n                                        <\/div>\r\n                                      <\/li>\r\n                                                                            <li\r\n                                        class=\"list-group-item text-14px px-0 py-2 border-0 d-flex justify-content-between\">\r\n                                        <div class=\"form-check my-0 d-inline-block\">\r\n                                          <input aria-label=\"2452\"\r\n                                            class=\"form-check-input mt-5px\" type=\"checkbox\" name=\"partner_projektu[]\"\r\n                                            value=\"2452\"\r\n                                            id=\"dlcnaborypartnerProjektuoflodk118dklnr\"\r\n                                                                                        onclick=\"disableToggleAll('naborypartnerProjektuoflodk');\" \/>\r\n                                          <label class=\"form-check-label\"\r\n                                            for=\"dlcnaborypartnerProjektuoflodk118dklnr\">\r\n                                            Lesn\u00edcky v\u00fdskumn\u00fd \u00fastav                                          <\/label>\r\n                                        <\/div>\r\n                                      <\/li>\r\n                                                                            <li\r\n                                        class=\"list-group-item text-14px px-0 py-2 border-0 d-flex justify-content-between\">\r\n                                        <div class=\"form-check my-0 d-inline-block\">\r\n                                          <input aria-label=\"2483\"\r\n                                            class=\"form-check-input mt-5px\" type=\"checkbox\" name=\"partner_projektu[]\"\r\n                                            value=\"2483\"\r\n                                            id=\"dlcnaborypartnerProjektuoflodk119dklnr\"\r\n                                                                                        onclick=\"disableToggleAll('naborypartnerProjektuoflodk');\" \/>\r\n                                          <label class=\"form-check-label\"\r\n                                            for=\"dlcnaborypartnerProjektuoflodk119dklnr\">\r\n                                            Mesto Spi\u0161sk\u00e1 Bel\u00e1 (GPT)                                          <\/label>\r\n                                        <\/div>\r\n                                      <\/li>\r\n                                                                            <li\r\n                                        class=\"list-group-item text-14px px-0 py-2 border-0 d-flex justify-content-between\">\r\n                                        <div class=\"form-check my-0 d-inline-block\">\r\n                                          <input aria-label=\"2629\"\r\n                                            class=\"form-check-input mt-5px\" type=\"checkbox\" name=\"partner_projektu[]\"\r\n                                            value=\"2629\"\r\n                                            id=\"dlcnaborypartnerProjektuoflodk120dklnr\"\r\n                                                                                        onclick=\"disableToggleAll('naborypartnerProjektuoflodk');\" \/>\r\n                                          <label class=\"form-check-label\"\r\n                                            for=\"dlcnaborypartnerProjektuoflodk120dklnr\">\r\n                                            Obec Skalit\u00e9                                          <\/label>\r\n                                        <\/div>\r\n                                      <\/li>\r\n                                                                            <li\r\n                                        class=\"list-group-item text-14px px-0 py-2 border-0 d-flex justify-content-between\">\r\n                                        <div class=\"form-check my-0 d-inline-block\">\r\n                                          <input aria-label=\"2803\"\r\n                                            class=\"form-check-input mt-5px\" type=\"checkbox\" name=\"partner_projektu[]\"\r\n                                            value=\"2803\"\r\n                                            id=\"dlcnaborypartnerProjektuoflodk121dklnr\"\r\n                                                                                        onclick=\"disableToggleAll('naborypartnerProjektuoflodk');\" \/>\r\n                                          <label class=\"form-check-label\"\r\n                                            for=\"dlcnaborypartnerProjektuoflodk121dklnr\">\r\n                                            Horsk\u00e1 dobrovo\u013en\u00e1 z\u00e1chrann\u00e1 slu\u017eba                                          <\/label>\r\n                                        <\/div>\r\n                                      <\/li>\r\n                                                                            <li\r\n                                        class=\"list-group-item text-14px px-0 py-2 border-0 d-flex justify-content-between\">\r\n                                        <div class=\"form-check my-0 d-inline-block\">\r\n                                          <input aria-label=\"2841\"\r\n                                            class=\"form-check-input mt-5px\" type=\"checkbox\" name=\"partner_projektu[]\"\r\n                                            value=\"2841\"\r\n                                            id=\"dlcnaborypartnerProjektuoflodk122dklnr\"\r\n                                                                                        onclick=\"disableToggleAll('naborypartnerProjektuoflodk');\" \/>\r\n                                          <label class=\"form-check-label\"\r\n                                            for=\"dlcnaborypartnerProjektuoflodk122dklnr\">\r\n                                            Obec \u017da\u0161kov                                          <\/label>\r\n                                        <\/div>\r\n                                      <\/li>\r\n                                                                            <li\r\n                                        class=\"list-group-item text-14px px-0 py-2 border-0 d-flex justify-content-between\">\r\n                                        <div class=\"form-check my-0 d-inline-block\">\r\n                                          <input aria-label=\"2884\"\r\n                                            class=\"form-check-input mt-5px\" type=\"checkbox\" name=\"partner_projektu[]\"\r\n                                            value=\"2884\"\r\n                                            id=\"dlcnaborypartnerProjektuoflodk123dklnr\"\r\n                                                                                        onclick=\"disableToggleAll('naborypartnerProjektuoflodk');\" \/>\r\n                                          <label class=\"form-check-label\"\r\n                                            for=\"dlcnaborypartnerProjektuoflodk123dklnr\">\r\n                                            Obec Malcov                                          <\/label>\r\n                                        <\/div>\r\n                                      <\/li>\r\n                                                                            <li\r\n                                        class=\"list-group-item text-14px px-0 py-2 border-0 d-flex justify-content-between\">\r\n                                        <div class=\"form-check my-0 d-inline-block\">\r\n                                          <input aria-label=\"2347\"\r\n                                            class=\"form-check-input mt-5px\" type=\"checkbox\" name=\"partner_projektu[]\"\r\n                                            value=\"2347\"\r\n                                            id=\"dlcnaborypartnerProjektuoflodk124dklnr\"\r\n                                                                                        onclick=\"disableToggleAll('naborypartnerProjektuoflodk');\" \/>\r\n                                          <label class=\"form-check-label\"\r\n                                            for=\"dlcnaborypartnerProjektuoflodk124dklnr\">\r\n                                            Zdru\u017eenie Euroregi\u00f3n Tatry                                          <\/label>\r\n                                        <\/div>\r\n                                      <\/li>\r\n                                                                            <li\r\n                                        class=\"list-group-item text-14px px-0 py-2 border-0 d-flex justify-content-between\">\r\n                                        <div class=\"form-check my-0 d-inline-block\">\r\n                                          <input aria-label=\"2383\"\r\n                                            class=\"form-check-input mt-5px\" type=\"checkbox\" name=\"partner_projektu[]\"\r\n                                            value=\"2383\"\r\n                                            id=\"dlcnaborypartnerProjektuoflodk125dklnr\"\r\n                                                                                        onclick=\"disableToggleAll('naborypartnerProjektuoflodk');\" \/>\r\n                                          <label class=\"form-check-label\"\r\n                                            for=\"dlcnaborypartnerProjektuoflodk125dklnr\">\r\n                                            Obec Ko\u0142aczyce                                          <\/label>\r\n                                        <\/div>\r\n                                      <\/li>\r\n                                                                            <li\r\n                                        class=\"list-group-item text-14px px-0 py-2 border-0 d-flex justify-content-between\">\r\n                                        <div class=\"form-check my-0 d-inline-block\">\r\n                                          <input aria-label=\"2418\"\r\n                                            class=\"form-check-input mt-5px\" type=\"checkbox\" name=\"partner_projektu[]\"\r\n                                            value=\"2418\"\r\n                                            id=\"dlcnaborypartnerProjektuoflodk126dklnr\"\r\n                                                                                        onclick=\"disableToggleAll('naborypartnerProjektuoflodk');\" \/>\r\n                                          <label class=\"form-check-label\"\r\n                                            for=\"dlcnaborypartnerProjektuoflodk126dklnr\">\r\n                                            Mesto Trsten\u00e1                                          <\/label>\r\n                                        <\/div>\r\n                                      <\/li>\r\n                                                                            <li\r\n                                        class=\"list-group-item text-14px px-0 py-2 border-0 d-flex justify-content-between\">\r\n                                        <div class=\"form-check my-0 d-inline-block\">\r\n                                          <input aria-label=\"2453\"\r\n                                            class=\"form-check-input mt-5px\" type=\"checkbox\" name=\"partner_projektu[]\"\r\n                                            value=\"2453\"\r\n                                            id=\"dlcnaborypartnerProjektuoflodk127dklnr\"\r\n                                                                                        onclick=\"disableToggleAll('naborypartnerProjektuoflodk');\" \/>\r\n                                          <label class=\"form-check-label\"\r\n                                            for=\"dlcnaborypartnerProjektuoflodk127dklnr\">\r\n                                            Tatransk\u00fd n\u00e1rodn\u00fd park                                          <\/label>\r\n                                        <\/div>\r\n                                      <\/li>\r\n                                                                            <li\r\n                                        class=\"list-group-item text-14px px-0 py-2 border-0 d-flex justify-content-between\">\r\n                                        <div class=\"form-check my-0 d-inline-block\">\r\n                                          <input aria-label=\"2484\"\r\n                                            class=\"form-check-input mt-5px\" type=\"checkbox\" name=\"partner_projektu[]\"\r\n                                            value=\"2484\"\r\n                                            id=\"dlcnaborypartnerProjektuoflodk128dklnr\"\r\n                                                                                        onclick=\"disableToggleAll('naborypartnerProjektuoflodk');\" \/>\r\n                                          <label class=\"form-check-label\"\r\n                                            for=\"dlcnaborypartnerProjektuoflodk128dklnr\">\r\n                                            Obec Jablonka                                          <\/label>\r\n                                        <\/div>\r\n                                      <\/li>\r\n                                                                            <li\r\n                                        class=\"list-group-item text-14px px-0 py-2 border-0 d-flex justify-content-between\">\r\n                                        <div class=\"form-check my-0 d-inline-block\">\r\n                                          <input aria-label=\"2631\"\r\n                                            class=\"form-check-input mt-5px\" type=\"checkbox\" name=\"partner_projektu[]\"\r\n                                            value=\"2631\"\r\n                                            id=\"dlcnaborypartnerProjektuoflodk129dklnr\"\r\n                                                                                        onclick=\"disableToggleAll('naborypartnerProjektuoflodk');\" \/>\r\n                                          <label class=\"form-check-label\"\r\n                                            for=\"dlcnaborypartnerProjektuoflodk129dklnr\">\r\n                                            Obec O\u0161\u010dadnica                                          <\/label>\r\n                                        <\/div>\r\n                                      <\/li>\r\n                                                                            <li\r\n                                        class=\"list-group-item text-14px px-0 py-2 border-0 d-flex justify-content-between\">\r\n                                        <div class=\"form-check my-0 d-inline-block\">\r\n                                          <input aria-label=\"2805\"\r\n                                            class=\"form-check-input mt-5px\" type=\"checkbox\" name=\"partner_projektu[]\"\r\n                                            value=\"2805\"\r\n                                            id=\"dlcnaborypartnerProjektuoflodk130dklnr\"\r\n                                                                                        onclick=\"disableToggleAll('naborypartnerProjektuoflodk');\" \/>\r\n                                          <label class=\"form-check-label\"\r\n                                            for=\"dlcnaborypartnerProjektuoflodk130dklnr\">\r\n                                            Horska sluzba Mala Fatra                                          <\/label>\r\n                                        <\/div>\r\n                                      <\/li>\r\n                                                                            <li\r\n                                        class=\"list-group-item text-14px px-0 py-2 border-0 d-flex justify-content-between\">\r\n                                        <div class=\"form-check my-0 d-inline-block\">\r\n                                          <input aria-label=\"2843\"\r\n                                            class=\"form-check-input mt-5px\" type=\"checkbox\" name=\"partner_projektu[]\"\r\n                                            value=\"2843\"\r\n                                            id=\"dlcnaborypartnerProjektuoflodk131dklnr\"\r\n                                                                                        onclick=\"disableToggleAll('naborypartnerProjektuoflodk');\" \/>\r\n                                          <label class=\"form-check-label\"\r\n                                            for=\"dlcnaborypartnerProjektuoflodk131dklnr\">\r\n                                            Obec Hru\u0161t\u00edn                                          <\/label>\r\n                                        <\/div>\r\n                                      <\/li>\r\n                                                                            <li\r\n                                        class=\"list-group-item text-14px px-0 py-2 border-0 d-flex justify-content-between\">\r\n                                        <div class=\"form-check my-0 d-inline-block\">\r\n                                          <input aria-label=\"2886\"\r\n                                            class=\"form-check-input mt-5px\" type=\"checkbox\" name=\"partner_projektu[]\"\r\n                                            value=\"2886\"\r\n                                            id=\"dlcnaborypartnerProjektuoflodk132dklnr\"\r\n                                                                                        onclick=\"disableToggleAll('naborypartnerProjektuoflodk');\" \/>\r\n                                          <label class=\"form-check-label\"\r\n                                            for=\"dlcnaborypartnerProjektuoflodk132dklnr\">\r\n                                            Obec Re\u0161ov                                          <\/label>\r\n                                        <\/div>\r\n                                      <\/li>\r\n                                                                            <li\r\n                                        class=\"list-group-item text-14px px-0 py-2 border-0 d-flex justify-content-between\">\r\n                                        <div class=\"form-check my-0 d-inline-block\">\r\n                                          <input aria-label=\"2349\"\r\n                                            class=\"form-check-input mt-5px\" type=\"checkbox\" name=\"partner_projektu[]\"\r\n                                            value=\"2349\"\r\n                                            id=\"dlcnaborypartnerProjektuoflodk133dklnr\"\r\n                                                                                        onclick=\"disableToggleAll('naborypartnerProjektuoflodk');\" \/>\r\n                                          <label class=\"form-check-label\"\r\n                                            for=\"dlcnaborypartnerProjektuoflodk133dklnr\">\r\n                                            \u017dilinsk\u00e1 univerzita v \u017diline                                          <\/label>\r\n                                        <\/div>\r\n                                      <\/li>\r\n                                                                            <li\r\n                                        class=\"list-group-item text-14px px-0 py-2 border-0 d-flex justify-content-between\">\r\n                                        <div class=\"form-check my-0 d-inline-block\">\r\n                                          <input aria-label=\"2391\"\r\n                                            class=\"form-check-input mt-5px\" type=\"checkbox\" name=\"partner_projektu[]\"\r\n                                            value=\"2391\"\r\n                                            id=\"dlcnaborypartnerProjektuoflodk134dklnr\"\r\n                                                                                        onclick=\"disableToggleAll('naborypartnerProjektuoflodk');\" \/>\r\n                                          <label class=\"form-check-label\"\r\n                                            for=\"dlcnaborypartnerProjektuoflodk134dklnr\">\r\n                                            Slovensk\u00fd \u010cerven\u00fd kr\u00ed\u017e \u00fazemn\u00fd spolok Svidn\u00edk                                          <\/label>\r\n                                        <\/div>\r\n                                      <\/li>\r\n                                                                            <li\r\n                                        class=\"list-group-item text-14px px-0 py-2 border-0 d-flex justify-content-between\">\r\n                                        <div class=\"form-check my-0 d-inline-block\">\r\n                                          <input aria-label=\"2419\"\r\n                                            class=\"form-check-input mt-5px\" type=\"checkbox\" name=\"partner_projektu[]\"\r\n                                            value=\"2419\"\r\n                                            id=\"dlcnaborypartnerProjektuoflodk135dklnr\"\r\n                                                                                        onclick=\"disableToggleAll('naborypartnerProjektuoflodk');\" \/>\r\n                                          <label class=\"form-check-label\"\r\n                                            for=\"dlcnaborypartnerProjektuoflodk135dklnr\">\r\n                                            Obec \u0160trba (GPT)                                          <\/label>\r\n                                        <\/div>\r\n                                      <\/li>\r\n                                                                            <li\r\n                                        class=\"list-group-item text-14px px-0 py-2 border-0 d-flex justify-content-between\">\r\n                                        <div class=\"form-check my-0 d-inline-block\">\r\n                                          <input aria-label=\"2454\"\r\n                                            class=\"form-check-input mt-5px\" type=\"checkbox\" name=\"partner_projektu[]\"\r\n                                            value=\"2454\"\r\n                                            id=\"dlcnaborypartnerProjektuoflodk136dklnr\"\r\n                                                                                        onclick=\"disableToggleAll('naborypartnerProjektuoflodk');\" \/>\r\n                                          <label class=\"form-check-label\"\r\n                                            for=\"dlcnaborypartnerProjektuoflodk136dklnr\">\r\n                                            N\u00e1rodn\u00fd park Magura                                          <\/label>\r\n                                        <\/div>\r\n                                      <\/li>\r\n                                                                            <li\r\n                                        class=\"list-group-item text-14px px-0 py-2 border-0 d-flex justify-content-between\">\r\n                                        <div class=\"form-check my-0 d-inline-block\">\r\n                                          <input aria-label=\"2486\"\r\n                                            class=\"form-check-input mt-5px\" type=\"checkbox\" name=\"partner_projektu[]\"\r\n                                            value=\"2486\"\r\n                                            id=\"dlcnaborypartnerProjektuoflodk137dklnr\"\r\n                                                                                        onclick=\"disableToggleAll('naborypartnerProjektuoflodk');\" \/>\r\n                                          <label class=\"form-check-label\"\r\n                                            for=\"dlcnaborypartnerProjektuoflodk137dklnr\">\r\n                                            \u0160ari\u0161sk\u00e9 m\u00fazeum                                          <\/label>\r\n                                        <\/div>\r\n                                      <\/li>\r\n                                                                            <li\r\n                                        class=\"list-group-item text-14px px-0 py-2 border-0 d-flex justify-content-between\">\r\n                                        <div class=\"form-check my-0 d-inline-block\">\r\n                                          <input aria-label=\"2635\"\r\n                                            class=\"form-check-input mt-5px\" type=\"checkbox\" name=\"partner_projektu[]\"\r\n                                            value=\"2635\"\r\n                                            id=\"dlcnaborypartnerProjektuoflodk138dklnr\"\r\n                                                                                        onclick=\"disableToggleAll('naborypartnerProjektuoflodk');\" \/>\r\n                                          <label class=\"form-check-label\"\r\n                                            for=\"dlcnaborypartnerProjektuoflodk138dklnr\">\r\n                                            Mesto Spi\u0161sk\u00e9 Podhradie                                          <\/label>\r\n                                        <\/div>\r\n                                      <\/li>\r\n                                                                            <li\r\n                                        class=\"list-group-item text-14px px-0 py-2 border-0 d-flex justify-content-between\">\r\n                                        <div class=\"form-check my-0 d-inline-block\">\r\n                                          <input aria-label=\"2807\"\r\n                                            class=\"form-check-input mt-5px\" type=\"checkbox\" name=\"partner_projektu[]\"\r\n                                            value=\"2807\"\r\n                                            id=\"dlcnaborypartnerProjektuoflodk139dklnr\"\r\n                                                                                        onclick=\"disableToggleAll('naborypartnerProjektuoflodk');\" \/>\r\n                                          <label class=\"form-check-label\"\r\n                                            for=\"dlcnaborypartnerProjektuoflodk139dklnr\">\r\n                                            Mesto Medzilaborce                                          <\/label>\r\n                                        <\/div>\r\n                                      <\/li>\r\n                                                                            <li\r\n                                        class=\"list-group-item text-14px px-0 py-2 border-0 d-flex justify-content-between\">\r\n                                        <div class=\"form-check my-0 d-inline-block\">\r\n                                          <input aria-label=\"2847\"\r\n                                            class=\"form-check-input mt-5px\" type=\"checkbox\" name=\"partner_projektu[]\"\r\n                                            value=\"2847\"\r\n                                            id=\"dlcnaborypartnerProjektuoflodk140dklnr\"\r\n                                                                                        onclick=\"disableToggleAll('naborypartnerProjektuoflodk');\" \/>\r\n                                          <label class=\"form-check-label\"\r\n                                            for=\"dlcnaborypartnerProjektuoflodk140dklnr\">\r\n                                            Obec Ochodnica                                          <\/label>\r\n                                        <\/div>\r\n                                      <\/li>\r\n                                                                            <li\r\n                                        class=\"list-group-item text-14px px-0 py-2 border-0 d-flex justify-content-between\">\r\n                                        <div class=\"form-check my-0 d-inline-block\">\r\n                                          <input aria-label=\"2888\"\r\n                                            class=\"form-check-input mt-5px\" type=\"checkbox\" name=\"partner_projektu[]\"\r\n                                            value=\"2888\"\r\n                                            id=\"dlcnaborypartnerProjektuoflodk141dklnr\"\r\n                                                                                        onclick=\"disableToggleAll('naborypartnerProjektuoflodk');\" \/>\r\n                                          <label class=\"form-check-label\"\r\n                                            for=\"dlcnaborypartnerProjektuoflodk141dklnr\">\r\n                                            Obec Trnkov                                          <\/label>\r\n                                        <\/div>\r\n                                      <\/li>\r\n                                                                          <\/ul>\r\n                                  <\/div>\r\n                                <\/div>\r\n\r\n                                <div class=\"dropdown-menu__footer\">\r\n                                  <button type=\"submit\" class=\"searchBtn feux-btn-primary border-0 w-100\">\r\n                                    APLIKOVA\u0164                                    <span class=\"visually-hidden\">Wybrane filtry<\/span>\r\n                                  <\/button>\r\n                                <\/div>\r\n                              <\/div>\r\n                                                          <\/div>\r\n                          <\/div>\r\n                      <\/li>\r\n                      \r\n                    <\/ul>\r\n              <\/div>\r\n            <\/div>\r\n          <\/div>\r\n        <\/fieldset>\r\n      <\/form>\r\n\r\n    <\/div>\r\n\r\n  <\/div>\r\n\r\n  <div class=\"row\">\r\n    <div class=\"col-lg-9 col-md-12\">\r\n      <div class=\"map-overlay\">\r\n\r\n        <div class=\"map-overlay-msg\">\r\n          Na pribl\u00ed\u017eenie mapy pou\u017eite rolovanie        <\/div>\r\n\r\n        <div class=\"region-info-69f4acfb680b1 d-none\"\r\n              data-lat=\"49.3565901\"\r\n              data-lan=\"20.8971615\"\r\n              data-title=\"Spolo\u010dne cez po\u013esko-slovensk\u00e9trasy\"\r\n              data-img=\"https:\/\/plsk.eu\/wp-content\/uploads\/2025\/01\/Zamek-w-Muszynie-548x301.png\"\r\n              data-program=\"\"\r\n              data-purl=\"https:\/\/plsk.eu\/sk\/projekty\/spolocne-cez-polsko-slovensketrasy\/\"\r\n              data-dzialanie=\"\"\r\n              data-marker=\"https:\/\/plsk.eu\/wp-content\/themes\/fundusze\/assets\/images\/png\/blue_marker.png\"\r\n              data-btntxt=\"Dowiedz si\u0119 wi\u0119cej\"\r\n              data-pid=\"43264\"\r\n              ><\/div><div class=\"region-info-69f4acfb680b1 d-none\"\r\n              data-lat=\"49.2959462\"\r\n              data-lan=\"20.7316332\"\r\n              data-title=\"Spolo\u010dne cez po\u013esko-slovensk\u00e9trasy\"\r\n              data-img=\"https:\/\/plsk.eu\/wp-content\/uploads\/2025\/01\/Zamek-w-Muszynie-548x301.png\"\r\n              data-program=\"\"\r\n              data-purl=\"https:\/\/plsk.eu\/sk\/projekty\/spolocne-cez-polsko-slovensketrasy\/\"\r\n              data-dzialanie=\"\"\r\n              data-marker=\"https:\/\/plsk.eu\/wp-content\/themes\/fundusze\/assets\/images\/png\/blue_marker.png\"\r\n              data-btntxt=\"Dowiedz si\u0119 wi\u0119cej\"\r\n              data-pid=\"43264\"\r\n              ><\/div><div class=\"region-info-69f4acfb680b1 d-none\"\r\n              data-lat=\"49.5555137\"\r\n              data-lan=\"21.6832308\"\r\n              data-title=\"Dukla &#8211; Svidn\u00edk na dvoch koles\u00e1ch\"\r\n              data-img=\"https:\/\/plsk.eu\/wp-content\/uploads\/2024\/09\/22-548x301.png\"\r\n              data-program=\"\"\r\n              data-purl=\"https:\/\/plsk.eu\/sk\/projekty\/dukla-svidnik-na-dvoch-kolesach\/\"\r\n              data-dzialanie=\"\"\r\n              data-marker=\"https:\/\/plsk.eu\/wp-content\/themes\/fundusze\/assets\/images\/png\/blue_marker.png\"\r\n              data-btntxt=\"Dowiedz si\u0119 wi\u0119cej\"\r\n              data-pid=\"43008\"\r\n              ><\/div><div class=\"region-info-69f4acfb680b1 d-none\"\r\n              data-lat=\"49.3055641\"\r\n              data-lan=\"21.568117\"\r\n              data-title=\"Dukla &#8211; Svidn\u00edk na dvoch koles\u00e1ch\"\r\n              data-img=\"https:\/\/plsk.eu\/wp-content\/uploads\/2024\/09\/22-548x301.png\"\r\n              data-program=\"\"\r\n              data-purl=\"https:\/\/plsk.eu\/sk\/projekty\/dukla-svidnik-na-dvoch-kolesach\/\"\r\n              data-dzialanie=\"\"\r\n              data-marker=\"https:\/\/plsk.eu\/wp-content\/themes\/fundusze\/assets\/images\/png\/blue_marker.png\"\r\n              data-btntxt=\"Dowiedz si\u0119 wi\u0119cej\"\r\n              data-pid=\"43008\"\r\n              ><\/div><div class=\"region-info-69f4acfb680b1 d-none\"\r\n              data-lat=\"49.4277942\"\r\n              data-lan=\"19.5420898\"\r\n              data-title=\"Rozvoj turistickej infra\u0161trukt\u00fary spolo\u010dnej Oravy\"\r\n              data-img=\"https:\/\/plsk.eu\/wp-content\/uploads\/2024\/09\/22-548x301.png\"\r\n              data-program=\"\"\r\n              data-purl=\"https:\/\/plsk.eu\/sk\/projekty\/rozvoj-turistickej-infrastruktury-spolocnej-oravy\/\"\r\n              data-dzialanie=\"\"\r\n              data-marker=\"https:\/\/plsk.eu\/wp-content\/themes\/fundusze\/assets\/images\/png\/blue_marker.png\"\r\n              data-btntxt=\"Dowiedz si\u0119 wi\u0119cej\"\r\n              data-pid=\"43002\"\r\n              ><\/div><div class=\"region-info-69f4acfb680b1 d-none\"\r\n              data-lat=\"49.4779665\"\r\n              data-lan=\"19.697438\"\r\n              data-title=\"Rozvoj turistickej infra\u0161trukt\u00fary spolo\u010dnej Oravy\"\r\n              data-img=\"https:\/\/plsk.eu\/wp-content\/uploads\/2024\/09\/22-548x301.png\"\r\n              data-program=\"\"\r\n              data-purl=\"https:\/\/plsk.eu\/sk\/projekty\/rozvoj-turistickej-infrastruktury-spolocnej-oravy\/\"\r\n              data-dzialanie=\"\"\r\n              data-marker=\"https:\/\/plsk.eu\/wp-content\/themes\/fundusze\/assets\/images\/png\/blue_marker.png\"\r\n              data-btntxt=\"Dowiedz si\u0119 wi\u0119cej\"\r\n              data-pid=\"43002\"\r\n              ><\/div><div class=\"region-info-69f4acfb680b1 d-none\"\r\n              data-lat=\"49.576632\"\r\n              data-lan=\"19.8205507\"\r\n              data-title=\"Rozvoj turistickej infra\u0161trukt\u00fary spolo\u010dnej Oravy\"\r\n              data-img=\"https:\/\/plsk.eu\/wp-content\/uploads\/2024\/09\/22-548x301.png\"\r\n              data-program=\"\"\r\n              data-purl=\"https:\/\/plsk.eu\/sk\/projekty\/rozvoj-turistickej-infrastruktury-spolocnej-oravy\/\"\r\n              data-dzialanie=\"\"\r\n              data-marker=\"https:\/\/plsk.eu\/wp-content\/themes\/fundusze\/assets\/images\/png\/blue_marker.png\"\r\n              data-btntxt=\"Dowiedz si\u0119 wi\u0119cej\"\r\n              data-pid=\"43002\"\r\n              ><\/div><div class=\"region-info-69f4acfb680b1 d-none\"\r\n              data-lat=\"49.3598544\"\r\n              data-lan=\"19.6106129\"\r\n              data-title=\"Rozvoj turistickej infra\u0161trukt\u00fary spolo\u010dnej Oravy\"\r\n              data-img=\"https:\/\/plsk.eu\/wp-content\/uploads\/2024\/09\/22-548x301.png\"\r\n              data-program=\"\"\r\n              data-purl=\"https:\/\/plsk.eu\/sk\/projekty\/rozvoj-turistickej-infrastruktury-spolocnej-oravy\/\"\r\n              data-dzialanie=\"\"\r\n              data-marker=\"https:\/\/plsk.eu\/wp-content\/themes\/fundusze\/assets\/images\/png\/blue_marker.png\"\r\n              data-btntxt=\"Dowiedz si\u0119 wi\u0119cej\"\r\n              data-pid=\"43002\"\r\n              ><\/div><div class=\"region-info-69f4acfb680b1 d-none\"\r\n              data-lat=\"49.69337\"\r\n              data-lan=\"21.76657\"\r\n              data-title=\"M\u00faze\u00e1 bud\u00facnosti \u2013 Minoritsk\u00e9 centr\u00e1 pre digitaliz\u00e1ciu spolo\u010dnosti\"\r\n              data-img=\"https:\/\/plsk.eu\/wp-content\/uploads\/2024\/09\/22-548x301.png\"\r\n              data-program=\"\"\r\n              data-purl=\"https:\/\/plsk.eu\/sk\/projekty\/muzea-buducnosti-minoritske-centra-pre-digitalizaciu-spolocnosti\/\"\r\n              data-dzialanie=\"\"\r\n              data-marker=\"https:\/\/plsk.eu\/wp-content\/themes\/fundusze\/assets\/images\/png\/blue_marker.png\"\r\n              data-btntxt=\"Dowiedz si\u0119 wi\u0119cej\"\r\n              data-pid=\"42997\"\r\n              ><\/div><div class=\"region-info-69f4acfb680b1 d-none\"\r\n              data-lat=\"49.0202097\"\r\n              data-lan=\"20.5843112\"\r\n              data-title=\"M\u00faze\u00e1 bud\u00facnosti \u2013 Minoritsk\u00e9 centr\u00e1 pre digitaliz\u00e1ciu spolo\u010dnosti\"\r\n              data-img=\"https:\/\/plsk.eu\/wp-content\/uploads\/2024\/09\/22-548x301.png\"\r\n              data-program=\"\"\r\n              data-purl=\"https:\/\/plsk.eu\/sk\/projekty\/muzea-buducnosti-minoritske-centra-pre-digitalizaciu-spolocnosti\/\"\r\n              data-dzialanie=\"\"\r\n              data-marker=\"https:\/\/plsk.eu\/wp-content\/themes\/fundusze\/assets\/images\/png\/blue_marker.png\"\r\n              data-btntxt=\"Dowiedz si\u0119 wi\u0119cej\"\r\n              data-pid=\"42997\"\r\n              ><\/div><div class=\"region-info-69f4acfb680b1 d-none\"\r\n              data-lat=\"49.0019418\"\r\n              data-lan=\"20.4680288\"\r\n              data-title=\"M\u00faze\u00e1 bud\u00facnosti \u2013 Minoritsk\u00e9 centr\u00e1 pre digitaliz\u00e1ciu spolo\u010dnosti\"\r\n              data-img=\"https:\/\/plsk.eu\/wp-content\/uploads\/2024\/09\/22-548x301.png\"\r\n              data-program=\"\"\r\n              data-purl=\"https:\/\/plsk.eu\/sk\/projekty\/muzea-buducnosti-minoritske-centra-pre-digitalizaciu-spolocnosti\/\"\r\n              data-dzialanie=\"\"\r\n              data-marker=\"https:\/\/plsk.eu\/wp-content\/themes\/fundusze\/assets\/images\/png\/blue_marker.png\"\r\n              data-btntxt=\"Dowiedz si\u0119 wi\u0119cej\"\r\n              data-pid=\"42997\"\r\n              ><\/div><div class=\"region-info-69f4acfb680b1 d-none\"\r\n              data-lat=\"50.066261\"\r\n              data-lan=\"19.9400943\"\r\n              data-title=\"Od Sadeck\u00fdch Besk\u00fdd po \u010cergovsk\u00e9 vrchy etapa II\"\r\n              data-img=\"https:\/\/plsk.eu\/wp-content\/uploads\/2024\/09\/22-548x301.png\"\r\n              data-program=\"\"\r\n              data-purl=\"https:\/\/plsk.eu\/sk\/projekty\/od-sadeckych-beskyd-po-cergovske-vrchy-etapa-ii\/\"\r\n              data-dzialanie=\"\"\r\n              data-marker=\"https:\/\/plsk.eu\/wp-content\/themes\/fundusze\/assets\/images\/png\/blue_marker.png\"\r\n              data-btntxt=\"Dowiedz si\u0119 wi\u0119cej\"\r\n              data-pid=\"42615\"\r\n              ><\/div><div class=\"region-info-69f4acfb680b1 d-none\"\r\n              data-lat=\"49.0018324\"\r\n              data-lan=\"21.2393119\"\r\n              data-title=\"Od Sadeck\u00fdch Besk\u00fdd po \u010cergovsk\u00e9 vrchy etapa II\"\r\n              data-img=\"https:\/\/plsk.eu\/wp-content\/uploads\/2024\/09\/22-548x301.png\"\r\n              data-program=\"\"\r\n              data-purl=\"https:\/\/plsk.eu\/sk\/projekty\/od-sadeckych-beskyd-po-cergovske-vrchy-etapa-ii\/\"\r\n              data-dzialanie=\"\"\r\n              data-marker=\"https:\/\/plsk.eu\/wp-content\/themes\/fundusze\/assets\/images\/png\/blue_marker.png\"\r\n              data-btntxt=\"Dowiedz si\u0119 wi\u0119cej\"\r\n              data-pid=\"42615\"\r\n              ><\/div><div class=\"region-info-69f4acfb680b1 d-none\"\r\n              data-lat=\"50.066261\"\r\n              data-lan=\"19.9400943\"\r\n              data-title=\"Ochrana svahov v s\u00falade s pr\u00edrodou\"\r\n              data-img=\"https:\/\/plsk.eu\/wp-content\/uploads\/2024\/09\/22-548x301.png\"\r\n              data-program=\"\"\r\n              data-purl=\"https:\/\/plsk.eu\/sk\/projekty\/ochrana-svahov-v-sulade-s-prirodou\/\"\r\n              data-dzialanie=\"\"\r\n              data-marker=\"https:\/\/plsk.eu\/wp-content\/themes\/fundusze\/assets\/images\/png\/blue_marker.png\"\r\n              data-btntxt=\"Dowiedz si\u0119 wi\u0119cej\"\r\n              data-pid=\"42611\"\r\n              ><\/div><div class=\"region-info-69f4acfb680b1 d-none\"\r\n              data-lat=\"49.0018324\"\r\n              data-lan=\"21.2393119\"\r\n              data-title=\"Ochrana svahov v s\u00falade s pr\u00edrodou\"\r\n              data-img=\"https:\/\/plsk.eu\/wp-content\/uploads\/2024\/09\/22-548x301.png\"\r\n              data-program=\"\"\r\n              data-purl=\"https:\/\/plsk.eu\/sk\/projekty\/ochrana-svahov-v-sulade-s-prirodou\/\"\r\n              data-dzialanie=\"\"\r\n              data-marker=\"https:\/\/plsk.eu\/wp-content\/themes\/fundusze\/assets\/images\/png\/blue_marker.png\"\r\n              data-btntxt=\"Dowiedz si\u0119 wi\u0119cej\"\r\n              data-pid=\"42611\"\r\n              ><\/div><div class=\"region-info-69f4acfb680b1 d-none\"\r\n              data-lat=\"49.7493564\"\r\n              data-lan=\"21.4848028\"\r\n              data-title=\"Bezpe\u010dn\u00e9 pohrani\u010die &#8211; cezhrani\u010dn\u00e1 spolupr\u00e1ca gm\u00edn patriacich do Zdru\u017eenia gm\u00edn povodia Wis\u0142oky a Pre\u0161ovsk\u00e9ho samospr\u00e1vneho kraja\"\r\n              data-img=\"https:\/\/plsk.eu\/wp-content\/uploads\/2025\/11\/ZGDW-Jaslo_Zborov3_cw.sl_.rat_-548x301.jpg\"\r\n              data-program=\"\"\r\n              data-purl=\"https:\/\/plsk.eu\/sk\/projekty\/bezpecne-pohranicie-cezhranicna-spolupraca-gmin-patriacich-do-zdruzenia-gmin-povodia-wisloky-a-presovskeho-samospravneho-kraja\/\"\r\n              data-dzialanie=\"\"\r\n              data-marker=\"https:\/\/plsk.eu\/wp-content\/themes\/fundusze\/assets\/images\/png\/blue_marker.png\"\r\n              data-btntxt=\"Dowiedz si\u0119 wi\u0119cej\"\r\n              data-pid=\"42600\"\r\n              ><\/div><div class=\"region-info-69f4acfb680b1 d-none\"\r\n              data-lat=\"49.7497258\"\r\n              data-lan=\"21.3345594\"\r\n              data-title=\"Bezpe\u010dn\u00e9 pohrani\u010die &#8211; cezhrani\u010dn\u00e1 spolupr\u00e1ca gm\u00edn patriacich do Zdru\u017eenia gm\u00edn povodia Wis\u0142oky a Pre\u0161ovsk\u00e9ho samospr\u00e1vneho kraja\"\r\n              data-img=\"https:\/\/plsk.eu\/wp-content\/uploads\/2025\/11\/ZGDW-Jaslo_Zborov3_cw.sl_.rat_-548x301.jpg\"\r\n              data-program=\"\"\r\n              data-purl=\"https:\/\/plsk.eu\/sk\/projekty\/bezpecne-pohranicie-cezhranicna-spolupraca-gmin-patriacich-do-zdruzenia-gmin-povodia-wisloky-a-presovskeho-samospravneho-kraja\/\"\r\n              data-dzialanie=\"\"\r\n              data-marker=\"https:\/\/plsk.eu\/wp-content\/themes\/fundusze\/assets\/images\/png\/blue_marker.png\"\r\n              data-btntxt=\"Dowiedz si\u0119 wi\u0119cej\"\r\n              data-pid=\"42600\"\r\n              ><\/div><div class=\"region-info-69f4acfb680b1 d-none\"\r\n              data-lat=\"49.3988511\"\r\n              data-lan=\"21.3704615\"\r\n              data-title=\"Bezpe\u010dn\u00e9 pohrani\u010die &#8211; cezhrani\u010dn\u00e1 spolupr\u00e1ca gm\u00edn patriacich do Zdru\u017eenia gm\u00edn povodia Wis\u0142oky a Pre\u0161ovsk\u00e9ho samospr\u00e1vneho kraja\"\r\n              data-img=\"https:\/\/plsk.eu\/wp-content\/uploads\/2025\/11\/ZGDW-Jaslo_Zborov3_cw.sl_.rat_-548x301.jpg\"\r\n              data-program=\"\"\r\n              data-purl=\"https:\/\/plsk.eu\/sk\/projekty\/bezpecne-pohranicie-cezhranicna-spolupraca-gmin-patriacich-do-zdruzenia-gmin-povodia-wisloky-a-presovskeho-samospravneho-kraja\/\"\r\n              data-dzialanie=\"\"\r\n              data-marker=\"https:\/\/plsk.eu\/wp-content\/themes\/fundusze\/assets\/images\/png\/blue_marker.png\"\r\n              data-btntxt=\"Dowiedz si\u0119 wi\u0119cej\"\r\n              data-pid=\"42600\"\r\n              ><\/div><div class=\"region-info-69f4acfb680b1 d-none\"\r\n              data-lat=\"49.3419589\"\r\n              data-lan=\"21.1347281\"\r\n              data-title=\"Bezpe\u010dn\u00e9 pohrani\u010die &#8211; cezhrani\u010dn\u00e1 spolupr\u00e1ca gm\u00edn patriacich do Zdru\u017eenia gm\u00edn povodia Wis\u0142oky a Pre\u0161ovsk\u00e9ho samospr\u00e1vneho kraja\"\r\n              data-img=\"https:\/\/plsk.eu\/wp-content\/uploads\/2025\/11\/ZGDW-Jaslo_Zborov3_cw.sl_.rat_-548x301.jpg\"\r\n              data-program=\"\"\r\n              data-purl=\"https:\/\/plsk.eu\/sk\/projekty\/bezpecne-pohranicie-cezhranicna-spolupraca-gmin-patriacich-do-zdruzenia-gmin-povodia-wisloky-a-presovskeho-samospravneho-kraja\/\"\r\n              data-dzialanie=\"\"\r\n              data-marker=\"https:\/\/plsk.eu\/wp-content\/themes\/fundusze\/assets\/images\/png\/blue_marker.png\"\r\n              data-btntxt=\"Dowiedz si\u0119 wi\u0119cej\"\r\n              data-pid=\"42600\"\r\n              ><\/div><div class=\"region-info-69f4acfb680b1 d-none\"\r\n              data-lat=\"49.2918991\"\r\n              data-lan=\"21.0812577\"\r\n              data-title=\"Bezpe\u010dn\u00e9 pohrani\u010die &#8211; cezhrani\u010dn\u00e1 spolupr\u00e1ca gm\u00edn patriacich do Zdru\u017eenia gm\u00edn povodia Wis\u0142oky a Pre\u0161ovsk\u00e9ho samospr\u00e1vneho kraja\"\r\n              data-img=\"https:\/\/plsk.eu\/wp-content\/uploads\/2025\/11\/ZGDW-Jaslo_Zborov3_cw.sl_.rat_-548x301.jpg\"\r\n              data-program=\"\"\r\n              data-purl=\"https:\/\/plsk.eu\/sk\/projekty\/bezpecne-pohranicie-cezhranicna-spolupraca-gmin-patriacich-do-zdruzenia-gmin-povodia-wisloky-a-presovskeho-samospravneho-kraja\/\"\r\n              data-dzialanie=\"\"\r\n              data-marker=\"https:\/\/plsk.eu\/wp-content\/themes\/fundusze\/assets\/images\/png\/blue_marker.png\"\r\n              data-btntxt=\"Dowiedz si\u0119 wi\u0119cej\"\r\n              data-pid=\"42600\"\r\n              ><\/div><div class=\"region-info-69f4acfb680b1 d-none\"\r\n              data-lat=\"49.3057935\"\r\n              data-lan=\"21.0640149\"\r\n              data-title=\"Bezpe\u010dn\u00e9 pohrani\u010die &#8211; cezhrani\u010dn\u00e1 spolupr\u00e1ca gm\u00edn patriacich do Zdru\u017eenia gm\u00edn povodia Wis\u0142oky a Pre\u0161ovsk\u00e9ho samospr\u00e1vneho kraja\"\r\n              data-img=\"https:\/\/plsk.eu\/wp-content\/uploads\/2025\/11\/ZGDW-Jaslo_Zborov3_cw.sl_.rat_-548x301.jpg\"\r\n              data-program=\"\"\r\n              data-purl=\"https:\/\/plsk.eu\/sk\/projekty\/bezpecne-pohranicie-cezhranicna-spolupraca-gmin-patriacich-do-zdruzenia-gmin-povodia-wisloky-a-presovskeho-samospravneho-kraja\/\"\r\n              data-dzialanie=\"\"\r\n              data-marker=\"https:\/\/plsk.eu\/wp-content\/themes\/fundusze\/assets\/images\/png\/blue_marker.png\"\r\n              data-btntxt=\"Dowiedz si\u0119 wi\u0119cej\"\r\n              data-pid=\"42600\"\r\n              ><\/div><div class=\"region-info-69f4acfb680b1 d-none\"\r\n              data-lat=\"49.4042465\"\r\n              data-lan=\"21.4023054\"\r\n              data-title=\"Bezpe\u010dn\u00e9 pohrani\u010die &#8211; cezhrani\u010dn\u00e1 spolupr\u00e1ca gm\u00edn patriacich do Zdru\u017eenia gm\u00edn povodia Wis\u0142oky a Pre\u0161ovsk\u00e9ho samospr\u00e1vneho kraja\"\r\n              data-img=\"https:\/\/plsk.eu\/wp-content\/uploads\/2025\/11\/ZGDW-Jaslo_Zborov3_cw.sl_.rat_-548x301.jpg\"\r\n              data-program=\"\"\r\n              data-purl=\"https:\/\/plsk.eu\/sk\/projekty\/bezpecne-pohranicie-cezhranicna-spolupraca-gmin-patriacich-do-zdruzenia-gmin-povodia-wisloky-a-presovskeho-samospravneho-kraja\/\"\r\n              data-dzialanie=\"\"\r\n              data-marker=\"https:\/\/plsk.eu\/wp-content\/themes\/fundusze\/assets\/images\/png\/blue_marker.png\"\r\n              data-btntxt=\"Dowiedz si\u0119 wi\u0119cej\"\r\n              data-pid=\"42600\"\r\n              ><\/div><div class=\"region-info-69f4acfb680b1 d-none\"\r\n              data-lat=\"49.2388054\"\r\n              data-lan=\"21.3309491\"\r\n              data-title=\"Bezpe\u010dn\u00e9 pohrani\u010die &#8211; cezhrani\u010dn\u00e1 spolupr\u00e1ca gm\u00edn patriacich do Zdru\u017eenia gm\u00edn povodia Wis\u0142oky a Pre\u0161ovsk\u00e9ho samospr\u00e1vneho kraja\"\r\n              data-img=\"https:\/\/plsk.eu\/wp-content\/uploads\/2025\/11\/ZGDW-Jaslo_Zborov3_cw.sl_.rat_-548x301.jpg\"\r\n              data-program=\"\"\r\n              data-purl=\"https:\/\/plsk.eu\/sk\/projekty\/bezpecne-pohranicie-cezhranicna-spolupraca-gmin-patriacich-do-zdruzenia-gmin-povodia-wisloky-a-presovskeho-samospravneho-kraja\/\"\r\n              data-dzialanie=\"\"\r\n              data-marker=\"https:\/\/plsk.eu\/wp-content\/themes\/fundusze\/assets\/images\/png\/blue_marker.png\"\r\n              data-btntxt=\"Dowiedz si\u0119 wi\u0119cej\"\r\n              data-pid=\"42600\"\r\n              ><\/div><div class=\"region-info-69f4acfb680b1 d-none\"\r\n              data-lat=\"49.0334007\"\r\n              data-lan=\"21.3573095\"\r\n              data-title=\"Bezpe\u010dn\u00e9 pohrani\u010die &#8211; cezhrani\u010dn\u00e1 spolupr\u00e1ca gm\u00edn patriacich do Zdru\u017eenia gm\u00edn povodia Wis\u0142oky a Pre\u0161ovsk\u00e9ho samospr\u00e1vneho kraja\"\r\n              data-img=\"https:\/\/plsk.eu\/wp-content\/uploads\/2025\/11\/ZGDW-Jaslo_Zborov3_cw.sl_.rat_-548x301.jpg\"\r\n              data-program=\"\"\r\n              data-purl=\"https:\/\/plsk.eu\/sk\/projekty\/bezpecne-pohranicie-cezhranicna-spolupraca-gmin-patriacich-do-zdruzenia-gmin-povodia-wisloky-a-presovskeho-samospravneho-kraja\/\"\r\n              data-dzialanie=\"\"\r\n              data-marker=\"https:\/\/plsk.eu\/wp-content\/themes\/fundusze\/assets\/images\/png\/blue_marker.png\"\r\n              data-btntxt=\"Dowiedz si\u0119 wi\u0119cej\"\r\n              data-pid=\"42600\"\r\n              ><\/div><div class=\"region-info-69f4acfb680b1 d-none\"\r\n              data-lat=\"49.339299\"\r\n              data-lan=\"21.2002257\"\r\n              data-title=\"Bezpe\u010dn\u00e9 pohrani\u010die &#8211; cezhrani\u010dn\u00e1 spolupr\u00e1ca gm\u00edn patriacich do Zdru\u017eenia gm\u00edn povodia Wis\u0142oky a Pre\u0161ovsk\u00e9ho samospr\u00e1vneho kraja\"\r\n              data-img=\"https:\/\/plsk.eu\/wp-content\/uploads\/2025\/11\/ZGDW-Jaslo_Zborov3_cw.sl_.rat_-548x301.jpg\"\r\n              data-program=\"\"\r\n              data-purl=\"https:\/\/plsk.eu\/sk\/projekty\/bezpecne-pohranicie-cezhranicna-spolupraca-gmin-patriacich-do-zdruzenia-gmin-povodia-wisloky-a-presovskeho-samospravneho-kraja\/\"\r\n              data-dzialanie=\"\"\r\n              data-marker=\"https:\/\/plsk.eu\/wp-content\/themes\/fundusze\/assets\/images\/png\/blue_marker.png\"\r\n              data-btntxt=\"Dowiedz si\u0119 wi\u0119cej\"\r\n              data-pid=\"42600\"\r\n              ><\/div><div class=\"region-info-69f4acfb680b1 d-none\"\r\n              data-lat=\"49.8194484\"\r\n              data-lan=\"21.3943611\"\r\n              data-title=\"Bezpe\u010dn\u00e9 pohrani\u010die &#8211; cezhrani\u010dn\u00e1 spolupr\u00e1ca gm\u00edn patriacich do Zdru\u017eenia gm\u00edn povodia Wis\u0142oky a Pre\u0161ovsk\u00e9ho samospr\u00e1vneho kraja\"\r\n              data-img=\"https:\/\/plsk.eu\/wp-content\/uploads\/2025\/11\/ZGDW-Jaslo_Zborov3_cw.sl_.rat_-548x301.jpg\"\r\n              data-program=\"\"\r\n              data-purl=\"https:\/\/plsk.eu\/sk\/projekty\/bezpecne-pohranicie-cezhranicna-spolupraca-gmin-patriacich-do-zdruzenia-gmin-povodia-wisloky-a-presovskeho-samospravneho-kraja\/\"\r\n              data-dzialanie=\"\"\r\n              data-marker=\"https:\/\/plsk.eu\/wp-content\/themes\/fundusze\/assets\/images\/png\/blue_marker.png\"\r\n              data-btntxt=\"Dowiedz si\u0119 wi\u0119cej\"\r\n              data-pid=\"42600\"\r\n              ><\/div><div class=\"region-info-69f4acfb680b1 d-none\"\r\n              data-lat=\"49.6466088\"\r\n              data-lan=\"21.6705428\"\r\n              data-title=\"Bezpe\u010dn\u00e9 pohrani\u010die &#8211; cezhrani\u010dn\u00e1 spolupr\u00e1ca gm\u00edn patriacich do Zdru\u017eenia gm\u00edn povodia Wis\u0142oky a Pre\u0161ovsk\u00e9ho samospr\u00e1vneho kraja\"\r\n              data-img=\"https:\/\/plsk.eu\/wp-content\/uploads\/2025\/11\/ZGDW-Jaslo_Zborov3_cw.sl_.rat_-548x301.jpg\"\r\n              data-program=\"\"\r\n              data-purl=\"https:\/\/plsk.eu\/sk\/projekty\/bezpecne-pohranicie-cezhranicna-spolupraca-gmin-patriacich-do-zdruzenia-gmin-povodia-wisloky-a-presovskeho-samospravneho-kraja\/\"\r\n              data-dzialanie=\"\"\r\n              data-marker=\"https:\/\/plsk.eu\/wp-content\/themes\/fundusze\/assets\/images\/png\/blue_marker.png\"\r\n              data-btntxt=\"Dowiedz si\u0119 wi\u0119cej\"\r\n              data-pid=\"42600\"\r\n              ><\/div><div class=\"region-info-69f4acfb680b1 d-none\"\r\n              data-lat=\"49.6723442\"\r\n              data-lan=\"21.4541206\"\r\n              data-title=\"Bezpe\u010dn\u00e9 pohrani\u010die &#8211; cezhrani\u010dn\u00e1 spolupr\u00e1ca gm\u00edn patriacich do Zdru\u017eenia gm\u00edn povodia Wis\u0142oky a Pre\u0161ovsk\u00e9ho samospr\u00e1vneho kraja\"\r\n              data-img=\"https:\/\/plsk.eu\/wp-content\/uploads\/2025\/11\/ZGDW-Jaslo_Zborov3_cw.sl_.rat_-548x301.jpg\"\r\n              data-program=\"\"\r\n              data-purl=\"https:\/\/plsk.eu\/sk\/projekty\/bezpecne-pohranicie-cezhranicna-spolupraca-gmin-patriacich-do-zdruzenia-gmin-povodia-wisloky-a-presovskeho-samospravneho-kraja\/\"\r\n              data-dzialanie=\"\"\r\n              data-marker=\"https:\/\/plsk.eu\/wp-content\/themes\/fundusze\/assets\/images\/png\/blue_marker.png\"\r\n              data-btntxt=\"Dowiedz si\u0119 wi\u0119cej\"\r\n              data-pid=\"42600\"\r\n              ><\/div><div class=\"region-info-69f4acfb680b1 d-none\"\r\n              data-lat=\"49.7473409\"\r\n              data-lan=\"21.4747119\"\r\n              data-title=\"Bezpe\u010dn\u00e9 pohrani\u010die &#8211; cezhrani\u010dn\u00e1 spolupr\u00e1ca gm\u00edn patriacich do Zdru\u017eenia gm\u00edn povodia Wis\u0142oky a Pre\u0161ovsk\u00e9ho samospr\u00e1vneho kraja\"\r\n              data-img=\"https:\/\/plsk.eu\/wp-content\/uploads\/2025\/11\/ZGDW-Jaslo_Zborov3_cw.sl_.rat_-548x301.jpg\"\r\n              data-program=\"\"\r\n              data-purl=\"https:\/\/plsk.eu\/sk\/projekty\/bezpecne-pohranicie-cezhranicna-spolupraca-gmin-patriacich-do-zdruzenia-gmin-povodia-wisloky-a-presovskeho-samospravneho-kraja\/\"\r\n              data-dzialanie=\"\"\r\n              data-marker=\"https:\/\/plsk.eu\/wp-content\/themes\/fundusze\/assets\/images\/png\/blue_marker.png\"\r\n              data-btntxt=\"Dowiedz si\u0119 wi\u0119cej\"\r\n              data-pid=\"42600\"\r\n              ><\/div><div class=\"region-info-69f4acfb680b1 d-none\"\r\n              data-lat=\"49.7445642\"\r\n              data-lan=\"21.469113\"\r\n              data-title=\"Bezpe\u010dn\u00e9 pohrani\u010die &#8211; cezhrani\u010dn\u00e1 spolupr\u00e1ca gm\u00edn patriacich do Zdru\u017eenia gm\u00edn povodia Wis\u0142oky a Pre\u0161ovsk\u00e9ho samospr\u00e1vneho kraja\"\r\n              data-img=\"https:\/\/plsk.eu\/wp-content\/uploads\/2025\/11\/ZGDW-Jaslo_Zborov3_cw.sl_.rat_-548x301.jpg\"\r\n              data-program=\"\"\r\n              data-purl=\"https:\/\/plsk.eu\/sk\/projekty\/bezpecne-pohranicie-cezhranicna-spolupraca-gmin-patriacich-do-zdruzenia-gmin-povodia-wisloky-a-presovskeho-samospravneho-kraja\/\"\r\n              data-dzialanie=\"\"\r\n              data-marker=\"https:\/\/plsk.eu\/wp-content\/themes\/fundusze\/assets\/images\/png\/blue_marker.png\"\r\n              data-btntxt=\"Dowiedz si\u0119 wi\u0119cej\"\r\n              data-pid=\"42600\"\r\n              ><\/div><div class=\"region-info-69f4acfb680b1 d-none\"\r\n              data-lat=\"49.71749\"\r\n              data-lan=\"21.64896\"\r\n              data-title=\"Bezpe\u010dn\u00e9 pohrani\u010die &#8211; cezhrani\u010dn\u00e1 spolupr\u00e1ca gm\u00edn patriacich do Zdru\u017eenia gm\u00edn povodia Wis\u0142oky a Pre\u0161ovsk\u00e9ho samospr\u00e1vneho kraja\"\r\n              data-img=\"https:\/\/plsk.eu\/wp-content\/uploads\/2025\/11\/ZGDW-Jaslo_Zborov3_cw.sl_.rat_-548x301.jpg\"\r\n              data-program=\"\"\r\n              data-purl=\"https:\/\/plsk.eu\/sk\/projekty\/bezpecne-pohranicie-cezhranicna-spolupraca-gmin-patriacich-do-zdruzenia-gmin-povodia-wisloky-a-presovskeho-samospravneho-kraja\/\"\r\n              data-dzialanie=\"\"\r\n              data-marker=\"https:\/\/plsk.eu\/wp-content\/themes\/fundusze\/assets\/images\/png\/blue_marker.png\"\r\n              data-btntxt=\"Dowiedz si\u0119 wi\u0119cej\"\r\n              data-pid=\"42600\"\r\n              ><\/div><div class=\"region-info-69f4acfb680b1 d-none\"\r\n              data-lat=\"49.8073734\"\r\n              data-lan=\"21.4331923\"\r\n              data-title=\"Bezpe\u010dn\u00e9 pohrani\u010die &#8211; cezhrani\u010dn\u00e1 spolupr\u00e1ca gm\u00edn patriacich do Zdru\u017eenia gm\u00edn povodia Wis\u0142oky a Pre\u0161ovsk\u00e9ho samospr\u00e1vneho kraja\"\r\n              data-img=\"https:\/\/plsk.eu\/wp-content\/uploads\/2025\/11\/ZGDW-Jaslo_Zborov3_cw.sl_.rat_-548x301.jpg\"\r\n              data-program=\"\"\r\n              data-purl=\"https:\/\/plsk.eu\/sk\/projekty\/bezpecne-pohranicie-cezhranicna-spolupraca-gmin-patriacich-do-zdruzenia-gmin-povodia-wisloky-a-presovskeho-samospravneho-kraja\/\"\r\n              data-dzialanie=\"\"\r\n              data-marker=\"https:\/\/plsk.eu\/wp-content\/themes\/fundusze\/assets\/images\/png\/blue_marker.png\"\r\n              data-btntxt=\"Dowiedz si\u0119 wi\u0119cej\"\r\n              data-pid=\"42600\"\r\n              ><\/div><div class=\"region-info-69f4acfb680b1 d-none\"\r\n              data-lat=\"49.5109776\"\r\n              data-lan=\"21.5004151\"\r\n              data-title=\"Bezpe\u010dn\u00e9 pohrani\u010die &#8211; cezhrani\u010dn\u00e1 spolupr\u00e1ca gm\u00edn patriacich do Zdru\u017eenia gm\u00edn povodia Wis\u0142oky a Pre\u0161ovsk\u00e9ho samospr\u00e1vneho kraja\"\r\n              data-img=\"https:\/\/plsk.eu\/wp-content\/uploads\/2025\/11\/ZGDW-Jaslo_Zborov3_cw.sl_.rat_-548x301.jpg\"\r\n              data-program=\"\"\r\n              data-purl=\"https:\/\/plsk.eu\/sk\/projekty\/bezpecne-pohranicie-cezhranicna-spolupraca-gmin-patriacich-do-zdruzenia-gmin-povodia-wisloky-a-presovskeho-samospravneho-kraja\/\"\r\n              data-dzialanie=\"\"\r\n              data-marker=\"https:\/\/plsk.eu\/wp-content\/themes\/fundusze\/assets\/images\/png\/blue_marker.png\"\r\n              data-btntxt=\"Dowiedz si\u0119 wi\u0119cej\"\r\n              data-pid=\"42600\"\r\n              ><\/div><div class=\"region-info-69f4acfb680b1 d-none\"\r\n              data-lat=\"49.6035205\"\r\n              data-lan=\"21.5236701\"\r\n              data-title=\"Bezpe\u010dn\u00e9 pohrani\u010die &#8211; cezhrani\u010dn\u00e1 spolupr\u00e1ca gm\u00edn patriacich do Zdru\u017eenia gm\u00edn povodia Wis\u0142oky a Pre\u0161ovsk\u00e9ho samospr\u00e1vneho kraja\"\r\n              data-img=\"https:\/\/plsk.eu\/wp-content\/uploads\/2025\/11\/ZGDW-Jaslo_Zborov3_cw.sl_.rat_-548x301.jpg\"\r\n              data-program=\"\"\r\n              data-purl=\"https:\/\/plsk.eu\/sk\/projekty\/bezpecne-pohranicie-cezhranicna-spolupraca-gmin-patriacich-do-zdruzenia-gmin-povodia-wisloky-a-presovskeho-samospravneho-kraja\/\"\r\n              data-dzialanie=\"\"\r\n              data-marker=\"https:\/\/plsk.eu\/wp-content\/themes\/fundusze\/assets\/images\/png\/blue_marker.png\"\r\n              data-btntxt=\"Dowiedz si\u0119 wi\u0119cej\"\r\n              data-pid=\"42600\"\r\n              ><\/div><div class=\"region-info-69f4acfb680b1 d-none\"\r\n              data-lat=\"49.729865\"\r\n              data-lan=\"21.576475\"\r\n              data-title=\"Bezpe\u010dn\u00e9 pohrani\u010die &#8211; cezhrani\u010dn\u00e1 spolupr\u00e1ca gm\u00edn patriacich do Zdru\u017eenia gm\u00edn povodia Wis\u0142oky a Pre\u0161ovsk\u00e9ho samospr\u00e1vneho kraja\"\r\n              data-img=\"https:\/\/plsk.eu\/wp-content\/uploads\/2025\/11\/ZGDW-Jaslo_Zborov3_cw.sl_.rat_-548x301.jpg\"\r\n              data-program=\"\"\r\n              data-purl=\"https:\/\/plsk.eu\/sk\/projekty\/bezpecne-pohranicie-cezhranicna-spolupraca-gmin-patriacich-do-zdruzenia-gmin-povodia-wisloky-a-presovskeho-samospravneho-kraja\/\"\r\n              data-dzialanie=\"\"\r\n              data-marker=\"https:\/\/plsk.eu\/wp-content\/themes\/fundusze\/assets\/images\/png\/blue_marker.png\"\r\n              data-btntxt=\"Dowiedz si\u0119 wi\u0119cej\"\r\n              data-pid=\"42600\"\r\n              ><\/div><div class=\"region-info-69f4acfb680b1 d-none\"\r\n              data-lat=\"50.0646501\"\r\n              data-lan=\"19.9449799\"\r\n              data-title=\"Spolo\u010dne bezpe\u010dnej\u0161ie &#8211; etapa 2.\"\r\n              data-img=\"https:\/\/plsk.eu\/wp-content\/uploads\/2024\/09\/22-548x301.png\"\r\n              data-program=\"\"\r\n              data-purl=\"https:\/\/plsk.eu\/sk\/projekty\/spolocne-bezpecnejsie-etapa-2\/\"\r\n              data-dzialanie=\"\"\r\n              data-marker=\"https:\/\/plsk.eu\/wp-content\/themes\/fundusze\/assets\/images\/png\/blue_marker.png\"\r\n              data-btntxt=\"Dowiedz si\u0119 wi\u0119cej\"\r\n              data-pid=\"42595\"\r\n              ><\/div><div class=\"region-info-69f4acfb680b1 d-none\"\r\n              data-lat=\"48.1408631\"\r\n              data-lan=\"17.1185194\"\r\n              data-title=\"Spolo\u010dne bezpe\u010dnej\u0161ie &#8211; etapa 2.\"\r\n              data-img=\"https:\/\/plsk.eu\/wp-content\/uploads\/2024\/09\/22-548x301.png\"\r\n              data-program=\"\"\r\n              data-purl=\"https:\/\/plsk.eu\/sk\/projekty\/spolocne-bezpecnejsie-etapa-2\/\"\r\n              data-dzialanie=\"\"\r\n              data-marker=\"https:\/\/plsk.eu\/wp-content\/themes\/fundusze\/assets\/images\/png\/blue_marker.png\"\r\n              data-btntxt=\"Dowiedz si\u0119 wi\u0119cej\"\r\n              data-pid=\"42595\"\r\n              ><\/div><div class=\"region-info-69f4acfb680b1 d-none\"\r\n              data-lat=\"50.0356886\"\r\n              data-lan=\"21.9952535\"\r\n              data-title=\"Spolo\u010dne bezpe\u010dnej\u0161ie &#8211; etapa 2.\"\r\n              data-img=\"https:\/\/plsk.eu\/wp-content\/uploads\/2024\/09\/22-548x301.png\"\r\n              data-program=\"\"\r\n              data-purl=\"https:\/\/plsk.eu\/sk\/projekty\/spolocne-bezpecnejsie-etapa-2\/\"\r\n              data-dzialanie=\"\"\r\n              data-marker=\"https:\/\/plsk.eu\/wp-content\/themes\/fundusze\/assets\/images\/png\/blue_marker.png\"\r\n              data-btntxt=\"Dowiedz si\u0119 wi\u0119cej\"\r\n              data-pid=\"42595\"\r\n              ><\/div><div class=\"region-info-69f4acfb680b1 d-none\"\r\n              data-lat=\"50.2486073\"\r\n              data-lan=\"19.0172467\"\r\n              data-title=\"Spolo\u010dne bezpe\u010dnej\u0161ie &#8211; etapa 2.\"\r\n              data-img=\"https:\/\/plsk.eu\/wp-content\/uploads\/2024\/09\/22-548x301.png\"\r\n              data-program=\"\"\r\n              data-purl=\"https:\/\/plsk.eu\/sk\/projekty\/spolocne-bezpecnejsie-etapa-2\/\"\r\n              data-dzialanie=\"\"\r\n              data-marker=\"https:\/\/plsk.eu\/wp-content\/themes\/fundusze\/assets\/images\/png\/blue_marker.png\"\r\n              data-btntxt=\"Dowiedz si\u0119 wi\u0119cej\"\r\n              data-pid=\"42595\"\r\n              ><\/div><div class=\"region-info-69f4acfb680b1 d-none\"\r\n              data-lat=\"48.5761806\"\r\n              data-lan=\"19.1371155\"\r\n              data-title=\"Chr\u00e1nime SPolo\u010dn\u00e9 Endemity (SPEN)\"\r\n              data-img=\"https:\/\/plsk.eu\/wp-content\/uploads\/2026\/04\/zdjecie-z-warsztatow-3-548x301.jpg\"\r\n              data-program=\"\"\r\n              data-purl=\"https:\/\/plsk.eu\/sk\/projekty\/chranime-spolocne-endemity-spen\/\"\r\n              data-dzialanie=\"\"\r\n              data-marker=\"https:\/\/plsk.eu\/wp-content\/themes\/fundusze\/assets\/images\/png\/blue_marker.png\"\r\n              data-btntxt=\"Dowiedz si\u0119 wi\u0119cej\"\r\n              data-pid=\"42591\"\r\n              ><\/div><div class=\"region-info-69f4acfb680b1 d-none\"\r\n              data-lat=\"49.2708866\"\r\n              data-lan=\"19.9805112\"\r\n              data-title=\"Chr\u00e1nime SPolo\u010dn\u00e9 Endemity (SPEN)\"\r\n              data-img=\"https:\/\/plsk.eu\/wp-content\/uploads\/2026\/04\/zdjecie-z-warsztatow-3-548x301.jpg\"\r\n              data-program=\"\"\r\n              data-purl=\"https:\/\/plsk.eu\/sk\/projekty\/chranime-spolocne-endemity-spen\/\"\r\n              data-dzialanie=\"\"\r\n              data-marker=\"https:\/\/plsk.eu\/wp-content\/themes\/fundusze\/assets\/images\/png\/blue_marker.png\"\r\n              data-btntxt=\"Dowiedz si\u0119 wi\u0119cej\"\r\n              data-pid=\"42591\"\r\n              ><\/div><div class=\"region-info-69f4acfb680b1 d-none\"\r\n              data-lat=\"49.1383475\"\r\n              data-lan=\"20.2203983\"\r\n              data-title=\"Chr\u00e1nime SPolo\u010dn\u00e9 Endemity (SPEN)\"\r\n              data-img=\"https:\/\/plsk.eu\/wp-content\/uploads\/2026\/04\/zdjecie-z-warsztatow-3-548x301.jpg\"\r\n              data-program=\"\"\r\n              data-purl=\"https:\/\/plsk.eu\/sk\/projekty\/chranime-spolocne-endemity-spen\/\"\r\n              data-dzialanie=\"\"\r\n              data-marker=\"https:\/\/plsk.eu\/wp-content\/themes\/fundusze\/assets\/images\/png\/blue_marker.png\"\r\n              data-btntxt=\"Dowiedz si\u0119 wi\u0119cej\"\r\n              data-pid=\"42591\"\r\n              ><\/div><div class=\"region-info-69f4acfb680b1 d-none\"\r\n              data-lat=\"48.736277\"\r\n              data-lan=\"19.1461917\"\r\n              data-title=\"Chr\u00e1nime SPolo\u010dn\u00e9 Endemity (SPEN)\"\r\n              data-img=\"https:\/\/plsk.eu\/wp-content\/uploads\/2026\/04\/zdjecie-z-warsztatow-3-548x301.jpg\"\r\n              data-program=\"\"\r\n              data-purl=\"https:\/\/plsk.eu\/sk\/projekty\/chranime-spolocne-endemity-spen\/\"\r\n              data-dzialanie=\"\"\r\n              data-marker=\"https:\/\/plsk.eu\/wp-content\/themes\/fundusze\/assets\/images\/png\/blue_marker.png\"\r\n              data-btntxt=\"Dowiedz si\u0119 wi\u0119cej\"\r\n              data-pid=\"42591\"\r\n              ><\/div><div class=\"region-info-69f4acfb680b1 d-none\"\r\n              data-lat=\"49.2933842\"\r\n              data-lan=\"19.955098\"\r\n              data-title=\"Chr\u00e1nime SPolo\u010dn\u00e9 Endemity (SPEN)\"\r\n              data-img=\"https:\/\/plsk.eu\/wp-content\/uploads\/2026\/04\/zdjecie-z-warsztatow-3-548x301.jpg\"\r\n              data-program=\"\"\r\n              data-purl=\"https:\/\/plsk.eu\/sk\/projekty\/chranime-spolocne-endemity-spen\/\"\r\n              data-dzialanie=\"\"\r\n              data-marker=\"https:\/\/plsk.eu\/wp-content\/themes\/fundusze\/assets\/images\/png\/blue_marker.png\"\r\n              data-btntxt=\"Dowiedz si\u0119 wi\u0119cej\"\r\n              data-pid=\"42591\"\r\n              ><\/div><div class=\"region-info-69f4acfb680b1 d-none\"\r\n              data-lat=\"49.6360306\"\r\n              data-lan=\"21.4869971\"\r\n              data-title=\"Elektromobiln\u00e9 pohrani\u010die PL-SK\"\r\n              data-img=\"https:\/\/plsk.eu\/wp-content\/uploads\/2024\/09\/22-548x301.png\"\r\n              data-program=\"\"\r\n              data-purl=\"https:\/\/plsk.eu\/sk\/projekty\/elektromobilne-pohranicie-pl-sk\/\"\r\n              data-dzialanie=\"\"\r\n              data-marker=\"https:\/\/plsk.eu\/wp-content\/themes\/fundusze\/assets\/images\/png\/blue_marker.png\"\r\n              data-btntxt=\"Dowiedz si\u0119 wi\u0119cej\"\r\n              data-pid=\"42500\"\r\n              ><\/div><div class=\"region-info-69f4acfb680b1 d-none\"\r\n              data-lat=\"49.5109776\"\r\n              data-lan=\"21.5004151\"\r\n              data-title=\"Elektromobiln\u00e9 pohrani\u010die PL-SK\"\r\n              data-img=\"https:\/\/plsk.eu\/wp-content\/uploads\/2024\/09\/22-548x301.png\"\r\n              data-program=\"\"\r\n              data-purl=\"https:\/\/plsk.eu\/sk\/projekty\/elektromobilne-pohranicie-pl-sk\/\"\r\n              data-dzialanie=\"\"\r\n              data-marker=\"https:\/\/plsk.eu\/wp-content\/themes\/fundusze\/assets\/images\/png\/blue_marker.png\"\r\n              data-btntxt=\"Dowiedz si\u0119 wi\u0119cej\"\r\n              data-pid=\"42500\"\r\n              ><\/div><div class=\"region-info-69f4acfb680b1 d-none\"\r\n              data-lat=\"49.4042465\"\r\n              data-lan=\"21.4023054\"\r\n              data-title=\"Elektromobiln\u00e9 pohrani\u010die PL-SK\"\r\n              data-img=\"https:\/\/plsk.eu\/wp-content\/uploads\/2024\/09\/22-548x301.png\"\r\n              data-program=\"\"\r\n              data-purl=\"https:\/\/plsk.eu\/sk\/projekty\/elektromobilne-pohranicie-pl-sk\/\"\r\n              data-dzialanie=\"\"\r\n              data-marker=\"https:\/\/plsk.eu\/wp-content\/themes\/fundusze\/assets\/images\/png\/blue_marker.png\"\r\n              data-btntxt=\"Dowiedz si\u0119 wi\u0119cej\"\r\n              data-pid=\"42500\"\r\n              ><\/div><div class=\"region-info-69f4acfb680b1 d-none\"\r\n              data-lat=\"49.2611917\"\r\n              data-lan=\"19.3566456\"\r\n              data-title=\"Zelen\u00e9 trasy prihrani\u010dia: Nab\u00edjacia sie\u0165 pre \u010dist\u00fa mobilitu\"\r\n              data-img=\"https:\/\/plsk.eu\/wp-content\/uploads\/2024\/09\/22-548x301.png\"\r\n              data-program=\"\"\r\n              data-purl=\"https:\/\/plsk.eu\/sk\/projekty\/zelene-trasy-prihranicia-nabijacia-siet-pre-cistu-mobilitu\/\"\r\n              data-dzialanie=\"\"\r\n              data-marker=\"https:\/\/plsk.eu\/wp-content\/themes\/fundusze\/assets\/images\/png\/blue_marker.png\"\r\n              data-btntxt=\"Dowiedz si\u0119 wi\u0119cej\"\r\n              data-pid=\"42496\"\r\n              ><\/div><div class=\"region-info-69f4acfb680b1 d-none\"\r\n              data-lat=\"49.8448173\"\r\n              data-lan=\"20.1410117\"\r\n              data-title=\"Zelen\u00e9 trasy prihrani\u010dia: Nab\u00edjacia sie\u0165 pre \u010dist\u00fa mobilitu\"\r\n              data-img=\"https:\/\/plsk.eu\/wp-content\/uploads\/2024\/09\/22-548x301.png\"\r\n              data-program=\"\"\r\n              data-purl=\"https:\/\/plsk.eu\/sk\/projekty\/zelene-trasy-prihranicia-nabijacia-siet-pre-cistu-mobilitu\/\"\r\n              data-dzialanie=\"\"\r\n              data-marker=\"https:\/\/plsk.eu\/wp-content\/themes\/fundusze\/assets\/images\/png\/blue_marker.png\"\r\n              data-btntxt=\"Dowiedz si\u0119 wi\u0119cej\"\r\n              data-pid=\"42496\"\r\n              ><\/div><div class=\"region-info-69f4acfb680b1 d-none\"\r\n              data-lat=\"49.3691643\"\r\n              data-lan=\"19.7578547\"\r\n              data-title=\"Zelen\u00e9 trasy prihrani\u010dia: Nab\u00edjacia sie\u0165 pre \u010dist\u00fa mobilitu\"\r\n              data-img=\"https:\/\/plsk.eu\/wp-content\/uploads\/2024\/09\/22-548x301.png\"\r\n              data-program=\"\"\r\n              data-purl=\"https:\/\/plsk.eu\/sk\/projekty\/zelene-trasy-prihranicia-nabijacia-siet-pre-cistu-mobilitu\/\"\r\n              data-dzialanie=\"\"\r\n              data-marker=\"https:\/\/plsk.eu\/wp-content\/themes\/fundusze\/assets\/images\/png\/blue_marker.png\"\r\n              data-btntxt=\"Dowiedz si\u0119 wi\u0119cej\"\r\n              data-pid=\"42496\"\r\n              ><\/div><div class=\"region-info-69f4acfb680b1 d-none\"\r\n              data-lat=\"49.2775958\"\r\n              data-lan=\"19.6045977\"\r\n              data-title=\"Zelen\u00e9 trasy prihrani\u010dia: Nab\u00edjacia sie\u0165 pre \u010dist\u00fa mobilitu\"\r\n              data-img=\"https:\/\/plsk.eu\/wp-content\/uploads\/2024\/09\/22-548x301.png\"\r\n              data-program=\"\"\r\n              data-purl=\"https:\/\/plsk.eu\/sk\/projekty\/zelene-trasy-prihranicia-nabijacia-siet-pre-cistu-mobilitu\/\"\r\n              data-dzialanie=\"\"\r\n              data-marker=\"https:\/\/plsk.eu\/wp-content\/themes\/fundusze\/assets\/images\/png\/blue_marker.png\"\r\n              data-btntxt=\"Dowiedz si\u0119 wi\u0119cej\"\r\n              data-pid=\"42496\"\r\n              ><\/div><div class=\"region-info-69f4acfb680b1 d-none\"\r\n              data-lat=\"49.2614046\"\r\n              data-lan=\"19.4309409\"\r\n              data-title=\"Zelen\u00e9 trasy prihrani\u010dia: Nab\u00edjacia sie\u0165 pre \u010dist\u00fa mobilitu\"\r\n              data-img=\"https:\/\/plsk.eu\/wp-content\/uploads\/2024\/09\/22-548x301.png\"\r\n              data-program=\"\"\r\n              data-purl=\"https:\/\/plsk.eu\/sk\/projekty\/zelene-trasy-prihranicia-nabijacia-siet-pre-cistu-mobilitu\/\"\r\n              data-dzialanie=\"\"\r\n              data-marker=\"https:\/\/plsk.eu\/wp-content\/themes\/fundusze\/assets\/images\/png\/blue_marker.png\"\r\n              data-btntxt=\"Dowiedz si\u0119 wi\u0119cej\"\r\n              data-pid=\"42496\"\r\n              ><\/div><div class=\"region-info-69f4acfb680b1 d-none\"\r\n              data-lat=\"49.2275481\"\r\n              data-lan=\"19.3233458\"\r\n              data-title=\"Zelen\u00e9 trasy prihrani\u010dia: Nab\u00edjacia sie\u0165 pre \u010dist\u00fa mobilitu\"\r\n              data-img=\"https:\/\/plsk.eu\/wp-content\/uploads\/2024\/09\/22-548x301.png\"\r\n              data-program=\"\"\r\n              data-purl=\"https:\/\/plsk.eu\/sk\/projekty\/zelene-trasy-prihranicia-nabijacia-siet-pre-cistu-mobilitu\/\"\r\n              data-dzialanie=\"\"\r\n              data-marker=\"https:\/\/plsk.eu\/wp-content\/themes\/fundusze\/assets\/images\/png\/blue_marker.png\"\r\n              data-btntxt=\"Dowiedz si\u0119 wi\u0119cej\"\r\n              data-pid=\"42496\"\r\n              ><\/div><div class=\"region-info-69f4acfb680b1 d-none\"\r\n              data-lat=\"49.3108924\"\r\n              data-lan=\"19.5211221\"\r\n              data-title=\"Zelen\u00e9 trasy prihrani\u010dia: Nab\u00edjacia sie\u0165 pre \u010dist\u00fa mobilitu\"\r\n              data-img=\"https:\/\/plsk.eu\/wp-content\/uploads\/2024\/09\/22-548x301.png\"\r\n              data-program=\"\"\r\n              data-purl=\"https:\/\/plsk.eu\/sk\/projekty\/zelene-trasy-prihranicia-nabijacia-siet-pre-cistu-mobilitu\/\"\r\n              data-dzialanie=\"\"\r\n              data-marker=\"https:\/\/plsk.eu\/wp-content\/themes\/fundusze\/assets\/images\/png\/blue_marker.png\"\r\n              data-btntxt=\"Dowiedz si\u0119 wi\u0119cej\"\r\n              data-pid=\"42496\"\r\n              ><\/div><div class=\"region-info-69f4acfb680b1 d-none\"\r\n              data-lat=\"49.2656322\"\r\n              data-lan=\"19.4441785\"\r\n              data-title=\"Zelen\u00e9 trasy prihrani\u010dia: Nab\u00edjacia sie\u0165 pre \u010dist\u00fa mobilitu\"\r\n              data-img=\"https:\/\/plsk.eu\/wp-content\/uploads\/2024\/09\/22-548x301.png\"\r\n              data-program=\"\"\r\n              data-purl=\"https:\/\/plsk.eu\/sk\/projekty\/zelene-trasy-prihranicia-nabijacia-siet-pre-cistu-mobilitu\/\"\r\n              data-dzialanie=\"\"\r\n              data-marker=\"https:\/\/plsk.eu\/wp-content\/themes\/fundusze\/assets\/images\/png\/blue_marker.png\"\r\n              data-btntxt=\"Dowiedz si\u0119 wi\u0119cej\"\r\n              data-pid=\"42496\"\r\n              ><\/div><div class=\"region-info-69f4acfb680b1 d-none\"\r\n              data-lat=\"49.1784808\"\r\n              data-lan=\"19.2121715\"\r\n              data-title=\"Zelen\u00e9 trasy prihrani\u010dia: Nab\u00edjacia sie\u0165 pre \u010dist\u00fa mobilitu\"\r\n              data-img=\"https:\/\/plsk.eu\/wp-content\/uploads\/2024\/09\/22-548x301.png\"\r\n              data-program=\"\"\r\n              data-purl=\"https:\/\/plsk.eu\/sk\/projekty\/zelene-trasy-prihranicia-nabijacia-siet-pre-cistu-mobilitu\/\"\r\n              data-dzialanie=\"\"\r\n              data-marker=\"https:\/\/plsk.eu\/wp-content\/themes\/fundusze\/assets\/images\/png\/blue_marker.png\"\r\n              data-btntxt=\"Dowiedz si\u0119 wi\u0119cej\"\r\n              data-pid=\"42496\"\r\n              ><\/div><div class=\"region-info-69f4acfb680b1 d-none\"\r\n              data-lat=\"49.3246546\"\r\n              data-lan=\"19.3488432\"\r\n              data-title=\"Zelen\u00e9 trasy prihrani\u010dia: Nab\u00edjacia sie\u0165 pre \u010dist\u00fa mobilitu\"\r\n              data-img=\"https:\/\/plsk.eu\/wp-content\/uploads\/2024\/09\/22-548x301.png\"\r\n              data-program=\"\"\r\n              data-purl=\"https:\/\/plsk.eu\/sk\/projekty\/zelene-trasy-prihranicia-nabijacia-siet-pre-cistu-mobilitu\/\"\r\n              data-dzialanie=\"\"\r\n              data-marker=\"https:\/\/plsk.eu\/wp-content\/themes\/fundusze\/assets\/images\/png\/blue_marker.png\"\r\n              data-btntxt=\"Dowiedz si\u0119 wi\u0119cej\"\r\n              data-pid=\"42496\"\r\n              ><\/div><div class=\"region-info-69f4acfb680b1 d-none\"\r\n              data-lat=\"49.8114828\"\r\n              data-lan=\"22.8418157\"\r\n              data-title=\"Pakt pre &#8222;zelen\u00e9 p\u013e\u00faca&#8220; po\u013esko-slovensk\u00e9ho pohrani\u010dia\"\r\n              data-img=\"https:\/\/plsk.eu\/wp-content\/uploads\/2024\/09\/22-548x301.png\"\r\n              data-program=\"\"\r\n              data-purl=\"https:\/\/plsk.eu\/sk\/projekty\/pakt-pre-zelene-pluca-polsko-slovenskeho-pohranicia\/\"\r\n              data-dzialanie=\"\"\r\n              data-marker=\"https:\/\/plsk.eu\/wp-content\/themes\/fundusze\/assets\/images\/png\/blue_marker.png\"\r\n              data-btntxt=\"Dowiedz si\u0119 wi\u0119cej\"\r\n              data-pid=\"42492\"\r\n              ><\/div><div class=\"region-info-69f4acfb680b1 d-none\"\r\n              data-lat=\"48.9999942\"\r\n              data-lan=\"22.2266659\"\r\n              data-title=\"Pakt pre &#8222;zelen\u00e9 p\u013e\u00faca&#8220; po\u013esko-slovensk\u00e9ho pohrani\u010dia\"\r\n              data-img=\"https:\/\/plsk.eu\/wp-content\/uploads\/2024\/09\/22-548x301.png\"\r\n              data-program=\"\"\r\n              data-purl=\"https:\/\/plsk.eu\/sk\/projekty\/pakt-pre-zelene-pluca-polsko-slovenskeho-pohranicia\/\"\r\n              data-dzialanie=\"\"\r\n              data-marker=\"https:\/\/plsk.eu\/wp-content\/themes\/fundusze\/assets\/images\/png\/blue_marker.png\"\r\n              data-btntxt=\"Dowiedz si\u0119 wi\u0119cej\"\r\n              data-pid=\"42492\"\r\n              ><\/div><div class=\"region-info-69f4acfb680b1 d-none\"\r\n              data-lat=\"50.2476346\"\r\n              data-lan=\"19.0226647\"\r\n              data-title=\"Schengensk\u00fd priestor &#8211; nov\u00e9 v\u00fdzvy pre Po\u013esko a Slovensko\"\r\n              data-img=\"https:\/\/plsk.eu\/wp-content\/uploads\/2026\/03\/Konferencja-otwierajaca-2-548x301.jpg\"\r\n              data-program=\"\"\r\n              data-purl=\"https:\/\/plsk.eu\/sk\/projekty\/schengensky-priestor-nove-vyzvy-pre-polsko-a-slovensko\/\"\r\n              data-dzialanie=\"\"\r\n              data-marker=\"https:\/\/plsk.eu\/wp-content\/themes\/fundusze\/assets\/images\/png\/blue_marker.png\"\r\n              data-btntxt=\"Dowiedz si\u0119 wi\u0119cej\"\r\n              data-pid=\"42488\"\r\n              ><\/div><div class=\"region-info-69f4acfb680b1 d-none\"\r\n              data-lat=\"50.0666834\"\r\n              data-lan=\"19.9793006\"\r\n              data-title=\"Schengensk\u00fd priestor &#8211; nov\u00e9 v\u00fdzvy pre Po\u013esko a Slovensko\"\r\n              data-img=\"https:\/\/plsk.eu\/wp-content\/uploads\/2026\/03\/Konferencja-otwierajaca-2-548x301.jpg\"\r\n              data-program=\"\"\r\n              data-purl=\"https:\/\/plsk.eu\/sk\/projekty\/schengensky-priestor-nove-vyzvy-pre-polsko-a-slovensko\/\"\r\n              data-dzialanie=\"\"\r\n              data-marker=\"https:\/\/plsk.eu\/wp-content\/themes\/fundusze\/assets\/images\/png\/blue_marker.png\"\r\n              data-btntxt=\"Dowiedz si\u0119 wi\u0119cej\"\r\n              data-pid=\"42488\"\r\n              ><\/div><div class=\"region-info-69f4acfb680b1 d-none\"\r\n              data-lat=\"48.1408631\"\r\n              data-lan=\"17.1185194\"\r\n              data-title=\"Schengensk\u00fd priestor &#8211; nov\u00e9 v\u00fdzvy pre Po\u013esko a Slovensko\"\r\n              data-img=\"https:\/\/plsk.eu\/wp-content\/uploads\/2026\/03\/Konferencja-otwierajaca-2-548x301.jpg\"\r\n              data-program=\"\"\r\n              data-purl=\"https:\/\/plsk.eu\/sk\/projekty\/schengensky-priestor-nove-vyzvy-pre-polsko-a-slovensko\/\"\r\n              data-dzialanie=\"\"\r\n              data-marker=\"https:\/\/plsk.eu\/wp-content\/themes\/fundusze\/assets\/images\/png\/blue_marker.png\"\r\n              data-btntxt=\"Dowiedz si\u0119 wi\u0119cej\"\r\n              data-pid=\"42488\"\r\n              ><\/div><div class=\"region-info-69f4acfb680b1 d-none\"\r\n              data-lat=\"49.482357\"\r\n              data-lan=\"20.032141\"\r\n              data-title=\"Schengensk\u00fd priestor &#8211; nov\u00e9 v\u00fdzvy pre Po\u013esko a Slovensko\"\r\n              data-img=\"https:\/\/plsk.eu\/wp-content\/uploads\/2026\/03\/Konferencja-otwierajaca-2-548x301.jpg\"\r\n              data-program=\"\"\r\n              data-purl=\"https:\/\/plsk.eu\/sk\/projekty\/schengensky-priestor-nove-vyzvy-pre-polsko-a-slovensko\/\"\r\n              data-dzialanie=\"\"\r\n              data-marker=\"https:\/\/plsk.eu\/wp-content\/themes\/fundusze\/assets\/images\/png\/blue_marker.png\"\r\n              data-btntxt=\"Dowiedz si\u0119 wi\u0119cej\"\r\n              data-pid=\"42488\"\r\n              ><\/div><div class=\"region-info-69f4acfb680b1 d-none\"\r\n              data-lat=\"50.037719\"\r\n              data-lan=\"22.0055826\"\r\n              data-title=\"Dreven\u00e9 srdce Karp\u00e1t &#8211; dedi\u010dstvo a bud\u00facnos\u0165\"\r\n              data-img=\"https:\/\/plsk.eu\/wp-content\/uploads\/2024\/09\/22-548x301.png\"\r\n              data-program=\"\"\r\n              data-purl=\"https:\/\/plsk.eu\/sk\/projekty\/drevene-srdce-karpat-dedicstvo-a-buducnost\/\"\r\n              data-dzialanie=\"\"\r\n              data-marker=\"https:\/\/plsk.eu\/wp-content\/themes\/fundusze\/assets\/images\/png\/blue_marker.png\"\r\n              data-btntxt=\"Dowiedz si\u0119 wi\u0119cej\"\r\n              data-pid=\"42484\"\r\n              ><\/div><div class=\"region-info-69f4acfb680b1 d-none\"\r\n              data-lat=\"49.3048418\"\r\n              data-lan=\"21.5739251\"\r\n              data-title=\"Dreven\u00e9 srdce Karp\u00e1t &#8211; dedi\u010dstvo a bud\u00facnos\u0165\"\r\n              data-img=\"https:\/\/plsk.eu\/wp-content\/uploads\/2024\/09\/22-548x301.png\"\r\n              data-program=\"\"\r\n              data-purl=\"https:\/\/plsk.eu\/sk\/projekty\/drevene-srdce-karpat-dedicstvo-a-buducnost\/\"\r\n              data-dzialanie=\"\"\r\n              data-marker=\"https:\/\/plsk.eu\/wp-content\/themes\/fundusze\/assets\/images\/png\/blue_marker.png\"\r\n              data-btntxt=\"Dowiedz si\u0119 wi\u0119cej\"\r\n              data-pid=\"42484\"\r\n              ><\/div><div class=\"region-info-69f4acfb680b1 d-none\"\r\n              data-lat=\"49.5550187\"\r\n              data-lan=\"22.2060658\"\r\n              data-title=\"Dreven\u00e9 srdce Karp\u00e1t &#8211; dedi\u010dstvo a bud\u00facnos\u0165\"\r\n              data-img=\"https:\/\/plsk.eu\/wp-content\/uploads\/2024\/09\/22-548x301.png\"\r\n              data-program=\"\"\r\n              data-purl=\"https:\/\/plsk.eu\/sk\/projekty\/drevene-srdce-karpat-dedicstvo-a-buducnost\/\"\r\n              data-dzialanie=\"\"\r\n              data-marker=\"https:\/\/plsk.eu\/wp-content\/themes\/fundusze\/assets\/images\/png\/blue_marker.png\"\r\n              data-btntxt=\"Dowiedz si\u0119 wi\u0119cej\"\r\n              data-pid=\"42484\"\r\n              ><\/div><div class=\"region-info-69f4acfb680b1 d-none\"\r\n              data-lat=\"50.0404807\"\r\n              data-lan=\"22.002611\"\r\n              data-title=\"Dreven\u00e9 srdce Karp\u00e1t &#8211; dedi\u010dstvo a bud\u00facnos\u0165\"\r\n              data-img=\"https:\/\/plsk.eu\/wp-content\/uploads\/2024\/09\/22-548x301.png\"\r\n              data-program=\"\"\r\n              data-purl=\"https:\/\/plsk.eu\/sk\/projekty\/drevene-srdce-karpat-dedicstvo-a-buducnost\/\"\r\n              data-dzialanie=\"\"\r\n              data-marker=\"https:\/\/plsk.eu\/wp-content\/themes\/fundusze\/assets\/images\/png\/blue_marker.png\"\r\n              data-btntxt=\"Dowiedz si\u0119 wi\u0119cej\"\r\n              data-pid=\"42484\"\r\n              ><\/div><div class=\"region-info-69f4acfb680b1 d-none\"\r\n              data-lat=\"50.2648919\"\r\n              data-lan=\"19.0237815\"\r\n              data-title=\"Spolupr\u00e1ca horsk\u00fdch z\u00e1chran\u00e1rov z Po\u013eska a Slovenska\"\r\n              data-img=\"https:\/\/plsk.eu\/wp-content\/uploads\/2025\/12\/Szkolenie-dronowe-2-548x301.png\"\r\n              data-program=\"\"\r\n              data-purl=\"https:\/\/plsk.eu\/sk\/projekty\/spolupraca-horskych-zachranarov-z-polska-a-slovenska\/\"\r\n              data-dzialanie=\"\"\r\n              data-marker=\"https:\/\/plsk.eu\/wp-content\/themes\/fundusze\/assets\/images\/png\/blue_marker.png\"\r\n              data-btntxt=\"Dowiedz si\u0119 wi\u0119cej\"\r\n              data-pid=\"42476\"\r\n              ><\/div><div class=\"region-info-69f4acfb680b1 d-none\"\r\n              data-lat=\"49.714964\"\r\n              data-lan=\"19.0234375\"\r\n              data-title=\"Spolupr\u00e1ca horsk\u00fdch z\u00e1chran\u00e1rov z Po\u013eska a Slovenska\"\r\n              data-img=\"https:\/\/plsk.eu\/wp-content\/uploads\/2025\/12\/Szkolenie-dronowe-2-548x301.png\"\r\n              data-program=\"\"\r\n              data-purl=\"https:\/\/plsk.eu\/sk\/projekty\/spolupraca-horskych-zachranarov-z-polska-a-slovenska\/\"\r\n              data-dzialanie=\"\"\r\n              data-marker=\"https:\/\/plsk.eu\/wp-content\/themes\/fundusze\/assets\/images\/png\/blue_marker.png\"\r\n              data-btntxt=\"Dowiedz si\u0119 wi\u0119cej\"\r\n              data-pid=\"42476\"\r\n              ><\/div><div class=\"region-info-69f4acfb680b1 d-none\"\r\n              data-lat=\"49.2577041\"\r\n              data-lan=\"19.0315262\"\r\n              data-title=\"Spolupr\u00e1ca horsk\u00fdch z\u00e1chran\u00e1rov z Po\u013eska a Slovenska\"\r\n              data-img=\"https:\/\/plsk.eu\/wp-content\/uploads\/2025\/12\/Szkolenie-dronowe-2-548x301.png\"\r\n              data-program=\"\"\r\n              data-purl=\"https:\/\/plsk.eu\/sk\/projekty\/spolupraca-horskych-zachranarov-z-polska-a-slovenska\/\"\r\n              data-dzialanie=\"\"\r\n              data-marker=\"https:\/\/plsk.eu\/wp-content\/themes\/fundusze\/assets\/images\/png\/blue_marker.png\"\r\n              data-btntxt=\"Dowiedz si\u0119 wi\u0119cej\"\r\n              data-pid=\"42476\"\r\n              ><\/div><div class=\"region-info-69f4acfb680b1 d-none\"\r\n              data-lat=\"49.4774647\"\r\n              data-lan=\"20.032096\"\r\n              data-title=\"Historicko &#8211; kult\u00farno &#8211; pr\u00edrodn\u00e1 cesta okolo Tatier \u2013 5. etapa\"\r\n              data-img=\"https:\/\/plsk.eu\/wp-content\/uploads\/2024\/09\/22-548x301.png\"\r\n              data-program=\"\"\r\n              data-purl=\"https:\/\/plsk.eu\/sk\/projekty\/historicko-kulturno-prirodna-cesta-okolo-tatier-5-etapa\/\"\r\n              data-dzialanie=\"\"\r\n              data-marker=\"https:\/\/plsk.eu\/wp-content\/themes\/fundusze\/assets\/images\/png\/blue_marker.png\"\r\n              data-btntxt=\"Dowiedz si\u0119 wi\u0119cej\"\r\n              data-pid=\"42467\"\r\n              ><\/div><div class=\"region-info-69f4acfb680b1 d-none\"\r\n              data-lat=\"49.212679\"\r\n              data-lan=\"19.2968746\"\r\n              data-title=\"Historicko &#8211; kult\u00farno &#8211; pr\u00edrodn\u00e1 cesta okolo Tatier \u2013 5. etapa\"\r\n              data-img=\"https:\/\/plsk.eu\/wp-content\/uploads\/2024\/09\/22-548x301.png\"\r\n              data-program=\"\"\r\n              data-purl=\"https:\/\/plsk.eu\/sk\/projekty\/historicko-kulturno-prirodna-cesta-okolo-tatier-5-etapa\/\"\r\n              data-dzialanie=\"\"\r\n              data-marker=\"https:\/\/plsk.eu\/wp-content\/themes\/fundusze\/assets\/images\/png\/blue_marker.png\"\r\n              data-btntxt=\"Dowiedz si\u0119 wi\u0119cej\"\r\n              data-pid=\"42467\"\r\n              ><\/div><div class=\"region-info-69f4acfb680b1 d-none\"\r\n              data-lat=\"49.4793014\"\r\n              data-lan=\"19.6938032\"\r\n              data-title=\"Historicko &#8211; kult\u00farno &#8211; pr\u00edrodn\u00e1 cesta okolo Tatier \u2013 5. etapa\"\r\n              data-img=\"https:\/\/plsk.eu\/wp-content\/uploads\/2024\/09\/22-548x301.png\"\r\n              data-program=\"\"\r\n              data-purl=\"https:\/\/plsk.eu\/sk\/projekty\/historicko-kulturno-prirodna-cesta-okolo-tatier-5-etapa\/\"\r\n              data-dzialanie=\"\"\r\n              data-marker=\"https:\/\/plsk.eu\/wp-content\/themes\/fundusze\/assets\/images\/png\/blue_marker.png\"\r\n              data-btntxt=\"Dowiedz si\u0119 wi\u0119cej\"\r\n              data-pid=\"42467\"\r\n              ><\/div><div class=\"region-info-69f4acfb680b1 d-none\"\r\n              data-lat=\"49.426862\"\r\n              data-lan=\"20.0264196\"\r\n              data-title=\"Historicko &#8211; kult\u00farno &#8211; pr\u00edrodn\u00e1 cesta okolo Tatier \u2013 5. etapa\"\r\n              data-img=\"https:\/\/plsk.eu\/wp-content\/uploads\/2024\/09\/22-548x301.png\"\r\n              data-program=\"\"\r\n              data-purl=\"https:\/\/plsk.eu\/sk\/projekty\/historicko-kulturno-prirodna-cesta-okolo-tatier-5-etapa\/\"\r\n              data-dzialanie=\"\"\r\n              data-marker=\"https:\/\/plsk.eu\/wp-content\/themes\/fundusze\/assets\/images\/png\/blue_marker.png\"\r\n              data-btntxt=\"Dowiedz si\u0119 wi\u0119cej\"\r\n              data-pid=\"42467\"\r\n              ><\/div><div class=\"region-info-69f4acfb680b1 d-none\"\r\n              data-lat=\"49.0511221\"\r\n              data-lan=\"20.295414\"\r\n              data-title=\"Historicko &#8211; kult\u00farno &#8211; pr\u00edrodn\u00e1 cesta okolo Tatier \u2013 5. etapa\"\r\n              data-img=\"https:\/\/plsk.eu\/wp-content\/uploads\/2024\/09\/22-548x301.png\"\r\n              data-program=\"\"\r\n              data-purl=\"https:\/\/plsk.eu\/sk\/projekty\/historicko-kulturno-prirodna-cesta-okolo-tatier-5-etapa\/\"\r\n              data-dzialanie=\"\"\r\n              data-marker=\"https:\/\/plsk.eu\/wp-content\/themes\/fundusze\/assets\/images\/png\/blue_marker.png\"\r\n              data-btntxt=\"Dowiedz si\u0119 wi\u0119cej\"\r\n              data-pid=\"42467\"\r\n              ><\/div><div class=\"region-info-69f4acfb680b1 d-none\"\r\n              data-lat=\"49.482357\"\r\n              data-lan=\"20.032141\"\r\n              data-title=\"Historicko &#8211; kult\u00farno &#8211; pr\u00edrodn\u00e1 cesta okolo Tatier \u2013 5. etapa\"\r\n              data-img=\"https:\/\/plsk.eu\/wp-content\/uploads\/2024\/09\/22-548x301.png\"\r\n              data-program=\"\"\r\n              data-purl=\"https:\/\/plsk.eu\/sk\/projekty\/historicko-kulturno-prirodna-cesta-okolo-tatier-5-etapa\/\"\r\n              data-dzialanie=\"\"\r\n              data-marker=\"https:\/\/plsk.eu\/wp-content\/themes\/fundusze\/assets\/images\/png\/blue_marker.png\"\r\n              data-btntxt=\"Dowiedz si\u0119 wi\u0119cej\"\r\n              data-pid=\"42467\"\r\n              ><\/div><div class=\"region-info-69f4acfb680b1 d-none\"\r\n              data-lat=\"49.881374\"\r\n              data-lan=\"20.0889443\"\r\n              data-title=\"Stredovek\u00e9 pevnosti vo svetle s\u00fa\u010dasnosti\"\r\n              data-img=\"https:\/\/plsk.eu\/wp-content\/uploads\/2024\/09\/22-548x301.png\"\r\n              data-program=\"\"\r\n              data-purl=\"https:\/\/plsk.eu\/sk\/projekty\/stredoveke-pevnosti-vo-svetle-sucasnosti\/\"\r\n              data-dzialanie=\"\"\r\n              data-marker=\"https:\/\/plsk.eu\/wp-content\/themes\/fundusze\/assets\/images\/png\/blue_marker.png\"\r\n              data-btntxt=\"Dowiedz si\u0119 wi\u0119cej\"\r\n              data-pid=\"42463\"\r\n              ><\/div><div class=\"region-info-69f4acfb680b1 d-none\"\r\n              data-lat=\"49.2614788\"\r\n              data-lan=\"19.3564931\"\r\n              data-title=\"Stredovek\u00e9 pevnosti vo svetle s\u00fa\u010dasnosti\"\r\n              data-img=\"https:\/\/plsk.eu\/wp-content\/uploads\/2024\/09\/22-548x301.png\"\r\n              data-program=\"\"\r\n              data-purl=\"https:\/\/plsk.eu\/sk\/projekty\/stredoveke-pevnosti-vo-svetle-sucasnosti\/\"\r\n              data-dzialanie=\"\"\r\n              data-marker=\"https:\/\/plsk.eu\/wp-content\/themes\/fundusze\/assets\/images\/png\/blue_marker.png\"\r\n              data-btntxt=\"Dowiedz si\u0119 wi\u0119cej\"\r\n              data-pid=\"42463\"\r\n              ><\/div><div class=\"region-info-69f4acfb680b1 d-none\"\r\n              data-lat=\"49.5701016\"\r\n              data-lan=\"19.6360267\"\r\n              data-title=\"S duchom \u010casu\"\r\n              data-img=\"https:\/\/plsk.eu\/wp-content\/uploads\/2024\/09\/22-548x301.png\"\r\n              data-program=\"\"\r\n              data-purl=\"https:\/\/plsk.eu\/sk\/projekty\/s-duchom-casu\/\"\r\n              data-dzialanie=\"\"\r\n              data-marker=\"https:\/\/plsk.eu\/wp-content\/themes\/fundusze\/assets\/images\/png\/blue_marker.png\"\r\n              data-btntxt=\"Dowiedz si\u0119 wi\u0119cej\"\r\n              data-pid=\"42459\"\r\n              ><\/div><div class=\"region-info-69f4acfb680b1 d-none\"\r\n              data-lat=\"49.6177279\"\r\n              data-lan=\"20.6948628\"\r\n              data-title=\"S duchom \u010casu\"\r\n              data-img=\"https:\/\/plsk.eu\/wp-content\/uploads\/2024\/09\/22-548x301.png\"\r\n              data-program=\"\"\r\n              data-purl=\"https:\/\/plsk.eu\/sk\/projekty\/s-duchom-casu\/\"\r\n              data-dzialanie=\"\"\r\n              data-marker=\"https:\/\/plsk.eu\/wp-content\/themes\/fundusze\/assets\/images\/png\/blue_marker.png\"\r\n              data-btntxt=\"Dowiedz si\u0119 wi\u0119cej\"\r\n              data-pid=\"42459\"\r\n              ><\/div><div class=\"region-info-69f4acfb680b1 d-none\"\r\n              data-lat=\"49.6585835\"\r\n              data-lan=\"21.1590474\"\r\n              data-title=\"S duchom \u010casu\"\r\n              data-img=\"https:\/\/plsk.eu\/wp-content\/uploads\/2024\/09\/22-548x301.png\"\r\n              data-program=\"\"\r\n              data-purl=\"https:\/\/plsk.eu\/sk\/projekty\/s-duchom-casu\/\"\r\n              data-dzialanie=\"\"\r\n              data-marker=\"https:\/\/plsk.eu\/wp-content\/themes\/fundusze\/assets\/images\/png\/blue_marker.png\"\r\n              data-btntxt=\"Dowiedz si\u0119 wi\u0119cej\"\r\n              data-pid=\"42459\"\r\n              ><\/div><div class=\"region-info-69f4acfb680b1 d-none\"\r\n              data-lat=\"48.1402062\"\r\n              data-lan=\"17.1130678\"\r\n              data-title=\"S duchom \u010casu\"\r\n              data-img=\"https:\/\/plsk.eu\/wp-content\/uploads\/2024\/09\/22-548x301.png\"\r\n              data-program=\"\"\r\n              data-purl=\"https:\/\/plsk.eu\/sk\/projekty\/s-duchom-casu\/\"\r\n              data-dzialanie=\"\"\r\n              data-marker=\"https:\/\/plsk.eu\/wp-content\/themes\/fundusze\/assets\/images\/png\/blue_marker.png\"\r\n              data-btntxt=\"Dowiedz si\u0119 wi\u0119cej\"\r\n              data-pid=\"42459\"\r\n              ><\/div><div class=\"region-info-69f4acfb680b1 d-none\"\r\n              data-lat=\"49.2614788\"\r\n              data-lan=\"19.3564931\"\r\n              data-title=\"S duchom \u010casu\"\r\n              data-img=\"https:\/\/plsk.eu\/wp-content\/uploads\/2024\/09\/22-548x301.png\"\r\n              data-program=\"\"\r\n              data-purl=\"https:\/\/plsk.eu\/sk\/projekty\/s-duchom-casu\/\"\r\n              data-dzialanie=\"\"\r\n              data-marker=\"https:\/\/plsk.eu\/wp-content\/themes\/fundusze\/assets\/images\/png\/blue_marker.png\"\r\n              data-btntxt=\"Dowiedz si\u0119 wi\u0119cej\"\r\n              data-pid=\"42459\"\r\n              ><\/div><div class=\"region-info-69f4acfb680b1 d-none\"\r\n              data-lat=\"49.6090128\"\r\n              data-lan=\"19.9671769\"\r\n              data-title=\"\u017driedla hist\u00f3rie\"\r\n              data-img=\"https:\/\/plsk.eu\/wp-content\/uploads\/2024\/09\/22-548x301.png\"\r\n              data-program=\"\"\r\n              data-purl=\"https:\/\/plsk.eu\/sk\/projekty\/zriedla-historie\/\"\r\n              data-dzialanie=\"\"\r\n              data-marker=\"https:\/\/plsk.eu\/wp-content\/themes\/fundusze\/assets\/images\/png\/blue_marker.png\"\r\n              data-btntxt=\"Dowiedz si\u0119 wi\u0119cej\"\r\n              data-pid=\"42455\"\r\n              ><\/div><div class=\"region-info-69f4acfb680b1 d-none\"\r\n              data-lat=\"49.2609932\"\r\n              data-lan=\"20.8419037\"\r\n              data-title=\"\u017driedla hist\u00f3rie\"\r\n              data-img=\"https:\/\/plsk.eu\/wp-content\/uploads\/2024\/09\/22-548x301.png\"\r\n              data-program=\"\"\r\n              data-purl=\"https:\/\/plsk.eu\/sk\/projekty\/zriedla-historie\/\"\r\n              data-dzialanie=\"\"\r\n              data-marker=\"https:\/\/plsk.eu\/wp-content\/themes\/fundusze\/assets\/images\/png\/blue_marker.png\"\r\n              data-btntxt=\"Dowiedz si\u0119 wi\u0119cej\"\r\n              data-pid=\"42455\"\r\n              ><\/div><div class=\"region-info-69f4acfb680b1 d-none\"\r\n              data-lat=\"49.4401047\"\r\n              data-lan=\"19.8529933\"\r\n              data-title=\"Pohrani\u010die viacer\u00fdch kult\u00far \u2013 pohrani\u010die dial\u00f3gu\"\r\n              data-img=\"https:\/\/plsk.eu\/wp-content\/uploads\/2024\/09\/22-548x301.png\"\r\n              data-program=\"\"\r\n              data-purl=\"https:\/\/plsk.eu\/sk\/projekty\/pohranicie-viacerych-kultur-pohranicie-dialogu\/\"\r\n              data-dzialanie=\"\"\r\n              data-marker=\"https:\/\/plsk.eu\/wp-content\/themes\/fundusze\/assets\/images\/png\/blue_marker.png\"\r\n              data-btntxt=\"Dowiedz si\u0119 wi\u0119cej\"\r\n              data-pid=\"42451\"\r\n              ><\/div><div class=\"region-info-69f4acfb680b1 d-none\"\r\n              data-lat=\"49.3598544\"\r\n              data-lan=\"19.6106129\"\r\n              data-title=\"Pohrani\u010die viacer\u00fdch kult\u00far \u2013 pohrani\u010die dial\u00f3gu\"\r\n              data-img=\"https:\/\/plsk.eu\/wp-content\/uploads\/2024\/09\/22-548x301.png\"\r\n              data-program=\"\"\r\n              data-purl=\"https:\/\/plsk.eu\/sk\/projekty\/pohranicie-viacerych-kultur-pohranicie-dialogu\/\"\r\n              data-dzialanie=\"\"\r\n              data-marker=\"https:\/\/plsk.eu\/wp-content\/themes\/fundusze\/assets\/images\/png\/blue_marker.png\"\r\n              data-btntxt=\"Dowiedz si\u0119 wi\u0119cej\"\r\n              data-pid=\"42451\"\r\n              ><\/div><div class=\"region-info-69f4acfb680b1 d-none\"\r\n              data-lat=\"49.4793014\"\r\n              data-lan=\"19.6938032\"\r\n              data-title=\"Na bicykli okolo Tatier-spolo\u010dn\u00e9 cyklotrasy\"\r\n              data-img=\"https:\/\/plsk.eu\/wp-content\/uploads\/2024\/09\/22-548x301.png\"\r\n              data-program=\"\"\r\n              data-purl=\"https:\/\/plsk.eu\/sk\/projekty\/na-bicykli-okolo-tatier-spolocne-cyklotrasy\/\"\r\n              data-dzialanie=\"\"\r\n              data-marker=\"https:\/\/plsk.eu\/wp-content\/themes\/fundusze\/assets\/images\/png\/blue_marker.png\"\r\n              data-btntxt=\"Dowiedz si\u0119 wi\u0119cej\"\r\n              data-pid=\"42447\"\r\n              ><\/div><div class=\"region-info-69f4acfb680b1 d-none\"\r\n              data-lat=\"49.2194498\"\r\n              data-lan=\"18.7408001\"\r\n              data-title=\"Na bicykli okolo Tatier-spolo\u010dn\u00e9 cyklotrasy\"\r\n              data-img=\"https:\/\/plsk.eu\/wp-content\/uploads\/2024\/09\/22-548x301.png\"\r\n              data-program=\"\"\r\n              data-purl=\"https:\/\/plsk.eu\/sk\/projekty\/na-bicykli-okolo-tatier-spolocne-cyklotrasy\/\"\r\n              data-dzialanie=\"\"\r\n              data-marker=\"https:\/\/plsk.eu\/wp-content\/themes\/fundusze\/assets\/images\/png\/blue_marker.png\"\r\n              data-btntxt=\"Dowiedz si\u0119 wi\u0119cej\"\r\n              data-pid=\"42447\"\r\n              ><\/div><div class=\"region-info-69f4acfb680b1 d-none\"\r\n              data-lat=\"49.6613737\"\r\n              data-lan=\"19.5605844\"\r\n              data-title=\"(Ne) bezpe\u010dn\u00e9 pohrani\u010die Oravsk\u00fdch Besk\u00fdd &#8211; Beskidu Zywieckiego\"\r\n              data-img=\"https:\/\/plsk.eu\/wp-content\/uploads\/2026\/04\/Szkolenie-Zawoja-7-548x301.jpeg\"\r\n              data-program=\"\"\r\n              data-purl=\"https:\/\/plsk.eu\/sk\/projekty\/ne-bezpecne-pohranicie-oravskych-beskyd-beskidu-zywieckiego\/\"\r\n              data-dzialanie=\"\"\r\n              data-marker=\"https:\/\/plsk.eu\/wp-content\/themes\/fundusze\/assets\/images\/png\/blue_marker.png\"\r\n              data-btntxt=\"Dowiedz si\u0119 wi\u0119cej\"\r\n              data-pid=\"40861\"\r\n              ><\/div><div class=\"region-info-69f4acfb680b1 d-none\"\r\n              data-lat=\"49.5217232\"\r\n              data-lan=\"19.4461263\"\r\n              data-title=\"(Ne) bezpe\u010dn\u00e9 pohrani\u010die Oravsk\u00fdch Besk\u00fdd &#8211; Beskidu Zywieckiego\"\r\n              data-img=\"https:\/\/plsk.eu\/wp-content\/uploads\/2026\/04\/Szkolenie-Zawoja-7-548x301.jpeg\"\r\n              data-program=\"\"\r\n              data-purl=\"https:\/\/plsk.eu\/sk\/projekty\/ne-bezpecne-pohranicie-oravskych-beskyd-beskidu-zywieckiego\/\"\r\n              data-dzialanie=\"\"\r\n              data-marker=\"https:\/\/plsk.eu\/wp-content\/themes\/fundusze\/assets\/images\/png\/blue_marker.png\"\r\n              data-btntxt=\"Dowiedz si\u0119 wi\u0119cej\"\r\n              data-pid=\"40861\"\r\n              ><\/div><div class=\"region-info-69f4acfb680b1 d-none\"\r\n              data-lat=\"49.557129\"\r\n              data-lan=\"20.4359849\"\r\n              data-title=\"Zv\u00fd\u0161enie bezpe\u010dnosti a zmiernenie negat\u00edvnych d\u00f4sledkov klimatick\u00fdch zmien v pohrani\u010dnom regi\u00f3ne medzi Po\u013eskom a Slovenskom v obciach: \u0141\u0105cko, Podegrodzie, Spi\u0161sk\u00e1 Bel\u00e1\"\r\n              data-img=\"https:\/\/plsk.eu\/wp-content\/uploads\/2025\/01\/Lasy-7-13-548x301.png\"\r\n              data-program=\"\"\r\n              data-purl=\"https:\/\/plsk.eu\/sk\/projekty\/zvysenie-bezpecnosti-a-zmiernenie-negativnych-dosledkov-klimatickych-zmien-v-pohranicnom-regione-medzi-polskom-a-slovenskom-v-obciach-lacko-podegrodzie-spisska-bela\/\"\r\n              data-dzialanie=\"\"\r\n              data-marker=\"https:\/\/plsk.eu\/wp-content\/themes\/fundusze\/assets\/images\/png\/blue_marker.png\"\r\n              data-btntxt=\"Dowiedz si\u0119 wi\u0119cej\"\r\n              data-pid=\"40855\"\r\n              ><\/div><div class=\"region-info-69f4acfb680b1 d-none\"\r\n              data-lat=\"49.5989331\"\r\n              data-lan=\"20.5757605\"\r\n              data-title=\"Zv\u00fd\u0161enie bezpe\u010dnosti a zmiernenie negat\u00edvnych d\u00f4sledkov klimatick\u00fdch zmien v pohrani\u010dnom regi\u00f3ne medzi Po\u013eskom a Slovenskom v obciach: \u0141\u0105cko, Podegrodzie, Spi\u0161sk\u00e1 Bel\u00e1\"\r\n              data-img=\"https:\/\/plsk.eu\/wp-content\/uploads\/2025\/01\/Lasy-7-13-548x301.png\"\r\n              data-program=\"\"\r\n              data-purl=\"https:\/\/plsk.eu\/sk\/projekty\/zvysenie-bezpecnosti-a-zmiernenie-negativnych-dosledkov-klimatickych-zmien-v-pohranicnom-regione-medzi-polskom-a-slovenskom-v-obciach-lacko-podegrodzie-spisska-bela\/\"\r\n              data-dzialanie=\"\"\r\n              data-marker=\"https:\/\/plsk.eu\/wp-content\/themes\/fundusze\/assets\/images\/png\/blue_marker.png\"\r\n              data-btntxt=\"Dowiedz si\u0119 wi\u0119cej\"\r\n              data-pid=\"40855\"\r\n              ><\/div><div class=\"region-info-69f4acfb680b1 d-none\"\r\n              data-lat=\"49.1885439\"\r\n              data-lan=\"20.4557799\"\r\n              data-title=\"Zv\u00fd\u0161enie bezpe\u010dnosti a zmiernenie negat\u00edvnych d\u00f4sledkov klimatick\u00fdch zmien v pohrani\u010dnom regi\u00f3ne medzi Po\u013eskom a Slovenskom v obciach: \u0141\u0105cko, Podegrodzie, Spi\u0161sk\u00e1 Bel\u00e1\"\r\n              data-img=\"https:\/\/plsk.eu\/wp-content\/uploads\/2025\/01\/Lasy-7-13-548x301.png\"\r\n              data-program=\"\"\r\n              data-purl=\"https:\/\/plsk.eu\/sk\/projekty\/zvysenie-bezpecnosti-a-zmiernenie-negativnych-dosledkov-klimatickych-zmien-v-pohranicnom-regione-medzi-polskom-a-slovenskom-v-obciach-lacko-podegrodzie-spisska-bela\/\"\r\n              data-dzialanie=\"\"\r\n              data-marker=\"https:\/\/plsk.eu\/wp-content\/themes\/fundusze\/assets\/images\/png\/blue_marker.png\"\r\n              data-btntxt=\"Dowiedz si\u0119 wi\u0119cej\"\r\n              data-pid=\"40855\"\r\n              ><\/div><div class=\"region-info-69f4acfb680b1 d-none\"\r\n              data-lat=\"49.685735\"\r\n              data-lan=\"20.8422753\"\r\n              data-title=\"Spolo\u010dne pre bezpe\u010dnos\u0165\"\r\n              data-img=\"https:\/\/plsk.eu\/wp-content\/uploads\/2025\/01\/Lasy-7-13-548x301.png\"\r\n              data-program=\"\"\r\n              data-purl=\"https:\/\/plsk.eu\/sk\/projekty\/spolocne-pre-bezpecnost\/\"\r\n              data-dzialanie=\"\"\r\n              data-marker=\"https:\/\/plsk.eu\/wp-content\/themes\/fundusze\/assets\/images\/png\/blue_marker.png\"\r\n              data-btntxt=\"Dowiedz si\u0119 wi\u0119cej\"\r\n              data-pid=\"40848\"\r\n              ><\/div><div class=\"region-info-69f4acfb680b1 d-none\"\r\n              data-lat=\"49.149816\"\r\n              data-lan=\"21.315665\"\r\n              data-title=\"Spolo\u010dne pre bezpe\u010dnos\u0165\"\r\n              data-img=\"https:\/\/plsk.eu\/wp-content\/uploads\/2025\/01\/Lasy-7-13-548x301.png\"\r\n              data-program=\"\"\r\n              data-purl=\"https:\/\/plsk.eu\/sk\/projekty\/spolocne-pre-bezpecnost\/\"\r\n              data-dzialanie=\"\"\r\n              data-marker=\"https:\/\/plsk.eu\/wp-content\/themes\/fundusze\/assets\/images\/png\/blue_marker.png\"\r\n              data-btntxt=\"Dowiedz si\u0119 wi\u0119cej\"\r\n              data-pid=\"40848\"\r\n              ><\/div><div class=\"region-info-69f4acfb680b1 d-none\"\r\n              data-lat=\"49.5099371\"\r\n              data-lan=\"22.2636772\"\r\n              data-title=\"Po\u013esko-slovensk\u00e1 Eurosztafeta Z\u00e1chrany \u2013 \u201eSpolo\u010dne bezpe\u010dnej\u0161ie v Eur\u00f3pe\u201d\"\r\n              data-img=\"https:\/\/plsk.eu\/wp-content\/uploads\/2025\/01\/Lasy-7-13-548x301.png\"\r\n              data-program=\"\"\r\n              data-purl=\"https:\/\/plsk.eu\/sk\/projekty\/polsko-slovenska-eurosztafeta-zachrany-spolocne-bezpecnejsie-v-europe\/\"\r\n              data-dzialanie=\"\"\r\n              data-marker=\"https:\/\/plsk.eu\/wp-content\/themes\/fundusze\/assets\/images\/png\/blue_marker.png\"\r\n              data-btntxt=\"Dowiedz si\u0119 wi\u0119cej\"\r\n              data-pid=\"40844\"\r\n              ><\/div><div class=\"region-info-69f4acfb680b1 d-none\"\r\n              data-lat=\"49.0000945\"\r\n              data-lan=\"20.7516712\"\r\n              data-title=\"Po\u013esko-slovensk\u00e1 Eurosztafeta Z\u00e1chrany \u2013 \u201eSpolo\u010dne bezpe\u010dnej\u0161ie v Eur\u00f3pe\u201d\"\r\n              data-img=\"https:\/\/plsk.eu\/wp-content\/uploads\/2025\/01\/Lasy-7-13-548x301.png\"\r\n              data-program=\"\"\r\n              data-purl=\"https:\/\/plsk.eu\/sk\/projekty\/polsko-slovenska-eurosztafeta-zachrany-spolocne-bezpecnejsie-v-europe\/\"\r\n              data-dzialanie=\"\"\r\n              data-marker=\"https:\/\/plsk.eu\/wp-content\/themes\/fundusze\/assets\/images\/png\/blue_marker.png\"\r\n              data-btntxt=\"Dowiedz si\u0119 wi\u0119cej\"\r\n              data-pid=\"40844\"\r\n              ><\/div><div class=\"region-info-69f4acfb680b1 d-none\"\r\n              data-lat=\"49.606601\"\r\n              data-lan=\"19.1163069\"\r\n              data-title=\"Ochrana kl\u00edmy pomocou nov\u00fdch technol\u00f3gi\u00ed\"\r\n              data-img=\"https:\/\/plsk.eu\/wp-content\/uploads\/2025\/01\/Lasy-7-13-548x301.png\"\r\n              data-program=\"\"\r\n              data-purl=\"https:\/\/plsk.eu\/sk\/projekty\/ochrana-klimy-pomocou-novych-technologii\/\"\r\n              data-dzialanie=\"\"\r\n              data-marker=\"https:\/\/plsk.eu\/wp-content\/themes\/fundusze\/assets\/images\/png\/blue_marker.png\"\r\n              data-btntxt=\"Dowiedz si\u0119 wi\u0119cej\"\r\n              data-pid=\"40840\"\r\n              ><\/div><div class=\"region-info-69f4acfb680b1 d-none\"\r\n              data-lat=\"49.6750613\"\r\n              data-lan=\"19.0939008\"\r\n              data-title=\"Ochrana kl\u00edmy pomocou nov\u00fdch technol\u00f3gi\u00ed\"\r\n              data-img=\"https:\/\/plsk.eu\/wp-content\/uploads\/2025\/01\/Lasy-7-13-548x301.png\"\r\n              data-program=\"\"\r\n              data-purl=\"https:\/\/plsk.eu\/sk\/projekty\/ochrana-klimy-pomocou-novych-technologii\/\"\r\n              data-dzialanie=\"\"\r\n              data-marker=\"https:\/\/plsk.eu\/wp-content\/themes\/fundusze\/assets\/images\/png\/blue_marker.png\"\r\n              data-btntxt=\"Dowiedz si\u0119 wi\u0119cej\"\r\n              data-pid=\"40840\"\r\n              ><\/div><div class=\"region-info-69f4acfb680b1 d-none\"\r\n              data-lat=\"49.5139337\"\r\n              data-lan=\"19.118131\"\r\n              data-title=\"Ochrana kl\u00edmy pomocou nov\u00fdch technol\u00f3gi\u00ed\"\r\n              data-img=\"https:\/\/plsk.eu\/wp-content\/uploads\/2025\/01\/Lasy-7-13-548x301.png\"\r\n              data-program=\"\"\r\n              data-purl=\"https:\/\/plsk.eu\/sk\/projekty\/ochrana-klimy-pomocou-novych-technologii\/\"\r\n              data-dzialanie=\"\"\r\n              data-marker=\"https:\/\/plsk.eu\/wp-content\/themes\/fundusze\/assets\/images\/png\/blue_marker.png\"\r\n              data-btntxt=\"Dowiedz si\u0119 wi\u0119cej\"\r\n              data-pid=\"40840\"\r\n              ><\/div><div class=\"region-info-69f4acfb680b1 d-none\"\r\n              data-lat=\"49.4961443\"\r\n              data-lan=\"18.9182732\"\r\n              data-title=\"Ochrana kl\u00edmy pomocou nov\u00fdch technol\u00f3gi\u00ed\"\r\n              data-img=\"https:\/\/plsk.eu\/wp-content\/uploads\/2025\/01\/Lasy-7-13-548x301.png\"\r\n              data-program=\"\"\r\n              data-purl=\"https:\/\/plsk.eu\/sk\/projekty\/ochrana-klimy-pomocou-novych-technologii\/\"\r\n              data-dzialanie=\"\"\r\n              data-marker=\"https:\/\/plsk.eu\/wp-content\/themes\/fundusze\/assets\/images\/png\/blue_marker.png\"\r\n              data-btntxt=\"Dowiedz si\u0119 wi\u0119cej\"\r\n              data-pid=\"40840\"\r\n              ><\/div><div class=\"region-info-69f4acfb680b1 d-none\"\r\n              data-lat=\"49.4366442\"\r\n              data-lan=\"18.883101\"\r\n              data-title=\"Ochrana kl\u00edmy pomocou nov\u00fdch technol\u00f3gi\u00ed\"\r\n              data-img=\"https:\/\/plsk.eu\/wp-content\/uploads\/2025\/01\/Lasy-7-13-548x301.png\"\r\n              data-program=\"\"\r\n              data-purl=\"https:\/\/plsk.eu\/sk\/projekty\/ochrana-klimy-pomocou-novych-technologii\/\"\r\n              data-dzialanie=\"\"\r\n              data-marker=\"https:\/\/plsk.eu\/wp-content\/themes\/fundusze\/assets\/images\/png\/blue_marker.png\"\r\n              data-btntxt=\"Dowiedz si\u0119 wi\u0119cej\"\r\n              data-pid=\"40840\"\r\n              ><\/div><div class=\"region-info-69f4acfb680b1 d-none\"\r\n              data-lat=\"50.0411867\"\r\n              data-lan=\"21.9991196\"\r\n              data-title=\"Ekologick\u00e9 koridory v po\u013esko-slovenskom pohrani\u010d\u00ed\"\r\n              data-img=\"https:\/\/plsk.eu\/wp-content\/uploads\/2025\/01\/Lasy-7-13-548x301.png\"\r\n              data-program=\"\"\r\n              data-purl=\"https:\/\/plsk.eu\/sk\/projekty\/ekologicke-koridory-v-polsko-slovenskom-pohranici\/\"\r\n              data-dzialanie=\"\"\r\n              data-marker=\"https:\/\/plsk.eu\/wp-content\/themes\/fundusze\/assets\/images\/png\/blue_marker.png\"\r\n              data-btntxt=\"Dowiedz si\u0119 wi\u0119cej\"\r\n              data-pid=\"40836\"\r\n              ><\/div><div class=\"region-info-69f4acfb680b1 d-none\"\r\n              data-lat=\"49.0511221\"\r\n              data-lan=\"20.295414\"\r\n              data-title=\"Ekologick\u00e9 koridory v po\u013esko-slovenskom pohrani\u010d\u00ed\"\r\n              data-img=\"https:\/\/plsk.eu\/wp-content\/uploads\/2025\/01\/Lasy-7-13-548x301.png\"\r\n              data-program=\"\"\r\n              data-purl=\"https:\/\/plsk.eu\/sk\/projekty\/ekologicke-koridory-v-polsko-slovenskom-pohranici\/\"\r\n              data-dzialanie=\"\"\r\n              data-marker=\"https:\/\/plsk.eu\/wp-content\/themes\/fundusze\/assets\/images\/png\/blue_marker.png\"\r\n              data-btntxt=\"Dowiedz si\u0119 wi\u0119cej\"\r\n              data-pid=\"40836\"\r\n              ><\/div><div class=\"region-info-69f4acfb680b1 d-none\"\r\n              data-lat=\"50.0411867\"\r\n              data-lan=\"21.9991196\"\r\n              data-title=\"Ekologick\u00e9 koridory v po\u013esko-slovenskom pohrani\u010d\u00ed\"\r\n              data-img=\"https:\/\/plsk.eu\/wp-content\/uploads\/2025\/01\/Lasy-7-13-548x301.png\"\r\n              data-program=\"\"\r\n              data-purl=\"https:\/\/plsk.eu\/sk\/projekty\/ekologicke-koridory-v-polsko-slovenskom-pohranici\/\"\r\n              data-dzialanie=\"\"\r\n              data-marker=\"https:\/\/plsk.eu\/wp-content\/themes\/fundusze\/assets\/images\/png\/blue_marker.png\"\r\n              data-btntxt=\"Dowiedz si\u0119 wi\u0119cej\"\r\n              data-pid=\"40836\"\r\n              ><\/div><div class=\"region-info-69f4acfb680b1 d-none\"\r\n              data-lat=\"49.0018324\"\r\n              data-lan=\"21.2393119\"\r\n              data-title=\"Spolo\u010dne v pohrani\u010d\u00ed\"\r\n              data-img=\"https:\/\/plsk.eu\/wp-content\/uploads\/2025\/01\/Wielka-Racza-14-20-548x301.png\"\r\n              data-program=\"\"\r\n              data-purl=\"https:\/\/plsk.eu\/sk\/projekty\/spolocne-v-pohranici\/\"\r\n              data-dzialanie=\"\"\r\n              data-marker=\"https:\/\/plsk.eu\/wp-content\/themes\/fundusze\/assets\/images\/png\/blue_marker.png\"\r\n              data-btntxt=\"Dowiedz si\u0119 wi\u0119cej\"\r\n              data-pid=\"39234\"\r\n              ><\/div><div class=\"region-info-69f4acfb680b1 d-none\"\r\n              data-lat=\"49.2194498\"\r\n              data-lan=\"18.7408001\"\r\n              data-title=\"Spolupr\u00e1ca naprie\u010d hranicami\"\r\n              data-img=\"https:\/\/plsk.eu\/wp-content\/uploads\/2025\/01\/Wielka-Racza-14-20-548x301.png\"\r\n              data-program=\"\"\r\n              data-purl=\"https:\/\/plsk.eu\/sk\/projekty\/spolupraca-napriec-hranicami\/\"\r\n              data-dzialanie=\"\"\r\n              data-marker=\"https:\/\/plsk.eu\/wp-content\/themes\/fundusze\/assets\/images\/png\/blue_marker.png\"\r\n              data-btntxt=\"Dowiedz si\u0119 wi\u0119cej\"\r\n              data-pid=\"39227\"\r\n              ><\/div><div class=\"region-info-69f4acfb680b1 d-none\"\r\n              data-lat=\"49.4824848\"\r\n              data-lan=\"20.0329152\"\r\n              data-title=\"Bezpe\u010dn\u00e9 a ekologick\u00e9 pohrani\u010die\"\r\n              data-img=\"https:\/\/plsk.eu\/wp-content\/uploads\/2025\/01\/Lasy-7-13-548x301.png\"\r\n              data-program=\"\"\r\n              data-purl=\"https:\/\/plsk.eu\/sk\/projekty\/bezpecne-a-ekologicke-pohranicie\/\"\r\n              data-dzialanie=\"\"\r\n              data-marker=\"https:\/\/plsk.eu\/wp-content\/themes\/fundusze\/assets\/images\/png\/blue_marker.png\"\r\n              data-btntxt=\"Dowiedz si\u0119 wi\u0119cej\"\r\n              data-pid=\"39222\"\r\n              ><\/div><div class=\"region-info-69f4acfb680b1 d-none\"\r\n              data-lat=\"49.6174535\"\r\n              data-lan=\"20.7153326\"\r\n              data-title=\"Bezpe\u010dn\u00e9 a ekologick\u00e9 pohrani\u010die\"\r\n              data-img=\"https:\/\/plsk.eu\/wp-content\/uploads\/2025\/01\/Lasy-7-13-548x301.png\"\r\n              data-program=\"\"\r\n              data-purl=\"https:\/\/plsk.eu\/sk\/projekty\/bezpecne-a-ekologicke-pohranicie\/\"\r\n              data-dzialanie=\"\"\r\n              data-marker=\"https:\/\/plsk.eu\/wp-content\/themes\/fundusze\/assets\/images\/png\/blue_marker.png\"\r\n              data-btntxt=\"Dowiedz si\u0119 wi\u0119cej\"\r\n              data-pid=\"39222\"\r\n              ><\/div><div class=\"region-info-69f4acfb680b1 d-none\"\r\n              data-lat=\"48.1408631\"\r\n              data-lan=\"17.1185194\"\r\n              data-title=\"Bezpe\u010dn\u00e9 a ekologick\u00e9 pohrani\u010die\"\r\n              data-img=\"https:\/\/plsk.eu\/wp-content\/uploads\/2025\/01\/Lasy-7-13-548x301.png\"\r\n              data-program=\"\"\r\n              data-purl=\"https:\/\/plsk.eu\/sk\/projekty\/bezpecne-a-ekologicke-pohranicie\/\"\r\n              data-dzialanie=\"\"\r\n              data-marker=\"https:\/\/plsk.eu\/wp-content\/themes\/fundusze\/assets\/images\/png\/blue_marker.png\"\r\n              data-btntxt=\"Dowiedz si\u0119 wi\u0119cej\"\r\n              data-pid=\"39222\"\r\n              ><\/div><div class=\"region-info-69f4acfb680b1 d-none\"\r\n              data-lat=\"50.0662432\"\r\n              data-lan=\"19.9401819\"\r\n              data-title=\"Samospr\u00e1va pre seniorov\"\r\n              data-img=\"https:\/\/plsk.eu\/wp-content\/uploads\/2025\/12\/Obraz14-548x301.jpg\"\r\n              data-program=\"\"\r\n              data-purl=\"https:\/\/plsk.eu\/sk\/projekty\/samosprava-pre-seniorov\/\"\r\n              data-dzialanie=\"\"\r\n              data-marker=\"https:\/\/plsk.eu\/wp-content\/themes\/fundusze\/assets\/images\/png\/blue_marker.png\"\r\n              data-btntxt=\"Dowiedz si\u0119 wi\u0119cej\"\r\n              data-pid=\"39217\"\r\n              ><\/div><div class=\"region-info-69f4acfb680b1 d-none\"\r\n              data-lat=\"49.5641948\"\r\n              data-lan=\"20.6359903\"\r\n              data-title=\"Samospr\u00e1va pre seniorov\"\r\n              data-img=\"https:\/\/plsk.eu\/wp-content\/uploads\/2025\/12\/Obraz14-548x301.jpg\"\r\n              data-program=\"\"\r\n              data-purl=\"https:\/\/plsk.eu\/sk\/projekty\/samosprava-pre-seniorov\/\"\r\n              data-dzialanie=\"\"\r\n              data-marker=\"https:\/\/plsk.eu\/wp-content\/themes\/fundusze\/assets\/images\/png\/blue_marker.png\"\r\n              data-btntxt=\"Dowiedz si\u0119 wi\u0119cej\"\r\n              data-pid=\"39217\"\r\n              ><\/div><div class=\"region-info-69f4acfb680b1 d-none\"\r\n              data-lat=\"49.1885439\"\r\n              data-lan=\"20.4557799\"\r\n              data-title=\"Samospr\u00e1va pre seniorov\"\r\n              data-img=\"https:\/\/plsk.eu\/wp-content\/uploads\/2025\/12\/Obraz14-548x301.jpg\"\r\n              data-program=\"\"\r\n              data-purl=\"https:\/\/plsk.eu\/sk\/projekty\/samosprava-pre-seniorov\/\"\r\n              data-dzialanie=\"\"\r\n              data-marker=\"https:\/\/plsk.eu\/wp-content\/themes\/fundusze\/assets\/images\/png\/blue_marker.png\"\r\n              data-btntxt=\"Dowiedz si\u0119 wi\u0119cej\"\r\n              data-pid=\"39217\"\r\n              ><\/div><div class=\"region-info-69f4acfb680b1 d-none\"\r\n              data-lat=\"49.3010575\"\r\n              data-lan=\"20.6898463\"\r\n              data-title=\"Samospr\u00e1va pre seniorov\"\r\n              data-img=\"https:\/\/plsk.eu\/wp-content\/uploads\/2025\/12\/Obraz14-548x301.jpg\"\r\n              data-program=\"\"\r\n              data-purl=\"https:\/\/plsk.eu\/sk\/projekty\/samosprava-pre-seniorov\/\"\r\n              data-dzialanie=\"\"\r\n              data-marker=\"https:\/\/plsk.eu\/wp-content\/themes\/fundusze\/assets\/images\/png\/blue_marker.png\"\r\n              data-btntxt=\"Dowiedz si\u0119 wi\u0119cej\"\r\n              data-pid=\"39217\"\r\n              ><\/div><div class=\"region-info-69f4acfb680b1 d-none\"\r\n              data-lat=\"49.70587\"\r\n              data-lan=\"20.42228\"\r\n              data-title=\"Samospr\u00e1va pre seniorov\"\r\n              data-img=\"https:\/\/plsk.eu\/wp-content\/uploads\/2025\/12\/Obraz14-548x301.jpg\"\r\n              data-program=\"\"\r\n              data-purl=\"https:\/\/plsk.eu\/sk\/projekty\/samosprava-pre-seniorov\/\"\r\n              data-dzialanie=\"\"\r\n              data-marker=\"https:\/\/plsk.eu\/wp-content\/themes\/fundusze\/assets\/images\/png\/blue_marker.png\"\r\n              data-btntxt=\"Dowiedz si\u0119 wi\u0119cej\"\r\n              data-pid=\"39217\"\r\n              ><\/div><div class=\"region-info-69f4acfb680b1 d-none\"\r\n              data-lat=\"49.0019582\"\r\n              data-lan=\"21.2415891\"\r\n              data-title=\"Samospr\u00e1va pre seniorov\"\r\n              data-img=\"https:\/\/plsk.eu\/wp-content\/uploads\/2025\/12\/Obraz14-548x301.jpg\"\r\n              data-program=\"\"\r\n              data-purl=\"https:\/\/plsk.eu\/sk\/projekty\/samosprava-pre-seniorov\/\"\r\n              data-dzialanie=\"\"\r\n              data-marker=\"https:\/\/plsk.eu\/wp-content\/themes\/fundusze\/assets\/images\/png\/blue_marker.png\"\r\n              data-btntxt=\"Dowiedz si\u0119 wi\u0119cej\"\r\n              data-pid=\"39217\"\r\n              ><\/div><div class=\"region-info-69f4acfb680b1 d-none\"\r\n              data-lat=\"49.7827286\"\r\n              data-lan=\"22.7678149\"\r\n              data-title=\"SPOLO\u010cNE ZA ZDRAV\u00c9 POHRANI\u010cIE\"\r\n              data-img=\"https:\/\/plsk.eu\/wp-content\/uploads\/2024\/09\/22-548x301.png\"\r\n              data-program=\"\"\r\n              data-purl=\"https:\/\/plsk.eu\/sk\/projekty\/spolocne-za-zdrave-pohranicie\/\"\r\n              data-dzialanie=\"\"\r\n              data-marker=\"https:\/\/plsk.eu\/wp-content\/themes\/fundusze\/assets\/images\/png\/blue_marker.png\"\r\n              data-btntxt=\"Dowiedz si\u0119 wi\u0119cej\"\r\n              data-pid=\"39213\"\r\n              ><\/div><div class=\"region-info-69f4acfb680b1 d-none\"\r\n              data-lat=\"49.3055641\"\r\n              data-lan=\"21.568117\"\r\n              data-title=\"SPOLO\u010cNE ZA ZDRAV\u00c9 POHRANI\u010cIE\"\r\n              data-img=\"https:\/\/plsk.eu\/wp-content\/uploads\/2024\/09\/22-548x301.png\"\r\n              data-program=\"\"\r\n              data-purl=\"https:\/\/plsk.eu\/sk\/projekty\/spolocne-za-zdrave-pohranicie\/\"\r\n              data-dzialanie=\"\"\r\n              data-marker=\"https:\/\/plsk.eu\/wp-content\/themes\/fundusze\/assets\/images\/png\/blue_marker.png\"\r\n              data-btntxt=\"Dowiedz si\u0119 wi\u0119cej\"\r\n              data-pid=\"39213\"\r\n              ><\/div><div class=\"region-info-69f4acfb680b1 d-none\"\r\n              data-lat=\"50.0751536\"\r\n              data-lan=\"19.4396086\"\r\n              data-title=\"PO\u013dSKO-SLOVENSK\u00c1 AKAD\u00c9MIA TRAD\u00cdCI\u00cd. Chr\u00e1nime, \u0161\u00edrime, spr\u00edstup\u0148ujeme\"\r\n              data-img=\"https:\/\/plsk.eu\/wp-content\/uploads\/2025\/02\/DSC_2899-548x301.jpg\"\r\n              data-program=\"\"\r\n              data-purl=\"https:\/\/plsk.eu\/sk\/projekty\/polsko-slovenska-akademia-tradicii-chranime-sirime-spristupnujeme\/\"\r\n              data-dzialanie=\"\"\r\n              data-marker=\"https:\/\/plsk.eu\/wp-content\/themes\/fundusze\/assets\/images\/png\/blue_marker.png\"\r\n              data-btntxt=\"Dowiedz si\u0119 wi\u0119cej\"\r\n              data-pid=\"39209\"\r\n              ><\/div><div class=\"region-info-69f4acfb680b1 d-none\"\r\n              data-lat=\"49.0752393\"\r\n              data-lan=\"19.3066002\"\r\n              data-title=\"PO\u013dSKO-SLOVENSK\u00c1 AKAD\u00c9MIA TRAD\u00cdCI\u00cd. Chr\u00e1nime, \u0161\u00edrime, spr\u00edstup\u0148ujeme\"\r\n              data-img=\"https:\/\/plsk.eu\/wp-content\/uploads\/2025\/02\/DSC_2899-548x301.jpg\"\r\n              data-program=\"\"\r\n              data-purl=\"https:\/\/plsk.eu\/sk\/projekty\/polsko-slovenska-akademia-tradicii-chranime-sirime-spristupnujeme\/\"\r\n              data-dzialanie=\"\"\r\n              data-marker=\"https:\/\/plsk.eu\/wp-content\/themes\/fundusze\/assets\/images\/png\/blue_marker.png\"\r\n              data-btntxt=\"Dowiedz si\u0119 wi\u0119cej\"\r\n              data-pid=\"39209\"\r\n              ><\/div><div class=\"region-info-69f4acfb680b1 d-none\"\r\n              data-lat=\"49.6958944\"\r\n              data-lan=\"21.7605391\"\r\n              data-title=\"M\u00fazeum &#8211; m\u00f4j \u010dasopriestor\"\r\n              data-img=\"https:\/\/plsk.eu\/wp-content\/uploads\/2025\/02\/158A7026-548x301.jpg\"\r\n              data-program=\"\"\r\n              data-purl=\"https:\/\/plsk.eu\/sk\/projekty\/muzeum-moj-casopriestor\/\"\r\n              data-dzialanie=\"\"\r\n              data-marker=\"https:\/\/plsk.eu\/wp-content\/themes\/fundusze\/assets\/images\/png\/blue_marker.png\"\r\n              data-btntxt=\"Dowiedz si\u0119 wi\u0119cej\"\r\n              data-pid=\"39203\"\r\n              ><\/div><div class=\"region-info-69f4acfb680b1 d-none\"\r\n              data-lat=\"49.2945857\"\r\n              data-lan=\"21.2754012\"\r\n              data-title=\"M\u00fazeum &#8211; m\u00f4j \u010dasopriestor\"\r\n              data-img=\"https:\/\/plsk.eu\/wp-content\/uploads\/2025\/02\/158A7026-548x301.jpg\"\r\n              data-program=\"\"\r\n              data-purl=\"https:\/\/plsk.eu\/sk\/projekty\/muzeum-moj-casopriestor\/\"\r\n              data-dzialanie=\"\"\r\n              data-marker=\"https:\/\/plsk.eu\/wp-content\/themes\/fundusze\/assets\/images\/png\/blue_marker.png\"\r\n              data-btntxt=\"Dowiedz si\u0119 wi\u0119cej\"\r\n              data-pid=\"39203\"\r\n              ><\/div><div class=\"region-info-69f4acfb680b1 d-none\"\r\n              data-lat=\"49.4824848\"\r\n              data-lan=\"20.0329152\"\r\n              data-title=\"Historicko &#8211; kult\u00farno &#8211; pr\u00edrodn\u00e1 cesta okolo Tatier \u2013 4. etapa\"\r\n              data-img=\"https:\/\/plsk.eu\/wp-content\/uploads\/2025\/02\/Szlak-wokol-Tatr-14-548x301.jpg\"\r\n              data-program=\"\"\r\n              data-purl=\"https:\/\/plsk.eu\/sk\/projekty\/historicko-kulturno-prirodna-cesta-okolo-tatier-4-etapa\/\"\r\n              data-dzialanie=\"\"\r\n              data-marker=\"https:\/\/plsk.eu\/wp-content\/themes\/fundusze\/assets\/images\/png\/blue_marker.png\"\r\n              data-btntxt=\"Dowiedz si\u0119 wi\u0119cej\"\r\n              data-pid=\"39198\"\r\n              ><\/div><div class=\"region-info-69f4acfb680b1 d-none\"\r\n              data-lat=\"49.0589648\"\r\n              data-lan=\"20.0799302\"\r\n              data-title=\"Historicko &#8211; kult\u00farno &#8211; pr\u00edrodn\u00e1 cesta okolo Tatier \u2013 4. etapa\"\r\n              data-img=\"https:\/\/plsk.eu\/wp-content\/uploads\/2025\/02\/Szlak-wokol-Tatr-14-548x301.jpg\"\r\n              data-program=\"\"\r\n              data-purl=\"https:\/\/plsk.eu\/sk\/projekty\/historicko-kulturno-prirodna-cesta-okolo-tatier-4-etapa\/\"\r\n              data-dzialanie=\"\"\r\n              data-marker=\"https:\/\/plsk.eu\/wp-content\/themes\/fundusze\/assets\/images\/png\/blue_marker.png\"\r\n              data-btntxt=\"Dowiedz si\u0119 wi\u0119cej\"\r\n              data-pid=\"39198\"\r\n              ><\/div><div class=\"region-info-69f4acfb680b1 d-none\"\r\n              data-lat=\"49.4465144\"\r\n              data-lan=\"19.8387765\"\r\n              data-title=\"Historicko &#8211; kult\u00farno &#8211; pr\u00edrodn\u00e1 cesta okolo Tatier \u2013 4. etapa\"\r\n              data-img=\"https:\/\/plsk.eu\/wp-content\/uploads\/2025\/02\/Szlak-wokol-Tatr-14-548x301.jpg\"\r\n              data-program=\"\"\r\n              data-purl=\"https:\/\/plsk.eu\/sk\/projekty\/historicko-kulturno-prirodna-cesta-okolo-tatier-4-etapa\/\"\r\n              data-dzialanie=\"\"\r\n              data-marker=\"https:\/\/plsk.eu\/wp-content\/themes\/fundusze\/assets\/images\/png\/blue_marker.png\"\r\n              data-btntxt=\"Dowiedz si\u0119 wi\u0119cej\"\r\n              data-pid=\"39198\"\r\n              ><\/div><div class=\"region-info-69f4acfb680b1 d-none\"\r\n              data-lat=\"49.1885439\"\r\n              data-lan=\"20.4557799\"\r\n              data-title=\"Historicko &#8211; kult\u00farno &#8211; pr\u00edrodn\u00e1 cesta okolo Tatier \u2013 4. etapa\"\r\n              data-img=\"https:\/\/plsk.eu\/wp-content\/uploads\/2025\/02\/Szlak-wokol-Tatr-14-548x301.jpg\"\r\n              data-program=\"\"\r\n              data-purl=\"https:\/\/plsk.eu\/sk\/projekty\/historicko-kulturno-prirodna-cesta-okolo-tatier-4-etapa\/\"\r\n              data-dzialanie=\"\"\r\n              data-marker=\"https:\/\/plsk.eu\/wp-content\/themes\/fundusze\/assets\/images\/png\/blue_marker.png\"\r\n              data-btntxt=\"Dowiedz si\u0119 wi\u0119cej\"\r\n              data-pid=\"39198\"\r\n              ><\/div><div class=\"region-info-69f4acfb680b1 d-none\"\r\n              data-lat=\"49.3968783\"\r\n              data-lan=\"20.2443022\"\r\n              data-title=\"Historicko &#8211; kult\u00farno &#8211; pr\u00edrodn\u00e1 cesta okolo Tatier \u2013 4. etapa\"\r\n              data-img=\"https:\/\/plsk.eu\/wp-content\/uploads\/2025\/02\/Szlak-wokol-Tatr-14-548x301.jpg\"\r\n              data-program=\"\"\r\n              data-purl=\"https:\/\/plsk.eu\/sk\/projekty\/historicko-kulturno-prirodna-cesta-okolo-tatier-4-etapa\/\"\r\n              data-dzialanie=\"\"\r\n              data-marker=\"https:\/\/plsk.eu\/wp-content\/themes\/fundusze\/assets\/images\/png\/blue_marker.png\"\r\n              data-btntxt=\"Dowiedz si\u0119 wi\u0119cej\"\r\n              data-pid=\"39198\"\r\n              ><\/div><div class=\"region-info-69f4acfb680b1 d-none\"\r\n              data-lat=\"49.5089093\"\r\n              data-lan=\"19.7257535\"\r\n              data-title=\"Historicko &#8211; kult\u00farno &#8211; pr\u00edrodn\u00e1 cesta okolo Tatier \u2013 4. etapa\"\r\n              data-img=\"https:\/\/plsk.eu\/wp-content\/uploads\/2025\/02\/Szlak-wokol-Tatr-14-548x301.jpg\"\r\n              data-program=\"\"\r\n              data-purl=\"https:\/\/plsk.eu\/sk\/projekty\/historicko-kulturno-prirodna-cesta-okolo-tatier-4-etapa\/\"\r\n              data-dzialanie=\"\"\r\n              data-marker=\"https:\/\/plsk.eu\/wp-content\/themes\/fundusze\/assets\/images\/png\/blue_marker.png\"\r\n              data-btntxt=\"Dowiedz si\u0119 wi\u0119cej\"\r\n              data-pid=\"39198\"\r\n              ><\/div><div class=\"region-info-69f4acfb680b1 d-none\"\r\n              data-lat=\"49.587901\"\r\n              data-lan=\"19.150977\"\r\n              data-title=\"Br\u00e1na do Besk\u00fdd\"\r\n              data-img=\"https:\/\/plsk.eu\/wp-content\/uploads\/2026\/03\/BdB_2-548x301.jpg\"\r\n              data-program=\"\"\r\n              data-purl=\"https:\/\/plsk.eu\/sk\/projekty\/brana-do-beskyd\/\"\r\n              data-dzialanie=\"\"\r\n              data-marker=\"https:\/\/plsk.eu\/wp-content\/themes\/fundusze\/assets\/images\/png\/blue_marker.png\"\r\n              data-btntxt=\"Dowiedz si\u0119 wi\u0119cej\"\r\n              data-pid=\"39193\"\r\n              ><\/div><div class=\"region-info-69f4acfb680b1 d-none\"\r\n              data-lat=\"49.4385551\"\r\n              data-lan=\"18.7897828\"\r\n              data-title=\"Br\u00e1na do Besk\u00fdd\"\r\n              data-img=\"https:\/\/plsk.eu\/wp-content\/uploads\/2026\/03\/BdB_2-548x301.jpg\"\r\n              data-program=\"\"\r\n              data-purl=\"https:\/\/plsk.eu\/sk\/projekty\/brana-do-beskyd\/\"\r\n              data-dzialanie=\"\"\r\n              data-marker=\"https:\/\/plsk.eu\/wp-content\/themes\/fundusze\/assets\/images\/png\/blue_marker.png\"\r\n              data-btntxt=\"Dowiedz si\u0119 wi\u0119cej\"\r\n              data-pid=\"39193\"\r\n              ><\/div><div class=\"region-info-69f4acfb680b1 d-none\"\r\n              data-lat=\"49.6100548\"\r\n              data-lan=\"19.1249594\"\r\n              data-title=\"Br\u00e1na do Besk\u00fdd\"\r\n              data-img=\"https:\/\/plsk.eu\/wp-content\/uploads\/2026\/03\/BdB_2-548x301.jpg\"\r\n              data-program=\"\"\r\n              data-purl=\"https:\/\/plsk.eu\/sk\/projekty\/brana-do-beskyd\/\"\r\n              data-dzialanie=\"\"\r\n              data-marker=\"https:\/\/plsk.eu\/wp-content\/themes\/fundusze\/assets\/images\/png\/blue_marker.png\"\r\n              data-btntxt=\"Dowiedz si\u0119 wi\u0119cej\"\r\n              data-pid=\"39193\"\r\n              ><\/div><div class=\"region-info-69f4acfb680b1 d-none\"\r\n              data-lat=\"49.5263942\"\r\n              data-lan=\"20.3413871\"\r\n              data-title=\"Cestou pr\u00edrody a kult\u00fary dolinou Dunajca\"\r\n              data-img=\"https:\/\/plsk.eu\/wp-content\/uploads\/2025\/02\/2-548x301.jpg\"\r\n              data-program=\"\"\r\n              data-purl=\"https:\/\/plsk.eu\/sk\/projekty\/cestou-prirody-a-kultury-dolinou-dunajca\/\"\r\n              data-dzialanie=\"\"\r\n              data-marker=\"https:\/\/plsk.eu\/wp-content\/themes\/fundusze\/assets\/images\/png\/blue_marker.png\"\r\n              data-btntxt=\"Dowiedz si\u0119 wi\u0119cej\"\r\n              data-pid=\"39189\"\r\n              ><\/div><div class=\"region-info-69f4acfb680b1 d-none\"\r\n              data-lat=\"48.1720906\"\r\n              data-lan=\"17.0743485\"\r\n              data-title=\"Cestou pr\u00edrody a kult\u00fary dolinou Dunajca\"\r\n              data-img=\"https:\/\/plsk.eu\/wp-content\/uploads\/2025\/02\/2-548x301.jpg\"\r\n              data-program=\"\"\r\n              data-purl=\"https:\/\/plsk.eu\/sk\/projekty\/cestou-prirody-a-kultury-dolinou-dunajca\/\"\r\n              data-dzialanie=\"\"\r\n              data-marker=\"https:\/\/plsk.eu\/wp-content\/themes\/fundusze\/assets\/images\/png\/blue_marker.png\"\r\n              data-btntxt=\"Dowiedz si\u0119 wi\u0119cej\"\r\n              data-pid=\"39189\"\r\n              ><\/div><div class=\"region-info-69f4acfb680b1 d-none\"\r\n              data-lat=\"49.3565901\"\r\n              data-lan=\"20.8971615\"\r\n              data-title=\"SK &#8211; Historick\u00e9 pohrani\u010die je \u010doraz kraj\u0161ie &#8211; obnovujeme a spr\u00edstup\u0148ujeme historick\u00e9 zauj\u00edmavosti na cezhrani\u010dnej trase z Muszyny do Sabinova (s\u00fa\u010das\u0165 EuroVelo11)\"\r\n              data-img=\"https:\/\/plsk.eu\/wp-content\/uploads\/2025\/01\/Zamek-w-Muszynie-548x301.png\"\r\n              data-program=\"\"\r\n              data-purl=\"https:\/\/plsk.eu\/sk\/projekty\/zabytkowe-pogranicze-pieknieje-odnawiamy-i-udostepniamy-historyczne-atrakcje-na-transgranicznym-szlaku-z-muszyny-do-sabinowa-czesci-eurovelo11\/\"\r\n              data-dzialanie=\"\"\r\n              data-marker=\"https:\/\/plsk.eu\/wp-content\/themes\/fundusze\/assets\/images\/png\/blue_marker.png\"\r\n              data-btntxt=\"Dowiedz si\u0119 wi\u0119cej\"\r\n              data-pid=\"39184\"\r\n              ><\/div><div class=\"region-info-69f4acfb680b1 d-none\"\r\n              data-lat=\"49.1027696\"\r\n              data-lan=\"21.0978\"\r\n              data-title=\"SK &#8211; Historick\u00e9 pohrani\u010die je \u010doraz kraj\u0161ie &#8211; obnovujeme a spr\u00edstup\u0148ujeme historick\u00e9 zauj\u00edmavosti na cezhrani\u010dnej trase z Muszyny do Sabinova (s\u00fa\u010das\u0165 EuroVelo11)\"\r\n              data-img=\"https:\/\/plsk.eu\/wp-content\/uploads\/2025\/01\/Zamek-w-Muszynie-548x301.png\"\r\n              data-program=\"\"\r\n              data-purl=\"https:\/\/plsk.eu\/sk\/projekty\/zabytkowe-pogranicze-pieknieje-odnawiamy-i-udostepniamy-historyczne-atrakcje-na-transgranicznym-szlaku-z-muszyny-do-sabinowa-czesci-eurovelo11\/\"\r\n              data-dzialanie=\"\"\r\n              data-marker=\"https:\/\/plsk.eu\/wp-content\/themes\/fundusze\/assets\/images\/png\/blue_marker.png\"\r\n              data-btntxt=\"Dowiedz si\u0119 wi\u0119cej\"\r\n              data-pid=\"39184\"\r\n              ><\/div><div class=\"region-info-69f4acfb680b1 d-none\"\r\n              data-lat=\"49.3565789\"\r\n              data-lan=\"20.8954084\"\r\n              data-title=\"SK &#8211; Historick\u00e9 pohrani\u010die je \u010doraz kraj\u0161ie &#8211; obnovujeme a spr\u00edstup\u0148ujeme historick\u00e9 zauj\u00edmavosti na cezhrani\u010dnej trase z Muszyny do Sabinova (s\u00fa\u010das\u0165 EuroVelo11)\"\r\n              data-img=\"https:\/\/plsk.eu\/wp-content\/uploads\/2025\/01\/Zamek-w-Muszynie-548x301.png\"\r\n              data-program=\"\"\r\n              data-purl=\"https:\/\/plsk.eu\/sk\/projekty\/zabytkowe-pogranicze-pieknieje-odnawiamy-i-udostepniamy-historyczne-atrakcje-na-transgranicznym-szlaku-z-muszyny-do-sabinowa-czesci-eurovelo11\/\"\r\n              data-dzialanie=\"\"\r\n              data-marker=\"https:\/\/plsk.eu\/wp-content\/themes\/fundusze\/assets\/images\/png\/blue_marker.png\"\r\n              data-btntxt=\"Dowiedz si\u0119 wi\u0119cej\"\r\n              data-pid=\"39184\"\r\n              ><\/div><div class=\"region-info-69f4acfb680b1 d-none\"\r\n              data-lat=\"49.7827196\"\r\n              data-lan=\"20.1892458\"\r\n              data-title=\"Ciricium a Slovensk\u00fd Vatik\u00e1n. Ochrana a revitaliz\u00e1cia sakr\u00e1lnych pamiatok a miest v ich okol\u00ed\"\r\n              data-img=\"https:\/\/plsk.eu\/wp-content\/uploads\/2024\/09\/22-548x301.png\"\r\n              data-program=\"\"\r\n              data-purl=\"https:\/\/plsk.eu\/sk\/projekty\/ciricium-a-slovensky-vatikan-ochrana-a-revitalizacia-sakralnych-pamiatok-a-miest-v-ich-okoli\/\"\r\n              data-dzialanie=\"\"\r\n              data-marker=\"https:\/\/plsk.eu\/wp-content\/themes\/fundusze\/assets\/images\/png\/blue_marker.png\"\r\n              data-btntxt=\"Dowiedz si\u0119 wi\u0119cej\"\r\n              data-pid=\"39179\"\r\n              ><\/div><div class=\"region-info-69f4acfb680b1 d-none\"\r\n              data-lat=\"49.0000945\"\r\n              data-lan=\"20.7516712\"\r\n              data-title=\"Ciricium a Slovensk\u00fd Vatik\u00e1n. Ochrana a revitaliz\u00e1cia sakr\u00e1lnych pamiatok a miest v ich okol\u00ed\"\r\n              data-img=\"https:\/\/plsk.eu\/wp-content\/uploads\/2024\/09\/22-548x301.png\"\r\n              data-program=\"\"\r\n              data-purl=\"https:\/\/plsk.eu\/sk\/projekty\/ciricium-a-slovensky-vatikan-ochrana-a-revitalizacia-sakralnych-pamiatok-a-miest-v-ich-okoli\/\"\r\n              data-dzialanie=\"\"\r\n              data-marker=\"https:\/\/plsk.eu\/wp-content\/themes\/fundusze\/assets\/images\/png\/blue_marker.png\"\r\n              data-btntxt=\"Dowiedz si\u0119 wi\u0119cej\"\r\n              data-pid=\"39179\"\r\n              ><\/div><div class=\"region-info-69f4acfb680b1 d-none\"\r\n              data-lat=\"49.5139337\"\r\n              data-lan=\"19.118131\"\r\n              data-title=\"Centrum eur\u00f3pskej goralskej kult\u00fary\"\r\n              data-img=\"https:\/\/plsk.eu\/wp-content\/uploads\/2025\/02\/20230905_180152-1-548x301.jpg\"\r\n              data-program=\"\"\r\n              data-purl=\"https:\/\/plsk.eu\/sk\/projekty\/centrum-europskej-goralskej-kultury\/\"\r\n              data-dzialanie=\"\"\r\n              data-marker=\"https:\/\/plsk.eu\/wp-content\/themes\/fundusze\/assets\/images\/png\/blue_marker.png\"\r\n              data-btntxt=\"Dowiedz si\u0119 wi\u0119cej\"\r\n              data-pid=\"39175\"\r\n              ><\/div><div class=\"region-info-69f4acfb680b1 d-none\"\r\n              data-lat=\"49.4961443\"\r\n              data-lan=\"18.9182732\"\r\n              data-title=\"Centrum eur\u00f3pskej goralskej kult\u00fary\"\r\n              data-img=\"https:\/\/plsk.eu\/wp-content\/uploads\/2025\/02\/20230905_180152-1-548x301.jpg\"\r\n              data-program=\"\"\r\n              data-purl=\"https:\/\/plsk.eu\/sk\/projekty\/centrum-europskej-goralskej-kultury\/\"\r\n              data-dzialanie=\"\"\r\n              data-marker=\"https:\/\/plsk.eu\/wp-content\/themes\/fundusze\/assets\/images\/png\/blue_marker.png\"\r\n              data-btntxt=\"Dowiedz si\u0119 wi\u0119cej\"\r\n              data-pid=\"39175\"\r\n              ><\/div><div class=\"region-info-69f4acfb680b1 d-none\"\r\n              data-lat=\"49.3565901\"\r\n              data-lan=\"20.8971615\"\r\n              data-title=\"V kruhu tajomstiev\"\r\n              data-img=\"https:\/\/plsk.eu\/wp-content\/uploads\/2026\/03\/569134089_122198911850495946_4248099249250258084_n-548x301.jpg\"\r\n              data-program=\"\"\r\n              data-purl=\"https:\/\/plsk.eu\/sk\/projekty\/v-kruhu-tajomstiev\/\"\r\n              data-dzialanie=\"\"\r\n              data-marker=\"https:\/\/plsk.eu\/wp-content\/themes\/fundusze\/assets\/images\/png\/blue_marker.png\"\r\n              data-btntxt=\"Dowiedz si\u0119 wi\u0119cej\"\r\n              data-pid=\"39166\"\r\n              ><\/div><div class=\"region-info-69f4acfb680b1 d-none\"\r\n              data-lat=\"49.303324\"\r\n              data-lan=\"20.6307616\"\r\n              data-title=\"V kruhu tajomstiev\"\r\n              data-img=\"https:\/\/plsk.eu\/wp-content\/uploads\/2026\/03\/569134089_122198911850495946_4248099249250258084_n-548x301.jpg\"\r\n              data-program=\"\"\r\n              data-purl=\"https:\/\/plsk.eu\/sk\/projekty\/v-kruhu-tajomstiev\/\"\r\n              data-dzialanie=\"\"\r\n              data-marker=\"https:\/\/plsk.eu\/wp-content\/themes\/fundusze\/assets\/images\/png\/blue_marker.png\"\r\n              data-btntxt=\"Dowiedz si\u0119 wi\u0119cej\"\r\n              data-pid=\"39166\"\r\n              ><\/div><div class=\"region-info-69f4acfb680b1 d-none\"\r\n              data-lat=\"49.5651565\"\r\n              data-lan=\"20.632414\"\r\n              data-title=\"ORBISFERA \u2013 sp\u00e1jame \u013eud\u00ed a ich cesty\"\r\n              data-img=\"https:\/\/plsk.eu\/wp-content\/uploads\/2025\/02\/3-548x301.jpg\"\r\n              data-program=\"\"\r\n              data-purl=\"https:\/\/plsk.eu\/sk\/projekty\/orbisfera-spajame-ludi-a-ich-cesty\/\"\r\n              data-dzialanie=\"\"\r\n              data-marker=\"https:\/\/plsk.eu\/wp-content\/themes\/fundusze\/assets\/images\/png\/blue_marker.png\"\r\n              data-btntxt=\"Dowiedz si\u0119 wi\u0119cej\"\r\n              data-pid=\"39160\"\r\n              ><\/div><div class=\"region-info-69f4acfb680b1 d-none\"\r\n              data-lat=\"49.0202097\"\r\n              data-lan=\"20.5843112\"\r\n              data-title=\"ORBISFERA \u2013 sp\u00e1jame \u013eud\u00ed a ich cesty\"\r\n              data-img=\"https:\/\/plsk.eu\/wp-content\/uploads\/2025\/02\/3-548x301.jpg\"\r\n              data-program=\"\"\r\n              data-purl=\"https:\/\/plsk.eu\/sk\/projekty\/orbisfera-spajame-ludi-a-ich-cesty\/\"\r\n              data-dzialanie=\"\"\r\n              data-marker=\"https:\/\/plsk.eu\/wp-content\/themes\/fundusze\/assets\/images\/png\/blue_marker.png\"\r\n              data-btntxt=\"Dowiedz si\u0119 wi\u0119cej\"\r\n              data-pid=\"39160\"\r\n              ><\/div><div class=\"region-info-69f4acfb680b1 d-none\"\r\n              data-lat=\"49.0920343\"\r\n              data-lan=\"19.2567375\"\r\n              data-title=\"Cestou dreva \u2013 pamiatkami drevenej architekt\u00fary a pr\u00edrodn\u00e9ho dedi\u010dstva vo Wisle a Ru\u017eomberku\"\r\n              data-img=\"https:\/\/plsk.eu\/wp-content\/uploads\/2026\/03\/202510-Wisla-Ruzomberk-INTERREG-029-548x301.jpg\"\r\n              data-program=\"\"\r\n              data-purl=\"https:\/\/plsk.eu\/sk\/projekty\/cestou-dreva-pamiatkami-drevenej-architektury-a-prirodneho-dedicstva-vo-wisle-a-ruzomberku\/\"\r\n              data-dzialanie=\"\"\r\n              data-marker=\"https:\/\/plsk.eu\/wp-content\/themes\/fundusze\/assets\/images\/png\/blue_marker.png\"\r\n              data-btntxt=\"Dowiedz si\u0119 wi\u0119cej\"\r\n              data-pid=\"39155\"\r\n              ><\/div><div class=\"region-info-69f4acfb680b1 d-none\"\r\n              data-lat=\"49.6473215\"\r\n              data-lan=\"18.867739\"\r\n              data-title=\"Cestou dreva \u2013 pamiatkami drevenej architekt\u00fary a pr\u00edrodn\u00e9ho dedi\u010dstva vo Wisle a Ru\u017eomberku\"\r\n              data-img=\"https:\/\/plsk.eu\/wp-content\/uploads\/2026\/03\/202510-Wisla-Ruzomberk-INTERREG-029-548x301.jpg\"\r\n              data-program=\"\"\r\n              data-purl=\"https:\/\/plsk.eu\/sk\/projekty\/cestou-dreva-pamiatkami-drevenej-architektury-a-prirodneho-dedicstva-vo-wisle-a-ruzomberku\/\"\r\n              data-dzialanie=\"\"\r\n              data-marker=\"https:\/\/plsk.eu\/wp-content\/themes\/fundusze\/assets\/images\/png\/blue_marker.png\"\r\n              data-btntxt=\"Dowiedz si\u0119 wi\u0119cej\"\r\n              data-pid=\"39155\"\r\n              ><\/div><div class=\"region-info-69f4acfb680b1 d-none\"\r\n              data-lat=\"49.4824848\"\r\n              data-lan=\"20.0329152\"\r\n              data-title=\"Mal\u00e9 projekty \u2013 ve\u013ek\u00e9 efekty pod Tatrami\"\r\n              data-img=\"https:\/\/plsk.eu\/wp-content\/uploads\/2025\/01\/szkolenia-4-14-20-548x301.png\"\r\n              data-program=\"\"\r\n              data-purl=\"https:\/\/plsk.eu\/sk\/projekty\/male-projekty-velke-efekty-pod-tatrami\/\"\r\n              data-dzialanie=\"\"\r\n              data-marker=\"https:\/\/plsk.eu\/wp-content\/themes\/fundusze\/assets\/images\/png\/blue_marker.png\"\r\n              data-btntxt=\"Dowiedz si\u0119 wi\u0119cej\"\r\n              data-pid=\"39150\"\r\n              ><\/div><div class=\"region-info-69f4acfb680b1 d-none\"\r\n              data-lat=\"50.0415228\"\r\n              data-lan=\"22.0080897\"\r\n              data-title=\"Tvoriv\u00e9 pohrani\u010die. Fond mal\u00fdch projektov v Karpatskom euroregi\u00f3ne\"\r\n              data-img=\"https:\/\/plsk.eu\/wp-content\/uploads\/2025\/01\/szkolenia-4-14-20-548x301.png\"\r\n              data-program=\"\"\r\n              data-purl=\"https:\/\/plsk.eu\/sk\/projekty\/tvorive-pohranicie-fond-malych-projektov-v-karpatskom-euroregione\/\"\r\n              data-dzialanie=\"\"\r\n              data-marker=\"https:\/\/plsk.eu\/wp-content\/themes\/fundusze\/assets\/images\/png\/blue_marker.png\"\r\n              data-btntxt=\"Dowiedz si\u0119 wi\u0119cej\"\r\n              data-pid=\"39146\"\r\n              ><\/div><div class=\"region-info-69f4acfb680b1 d-none\"\r\n              data-lat=\"49.8126607\"\r\n              data-lan=\"19.0392495\"\r\n              data-title=\"INTERREG Beskydy PL-SK\"\r\n              data-img=\"https:\/\/plsk.eu\/wp-content\/uploads\/2025\/01\/szkolenia-4-14-20-548x301.png\"\r\n              data-program=\"\"\r\n              data-purl=\"https:\/\/plsk.eu\/sk\/projekty\/interreg-beskydy-pl-sk\/\"\r\n              data-dzialanie=\"\"\r\n              data-marker=\"https:\/\/plsk.eu\/wp-content\/themes\/fundusze\/assets\/images\/png\/blue_marker.png\"\r\n              data-btntxt=\"Dowiedz si\u0119 wi\u0119cej\"\r\n              data-pid=\"39142\"\r\n              ><\/div><div class=\"region-info-69f4acfb680b1 d-none\"\r\n              data-lat=\"49.750134\"\r\n              data-lan=\"18.6390325\"\r\n              data-title=\"Zlep\u0161enie kvality cezhrani\u010dn\u00e9ho cestn\u00e9ho spojenia medzi obcou Istebna a obcou \u010cierne\"\r\n              data-img=\"https:\/\/plsk.eu\/wp-content\/uploads\/2025\/03\/5-548x301.jpg\"\r\n              data-program=\"\"\r\n              data-purl=\"https:\/\/plsk.eu\/sk\/projekty\/zlepsenie-kvality-cezhranicneho-cestneho-spojenia-medzi-obcou-istebna-a-obcou-cierne\/\"\r\n              data-dzialanie=\"\"\r\n              data-marker=\"https:\/\/plsk.eu\/wp-content\/themes\/fundusze\/assets\/images\/png\/blue_marker.png\"\r\n              data-btntxt=\"Dowiedz si\u0119 wi\u0119cej\"\r\n              data-pid=\"39138\"\r\n              ><\/div><div class=\"region-info-69f4acfb680b1 d-none\"\r\n              data-lat=\"49.4931967\"\r\n              data-lan=\"18.8202271\"\r\n              data-title=\"Zlep\u0161enie kvality cezhrani\u010dn\u00e9ho cestn\u00e9ho spojenia medzi obcou Istebna a obcou \u010cierne\"\r\n              data-img=\"https:\/\/plsk.eu\/wp-content\/uploads\/2025\/03\/5-548x301.jpg\"\r\n              data-program=\"\"\r\n              data-purl=\"https:\/\/plsk.eu\/sk\/projekty\/zlepsenie-kvality-cezhranicneho-cestneho-spojenia-medzi-obcou-istebna-a-obcou-cierne\/\"\r\n              data-dzialanie=\"\"\r\n              data-marker=\"https:\/\/plsk.eu\/wp-content\/themes\/fundusze\/assets\/images\/png\/blue_marker.png\"\r\n              data-btntxt=\"Dowiedz si\u0119 wi\u0119cej\"\r\n              data-pid=\"39138\"\r\n              ><\/div><div class=\"region-info-69f4acfb680b1 d-none\"\r\n              data-lat=\"49.0018324\"\r\n              data-lan=\"21.2393119\"\r\n              data-title=\"Sp\u00e1jame pohrani\u010die cez Duklu\"\r\n              data-img=\"https:\/\/plsk.eu\/wp-content\/uploads\/2025\/11\/rozpczecie-budowy-ronda-w-Nowym-Zmigrodzie-4-548x301.jpg\"\r\n              data-program=\"\"\r\n              data-purl=\"https:\/\/plsk.eu\/sk\/projekty\/spajame-pohranicie-cez-duklu\/\"\r\n              data-dzialanie=\"\"\r\n              data-marker=\"https:\/\/plsk.eu\/wp-content\/themes\/fundusze\/assets\/images\/png\/blue_marker.png\"\r\n              data-btntxt=\"Dowiedz si\u0119 wi\u0119cej\"\r\n              data-pid=\"39133\"\r\n              ><\/div><div class=\"region-info-69f4acfb680b1 d-none\"\r\n              data-lat=\"50.0395313\"\r\n              data-lan=\"21.9981322\"\r\n              data-title=\"Sp\u00e1jame pohrani\u010die cez Duklu\"\r\n              data-img=\"https:\/\/plsk.eu\/wp-content\/uploads\/2025\/11\/rozpczecie-budowy-ronda-w-Nowym-Zmigrodzie-4-548x301.jpg\"\r\n              data-program=\"\"\r\n              data-purl=\"https:\/\/plsk.eu\/sk\/projekty\/spajame-pohranicie-cez-duklu\/\"\r\n              data-dzialanie=\"\"\r\n              data-marker=\"https:\/\/plsk.eu\/wp-content\/themes\/fundusze\/assets\/images\/png\/blue_marker.png\"\r\n              data-btntxt=\"Dowiedz si\u0119 wi\u0119cej\"\r\n              data-pid=\"39133\"\r\n              ><\/div><div class=\"region-info-69f4acfb680b1 d-none\"\r\n              data-lat=\"48.9649722\"\r\n              data-lan=\"21.2572558\"\r\n              data-title=\"Sp\u00e1jame pohrani\u010die V\u00fdchodn\u00fdch Karp\u00e1t\"\r\n              data-img=\"https:\/\/plsk.eu\/wp-content\/uploads\/2025\/01\/DJI_0145-HDR-548x301.jpg\"\r\n              data-program=\"\"\r\n              data-purl=\"https:\/\/plsk.eu\/sk\/projekty\/spajame-pohranicie-vychodnych-karpat\/\"\r\n              data-dzialanie=\"\"\r\n              data-marker=\"https:\/\/plsk.eu\/wp-content\/themes\/fundusze\/assets\/images\/png\/blue_marker.png\"\r\n              data-btntxt=\"Dowiedz si\u0119 wi\u0119cej\"\r\n              data-pid=\"39127\"\r\n              ><\/div><div class=\"region-info-69f4acfb680b1 d-none\"\r\n              data-lat=\"50.0395313\"\r\n              data-lan=\"21.9981322\"\r\n              data-title=\"Sp\u00e1jame pohrani\u010die V\u00fdchodn\u00fdch Karp\u00e1t\"\r\n              data-img=\"https:\/\/plsk.eu\/wp-content\/uploads\/2025\/01\/DJI_0145-HDR-548x301.jpg\"\r\n              data-program=\"\"\r\n              data-purl=\"https:\/\/plsk.eu\/sk\/projekty\/spajame-pohranicie-vychodnych-karpat\/\"\r\n              data-dzialanie=\"\"\r\n              data-marker=\"https:\/\/plsk.eu\/wp-content\/themes\/fundusze\/assets\/images\/png\/blue_marker.png\"\r\n              data-btntxt=\"Dowiedz si\u0119 wi\u0119cej\"\r\n              data-pid=\"39127\"\r\n              ><\/div><div class=\"region-info-69f4acfb680b1 d-none\"\r\n              data-lat=\"49.4786603\"\r\n              data-lan=\"20.0342695\"\r\n              data-title=\"Moderniz\u00e1cia cestn\u00e9ho spojenia Pieninsk\u00fdch n\u00e1rodn\u00fdch parkov \u2013 4. etapa\"\r\n              data-img=\"https:\/\/plsk.eu\/wp-content\/uploads\/2025\/02\/DSC01906-Edit-548x301.jpg\"\r\n              data-program=\"\"\r\n              data-purl=\"https:\/\/plsk.eu\/sk\/projekty\/modernizacia-cestneho-spojenia-pieninskych-narodnych-parkov-4-etapa\/\"\r\n              data-dzialanie=\"\"\r\n              data-marker=\"https:\/\/plsk.eu\/wp-content\/themes\/fundusze\/assets\/images\/png\/blue_marker.png\"\r\n              data-btntxt=\"Dowiedz si\u0119 wi\u0119cej\"\r\n              data-pid=\"39122\"\r\n              ><\/div><div class=\"region-info-69f4acfb680b1 d-none\"\r\n              data-lat=\"49.0018324\"\r\n              data-lan=\"21.2393119\"\r\n              data-title=\"Moderniz\u00e1cia cestn\u00e9ho spojenia Pieninsk\u00fdch n\u00e1rodn\u00fdch parkov \u2013 4. etapa\"\r\n              data-img=\"https:\/\/plsk.eu\/wp-content\/uploads\/2025\/02\/DSC01906-Edit-548x301.jpg\"\r\n              data-program=\"\"\r\n              data-purl=\"https:\/\/plsk.eu\/sk\/projekty\/modernizacia-cestneho-spojenia-pieninskych-narodnych-parkov-4-etapa\/\"\r\n              data-dzialanie=\"\"\r\n              data-marker=\"https:\/\/plsk.eu\/wp-content\/themes\/fundusze\/assets\/images\/png\/blue_marker.png\"\r\n              data-btntxt=\"Dowiedz si\u0119 wi\u0119cej\"\r\n              data-pid=\"39122\"\r\n              ><\/div><div class=\"region-info-69f4acfb680b1 d-none\"\r\n              data-lat=\"49.3565901\"\r\n              data-lan=\"20.8971615\"\r\n              data-title=\"Prepojenie Horn\u00e9ho \u0160ari\u0161a s Muszynou\"\r\n              data-img=\"https:\/\/plsk.eu\/wp-content\/uploads\/2026\/03\/20251106_135942-548x301.jpg\"\r\n              data-program=\"\"\r\n              data-purl=\"https:\/\/plsk.eu\/sk\/projekty\/prepojenie-horneho-sarisa-s-muszynou\/\"\r\n              data-dzialanie=\"\"\r\n              data-marker=\"https:\/\/plsk.eu\/wp-content\/themes\/fundusze\/assets\/images\/png\/blue_marker.png\"\r\n              data-btntxt=\"Dowiedz si\u0119 wi\u0119cej\"\r\n              data-pid=\"39116\"\r\n              ><\/div><div class=\"region-info-69f4acfb680b1 d-none\"\r\n              data-lat=\"49.0018324\"\r\n              data-lan=\"21.2393119\"\r\n              data-title=\"Prepojenie Horn\u00e9ho \u0160ari\u0161a s Muszynou\"\r\n              data-img=\"https:\/\/plsk.eu\/wp-content\/uploads\/2026\/03\/20251106_135942-548x301.jpg\"\r\n              data-program=\"\"\r\n              data-purl=\"https:\/\/plsk.eu\/sk\/projekty\/prepojenie-horneho-sarisa-s-muszynou\/\"\r\n              data-dzialanie=\"\"\r\n              data-marker=\"https:\/\/plsk.eu\/wp-content\/themes\/fundusze\/assets\/images\/png\/blue_marker.png\"\r\n              data-btntxt=\"Dowiedz si\u0119 wi\u0119cej\"\r\n              data-pid=\"39116\"\r\n              ><\/div><div class=\"region-info-69f4acfb680b1 d-none\"\r\n              data-lat=\"49.6872647\"\r\n              data-lan=\"19.2055538\"\r\n              data-title=\"\u017dywiecko \u2013 \u010dadeck\u00fd cestn\u00fd koridor\"\r\n              data-img=\"https:\/\/plsk.eu\/wp-content\/uploads\/2026\/04\/Inwestycja-SK-po-realizacji-4-548x301.jpg\"\r\n              data-program=\"\"\r\n              data-purl=\"https:\/\/plsk.eu\/sk\/projekty\/zywiecko-cadecky-cestny-koridor\/\"\r\n              data-dzialanie=\"\"\r\n              data-marker=\"https:\/\/plsk.eu\/wp-content\/themes\/fundusze\/assets\/images\/png\/blue_marker.png\"\r\n              data-btntxt=\"Dowiedz si\u0119 wi\u0119cej\"\r\n              data-pid=\"39112\"\r\n              ><\/div><div class=\"region-info-69f4acfb680b1 d-none\"\r\n              data-lat=\"49.2194498\"\r\n              data-lan=\"18.7408001\"\r\n              data-title=\"\u017dywiecko \u2013 \u010dadeck\u00fd cestn\u00fd koridor\"\r\n              data-img=\"https:\/\/plsk.eu\/wp-content\/uploads\/2026\/04\/Inwestycja-SK-po-realizacji-4-548x301.jpg\"\r\n              data-program=\"\"\r\n              data-purl=\"https:\/\/plsk.eu\/sk\/projekty\/zywiecko-cadecky-cestny-koridor\/\"\r\n              data-dzialanie=\"\"\r\n              data-marker=\"https:\/\/plsk.eu\/wp-content\/themes\/fundusze\/assets\/images\/png\/blue_marker.png\"\r\n              data-btntxt=\"Dowiedz si\u0119 wi\u0119cej\"\r\n              data-pid=\"39112\"\r\n              ><\/div><div class=\"region-info-69f4acfb680b1 d-none\"\r\n              data-lat=\"49.477405\"\r\n              data-lan=\"22.4430528\"\r\n              data-title=\"Presk\u00famajte po\u013esko-slovensk\u00e9 Bieszczady prostredn\u00edctvom elektromobility\"\r\n              data-img=\"https:\/\/plsk.eu\/wp-content\/uploads\/2024\/09\/22-548x301.png\"\r\n              data-program=\"\"\r\n              data-purl=\"https:\/\/plsk.eu\/sk\/projekty\/preskumajte-polsko-slovenske-bieszczady-prostrednictvom-elektromobility\/\"\r\n              data-dzialanie=\"\"\r\n              data-marker=\"https:\/\/plsk.eu\/wp-content\/themes\/fundusze\/assets\/images\/png\/blue_marker.png\"\r\n              data-btntxt=\"Dowiedz si\u0119 wi\u0119cej\"\r\n              data-pid=\"39092\"\r\n              ><\/div><div class=\"region-info-69f4acfb680b1 d-none\"\r\n              data-lat=\"49.3696768\"\r\n              data-lan=\"22.4212003\"\r\n              data-title=\"Presk\u00famajte po\u013esko-slovensk\u00e9 Bieszczady prostredn\u00edctvom elektromobility\"\r\n              data-img=\"https:\/\/plsk.eu\/wp-content\/uploads\/2024\/09\/22-548x301.png\"\r\n              data-program=\"\"\r\n              data-purl=\"https:\/\/plsk.eu\/sk\/projekty\/preskumajte-polsko-slovenske-bieszczady-prostrednictvom-elektromobility\/\"\r\n              data-dzialanie=\"\"\r\n              data-marker=\"https:\/\/plsk.eu\/wp-content\/themes\/fundusze\/assets\/images\/png\/blue_marker.png\"\r\n              data-btntxt=\"Dowiedz si\u0119 wi\u0119cej\"\r\n              data-pid=\"39092\"\r\n              ><\/div><div class=\"region-info-69f4acfb680b1 d-none\"\r\n              data-lat=\"49.2110804\"\r\n              data-lan=\"22.3290271\"\r\n              data-title=\"Presk\u00famajte po\u013esko-slovensk\u00e9 Bieszczady prostredn\u00edctvom elektromobility\"\r\n              data-img=\"https:\/\/plsk.eu\/wp-content\/uploads\/2024\/09\/22-548x301.png\"\r\n              data-program=\"\"\r\n              data-purl=\"https:\/\/plsk.eu\/sk\/projekty\/preskumajte-polsko-slovenske-bieszczady-prostrednictvom-elektromobility\/\"\r\n              data-dzialanie=\"\"\r\n              data-marker=\"https:\/\/plsk.eu\/wp-content\/themes\/fundusze\/assets\/images\/png\/blue_marker.png\"\r\n              data-btntxt=\"Dowiedz si\u0119 wi\u0119cej\"\r\n              data-pid=\"39092\"\r\n              ><\/div><div class=\"region-info-69f4acfb680b1 d-none\"\r\n              data-lat=\"49.3477922\"\r\n              data-lan=\"21.541009\"\r\n              data-title=\"Presk\u00famajte po\u013esko-slovensk\u00e9 Bieszczady prostredn\u00edctvom elektromobility\"\r\n              data-img=\"https:\/\/plsk.eu\/wp-content\/uploads\/2024\/09\/22-548x301.png\"\r\n              data-program=\"\"\r\n              data-purl=\"https:\/\/plsk.eu\/sk\/projekty\/preskumajte-polsko-slovenske-bieszczady-prostrednictvom-elektromobility\/\"\r\n              data-dzialanie=\"\"\r\n              data-marker=\"https:\/\/plsk.eu\/wp-content\/themes\/fundusze\/assets\/images\/png\/blue_marker.png\"\r\n              data-btntxt=\"Dowiedz si\u0119 wi\u0119cej\"\r\n              data-pid=\"39092\"\r\n              ><\/div><div class=\"region-info-69f4acfb680b1 d-none\"\r\n              data-lat=\"50.0662432\"\r\n              data-lan=\"19.9401819\"\r\n              data-title=\"Lys\u00e1 Po\u013eana sp\u00e1ja\"\r\n              data-img=\"https:\/\/plsk.eu\/wp-content\/uploads\/2025\/03\/2-548x301.jpg\"\r\n              data-program=\"\"\r\n              data-purl=\"https:\/\/plsk.eu\/sk\/projekty\/lysa-polana-spaja\/\"\r\n              data-dzialanie=\"\"\r\n              data-marker=\"https:\/\/plsk.eu\/wp-content\/themes\/fundusze\/assets\/images\/png\/blue_marker.png\"\r\n              data-btntxt=\"Dowiedz si\u0119 wi\u0119cej\"\r\n              data-pid=\"39083\"\r\n              ><\/div><div class=\"region-info-69f4acfb680b1 d-none\"\r\n              data-lat=\"48.9648969\"\r\n              data-lan=\"21.2561618\"\r\n              data-title=\"Lys\u00e1 Po\u013eana sp\u00e1ja\"\r\n              data-img=\"https:\/\/plsk.eu\/wp-content\/uploads\/2025\/03\/2-548x301.jpg\"\r\n              data-program=\"\"\r\n              data-purl=\"https:\/\/plsk.eu\/sk\/projekty\/lysa-polana-spaja\/\"\r\n              data-dzialanie=\"\"\r\n              data-marker=\"https:\/\/plsk.eu\/wp-content\/themes\/fundusze\/assets\/images\/png\/blue_marker.png\"\r\n              data-btntxt=\"Dowiedz si\u0119 wi\u0119cej\"\r\n              data-pid=\"39083\"\r\n              ><\/div><div class=\"region-info-69f4acfb680b1 d-none\"\r\n              data-lat=\"49.6613737\"\r\n              data-lan=\"19.5605844\"\r\n              data-title=\"Drav\u00e9 pohrani\u010die &#8211; cezhrani\u010dn\u00e1 spolupr\u00e1ca pre integrovan\u00fa ochranu ve\u013ek\u00fdch \u0161eliem v Po\u013esku a na Slovensku\"\r\n              data-img=\"https:\/\/plsk.eu\/wp-content\/uploads\/2025\/06\/Fot.-P.-Armatys-4-548x301.jpg\"\r\n              data-program=\"\"\r\n              data-purl=\"https:\/\/plsk.eu\/sk\/projekty\/drave-pohranicie-cezhranicna-spolupraca-pre-integrovanu-ochranu-velkych-seliem-v-polsku-a-na-slovensku\/\"\r\n              data-dzialanie=\"\"\r\n              data-marker=\"https:\/\/plsk.eu\/wp-content\/themes\/fundusze\/assets\/images\/png\/blue_marker.png\"\r\n              data-btntxt=\"Dowiedz si\u0119 wi\u0119cej\"\r\n              data-pid=\"39077\"\r\n              ><\/div><div class=\"region-info-69f4acfb680b1 d-none\"\r\n              data-lat=\"52.2296756\"\r\n              data-lan=\"21.0122287\"\r\n              data-title=\"Drav\u00e9 pohrani\u010die &#8211; cezhrani\u010dn\u00e1 spolupr\u00e1ca pre integrovan\u00fa ochranu ve\u013ek\u00fdch \u0161eliem v Po\u013esku a na Slovensku\"\r\n              data-img=\"https:\/\/plsk.eu\/wp-content\/uploads\/2025\/06\/Fot.-P.-Armatys-4-548x301.jpg\"\r\n              data-program=\"\"\r\n              data-purl=\"https:\/\/plsk.eu\/sk\/projekty\/drave-pohranicie-cezhranicna-spolupraca-pre-integrovanu-ochranu-velkych-seliem-v-polsku-a-na-slovensku\/\"\r\n              data-dzialanie=\"\"\r\n              data-marker=\"https:\/\/plsk.eu\/wp-content\/themes\/fundusze\/assets\/images\/png\/blue_marker.png\"\r\n              data-btntxt=\"Dowiedz si\u0119 wi\u0119cej\"\r\n              data-pid=\"39077\"\r\n              ><\/div><div class=\"region-info-69f4acfb680b1 d-none\"\r\n              data-lat=\"49.6076997\"\r\n              data-lan=\"20.0628844\"\r\n              data-title=\"Drav\u00e9 pohrani\u010die &#8211; cezhrani\u010dn\u00e1 spolupr\u00e1ca pre integrovan\u00fa ochranu ve\u013ek\u00fdch \u0161eliem v Po\u013esku a na Slovensku\"\r\n              data-img=\"https:\/\/plsk.eu\/wp-content\/uploads\/2025\/06\/Fot.-P.-Armatys-4-548x301.jpg\"\r\n              data-program=\"\"\r\n              data-purl=\"https:\/\/plsk.eu\/sk\/projekty\/drave-pohranicie-cezhranicna-spolupraca-pre-integrovanu-ochranu-velkych-seliem-v-polsku-a-na-slovensku\/\"\r\n              data-dzialanie=\"\"\r\n              data-marker=\"https:\/\/plsk.eu\/wp-content\/themes\/fundusze\/assets\/images\/png\/blue_marker.png\"\r\n              data-btntxt=\"Dowiedz si\u0119 wi\u0119cej\"\r\n              data-pid=\"39077\"\r\n              ><\/div><div class=\"region-info-69f4acfb680b1 d-none\"\r\n              data-lat=\"52.111291\"\r\n              data-lan=\"20.8848232\"\r\n              data-title=\"Drav\u00e9 pohrani\u010die &#8211; cezhrani\u010dn\u00e1 spolupr\u00e1ca pre integrovan\u00fa ochranu ve\u013ek\u00fdch \u0161eliem v Po\u013esku a na Slovensku\"\r\n              data-img=\"https:\/\/plsk.eu\/wp-content\/uploads\/2025\/06\/Fot.-P.-Armatys-4-548x301.jpg\"\r\n              data-program=\"\"\r\n              data-purl=\"https:\/\/plsk.eu\/sk\/projekty\/drave-pohranicie-cezhranicna-spolupraca-pre-integrovanu-ochranu-velkych-seliem-v-polsku-a-na-slovensku\/\"\r\n              data-dzialanie=\"\"\r\n              data-marker=\"https:\/\/plsk.eu\/wp-content\/themes\/fundusze\/assets\/images\/png\/blue_marker.png\"\r\n              data-btntxt=\"Dowiedz si\u0119 wi\u0119cej\"\r\n              data-pid=\"39077\"\r\n              ><\/div><div class=\"region-info-69f4acfb680b1 d-none\"\r\n              data-lat=\"49.5109776\"\r\n              data-lan=\"21.5004151\"\r\n              data-title=\"Drav\u00e9 pohrani\u010die &#8211; cezhrani\u010dn\u00e1 spolupr\u00e1ca pre integrovan\u00fa ochranu ve\u013ek\u00fdch \u0161eliem v Po\u013esku a na Slovensku\"\r\n              data-img=\"https:\/\/plsk.eu\/wp-content\/uploads\/2025\/06\/Fot.-P.-Armatys-4-548x301.jpg\"\r\n              data-program=\"\"\r\n              data-purl=\"https:\/\/plsk.eu\/sk\/projekty\/drave-pohranicie-cezhranicna-spolupraca-pre-integrovanu-ochranu-velkych-seliem-v-polsku-a-na-slovensku\/\"\r\n              data-dzialanie=\"\"\r\n              data-marker=\"https:\/\/plsk.eu\/wp-content\/themes\/fundusze\/assets\/images\/png\/blue_marker.png\"\r\n              data-btntxt=\"Dowiedz si\u0119 wi\u0119cej\"\r\n              data-pid=\"39077\"\r\n              ><\/div><div class=\"region-info-69f4acfb680b1 d-none\"\r\n              data-lat=\"49.699866\"\r\n              data-lan=\"21.1525135\"\r\n              data-title=\"Drav\u00e9 pohrani\u010die &#8211; cezhrani\u010dn\u00e1 spolupr\u00e1ca pre integrovan\u00fa ochranu ve\u013ek\u00fdch \u0161eliem v Po\u013esku a na Slovensku\"\r\n              data-img=\"https:\/\/plsk.eu\/wp-content\/uploads\/2025\/06\/Fot.-P.-Armatys-4-548x301.jpg\"\r\n              data-program=\"\"\r\n              data-purl=\"https:\/\/plsk.eu\/sk\/projekty\/drave-pohranicie-cezhranicna-spolupraca-pre-integrovanu-ochranu-velkych-seliem-v-polsku-a-na-slovensku\/\"\r\n              data-dzialanie=\"\"\r\n              data-marker=\"https:\/\/plsk.eu\/wp-content\/themes\/fundusze\/assets\/images\/png\/blue_marker.png\"\r\n              data-btntxt=\"Dowiedz si\u0119 wi\u0119cej\"\r\n              data-pid=\"39077\"\r\n              ><\/div><div class=\"region-info-69f4acfb680b1 d-none\"\r\n              data-lat=\"49.4368364\"\r\n              data-lan=\"20.4329165\"\r\n              data-title=\"Drav\u00e9 pohrani\u010die &#8211; cezhrani\u010dn\u00e1 spolupr\u00e1ca pre integrovan\u00fa ochranu ve\u013ek\u00fdch \u0161eliem v Po\u013esku a na Slovensku\"\r\n              data-img=\"https:\/\/plsk.eu\/wp-content\/uploads\/2025\/06\/Fot.-P.-Armatys-4-548x301.jpg\"\r\n              data-program=\"\"\r\n              data-purl=\"https:\/\/plsk.eu\/sk\/projekty\/drave-pohranicie-cezhranicna-spolupraca-pre-integrovanu-ochranu-velkych-seliem-v-polsku-a-na-slovensku\/\"\r\n              data-dzialanie=\"\"\r\n              data-marker=\"https:\/\/plsk.eu\/wp-content\/themes\/fundusze\/assets\/images\/png\/blue_marker.png\"\r\n              data-btntxt=\"Dowiedz si\u0119 wi\u0119cej\"\r\n              data-pid=\"39077\"\r\n              ><\/div><div class=\"region-info-69f4acfb680b1 d-none\"\r\n              data-lat=\"49.70587\"\r\n              data-lan=\"20.42228\"\r\n              data-title=\"Drav\u00e9 pohrani\u010die &#8211; cezhrani\u010dn\u00e1 spolupr\u00e1ca pre integrovan\u00fa ochranu ve\u013ek\u00fdch \u0161eliem v Po\u013esku a na Slovensku\"\r\n              data-img=\"https:\/\/plsk.eu\/wp-content\/uploads\/2025\/06\/Fot.-P.-Armatys-4-548x301.jpg\"\r\n              data-program=\"\"\r\n              data-purl=\"https:\/\/plsk.eu\/sk\/projekty\/drave-pohranicie-cezhranicna-spolupraca-pre-integrovanu-ochranu-velkych-seliem-v-polsku-a-na-slovensku\/\"\r\n              data-dzialanie=\"\"\r\n              data-marker=\"https:\/\/plsk.eu\/wp-content\/themes\/fundusze\/assets\/images\/png\/blue_marker.png\"\r\n              data-btntxt=\"Dowiedz si\u0119 wi\u0119cej\"\r\n              data-pid=\"39077\"\r\n              ><\/div><div class=\"region-info-69f4acfb680b1 d-none\"\r\n              data-lat=\"49.83347\"\r\n              data-lan=\"19.93965\"\r\n              data-title=\"Drav\u00e9 pohrani\u010die &#8211; cezhrani\u010dn\u00e1 spolupr\u00e1ca pre integrovan\u00fa ochranu ve\u013ek\u00fdch \u0161eliem v Po\u013esku a na Slovensku\"\r\n              data-img=\"https:\/\/plsk.eu\/wp-content\/uploads\/2025\/06\/Fot.-P.-Armatys-4-548x301.jpg\"\r\n              data-program=\"\"\r\n              data-purl=\"https:\/\/plsk.eu\/sk\/projekty\/drave-pohranicie-cezhranicna-spolupraca-pre-integrovanu-ochranu-velkych-seliem-v-polsku-a-na-slovensku\/\"\r\n              data-dzialanie=\"\"\r\n              data-marker=\"https:\/\/plsk.eu\/wp-content\/themes\/fundusze\/assets\/images\/png\/blue_marker.png\"\r\n              data-btntxt=\"Dowiedz si\u0119 wi\u0119cej\"\r\n              data-pid=\"39077\"\r\n              ><\/div><div class=\"region-info-69f4acfb680b1 d-none\"\r\n              data-lat=\"49.5599707\"\r\n              data-lan=\"20.746196\"\r\n              data-title=\"Drav\u00e9 pohrani\u010die &#8211; cezhrani\u010dn\u00e1 spolupr\u00e1ca pre integrovan\u00fa ochranu ve\u013ek\u00fdch \u0161eliem v Po\u013esku a na Slovensku\"\r\n              data-img=\"https:\/\/plsk.eu\/wp-content\/uploads\/2025\/06\/Fot.-P.-Armatys-4-548x301.jpg\"\r\n              data-program=\"\"\r\n              data-purl=\"https:\/\/plsk.eu\/sk\/projekty\/drave-pohranicie-cezhranicna-spolupraca-pre-integrovanu-ochranu-velkych-seliem-v-polsku-a-na-slovensku\/\"\r\n              data-dzialanie=\"\"\r\n              data-marker=\"https:\/\/plsk.eu\/wp-content\/themes\/fundusze\/assets\/images\/png\/blue_marker.png\"\r\n              data-btntxt=\"Dowiedz si\u0119 wi\u0119cej\"\r\n              data-pid=\"39077\"\r\n              ><\/div><div class=\"region-info-69f4acfb680b1 d-none\"\r\n              data-lat=\"49.4774647\"\r\n              data-lan=\"20.032096\"\r\n              data-title=\"Drav\u00e9 pohrani\u010die &#8211; cezhrani\u010dn\u00e1 spolupr\u00e1ca pre integrovan\u00fa ochranu ve\u013ek\u00fdch \u0161eliem v Po\u013esku a na Slovensku\"\r\n              data-img=\"https:\/\/plsk.eu\/wp-content\/uploads\/2025\/06\/Fot.-P.-Armatys-4-548x301.jpg\"\r\n              data-program=\"\"\r\n              data-purl=\"https:\/\/plsk.eu\/sk\/projekty\/drave-pohranicie-cezhranicna-spolupraca-pre-integrovanu-ochranu-velkych-seliem-v-polsku-a-na-slovensku\/\"\r\n              data-dzialanie=\"\"\r\n              data-marker=\"https:\/\/plsk.eu\/wp-content\/themes\/fundusze\/assets\/images\/png\/blue_marker.png\"\r\n              data-btntxt=\"Dowiedz si\u0119 wi\u0119cej\"\r\n              data-pid=\"39077\"\r\n              ><\/div><div class=\"region-info-69f4acfb680b1 d-none\"\r\n              data-lat=\"49.4396092\"\r\n              data-lan=\"20.713445\"\r\n              data-title=\"Drav\u00e9 pohrani\u010die &#8211; cezhrani\u010dn\u00e1 spolupr\u00e1ca pre integrovan\u00fa ochranu ve\u013ek\u00fdch \u0161eliem v Po\u013esku a na Slovensku\"\r\n              data-img=\"https:\/\/plsk.eu\/wp-content\/uploads\/2025\/06\/Fot.-P.-Armatys-4-548x301.jpg\"\r\n              data-program=\"\"\r\n              data-purl=\"https:\/\/plsk.eu\/sk\/projekty\/drave-pohranicie-cezhranicna-spolupraca-pre-integrovanu-ochranu-velkych-seliem-v-polsku-a-na-slovensku\/\"\r\n              data-dzialanie=\"\"\r\n              data-marker=\"https:\/\/plsk.eu\/wp-content\/themes\/fundusze\/assets\/images\/png\/blue_marker.png\"\r\n              data-btntxt=\"Dowiedz si\u0119 wi\u0119cej\"\r\n              data-pid=\"39077\"\r\n              ><\/div><div class=\"region-info-69f4acfb680b1 d-none\"\r\n              data-lat=\"49.5641948\"\r\n              data-lan=\"20.6359903\"\r\n              data-title=\"Drav\u00e9 pohrani\u010die &#8211; cezhrani\u010dn\u00e1 spolupr\u00e1ca pre integrovan\u00fa ochranu ve\u013ek\u00fdch \u0161eliem v Po\u013esku a na Slovensku\"\r\n              data-img=\"https:\/\/plsk.eu\/wp-content\/uploads\/2025\/06\/Fot.-P.-Armatys-4-548x301.jpg\"\r\n              data-program=\"\"\r\n              data-purl=\"https:\/\/plsk.eu\/sk\/projekty\/drave-pohranicie-cezhranicna-spolupraca-pre-integrovanu-ochranu-velkych-seliem-v-polsku-a-na-slovensku\/\"\r\n              data-dzialanie=\"\"\r\n              data-marker=\"https:\/\/plsk.eu\/wp-content\/themes\/fundusze\/assets\/images\/png\/blue_marker.png\"\r\n              data-btntxt=\"Dowiedz si\u0119 wi\u0119cej\"\r\n              data-pid=\"39077\"\r\n              ><\/div><div class=\"region-info-69f4acfb680b1 d-none\"\r\n              data-lat=\"52.456885\"\r\n              data-lan=\"21.1825021\"\r\n              data-title=\"Drav\u00e9 pohrani\u010die &#8211; cezhrani\u010dn\u00e1 spolupr\u00e1ca pre integrovan\u00fa ochranu ve\u013ek\u00fdch \u0161eliem v Po\u013esku a na Slovensku\"\r\n              data-img=\"https:\/\/plsk.eu\/wp-content\/uploads\/2025\/06\/Fot.-P.-Armatys-4-548x301.jpg\"\r\n              data-program=\"\"\r\n              data-purl=\"https:\/\/plsk.eu\/sk\/projekty\/drave-pohranicie-cezhranicna-spolupraca-pre-integrovanu-ochranu-velkych-seliem-v-polsku-a-na-slovensku\/\"\r\n              data-dzialanie=\"\"\r\n              data-marker=\"https:\/\/plsk.eu\/wp-content\/themes\/fundusze\/assets\/images\/png\/blue_marker.png\"\r\n              data-btntxt=\"Dowiedz si\u0119 wi\u0119cej\"\r\n              data-pid=\"39077\"\r\n              ><\/div><div class=\"region-info-69f4acfb680b1 d-none\"\r\n              data-lat=\"49.4368364\"\r\n              data-lan=\"20.4329165\"\r\n              data-title=\"Drav\u00e9 pohrani\u010die &#8211; cezhrani\u010dn\u00e1 spolupr\u00e1ca pre integrovan\u00fa ochranu ve\u013ek\u00fdch \u0161eliem v Po\u013esku a na Slovensku\"\r\n              data-img=\"https:\/\/plsk.eu\/wp-content\/uploads\/2025\/06\/Fot.-P.-Armatys-4-548x301.jpg\"\r\n              data-program=\"\"\r\n              data-purl=\"https:\/\/plsk.eu\/sk\/projekty\/drave-pohranicie-cezhranicna-spolupraca-pre-integrovanu-ochranu-velkych-seliem-v-polsku-a-na-slovensku\/\"\r\n              data-dzialanie=\"\"\r\n              data-marker=\"https:\/\/plsk.eu\/wp-content\/themes\/fundusze\/assets\/images\/png\/blue_marker.png\"\r\n              data-btntxt=\"Dowiedz si\u0119 wi\u0119cej\"\r\n              data-pid=\"39077\"\r\n              ><\/div><div class=\"region-info-69f4acfb680b1 d-none\"\r\n              data-lat=\"50.0717627\"\r\n              data-lan=\"19.9304043\"\r\n              data-title=\"Drav\u00e9 pohrani\u010die &#8211; cezhrani\u010dn\u00e1 spolupr\u00e1ca pre integrovan\u00fa ochranu ve\u013ek\u00fdch \u0161eliem v Po\u013esku a na Slovensku\"\r\n              data-img=\"https:\/\/plsk.eu\/wp-content\/uploads\/2025\/06\/Fot.-P.-Armatys-4-548x301.jpg\"\r\n              data-program=\"\"\r\n              data-purl=\"https:\/\/plsk.eu\/sk\/projekty\/drave-pohranicie-cezhranicna-spolupraca-pre-integrovanu-ochranu-velkych-seliem-v-polsku-a-na-slovensku\/\"\r\n              data-dzialanie=\"\"\r\n              data-marker=\"https:\/\/plsk.eu\/wp-content\/themes\/fundusze\/assets\/images\/png\/blue_marker.png\"\r\n              data-btntxt=\"Dowiedz si\u0119 wi\u0119cej\"\r\n              data-pid=\"39077\"\r\n              ><\/div><div class=\"region-info-69f4acfb680b1 d-none\"\r\n              data-lat=\"49.3841841\"\r\n              data-lan=\"20.3603549\"\r\n              data-title=\"Drav\u00e9 pohrani\u010die &#8211; cezhrani\u010dn\u00e1 spolupr\u00e1ca pre integrovan\u00fa ochranu ve\u013ek\u00fdch \u0161eliem v Po\u013esku a na Slovensku\"\r\n              data-img=\"https:\/\/plsk.eu\/wp-content\/uploads\/2025\/06\/Fot.-P.-Armatys-4-548x301.jpg\"\r\n              data-program=\"\"\r\n              data-purl=\"https:\/\/plsk.eu\/sk\/projekty\/drave-pohranicie-cezhranicna-spolupraca-pre-integrovanu-ochranu-velkych-seliem-v-polsku-a-na-slovensku\/\"\r\n              data-dzialanie=\"\"\r\n              data-marker=\"https:\/\/plsk.eu\/wp-content\/themes\/fundusze\/assets\/images\/png\/blue_marker.png\"\r\n              data-btntxt=\"Dowiedz si\u0119 wi\u0119cej\"\r\n              data-pid=\"39077\"\r\n              ><\/div><div class=\"region-info-69f4acfb680b1 d-none\"\r\n              data-lat=\"49.1383475\"\r\n              data-lan=\"20.2203983\"\r\n              data-title=\"Drav\u00e9 pohrani\u010die &#8211; cezhrani\u010dn\u00e1 spolupr\u00e1ca pre integrovan\u00fa ochranu ve\u013ek\u00fdch \u0161eliem v Po\u013esku a na Slovensku\"\r\n              data-img=\"https:\/\/plsk.eu\/wp-content\/uploads\/2025\/06\/Fot.-P.-Armatys-4-548x301.jpg\"\r\n              data-program=\"\"\r\n              data-purl=\"https:\/\/plsk.eu\/sk\/projekty\/drave-pohranicie-cezhranicna-spolupraca-pre-integrovanu-ochranu-velkych-seliem-v-polsku-a-na-slovensku\/\"\r\n              data-dzialanie=\"\"\r\n              data-marker=\"https:\/\/plsk.eu\/wp-content\/themes\/fundusze\/assets\/images\/png\/blue_marker.png\"\r\n              data-btntxt=\"Dowiedz si\u0119 wi\u0119cej\"\r\n              data-pid=\"39077\"\r\n              ><\/div><div class=\"region-info-69f4acfb680b1 d-none\"\r\n              data-lat=\"49.299181\"\r\n              data-lan=\"19.9495621\"\r\n              data-title=\"Drav\u00e9 pohrani\u010die &#8211; cezhrani\u010dn\u00e1 spolupr\u00e1ca pre integrovan\u00fa ochranu ve\u013ek\u00fdch \u0161eliem v Po\u013esku a na Slovensku\"\r\n              data-img=\"https:\/\/plsk.eu\/wp-content\/uploads\/2025\/06\/Fot.-P.-Armatys-4-548x301.jpg\"\r\n              data-program=\"\"\r\n              data-purl=\"https:\/\/plsk.eu\/sk\/projekty\/drave-pohranicie-cezhranicna-spolupraca-pre-integrovanu-ochranu-velkych-seliem-v-polsku-a-na-slovensku\/\"\r\n              data-dzialanie=\"\"\r\n              data-marker=\"https:\/\/plsk.eu\/wp-content\/themes\/fundusze\/assets\/images\/png\/blue_marker.png\"\r\n              data-btntxt=\"Dowiedz si\u0119 wi\u0119cej\"\r\n              data-pid=\"39077\"\r\n              ><\/div><div class=\"region-info-69f4acfb680b1 d-none\"\r\n              data-lat=\"49.881374\"\r\n              data-lan=\"20.0889443\"\r\n              data-title=\"Spolo\u010dne proti n\u00e1sledkom klimatick\u00fdch zmien v po\u013esko-slovenskom pohrani\u010d\u00ed. Kr\u00edzov\u00e9 riadenie v te\u00f3rii a praxi.\"\r\n              data-img=\"https:\/\/plsk.eu\/wp-content\/uploads\/2025\/03\/3.-Fot.-Mesto-Spisska-Stara-Ves-548x301.jpg\"\r\n              data-program=\"\"\r\n              data-purl=\"https:\/\/plsk.eu\/sk\/projekty\/spolocne-proti-nasledkom-klimatickych-zmien-v-polsko-slovenskom-pohranici-krizove-riadenie-v-teorii-a-praxi\/\"\r\n              data-dzialanie=\"\"\r\n              data-marker=\"https:\/\/plsk.eu\/wp-content\/themes\/fundusze\/assets\/images\/png\/blue_marker.png\"\r\n              data-btntxt=\"Dowiedz si\u0119 wi\u0119cej\"\r\n              data-pid=\"39071\"\r\n              ><\/div><div class=\"region-info-69f4acfb680b1 d-none\"\r\n              data-lat=\"49.5109852\"\r\n              data-lan=\"19.5935482\"\r\n              data-title=\"Spolo\u010dne proti n\u00e1sledkom klimatick\u00fdch zmien v po\u013esko-slovenskom pohrani\u010d\u00ed. Kr\u00edzov\u00e9 riadenie v te\u00f3rii a praxi.\"\r\n              data-img=\"https:\/\/plsk.eu\/wp-content\/uploads\/2025\/03\/3.-Fot.-Mesto-Spisska-Stara-Ves-548x301.jpg\"\r\n              data-program=\"\"\r\n              data-purl=\"https:\/\/plsk.eu\/sk\/projekty\/spolocne-proti-nasledkom-klimatickych-zmien-v-polsko-slovenskom-pohranici-krizove-riadenie-v-teorii-a-praxi\/\"\r\n              data-dzialanie=\"\"\r\n              data-marker=\"https:\/\/plsk.eu\/wp-content\/themes\/fundusze\/assets\/images\/png\/blue_marker.png\"\r\n              data-btntxt=\"Dowiedz si\u0119 wi\u0119cej\"\r\n              data-pid=\"39071\"\r\n              ><\/div><div class=\"region-info-69f4acfb680b1 d-none\"\r\n              data-lat=\"49.4774647\"\r\n              data-lan=\"20.032096\"\r\n              data-title=\"Spolo\u010dne proti n\u00e1sledkom klimatick\u00fdch zmien v po\u013esko-slovenskom pohrani\u010d\u00ed. Kr\u00edzov\u00e9 riadenie v te\u00f3rii a praxi.\"\r\n              data-img=\"https:\/\/plsk.eu\/wp-content\/uploads\/2025\/03\/3.-Fot.-Mesto-Spisska-Stara-Ves-548x301.jpg\"\r\n              data-program=\"\"\r\n              data-purl=\"https:\/\/plsk.eu\/sk\/projekty\/spolocne-proti-nasledkom-klimatickych-zmien-v-polsko-slovenskom-pohranici-krizove-riadenie-v-teorii-a-praxi\/\"\r\n              data-dzialanie=\"\"\r\n              data-marker=\"https:\/\/plsk.eu\/wp-content\/themes\/fundusze\/assets\/images\/png\/blue_marker.png\"\r\n              data-btntxt=\"Dowiedz si\u0119 wi\u0119cej\"\r\n              data-pid=\"39071\"\r\n              ><\/div><div class=\"region-info-69f4acfb680b1 d-none\"\r\n              data-lat=\"49.6090128\"\r\n              data-lan=\"19.9671769\"\r\n              data-title=\"Spolo\u010dne proti n\u00e1sledkom klimatick\u00fdch zmien v po\u013esko-slovenskom pohrani\u010d\u00ed. Kr\u00edzov\u00e9 riadenie v te\u00f3rii a praxi.\"\r\n              data-img=\"https:\/\/plsk.eu\/wp-content\/uploads\/2025\/03\/3.-Fot.-Mesto-Spisska-Stara-Ves-548x301.jpg\"\r\n              data-program=\"\"\r\n              data-purl=\"https:\/\/plsk.eu\/sk\/projekty\/spolocne-proti-nasledkom-klimatickych-zmien-v-polsko-slovenskom-pohranici-krizove-riadenie-v-teorii-a-praxi\/\"\r\n              data-dzialanie=\"\"\r\n              data-marker=\"https:\/\/plsk.eu\/wp-content\/themes\/fundusze\/assets\/images\/png\/blue_marker.png\"\r\n              data-btntxt=\"Dowiedz si\u0119 wi\u0119cej\"\r\n              data-pid=\"39071\"\r\n              ><\/div><div class=\"region-info-69f4acfb680b1 d-none\"\r\n              data-lat=\"49.3968783\"\r\n              data-lan=\"20.2443022\"\r\n              data-title=\"Spolo\u010dne proti n\u00e1sledkom klimatick\u00fdch zmien v po\u013esko-slovenskom pohrani\u010d\u00ed. Kr\u00edzov\u00e9 riadenie v te\u00f3rii a praxi.\"\r\n              data-img=\"https:\/\/plsk.eu\/wp-content\/uploads\/2025\/03\/3.-Fot.-Mesto-Spisska-Stara-Ves-548x301.jpg\"\r\n              data-program=\"\"\r\n              data-purl=\"https:\/\/plsk.eu\/sk\/projekty\/spolocne-proti-nasledkom-klimatickych-zmien-v-polsko-slovenskom-pohranici-krizove-riadenie-v-teorii-a-praxi\/\"\r\n              data-dzialanie=\"\"\r\n              data-marker=\"https:\/\/plsk.eu\/wp-content\/themes\/fundusze\/assets\/images\/png\/blue_marker.png\"\r\n              data-btntxt=\"Dowiedz si\u0119 wi\u0119cej\"\r\n              data-pid=\"39071\"\r\n              ><\/div><div class=\"region-info-69f4acfb680b1 d-none\"\r\n              data-lat=\"49.3841841\"\r\n              data-lan=\"20.3603549\"\r\n              data-title=\"Spolo\u010dne proti n\u00e1sledkom klimatick\u00fdch zmien v po\u013esko-slovenskom pohrani\u010d\u00ed. Kr\u00edzov\u00e9 riadenie v te\u00f3rii a praxi.\"\r\n              data-img=\"https:\/\/plsk.eu\/wp-content\/uploads\/2025\/03\/3.-Fot.-Mesto-Spisska-Stara-Ves-548x301.jpg\"\r\n              data-program=\"\"\r\n              data-purl=\"https:\/\/plsk.eu\/sk\/projekty\/spolocne-proti-nasledkom-klimatickych-zmien-v-polsko-slovenskom-pohranici-krizove-riadenie-v-teorii-a-praxi\/\"\r\n              data-dzialanie=\"\"\r\n              data-marker=\"https:\/\/plsk.eu\/wp-content\/themes\/fundusze\/assets\/images\/png\/blue_marker.png\"\r\n              data-btntxt=\"Dowiedz si\u0119 wi\u0119cej\"\r\n              data-pid=\"39071\"\r\n              ><\/div><div class=\"region-info-69f4acfb680b1 d-none\"\r\n              data-lat=\"49.3598544\"\r\n              data-lan=\"19.6106129\"\r\n              data-title=\"Spolo\u010dne proti n\u00e1sledkom klimatick\u00fdch zmien v po\u013esko-slovenskom pohrani\u010d\u00ed. Kr\u00edzov\u00e9 riadenie v te\u00f3rii a praxi.\"\r\n              data-img=\"https:\/\/plsk.eu\/wp-content\/uploads\/2025\/03\/3.-Fot.-Mesto-Spisska-Stara-Ves-548x301.jpg\"\r\n              data-program=\"\"\r\n              data-purl=\"https:\/\/plsk.eu\/sk\/projekty\/spolocne-proti-nasledkom-klimatickych-zmien-v-polsko-slovenskom-pohranici-krizove-riadenie-v-teorii-a-praxi\/\"\r\n              data-dzialanie=\"\"\r\n              data-marker=\"https:\/\/plsk.eu\/wp-content\/themes\/fundusze\/assets\/images\/png\/blue_marker.png\"\r\n              data-btntxt=\"Dowiedz si\u0119 wi\u0119cej\"\r\n              data-pid=\"39071\"\r\n              ><\/div><div class=\"region-info-69f4acfb680b1 d-none\"\r\n              data-lat=\"49.0589648\"\r\n              data-lan=\"20.0799302\"\r\n              data-title=\"Spolo\u010dne proti n\u00e1sledkom klimatick\u00fdch zmien v po\u013esko-slovenskom pohrani\u010d\u00ed. Kr\u00edzov\u00e9 riadenie v te\u00f3rii a praxi.\"\r\n              data-img=\"https:\/\/plsk.eu\/wp-content\/uploads\/2025\/03\/3.-Fot.-Mesto-Spisska-Stara-Ves-548x301.jpg\"\r\n              data-program=\"\"\r\n              data-purl=\"https:\/\/plsk.eu\/sk\/projekty\/spolocne-proti-nasledkom-klimatickych-zmien-v-polsko-slovenskom-pohranici-krizove-riadenie-v-teorii-a-praxi\/\"\r\n              data-dzialanie=\"\"\r\n              data-marker=\"https:\/\/plsk.eu\/wp-content\/themes\/fundusze\/assets\/images\/png\/blue_marker.png\"\r\n              data-btntxt=\"Dowiedz si\u0119 wi\u0119cej\"\r\n              data-pid=\"39071\"\r\n              ><\/div><div class=\"region-info-69f4acfb680b1 d-none\"\r\n              data-lat=\"49.482357\"\r\n              data-lan=\"20.032141\"\r\n              data-title=\"Spolo\u010dne proti n\u00e1sledkom klimatick\u00fdch zmien v po\u013esko-slovenskom pohrani\u010d\u00ed. Kr\u00edzov\u00e9 riadenie v te\u00f3rii a praxi.\"\r\n              data-img=\"https:\/\/plsk.eu\/wp-content\/uploads\/2025\/03\/3.-Fot.-Mesto-Spisska-Stara-Ves-548x301.jpg\"\r\n              data-program=\"\"\r\n              data-purl=\"https:\/\/plsk.eu\/sk\/projekty\/spolocne-proti-nasledkom-klimatickych-zmien-v-polsko-slovenskom-pohranici-krizove-riadenie-v-teorii-a-praxi\/\"\r\n              data-dzialanie=\"\"\r\n              data-marker=\"https:\/\/plsk.eu\/wp-content\/themes\/fundusze\/assets\/images\/png\/blue_marker.png\"\r\n              data-btntxt=\"Dowiedz si\u0119 wi\u0119cej\"\r\n              data-pid=\"39071\"\r\n              ><\/div><div class=\"region-info-69f4acfb680b1 d-none\"\r\n              data-lat=\"49.6809484\"\r\n              data-lan=\"21.8103984\"\r\n              data-title=\"Prisp\u00f4sobenie sa zmene kl\u00edmy v cezhrani\u010dnom regi\u00f3ne Po\u013eska a Slovenska zlep\u0161en\u00edm \u00fa\u010dinnosti z\u00e1chrann\u00fdch slu\u017eieb obce Kro\u015bcienko Wy\u017cne a mesta\"\r\n              data-img=\"https:\/\/plsk.eu\/wp-content\/uploads\/2026\/04\/Kroscienko-Wyzne-8-548x301.jpg\"\r\n              data-program=\"\"\r\n              data-purl=\"https:\/\/plsk.eu\/sk\/projekty\/prisposobenie-sa-zmene-klimy-v-cezhranicnom-regione-polska-a-slovenska-zlepsenim-ucinnosti-zachrannych-sluzieb-obce-kroscienko-wyzne-a-mesta\/\"\r\n              data-dzialanie=\"\"\r\n              data-marker=\"https:\/\/plsk.eu\/wp-content\/themes\/fundusze\/assets\/images\/png\/blue_marker.png\"\r\n              data-btntxt=\"Dowiedz si\u0119 wi\u0119cej\"\r\n              data-pid=\"39064\"\r\n              ><\/div><div class=\"region-info-69f4acfb680b1 d-none\"\r\n              data-lat=\"49.3055641\"\r\n              data-lan=\"21.568117\"\r\n              data-title=\"Prisp\u00f4sobenie sa zmene kl\u00edmy v cezhrani\u010dnom regi\u00f3ne Po\u013eska a Slovenska zlep\u0161en\u00edm \u00fa\u010dinnosti z\u00e1chrann\u00fdch slu\u017eieb obce Kro\u015bcienko Wy\u017cne a mesta\"\r\n              data-img=\"https:\/\/plsk.eu\/wp-content\/uploads\/2026\/04\/Kroscienko-Wyzne-8-548x301.jpg\"\r\n              data-program=\"\"\r\n              data-purl=\"https:\/\/plsk.eu\/sk\/projekty\/prisposobenie-sa-zmene-klimy-v-cezhranicnom-regione-polska-a-slovenska-zlepsenim-ucinnosti-zachrannych-sluzieb-obce-kroscienko-wyzne-a-mesta\/\"\r\n              data-dzialanie=\"\"\r\n              data-marker=\"https:\/\/plsk.eu\/wp-content\/themes\/fundusze\/assets\/images\/png\/blue_marker.png\"\r\n              data-btntxt=\"Dowiedz si\u0119 wi\u0119cej\"\r\n              data-pid=\"39064\"\r\n              ><\/div><div class=\"region-info-69f4acfb680b1 d-none\"\r\n              data-lat=\"49.5550187\"\r\n              data-lan=\"22.2060658\"\r\n              data-title=\"Hasia a zachra\u0148uj\u00fa \u2013 zlep\u0161enie schopnosti z\u00e1sahu hasi\u010dsk\u00fdch zborov obc\u00ed Sanok a Sa\u010durova na hrozby sp\u00f4soben\u00e9 klimatick\u00fdmi zmenami\"\r\n              data-img=\"https:\/\/plsk.eu\/wp-content\/uploads\/2025\/01\/Gasza-i-ratuja-2-548x301.jpg\"\r\n              data-program=\"\"\r\n              data-purl=\"https:\/\/plsk.eu\/sk\/projekty\/hasia-a-zachranuju-zlepsenie-schopnosti-zasahu-hasicskych-zborov-obci-sanok-a-sacurova-na-hrozby-sposobene-klimatickymi-zmenami\/\"\r\n              data-dzialanie=\"\"\r\n              data-marker=\"https:\/\/plsk.eu\/wp-content\/themes\/fundusze\/assets\/images\/png\/blue_marker.png\"\r\n              data-btntxt=\"Dowiedz si\u0119 wi\u0119cej\"\r\n              data-pid=\"39060\"\r\n              ><\/div><div class=\"region-info-69f4acfb680b1 d-none\"\r\n              data-lat=\"48.8213888\"\r\n              data-lan=\"21.689212\"\r\n              data-title=\"Hasia a zachra\u0148uj\u00fa \u2013 zlep\u0161enie schopnosti z\u00e1sahu hasi\u010dsk\u00fdch zborov obc\u00ed Sanok a Sa\u010durova na hrozby sp\u00f4soben\u00e9 klimatick\u00fdmi zmenami\"\r\n              data-img=\"https:\/\/plsk.eu\/wp-content\/uploads\/2025\/01\/Gasza-i-ratuja-2-548x301.jpg\"\r\n              data-program=\"\"\r\n              data-purl=\"https:\/\/plsk.eu\/sk\/projekty\/hasia-a-zachranuju-zlepsenie-schopnosti-zasahu-hasicskych-zborov-obci-sanok-a-sacurova-na-hrozby-sposobene-klimatickymi-zmenami\/\"\r\n              data-dzialanie=\"\"\r\n              data-marker=\"https:\/\/plsk.eu\/wp-content\/themes\/fundusze\/assets\/images\/png\/blue_marker.png\"\r\n              data-btntxt=\"Dowiedz si\u0119 wi\u0119cej\"\r\n              data-pid=\"39060\"\r\n              ><\/div><div class=\"region-info-69f4acfb680b1 d-none\"\r\n              data-lat=\"49.7445663\"\r\n              data-lan=\"21.4722875\"\r\n              data-title=\"Cezhrani\u010dn\u00e1 spolupr\u00e1ca obc\u00ed patriacich do zdru\u017eenia gmin povodia rieky Wisloka a Pre\u0161ovsk\u00e9ho samospr\u00e1vneho kraja pri zvy\u0161ovan\u00ed odolnosti vo\u010di pr\u00edrodn\u00fdm katastrof\u00e1m v d\u00f4sledku klimatick\u00fdch zmien posilnen\u00edm spolupr\u00e1ce z\u00e1chrann\u00fdch zlo\u017eiek v oblasti kr\u00edzov\u00e9ho mana\u017ementu\"\r\n              data-img=\"https:\/\/plsk.eu\/wp-content\/uploads\/2025\/11\/ZGDW-Jaslo_Zborov1_cw.sl_.rat_-548x301.jpg\"\r\n              data-program=\"\"\r\n              data-purl=\"https:\/\/plsk.eu\/sk\/projekty\/cezhranicna-spolupraca-obci-patriacich-do-zdruzenia-gmin-povodia-rieky-wisloka-a-presovskeho-samospravneho-kraja-pri-zvysovani-odolnosti-voci-prirodnym-katastrofam-v-dosledku-klimatickych-zmien-posiln\/\"\r\n              data-dzialanie=\"\"\r\n              data-marker=\"https:\/\/plsk.eu\/wp-content\/themes\/fundusze\/assets\/images\/png\/blue_marker.png\"\r\n              data-btntxt=\"Dowiedz si\u0119 wi\u0119cej\"\r\n              data-pid=\"39054\"\r\n              ><\/div><div class=\"region-info-69f4acfb680b1 d-none\"\r\n              data-lat=\"49.6466088\"\r\n              data-lan=\"21.6705428\"\r\n              data-title=\"Cezhrani\u010dn\u00e1 spolupr\u00e1ca obc\u00ed patriacich do zdru\u017eenia gmin povodia rieky Wisloka a Pre\u0161ovsk\u00e9ho samospr\u00e1vneho kraja pri zvy\u0161ovan\u00ed odolnosti vo\u010di pr\u00edrodn\u00fdm katastrof\u00e1m v d\u00f4sledku klimatick\u00fdch zmien posilnen\u00edm spolupr\u00e1ce z\u00e1chrann\u00fdch zlo\u017eiek v oblasti kr\u00edzov\u00e9ho mana\u017ementu\"\r\n              data-img=\"https:\/\/plsk.eu\/wp-content\/uploads\/2025\/11\/ZGDW-Jaslo_Zborov1_cw.sl_.rat_-548x301.jpg\"\r\n              data-program=\"\"\r\n              data-purl=\"https:\/\/plsk.eu\/sk\/projekty\/cezhranicna-spolupraca-obci-patriacich-do-zdruzenia-gmin-povodia-rieky-wisloka-a-presovskeho-samospravneho-kraja-pri-zvysovani-odolnosti-voci-prirodnym-katastrofam-v-dosledku-klimatickych-zmien-posiln\/\"\r\n              data-dzialanie=\"\"\r\n              data-marker=\"https:\/\/plsk.eu\/wp-content\/themes\/fundusze\/assets\/images\/png\/blue_marker.png\"\r\n              data-btntxt=\"Dowiedz si\u0119 wi\u0119cej\"\r\n              data-pid=\"39054\"\r\n              ><\/div><div class=\"region-info-69f4acfb680b1 d-none\"\r\n              data-lat=\"49.8073734\"\r\n              data-lan=\"21.4331923\"\r\n              data-title=\"Cezhrani\u010dn\u00e1 spolupr\u00e1ca obc\u00ed patriacich do zdru\u017eenia gmin povodia rieky Wisloka a Pre\u0161ovsk\u00e9ho samospr\u00e1vneho kraja pri zvy\u0161ovan\u00ed odolnosti vo\u010di pr\u00edrodn\u00fdm katastrof\u00e1m v d\u00f4sledku klimatick\u00fdch zmien posilnen\u00edm spolupr\u00e1ce z\u00e1chrann\u00fdch zlo\u017eiek v oblasti kr\u00edzov\u00e9ho mana\u017ementu\"\r\n              data-img=\"https:\/\/plsk.eu\/wp-content\/uploads\/2025\/11\/ZGDW-Jaslo_Zborov1_cw.sl_.rat_-548x301.jpg\"\r\n              data-program=\"\"\r\n              data-purl=\"https:\/\/plsk.eu\/sk\/projekty\/cezhranicna-spolupraca-obci-patriacich-do-zdruzenia-gmin-povodia-rieky-wisloka-a-presovskeho-samospravneho-kraja-pri-zvysovani-odolnosti-voci-prirodnym-katastrofam-v-dosledku-klimatickych-zmien-posiln\/\"\r\n              data-dzialanie=\"\"\r\n              data-marker=\"https:\/\/plsk.eu\/wp-content\/themes\/fundusze\/assets\/images\/png\/blue_marker.png\"\r\n              data-btntxt=\"Dowiedz si\u0119 wi\u0119cej\"\r\n              data-pid=\"39054\"\r\n              ><\/div><div class=\"region-info-69f4acfb680b1 d-none\"\r\n              data-lat=\"49.5109776\"\r\n              data-lan=\"21.5004151\"\r\n              data-title=\"Cezhrani\u010dn\u00e1 spolupr\u00e1ca obc\u00ed patriacich do zdru\u017eenia gmin povodia rieky Wisloka a Pre\u0161ovsk\u00e9ho samospr\u00e1vneho kraja pri zvy\u0161ovan\u00ed odolnosti vo\u010di pr\u00edrodn\u00fdm katastrof\u00e1m v d\u00f4sledku klimatick\u00fdch zmien posilnen\u00edm spolupr\u00e1ce z\u00e1chrann\u00fdch zlo\u017eiek v oblasti kr\u00edzov\u00e9ho mana\u017ementu\"\r\n              data-img=\"https:\/\/plsk.eu\/wp-content\/uploads\/2025\/11\/ZGDW-Jaslo_Zborov1_cw.sl_.rat_-548x301.jpg\"\r\n              data-program=\"\"\r\n              data-purl=\"https:\/\/plsk.eu\/sk\/projekty\/cezhranicna-spolupraca-obci-patriacich-do-zdruzenia-gmin-povodia-rieky-wisloka-a-presovskeho-samospravneho-kraja-pri-zvysovani-odolnosti-voci-prirodnym-katastrofam-v-dosledku-klimatickych-zmien-posiln\/\"\r\n              data-dzialanie=\"\"\r\n              data-marker=\"https:\/\/plsk.eu\/wp-content\/themes\/fundusze\/assets\/images\/png\/blue_marker.png\"\r\n              data-btntxt=\"Dowiedz si\u0119 wi\u0119cej\"\r\n              data-pid=\"39054\"\r\n              ><\/div><div class=\"region-info-69f4acfb680b1 d-none\"\r\n              data-lat=\"49.6360306\"\r\n              data-lan=\"21.4869971\"\r\n              data-title=\"Cezhrani\u010dn\u00e1 spolupr\u00e1ca obc\u00ed patriacich do zdru\u017eenia gmin povodia rieky Wisloka a Pre\u0161ovsk\u00e9ho samospr\u00e1vneho kraja pri zvy\u0161ovan\u00ed odolnosti vo\u010di pr\u00edrodn\u00fdm katastrof\u00e1m v d\u00f4sledku klimatick\u00fdch zmien posilnen\u00edm spolupr\u00e1ce z\u00e1chrann\u00fdch zlo\u017eiek v oblasti kr\u00edzov\u00e9ho mana\u017ementu\"\r\n              data-img=\"https:\/\/plsk.eu\/wp-content\/uploads\/2025\/11\/ZGDW-Jaslo_Zborov1_cw.sl_.rat_-548x301.jpg\"\r\n              data-program=\"\"\r\n              data-purl=\"https:\/\/plsk.eu\/sk\/projekty\/cezhranicna-spolupraca-obci-patriacich-do-zdruzenia-gmin-povodia-rieky-wisloka-a-presovskeho-samospravneho-kraja-pri-zvysovani-odolnosti-voci-prirodnym-katastrofam-v-dosledku-klimatickych-zmien-posiln\/\"\r\n              data-dzialanie=\"\"\r\n              data-marker=\"https:\/\/plsk.eu\/wp-content\/themes\/fundusze\/assets\/images\/png\/blue_marker.png\"\r\n              data-btntxt=\"Dowiedz si\u0119 wi\u0119cej\"\r\n              data-pid=\"39054\"\r\n              ><\/div><div class=\"region-info-69f4acfb680b1 d-none\"\r\n              data-lat=\"49.6227745\"\r\n              data-lan=\"21.1979642\"\r\n              data-title=\"Cezhrani\u010dn\u00e1 spolupr\u00e1ca obc\u00ed patriacich do zdru\u017eenia gmin povodia rieky Wisloka a Pre\u0161ovsk\u00e9ho samospr\u00e1vneho kraja pri zvy\u0161ovan\u00ed odolnosti vo\u010di pr\u00edrodn\u00fdm katastrof\u00e1m v d\u00f4sledku klimatick\u00fdch zmien posilnen\u00edm spolupr\u00e1ce z\u00e1chrann\u00fdch zlo\u017eiek v oblasti kr\u00edzov\u00e9ho mana\u017ementu\"\r\n              data-img=\"https:\/\/plsk.eu\/wp-content\/uploads\/2025\/11\/ZGDW-Jaslo_Zborov1_cw.sl_.rat_-548x301.jpg\"\r\n              data-program=\"\"\r\n              data-purl=\"https:\/\/plsk.eu\/sk\/projekty\/cezhranicna-spolupraca-obci-patriacich-do-zdruzenia-gmin-povodia-rieky-wisloka-a-presovskeho-samospravneho-kraja-pri-zvysovani-odolnosti-voci-prirodnym-katastrofam-v-dosledku-klimatickych-zmien-posiln\/\"\r\n              data-dzialanie=\"\"\r\n              data-marker=\"https:\/\/plsk.eu\/wp-content\/themes\/fundusze\/assets\/images\/png\/blue_marker.png\"\r\n              data-btntxt=\"Dowiedz si\u0119 wi\u0119cej\"\r\n              data-pid=\"39054\"\r\n              ><\/div><div class=\"region-info-69f4acfb680b1 d-none\"\r\n              data-lat=\"49.729865\"\r\n              data-lan=\"21.576475\"\r\n              data-title=\"Cezhrani\u010dn\u00e1 spolupr\u00e1ca obc\u00ed patriacich do zdru\u017eenia gmin povodia rieky Wisloka a Pre\u0161ovsk\u00e9ho samospr\u00e1vneho kraja pri zvy\u0161ovan\u00ed odolnosti vo\u010di pr\u00edrodn\u00fdm katastrof\u00e1m v d\u00f4sledku klimatick\u00fdch zmien posilnen\u00edm spolupr\u00e1ce z\u00e1chrann\u00fdch zlo\u017eiek v oblasti kr\u00edzov\u00e9ho mana\u017ementu\"\r\n              data-img=\"https:\/\/plsk.eu\/wp-content\/uploads\/2025\/11\/ZGDW-Jaslo_Zborov1_cw.sl_.rat_-548x301.jpg\"\r\n              data-program=\"\"\r\n              data-purl=\"https:\/\/plsk.eu\/sk\/projekty\/cezhranicna-spolupraca-obci-patriacich-do-zdruzenia-gmin-povodia-rieky-wisloka-a-presovskeho-samospravneho-kraja-pri-zvysovani-odolnosti-voci-prirodnym-katastrofam-v-dosledku-klimatickych-zmien-posiln\/\"\r\n              data-dzialanie=\"\"\r\n              data-marker=\"https:\/\/plsk.eu\/wp-content\/themes\/fundusze\/assets\/images\/png\/blue_marker.png\"\r\n              data-btntxt=\"Dowiedz si\u0119 wi\u0119cej\"\r\n              data-pid=\"39054\"\r\n              ><\/div><div class=\"region-info-69f4acfb680b1 d-none\"\r\n              data-lat=\"49.2575432\"\r\n              data-lan=\"20.5341478\"\r\n              data-title=\"Cezhrani\u010dn\u00e1 spolupr\u00e1ca obc\u00ed patriacich do zdru\u017eenia gmin povodia rieky Wisloka a Pre\u0161ovsk\u00e9ho samospr\u00e1vneho kraja pri zvy\u0161ovan\u00ed odolnosti vo\u010di pr\u00edrodn\u00fdm katastrof\u00e1m v d\u00f4sledku klimatick\u00fdch zmien posilnen\u00edm spolupr\u00e1ce z\u00e1chrann\u00fdch zlo\u017eiek v oblasti kr\u00edzov\u00e9ho mana\u017ementu\"\r\n              data-img=\"https:\/\/plsk.eu\/wp-content\/uploads\/2025\/11\/ZGDW-Jaslo_Zborov1_cw.sl_.rat_-548x301.jpg\"\r\n              data-program=\"\"\r\n              data-purl=\"https:\/\/plsk.eu\/sk\/projekty\/cezhranicna-spolupraca-obci-patriacich-do-zdruzenia-gmin-povodia-rieky-wisloka-a-presovskeho-samospravneho-kraja-pri-zvysovani-odolnosti-voci-prirodnym-katastrofam-v-dosledku-klimatickych-zmien-posiln\/\"\r\n              data-dzialanie=\"\"\r\n              data-marker=\"https:\/\/plsk.eu\/wp-content\/themes\/fundusze\/assets\/images\/png\/blue_marker.png\"\r\n              data-btntxt=\"Dowiedz si\u0119 wi\u0119cej\"\r\n              data-pid=\"39054\"\r\n              ><\/div><div class=\"region-info-69f4acfb680b1 d-none\"\r\n              data-lat=\"49.4203374\"\r\n              data-lan=\"21.3097143\"\r\n              data-title=\"Cezhrani\u010dn\u00e1 spolupr\u00e1ca obc\u00ed patriacich do zdru\u017eenia gmin povodia rieky Wisloka a Pre\u0161ovsk\u00e9ho samospr\u00e1vneho kraja pri zvy\u0161ovan\u00ed odolnosti vo\u010di pr\u00edrodn\u00fdm katastrof\u00e1m v d\u00f4sledku klimatick\u00fdch zmien posilnen\u00edm spolupr\u00e1ce z\u00e1chrann\u00fdch zlo\u017eiek v oblasti kr\u00edzov\u00e9ho mana\u017ementu\"\r\n              data-img=\"https:\/\/plsk.eu\/wp-content\/uploads\/2025\/11\/ZGDW-Jaslo_Zborov1_cw.sl_.rat_-548x301.jpg\"\r\n              data-program=\"\"\r\n              data-purl=\"https:\/\/plsk.eu\/sk\/projekty\/cezhranicna-spolupraca-obci-patriacich-do-zdruzenia-gmin-povodia-rieky-wisloka-a-presovskeho-samospravneho-kraja-pri-zvysovani-odolnosti-voci-prirodnym-katastrofam-v-dosledku-klimatickych-zmien-posiln\/\"\r\n              data-dzialanie=\"\"\r\n              data-marker=\"https:\/\/plsk.eu\/wp-content\/themes\/fundusze\/assets\/images\/png\/blue_marker.png\"\r\n              data-btntxt=\"Dowiedz si\u0119 wi\u0119cej\"\r\n              data-pid=\"39054\"\r\n              ><\/div><div class=\"region-info-69f4acfb680b1 d-none\"\r\n              data-lat=\"49.3996721\"\r\n              data-lan=\"21.2981102\"\r\n              data-title=\"Cezhrani\u010dn\u00e1 spolupr\u00e1ca obc\u00ed patriacich do zdru\u017eenia gmin povodia rieky Wisloka a Pre\u0161ovsk\u00e9ho samospr\u00e1vneho kraja pri zvy\u0161ovan\u00ed odolnosti vo\u010di pr\u00edrodn\u00fdm katastrof\u00e1m v d\u00f4sledku klimatick\u00fdch zmien posilnen\u00edm spolupr\u00e1ce z\u00e1chrann\u00fdch zlo\u017eiek v oblasti kr\u00edzov\u00e9ho mana\u017ementu\"\r\n              data-img=\"https:\/\/plsk.eu\/wp-content\/uploads\/2025\/11\/ZGDW-Jaslo_Zborov1_cw.sl_.rat_-548x301.jpg\"\r\n              data-program=\"\"\r\n              data-purl=\"https:\/\/plsk.eu\/sk\/projekty\/cezhranicna-spolupraca-obci-patriacich-do-zdruzenia-gmin-povodia-rieky-wisloka-a-presovskeho-samospravneho-kraja-pri-zvysovani-odolnosti-voci-prirodnym-katastrofam-v-dosledku-klimatickych-zmien-posiln\/\"\r\n              data-dzialanie=\"\"\r\n              data-marker=\"https:\/\/plsk.eu\/wp-content\/themes\/fundusze\/assets\/images\/png\/blue_marker.png\"\r\n              data-btntxt=\"Dowiedz si\u0119 wi\u0119cej\"\r\n              data-pid=\"39054\"\r\n              ><\/div><div class=\"region-info-69f4acfb680b1 d-none\"\r\n              data-lat=\"49.4042465\"\r\n              data-lan=\"21.4023054\"\r\n              data-title=\"Cezhrani\u010dn\u00e1 spolupr\u00e1ca obc\u00ed patriacich do zdru\u017eenia gmin povodia rieky Wisloka a Pre\u0161ovsk\u00e9ho samospr\u00e1vneho kraja pri zvy\u0161ovan\u00ed odolnosti vo\u010di pr\u00edrodn\u00fdm katastrof\u00e1m v d\u00f4sledku klimatick\u00fdch zmien posilnen\u00edm spolupr\u00e1ce z\u00e1chrann\u00fdch zlo\u017eiek v oblasti kr\u00edzov\u00e9ho mana\u017ementu\"\r\n              data-img=\"https:\/\/plsk.eu\/wp-content\/uploads\/2025\/11\/ZGDW-Jaslo_Zborov1_cw.sl_.rat_-548x301.jpg\"\r\n              data-program=\"\"\r\n              data-purl=\"https:\/\/plsk.eu\/sk\/projekty\/cezhranicna-spolupraca-obci-patriacich-do-zdruzenia-gmin-povodia-rieky-wisloka-a-presovskeho-samospravneho-kraja-pri-zvysovani-odolnosti-voci-prirodnym-katastrofam-v-dosledku-klimatickych-zmien-posiln\/\"\r\n              data-dzialanie=\"\"\r\n              data-marker=\"https:\/\/plsk.eu\/wp-content\/themes\/fundusze\/assets\/images\/png\/blue_marker.png\"\r\n              data-btntxt=\"Dowiedz si\u0119 wi\u0119cej\"\r\n              data-pid=\"39054\"\r\n              ><\/div><div class=\"region-info-69f4acfb680b1 d-none\"\r\n              data-lat=\"49.3701614\"\r\n              data-lan=\"21.3073329\"\r\n              data-title=\"Cezhrani\u010dn\u00e1 spolupr\u00e1ca obc\u00ed patriacich do zdru\u017eenia gmin povodia rieky Wisloka a Pre\u0161ovsk\u00e9ho samospr\u00e1vneho kraja pri zvy\u0161ovan\u00ed odolnosti vo\u010di pr\u00edrodn\u00fdm katastrof\u00e1m v d\u00f4sledku klimatick\u00fdch zmien posilnen\u00edm spolupr\u00e1ce z\u00e1chrann\u00fdch zlo\u017eiek v oblasti kr\u00edzov\u00e9ho mana\u017ementu\"\r\n              data-img=\"https:\/\/plsk.eu\/wp-content\/uploads\/2025\/11\/ZGDW-Jaslo_Zborov1_cw.sl_.rat_-548x301.jpg\"\r\n              data-program=\"\"\r\n              data-purl=\"https:\/\/plsk.eu\/sk\/projekty\/cezhranicna-spolupraca-obci-patriacich-do-zdruzenia-gmin-povodia-rieky-wisloka-a-presovskeho-samospravneho-kraja-pri-zvysovani-odolnosti-voci-prirodnym-katastrofam-v-dosledku-klimatickych-zmien-posiln\/\"\r\n              data-dzialanie=\"\"\r\n              data-marker=\"https:\/\/plsk.eu\/wp-content\/themes\/fundusze\/assets\/images\/png\/blue_marker.png\"\r\n              data-btntxt=\"Dowiedz si\u0119 wi\u0119cej\"\r\n              data-pid=\"39054\"\r\n              ><\/div><div class=\"region-info-69f4acfb680b1 d-none\"\r\n              data-lat=\"49.3055641\"\r\n              data-lan=\"21.568117\"\r\n              data-title=\"Cezhrani\u010dn\u00e1 spolupr\u00e1ca obc\u00ed patriacich do zdru\u017eenia gmin povodia rieky Wisloka a Pre\u0161ovsk\u00e9ho samospr\u00e1vneho kraja pri zvy\u0161ovan\u00ed odolnosti vo\u010di pr\u00edrodn\u00fdm katastrof\u00e1m v d\u00f4sledku klimatick\u00fdch zmien posilnen\u00edm spolupr\u00e1ce z\u00e1chrann\u00fdch zlo\u017eiek v oblasti kr\u00edzov\u00e9ho mana\u017ementu\"\r\n              data-img=\"https:\/\/plsk.eu\/wp-content\/uploads\/2025\/11\/ZGDW-Jaslo_Zborov1_cw.sl_.rat_-548x301.jpg\"\r\n              data-program=\"\"\r\n              data-purl=\"https:\/\/plsk.eu\/sk\/projekty\/cezhranicna-spolupraca-obci-patriacich-do-zdruzenia-gmin-povodia-rieky-wisloka-a-presovskeho-samospravneho-kraja-pri-zvysovani-odolnosti-voci-prirodnym-katastrofam-v-dosledku-klimatickych-zmien-posiln\/\"\r\n              data-dzialanie=\"\"\r\n              data-marker=\"https:\/\/plsk.eu\/wp-content\/themes\/fundusze\/assets\/images\/png\/blue_marker.png\"\r\n              data-btntxt=\"Dowiedz si\u0119 wi\u0119cej\"\r\n              data-pid=\"39054\"\r\n              ><\/div><div class=\"region-info-69f4acfb680b1 d-none\"\r\n              data-lat=\"49.8232218\"\r\n              data-lan=\"21.3934539\"\r\n              data-title=\"Cezhrani\u010dn\u00e1 spolupr\u00e1ca obc\u00ed patriacich do zdru\u017eenia gmin povodia rieky Wisloka a Pre\u0161ovsk\u00e9ho samospr\u00e1vneho kraja pri zvy\u0161ovan\u00ed odolnosti vo\u010di pr\u00edrodn\u00fdm katastrof\u00e1m v d\u00f4sledku klimatick\u00fdch zmien posilnen\u00edm spolupr\u00e1ce z\u00e1chrann\u00fdch zlo\u017eiek v oblasti kr\u00edzov\u00e9ho mana\u017ementu\"\r\n              data-img=\"https:\/\/plsk.eu\/wp-content\/uploads\/2025\/11\/ZGDW-Jaslo_Zborov1_cw.sl_.rat_-548x301.jpg\"\r\n              data-program=\"\"\r\n              data-purl=\"https:\/\/plsk.eu\/sk\/projekty\/cezhranicna-spolupraca-obci-patriacich-do-zdruzenia-gmin-povodia-rieky-wisloka-a-presovskeho-samospravneho-kraja-pri-zvysovani-odolnosti-voci-prirodnym-katastrofam-v-dosledku-klimatickych-zmien-posiln\/\"\r\n              data-dzialanie=\"\"\r\n              data-marker=\"https:\/\/plsk.eu\/wp-content\/themes\/fundusze\/assets\/images\/png\/blue_marker.png\"\r\n              data-btntxt=\"Dowiedz si\u0119 wi\u0119cej\"\r\n              data-pid=\"39054\"\r\n              ><\/div><div class=\"region-info-69f4acfb680b1 d-none\"\r\n              data-lat=\"49.7473409\"\r\n              data-lan=\"21.4747119\"\r\n              data-title=\"Cezhrani\u010dn\u00e1 spolupr\u00e1ca obc\u00ed patriacich do zdru\u017eenia gmin povodia rieky Wisloka a Pre\u0161ovsk\u00e9ho samospr\u00e1vneho kraja pri zvy\u0161ovan\u00ed odolnosti vo\u010di pr\u00edrodn\u00fdm katastrof\u00e1m v d\u00f4sledku klimatick\u00fdch zmien posilnen\u00edm spolupr\u00e1ce z\u00e1chrann\u00fdch zlo\u017eiek v oblasti kr\u00edzov\u00e9ho mana\u017ementu\"\r\n              data-img=\"https:\/\/plsk.eu\/wp-content\/uploads\/2025\/11\/ZGDW-Jaslo_Zborov1_cw.sl_.rat_-548x301.jpg\"\r\n              data-program=\"\"\r\n              data-purl=\"https:\/\/plsk.eu\/sk\/projekty\/cezhranicna-spolupraca-obci-patriacich-do-zdruzenia-gmin-povodia-rieky-wisloka-a-presovskeho-samospravneho-kraja-pri-zvysovani-odolnosti-voci-prirodnym-katastrofam-v-dosledku-klimatickych-zmien-posiln\/\"\r\n              data-dzialanie=\"\"\r\n              data-marker=\"https:\/\/plsk.eu\/wp-content\/themes\/fundusze\/assets\/images\/png\/blue_marker.png\"\r\n              data-btntxt=\"Dowiedz si\u0119 wi\u0119cej\"\r\n              data-pid=\"39054\"\r\n              ><\/div><div class=\"region-info-69f4acfb680b1 d-none\"\r\n              data-lat=\"49.57642\"\r\n              data-lan=\"21.86815\"\r\n              data-title=\"Bezpe\u010dn\u00e9 pohrani\u010die &#8211; bezpe\u010dn@ spolo\u010dnos\u0165\"\r\n              data-img=\"https:\/\/plsk.eu\/wp-content\/uploads\/2024\/09\/22-548x301.png\"\r\n              data-program=\"\"\r\n              data-purl=\"https:\/\/plsk.eu\/sk\/projekty\/bezpecne-pohranicie-bezpecn-spolocnost\/\"\r\n              data-dzialanie=\"\"\r\n              data-marker=\"https:\/\/plsk.eu\/wp-content\/themes\/fundusze\/assets\/images\/png\/blue_marker.png\"\r\n              data-btntxt=\"Dowiedz si\u0119 wi\u0119cej\"\r\n              data-pid=\"39047\"\r\n              ><\/div><div class=\"region-info-69f4acfb680b1 d-none\"\r\n              data-lat=\"49.0943599\"\r\n              data-lan=\"21.4875846\"\r\n              data-title=\"Bezpe\u010dn\u00e9 pohrani\u010die &#8211; bezpe\u010dn@ spolo\u010dnos\u0165\"\r\n              data-img=\"https:\/\/plsk.eu\/wp-content\/uploads\/2024\/09\/22-548x301.png\"\r\n              data-program=\"\"\r\n              data-purl=\"https:\/\/plsk.eu\/sk\/projekty\/bezpecne-pohranicie-bezpecn-spolocnost\/\"\r\n              data-dzialanie=\"\"\r\n              data-marker=\"https:\/\/plsk.eu\/wp-content\/themes\/fundusze\/assets\/images\/png\/blue_marker.png\"\r\n              data-btntxt=\"Dowiedz si\u0119 wi\u0119cej\"\r\n              data-pid=\"39047\"\r\n              ><\/div><div class=\"region-info-69f4acfb680b1 d-none\"\r\n              data-lat=\"49.5593676\"\r\n              data-lan=\"19.086865\"\r\n              data-title=\"Zlep\u0161enie spolupr\u00e1ce v oblasti kr\u00edzov\u00e9ho riadenia po\u013esk\u00fdch a slovensk\u00fdch z\u00e1chrann\u00fdch zlo\u017eiek\"\r\n              data-img=\"https:\/\/plsk.eu\/wp-content\/uploads\/2025\/01\/Woz-strazacki-Rajcza-548x301.jpg\"\r\n              data-program=\"\"\r\n              data-purl=\"https:\/\/plsk.eu\/sk\/projekty\/zlepsenie-spoluprace-v-oblasti-krizoveho-riadenia-polskych-a-slovenskych-zachrannych-zloziek\/\"\r\n              data-dzialanie=\"\"\r\n              data-marker=\"https:\/\/plsk.eu\/wp-content\/themes\/fundusze\/assets\/images\/png\/blue_marker.png\"\r\n              data-btntxt=\"Dowiedz si\u0119 wi\u0119cej\"\r\n              data-pid=\"39037\"\r\n              ><\/div><div class=\"region-info-69f4acfb680b1 d-none\"\r\n              data-lat=\"49.4366442\"\r\n              data-lan=\"18.883101\"\r\n              data-title=\"Zlep\u0161enie spolupr\u00e1ce v oblasti kr\u00edzov\u00e9ho riadenia po\u013esk\u00fdch a slovensk\u00fdch z\u00e1chrann\u00fdch zlo\u017eiek\"\r\n              data-img=\"https:\/\/plsk.eu\/wp-content\/uploads\/2025\/01\/Woz-strazacki-Rajcza-548x301.jpg\"\r\n              data-program=\"\"\r\n              data-purl=\"https:\/\/plsk.eu\/sk\/projekty\/zlepsenie-spoluprace-v-oblasti-krizoveho-riadenia-polskych-a-slovenskych-zachrannych-zloziek\/\"\r\n              data-dzialanie=\"\"\r\n              data-marker=\"https:\/\/plsk.eu\/wp-content\/themes\/fundusze\/assets\/images\/png\/blue_marker.png\"\r\n              data-btntxt=\"Dowiedz si\u0119 wi\u0119cej\"\r\n              data-pid=\"39037\"\r\n              ><\/div><div class=\"region-info-69f4acfb680b1 d-none\"\r\n              data-lat=\"49.4961443\"\r\n              data-lan=\"18.9182732\"\r\n              data-title=\"Zlep\u0161enie spolupr\u00e1ce v oblasti kr\u00edzov\u00e9ho riadenia po\u013esk\u00fdch a slovensk\u00fdch z\u00e1chrann\u00fdch zlo\u017eiek\"\r\n              data-img=\"https:\/\/plsk.eu\/wp-content\/uploads\/2025\/01\/Woz-strazacki-Rajcza-548x301.jpg\"\r\n              data-program=\"\"\r\n              data-purl=\"https:\/\/plsk.eu\/sk\/projekty\/zlepsenie-spoluprace-v-oblasti-krizoveho-riadenia-polskych-a-slovenskych-zachrannych-zloziek\/\"\r\n              data-dzialanie=\"\"\r\n              data-marker=\"https:\/\/plsk.eu\/wp-content\/themes\/fundusze\/assets\/images\/png\/blue_marker.png\"\r\n              data-btntxt=\"Dowiedz si\u0119 wi\u0119cej\"\r\n              data-pid=\"39037\"\r\n              ><\/div><div class=\"region-info-69f4acfb680b1 d-none\"\r\n              data-lat=\"49.5139337\"\r\n              data-lan=\"19.118131\"\r\n              data-title=\"Zlep\u0161enie spolupr\u00e1ce v oblasti kr\u00edzov\u00e9ho riadenia po\u013esk\u00fdch a slovensk\u00fdch z\u00e1chrann\u00fdch zlo\u017eiek\"\r\n              data-img=\"https:\/\/plsk.eu\/wp-content\/uploads\/2025\/01\/Woz-strazacki-Rajcza-548x301.jpg\"\r\n              data-program=\"\"\r\n              data-purl=\"https:\/\/plsk.eu\/sk\/projekty\/zlepsenie-spoluprace-v-oblasti-krizoveho-riadenia-polskych-a-slovenskych-zachrannych-zloziek\/\"\r\n              data-dzialanie=\"\"\r\n              data-marker=\"https:\/\/plsk.eu\/wp-content\/themes\/fundusze\/assets\/images\/png\/blue_marker.png\"\r\n              data-btntxt=\"Dowiedz si\u0119 wi\u0119cej\"\r\n              data-pid=\"39037\"\r\n              ><\/div><div class=\"region-info-69f4acfb680b1 d-none\"\r\n              data-lat=\"49.3960567\"\r\n              data-lan=\"18.8324337\"\r\n              data-title=\"Zlep\u0161enie spolupr\u00e1ce v oblasti kr\u00edzov\u00e9ho riadenia po\u013esk\u00fdch a slovensk\u00fdch z\u00e1chrann\u00fdch zlo\u017eiek\"\r\n              data-img=\"https:\/\/plsk.eu\/wp-content\/uploads\/2025\/01\/Woz-strazacki-Rajcza-548x301.jpg\"\r\n              data-program=\"\"\r\n              data-purl=\"https:\/\/plsk.eu\/sk\/projekty\/zlepsenie-spoluprace-v-oblasti-krizoveho-riadenia-polskych-a-slovenskych-zachrannych-zloziek\/\"\r\n              data-dzialanie=\"\"\r\n              data-marker=\"https:\/\/plsk.eu\/wp-content\/themes\/fundusze\/assets\/images\/png\/blue_marker.png\"\r\n              data-btntxt=\"Dowiedz si\u0119 wi\u0119cej\"\r\n              data-pid=\"39037\"\r\n              ><\/div><div class=\"region-info-69f4acfb680b1 d-none\"\r\n              data-lat=\"49.4385551\"\r\n              data-lan=\"18.7897828\"\r\n              data-title=\"Zlep\u0161enie spolupr\u00e1ce v oblasti kr\u00edzov\u00e9ho riadenia po\u013esk\u00fdch a slovensk\u00fdch z\u00e1chrann\u00fdch zlo\u017eiek\"\r\n              data-img=\"https:\/\/plsk.eu\/wp-content\/uploads\/2025\/01\/Woz-strazacki-Rajcza-548x301.jpg\"\r\n              data-program=\"\"\r\n              data-purl=\"https:\/\/plsk.eu\/sk\/projekty\/zlepsenie-spoluprace-v-oblasti-krizoveho-riadenia-polskych-a-slovenskych-zachrannych-zloziek\/\"\r\n              data-dzialanie=\"\"\r\n              data-marker=\"https:\/\/plsk.eu\/wp-content\/themes\/fundusze\/assets\/images\/png\/blue_marker.png\"\r\n              data-btntxt=\"Dowiedz si\u0119 wi\u0119cej\"\r\n              data-pid=\"39037\"\r\n              ><\/div><div class=\"region-info-69f4acfb680b1 d-none\"\r\n              data-lat=\"50.0662432\"\r\n              data-lan=\"19.9401819\"\r\n              data-title=\"Okolo rieky Poprad\"\r\n              data-img=\"https:\/\/plsk.eu\/wp-content\/uploads\/2026\/03\/DSC09036-Edit-548x301.jpg\"\r\n              data-program=\"\"\r\n              data-purl=\"https:\/\/plsk.eu\/sk\/projekty\/okolo-rieky-poprad\/\"\r\n              data-dzialanie=\"\"\r\n              data-marker=\"https:\/\/plsk.eu\/wp-content\/themes\/fundusze\/assets\/images\/png\/blue_marker.png\"\r\n              data-btntxt=\"Dowiedz si\u0119 wi\u0119cej\"\r\n              data-pid=\"39030\"\r\n              ><\/div><div class=\"region-info-69f4acfb680b1 d-none\"\r\n              data-lat=\"49.0018324\"\r\n              data-lan=\"21.2393119\"\r\n              data-title=\"Okolo rieky Poprad\"\r\n              data-img=\"https:\/\/plsk.eu\/wp-content\/uploads\/2026\/03\/DSC09036-Edit-548x301.jpg\"\r\n              data-program=\"\"\r\n              data-purl=\"https:\/\/plsk.eu\/sk\/projekty\/okolo-rieky-poprad\/\"\r\n              data-dzialanie=\"\"\r\n              data-marker=\"https:\/\/plsk.eu\/wp-content\/themes\/fundusze\/assets\/images\/png\/blue_marker.png\"\r\n              data-btntxt=\"Dowiedz si\u0119 wi\u0119cej\"\r\n              data-pid=\"39030\"\r\n              ><\/div><div class=\"region-info-69f4acfb680b1 d-none\"\r\n              data-lat=\"50.0755961\"\r\n              data-lan=\"19.8876416\"\r\n              data-title=\"Spolo\u010dne bezpe\u010dnej\u0161ie \u2013 integr\u00e1cia po\u013esk\u00e9ho a slovensk\u00e9ho hasi\u010dsk\u00e9ho a z\u00e1chrann\u00e9ho zboru\"\r\n              data-img=\"https:\/\/plsk.eu\/wp-content\/uploads\/2024\/09\/22-548x301.png\"\r\n              data-program=\"\"\r\n              data-purl=\"https:\/\/plsk.eu\/sk\/projekty\/spolocne-bezpecnejsie-integracia-polskeho-a-slovenskeho-hasicskeho-a-zachranneho-zboru\/\"\r\n              data-dzialanie=\"\"\r\n              data-marker=\"https:\/\/plsk.eu\/wp-content\/themes\/fundusze\/assets\/images\/png\/blue_marker.png\"\r\n              data-btntxt=\"Dowiedz si\u0119 wi\u0119cej\"\r\n              data-pid=\"39023\"\r\n              ><\/div><div class=\"region-info-69f4acfb680b1 d-none\"\r\n              data-lat=\"48.1408631\"\r\n              data-lan=\"17.1185194\"\r\n              data-title=\"Spolo\u010dne bezpe\u010dnej\u0161ie \u2013 integr\u00e1cia po\u013esk\u00e9ho a slovensk\u00e9ho hasi\u010dsk\u00e9ho a z\u00e1chrann\u00e9ho zboru\"\r\n              data-img=\"https:\/\/plsk.eu\/wp-content\/uploads\/2024\/09\/22-548x301.png\"\r\n              data-program=\"\"\r\n              data-purl=\"https:\/\/plsk.eu\/sk\/projekty\/spolocne-bezpecnejsie-integracia-polskeho-a-slovenskeho-hasicskeho-a-zachranneho-zboru\/\"\r\n              data-dzialanie=\"\"\r\n              data-marker=\"https:\/\/plsk.eu\/wp-content\/themes\/fundusze\/assets\/images\/png\/blue_marker.png\"\r\n              data-btntxt=\"Dowiedz si\u0119 wi\u0119cej\"\r\n              data-pid=\"39023\"\r\n              ><\/div><div class=\"region-info-69f4acfb680b1 d-none\"\r\n              data-lat=\"49.4774647\"\r\n              data-lan=\"20.032096\"\r\n              data-title=\"Pieninsk\u00fd bradlov\u00fd p\u00e1s \u2013 cezhrani\u010dn\u00e1 v\u00fdzva\"\r\n              data-img=\"https:\/\/plsk.eu\/wp-content\/uploads\/2024\/09\/22-548x301.png\"\r\n              data-program=\"\"\r\n              data-purl=\"https:\/\/plsk.eu\/sk\/projekty\/pieninsky-bradlovy-pas-cezhranicna-vyzva\/\"\r\n              data-dzialanie=\"\"\r\n              data-marker=\"https:\/\/plsk.eu\/wp-content\/themes\/fundusze\/assets\/images\/png\/blue_marker.png\"\r\n              data-btntxt=\"Dowiedz si\u0119 wi\u0119cej\"\r\n              data-pid=\"39017\"\r\n              ><\/div><div class=\"region-info-69f4acfb680b1 d-none\"\r\n              data-lat=\"49.0018324\"\r\n              data-lan=\"21.2393119\"\r\n              data-title=\"Pieninsk\u00fd bradlov\u00fd p\u00e1s \u2013 cezhrani\u010dn\u00e1 v\u00fdzva\"\r\n              data-img=\"https:\/\/plsk.eu\/wp-content\/uploads\/2024\/09\/22-548x301.png\"\r\n              data-program=\"\"\r\n              data-purl=\"https:\/\/plsk.eu\/sk\/projekty\/pieninsky-bradlovy-pas-cezhranicna-vyzva\/\"\r\n              data-dzialanie=\"\"\r\n              data-marker=\"https:\/\/plsk.eu\/wp-content\/themes\/fundusze\/assets\/images\/png\/blue_marker.png\"\r\n              data-btntxt=\"Dowiedz si\u0119 wi\u0119cej\"\r\n              data-pid=\"39017\"\r\n              ><\/div><div class=\"region-info-69f4acfb680b1 d-none\"\r\n              data-lat=\"49.5263942\"\r\n              data-lan=\"20.3413871\"\r\n              data-title=\"Zlep\u0161enie cezhrani\u010dnej spolupr\u00e1ce v oblasti bezpe\u010dnosti obyvate\u013estva vr\u00e1tane kr\u00edzov\u00e9ho riadenia prostredn\u00edctvom dovybavenia jednotiek Dobrovo\u013en\u00e9ho hasi\u010dsk\u00e9ho zboru a spolo\u010dn\u00fdch aktiv\u00edt z\u00e1chrann\u00fdch slu\u017eieb v obciach Ochotnica Dolna, Ve\u013ek\u00e1 Frankov\u00e1 a Ochodnica\"\r\n              data-img=\"https:\/\/plsk.eu\/wp-content\/uploads\/2026\/03\/symulacja-pozaru-Ochotnica-3-548x301.jpg\"\r\n              data-program=\"\"\r\n              data-purl=\"https:\/\/plsk.eu\/sk\/projekty\/zlepsenie-cezhranicnej-spoluprace-v-oblasti-bezpecnosti\/\"\r\n              data-dzialanie=\"\"\r\n              data-marker=\"https:\/\/plsk.eu\/wp-content\/themes\/fundusze\/assets\/images\/png\/blue_marker.png\"\r\n              data-btntxt=\"Dowiedz si\u0119 wi\u0119cej\"\r\n              data-pid=\"39009\"\r\n              ><\/div><div class=\"region-info-69f4acfb680b1 d-none\"\r\n              data-lat=\"49.3357699\"\r\n              data-lan=\"20.2978187\"\r\n              data-title=\"Zlep\u0161enie cezhrani\u010dnej spolupr\u00e1ce v oblasti bezpe\u010dnosti obyvate\u013estva vr\u00e1tane kr\u00edzov\u00e9ho riadenia prostredn\u00edctvom dovybavenia jednotiek Dobrovo\u013en\u00e9ho hasi\u010dsk\u00e9ho zboru a spolo\u010dn\u00fdch aktiv\u00edt z\u00e1chrann\u00fdch slu\u017eieb v obciach Ochotnica Dolna, Ve\u013ek\u00e1 Frankov\u00e1 a Ochodnica\"\r\n              data-img=\"https:\/\/plsk.eu\/wp-content\/uploads\/2026\/03\/symulacja-pozaru-Ochotnica-3-548x301.jpg\"\r\n              data-program=\"\"\r\n              data-purl=\"https:\/\/plsk.eu\/sk\/projekty\/zlepsenie-cezhranicnej-spoluprace-v-oblasti-bezpecnosti\/\"\r\n              data-dzialanie=\"\"\r\n              data-marker=\"https:\/\/plsk.eu\/wp-content\/themes\/fundusze\/assets\/images\/png\/blue_marker.png\"\r\n              data-btntxt=\"Dowiedz si\u0119 wi\u0119cej\"\r\n              data-pid=\"39009\"\r\n              ><\/div><div class=\"region-info-69f4acfb680b1 d-none\"\r\n              data-lat=\"49.3479194\"\r\n              data-lan=\"18.792932\"\r\n              data-title=\"Zlep\u0161enie cezhrani\u010dnej spolupr\u00e1ce v oblasti bezpe\u010dnosti obyvate\u013estva vr\u00e1tane kr\u00edzov\u00e9ho riadenia prostredn\u00edctvom dovybavenia jednotiek Dobrovo\u013en\u00e9ho hasi\u010dsk\u00e9ho zboru a spolo\u010dn\u00fdch aktiv\u00edt z\u00e1chrann\u00fdch slu\u017eieb v obciach Ochotnica Dolna, Ve\u013ek\u00e1 Frankov\u00e1 a Ochodnica\"\r\n              data-img=\"https:\/\/plsk.eu\/wp-content\/uploads\/2026\/03\/symulacja-pozaru-Ochotnica-3-548x301.jpg\"\r\n              data-program=\"\"\r\n              data-purl=\"https:\/\/plsk.eu\/sk\/projekty\/zlepsenie-cezhranicnej-spoluprace-v-oblasti-bezpecnosti\/\"\r\n              data-dzialanie=\"\"\r\n              data-marker=\"https:\/\/plsk.eu\/wp-content\/themes\/fundusze\/assets\/images\/png\/blue_marker.png\"\r\n              data-btntxt=\"Dowiedz si\u0119 wi\u0119cej\"\r\n              data-pid=\"39009\"\r\n              ><\/div><div class=\"region-info-69f4acfb680b1 d-none\"\r\n              data-lat=\"49.7445663\"\r\n              data-lan=\"21.4722875\"\r\n              data-title=\"Budujeme v Jasle, stabilizujeme v Svidni\u010dke\"\r\n              data-img=\"https:\/\/plsk.eu\/wp-content\/uploads\/2025\/01\/1000008820-Custom-548x301.jpg\"\r\n              data-program=\"\"\r\n              data-purl=\"https:\/\/plsk.eu\/sk\/projekty\/budujeme-v-jasle-stabilizujeme-v-svidnicke\/\"\r\n              data-dzialanie=\"\"\r\n              data-marker=\"https:\/\/plsk.eu\/wp-content\/themes\/fundusze\/assets\/images\/png\/blue_marker.png\"\r\n              data-btntxt=\"Dowiedz si\u0119 wi\u0119cej\"\r\n              data-pid=\"38985\"\r\n              ><\/div><div class=\"region-info-69f4acfb680b1 d-none\"\r\n              data-lat=\"49.0018324\"\r\n              data-lan=\"21.2393119\"\r\n              data-title=\"Budujeme v Jasle, stabilizujeme v Svidni\u010dke\"\r\n              data-img=\"https:\/\/plsk.eu\/wp-content\/uploads\/2025\/01\/1000008820-Custom-548x301.jpg\"\r\n              data-program=\"\"\r\n              data-purl=\"https:\/\/plsk.eu\/sk\/projekty\/budujeme-v-jasle-stabilizujeme-v-svidnicke\/\"\r\n              data-dzialanie=\"\"\r\n              data-marker=\"https:\/\/plsk.eu\/wp-content\/themes\/fundusze\/assets\/images\/png\/blue_marker.png\"\r\n              data-btntxt=\"Dowiedz si\u0119 wi\u0119cej\"\r\n              data-pid=\"38985\"\r\n              ><\/div><div class=\"region-info-69f4acfb680b1 d-none\"\r\n              data-lat=\"50.0666834\"\r\n              data-lan=\"19.9793006\"\r\n              data-title=\"Bezpe\u010dnos\u0165 predov\u0161etk\u00fdm\"\r\n              data-img=\"https:\/\/plsk.eu\/wp-content\/uploads\/2025\/02\/5-548x301.jpg\"\r\n              data-program=\"\"\r\n              data-purl=\"https:\/\/plsk.eu\/sk\/projekty\/bezpecnost-predovsetkym\/\"\r\n              data-dzialanie=\"\"\r\n              data-marker=\"https:\/\/plsk.eu\/wp-content\/themes\/fundusze\/assets\/images\/png\/blue_marker.png\"\r\n              data-btntxt=\"Dowiedz si\u0119 wi\u0119cej\"\r\n              data-pid=\"38970\"\r\n              ><\/div><div class=\"region-info-69f4acfb680b1 d-none\"\r\n              data-lat=\"48.1408631\"\r\n              data-lan=\"17.1185194\"\r\n              data-title=\"Bezpe\u010dnos\u0165 predov\u0161etk\u00fdm\"\r\n              data-img=\"https:\/\/plsk.eu\/wp-content\/uploads\/2025\/02\/5-548x301.jpg\"\r\n              data-program=\"\"\r\n              data-purl=\"https:\/\/plsk.eu\/sk\/projekty\/bezpecnost-predovsetkym\/\"\r\n              data-dzialanie=\"\"\r\n              data-marker=\"https:\/\/plsk.eu\/wp-content\/themes\/fundusze\/assets\/images\/png\/blue_marker.png\"\r\n              data-btntxt=\"Dowiedz si\u0119 wi\u0119cej\"\r\n              data-pid=\"38970\"\r\n              ><\/div><div class=\"region-info-69f4acfb680b1 d-none\"\r\n              data-lat=\"49.4774647\"\r\n              data-lan=\"20.032096\"\r\n              data-title=\"Bezpe\u010dnos\u0165 predov\u0161etk\u00fdm\"\r\n              data-img=\"https:\/\/plsk.eu\/wp-content\/uploads\/2025\/02\/5-548x301.jpg\"\r\n              data-program=\"\"\r\n              data-purl=\"https:\/\/plsk.eu\/sk\/projekty\/bezpecnost-predovsetkym\/\"\r\n              data-dzialanie=\"\"\r\n              data-marker=\"https:\/\/plsk.eu\/wp-content\/themes\/fundusze\/assets\/images\/png\/blue_marker.png\"\r\n              data-btntxt=\"Dowiedz si\u0119 wi\u0119cej\"\r\n              data-pid=\"38970\"\r\n              ><\/div><div class=\"region-info-69f4acfb680b1 d-none\"\r\n              data-lat=\"49.2194498\"\r\n              data-lan=\"18.7408001\"\r\n              data-title=\"Testovanie a zav\u00e1dzanie modern\u00fdch met\u00f3d prevencie a boja proti n\u00e1sledkom pr\u00edrodn\u00fdch katastrof v \u010dase klimatick\u00fdch zmien\"\r\n              data-img=\"https:\/\/plsk.eu\/wp-content\/uploads\/2026\/03\/uczen-ze-swidre-548x301.jpg\"\r\n              data-program=\"\"\r\n              data-purl=\"https:\/\/plsk.eu\/sk\/projekty\/testovanie-a-zavadzanie-modernych-metod-prevencie-a-boja-proti-nasledkom-prirodnych-katastrof-v-case-klimatickych-zmien\/\"\r\n              data-dzialanie=\"\"\r\n              data-marker=\"https:\/\/plsk.eu\/wp-content\/themes\/fundusze\/assets\/images\/png\/blue_marker.png\"\r\n              data-btntxt=\"Dowiedz si\u0119 wi\u0119cej\"\r\n              data-pid=\"38956\"\r\n              ><\/div><div class=\"region-info-69f4acfb680b1 d-none\"\r\n              data-lat=\"50.2607465\"\r\n              data-lan=\"19.0280937\"\r\n              data-title=\"Testovanie a zav\u00e1dzanie modern\u00fdch met\u00f3d prevencie a boja proti n\u00e1sledkom pr\u00edrodn\u00fdch katastrof v \u010dase klimatick\u00fdch zmien\"\r\n              data-img=\"https:\/\/plsk.eu\/wp-content\/uploads\/2026\/03\/uczen-ze-swidre-548x301.jpg\"\r\n              data-program=\"\"\r\n              data-purl=\"https:\/\/plsk.eu\/sk\/projekty\/testovanie-a-zavadzanie-modernych-metod-prevencie-a-boja-proti-nasledkom-prirodnych-katastrof-v-case-klimatickych-zmien\/\"\r\n              data-dzialanie=\"\"\r\n              data-marker=\"https:\/\/plsk.eu\/wp-content\/themes\/fundusze\/assets\/images\/png\/blue_marker.png\"\r\n              data-btntxt=\"Dowiedz si\u0119 wi\u0119cej\"\r\n              data-pid=\"38956\"\r\n              ><\/div><div class=\"region-info-69f4acfb680b1 d-none\"\r\n              data-lat=\"49.8617087\"\r\n              data-lan=\"18.6263288\"\r\n              data-title=\"V ochrane kl\u00edmy \u2013 spolu dok\u00e1\u017eeme viac\"\r\n              data-img=\"https:\/\/plsk.eu\/wp-content\/uploads\/2025\/02\/5.-Samochod-ratowniczo-gasniczy-548x301.jpg\"\r\n              data-program=\"\"\r\n              data-purl=\"https:\/\/plsk.eu\/sk\/projekty\/w-ochronie-klimatu-razem-mozemy-wiecej\/\"\r\n              data-dzialanie=\"\"\r\n              data-marker=\"https:\/\/plsk.eu\/wp-content\/themes\/fundusze\/assets\/images\/png\/blue_marker.png\"\r\n              data-btntxt=\"Dowiedz si\u0119 wi\u0119cej\"\r\n              data-pid=\"38571\"\r\n              ><\/div><div class=\"region-info-69f4acfb680b1 d-none\"\r\n              data-lat=\"49.3374646\"\r\n              data-lan=\"18.8113886\"\r\n              data-title=\"V ochrane kl\u00edmy \u2013 spolu dok\u00e1\u017eeme viac\"\r\n              data-img=\"https:\/\/plsk.eu\/wp-content\/uploads\/2025\/02\/5.-Samochod-ratowniczo-gasniczy-548x301.jpg\"\r\n              data-program=\"\"\r\n              data-purl=\"https:\/\/plsk.eu\/sk\/projekty\/w-ochronie-klimatu-razem-mozemy-wiecej\/\"\r\n              data-dzialanie=\"\"\r\n              data-marker=\"https:\/\/plsk.eu\/wp-content\/themes\/fundusze\/assets\/images\/png\/blue_marker.png\"\r\n              data-btntxt=\"Dowiedz si\u0119 wi\u0119cej\"\r\n              data-pid=\"38571\"\r\n              ><\/div><div class=\"region-info-69f4acfb680b1 d-none\"\r\n              data-lat=\"50.0411867\"\r\n              data-lan=\"21.9991196\"\r\n              data-title=\"Od Nizkych Beskid Po Solinu\"\r\n              data-img=\"https:\/\/plsk.eu\/wp-content\/uploads\/2026\/03\/DJI_0869-Edit.pdf-548x301.jpg\"\r\n              data-program=\"\"\r\n              data-purl=\"https:\/\/plsk.eu\/sk\/projekty\/od-beskidu-niskiego-po-soline\/\"\r\n              data-dzialanie=\"\"\r\n              data-marker=\"https:\/\/plsk.eu\/wp-content\/themes\/fundusze\/assets\/images\/png\/blue_marker.png\"\r\n              data-btntxt=\"Dowiedz si\u0119 wi\u0119cej\"\r\n              data-pid=\"38565\"\r\n              ><\/div><div class=\"region-info-69f4acfb680b1 d-none\"\r\n              data-lat=\"49.0018324\"\r\n              data-lan=\"21.2393119\"\r\n              data-title=\"Od Nizkych Beskid Po Solinu\"\r\n              data-img=\"https:\/\/plsk.eu\/wp-content\/uploads\/2026\/03\/DJI_0869-Edit.pdf-548x301.jpg\"\r\n              data-program=\"\"\r\n              data-purl=\"https:\/\/plsk.eu\/sk\/projekty\/od-beskidu-niskiego-po-soline\/\"\r\n              data-dzialanie=\"\"\r\n              data-marker=\"https:\/\/plsk.eu\/wp-content\/themes\/fundusze\/assets\/images\/png\/blue_marker.png\"\r\n              data-btntxt=\"Dowiedz si\u0119 wi\u0119cej\"\r\n              data-pid=\"38565\"\r\n              ><\/div><div class=\"region-info-69f4acfb680b1 d-none\"\r\n              data-lat=\"49.8807299\"\r\n              data-lan=\"19.2228003\"\r\n              data-title=\"Kr\u00edzov\u00fd mana\u017ement bez hran\u00edc\"\r\n              data-img=\"https:\/\/plsk.eu\/wp-content\/uploads\/2024\/12\/Zdjecie-wozu-strazackiego-548x301.png\"\r\n              data-program=\"\"\r\n              data-purl=\"https:\/\/plsk.eu\/sk\/projekty\/zarzadzanie-kryzysowe-bez-granic\/\"\r\n              data-dzialanie=\"\"\r\n              data-marker=\"https:\/\/plsk.eu\/wp-content\/themes\/fundusze\/assets\/images\/png\/blue_marker.png\"\r\n              data-btntxt=\"Dowiedz si\u0119 wi\u0119cej\"\r\n              data-pid=\"38333\"\r\n              ><\/div><div class=\"region-info-69f4acfb680b1 d-none\"\r\n              data-lat=\"49.4033248\"\r\n              data-lan=\"18.6249344\"\r\n              data-title=\"Kr\u00edzov\u00fd mana\u017ement bez hran\u00edc\"\r\n              data-img=\"https:\/\/plsk.eu\/wp-content\/uploads\/2024\/12\/Zdjecie-wozu-strazackiego-548x301.png\"\r\n              data-program=\"\"\r\n              data-purl=\"https:\/\/plsk.eu\/sk\/projekty\/zarzadzanie-kryzysowe-bez-granic\/\"\r\n              data-dzialanie=\"\"\r\n              data-marker=\"https:\/\/plsk.eu\/wp-content\/themes\/fundusze\/assets\/images\/png\/blue_marker.png\"\r\n              data-btntxt=\"Dowiedz si\u0119 wi\u0119cej\"\r\n              data-pid=\"38333\"\r\n              ><\/div>\r\n        <div class=\"map-projects-polski\" id=\"map-projects-polski-69f4acfb680b1\"\r\n          data-uid=\"69f4acfb680b1\"><\/div>\r\n\r\n\r\n      <\/div>\r\n\r\n      <div id=\"project-details2-69f4acfb680b1\" class=\"project-details mt-30px d-none\"><\/div>\r\n\r\n      <div id=\"project-details-69f4acfb680b1\" class=\"project-details mt-30px\">\r\n\r\n                <span>Po\u010det n\u00e1jden\u00fdch projektov<\/span>\r\n        <h2 class=\"\">72<\/h2>\r\n        <div class=\"mt-20px\"><\/div>\r\n        \r\n        \r\n\r\n\r\n        \r\n\r\n\r\n                <span>Hodnota pr\u00edspevku z E\u00da<\/span>\r\n        <h2 class=\"\">118&nbsp;887&nbsp;335,41 EUR<\/h2>\r\n        <div class=\"mt-20px\"><\/div>\r\n        \r\n                <span>Celkov\u00e1 hodnota projektov<\/span>\r\n        <h2 class=\"\">158&nbsp;003&nbsp;453,18 EUR<\/h2>\r\n        <div class=\"mt-20px\"><\/div>\r\n        \r\n      <\/div>\r\n\r\n    <\/div>\r\n\r\n    <div class=\"col-lg-3 col-md-12\">\r\n\r\n      <div class=\"news-list-mapa news-list-wrapper\">\r\n        <ul class=\"list-unstyled news-list-wrapper__list\"><li class=\"news-list-wrapper__list__item\">\r\n               <div class=\"card w-100 poradniki-lista__card \">\r\n                  <div class=\"card-img-top\">\r\n                    <img decoding=\"async\" src=\"https:\/\/plsk.eu\/wp-content\/uploads\/2025\/01\/Zamek-w-Muszynie-548x301.png\" alt=\"Spolo\u010dne cez po\u013esko-slovensk\u00e9trasy\">\r\n                  <\/div>\r\n\r\n                  <div class=\"card-body\">\r\n                    <a href=\"https:\/\/plsk.eu\/sk\/projekty\/spolocne-cez-polsko-slovensketrasy\/\" class=\"card-success-story__titless\"\r\n                      aria-labelledby=\"cardTitlePlc1 cardDatePlc1\">\r\n                      <h3 class=\"\">Spolo\u010dne cez po\u013esko-slovensk\u00e9trasy<\/h3>\r\n                    <\/a>\r\n                  <\/div>\r\n                <\/div>\r\n\r\n                <\/li><li class=\"news-list-wrapper__list__item\">\r\n               <div class=\"card w-100 poradniki-lista__card \">\r\n                  <div class=\"card-img-top\">\r\n                    <img decoding=\"async\" src=\"https:\/\/plsk.eu\/wp-content\/uploads\/2024\/09\/22-548x301.png\" alt=\"Dukla &#8211; Svidn\u00edk na dvoch koles\u00e1ch\">\r\n                  <\/div>\r\n\r\n                  <div class=\"card-body\">\r\n                    <a href=\"https:\/\/plsk.eu\/sk\/projekty\/dukla-svidnik-na-dvoch-kolesach\/\" class=\"card-success-story__titless\"\r\n                      aria-labelledby=\"cardTitlePlc1 cardDatePlc1\">\r\n                      <h3 class=\"\">Dukla &#8211; Svidn\u00edk na dvoch koles\u00e1ch<\/h3>\r\n                    <\/a>\r\n                  <\/div>\r\n                <\/div>\r\n\r\n                <\/li><li class=\"news-list-wrapper__list__item\">\r\n               <div class=\"card w-100 poradniki-lista__card \">\r\n                  <div class=\"card-img-top\">\r\n                    <img decoding=\"async\" src=\"https:\/\/plsk.eu\/wp-content\/uploads\/2024\/09\/22-548x301.png\" alt=\"Rozvoj turistickej infra\u0161trukt\u00fary spolo\u010dnej Oravy\">\r\n                  <\/div>\r\n\r\n                  <div class=\"card-body\">\r\n                    <a href=\"https:\/\/plsk.eu\/sk\/projekty\/rozvoj-turistickej-infrastruktury-spolocnej-oravy\/\" class=\"card-success-story__titless\"\r\n                      aria-labelledby=\"cardTitlePlc1 cardDatePlc1\">\r\n                      <h3 class=\"\">Rozvoj turistickej infra\u0161trukt\u00fary spolo\u010dnej Oravy<\/h3>\r\n                    <\/a>\r\n                  <\/div>\r\n                <\/div>\r\n\r\n                <\/li><li class=\"news-list-wrapper__list__item\">\r\n               <div class=\"card w-100 poradniki-lista__card \">\r\n                  <div class=\"card-img-top\">\r\n                    <img decoding=\"async\" src=\"https:\/\/plsk.eu\/wp-content\/uploads\/2024\/09\/22-548x301.png\" alt=\"M\u00faze\u00e1 bud\u00facnosti \u2013 Minoritsk\u00e9 centr\u00e1 pre digitaliz\u00e1ciu spolo\u010dnosti\">\r\n                  <\/div>\r\n\r\n                  <div class=\"card-body\">\r\n                    <a href=\"https:\/\/plsk.eu\/sk\/projekty\/muzea-buducnosti-minoritske-centra-pre-digitalizaciu-spolocnosti\/\" class=\"card-success-story__titless\"\r\n                      aria-labelledby=\"cardTitlePlc1 cardDatePlc1\">\r\n                      <h3 class=\"\">M\u00faze\u00e1 bud\u00facnosti \u2013 Minoritsk\u00e9 centr\u00e1 pre digitaliz\u00e1ciu&#8230;<\/h3>\r\n                    <\/a>\r\n                  <\/div>\r\n                <\/div>\r\n\r\n                <\/li><li class=\"news-list-wrapper__list__item\">\r\n               <div class=\"card w-100 poradniki-lista__card \">\r\n                  <div class=\"card-img-top\">\r\n                    <img decoding=\"async\" src=\"https:\/\/plsk.eu\/wp-content\/uploads\/2024\/09\/22-548x301.png\" alt=\"Od Sadeck\u00fdch Besk\u00fdd po \u010cergovsk\u00e9 vrchy etapa II\">\r\n                  <\/div>\r\n\r\n                  <div class=\"card-body\">\r\n                    <a href=\"https:\/\/plsk.eu\/sk\/projekty\/od-sadeckych-beskyd-po-cergovske-vrchy-etapa-ii\/\" class=\"card-success-story__titless\"\r\n                      aria-labelledby=\"cardTitlePlc1 cardDatePlc1\">\r\n                      <h3 class=\"\">Od Sadeck\u00fdch Besk\u00fdd po \u010cergovsk\u00e9 vrchy etapa II<\/h3>\r\n                    <\/a>\r\n                  <\/div>\r\n                <\/div>\r\n\r\n                <\/li><li class=\"news-list-wrapper__list__item\">\r\n               <div class=\"card w-100 poradniki-lista__card \">\r\n                  <div class=\"card-img-top\">\r\n                    <img decoding=\"async\" src=\"https:\/\/plsk.eu\/wp-content\/uploads\/2024\/09\/22-548x301.png\" alt=\"Ochrana svahov v s\u00falade s pr\u00edrodou\">\r\n                  <\/div>\r\n\r\n                  <div class=\"card-body\">\r\n                    <a href=\"https:\/\/plsk.eu\/sk\/projekty\/ochrana-svahov-v-sulade-s-prirodou\/\" class=\"card-success-story__titless\"\r\n                      aria-labelledby=\"cardTitlePlc1 cardDatePlc1\">\r\n                      <h3 class=\"\">Ochrana svahov v s\u00falade s pr\u00edrodou<\/h3>\r\n                    <\/a>\r\n                  <\/div>\r\n                <\/div>\r\n\r\n                <\/li><li class=\"news-list-wrapper__list__item\">\r\n               <div class=\"card w-100 poradniki-lista__card \">\r\n                  <div class=\"card-img-top\">\r\n                    <img decoding=\"async\" src=\"https:\/\/plsk.eu\/wp-content\/uploads\/2025\/11\/ZGDW-Jaslo_Zborov3_cw.sl_.rat_-548x301.jpg\" alt=\"Bezpe\u010dn\u00e9 pohrani\u010die &#8211; cezhrani\u010dn\u00e1 spolupr\u00e1ca gm\u00edn patriacich do Zdru\u017eenia gm\u00edn povodia Wis\u0142oky a Pre\u0161ovsk\u00e9ho samospr\u00e1vneho kraja\">\r\n                  <\/div>\r\n\r\n                  <div class=\"card-body\">\r\n                    <a href=\"https:\/\/plsk.eu\/sk\/projekty\/bezpecne-pohranicie-cezhranicna-spolupraca-gmin-patriacich-do-zdruzenia-gmin-povodia-wisloky-a-presovskeho-samospravneho-kraja\/\" class=\"card-success-story__titless\"\r\n                      aria-labelledby=\"cardTitlePlc1 cardDatePlc1\">\r\n                      <h3 class=\"\">Bezpe\u010dn\u00e9 pohrani\u010die &#8211; cezhrani\u010dn\u00e1 spolupr\u00e1ca gm\u00edn patriacich&#8230;<\/h3>\r\n                    <\/a>\r\n                  <\/div>\r\n                <\/div>\r\n\r\n                <\/li><li class=\"news-list-wrapper__list__item\">\r\n               <div class=\"card w-100 poradniki-lista__card \">\r\n                  <div class=\"card-img-top\">\r\n                    <img decoding=\"async\" src=\"https:\/\/plsk.eu\/wp-content\/uploads\/2024\/09\/22-548x301.png\" alt=\"Spolo\u010dne bezpe\u010dnej\u0161ie &#8211; etapa 2.\">\r\n                  <\/div>\r\n\r\n                  <div class=\"card-body\">\r\n                    <a href=\"https:\/\/plsk.eu\/sk\/projekty\/spolocne-bezpecnejsie-etapa-2\/\" class=\"card-success-story__titless\"\r\n                      aria-labelledby=\"cardTitlePlc1 cardDatePlc1\">\r\n                      <h3 class=\"\">Spolo\u010dne bezpe\u010dnej\u0161ie &#8211; etapa 2.<\/h3>\r\n                    <\/a>\r\n                  <\/div>\r\n                <\/div>\r\n\r\n                <\/li><li class=\"news-list-wrapper__list__item\">\r\n               <div class=\"card w-100 poradniki-lista__card \">\r\n                  <div class=\"card-img-top\">\r\n                    <img decoding=\"async\" src=\"https:\/\/plsk.eu\/wp-content\/uploads\/2026\/04\/zdjecie-z-warsztatow-3-548x301.jpg\" alt=\"Chr\u00e1nime SPolo\u010dn\u00e9 Endemity (SPEN)\">\r\n                  <\/div>\r\n\r\n                  <div class=\"card-body\">\r\n                    <a href=\"https:\/\/plsk.eu\/sk\/projekty\/chranime-spolocne-endemity-spen\/\" class=\"card-success-story__titless\"\r\n                      aria-labelledby=\"cardTitlePlc1 cardDatePlc1\">\r\n                      <h3 class=\"\">Chr\u00e1nime SPolo\u010dn\u00e9 Endemity (SPEN)<\/h3>\r\n                    <\/a>\r\n                  <\/div>\r\n                <\/div>\r\n\r\n                <\/li><li class=\"news-list-wrapper__list__item\">\r\n               <div class=\"card w-100 poradniki-lista__card \">\r\n                  <div class=\"card-img-top\">\r\n                    <img decoding=\"async\" src=\"https:\/\/plsk.eu\/wp-content\/uploads\/2024\/09\/22-548x301.png\" alt=\"Elektromobiln\u00e9 pohrani\u010die PL-SK\">\r\n                  <\/div>\r\n\r\n                  <div class=\"card-body\">\r\n                    <a href=\"https:\/\/plsk.eu\/sk\/projekty\/elektromobilne-pohranicie-pl-sk\/\" class=\"card-success-story__titless\"\r\n                      aria-labelledby=\"cardTitlePlc1 cardDatePlc1\">\r\n                      <h3 class=\"\">Elektromobiln\u00e9 pohrani\u010die PL-SK<\/h3>\r\n                    <\/a>\r\n                  <\/div>\r\n                <\/div>\r\n\r\n                <\/li><li class=\"news-list-wrapper__list__item\">\r\n               <div class=\"card w-100 poradniki-lista__card \">\r\n                  <div class=\"card-img-top\">\r\n                    <img decoding=\"async\" src=\"https:\/\/plsk.eu\/wp-content\/uploads\/2024\/09\/22-548x301.png\" alt=\"Zelen\u00e9 trasy prihrani\u010dia: Nab\u00edjacia sie\u0165 pre \u010dist\u00fa mobilitu\">\r\n                  <\/div>\r\n\r\n                  <div class=\"card-body\">\r\n                    <a href=\"https:\/\/plsk.eu\/sk\/projekty\/zelene-trasy-prihranicia-nabijacia-siet-pre-cistu-mobilitu\/\" class=\"card-success-story__titless\"\r\n                      aria-labelledby=\"cardTitlePlc1 cardDatePlc1\">\r\n                      <h3 class=\"\">Zelen\u00e9 trasy prihrani\u010dia: Nab\u00edjacia sie\u0165 pre \u010dist\u00fa mobilitu<\/h3>\r\n                    <\/a>\r\n                  <\/div>\r\n                <\/div>\r\n\r\n                <\/li><li class=\"news-list-wrapper__list__item\">\r\n               <div class=\"card w-100 poradniki-lista__card \">\r\n                  <div class=\"card-img-top\">\r\n                    <img decoding=\"async\" src=\"https:\/\/plsk.eu\/wp-content\/uploads\/2024\/09\/22-548x301.png\" alt=\"Pakt pre &#8222;zelen\u00e9 p\u013e\u00faca&#8220; po\u013esko-slovensk\u00e9ho pohrani\u010dia\">\r\n                  <\/div>\r\n\r\n                  <div class=\"card-body\">\r\n                    <a href=\"https:\/\/plsk.eu\/sk\/projekty\/pakt-pre-zelene-pluca-polsko-slovenskeho-pohranicia\/\" class=\"card-success-story__titless\"\r\n                      aria-labelledby=\"cardTitlePlc1 cardDatePlc1\">\r\n                      <h3 class=\"\">Pakt pre &#8222;zelen\u00e9 p\u013e\u00faca&#8220; po\u013esko-slovensk\u00e9ho&#8230;<\/h3>\r\n                    <\/a>\r\n                  <\/div>\r\n                <\/div>\r\n\r\n                <\/li><li class=\"news-list-wrapper__list__item\">\r\n               <div class=\"card w-100 poradniki-lista__card \">\r\n                  <div class=\"card-img-top\">\r\n                    <img decoding=\"async\" src=\"https:\/\/plsk.eu\/wp-content\/uploads\/2026\/03\/Konferencja-otwierajaca-2-548x301.jpg\" alt=\"Schengensk\u00fd priestor &#8211; nov\u00e9 v\u00fdzvy pre Po\u013esko a Slovensko\">\r\n                  <\/div>\r\n\r\n                  <div class=\"card-body\">\r\n                    <a href=\"https:\/\/plsk.eu\/sk\/projekty\/schengensky-priestor-nove-vyzvy-pre-polsko-a-slovensko\/\" class=\"card-success-story__titless\"\r\n                      aria-labelledby=\"cardTitlePlc1 cardDatePlc1\">\r\n                      <h3 class=\"\">Schengensk\u00fd priestor &#8211; nov\u00e9 v\u00fdzvy pre Po\u013esko a&#8230;<\/h3>\r\n                    <\/a>\r\n                  <\/div>\r\n                <\/div>\r\n\r\n                <\/li><li class=\"news-list-wrapper__list__item\">\r\n               <div class=\"card w-100 poradniki-lista__card \">\r\n                  <div class=\"card-img-top\">\r\n                    <img decoding=\"async\" src=\"https:\/\/plsk.eu\/wp-content\/uploads\/2024\/09\/22-548x301.png\" alt=\"Dreven\u00e9 srdce Karp\u00e1t &#8211; dedi\u010dstvo a bud\u00facnos\u0165\">\r\n                  <\/div>\r\n\r\n                  <div class=\"card-body\">\r\n                    <a href=\"https:\/\/plsk.eu\/sk\/projekty\/drevene-srdce-karpat-dedicstvo-a-buducnost\/\" class=\"card-success-story__titless\"\r\n                      aria-labelledby=\"cardTitlePlc1 cardDatePlc1\">\r\n                      <h3 class=\"\">Dreven\u00e9 srdce Karp\u00e1t &#8211; dedi\u010dstvo a bud\u00facnos\u0165<\/h3>\r\n                    <\/a>\r\n                  <\/div>\r\n                <\/div>\r\n\r\n                <\/li><li class=\"news-list-wrapper__list__item\">\r\n               <div class=\"card w-100 poradniki-lista__card \">\r\n                  <div class=\"card-img-top\">\r\n                    <img decoding=\"async\" src=\"https:\/\/plsk.eu\/wp-content\/uploads\/2026\/03\/5-548x301.jpg\" alt=\"Veda pre cezhrani\u010dn\u00e9 funk\u010dn\u00e9 oblasti\">\r\n                  <\/div>\r\n\r\n                  <div class=\"card-body\">\r\n                    <a href=\"https:\/\/plsk.eu\/sk\/projekty\/veda-pre-cezhranicne-funkcne-oblasti\/\" class=\"card-success-story__titless\"\r\n                      aria-labelledby=\"cardTitlePlc1 cardDatePlc1\">\r\n                      <h3 class=\"\">Veda pre cezhrani\u010dn\u00e9 funk\u010dn\u00e9 oblasti<\/h3>\r\n                    <\/a>\r\n                  <\/div>\r\n                <\/div>\r\n\r\n                <\/li><li class=\"news-list-wrapper__list__item\">\r\n               <div class=\"card w-100 poradniki-lista__card \">\r\n                  <div class=\"card-img-top\">\r\n                    <img decoding=\"async\" src=\"https:\/\/plsk.eu\/wp-content\/uploads\/2025\/12\/Szkolenie-dronowe-2-548x301.png\" alt=\"Spolupr\u00e1ca horsk\u00fdch z\u00e1chran\u00e1rov z Po\u013eska a Slovenska\">\r\n                  <\/div>\r\n\r\n                  <div class=\"card-body\">\r\n                    <a href=\"https:\/\/plsk.eu\/sk\/projekty\/spolupraca-horskych-zachranarov-z-polska-a-slovenska\/\" class=\"card-success-story__titless\"\r\n                      aria-labelledby=\"cardTitlePlc1 cardDatePlc1\">\r\n                      <h3 class=\"\">Spolupr\u00e1ca horsk\u00fdch z\u00e1chran\u00e1rov z Po\u013eska a Slovenska<\/h3>\r\n                    <\/a>\r\n                  <\/div>\r\n                <\/div>\r\n\r\n                <\/li><li class=\"news-list-wrapper__list__item\">\r\n               <div class=\"card w-100 poradniki-lista__card \">\r\n                  <div class=\"card-img-top\">\r\n                    <img decoding=\"async\" src=\"https:\/\/plsk.eu\/wp-content\/uploads\/2024\/09\/22-548x301.png\" alt=\"Historicko &#8211; kult\u00farno &#8211; pr\u00edrodn\u00e1 cesta okolo Tatier \u2013 5. etapa\">\r\n                  <\/div>\r\n\r\n                  <div class=\"card-body\">\r\n                    <a href=\"https:\/\/plsk.eu\/sk\/projekty\/historicko-kulturno-prirodna-cesta-okolo-tatier-5-etapa\/\" class=\"card-success-story__titless\"\r\n                      aria-labelledby=\"cardTitlePlc1 cardDatePlc1\">\r\n                      <h3 class=\"\">Historicko &#8211; kult\u00farno &#8211; pr\u00edrodn\u00e1 cesta okolo Tatier&#8230;<\/h3>\r\n                    <\/a>\r\n                  <\/div>\r\n                <\/div>\r\n\r\n                <\/li><li class=\"news-list-wrapper__list__item\">\r\n               <div class=\"card w-100 poradniki-lista__card \">\r\n                  <div class=\"card-img-top\">\r\n                    <img decoding=\"async\" src=\"https:\/\/plsk.eu\/wp-content\/uploads\/2024\/09\/22-548x301.png\" alt=\"Stredovek\u00e9 pevnosti vo svetle s\u00fa\u010dasnosti\">\r\n                  <\/div>\r\n\r\n                  <div class=\"card-body\">\r\n                    <a href=\"https:\/\/plsk.eu\/sk\/projekty\/stredoveke-pevnosti-vo-svetle-sucasnosti\/\" class=\"card-success-story__titless\"\r\n                      aria-labelledby=\"cardTitlePlc1 cardDatePlc1\">\r\n                      <h3 class=\"\">Stredovek\u00e9 pevnosti vo svetle s\u00fa\u010dasnosti<\/h3>\r\n                    <\/a>\r\n                  <\/div>\r\n                <\/div>\r\n\r\n                <\/li><li class=\"news-list-wrapper__list__item\">\r\n               <div class=\"card w-100 poradniki-lista__card \">\r\n                  <div class=\"card-img-top\">\r\n                    <img decoding=\"async\" src=\"https:\/\/plsk.eu\/wp-content\/uploads\/2024\/09\/22-548x301.png\" alt=\"S duchom \u010casu\">\r\n                  <\/div>\r\n\r\n                  <div class=\"card-body\">\r\n                    <a href=\"https:\/\/plsk.eu\/sk\/projekty\/s-duchom-casu\/\" class=\"card-success-story__titless\"\r\n                      aria-labelledby=\"cardTitlePlc1 cardDatePlc1\">\r\n                      <h3 class=\"\">S duchom \u010casu<\/h3>\r\n                    <\/a>\r\n                  <\/div>\r\n                <\/div>\r\n\r\n                <\/li><li class=\"news-list-wrapper__list__item\">\r\n               <div class=\"card w-100 poradniki-lista__card \">\r\n                  <div class=\"card-img-top\">\r\n                    <img decoding=\"async\" src=\"https:\/\/plsk.eu\/wp-content\/uploads\/2024\/09\/22-548x301.png\" alt=\"\u017driedla hist\u00f3rie\">\r\n                  <\/div>\r\n\r\n                  <div class=\"card-body\">\r\n                    <a href=\"https:\/\/plsk.eu\/sk\/projekty\/zriedla-historie\/\" class=\"card-success-story__titless\"\r\n                      aria-labelledby=\"cardTitlePlc1 cardDatePlc1\">\r\n                      <h3 class=\"\">\u017driedla hist\u00f3rie<\/h3>\r\n                    <\/a>\r\n                  <\/div>\r\n                <\/div>\r\n\r\n                <\/li><li class=\"news-list-wrapper__list__item\">\r\n               <div class=\"card w-100 poradniki-lista__card \">\r\n                  <div class=\"card-img-top\">\r\n                    <img decoding=\"async\" src=\"https:\/\/plsk.eu\/wp-content\/uploads\/2024\/09\/22-548x301.png\" alt=\"Pohrani\u010die viacer\u00fdch kult\u00far \u2013 pohrani\u010die dial\u00f3gu\">\r\n                  <\/div>\r\n\r\n                  <div class=\"card-body\">\r\n                    <a href=\"https:\/\/plsk.eu\/sk\/projekty\/pohranicie-viacerych-kultur-pohranicie-dialogu\/\" class=\"card-success-story__titless\"\r\n                      aria-labelledby=\"cardTitlePlc1 cardDatePlc1\">\r\n                      <h3 class=\"\">Pohrani\u010die viacer\u00fdch kult\u00far \u2013 pohrani\u010die dial\u00f3gu<\/h3>\r\n                    <\/a>\r\n                  <\/div>\r\n                <\/div>\r\n\r\n                <\/li><li class=\"news-list-wrapper__list__item\">\r\n               <div class=\"card w-100 poradniki-lista__card \">\r\n                  <div class=\"card-img-top\">\r\n                    <img decoding=\"async\" src=\"https:\/\/plsk.eu\/wp-content\/uploads\/2024\/09\/22-548x301.png\" alt=\"Na bicykli okolo Tatier-spolo\u010dn\u00e9 cyklotrasy\">\r\n                  <\/div>\r\n\r\n                  <div class=\"card-body\">\r\n                    <a href=\"https:\/\/plsk.eu\/sk\/projekty\/na-bicykli-okolo-tatier-spolocne-cyklotrasy\/\" class=\"card-success-story__titless\"\r\n                      aria-labelledby=\"cardTitlePlc1 cardDatePlc1\">\r\n                      <h3 class=\"\">Na bicykli okolo Tatier-spolo\u010dn\u00e9 cyklotrasy<\/h3>\r\n                    <\/a>\r\n                  <\/div>\r\n                <\/div>\r\n\r\n                <\/li><li class=\"news-list-wrapper__list__item\">\r\n               <div class=\"card w-100 poradniki-lista__card \">\r\n                  <div class=\"card-img-top\">\r\n                    <img decoding=\"async\" src=\"https:\/\/plsk.eu\/wp-content\/uploads\/2026\/04\/Szkolenie-Zawoja-7-548x301.jpeg\" alt=\"(Ne) bezpe\u010dn\u00e9 pohrani\u010die Oravsk\u00fdch Besk\u00fdd &#8211; Beskidu Zywieckiego\">\r\n                  <\/div>\r\n\r\n                  <div class=\"card-body\">\r\n                    <a href=\"https:\/\/plsk.eu\/sk\/projekty\/ne-bezpecne-pohranicie-oravskych-beskyd-beskidu-zywieckiego\/\" class=\"card-success-story__titless\"\r\n                      aria-labelledby=\"cardTitlePlc1 cardDatePlc1\">\r\n                      <h3 class=\"\">(Ne) bezpe\u010dn\u00e9 pohrani\u010die Oravsk\u00fdch Besk\u00fdd &#8211; Beskidu&#8230;<\/h3>\r\n                    <\/a>\r\n                  <\/div>\r\n                <\/div>\r\n\r\n                <\/li><li class=\"news-list-wrapper__list__item\">\r\n               <div class=\"card w-100 poradniki-lista__card \">\r\n                  <div class=\"card-img-top\">\r\n                    <img decoding=\"async\" src=\"https:\/\/plsk.eu\/wp-content\/uploads\/2025\/01\/Lasy-7-13-548x301.png\" alt=\"Zv\u00fd\u0161enie bezpe\u010dnosti a zmiernenie negat\u00edvnych d\u00f4sledkov klimatick\u00fdch zmien v pohrani\u010dnom regi\u00f3ne medzi Po\u013eskom a Slovenskom v obciach: \u0141\u0105cko, Podegrodzie, Spi\u0161sk\u00e1 Bel\u00e1\">\r\n                  <\/div>\r\n\r\n                  <div class=\"card-body\">\r\n                    <a href=\"https:\/\/plsk.eu\/sk\/projekty\/zvysenie-bezpecnosti-a-zmiernenie-negativnych-dosledkov-klimatickych-zmien-v-pohranicnom-regione-medzi-polskom-a-slovenskom-v-obciach-lacko-podegrodzie-spisska-bela\/\" class=\"card-success-story__titless\"\r\n                      aria-labelledby=\"cardTitlePlc1 cardDatePlc1\">\r\n                      <h3 class=\"\">Zv\u00fd\u0161enie bezpe\u010dnosti a zmiernenie negat\u00edvnych d\u00f4sledkov klimatick\u00fdch&#8230;<\/h3>\r\n                    <\/a>\r\n                  <\/div>\r\n                <\/div>\r\n\r\n                <\/li><li class=\"news-list-wrapper__list__item\">\r\n               <div class=\"card w-100 poradniki-lista__card \">\r\n                  <div class=\"card-img-top\">\r\n                    <img decoding=\"async\" src=\"https:\/\/plsk.eu\/wp-content\/uploads\/2025\/01\/Lasy-7-13-548x301.png\" alt=\"Spolo\u010dne pre bezpe\u010dnos\u0165\">\r\n                  <\/div>\r\n\r\n                  <div class=\"card-body\">\r\n                    <a href=\"https:\/\/plsk.eu\/sk\/projekty\/spolocne-pre-bezpecnost\/\" class=\"card-success-story__titless\"\r\n                      aria-labelledby=\"cardTitlePlc1 cardDatePlc1\">\r\n                      <h3 class=\"\">Spolo\u010dne pre bezpe\u010dnos\u0165<\/h3>\r\n                    <\/a>\r\n                  <\/div>\r\n                <\/div>\r\n\r\n                <\/li><li class=\"news-list-wrapper__list__item\">\r\n               <div class=\"card w-100 poradniki-lista__card \">\r\n                  <div class=\"card-img-top\">\r\n                    <img decoding=\"async\" src=\"https:\/\/plsk.eu\/wp-content\/uploads\/2025\/01\/Lasy-7-13-548x301.png\" alt=\"Po\u013esko-slovensk\u00e1 Eurosztafeta Z\u00e1chrany \u2013 \u201eSpolo\u010dne bezpe\u010dnej\u0161ie v Eur\u00f3pe\u201d\">\r\n                  <\/div>\r\n\r\n                  <div class=\"card-body\">\r\n                    <a href=\"https:\/\/plsk.eu\/sk\/projekty\/polsko-slovenska-eurosztafeta-zachrany-spolocne-bezpecnejsie-v-europe\/\" class=\"card-success-story__titless\"\r\n                      aria-labelledby=\"cardTitlePlc1 cardDatePlc1\">\r\n                      <h3 class=\"\">Po\u013esko-slovensk\u00e1 Eurosztafeta Z\u00e1chrany \u2013 \u201eSpolo\u010dne bezpe\u010dnej\u0161ie&#8230;<\/h3>\r\n                    <\/a>\r\n                  <\/div>\r\n                <\/div>\r\n\r\n                <\/li><li class=\"news-list-wrapper__list__item\">\r\n               <div class=\"card w-100 poradniki-lista__card \">\r\n                  <div class=\"card-img-top\">\r\n                    <img decoding=\"async\" src=\"https:\/\/plsk.eu\/wp-content\/uploads\/2025\/01\/Lasy-7-13-548x301.png\" alt=\"Ochrana kl\u00edmy pomocou nov\u00fdch technol\u00f3gi\u00ed\">\r\n                  <\/div>\r\n\r\n                  <div class=\"card-body\">\r\n                    <a href=\"https:\/\/plsk.eu\/sk\/projekty\/ochrana-klimy-pomocou-novych-technologii\/\" class=\"card-success-story__titless\"\r\n                      aria-labelledby=\"cardTitlePlc1 cardDatePlc1\">\r\n                      <h3 class=\"\">Ochrana kl\u00edmy pomocou nov\u00fdch technol\u00f3gi\u00ed<\/h3>\r\n                    <\/a>\r\n                  <\/div>\r\n                <\/div>\r\n\r\n                <\/li><li class=\"news-list-wrapper__list__item\">\r\n               <div class=\"card w-100 poradniki-lista__card \">\r\n                  <div class=\"card-img-top\">\r\n                    <img decoding=\"async\" src=\"https:\/\/plsk.eu\/wp-content\/uploads\/2025\/01\/Lasy-7-13-548x301.png\" alt=\"Ekologick\u00e9 koridory v po\u013esko-slovenskom pohrani\u010d\u00ed\">\r\n                  <\/div>\r\n\r\n                  <div class=\"card-body\">\r\n                    <a href=\"https:\/\/plsk.eu\/sk\/projekty\/ekologicke-koridory-v-polsko-slovenskom-pohranici\/\" class=\"card-success-story__titless\"\r\n                      aria-labelledby=\"cardTitlePlc1 cardDatePlc1\">\r\n                      <h3 class=\"\">Ekologick\u00e9 koridory v po\u013esko-slovenskom pohrani\u010d\u00ed<\/h3>\r\n                    <\/a>\r\n                  <\/div>\r\n                <\/div>\r\n\r\n                <\/li><li class=\"news-list-wrapper__list__item\">\r\n               <div class=\"card w-100 poradniki-lista__card \">\r\n                  <div class=\"card-img-top\">\r\n                    <img decoding=\"async\" src=\"https:\/\/plsk.eu\/wp-content\/uploads\/2025\/01\/Wielka-Racza-14-20-548x301.png\" alt=\"Spolo\u010dne v pohrani\u010d\u00ed\">\r\n                  <\/div>\r\n\r\n                  <div class=\"card-body\">\r\n                    <a href=\"https:\/\/plsk.eu\/sk\/projekty\/spolocne-v-pohranici\/\" class=\"card-success-story__titless\"\r\n                      aria-labelledby=\"cardTitlePlc1 cardDatePlc1\">\r\n                      <h3 class=\"\">Spolo\u010dne v pohrani\u010d\u00ed<\/h3>\r\n                    <\/a>\r\n                  <\/div>\r\n                <\/div>\r\n\r\n                <\/li><li class=\"news-list-wrapper__list__item\">\r\n               <div class=\"card w-100 poradniki-lista__card \">\r\n                  <div class=\"card-img-top\">\r\n                    <img decoding=\"async\" src=\"https:\/\/plsk.eu\/wp-content\/uploads\/2025\/01\/Wielka-Racza-14-20-548x301.png\" alt=\"Spolupr\u00e1ca naprie\u010d hranicami\">\r\n                  <\/div>\r\n\r\n                  <div class=\"card-body\">\r\n                    <a href=\"https:\/\/plsk.eu\/sk\/projekty\/spolupraca-napriec-hranicami\/\" class=\"card-success-story__titless\"\r\n                      aria-labelledby=\"cardTitlePlc1 cardDatePlc1\">\r\n                      <h3 class=\"\">Spolupr\u00e1ca naprie\u010d hranicami<\/h3>\r\n                    <\/a>\r\n                  <\/div>\r\n                <\/div>\r\n\r\n                <\/li><li class=\"news-list-wrapper__list__item\">\r\n               <div class=\"card w-100 poradniki-lista__card \">\r\n                  <div class=\"card-img-top\">\r\n                    <img decoding=\"async\" src=\"https:\/\/plsk.eu\/wp-content\/uploads\/2025\/01\/Lasy-7-13-548x301.png\" alt=\"Bezpe\u010dn\u00e9 a ekologick\u00e9 pohrani\u010die\">\r\n                  <\/div>\r\n\r\n                  <div class=\"card-body\">\r\n                    <a href=\"https:\/\/plsk.eu\/sk\/projekty\/bezpecne-a-ekologicke-pohranicie\/\" class=\"card-success-story__titless\"\r\n                      aria-labelledby=\"cardTitlePlc1 cardDatePlc1\">\r\n                      <h3 class=\"\">Bezpe\u010dn\u00e9 a ekologick\u00e9 pohrani\u010die<\/h3>\r\n                    <\/a>\r\n                  <\/div>\r\n                <\/div>\r\n\r\n                <\/li><li class=\"news-list-wrapper__list__item\">\r\n               <div class=\"card w-100 poradniki-lista__card \">\r\n                  <div class=\"card-img-top\">\r\n                    <img decoding=\"async\" src=\"https:\/\/plsk.eu\/wp-content\/uploads\/2025\/12\/Obraz14-548x301.jpg\" alt=\"Samospr\u00e1va pre seniorov\">\r\n                  <\/div>\r\n\r\n                  <div class=\"card-body\">\r\n                    <a href=\"https:\/\/plsk.eu\/sk\/projekty\/samosprava-pre-seniorov\/\" class=\"card-success-story__titless\"\r\n                      aria-labelledby=\"cardTitlePlc1 cardDatePlc1\">\r\n                      <h3 class=\"\">Samospr\u00e1va pre seniorov<\/h3>\r\n                    <\/a>\r\n                  <\/div>\r\n                <\/div>\r\n\r\n                <\/li><li class=\"news-list-wrapper__list__item\">\r\n               <div class=\"card w-100 poradniki-lista__card \">\r\n                  <div class=\"card-img-top\">\r\n                    <img decoding=\"async\" src=\"https:\/\/plsk.eu\/wp-content\/uploads\/2024\/09\/22-548x301.png\" alt=\"SPOLO\u010cNE ZA ZDRAV\u00c9 POHRANI\u010cIE\">\r\n                  <\/div>\r\n\r\n                  <div class=\"card-body\">\r\n                    <a href=\"https:\/\/plsk.eu\/sk\/projekty\/spolocne-za-zdrave-pohranicie\/\" class=\"card-success-story__titless\"\r\n                      aria-labelledby=\"cardTitlePlc1 cardDatePlc1\">\r\n                      <h3 class=\"\">SPOLO\u010cNE ZA ZDRAV\u00c9 POHRANI\u010cIE<\/h3>\r\n                    <\/a>\r\n                  <\/div>\r\n                <\/div>\r\n\r\n                <\/li><li class=\"news-list-wrapper__list__item\">\r\n               <div class=\"card w-100 poradniki-lista__card \">\r\n                  <div class=\"card-img-top\">\r\n                    <img decoding=\"async\" src=\"https:\/\/plsk.eu\/wp-content\/uploads\/2025\/02\/DSC_2899-548x301.jpg\" alt=\"PO\u013dSKO-SLOVENSK\u00c1 AKAD\u00c9MIA TRAD\u00cdCI\u00cd. Chr\u00e1nime, \u0161\u00edrime, spr\u00edstup\u0148ujeme\">\r\n                  <\/div>\r\n\r\n                  <div class=\"card-body\">\r\n                    <a href=\"https:\/\/plsk.eu\/sk\/projekty\/polsko-slovenska-akademia-tradicii-chranime-sirime-spristupnujeme\/\" class=\"card-success-story__titless\"\r\n                      aria-labelledby=\"cardTitlePlc1 cardDatePlc1\">\r\n                      <h3 class=\"\">PO\u013dSKO-SLOVENSK\u00c1 AKAD\u00c9MIA TRAD\u00cdCI\u00cd. Chr\u00e1nime, \u0161\u00edrime,&#8230;<\/h3>\r\n                    <\/a>\r\n                  <\/div>\r\n                <\/div>\r\n\r\n                <\/li><li class=\"news-list-wrapper__list__item\">\r\n               <div class=\"card w-100 poradniki-lista__card \">\r\n                  <div class=\"card-img-top\">\r\n                    <img decoding=\"async\" src=\"https:\/\/plsk.eu\/wp-content\/uploads\/2025\/02\/158A7026-548x301.jpg\" alt=\"M\u00fazeum &#8211; m\u00f4j \u010dasopriestor\">\r\n                  <\/div>\r\n\r\n                  <div class=\"card-body\">\r\n                    <a href=\"https:\/\/plsk.eu\/sk\/projekty\/muzeum-moj-casopriestor\/\" class=\"card-success-story__titless\"\r\n                      aria-labelledby=\"cardTitlePlc1 cardDatePlc1\">\r\n                      <h3 class=\"\">M\u00fazeum &#8211; m\u00f4j \u010dasopriestor<\/h3>\r\n                    <\/a>\r\n                  <\/div>\r\n                <\/div>\r\n\r\n                <\/li><li class=\"news-list-wrapper__list__item\">\r\n               <div class=\"card w-100 poradniki-lista__card \">\r\n                  <div class=\"card-img-top\">\r\n                    <img decoding=\"async\" src=\"https:\/\/plsk.eu\/wp-content\/uploads\/2025\/02\/Szlak-wokol-Tatr-14-548x301.jpg\" alt=\"Historicko &#8211; kult\u00farno &#8211; pr\u00edrodn\u00e1 cesta okolo Tatier \u2013 4. etapa\">\r\n                  <\/div>\r\n\r\n                  <div class=\"card-body\">\r\n                    <a href=\"https:\/\/plsk.eu\/sk\/projekty\/historicko-kulturno-prirodna-cesta-okolo-tatier-4-etapa\/\" class=\"card-success-story__titless\"\r\n                      aria-labelledby=\"cardTitlePlc1 cardDatePlc1\">\r\n                      <h3 class=\"\">Historicko &#8211; kult\u00farno &#8211; pr\u00edrodn\u00e1 cesta okolo Tatier&#8230;<\/h3>\r\n                    <\/a>\r\n                  <\/div>\r\n                <\/div>\r\n\r\n                <\/li><li class=\"news-list-wrapper__list__item\">\r\n               <div class=\"card w-100 poradniki-lista__card \">\r\n                  <div class=\"card-img-top\">\r\n                    <img decoding=\"async\" src=\"https:\/\/plsk.eu\/wp-content\/uploads\/2026\/03\/BdB_2-548x301.jpg\" alt=\"Br\u00e1na do Besk\u00fdd\">\r\n                  <\/div>\r\n\r\n                  <div class=\"card-body\">\r\n                    <a href=\"https:\/\/plsk.eu\/sk\/projekty\/brana-do-beskyd\/\" class=\"card-success-story__titless\"\r\n                      aria-labelledby=\"cardTitlePlc1 cardDatePlc1\">\r\n                      <h3 class=\"\">Br\u00e1na do Besk\u00fdd<\/h3>\r\n                    <\/a>\r\n                  <\/div>\r\n                <\/div>\r\n\r\n                <\/li><li class=\"news-list-wrapper__list__item\">\r\n               <div class=\"card w-100 poradniki-lista__card \">\r\n                  <div class=\"card-img-top\">\r\n                    <img decoding=\"async\" src=\"https:\/\/plsk.eu\/wp-content\/uploads\/2025\/02\/2-548x301.jpg\" alt=\"Cestou pr\u00edrody a kult\u00fary dolinou Dunajca\">\r\n                  <\/div>\r\n\r\n                  <div class=\"card-body\">\r\n                    <a href=\"https:\/\/plsk.eu\/sk\/projekty\/cestou-prirody-a-kultury-dolinou-dunajca\/\" class=\"card-success-story__titless\"\r\n                      aria-labelledby=\"cardTitlePlc1 cardDatePlc1\">\r\n                      <h3 class=\"\">Cestou pr\u00edrody a kult\u00fary dolinou Dunajca<\/h3>\r\n                    <\/a>\r\n                  <\/div>\r\n                <\/div>\r\n\r\n                <\/li><li class=\"news-list-wrapper__list__item\">\r\n               <div class=\"card w-100 poradniki-lista__card \">\r\n                  <div class=\"card-img-top\">\r\n                    <img decoding=\"async\" src=\"https:\/\/plsk.eu\/wp-content\/uploads\/2025\/01\/Zamek-w-Muszynie-548x301.png\" alt=\"SK &#8211; Historick\u00e9 pohrani\u010die je \u010doraz kraj\u0161ie &#8211; obnovujeme a spr\u00edstup\u0148ujeme historick\u00e9 zauj\u00edmavosti na cezhrani\u010dnej trase z Muszyny do Sabinova (s\u00fa\u010das\u0165 EuroVelo11)\">\r\n                  <\/div>\r\n\r\n                  <div class=\"card-body\">\r\n                    <a href=\"https:\/\/plsk.eu\/sk\/projekty\/zabytkowe-pogranicze-pieknieje-odnawiamy-i-udostepniamy-historyczne-atrakcje-na-transgranicznym-szlaku-z-muszyny-do-sabinowa-czesci-eurovelo11\/\" class=\"card-success-story__titless\"\r\n                      aria-labelledby=\"cardTitlePlc1 cardDatePlc1\">\r\n                      <h3 class=\"\">SK &#8211; Historick\u00e9 pohrani\u010die je \u010doraz kraj\u0161ie &#8211; obnovujeme&#8230;<\/h3>\r\n                    <\/a>\r\n                  <\/div>\r\n                <\/div>\r\n\r\n                <\/li><li class=\"news-list-wrapper__list__item\">\r\n               <div class=\"card w-100 poradniki-lista__card \">\r\n                  <div class=\"card-img-top\">\r\n                    <img decoding=\"async\" src=\"https:\/\/plsk.eu\/wp-content\/uploads\/2024\/09\/22-548x301.png\" alt=\"Ciricium a Slovensk\u00fd Vatik\u00e1n. Ochrana a revitaliz\u00e1cia sakr\u00e1lnych pamiatok a miest v ich okol\u00ed\">\r\n                  <\/div>\r\n\r\n                  <div class=\"card-body\">\r\n                    <a href=\"https:\/\/plsk.eu\/sk\/projekty\/ciricium-a-slovensky-vatikan-ochrana-a-revitalizacia-sakralnych-pamiatok-a-miest-v-ich-okoli\/\" class=\"card-success-story__titless\"\r\n                      aria-labelledby=\"cardTitlePlc1 cardDatePlc1\">\r\n                      <h3 class=\"\">Ciricium a Slovensk\u00fd Vatik\u00e1n. Ochrana a revitaliz\u00e1cia sakr\u00e1lnych&#8230;<\/h3>\r\n                    <\/a>\r\n                  <\/div>\r\n                <\/div>\r\n\r\n                <\/li><li class=\"news-list-wrapper__list__item\">\r\n               <div class=\"card w-100 poradniki-lista__card \">\r\n                  <div class=\"card-img-top\">\r\n                    <img decoding=\"async\" src=\"https:\/\/plsk.eu\/wp-content\/uploads\/2025\/02\/20230905_180152-1-548x301.jpg\" alt=\"Centrum eur\u00f3pskej goralskej kult\u00fary\">\r\n                  <\/div>\r\n\r\n                  <div class=\"card-body\">\r\n                    <a href=\"https:\/\/plsk.eu\/sk\/projekty\/centrum-europskej-goralskej-kultury\/\" class=\"card-success-story__titless\"\r\n                      aria-labelledby=\"cardTitlePlc1 cardDatePlc1\">\r\n                      <h3 class=\"\">Centrum eur\u00f3pskej goralskej kult\u00fary<\/h3>\r\n                    <\/a>\r\n                  <\/div>\r\n                <\/div>\r\n\r\n                <\/li><li class=\"news-list-wrapper__list__item\">\r\n               <div class=\"card w-100 poradniki-lista__card \">\r\n                  <div class=\"card-img-top\">\r\n                    <img decoding=\"async\" src=\"https:\/\/plsk.eu\/wp-content\/uploads\/2026\/03\/569134089_122198911850495946_4248099249250258084_n-548x301.jpg\" alt=\"V kruhu tajomstiev\">\r\n                  <\/div>\r\n\r\n                  <div class=\"card-body\">\r\n                    <a href=\"https:\/\/plsk.eu\/sk\/projekty\/v-kruhu-tajomstiev\/\" class=\"card-success-story__titless\"\r\n                      aria-labelledby=\"cardTitlePlc1 cardDatePlc1\">\r\n                      <h3 class=\"\">V kruhu tajomstiev<\/h3>\r\n                    <\/a>\r\n                  <\/div>\r\n                <\/div>\r\n\r\n                <\/li><li class=\"news-list-wrapper__list__item\">\r\n               <div class=\"card w-100 poradniki-lista__card \">\r\n                  <div class=\"card-img-top\">\r\n                    <img decoding=\"async\" src=\"https:\/\/plsk.eu\/wp-content\/uploads\/2025\/02\/3-548x301.jpg\" alt=\"ORBISFERA \u2013 sp\u00e1jame \u013eud\u00ed a ich cesty\">\r\n                  <\/div>\r\n\r\n                  <div class=\"card-body\">\r\n                    <a href=\"https:\/\/plsk.eu\/sk\/projekty\/orbisfera-spajame-ludi-a-ich-cesty\/\" class=\"card-success-story__titless\"\r\n                      aria-labelledby=\"cardTitlePlc1 cardDatePlc1\">\r\n                      <h3 class=\"\">ORBISFERA \u2013 sp\u00e1jame \u013eud\u00ed a ich cesty<\/h3>\r\n                    <\/a>\r\n                  <\/div>\r\n                <\/div>\r\n\r\n                <\/li><li class=\"news-list-wrapper__list__item\">\r\n               <div class=\"card w-100 poradniki-lista__card \">\r\n                  <div class=\"card-img-top\">\r\n                    <img decoding=\"async\" src=\"https:\/\/plsk.eu\/wp-content\/uploads\/2026\/03\/202510-Wisla-Ruzomberk-INTERREG-029-548x301.jpg\" alt=\"Cestou dreva \u2013 pamiatkami drevenej architekt\u00fary a pr\u00edrodn\u00e9ho dedi\u010dstva vo Wisle a Ru\u017eomberku\">\r\n                  <\/div>\r\n\r\n                  <div class=\"card-body\">\r\n                    <a href=\"https:\/\/plsk.eu\/sk\/projekty\/cestou-dreva-pamiatkami-drevenej-architektury-a-prirodneho-dedicstva-vo-wisle-a-ruzomberku\/\" class=\"card-success-story__titless\"\r\n                      aria-labelledby=\"cardTitlePlc1 cardDatePlc1\">\r\n                      <h3 class=\"\">Cestou dreva \u2013 pamiatkami drevenej architekt\u00fary a pr\u00edrodn\u00e9ho&#8230;<\/h3>\r\n                    <\/a>\r\n                  <\/div>\r\n                <\/div>\r\n\r\n                <\/li><li class=\"news-list-wrapper__list__item\">\r\n               <div class=\"card w-100 poradniki-lista__card \">\r\n                  <div class=\"card-img-top\">\r\n                    <img decoding=\"async\" src=\"https:\/\/plsk.eu\/wp-content\/uploads\/2025\/01\/szkolenia-4-14-20-548x301.png\" alt=\"Mal\u00e9 projekty \u2013 ve\u013ek\u00e9 efekty pod Tatrami\">\r\n                  <\/div>\r\n\r\n                  <div class=\"card-body\">\r\n                    <a href=\"https:\/\/plsk.eu\/sk\/projekty\/male-projekty-velke-efekty-pod-tatrami\/\" class=\"card-success-story__titless\"\r\n                      aria-labelledby=\"cardTitlePlc1 cardDatePlc1\">\r\n                      <h3 class=\"\">Mal\u00e9 projekty \u2013 ve\u013ek\u00e9 efekty pod Tatrami<\/h3>\r\n                    <\/a>\r\n                  <\/div>\r\n                <\/div>\r\n\r\n                <\/li><li class=\"news-list-wrapper__list__item\">\r\n               <div class=\"card w-100 poradniki-lista__card \">\r\n                  <div class=\"card-img-top\">\r\n                    <img decoding=\"async\" src=\"https:\/\/plsk.eu\/wp-content\/uploads\/2025\/01\/szkolenia-4-14-20-548x301.png\" alt=\"Tvoriv\u00e9 pohrani\u010die. Fond mal\u00fdch projektov v Karpatskom euroregi\u00f3ne\">\r\n                  <\/div>\r\n\r\n                  <div class=\"card-body\">\r\n                    <a href=\"https:\/\/plsk.eu\/sk\/projekty\/tvorive-pohranicie-fond-malych-projektov-v-karpatskom-euroregione\/\" class=\"card-success-story__titless\"\r\n                      aria-labelledby=\"cardTitlePlc1 cardDatePlc1\">\r\n                      <h3 class=\"\">Tvoriv\u00e9 pohrani\u010die. Fond mal\u00fdch projektov v Karpatskom&#8230;<\/h3>\r\n                    <\/a>\r\n                  <\/div>\r\n                <\/div>\r\n\r\n                <\/li><li class=\"news-list-wrapper__list__item\">\r\n               <div class=\"card w-100 poradniki-lista__card \">\r\n                  <div class=\"card-img-top\">\r\n                    <img decoding=\"async\" src=\"https:\/\/plsk.eu\/wp-content\/uploads\/2025\/01\/szkolenia-4-14-20-548x301.png\" alt=\"INTERREG Beskydy PL-SK\">\r\n                  <\/div>\r\n\r\n                  <div class=\"card-body\">\r\n                    <a href=\"https:\/\/plsk.eu\/sk\/projekty\/interreg-beskydy-pl-sk\/\" class=\"card-success-story__titless\"\r\n                      aria-labelledby=\"cardTitlePlc1 cardDatePlc1\">\r\n                      <h3 class=\"\">INTERREG Beskydy PL-SK<\/h3>\r\n                    <\/a>\r\n                  <\/div>\r\n                <\/div>\r\n\r\n                <\/li><li class=\"news-list-wrapper__list__item\">\r\n               <div class=\"card w-100 poradniki-lista__card \">\r\n                  <div class=\"card-img-top\">\r\n                    <img decoding=\"async\" src=\"https:\/\/plsk.eu\/wp-content\/uploads\/2025\/03\/5-548x301.jpg\" alt=\"Zlep\u0161enie kvality cezhrani\u010dn\u00e9ho cestn\u00e9ho spojenia medzi obcou Istebna a obcou \u010cierne\">\r\n                  <\/div>\r\n\r\n                  <div class=\"card-body\">\r\n                    <a href=\"https:\/\/plsk.eu\/sk\/projekty\/zlepsenie-kvality-cezhranicneho-cestneho-spojenia-medzi-obcou-istebna-a-obcou-cierne\/\" class=\"card-success-story__titless\"\r\n                      aria-labelledby=\"cardTitlePlc1 cardDatePlc1\">\r\n                      <h3 class=\"\">Zlep\u0161enie kvality cezhrani\u010dn\u00e9ho cestn\u00e9ho spojenia medzi obcou&#8230;<\/h3>\r\n                    <\/a>\r\n                  <\/div>\r\n                <\/div>\r\n\r\n                <\/li><li class=\"news-list-wrapper__list__item\">\r\n               <div class=\"card w-100 poradniki-lista__card \">\r\n                  <div class=\"card-img-top\">\r\n                    <img decoding=\"async\" src=\"https:\/\/plsk.eu\/wp-content\/uploads\/2025\/11\/rozpczecie-budowy-ronda-w-Nowym-Zmigrodzie-4-548x301.jpg\" alt=\"Sp\u00e1jame pohrani\u010die cez Duklu\">\r\n                  <\/div>\r\n\r\n                  <div class=\"card-body\">\r\n                    <a href=\"https:\/\/plsk.eu\/sk\/projekty\/spajame-pohranicie-cez-duklu\/\" class=\"card-success-story__titless\"\r\n                      aria-labelledby=\"cardTitlePlc1 cardDatePlc1\">\r\n                      <h3 class=\"\">Sp\u00e1jame pohrani\u010die cez Duklu<\/h3>\r\n                    <\/a>\r\n                  <\/div>\r\n                <\/div>\r\n\r\n                <\/li><li class=\"news-list-wrapper__list__item\">\r\n               <div class=\"card w-100 poradniki-lista__card \">\r\n                  <div class=\"card-img-top\">\r\n                    <img decoding=\"async\" src=\"https:\/\/plsk.eu\/wp-content\/uploads\/2025\/01\/DJI_0145-HDR-548x301.jpg\" alt=\"Sp\u00e1jame pohrani\u010die V\u00fdchodn\u00fdch Karp\u00e1t\">\r\n                  <\/div>\r\n\r\n                  <div class=\"card-body\">\r\n                    <a href=\"https:\/\/plsk.eu\/sk\/projekty\/spajame-pohranicie-vychodnych-karpat\/\" class=\"card-success-story__titless\"\r\n                      aria-labelledby=\"cardTitlePlc1 cardDatePlc1\">\r\n                      <h3 class=\"\">Sp\u00e1jame pohrani\u010die V\u00fdchodn\u00fdch Karp\u00e1t<\/h3>\r\n                    <\/a>\r\n                  <\/div>\r\n                <\/div>\r\n\r\n                <\/li><li class=\"news-list-wrapper__list__item\">\r\n               <div class=\"card w-100 poradniki-lista__card \">\r\n                  <div class=\"card-img-top\">\r\n                    <img decoding=\"async\" src=\"https:\/\/plsk.eu\/wp-content\/uploads\/2025\/02\/DSC01906-Edit-548x301.jpg\" alt=\"Moderniz\u00e1cia cestn\u00e9ho spojenia Pieninsk\u00fdch n\u00e1rodn\u00fdch parkov \u2013 4. etapa\">\r\n                  <\/div>\r\n\r\n                  <div class=\"card-body\">\r\n                    <a href=\"https:\/\/plsk.eu\/sk\/projekty\/modernizacia-cestneho-spojenia-pieninskych-narodnych-parkov-4-etapa\/\" class=\"card-success-story__titless\"\r\n                      aria-labelledby=\"cardTitlePlc1 cardDatePlc1\">\r\n                      <h3 class=\"\">Moderniz\u00e1cia cestn\u00e9ho spojenia Pieninsk\u00fdch n\u00e1rodn\u00fdch parkov \u2013&#8230;<\/h3>\r\n                    <\/a>\r\n                  <\/div>\r\n                <\/div>\r\n\r\n                <\/li><li class=\"news-list-wrapper__list__item\">\r\n               <div class=\"card w-100 poradniki-lista__card \">\r\n                  <div class=\"card-img-top\">\r\n                    <img decoding=\"async\" src=\"https:\/\/plsk.eu\/wp-content\/uploads\/2026\/03\/20251106_135942-548x301.jpg\" alt=\"Prepojenie Horn\u00e9ho \u0160ari\u0161a s Muszynou\">\r\n                  <\/div>\r\n\r\n                  <div class=\"card-body\">\r\n                    <a href=\"https:\/\/plsk.eu\/sk\/projekty\/prepojenie-horneho-sarisa-s-muszynou\/\" class=\"card-success-story__titless\"\r\n                      aria-labelledby=\"cardTitlePlc1 cardDatePlc1\">\r\n                      <h3 class=\"\">Prepojenie Horn\u00e9ho \u0160ari\u0161a s Muszynou<\/h3>\r\n                    <\/a>\r\n                  <\/div>\r\n                <\/div>\r\n\r\n                <\/li><li class=\"news-list-wrapper__list__item\">\r\n               <div class=\"card w-100 poradniki-lista__card \">\r\n                  <div class=\"card-img-top\">\r\n                    <img decoding=\"async\" src=\"https:\/\/plsk.eu\/wp-content\/uploads\/2026\/04\/Inwestycja-SK-po-realizacji-4-548x301.jpg\" alt=\"\u017dywiecko \u2013 \u010dadeck\u00fd cestn\u00fd koridor\">\r\n                  <\/div>\r\n\r\n                  <div class=\"card-body\">\r\n                    <a href=\"https:\/\/plsk.eu\/sk\/projekty\/zywiecko-cadecky-cestny-koridor\/\" class=\"card-success-story__titless\"\r\n                      aria-labelledby=\"cardTitlePlc1 cardDatePlc1\">\r\n                      <h3 class=\"\">\u017dywiecko \u2013 \u010dadeck\u00fd cestn\u00fd koridor<\/h3>\r\n                    <\/a>\r\n                  <\/div>\r\n                <\/div>\r\n\r\n                <\/li><li class=\"news-list-wrapper__list__item\">\r\n               <div class=\"card w-100 poradniki-lista__card \">\r\n                  <div class=\"card-img-top\">\r\n                    <img decoding=\"async\" src=\"https:\/\/plsk.eu\/wp-content\/uploads\/2024\/09\/22-548x301.png\" alt=\"Presk\u00famajte po\u013esko-slovensk\u00e9 Bieszczady prostredn\u00edctvom elektromobility\">\r\n                  <\/div>\r\n\r\n                  <div class=\"card-body\">\r\n                    <a href=\"https:\/\/plsk.eu\/sk\/projekty\/preskumajte-polsko-slovenske-bieszczady-prostrednictvom-elektromobility\/\" class=\"card-success-story__titless\"\r\n                      aria-labelledby=\"cardTitlePlc1 cardDatePlc1\">\r\n                      <h3 class=\"\">Presk\u00famajte po\u013esko-slovensk\u00e9 Bieszczady prostredn\u00edctvom&#8230;<\/h3>\r\n                    <\/a>\r\n                  <\/div>\r\n                <\/div>\r\n\r\n                <\/li><li class=\"news-list-wrapper__list__item\">\r\n               <div class=\"card w-100 poradniki-lista__card \">\r\n                  <div class=\"card-img-top\">\r\n                    <img decoding=\"async\" src=\"https:\/\/plsk.eu\/wp-content\/uploads\/2025\/03\/2-548x301.jpg\" alt=\"Lys\u00e1 Po\u013eana sp\u00e1ja\">\r\n                  <\/div>\r\n\r\n                  <div class=\"card-body\">\r\n                    <a href=\"https:\/\/plsk.eu\/sk\/projekty\/lysa-polana-spaja\/\" class=\"card-success-story__titless\"\r\n                      aria-labelledby=\"cardTitlePlc1 cardDatePlc1\">\r\n                      <h3 class=\"\">Lys\u00e1 Po\u013eana sp\u00e1ja<\/h3>\r\n                    <\/a>\r\n                  <\/div>\r\n                <\/div>\r\n\r\n                <\/li><li class=\"news-list-wrapper__list__item\">\r\n               <div class=\"card w-100 poradniki-lista__card \">\r\n                  <div class=\"card-img-top\">\r\n                    <img decoding=\"async\" src=\"https:\/\/plsk.eu\/wp-content\/uploads\/2025\/06\/Fot.-P.-Armatys-4-548x301.jpg\" alt=\"Drav\u00e9 pohrani\u010die &#8211; cezhrani\u010dn\u00e1 spolupr\u00e1ca pre integrovan\u00fa ochranu ve\u013ek\u00fdch \u0161eliem v Po\u013esku a na Slovensku\">\r\n                  <\/div>\r\n\r\n                  <div class=\"card-body\">\r\n                    <a href=\"https:\/\/plsk.eu\/sk\/projekty\/drave-pohranicie-cezhranicna-spolupraca-pre-integrovanu-ochranu-velkych-seliem-v-polsku-a-na-slovensku\/\" class=\"card-success-story__titless\"\r\n                      aria-labelledby=\"cardTitlePlc1 cardDatePlc1\">\r\n                      <h3 class=\"\">Drav\u00e9 pohrani\u010die &#8211; cezhrani\u010dn\u00e1 spolupr\u00e1ca pre integrovan\u00fa&#8230;<\/h3>\r\n                    <\/a>\r\n                  <\/div>\r\n                <\/div>\r\n\r\n                <\/li><li class=\"news-list-wrapper__list__item\">\r\n               <div class=\"card w-100 poradniki-lista__card \">\r\n                  <div class=\"card-img-top\">\r\n                    <img decoding=\"async\" src=\"https:\/\/plsk.eu\/wp-content\/uploads\/2025\/03\/3.-Fot.-Mesto-Spisska-Stara-Ves-548x301.jpg\" alt=\"Spolo\u010dne proti n\u00e1sledkom klimatick\u00fdch zmien v po\u013esko-slovenskom pohrani\u010d\u00ed. Kr\u00edzov\u00e9 riadenie v te\u00f3rii a praxi.\">\r\n                  <\/div>\r\n\r\n                  <div class=\"card-body\">\r\n                    <a href=\"https:\/\/plsk.eu\/sk\/projekty\/spolocne-proti-nasledkom-klimatickych-zmien-v-polsko-slovenskom-pohranici-krizove-riadenie-v-teorii-a-praxi\/\" class=\"card-success-story__titless\"\r\n                      aria-labelledby=\"cardTitlePlc1 cardDatePlc1\">\r\n                      <h3 class=\"\">Spolo\u010dne proti n\u00e1sledkom klimatick\u00fdch zmien v po\u013esko-slovenskom&#8230;<\/h3>\r\n                    <\/a>\r\n                  <\/div>\r\n                <\/div>\r\n\r\n                <\/li><li class=\"news-list-wrapper__list__item\">\r\n               <div class=\"card w-100 poradniki-lista__card \">\r\n                  <div class=\"card-img-top\">\r\n                    <img decoding=\"async\" src=\"https:\/\/plsk.eu\/wp-content\/uploads\/2026\/04\/Kroscienko-Wyzne-8-548x301.jpg\" alt=\"Prisp\u00f4sobenie sa zmene kl\u00edmy v cezhrani\u010dnom regi\u00f3ne Po\u013eska a Slovenska zlep\u0161en\u00edm \u00fa\u010dinnosti z\u00e1chrann\u00fdch slu\u017eieb obce Kro\u015bcienko Wy\u017cne a mesta\">\r\n                  <\/div>\r\n\r\n                  <div class=\"card-body\">\r\n                    <a href=\"https:\/\/plsk.eu\/sk\/projekty\/prisposobenie-sa-zmene-klimy-v-cezhranicnom-regione-polska-a-slovenska-zlepsenim-ucinnosti-zachrannych-sluzieb-obce-kroscienko-wyzne-a-mesta\/\" class=\"card-success-story__titless\"\r\n                      aria-labelledby=\"cardTitlePlc1 cardDatePlc1\">\r\n                      <h3 class=\"\">Prisp\u00f4sobenie sa zmene kl\u00edmy v cezhrani\u010dnom regi\u00f3ne Po\u013eska a&#8230;<\/h3>\r\n                    <\/a>\r\n                  <\/div>\r\n                <\/div>\r\n\r\n                <\/li><li class=\"news-list-wrapper__list__item\">\r\n               <div class=\"card w-100 poradniki-lista__card \">\r\n                  <div class=\"card-img-top\">\r\n                    <img decoding=\"async\" src=\"https:\/\/plsk.eu\/wp-content\/uploads\/2025\/01\/Gasza-i-ratuja-2-548x301.jpg\" alt=\"Hasia a zachra\u0148uj\u00fa \u2013 zlep\u0161enie schopnosti z\u00e1sahu hasi\u010dsk\u00fdch zborov obc\u00ed Sanok a Sa\u010durova na hrozby sp\u00f4soben\u00e9 klimatick\u00fdmi zmenami\">\r\n                  <\/div>\r\n\r\n                  <div class=\"card-body\">\r\n                    <a href=\"https:\/\/plsk.eu\/sk\/projekty\/hasia-a-zachranuju-zlepsenie-schopnosti-zasahu-hasicskych-zborov-obci-sanok-a-sacurova-na-hrozby-sposobene-klimatickymi-zmenami\/\" class=\"card-success-story__titless\"\r\n                      aria-labelledby=\"cardTitlePlc1 cardDatePlc1\">\r\n                      <h3 class=\"\">Hasia a zachra\u0148uj\u00fa \u2013 zlep\u0161enie schopnosti z\u00e1sahu hasi\u010dsk\u00fdch zborov&#8230;<\/h3>\r\n                    <\/a>\r\n                  <\/div>\r\n                <\/div>\r\n\r\n                <\/li><li class=\"news-list-wrapper__list__item\">\r\n               <div class=\"card w-100 poradniki-lista__card \">\r\n                  <div class=\"card-img-top\">\r\n                    <img decoding=\"async\" src=\"https:\/\/plsk.eu\/wp-content\/uploads\/2025\/11\/ZGDW-Jaslo_Zborov1_cw.sl_.rat_-548x301.jpg\" alt=\"Cezhrani\u010dn\u00e1 spolupr\u00e1ca obc\u00ed patriacich do zdru\u017eenia gmin povodia rieky Wisloka a Pre\u0161ovsk\u00e9ho samospr\u00e1vneho kraja pri zvy\u0161ovan\u00ed odolnosti vo\u010di pr\u00edrodn\u00fdm katastrof\u00e1m v d\u00f4sledku klimatick\u00fdch zmien posilnen\u00edm spolupr\u00e1ce z\u00e1chrann\u00fdch zlo\u017eiek v oblasti kr\u00edzov\u00e9ho mana\u017ementu\">\r\n                  <\/div>\r\n\r\n                  <div class=\"card-body\">\r\n                    <a href=\"https:\/\/plsk.eu\/sk\/projekty\/cezhranicna-spolupraca-obci-patriacich-do-zdruzenia-gmin-povodia-rieky-wisloka-a-presovskeho-samospravneho-kraja-pri-zvysovani-odolnosti-voci-prirodnym-katastrofam-v-dosledku-klimatickych-zmien-posiln\/\" class=\"card-success-story__titless\"\r\n                      aria-labelledby=\"cardTitlePlc1 cardDatePlc1\">\r\n                      <h3 class=\"\">Cezhrani\u010dn\u00e1 spolupr\u00e1ca obc\u00ed patriacich do zdru\u017eenia gmin povodia&#8230;<\/h3>\r\n                    <\/a>\r\n                  <\/div>\r\n                <\/div>\r\n\r\n                <\/li><li class=\"news-list-wrapper__list__item\">\r\n               <div class=\"card w-100 poradniki-lista__card \">\r\n                  <div class=\"card-img-top\">\r\n                    <img decoding=\"async\" src=\"https:\/\/plsk.eu\/wp-content\/uploads\/2024\/09\/22-548x301.png\" alt=\"Bezpe\u010dn\u00e9 pohrani\u010die &#8211; bezpe\u010dn@ spolo\u010dnos\u0165\">\r\n                  <\/div>\r\n\r\n                  <div class=\"card-body\">\r\n                    <a href=\"https:\/\/plsk.eu\/sk\/projekty\/bezpecne-pohranicie-bezpecn-spolocnost\/\" class=\"card-success-story__titless\"\r\n                      aria-labelledby=\"cardTitlePlc1 cardDatePlc1\">\r\n                      <h3 class=\"\">Bezpe\u010dn\u00e9 pohrani\u010die &#8211; bezpe\u010dn@ spolo\u010dnos\u0165<\/h3>\r\n                    <\/a>\r\n                  <\/div>\r\n                <\/div>\r\n\r\n                <\/li><li class=\"news-list-wrapper__list__item\">\r\n               <div class=\"card w-100 poradniki-lista__card \">\r\n                  <div class=\"card-img-top\">\r\n                    <img decoding=\"async\" src=\"https:\/\/plsk.eu\/wp-content\/uploads\/2025\/01\/Woz-strazacki-Rajcza-548x301.jpg\" alt=\"Zlep\u0161enie spolupr\u00e1ce v oblasti kr\u00edzov\u00e9ho riadenia po\u013esk\u00fdch a slovensk\u00fdch z\u00e1chrann\u00fdch zlo\u017eiek\">\r\n                  <\/div>\r\n\r\n                  <div class=\"card-body\">\r\n                    <a href=\"https:\/\/plsk.eu\/sk\/projekty\/zlepsenie-spoluprace-v-oblasti-krizoveho-riadenia-polskych-a-slovenskych-zachrannych-zloziek\/\" class=\"card-success-story__titless\"\r\n                      aria-labelledby=\"cardTitlePlc1 cardDatePlc1\">\r\n                      <h3 class=\"\">Zlep\u0161enie spolupr\u00e1ce v oblasti kr\u00edzov\u00e9ho riadenia po\u013esk\u00fdch a&#8230;<\/h3>\r\n                    <\/a>\r\n                  <\/div>\r\n                <\/div>\r\n\r\n                <\/li><li class=\"news-list-wrapper__list__item\">\r\n               <div class=\"card w-100 poradniki-lista__card \">\r\n                  <div class=\"card-img-top\">\r\n                    <img decoding=\"async\" src=\"https:\/\/plsk.eu\/wp-content\/uploads\/2026\/03\/DSC09036-Edit-548x301.jpg\" alt=\"Okolo rieky Poprad\">\r\n                  <\/div>\r\n\r\n                  <div class=\"card-body\">\r\n                    <a href=\"https:\/\/plsk.eu\/sk\/projekty\/okolo-rieky-poprad\/\" class=\"card-success-story__titless\"\r\n                      aria-labelledby=\"cardTitlePlc1 cardDatePlc1\">\r\n                      <h3 class=\"\">Okolo rieky Poprad<\/h3>\r\n                    <\/a>\r\n                  <\/div>\r\n                <\/div>\r\n\r\n                <\/li><li class=\"news-list-wrapper__list__item\">\r\n               <div class=\"card w-100 poradniki-lista__card \">\r\n                  <div class=\"card-img-top\">\r\n                    <img decoding=\"async\" src=\"https:\/\/plsk.eu\/wp-content\/uploads\/2024\/09\/22-548x301.png\" alt=\"Spolo\u010dne bezpe\u010dnej\u0161ie \u2013 integr\u00e1cia po\u013esk\u00e9ho a slovensk\u00e9ho hasi\u010dsk\u00e9ho a z\u00e1chrann\u00e9ho zboru\">\r\n                  <\/div>\r\n\r\n                  <div class=\"card-body\">\r\n                    <a href=\"https:\/\/plsk.eu\/sk\/projekty\/spolocne-bezpecnejsie-integracia-polskeho-a-slovenskeho-hasicskeho-a-zachranneho-zboru\/\" class=\"card-success-story__titless\"\r\n                      aria-labelledby=\"cardTitlePlc1 cardDatePlc1\">\r\n                      <h3 class=\"\">Spolo\u010dne bezpe\u010dnej\u0161ie \u2013 integr\u00e1cia po\u013esk\u00e9ho a slovensk\u00e9ho hasi\u010dsk\u00e9ho&#8230;<\/h3>\r\n                    <\/a>\r\n                  <\/div>\r\n                <\/div>\r\n\r\n                <\/li><li class=\"news-list-wrapper__list__item\">\r\n               <div class=\"card w-100 poradniki-lista__card \">\r\n                  <div class=\"card-img-top\">\r\n                    <img decoding=\"async\" src=\"https:\/\/plsk.eu\/wp-content\/uploads\/2024\/09\/22-548x301.png\" alt=\"Pieninsk\u00fd bradlov\u00fd p\u00e1s \u2013 cezhrani\u010dn\u00e1 v\u00fdzva\">\r\n                  <\/div>\r\n\r\n                  <div class=\"card-body\">\r\n                    <a href=\"https:\/\/plsk.eu\/sk\/projekty\/pieninsky-bradlovy-pas-cezhranicna-vyzva\/\" class=\"card-success-story__titless\"\r\n                      aria-labelledby=\"cardTitlePlc1 cardDatePlc1\">\r\n                      <h3 class=\"\">Pieninsk\u00fd bradlov\u00fd p\u00e1s \u2013 cezhrani\u010dn\u00e1 v\u00fdzva<\/h3>\r\n                    <\/a>\r\n                  <\/div>\r\n                <\/div>\r\n\r\n                <\/li><li class=\"news-list-wrapper__list__item\">\r\n               <div class=\"card w-100 poradniki-lista__card \">\r\n                  <div class=\"card-img-top\">\r\n                    <img decoding=\"async\" src=\"https:\/\/plsk.eu\/wp-content\/uploads\/2026\/03\/symulacja-pozaru-Ochotnica-3-548x301.jpg\" alt=\"Zlep\u0161enie cezhrani\u010dnej spolupr\u00e1ce v oblasti bezpe\u010dnosti obyvate\u013estva vr\u00e1tane kr\u00edzov\u00e9ho riadenia prostredn\u00edctvom dovybavenia jednotiek Dobrovo\u013en\u00e9ho hasi\u010dsk\u00e9ho zboru a spolo\u010dn\u00fdch aktiv\u00edt z\u00e1chrann\u00fdch slu\u017eieb v obciach Ochotnica Dolna, Ve\u013ek\u00e1 Frankov\u00e1 a Ochodnica\">\r\n                  <\/div>\r\n\r\n                  <div class=\"card-body\">\r\n                    <a href=\"https:\/\/plsk.eu\/sk\/projekty\/zlepsenie-cezhranicnej-spoluprace-v-oblasti-bezpecnosti\/\" class=\"card-success-story__titless\"\r\n                      aria-labelledby=\"cardTitlePlc1 cardDatePlc1\">\r\n                      <h3 class=\"\">Zlep\u0161enie cezhrani\u010dnej spolupr\u00e1ce v oblasti bezpe\u010dnosti obyvate\u013estva&#8230;<\/h3>\r\n                    <\/a>\r\n                  <\/div>\r\n                <\/div>\r\n\r\n                <\/li><li class=\"news-list-wrapper__list__item\">\r\n               <div class=\"card w-100 poradniki-lista__card \">\r\n                  <div class=\"card-img-top\">\r\n                    <img decoding=\"async\" src=\"https:\/\/plsk.eu\/wp-content\/uploads\/2025\/01\/1000008820-Custom-548x301.jpg\" alt=\"Budujeme v Jasle, stabilizujeme v Svidni\u010dke\">\r\n                  <\/div>\r\n\r\n                  <div class=\"card-body\">\r\n                    <a href=\"https:\/\/plsk.eu\/sk\/projekty\/budujeme-v-jasle-stabilizujeme-v-svidnicke\/\" class=\"card-success-story__titless\"\r\n                      aria-labelledby=\"cardTitlePlc1 cardDatePlc1\">\r\n                      <h3 class=\"\">Budujeme v Jasle, stabilizujeme v Svidni\u010dke<\/h3>\r\n                    <\/a>\r\n                  <\/div>\r\n                <\/div>\r\n\r\n                <\/li><li class=\"news-list-wrapper__list__item\">\r\n               <div class=\"card w-100 poradniki-lista__card \">\r\n                  <div class=\"card-img-top\">\r\n                    <img decoding=\"async\" src=\"https:\/\/plsk.eu\/wp-content\/uploads\/2025\/02\/5-548x301.jpg\" alt=\"Bezpe\u010dnos\u0165 predov\u0161etk\u00fdm\">\r\n                  <\/div>\r\n\r\n                  <div class=\"card-body\">\r\n                    <a href=\"https:\/\/plsk.eu\/sk\/projekty\/bezpecnost-predovsetkym\/\" class=\"card-success-story__titless\"\r\n                      aria-labelledby=\"cardTitlePlc1 cardDatePlc1\">\r\n                      <h3 class=\"\">Bezpe\u010dnos\u0165 predov\u0161etk\u00fdm<\/h3>\r\n                    <\/a>\r\n                  <\/div>\r\n                <\/div>\r\n\r\n                <\/li><li class=\"news-list-wrapper__list__item\">\r\n               <div class=\"card w-100 poradniki-lista__card \">\r\n                  <div class=\"card-img-top\">\r\n                    <img decoding=\"async\" src=\"https:\/\/plsk.eu\/wp-content\/uploads\/2026\/03\/uczen-ze-swidre-548x301.jpg\" alt=\"Testovanie a zav\u00e1dzanie modern\u00fdch met\u00f3d prevencie a boja proti n\u00e1sledkom pr\u00edrodn\u00fdch katastrof v \u010dase klimatick\u00fdch zmien\">\r\n                  <\/div>\r\n\r\n                  <div class=\"card-body\">\r\n                    <a href=\"https:\/\/plsk.eu\/sk\/projekty\/testovanie-a-zavadzanie-modernych-metod-prevencie-a-boja-proti-nasledkom-prirodnych-katastrof-v-case-klimatickych-zmien\/\" class=\"card-success-story__titless\"\r\n                      aria-labelledby=\"cardTitlePlc1 cardDatePlc1\">\r\n                      <h3 class=\"\">Testovanie a zav\u00e1dzanie modern\u00fdch met\u00f3d prevencie a boja proti&#8230;<\/h3>\r\n                    <\/a>\r\n                  <\/div>\r\n                <\/div>\r\n\r\n                <\/li><li class=\"news-list-wrapper__list__item\">\r\n               <div class=\"card w-100 poradniki-lista__card \">\r\n                  <div class=\"card-img-top\">\r\n                    <img decoding=\"async\" src=\"https:\/\/plsk.eu\/wp-content\/uploads\/2025\/02\/5.-Samochod-ratowniczo-gasniczy-548x301.jpg\" alt=\"V ochrane kl\u00edmy \u2013 spolu dok\u00e1\u017eeme viac\">\r\n                  <\/div>\r\n\r\n                  <div class=\"card-body\">\r\n                    <a href=\"https:\/\/plsk.eu\/sk\/projekty\/w-ochronie-klimatu-razem-mozemy-wiecej\/\" class=\"card-success-story__titless\"\r\n                      aria-labelledby=\"cardTitlePlc1 cardDatePlc1\">\r\n                      <h3 class=\"\">V ochrane kl\u00edmy \u2013 spolu dok\u00e1\u017eeme viac<\/h3>\r\n                    <\/a>\r\n                  <\/div>\r\n                <\/div>\r\n\r\n                <\/li><li class=\"news-list-wrapper__list__item\">\r\n               <div class=\"card w-100 poradniki-lista__card \">\r\n                  <div class=\"card-img-top\">\r\n                    <img decoding=\"async\" src=\"https:\/\/plsk.eu\/wp-content\/uploads\/2026\/03\/DJI_0869-Edit.pdf-548x301.jpg\" alt=\"Od Nizkych Beskid Po Solinu\">\r\n                  <\/div>\r\n\r\n                  <div class=\"card-body\">\r\n                    <a href=\"https:\/\/plsk.eu\/sk\/projekty\/od-beskidu-niskiego-po-soline\/\" class=\"card-success-story__titless\"\r\n                      aria-labelledby=\"cardTitlePlc1 cardDatePlc1\">\r\n                      <h3 class=\"\">Od Nizkych Beskid Po Solinu<\/h3>\r\n                    <\/a>\r\n                  <\/div>\r\n                <\/div>\r\n\r\n                <\/li><li class=\"news-list-wrapper__list__item\">\r\n               <div class=\"card w-100 poradniki-lista__card \">\r\n                  <div class=\"card-img-top\">\r\n                    <img decoding=\"async\" src=\"https:\/\/plsk.eu\/wp-content\/uploads\/2024\/12\/Zdjecie-wozu-strazackiego-548x301.png\" alt=\"Kr\u00edzov\u00fd mana\u017ement bez hran\u00edc\">\r\n                  <\/div>\r\n\r\n                  <div class=\"card-body\">\r\n                    <a href=\"https:\/\/plsk.eu\/sk\/projekty\/zarzadzanie-kryzysowe-bez-granic\/\" class=\"card-success-story__titless\"\r\n                      aria-labelledby=\"cardTitlePlc1 cardDatePlc1\">\r\n                      <h3 class=\"\">Kr\u00edzov\u00fd mana\u017ement bez hran\u00edc<\/h3>\r\n                    <\/a>\r\n                  <\/div>\r\n                <\/div>\r\n\r\n                <\/li><\/ul>      <\/div>\r\n\r\n    <\/div>\r\n  <\/div>\r\n\r\n  <!-- \/map-projects -->\r\n<\/div>\r\n\r\n","protected":false},"excerpt":{"rendered":"","protected":false},"author":22,"featured_media":0,"parent":0,"menu_order":0,"comment_status":"closed","ping_status":"closed","template":"","meta":{"_acf_changed":false,"inline_featured_image":false,"_themeisle_gutenberg_block_has_review":false,"footnotes":"","_links_to":"","_links_to_target":""},"class_list":["post-35535","page","type-page","status-publish","hentry"],"acf":[],"_links":{"self":[{"href":"https:\/\/plsk.eu\/sk\/wp-json\/wp\/v2\/pages\/35535","targetHints":{"allow":["GET"]}}],"collection":[{"href":"https:\/\/plsk.eu\/sk\/wp-json\/wp\/v2\/pages"}],"about":[{"href":"https:\/\/plsk.eu\/sk\/wp-json\/wp\/v2\/types\/page"}],"author":[{"embeddable":true,"href":"https:\/\/plsk.eu\/sk\/wp-json\/wp\/v2\/users\/22"}],"replies":[{"embeddable":true,"href":"https:\/\/plsk.eu\/sk\/wp-json\/wp\/v2\/comments?post=35535"}],"version-history":[{"count":2,"href":"https:\/\/plsk.eu\/sk\/wp-json\/wp\/v2\/pages\/35535\/revisions"}],"predecessor-version":[{"id":38581,"href":"https:\/\/plsk.eu\/sk\/wp-json\/wp\/v2\/pages\/35535\/revisions\/38581"}],"wp:attachment":[{"href":"https:\/\/plsk.eu\/sk\/wp-json\/wp\/v2\/media?parent=35535"}],"curies":[{"name":"wp","href":"https:\/\/api.w.org\/{rel}","templated":true}]}}