{"id":39511,"date":"2023-10-10T06:57:05","date_gmt":"2023-10-10T04:57:05","guid":{"rendered":"https:\/\/plsk.eu\/deklaracja-dostepnosci\/"},"modified":"2026-03-31T08:56:12","modified_gmt":"2026-03-31T06:56:12","slug":"vyhlasenie-o-pristupnosti","status":"publish","type":"page","link":"https:\/\/plsk.eu\/sk\/vyhlasenie-o-pristupnosti\/","title":{"rendered":"Vyhl\u00e1senie o pr\u00edstupnosti"},"content":{"rendered":"\n<p><br>Vyhl\u00e1senie o pr\u00edstupnosti bolo vypracovan\u00e9 na z\u00e1klade \u010dl. 12 bod 7 z\u00e1kona zo 4. apr\u00edla 2019 o digit\u00e1lnej pr\u00edstupnosti webov\u00fdch str\u00e1nok a mobiln\u00fdch aplik\u00e1ci\u00ed verejn\u00fdch subjektov (Z. z. \u010diastka 848), \u010falej len \u201ez\u00e1kon o digit\u00e1lnej pr\u00edstupnosti\u201c v s\u00favislosti s vykon\u00e1van\u00edm WCAG 2.2 na str\u00e1nke&nbsp;<a href=\"https:\/\/plsk.eu\/sk\/\">https:\/\/plsk.eu\/<\/a><\/p>\n\n\n\n<p>Cie\u013eom uverejnenia Vyhl\u00e1senia o pr\u00edstupnosti je umo\u017enenie obozn\u00e1mi\u0165 sa s inform\u00e1ciami t\u00fdkaj\u00facimi sa pr\u00edstupnosti programu spolupr\u00e1ce INTERREG Po\u013esko \u2013 Slovensko.<\/p>\n\n\n\n<p>Vyhl\u00e1senie o pr\u00edstupnosti sp\u013a\u0148a po\u017eiadavky uveden\u00e9 v \u010dl\u00e1nku 5 z\u00e1kona o digit\u00e1lnej dostupnosti a je plne digit\u00e1lne dostupne.<\/p>\n\n\n\n<h2 class=\"wp-block-heading\" id=\"a11y-wstep\">\u00davod<\/h2>\n\n\n\n<p><strong>Program spolupr\u00e1ce INTERREG Po\u013esko \u2013 Slovensko<\/strong>&nbsp;sa zav\u00e4zuje zabezpe\u010di\u0165 pr\u00edstupnos\u0165 svojej webovej str\u00e1nky v s\u00falade s predpismi z\u00e1kona zo 4. apr\u00edla 2019 o digit\u00e1lnej pr\u00edstupnosti webov\u00fdch str\u00e1nok a mobiln\u00fdch aplik\u00e1ci\u00ed verejn\u00fdch subjektov. Vyhl\u00e1senie o pr\u00edstupnosti sa vz\u0165ahuje na webov\u00fa str\u00e1nku&nbsp;<a href=\"https:\/\/plsk.eu\/sk\/\">https:\/\/plsk.eu\/<\/a><\/p>\n\n\n\n<hr class=\"wp-block-separator has-alpha-channel-opacity\"\/>\n\n\n\n<h2 class=\"wp-block-heading\">D\u00e1tum uverejnenia a aktualiz\u00e1cia<\/h2>\n\n\n\n<p>D\u00e1tum uverejnenia webovej str\u00e1nky:&nbsp;<strong>2025-03-04<\/strong><\/p>\n\n\n\n<p>D\u00e1tum poslednej v\u00fdznamnej aktualiz\u00e1cie:&nbsp;<strong>2025-03-04<\/strong><\/p>\n\n\n\n<p>D\u00e1tum vypracovania vyhl\u00e1senia<strong>: 2025-03-04<\/strong><\/p>\n\n\n\n<p>D\u00e1tum poslednej kontroly vyhl\u00e1senia:<strong> 2026-03-31<\/strong><\/p>\n\n\n\n<hr class=\"wp-block-separator has-alpha-channel-opacity\"\/>\n\n\n\n<h2 class=\"wp-block-heading\" id=\"a11y-status\"><strong>Stav z h\u013eadiska s\u00faladu so z\u00e1konom<\/strong><\/h2>\n\n\n\n<p>Webov\u00e1 str\u00e1nka&nbsp;<strong>je \u010diasto\u010dne v s\u00falade<\/strong>&nbsp;so z\u00e1konom zo 4. apr\u00edla 2019 o digit\u00e1lnej pr\u00edstupnosti webov\u00fdch str\u00e1nok a mobiln\u00fdch aplik\u00e1ci\u00ed verejn\u00fdch subjektov.<\/p>\n\n\n\n<p>Krit\u00e9ria pr\u00edstupu v s\u00falade so z\u00e1konom boli splnen\u00e9 \u010diasto\u010dne.<\/p>\n\n\n\n<ul class=\"wp-block-list\">\n<li>m\u00f4\u017eu nasta\u0165 pr\u00edpady, \u017ee napriek \u00fasiliu redaktorov port\u00e1lu, s\u00fa niektor\u00e9 dokumenty uverejnen\u00e9 na str\u00e1nke nepr\u00edstupn\u00e9 vzh\u013eadom na skuto\u010dnos\u0165, \u017ee:\n<ul class=\"wp-block-list\">\n<li>poch\u00e1dzaj\u00fa z r\u00f4znych zdrojov,<\/li>\n\n\n\n<li>s\u00fa ve\u013emi ob\u0161\u00edrne, a boli vytvoren\u00e9 vo viacer\u00fdch organiza\u010dn\u00fdch jednotk\u00e1ch, \u010do znemo\u017enilo ovplyvni\u0165 ich cie\u013eov\u00fd obsah a formu<\/li>\n\n\n\n<li>boli uverejnen\u00e9 na z\u00e1klade pravidiel platn\u00fdch v inej in\u0161tit\u00facii,<\/li>\n\n\n\n<li>boli uverejnen\u00e9 pred nadobudnut\u00edm \u00fa\u010dinnosti z\u00e1kona o digit\u00e1lnej pr\u00edstupnosti<\/li>\n<\/ul>\n<\/li>\n\n\n\n<li>filmy nemaj\u00fa titulky, preklad do po\u013esk\u00e9ho posunkov\u00e9ho jazyka, zvukov\u00fd opis, pr\u00edp. prepis<\/li>\n<\/ul>\n\n\n\n<hr class=\"wp-block-separator has-alpha-channel-opacity\"\/>\n\n\n\n<h2 class=\"wp-block-heading\"><strong>D\u00e1tum vypracovania Vyhl\u00e1senia a met\u00f3da pos\u00fadenia digit\u00e1lnej pr\u00edstupnosti<\/strong><\/h2>\n\n\n\n<p>Vyhl\u00e1senie bolo vypracovan\u00e9 d\u0148a:&nbsp;<strong>2024-12-10<\/strong><\/p>\n\n\n\n<p>Vyhl\u00e1senie bolo vypracovan\u00e9 na z\u00e1klade prieskumu, ktor\u00fd vykonal extern\u00fd subjekt:<\/p>\n\n\n\n<p id=\"a11y-audytor\"><strong><strong>Nfinity.pl Sp. z o.o. ul. Wandy 7\/4, 53-320 Wroc\u0142aw<\/strong><\/strong><\/p>\n\n\n\n<p><strong>NIP: 8992651436, KRS:0000312911, REGON: 020819316 <\/strong> <\/p>\n\n\n\n<hr class=\"wp-block-separator has-alpha-channel-opacity\"\/>\n\n\n\n<h2 class=\"wp-block-heading\">Kl\u00e1vesov\u00e9 skratky<\/h2>\n\n\n\n<p>Na webovej str\u00e1nke je mo\u017en\u00e9 pou\u017e\u00edva\u0165 \u0161tandardn\u00e9 kl\u00e1vesov\u00fd skratky prehliada\u010da.<\/p>\n\n\n\n<hr class=\"wp-block-separator has-alpha-channel-opacity\"\/>\n\n\n\n<h2 class=\"wp-block-heading\" id=\"a11y-kontakt\">Sp\u00e4tn\u00e1 v\u00e4zba a kontaktn\u00e9 \u00fadaje<\/h2>\n\n\n\n<p>V pr\u00edpade probl\u00e9mov s pr\u00edstupnos\u0165ou webovej str\u00e1nky n\u00e1s, pros\u00edm, kontaktujte.<br>Kontaktnou osobou je&nbsp;<strong>Piotr Biel<\/strong>, e-mailov\u00e1 adresa:&nbsp;<strong><a href=\"mailto:pbiel@plsk.eu\">pbiel@plsk.eu<\/a>.<\/strong><\/p>\n\n\n\n<p>Kontaktova\u0165 n\u00e1s m\u00f4\u017eete aj telefonicky na tel. \u010d\u00edsle&nbsp;<strong><a href=\"tel:+ 48 12 444 15 00\">+ 48 12 444 15 00<\/a>.<\/strong>&nbsp;<\/p>\n\n\n\n<p>Rovnak\u00fdm sp\u00f4sobom je mo\u017en\u00e9 pod\u00e1va\u0165 \u017eiadosti o spr\u00edstupnenie nedostupn\u00fdch inform\u00e1ci\u00ed a predklada\u0165 \u017eiadosti o zabezpe\u010denie pr\u00edstupnosti.<\/p>\n\n\n\n<hr class=\"wp-block-separator has-alpha-channel-opacity\"\/>\n\n\n\n<h2 class=\"wp-block-heading\" id=\"a11y-procedura\">Inform\u00e1cie o postupe<\/h2>\n\n\n\n<p>Ka\u017ed\u00fd m\u00e1 pr\u00e1vo \u017eiada\u0165 zabezpe\u010denie digit\u00e1lnej pr\u00edstupnosti webovej str\u00e1nky, mobilnej aplik\u00e1cie alebo ich prvku. Je mo\u017en\u00e9 po\u017eadova\u0165 tie\u017e spr\u00edstupnenie inform\u00e1ci\u00ed pomocou alternat\u00edvneho sp\u00f4sobu pr\u00edstupu, napr\u00edklad prostredn\u00edctvom pre\u010d\u00edtania digit\u00e1lne nepr\u00edstupn\u00e9ho dokumentu, op\u00edsania obsahu filmu bez zvukov\u00e9ho opisu a pod. \u017diados\u0165 mus\u00ed obsahova\u0165 \u00fadaje osoby, ktor\u00e1 ju pod\u00e1va, \u00fadaj o tom, o ktor\u00fa webov\u00fa str\u00e1nku alebo mobiln\u00fa aplik\u00e1ciu ide a sp\u00f4sob kontaktu. Pokia\u013e \u017eiadate\u013e ozn\u00e1mi potrebu z\u00edska\u0165 inform\u00e1cie alternat\u00edvnym sp\u00f4sobom pr\u00edstupu, mus\u00ed tie\u017e uvies\u0165 sp\u00f4sob poskytnutia tak\u00fdchto inform\u00e1ci\u00ed, ktor\u00fd mu vyhovuje. Program INTERREG Po\u013esko \u2013 Slovensko mus\u00ed \u017eiados\u0165 splni\u0165 bezodkladne, najnesk\u00f4r v priebehu 7 dn\u00ed od jej podania. Pokia\u013e nie je mo\u017en\u00e9 tento term\u00edn splni\u0165, Program INTERREG Po\u013esko \u2013 Slovensko o tom bezodkladne informuje \u017eiadate\u013ea, uvedie kedy bude mo\u017en\u00e9 \u017eiados\u0165 splni\u0165, pri\u010dom tento term\u00edn nesmie by\u0165 dlh\u0161\u00ed ako 2 mesiace odo d\u0148a podania \u017eiadosti. Pokia\u013e nie je mo\u017en\u00e9 digit\u00e1lnu pr\u00edstupnos\u0165 zabezpe\u010di\u0165, Program INTERREG Po\u013esko \u2013 Slovensko m\u00f4\u017ee navrhn\u00fa\u0165 alternat\u00edvny sp\u00f4sob pr\u00edstupu k inform\u00e1ci\u00e1m. V pr\u00edpade, ak Program INTERREG Po\u013esko \u2013 Slovensko odmietne splni\u0165 \u017eiados\u0165 o zabezpe\u010denie pr\u00edstupnosti alebo alternat\u00edvneho sp\u00f4sobu pr\u00edstupu k inform\u00e1ci\u00e1m, \u017eiadate\u013e m\u00f4\u017ee poda\u0165 s\u0165a\u017enos\u0165 vo veci zabezpe\u010denia digit\u00e1lnej pr\u00edstupnosti webovej str\u00e1nky, mobilnej aplik\u00e1cie alebo prvku webovej str\u00e1nky, pr\u00edp. mobilnej aplik\u00e1cie.<\/p>\n\n\n\n<p>Po vy\u010derpan\u00ed spomenut\u00e9ho postupu je mo\u017en\u00e9 tie\u017e poda\u0165 \u017eiados\u0165 ombudsmanovi na str\u00e1nke&nbsp;<a href=\"https:\/\/www.rpo.gov.pl\/\" rel=\"nofollow noopener\" target=\"_blank\">https:\/\/www.rpo.gov.pl\/<\/a><\/p>\n\n\n\n<hr class=\"wp-block-separator has-alpha-channel-opacity\"\/>\n\n\n\n<h2 class=\"wp-block-heading\" id=\"a11y-architektura\">Architektonick\u00e1 pr\u00edstupnos\u0165<\/h2>\n\n\n\n<p>Budova programu Interreg Po\u013esko \u2013 Slovensko, ktor\u00e1 sa nach\u00e1dza v Krakove na ul. Halicka 9, 31-036 Krakov, je prisp\u00f4soben\u00e1 na pou\u017e\u00edvanie osobami so zdravotn\u00fdm postihnut\u00edm takto:<\/p>\n\n\n\n<ul class=\"wp-block-list\">\n<li>Budova m\u00e1 2 vchody. K obidvom vchodom ved\u00fa schody. Pri hlavnom vchode (z ulice) sa nach\u00e1dza plo\u0161ina pre voz\u00ed\u010dky. Pri zadnom vchode plo\u0161ina pre voz\u00ed\u010dky nie je.&nbsp;<\/li>\n\n\n\n<li>Vr\u00e1tnica sa nach\u00e1dza po pravej strane od vchodu.&nbsp;<\/li>\n\n\n\n<li>Pre osoby na voz\u00ed\u010dkoch s\u00fa pr\u00edstupn\u00e9 chodby a miestnosti na pr\u00edzem\u00ed aj na vy\u0161\u0161\u00edch poschodiach. Osoby so zdravotn\u00fdm postihnut\u00edm m\u00f4\u017eu vyu\u017e\u00edva\u0165 v\u00fd\u0165ah. Nepr\u00edstupn\u00e9 s\u00fa miestnosti na podla\u017e\u00ed -1. V\u00fd\u0165ah prem\u00e1va od podla\u017eia 0 smerom hore. Priestory spolo\u010dn\u00e9ho technick\u00e9ho sekretari\u00e1tu programu Interreg V-A Po\u013esko \u2013 Slovensko 2014-2020 sa nach\u00e1dzaj\u00fa na druhom poschod\u00ed.<\/li>\n\n\n\n<li>V budove ch\u00fdbaj\u00fa: rampy, hlasov\u00e9 inform\u00e1cie (aj vo v\u00fd\u0165ahu), induk\u010dn\u00e9 slu\u010dky.<\/li>\n\n\n\n<li>Do budovy je mo\u017en\u00e9 vstupova\u0165 s vodiacim psom.&nbsp;<\/li>\n\n\n\n<li>Na verejne pr\u00edstupnom platenom parkovisku s\u00fa k dispoz\u00edcii miesta pre osoby so zdravotn\u00fdm postihnut\u00edm.&nbsp;<\/li>\n\n\n\n<li>Nie je mo\u017en\u00e9 vyu\u017ei\u0165 tlmo\u010dn\u00edka posunkov\u00e9ho jazyka na mieste ani online.&nbsp;<\/li>\n<\/ul>\n\n\n\n<hr class=\"wp-block-separator has-alpha-channel-opacity\"\/>\n\n\n\n<h2 class=\"wp-block-heading\">Komunika\u010dn\u00e1 a informa\u010dn\u00e1 dostupnos\u0165<\/h2>\n\n\n\n<p>Pre efekt\u00edvnu komunik\u00e1ciu s na\u0161ou in\u0161tit\u00faciou m\u00f4\u017eu nepo\u010duj\u00face alebo nedosl\u00fdchav\u00e9 osoby:<\/p>\n\n\n\n<ul class=\"wp-block-list\">\n<li>nap\u00edsa\u0165 list\/poda\u0165 \u017eiados\u0165 na adresu: Spolo\u010dn\u00fd sekretari\u00e1t Programu Interreg Po\u013esko \u2013 Slovensko 2021 \u2013 2027, ul. Halicka 9, 31-036 Krakov;<\/li>\n\n\n\n<li>posla\u0165 e-mail na adresu: kontakt@plsk.eu;<\/li>\n\n\n\n<li>kontaktova\u0165 n\u00e1s telefonicky s pomocou tretej osoby na telef\u00f3nnom \u010d\u00edsle: +48 12 444 15 00;<\/li>\n\n\n\n<li>kontaktova\u0165 n\u00e1s osobne v s\u00eddle \u00faradu po\u010das \u00faradn\u00fdch hod\u00edn od 8:15 do 16:15;<\/li>\n\n\n\n<li>posla\u0165 SMS\/MMS spr\u00e1vu na telef\u00f3nne \u010d\u00edslo: +48 782 110 457.<\/li>\n<\/ul>\n","protected":false},"excerpt":{"rendered":"<p>Vyhl\u00e1senie o pr\u00edstupnosti bolo vypracovan\u00e9 na z\u00e1klade \u010dl. 12 bod 7 z\u00e1kona zo 4. apr\u00edla 2019 o digit\u00e1lnej pr\u00edstupnosti webov\u00fdch str\u00e1nok a mobiln\u00fdch aplik\u00e1ci\u00ed verejn\u00fdch subjektov (Z. z. \u010diastka 848), \u010falej len \u201ez\u00e1kon o digit\u00e1lnej pr\u00edstupnosti\u201c v s\u00favislosti s vykon\u00e1van\u00edm WCAG 2.2 na str\u00e1nke&nbsp;https:\/\/plsk.eu\/ Cie\u013eom uverejnenia Vyhl\u00e1senia o pr\u00edstupnosti je umo\u017enenie obozn\u00e1mi\u0165 sa s inform\u00e1ciami [&hellip;]<\/p>\n","protected":false},"author":22,"featured_media":0,"parent":0,"menu_order":0,"comment_status":"closed","ping_status":"closed","template":"","meta":{"_acf_changed":false,"inline_featured_image":false,"_themeisle_gutenberg_block_has_review":false,"footnotes":"","_links_to":"","_links_to_target":""},"class_list":["post-39511","page","type-page","status-publish","hentry"],"acf":[],"_links":{"self":[{"href":"https:\/\/plsk.eu\/sk\/wp-json\/wp\/v2\/pages\/39511","targetHints":{"allow":["GET"]}}],"collection":[{"href":"https:\/\/plsk.eu\/sk\/wp-json\/wp\/v2\/pages"}],"about":[{"href":"https:\/\/plsk.eu\/sk\/wp-json\/wp\/v2\/types\/page"}],"author":[{"embeddable":true,"href":"https:\/\/plsk.eu\/sk\/wp-json\/wp\/v2\/users\/22"}],"replies":[{"embeddable":true,"href":"https:\/\/plsk.eu\/sk\/wp-json\/wp\/v2\/comments?post=39511"}],"version-history":[{"count":6,"href":"https:\/\/plsk.eu\/sk\/wp-json\/wp\/v2\/pages\/39511\/revisions"}],"predecessor-version":[{"id":43346,"href":"https:\/\/plsk.eu\/sk\/wp-json\/wp\/v2\/pages\/39511\/revisions\/43346"}],"wp:attachment":[{"href":"https:\/\/plsk.eu\/sk\/wp-json\/wp\/v2\/media?parent=39511"}],"curies":[{"name":"wp","href":"https:\/\/api.w.org\/{rel}","templated":true}]}}