{"id":43773,"date":"2026-04-28T12:37:28","date_gmt":"2026-04-28T10:37:28","guid":{"rendered":"https:\/\/plsk.eu\/?post_type=wydarzenia&#038;p=43773"},"modified":"2026-04-28T12:47:27","modified_gmt":"2026-04-28T10:47:27","slug":"bieszczadsky-cyklisticky-festival-polanczyk","status":"publish","type":"wydarzenia","link":"https:\/\/plsk.eu\/sk\/wydarzenia\/bieszczadsky-cyklisticky-festival-polanczyk\/","title":{"rendered":"Bieszczadsk\u00fd cyklistick\u00fd festival &#8211; Pola\u0144czyk"},"content":{"rendered":"\n<p>U\u017e 9. m\u00e1ja 2026 o 9:00 sa za\u010dne v\u00fdnimo\u010dn\u00e9 podujatie propaguj\u00face akt\u00edvny oddych, cykloturistiku a pr\u00edrodn\u00e9 kr\u00e1sy regi\u00f3nu. Bieszczadsk\u00fd cyklistick\u00fd festival sp\u00e1ja rekre\u00e1ciu, integr\u00e1ciu obyvate\u013eov a turistov, ako aj objavovanie najkraj\u0161\u00edch tr\u00e1s Bieszczad. Podujatie m\u00e1 rekrea\u010dn\u00fd charakter \u2013 nejde o \u0161portov\u00fa s\u00fa\u0165a\u017e, ale o spolo\u010dn\u00fd z\u00e1\u017eitok ur\u010den\u00fd v\u0161etk\u00fdm milovn\u00edkom bicyklov a akt\u00edvneho tr\u00e1venia vo\u013en\u00e9ho \u010dasu.<\/p>\n\n\n\n<p>Trasa cyklojazdy je pribli\u017ene 25 km. Okrem toho v r\u00e1mci piknikovej z\u00f3ny bude na \u00fa\u010dastn\u00edkov \u010daka\u0165 relaxa\u010dn\u00e1 z\u00f3na, meste\u010dko pre deti, gastronomick\u00e1 z\u00f3na, ako aj prezent\u00e1cie a aktivity na podporu cykloturistiky.<\/p>\n\n\n\n<p>Festival sa realizuje v r\u00e1mci projektu \u201eSpoznaj po\u013esko-slovensk\u00e9 Bieszczady prostredn\u00edctvom elektromobility\u201c, ktor\u00e9ho cie\u013eom je rozvoj cykloturistiky, integr\u00e1cia miestnych komun\u00edt a propag\u00e1cia regi\u00f3nu ako modernej a dostupnej turistickej destin\u00e1cie.<\/p>\n\n\n\n<p>Viac inform\u00e1ci\u00ed <a href=\"https:\/\/www.facebook.com\/events\/1309355017676922\/?acontext=%7B%22ref%22%3A%2252%22%2C%22action_history%22%3A%22[%7B%5C%22surface%5C%22%3A%5C%22share_link%5C%22%2C%5C%22mechanism%5C%22%3A%5C%22share_link%5C%22%2C%5C%22extra_data%5C%22%3A%7B%5C%22invite_link_id%5C%22%3A3826422634160322%7D%7D]%22%7D\" rel=\"nofollow noopener\" target=\"_blank\">n\u00e1jdete tu<\/a>.<\/p>\n\n\n\n<figure class=\"wp-block-image size-large\"><img loading=\"lazy\" decoding=\"async\" width=\"723\" height=\"1024\" src=\"https:\/\/plsk.eu\/wp-content\/uploads\/2026\/04\/plakat-polanczyk2-723x1024.png\" alt=\"Plakat informuje, \u017ce 9 maja 2026 r. w Pola\u0144czyku odb\u0119dzie si\u0119 Bieszczadzki Festiwal Rowerowy z bezp\u0142atnym udzia\u0142em i mo\u017cliwo\u015bci\u0105 wypo\u017cyczenia rower\u00f3w. Od 9:00 rozpocznie si\u0119 rejestracja uczesnitk\u00f3w, nast\u0119pnie o 11:00 oficjalne otwarcie. Od 11:30 czynna b\u0119dzie strefa piknikowa a o 15:3o rozpocznie si\u0119 cz\u0119\u015b\u0107 artystyczna z udzia\u0142em Watra i Wolna Grupa Bukowina. Zako\u0144czenie planowane jest na godzin\u0119 18:00, Rejestracja na rajd poprzez stron\u0119 internetow\u0105 www.biegrzeznika.pl Plag\u00e1t informuje, \u017ee 9. m\u00e1ja 2026 sa v Pola\u0144czyku uskuto\u010dn\u00ed Bieszczadsk\u00fd cyklistick\u00fd festival s bezplatnou \u00fa\u010das\u0165ou a mo\u017enos\u0165ou zapo\u017ei\u010dania bicyklov. Od 9:00 za\u010dne registr\u00e1cia \u00fa\u010dastn\u00edkov, n\u00e1sledne o 11:00 ofici\u00e1lne otvorenie. Od 11:30 bude otvoren\u00e1 piknikov\u00e1 z\u00f3na a o 15:30 za\u010dne umeleck\u00fd program za \u00fa\u010dasti skup\u00edn Watra a Wolna Grupa Bukowina. Ukon\u010denie je napl\u00e1novan\u00e9 na 18:00. Registr\u00e1cia na cyklistick\u00fd v\u00fdlet prebieha prostredn\u00edctvom webovej str\u00e1nky www.biegrzeznika.pl\" class=\"wp-image-43644\" srcset=\"https:\/\/plsk.eu\/wp-content\/uploads\/2026\/04\/plakat-polanczyk2-723x1024.png 723w, https:\/\/plsk.eu\/wp-content\/uploads\/2026\/04\/plakat-polanczyk2-212x300.png 212w, https:\/\/plsk.eu\/wp-content\/uploads\/2026\/04\/plakat-polanczyk2-768x1087.png 768w, https:\/\/plsk.eu\/wp-content\/uploads\/2026\/04\/plakat-polanczyk2.png 1054w\" sizes=\"auto, (max-width: 723px) 100vw, 723px\" \/><\/figure>\n","protected":false},"excerpt":{"rendered":"<p>U\u017e 9. m\u00e1ja 2026 o 9:00 sa za\u010dne v\u00fdnimo\u010dn\u00e9 podujatie propaguj\u00face akt\u00edvny oddych, cykloturistiku a pr\u00edrodn\u00e9 kr\u00e1sy regi\u00f3nu. Bieszczadsk\u00fd cyklistick\u00fd festival sp\u00e1ja rekre\u00e1ciu, integr\u00e1ciu obyvate\u013eov a turistov, ako aj objavovanie najkraj\u0161\u00edch tr\u00e1s Bieszczad. Podujatie m\u00e1 rekrea\u010dn\u00fd charakter \u2013 nejde o \u0161portov\u00fa s\u00fa\u0165a\u017e, ale o spolo\u010dn\u00fd z\u00e1\u017eitok ur\u010den\u00fd v\u0161etk\u00fdm milovn\u00edkom bicyklov a akt\u00edvneho tr\u00e1venia vo\u013en\u00e9ho \u010dasu. [&hellip;]<\/p>\n","protected":false},"featured_media":43644,"menu_order":0,"template":"","meta":{"_acf_changed":false,"inline_featured_image":false,"_themeisle_gutenberg_block_has_review":false,"footnotes":"","_links_to":"","_links_to_target":""},"tags":[],"wydarzenia_typ":[2971],"obszar_wydarzenia":[],"wydarzenia_dla":[],"class_list":["post-43773","wydarzenia","type-wydarzenia","status-publish","has-post-thumbnail","hentry","wydarzenia_typ-cyklisticky-vylet"],"acf":[],"_links":{"self":[{"href":"https:\/\/plsk.eu\/sk\/wp-json\/wp\/v2\/wydarzenia\/43773","targetHints":{"allow":["GET"]}}],"collection":[{"href":"https:\/\/plsk.eu\/sk\/wp-json\/wp\/v2\/wydarzenia"}],"about":[{"href":"https:\/\/plsk.eu\/sk\/wp-json\/wp\/v2\/types\/wydarzenia"}],"version-history":[{"count":2,"href":"https:\/\/plsk.eu\/sk\/wp-json\/wp\/v2\/wydarzenia\/43773\/revisions"}],"predecessor-version":[{"id":43785,"href":"https:\/\/plsk.eu\/sk\/wp-json\/wp\/v2\/wydarzenia\/43773\/revisions\/43785"}],"wp:featuredmedia":[{"embeddable":true,"href":"https:\/\/plsk.eu\/sk\/wp-json\/wp\/v2\/media\/43644"}],"wp:attachment":[{"href":"https:\/\/plsk.eu\/sk\/wp-json\/wp\/v2\/media?parent=43773"}],"wp:term":[{"taxonomy":"post_tag","embeddable":true,"href":"https:\/\/plsk.eu\/sk\/wp-json\/wp\/v2\/tags?post=43773"},{"taxonomy":"wydarzenia_typ","embeddable":true,"href":"https:\/\/plsk.eu\/sk\/wp-json\/wp\/v2\/wydarzenia_typ?post=43773"},{"taxonomy":"obszar_wydarzenia","embeddable":true,"href":"https:\/\/plsk.eu\/sk\/wp-json\/wp\/v2\/obszar_wydarzenia?post=43773"},{"taxonomy":"wydarzenia_dla","embeddable":true,"href":"https:\/\/plsk.eu\/sk\/wp-json\/wp\/v2\/wydarzenia_dla?post=43773"}],"curies":[{"name":"wp","href":"https:\/\/api.w.org\/{rel}","templated":true}]}}